{"id":222,"date":"2018-05-14T11:16:32","date_gmt":"2018-05-14T14:16:32","guid":{"rendered":"https:\/\/wp.ufpel.edu.br\/escritoriodeprocessos\/?page_id=222"},"modified":"2026-02-06T14:54:44","modified_gmt":"2026-02-06T17:54:44","slug":"equipe","status":"publish","type":"page","link":"https:\/\/wp.ufpel.edu.br\/escritoriodeprocessos\/equipe\/","title":{"rendered":"Equipe"},"content":{"rendered":"<ul>\n<li><strong>SERVIDORES(AS):<\/strong><\/li>\n<\/ul>\n<p><strong>\u00a0\u00a0\u00a0\u00a0\u00a0\u00a0\u00a0\u00a0\u00a0\u00a0\u00a0\u00a0\u00a0\u00a0\u00a0\u00a0\u00a0\u00a0\u00a0\u00a0\u00a0 Clara Denise Kegles Porto<\/strong><\/p>\n<p style=\"text-align: left;\"><strong>\u00a0 \u00a0 \u00a0 \u00a0 \u00a0 \u00a0 \u00a0 \u00a0 \u00a0 \u00a0 \u00a0 Diego Saraiva de Oliveira<\/strong><\/p>\n<p><strong>\u00a0 \u00a0 \u00a0 \u00a0 \u00a0 \u00a0 \u00a0 \u00a0 \u00a0 \u00a0 \u00a0\u00a0Milton Luis Rodrigues Bresque<\/strong><\/p>\n<p><strong>\u00a0\u00a0\u00a0\u00a0\u00a0\u00a0\u00a0\u00a0\u00a0\u00a0\u00a0\u00a0\u00a0\u00a0\u00a0\u00a0\u00a0\u00a0\u00a0\u00a0\u00a0 Philippe Rieffel Breide\u00a0<\/strong><\/p>\n<p><strong>\u00a0 \u00a0 \u00a0 \u00a0 \u00a0 \u00a0 \u00a0 \u00a0 \u00a0 \u00a0 \u00a0\u00a0<\/strong><\/p>\n<ul>\n<li><strong>ALUNOS(AS) BOLSISTAS<\/strong><\/li>\n<\/ul>\n<p><strong>\u00a0 \u00a0 \u00a0 \u00a0 \u00a0 \u00a0 \u00a0 \u00a0 \u00a0 \u00a0 \u00a0 <\/strong><strong>H\u00e9ryca Monkes Machado <\/strong><em>(Administra\u00e7\u00e3o)<\/em><\/p>\n<p><strong>\u00a0\u00a0\u00a0\u00a0\u00a0\u00a0\u00a0\u00a0\u00a0<\/strong><strong>\u00a0 \u00a0 \u00a0 \u00a0 \u00a0 \u00a0 \u00a0Larissa Chagas Kerchner <\/strong><em>(Administra\u00e7\u00e3o)<\/em><\/p>\n<p><strong>\u00a0 \u00a0 \u00a0 \u00a0 \u00a0 \u00a0 \u00a0 \u00a0 \u00a0 \u00a0 \u00a0 Leonardo Cruz dos Santos<\/strong> <em>(Administra\u00e7\u00e3o) *v\u00ednculo encerrado em 23\/01\/26<\/em><strong>\u00a0 \u00a0 \u00a0 \u00a0 \u00a0 <\/strong><\/p>\n<p><strong>\u00a0 \u00a0 \u00a0 \u00a0 \u00a0<\/strong><strong>\u00a0 \u00a0 \u00a0 \u00a0 \u00a0 \u00a0 \u00a0 \u00a0 \u00a0 \u00a0 \u00a0\u00a0<\/strong><\/p>\n<ul>\n<li><strong>ALUNOS(AS) BOLSISTAS ANOS ANTERIORES<\/strong><\/li>\n<\/ul>\n<p>&nbsp;<\/p>\n<p><strong>\u00a0 \u00a0 \u00a0 \u00a0 \u00a0 \u00a0 \u00a0 \u00a0 \u00a0 \u00a0 2<\/strong><strong>025:<\/strong><\/p>\n<p style=\"padding-left: 80px;\"><strong>\u00a0 \u00a0H\u00e9ryca Monkes Machado <\/strong><em>(Administra\u00e7\u00e3o) * a contar de 19\/11\/25<\/em><\/p>\n<p style=\"padding-left: 80px;\"><strong>\u00a0 \u00a0Isabela de Souza Cardoso <\/strong><em>(Engenharia de Produ\u00e7\u00e3o) *v\u00ednculo encerrado em 07\/11\/25<\/em><\/p>\n<p><strong>\u00a0\u00a0\u00a0\u00a0\u00a0\u00a0\u00a0\u00a0\u00a0<\/strong><strong> \u00a0 \u00a0 \u00a0 \u00a0 \u00a0 \u00a0 Bianca Rodrigues Mattoso<\/strong>\u00a0<em>(Engenharia de Produ\u00e7\u00e3o) *v\u00ednculo encerrado em 22\/8\/25<\/em><\/p>\n<p><strong>\u00a0 \u00a0 \u00a0 \u00a0 \u00a0 \u00a0 \u00a0 \u00a0 \u00a0 \u00a0 \u00a0 Mayara Reis Ulguim <\/strong><em>( Est\u00e1gio curricular do Curso de Engenharia de Produ\u00e7\u00e3o) <\/em>*<em>v\u00ednculo <\/em><\/p>\n<p><em>\u00a0 \u00a0 \u00a0 \u00a0 \u00a0 \u00a0 \u00a0 \u00a0 \u00a0 \u00a0 \u00a0 \u00a0encerrado em 02\/7\/25<\/em><\/p>\n<p>&nbsp;<\/p>\n<p><strong>\u00a0 \u00a0 \u00a0 \u00a0 \u00a0 \u00a0 \u00a0 \u00a0 \u00a0 <\/strong><strong>\u00a0 2<\/strong><strong>024:<\/strong><\/p>\n<p><strong>\u00a0\u00a0\u00a0\u00a0\u00a0\u00a0\u00a0\u00a0\u00a0<\/strong><strong> \u00a0 \u00a0 \u00a0 \u00a0 \u00a0 \u00a0 Bianca Rodrigues Mattoso<\/strong>\u00a0<em>(Engenharia de Produ\u00e7\u00e3o)<\/em><\/p>\n<p><strong>\u00a0 \u00a0 \u00a0 \u00a0 \u00a0 \u00a0 \u00a0 \u00a0 \u00a0 \u00a0 \u00a0 Bruno Dutra Belhalve <\/strong><em>(Engenharia de Produ\u00e7\u00e3o)<\/em><\/p>\n<p><strong>\u00a0\u00a0\u00a0\u00a0\u00a0\u00a0\u00a0\u00a0\u00a0<\/strong><strong> \u00a0 \u00a0 \u00a0 \u00a0 \u00a0 \u00a0 Gabriela Schmalfuss Martins <\/strong><em>(Administra\u00e7\u00e3o)<\/em><\/p>\n<p><strong>\u00a0\u00a0\u00a0\u00a0\u00a0\u00a0\u00a0\u00a0\u00a0<\/strong><strong>\u00a0 \u00a0 \u00a0 \u00a0 \u00a0 \u00a0 \u00a0Raphael Pereira da Silva<\/strong>\u00a0<em>( Est\u00e1gio curricular do Curso de Engenharia de Produ\u00e7\u00e3o)<\/em><\/p>\n<p>&nbsp;<\/p>\n<p><strong>\u00a0 \u00a0 \u00a0 \u00a0 \u00a0 \u00a0 \u00a0 \u00a0 \u00a0 \u00a0 2023:<\/strong><\/p>\n<p><strong>\u00a0\u00a0\u00a0\u00a0\u00a0\u00a0\u00a0\u00a0\u00a0\u00a0\u00a0\u00a0\u00a0\u00a0\u00a0\u00a0\u00a0\u00a0\u00a0\u00a0\u00a0 Catarina de Quadros Macedo<\/strong> <em>(Engenharia de Produ\u00e7\u00e3o)<\/em><\/p>\n<p><strong>\u00a0 \u00a0 \u00a0 \u00a0 \u00a0 \u00a0 \u00a0 \u00a0 \u00a0 \u00a0 \u00a0 Bianca Rodrigues Mattoso<\/strong>\u00a0<em>(Engenharia de Produ\u00e7\u00e3o)<\/em><\/p>\n<p><strong>\u00a0\u00a0\u00a0\u00a0\u00a0\u00a0\u00a0\u00a0\u00a0\u00a0\u00a0\u00a0\u00a0\u00a0\u00a0\u00a0\u00a0\u00a0\u00a0\u00a0\u00a0 Silvio Vieira de Melo J\u00fanior<\/strong> <em>(Engenharia de Produ\u00e7\u00e3o)<\/em><\/p>\n<p>&nbsp;<\/p>\n<p><strong>\u00a0 \u00a0 \u00a0 \u00a0 \u00a0 \u00a0 \u00a0 \u00a0 \u00a0 \u00a0 2022:<\/strong><\/p>\n<p><strong>\u00a0\u00a0\u00a0\u00a0\u00a0\u00a0\u00a0\u00a0\u00a0\u00a0\u00a0\u00a0\u00a0\u00a0\u00a0\u00a0\u00a0\u00a0\u00a0\u00a0\u00a0 Catarina de Quadros Macedo<\/strong> <em>(Engenharia de Produ\u00e7\u00e3o)<\/em><\/p>\n<p><strong>\u00a0\u00a0\u00a0\u00a0\u00a0\u00a0\u00a0\u00a0\u00a0\u00a0\u00a0\u00a0\u00a0\u00a0\u00a0\u00a0\u00a0\u00a0\u00a0\u00a0\u00a0 Luana Cristina Hornke <\/strong><em>(Engenharia de Produ\u00e7\u00e3o)<\/em><\/p>\n<p>&nbsp;<\/p>\n<p style=\"text-align: left;\"><strong>\u00a0 \u00a0 \u00a0 \u00a0 \u00a0 \u00a0 \u00a0 \u00a0 \u00a0 \u00a0 2021:<\/strong><\/p>\n<p>\u00a0\u00a0\u00a0\u00a0\u00a0\u00a0\u00a0\u00a0\u00a0\u00a0\u00a0\u00a0\u00a0\u00a0\u00a0\u00a0\u00a0\u00a0\u00a0\u00a0\u00a0\u00a0 <strong>Cintya Dutra Carvalho<\/strong> <em>(Engenharia de Produ\u00e7\u00e3o)<\/em><\/p>\n<p><strong>\u00a0\u00a0\u00a0\u00a0\u00a0\u00a0\u00a0\u00a0\u00a0\u00a0\u00a0\u00a0\u00a0\u00a0\u00a0\u00a0\u00a0\u00a0 \u00a0\u00a0 Priscila Ribeiro Schuch<\/strong> <em>(Engenharia de Produ\u00e7\u00e3o)<\/em><\/p>\n<p><strong>\u00a0\u00a0\u00a0\u00a0\u00a0\u00a0\u00a0\u00a0\u00a0\u00a0\u00a0\u00a0\u00a0\u00a0\u00a0\u00a0\u00a0\u00a0\u00a0\u00a0\u00a0 Andrei Costa<\/strong> <em>(Est\u00e1gio curricular do Curso de Administra\u00e7\u00e3o)<\/em><\/p>\n<p>&nbsp;<\/p>\n<p style=\"text-align: left;\"><strong>\u00a0\u00a0\u00a0\u00a0\u00a0\u00a0\u00a0\u00a0\u00a0\u00a0\u00a0\u00a0\u00a0\u00a0\u00a0\u00a0\u00a0\u00a0\u00a0 2019:<\/strong><\/p>\n<p style=\"text-align: left;\"><strong>\u00a0 \u00a0 \u00a0 \u00a0 \u00a0 \u00a0 \u00a0 \u00a0 \u00a0 \u00a0 \u00a0 Ari Mateus Carvallio Neto<\/strong>\u00a0<em>(Engenharia de Produ\u00e7\u00e3o)<\/em><\/p>\n<p><strong>\u00a0\u00a0\u00a0\u00a0\u00a0\u00a0\u00a0\u00a0\u00a0\u00a0\u00a0\u00a0\u00a0\u00a0\u00a0\u00a0\u00a0\u00a0\u00a0\u00a0\u00a0 Th\u00e1bata Bierhals Hartwig<\/strong>\u00a0<em>(Engenharia de Produ\u00e7\u00e3o)<\/em><\/p>\n<p><strong>\u00a0\u00a0\u00a0\u00a0\u00a0\u00a0\u00a0\u00a0\u00a0\u00a0\u00a0\u00a0\u00a0\u00a0\u00a0\u00a0\u00a0\u00a0\u00a0\u00a0\u00a0 M\u00e1rcia Pinto Miranda<\/strong> <em>(Est\u00e1gio curricular do Curso de Administra\u00e7\u00e3o)<\/em><\/p>\n<p>&nbsp;<\/p>\n<p style=\"text-align: left;\">\u00a0 \u00a0 \u00a0 \u00a0 \u00a0 \u00a0 \u00a0 \u00a0 \u00a0 \u00a0\u00a0 <strong>2018:<\/strong><\/p>\n<p style=\"text-align: left;\">\u00a0 \u00a0 \u00a0 \u00a0 \u00a0 \u00a0 \u00a0 \u00a0 \u00a0 \u00a0 \u00a0 \u00a0<strong>Evelyn da Costa Moreira<\/strong>\u00a0<em>(Engenharia de Produ\u00e7\u00e3o)<\/em><\/p>\n<p style=\"text-align: left;\"><strong>\u00a0 \u00a0 \u00a0 \u00a0 \u00a0 \u00a0 \u00a0 \u00a0 \u00a0 \u00a0 \u00a0 Jaime de Paulo Neto <\/strong><em>(Engenharia de Produ\u00e7\u00e3o)<\/em><\/p>\n<p style=\"text-align: left;\"><strong>\u00a0 \u00a0 \u00a0 \u00a0 \u00a0 \u00a0 \u00a0 \u00a0 \u00a0 \u00a0 \u00a0 Gabriela Monique de Carvallo <\/strong><em>(Engenharia de Produ\u00e7\u00e3o)<\/em><\/p>\n<p style=\"text-align: left;\"><strong>\u00a0 \u00a0 \u00a0 \u00a0 \u00a0 \u00a0 \u00a0 \u00a0 \u00a0 \u00a0 \u00a0 Gabriela Yohana Smaniotto<\/strong> <em>(Engenharia de Produ\u00e7\u00e3o)<\/em><\/p>\n<p>&nbsp;<\/p>\n<p style=\"text-align: left;\">\u00a0 \u00a0 \u00a0 \u00a0 \u00a0 \u00a0 \u00a0 \u00a0 \u00a0 \u00a0\u00a0 <strong>2017:<\/strong><\/p>\n<p style=\"text-align: left;\">\u00a0 \u00a0 \u00a0 \u00a0 \u00a0 \u00a0 \u00a0 \u00a0 \u00a0 \u00a0 \u00a0 \u00a0<strong>Evelyn da Costa Moreira<\/strong> <em>(Engenharia de Produ\u00e7\u00e3o)<\/em><\/p>\n<p style=\"text-align: left;\"><strong>\u00a0 \u00a0 \u00a0 \u00a0 \u00a0 \u00a0 \u00a0 \u00a0 \u00a0 \u00a0 \u00a0 Gabriela Monique de Carvallo <\/strong><em>(Engenharia de Produ\u00e7\u00e3o)<\/em><\/p>\n<p style=\"text-align: left;\"><strong>\u00a0 \u00a0 \u00a0 \u00a0 \u00a0 \u00a0 \u00a0 \u00a0 \u00a0 \u00a0 \u00a0 Gabriela Yohana Smaniotto<\/strong> <em>(Engenharia de Produ\u00e7\u00e3o)<\/em><\/p>\n<p style=\"text-align: left;\"><strong>\u00a0 \u00a0 \u00a0 \u00a0 \u00a0 \u00a0 \u00a0 \u00a0 \u00a0 \u00a0 \u00a0 Lucas Ferro Pesce da Fonseca <\/strong><em>(Engenharia de Produ\u00e7\u00e3o)<\/em><\/p>\n<p>&nbsp;<\/p>\n<p><strong>\u00a0 \u00a0 \u00a0 \u00a0 \u00a0 \u00a0 \u00a0 \u00a0 \u00a0 \u00a0 2016:<\/strong><\/p>\n<p><strong>\u00a0 \u00a0 \u00a0 \u00a0 \u00a0 \u00a0 \u00a0 \u00a0 \u00a0 \u00a0 \u00a0 Rafaela Monteiro Soares <\/strong><em>(Engenharia de Produ\u00e7\u00e3o)<\/em><\/p>\n<p><strong>\u00a0 \u00a0\u00a0<\/strong><\/p>\n<p><strong>\u00a0 \u00a0 \u00a0 \u00a0 \u00a0 \u00a0 \u00a0 \u00a0 \u00a0 \u00a0 \u00a0<\/strong><\/p>\n<p><strong>\u00a0 \u00a0 \u00a0 \u00a0\u00a0<\/strong><\/p>\n","protected":false},"excerpt":{"rendered":"<p>SERVIDORES(AS): \u00a0\u00a0\u00a0\u00a0\u00a0\u00a0\u00a0\u00a0\u00a0\u00a0\u00a0\u00a0\u00a0\u00a0\u00a0\u00a0\u00a0\u00a0\u00a0\u00a0\u00a0 Clara Denise Kegles Porto \u00a0 \u00a0 \u00a0 \u00a0 \u00a0 \u00a0 \u00a0 \u00a0 \u00a0 \u00a0 \u00a0 Diego Saraiva de Oliveira \u00a0 \u00a0 \u00a0 \u00a0 \u00a0 \u00a0&hellip; <span class=\"read-more\"><a class=\"more-link\" href=\"https:\/\/wp.ufpel.edu.br\/escritoriodeprocessos\/equipe\/\" rel=\"bookmark\">Leia Mais <span class=\"screen-reader-text\">&#8220;Equipe&#8221;<\/span><\/a><\/span><\/p>\n","protected":false},"author":823,"featured_media":0,"parent":0,"menu_order":4,"comment_status":"closed","ping_status":"closed","template":"","meta":{"footnotes":""},"class_list":["post-222","page","type-page","status-publish","hentry"],"_links":{"self":[{"href":"https:\/\/wp.ufpel.edu.br\/escritoriodeprocessos\/wp-json\/wp\/v2\/pages\/222","targetHints":{"allow":["GET"]}}],"collection":[{"href":"https:\/\/wp.ufpel.edu.br\/escritoriodeprocessos\/wp-json\/wp\/v2\/pages"}],"about":[{"href":"https:\/\/wp.ufpel.edu.br\/escritoriodeprocessos\/wp-json\/wp\/v2\/types\/page"}],"author":[{"embeddable":true,"href":"https:\/\/wp.ufpel.edu.br\/escritoriodeprocessos\/wp-json\/wp\/v2\/users\/823"}],"replies":[{"embeddable":true,"href":"https:\/\/wp.ufpel.edu.br\/escritoriodeprocessos\/wp-json\/wp\/v2\/comments?post=222"}],"version-history":[{"count":4,"href":"https:\/\/wp.ufpel.edu.br\/escritoriodeprocessos\/wp-json\/wp\/v2\/pages\/222\/revisions"}],"predecessor-version":[{"id":2242,"href":"https:\/\/wp.ufpel.edu.br\/escritoriodeprocessos\/wp-json\/wp\/v2\/pages\/222\/revisions\/2242"}],"wp:attachment":[{"href":"https:\/\/wp.ufpel.edu.br\/escritoriodeprocessos\/wp-json\/wp\/v2\/media?parent=222"}],"curies":[{"name":"wp","href":"https:\/\/api.w.org\/{rel}","templated":true}]}}