{"id":222,"date":"2018-05-14T11:16:32","date_gmt":"2018-05-14T14:16:32","guid":{"rendered":"https:\/\/wp.ufpel.edu.br\/escritoriodeprocessos\/?page_id=222"},"modified":"2026-08-13T16:55:42","modified_gmt":"2026-08-13T19:55:42","slug":"equipe","status":"publish","type":"page","link":"https:\/\/wp.ufpel.edu.br\/escritoriodeprocessos\/equipe\/","title":{"rendered":"Equipe"},"content":{"rendered":"<p style=\"padding-left: 40px;\">SERVIDORES(AS):<\/p>\n<p style=\"padding-left: 80px;\">Clara Denise Kegles Porto<\/p>\n<p style=\"padding-left: 80px;\">Diego Saraiva de Oliveira<\/p>\n<p style=\"padding-left: 80px;\">Milton Luis Rodrigues Bresque<\/p>\n<p style=\"padding-left: 80px;\">Philippe Rieffel Breide<\/p>\n<p>&nbsp;<\/p>\n<p style=\"padding-left: 40px;\">ALUNOS(AS) BOLSISTAS<\/p>\n<p style=\"padding-left: 80px;\">H\u00e9ryca Monkes Machado (Administra\u00e7\u00e3o)<\/p>\n<p style=\"padding-left: 80px;\">Lav\u00ednia dos Santos de Medeiros (Administra\u00e7\u00e3o)<\/p>\n<p style=\"padding-left: 80px;\">Mayrom Machado Alves Ferreira (Processos Gerenciais)<\/p>\n<p style=\"padding-left: 80px;\">Anelize Nogueira de Oliveira Garcia (Administra\u00e7\u00e3o) *v\u00ednculo encerrado em 18\/05\/26<\/p>\n<p style=\"padding-left: 80px;\">Larissa Chagas Kerchner (Administra\u00e7\u00e3o) *v\u00ednculo encerrado em 07\/04\/26<\/p>\n<p style=\"padding-left: 80px;\">Leonardo Cruz dos Santos (Administra\u00e7\u00e3o) *v\u00ednculo encerrado em 23\/01\/26<\/p>\n<p>&nbsp;<\/p>\n<p style=\"padding-left: 40px;\">ALUNOS(AS) BOLSISTAS ANOS ANTERIORES<\/p>\n<p style=\"padding-left: 40px;\">2025:<\/p>\n<p style=\"padding-left: 80px;\">H\u00e9ryca Monkes Machado (Administra\u00e7\u00e3o) * a contar de 19\/11\/25<\/p>\n<p style=\"padding-left: 80px;\">Isabela de Souza Cardoso (Engenharia de Produ\u00e7\u00e3o) *v\u00ednculo encerrado em 07\/11\/25<\/p>\n<p style=\"padding-left: 80px;\">Leonardo Cruz dos Santos (Administra\u00e7\u00e3o)<\/p>\n<p style=\"padding-left: 80px;\">Bianca Rodrigues Mattoso\u00a0(Engenharia de Produ\u00e7\u00e3o) *v\u00ednculo encerrado em 22\/8\/25<\/p>\n<p style=\"padding-left: 80px;\">Mayara Reis Ulguim ( Est\u00e1gio curricular do Curso de Engenharia de Produ\u00e7\u00e3o)<\/p>\n<p>&nbsp;<\/p>\n<p style=\"padding-left: 40px;\">2024:<\/p>\n<p style=\"padding-left: 80px;\">Bianca Rodrigues Mattoso\u00a0(Engenharia de Produ\u00e7\u00e3o)<\/p>\n<p style=\"padding-left: 80px;\">Bruno Dutra Belhalve (Engenharia de Produ\u00e7\u00e3o)<\/p>\n<p style=\"padding-left: 80px;\">Gabriela Schmalfuss Martins (Administra\u00e7\u00e3o)<\/p>\n<p style=\"padding-left: 80px;\">Raphael Pereira da Silva\u00a0(Est\u00e1gio curricular do Curso de Engenharia de Produ\u00e7\u00e3o)<\/p>\n<p>&nbsp;<\/p>\n<p style=\"padding-left: 40px;\">2023:<\/p>\n<p style=\"padding-left: 80px;\">Catarina de Quadros Macedo (Engenharia de Produ\u00e7\u00e3o)<\/p>\n<p style=\"padding-left: 80px;\">Bianca Rodrigues Mattoso\u00a0(Engenharia de Produ\u00e7\u00e3o)<\/p>\n<p style=\"padding-left: 80px;\">Silvio Vieira de Melo J\u00fanior (Engenharia de Produ\u00e7\u00e3o)<\/p>\n<p>&nbsp;<\/p>\n<p style=\"padding-left: 40px;\">2022:<\/p>\n<p style=\"padding-left: 80px;\">Catarina de Quadros Macedo (Engenharia de Produ\u00e7\u00e3o)<\/p>\n<p style=\"padding-left: 80px;\">Luana Cristina Hornke (Engenharia de Produ\u00e7\u00e3o)<\/p>\n<p>&nbsp;<\/p>\n<p style=\"padding-left: 40px;\">2021:<\/p>\n<p style=\"padding-left: 80px;\">Cintya Dutra Carvalho (Engenharia de Produ\u00e7\u00e3o)<\/p>\n<p style=\"padding-left: 80px;\">Priscila Ribeiro Schuch (Engenharia de Produ\u00e7\u00e3o)<\/p>\n<p style=\"padding-left: 80px;\">Andrei Costa (Est\u00e1gio curricular do Curso de Administra\u00e7\u00e3o)<\/p>\n<p>&nbsp;<\/p>\n<p style=\"padding-left: 40px;\">2019:<\/p>\n<p style=\"padding-left: 80px;\">Ari Mateus Carvallio Neto\u00a0(Engenharia de Produ\u00e7\u00e3o)<\/p>\n<p style=\"padding-left: 80px;\">Th\u00e1bata Bierhals Hartwig\u00a0(Engenharia de Produ\u00e7\u00e3o)<\/p>\n<p style=\"padding-left: 80px;\">M\u00e1rcia Pinto Miranda (Est\u00e1gio curricular do Curso de Administra\u00e7\u00e3o)<\/p>\n<p>&nbsp;<\/p>\n<p style=\"padding-left: 40px;\">2018:<\/p>\n<p style=\"padding-left: 80px;\">Evelyn da Costa Moreira\u00a0(Engenharia de Produ\u00e7\u00e3o)<\/p>\n<p style=\"padding-left: 80px;\">Jaime de Paulo Neto (Engenharia de Produ\u00e7\u00e3o)<\/p>\n<p style=\"padding-left: 80px;\">Gabriela Monique de Carvallo (Engenharia de Produ\u00e7\u00e3o)<\/p>\n<p style=\"padding-left: 80px;\">Gabriela Yohana Smaniotto (Engenharia de Produ\u00e7\u00e3o)<\/p>\n<p>&nbsp;<\/p>\n<p style=\"padding-left: 40px;\">2017:<\/p>\n<p style=\"padding-left: 80px;\">Evelyn da Costa Moreira (Engenharia de Produ\u00e7\u00e3o)<\/p>\n<p style=\"padding-left: 80px;\">Gabriela Monique de Carvallo (Engenharia de Produ\u00e7\u00e3o)<\/p>\n<p style=\"padding-left: 80px;\">Gabriela Yohana Smaniotto (Engenharia de Produ\u00e7\u00e3o)<\/p>\n<p style=\"padding-left: 80px;\">Lucas Ferro Pesce da Fonseca (Engenharia de Produ\u00e7\u00e3o)<\/p>\n<p>&nbsp;<\/p>\n<p style=\"padding-left: 40px;\">2016:<\/p>\n<p style=\"padding-left: 80px;\">Rafaela Monteiro Soares (Engenharia de Produ\u00e7\u00e3o)<\/p>\n<p><strong>\u00a0 \u00a0\u00a0<\/strong><\/p>\n<p><strong>\u00a0 \u00a0 \u00a0 \u00a0 \u00a0 \u00a0 \u00a0 \u00a0 \u00a0 \u00a0 \u00a0<\/strong><\/p>\n<p><strong>\u00a0 \u00a0 \u00a0 \u00a0\u00a0<\/strong><\/p>\n","protected":false},"excerpt":{"rendered":"<p>SERVIDORES(AS): Clara Denise Kegles Porto Diego Saraiva de Oliveira Milton Luis Rodrigues Bresque Philippe Rieffel Breide &nbsp; ALUNOS(AS) BOLSISTAS H\u00e9ryca Monkes Machado (Administra\u00e7\u00e3o) Lav\u00ednia dos Santos de&hellip; <span class=\"read-more\"><a class=\"more-link\" href=\"https:\/\/wp.ufpel.edu.br\/escritoriodeprocessos\/equipe\/\" rel=\"bookmark\">Leia Mais <span class=\"screen-reader-text\">&#8220;Equipe&#8221;<\/span><\/a><\/span><\/p>\n","protected":false},"author":823,"featured_media":0,"parent":0,"menu_order":4,"comment_status":"closed","ping_status":"closed","template":"","meta":{"footnotes":""},"class_list":["post-222","page","type-page","status-publish","hentry"],"_links":{"self":[{"href":"https:\/\/wp.ufpel.edu.br\/escritoriodeprocessos\/wp-json\/wp\/v2\/pages\/222","targetHints":{"allow":["GET"]}}],"collection":[{"href":"https:\/\/wp.ufpel.edu.br\/escritoriodeprocessos\/wp-json\/wp\/v2\/pages"}],"about":[{"href":"https:\/\/wp.ufpel.edu.br\/escritoriodeprocessos\/wp-json\/wp\/v2\/types\/page"}],"author":[{"embeddable":true,"href":"https:\/\/wp.ufpel.edu.br\/escritoriodeprocessos\/wp-json\/wp\/v2\/users\/823"}],"replies":[{"embeddable":true,"href":"https:\/\/wp.ufpel.edu.br\/escritoriodeprocessos\/wp-json\/wp\/v2\/comments?post=222"}],"version-history":[{"count":4,"href":"https:\/\/wp.ufpel.edu.br\/escritoriodeprocessos\/wp-json\/wp\/v2\/pages\/222\/revisions"}],"predecessor-version":[{"id":2254,"href":"https:\/\/wp.ufpel.edu.br\/escritoriodeprocessos\/wp-json\/wp\/v2\/pages\/222\/revisions\/2254"}],"wp:attachment":[{"href":"https:\/\/wp.ufpel.edu.br\/escritoriodeprocessos\/wp-json\/wp\/v2\/media?parent=222"}],"curies":[{"name":"wp","href":"https:\/\/api.w.org\/{rel}","templated":true}]}}