{"id":227,"date":"2019-03-14T13:53:52","date_gmt":"2019-03-14T16:53:52","guid":{"rendered":"https:\/\/wp.ufpel.edu.br\/epgqsul\/?page_id=227"},"modified":"2019-03-14T14:06:32","modified_gmt":"2019-03-14T17:06:32","slug":"apresentacao-dos-grupos-de-pesquisa","status":"publish","type":"page","link":"https:\/\/wp.ufpel.edu.br\/epgqsul\/apresentacao-dos-grupos-de-pesquisa\/","title":{"rendered":"Apresenta\u00e7\u00e3o dos grupos de pesquisa"},"content":{"rendered":"<p>As apresenta\u00e7\u00f5es ser\u00e3o realizadas no audit\u00f3rio principal (Audit\u00f3rio OCEANOS). Todas as apresenta\u00e7\u00f5es ter\u00e3o no m\u00e1ximo <strong>10 minutos<\/strong>, com 2 minutos para perguntas.<\/p>\n<p>&nbsp;<\/p>\n<p>Para conhecer melhor os programas de P\u00f3s-Gradua\u00e7\u00e3o da FURG e UFPel acessem os respectivos sites:<\/p>\n<p>PPGQTA\/FURG: <a href=\"https:\/\/ppgqta.furg.br\/pt\/\" target=\"_blank\" rel=\"noopener noreferrer\">https:\/\/ppgqta.furg.br\/pt\/<\/a><\/p>\n<p>PPGQ\/UFPel: <a href=\"https:\/\/wp.ufpel.edu.br\/ppgq\/pt\/index\/\" target=\"_blank\" rel=\"noopener noreferrer\">https:\/\/wp.ufpel.edu.br\/ppgq\/pt\/index\/<\/a><\/p>\n<p>&nbsp;<\/p>\n<div>\n<p>**Caso voc\u00ea tenha alguma d\u00favida ou sugest\u00e3o para o evento entre em contato pelo e-mail<em> epgqsul@gmail.com<\/em>.<\/p>\n<\/div>\n<p>&nbsp;<\/p>\n<p>&nbsp;<\/p>\n<table style=\"width: 822px;height: 1527px\" border=\"0\" cellspacing=\"0\">\n<colgroup width=\"102\"><\/colgroup>\n<colgroup width=\"109\"><\/colgroup>\n<colgroup width=\"401\"><\/colgroup>\n<colgroup width=\"332\"><\/colgroup>\n<tbody>\n<tr style=\"height: 20px\">\n<td style=\"height: 20px;width: 626px;background-color: #199e9e;vertical-align: middle\" colspan=\"4\" align=\"center\" valign=\"middle\" bgcolor=\"#BFBFBF\" height=\"20\"><span style=\"background-color: #199e9e\"><b><span style=\"font-family: Calibri;font-size: medium;background-color: #199e9e\">Apresenta\u00e7\u00e3o de Grupos de Pesquisa<\/span><\/b><\/span><\/td>\n<\/tr>\n<tr style=\"height: 26px\">\n<td style=\"width: 106px;height: 26px\" align=\"center\" height=\"20\"><b><span style=\"font-family: Calibri;font-size: medium\">Data<\/span><\/b><\/td>\n<td style=\"width: 108px;height: 26px\" align=\"center\"><b><span style=\"font-family: Calibri;font-size: medium\">Hor\u00e1rio<\/span><\/b><\/td>\n<td style=\"width: 234px;height: 26px\" align=\"center\"><b><span style=\"font-family: Calibri;font-size: medium\">Grupo de Pesquisa<\/span><\/b><\/td>\n<td style=\"width: 178px;height: 26px\" align=\"center\"><b><span style=\"font-family: Calibri;font-size: medium\">Palestrante<\/span><\/b><\/td>\n<\/tr>\n<tr style=\"height: 78px\">\n<td style=\"width: 106px;height: 442px;vertical-align: middle\" rowspan=\"6\" align=\"center\" valign=\"middle\" height=\"254\">\n<p>&nbsp;<\/p>\n<p><strong>20\/03\/2019<\/strong><br \/>\n<strong>Tarde<\/strong><\/td>\n<td style=\"width: 108px;height: 78px\" align=\"center\"><span style=\"font-family: Calibri;font-size: medium\">14h00-14h15<\/span><\/td>\n<td style=\"width: 234px;height: 78px\" align=\"justify\"><span style=\"color: #000000;font-family: Calibri;font-size: medium\">N\u00facleo de Estudos em Contaminantes Emergentes (NEECE)<\/span><\/td>\n<td style=\"width: 178px;height: 78px\" align=\"justify\"><span style=\"color: #000000;font-family: Calibri;font-size: medium\">Prof. Dr. Ednei Gilberto Primel (FURG)<\/span><\/td>\n<\/tr>\n<tr style=\"height: 78px\">\n<td style=\"width: 108px;height: 78px\" align=\"center\"><span style=\"font-family: Calibri;font-size: medium\">14h15-14h30<\/span><\/td>\n<td style=\"width: 234px;height: 78px\" align=\"justify\"><span style=\"color: #ff0000;font-family: Calibri;font-size: medium\">Laborat\u00f3rio de Tecnologia e Desenvolvimento de Comp\u00f3sitos e Materiais Polim\u00e9ricos (LACOPOL) <\/span><\/td>\n<td style=\"width: 178px;height: 78px\" align=\"justify\"><span style=\"color: #ff0000;font-family: Calibri;font-size: medium\">Prof. Dr. Andr\u00e9 Ricardo Fajardo (UFPel)<\/span><\/td>\n<\/tr>\n<tr style=\"height: 52px\">\n<td style=\"width: 108px;height: 52px\" align=\"center\"><span style=\"font-family: Calibri;font-size: medium\">14h30-14h45<\/span><\/td>\n<td style=\"width: 234px;height: 52px\" align=\"justify\"><span style=\"color: #000000;font-family: Calibri;font-size: medium\">Grupo de Fotoqu\u00edmica e Qu\u00edmica de Materiais<\/span><\/td>\n<td style=\"width: 178px;height: 52px\" align=\"justify\"><span style=\"color: #000000;font-family: Calibri;font-size: medium\">Prof. Dr. Felipe Kessler (FURG)<\/span><\/td>\n<\/tr>\n<tr style=\"height: 52px\">\n<td style=\"width: 108px;height: 52px\" align=\"center\"><span style=\"font-family: Calibri;font-size: medium\">14h45-15h00<\/span><\/td>\n<td style=\"width: 234px;height: 52px\" align=\"justify\"><span style=\"color: #ff0000;font-family: Calibri;font-size: medium\">Estudos e Pesquisas em Educa\u00e7\u00e3o em Ci\u00eancias e Qu\u00edmica (GEPECIQ) <\/span><\/td>\n<td style=\"width: 178px;height: 52px\" align=\"justify\"><span style=\"color: #ff0000;font-family: Calibri;font-size: medium\">Prof. Dr. F\u00e1bio Andr\u00e9 Sangiogo (UFPel)<\/span><\/td>\n<\/tr>\n<tr style=\"height: 104px\">\n<td style=\"width: 108px;height: 104px\" align=\"center\"><span style=\"font-family: Calibri;font-size: medium\">15h00-15h15<\/span><\/td>\n<td style=\"width: 234px;height: 104px\" align=\"justify\"><span style=\"color: #000000;font-family: Calibri;font-size: medium\">Grupo de Pesquisa Estrat\u00e9gias para minimizar o impacto da contamina\u00e7\u00e3o de alimentos com micotoxinas<\/span><\/td>\n<td style=\"width: 178px;height: 104px\" align=\"justify\"><span style=\"font-family: Calibri;font-size: medium\">Profa. Dra. Jaqueline Garda Buffon (FURG)<\/span><\/td>\n<\/tr>\n<tr style=\"height: 78px\">\n<td style=\"width: 108px;height: 78px\" align=\"center\"><span style=\"font-family: Calibri;font-size: medium\">15h15-15h30<\/span><\/td>\n<td style=\"width: 234px;height: 78px\" align=\"justify\"><span style=\"color: #ff0000;font-family: Calibri;font-size: medium\">Laborat\u00f3rio de Controle de Contaminantes em Biomateriais (LCCBIO)<\/span><\/td>\n<td style=\"width: 178px;height: 78px\" align=\"justify\"><span style=\"color: #ff0000;font-family: Calibri;font-size: medium\">Profa. Dra. M\u00e1rcia Mesko (UFPel)<\/span><\/td>\n<\/tr>\n<tr style=\"height: 26px\">\n<td style=\"width: 626px;height: 26px;background-color: #787171\" colspan=\"4\" align=\"center\" bgcolor=\"#E5E5E5\" height=\"20\"><\/td>\n<\/tr>\n<tr style=\"height: 52px\">\n<td style=\"width: 106px;height: 410px;vertical-align: middle\" rowspan=\"7\" align=\"center\" valign=\"middle\" height=\"209\">\n<p>&nbsp;<\/p>\n<p><strong>21\/03\/2019<\/strong><br \/>\n<strong>Manh\u00e3<\/strong><\/td>\n<td style=\"width: 108px;height: 52px\" align=\"center\"><span style=\"font-family: Calibri;font-size: medium\">09h30-09h42<\/span><\/td>\n<td style=\"width: 234px;height: 52px\" align=\"justify\"><span style=\"color: #000000;font-family: Calibri;font-size: medium\">Grupo de Pesquisa em Qu\u00edmica Anal\u00edtica Inorg\u00e2nica (GPQAI)<\/span><\/td>\n<td style=\"width: 178px;height: 52px\" align=\"justify\"><span style=\"color: #000000;font-family: Calibri;font-size: medium\">Prof. Dr. Bruno Meira Soares (FURG)<\/span><\/td>\n<\/tr>\n<tr style=\"height: 52px\">\n<td style=\"width: 108px;height: 52px\" align=\"center\"><span style=\"font-family: Calibri;font-size: medium\">09h43-09h55<\/span><\/td>\n<td style=\"width: 234px;height: 52px\" align=\"justify\"><span style=\"color: #ff0000;font-family: Calibri;font-size: medium\">Laborat\u00f3rio de Metrologia Qu\u00edmica (LABMEQUI)<\/span><\/td>\n<td style=\"width: 178px;height: 52px\" align=\"justify\"><span style=\"color: #ff0000;font-family: Calibri;font-size: medium\">Prof. Dr. Anderson Schwingel Ribeiro (UFPel)<\/span><\/td>\n<\/tr>\n<tr style=\"height: 72px\">\n<td style=\"width: 108px;height: 72px\" align=\"center\"><span style=\"font-family: Calibri;font-size: medium\">09h56-10h08<\/span><\/td>\n<td style=\"width: 234px;height: 72px\" align=\"justify\"><span style=\"color: #000000;font-family: Calibri;font-size: medium\">Grupo de Pesquisa em Produtos Naturais<\/span><\/td>\n<td style=\"width: 178px;height: 72px\" align=\"justify\">Profa. Dra. Neusa Fernandes de Moura (FURG)<\/td>\n<\/tr>\n<tr style=\"height: 52px\">\n<td style=\"width: 108px;height: 52px\" align=\"center\"><span style=\"font-family: Calibri;font-size: medium\">10h09-10h21<\/span><\/td>\n<td style=\"width: 234px;height: 52px\" align=\"justify\"><span style=\"color: #ff0000;font-family: Calibri;font-size: medium\">Grupo de Cat\u00e1lise e Estudos Te\u00f3ricos (GCATE) <\/span><\/td>\n<td style=\"width: 178px;height: 52px\" align=\"justify\"><span style=\"color: #ff0000\">Profa. Dra. Adriana Castro Pinheiro (UFPel)<\/span><\/td>\n<\/tr>\n<tr style=\"height: 78px\">\n<td style=\"width: 108px;height: 78px\" align=\"center\"><span style=\"font-family: Calibri;font-size: medium\">10h22-10h34<\/span><\/td>\n<td style=\"width: 234px;height: 78px\" align=\"justify\"><span style=\"color: #000000;font-family: Calibri;font-size: medium\">Grupo de Pesquisa de Novos Materiais e Processos Limpos (GPNMPL)<\/span><\/td>\n<td style=\"width: 178px;height: 78px\" align=\"justify\"><span style=\"color: #000000;font-family: Calibri;font-size: medium\">Prof. Dr. Gilber Ricardo Rosa (FURG)<\/span><\/td>\n<\/tr>\n<tr style=\"height: 52px\">\n<td style=\"width: 108px;height: 52px\" align=\"center\"><span style=\"font-family: Calibri;font-size: medium\">10h35-10h47<\/span><\/td>\n<td style=\"width: 234px;height: 52px\" align=\"justify\"><span style=\"font-family: Calibri;font-size: medium\"><span style=\"color: #ff0000\">Laborat\u00f3rio de S\u00edntese Org\u00e2nica Limpa (LASOL)<\/span> <\/span><\/td>\n<td style=\"width: 178px;height: 52px\" align=\"justify\"><span style=\"color: #ff0000;font-family: Calibri;font-size: medium\">Prof. Dr. Diego da Silva Alves (UFPel)<\/span><\/td>\n<\/tr>\n<tr style=\"height: 52px\">\n<td style=\"width: 108px;height: 52px\" align=\"center\"><span style=\"font-family: Calibri;font-size: medium\">10h48-11h00<\/span><\/td>\n<td style=\"width: 234px;height: 52px\" align=\"justify\"><span style=\"color: #000000;font-family: Calibri;font-size: medium\">Grupo de Compostos de Coordena\u00e7\u00e3o e S\u00f3lidos Inorg\u00e2nicos<\/span><\/td>\n<td style=\"width: 178px;height: 52px\" align=\"justify\">Profa. Dra. Sabrina Madruga Nobre (FURG)<\/td>\n<\/tr>\n<tr style=\"height: 26px\">\n<td style=\"width: 106px;height: 26px;background-color: #787171\" align=\"center\" bgcolor=\"#E5E5E5\" height=\"20\"><\/td>\n<td style=\"width: 520px;height: 26px;background-color: #787171\" colspan=\"3\" align=\"center\" bgcolor=\"#E5E5E5\"><\/td>\n<\/tr>\n<tr style=\"height: 52px\">\n<td style=\"width: 106px;height: 260px;vertical-align: middle\" rowspan=\"4\" align=\"center\" valign=\"middle\" height=\"140\">\n<p>&nbsp;<\/p>\n<p><strong>21\/03\/2019<\/strong><br \/>\n<strong>Tarde<\/strong><\/td>\n<td style=\"width: 108px;height: 52px\" align=\"center\"><span style=\"font-family: Calibri;font-size: medium\">14h00-14h15<\/span><\/td>\n<td style=\"width: 234px;height: 52px\" align=\"justify\"><span style=\"color: #ff0000;font-family: Calibri;font-size: medium\">Laborat\u00f3rio de Qu\u00edmica Aplicada a Bioativos (LAQUIABIO)<\/span><\/td>\n<td style=\"width: 178px;height: 52px\" align=\"justify\"><span style=\"color: #ff0000;font-family: Calibri;font-size: medium\">Prof. Dr. Wilson Jo\u00e3o Cunico (UFPel)<\/span><\/td>\n<\/tr>\n<tr style=\"height: 78px\">\n<td style=\"width: 108px;height: 78px\" align=\"center\"><span style=\"font-family: Calibri;font-size: medium\">14h15-14h30<\/span><\/td>\n<td style=\"width: 234px;height: 78px\" align=\"justify\"><span style=\"color: #000000;font-family: Calibri;font-size: medium\">Grupo do Laborat\u00f3rio de Tecnologia Industrial<\/span><\/td>\n<td style=\"width: 178px;height: 78px\" align=\"justify\"><span style=\"color: #000000;font-family: Calibri;font-size: medium\">Prof. Dr. Tito Roberto Sant&#8217;Anna Cadaval Jr. (FURG)<\/span><\/td>\n<\/tr>\n<tr style=\"height: 52px\">\n<td style=\"width: 108px;height: 52px\" align=\"center\"><span style=\"font-family: Calibri;font-size: medium\">14h30-14h45<\/span><\/td>\n<td style=\"width: 234px;height: 52px\" align=\"justify\"><span style=\"color: #ff0000;font-family: Calibri;font-size: medium\">Laborat\u00f3rio de Filmes Finos e Novos Materiais (LAFFIMAT) <\/span><\/td>\n<td style=\"width: 178px;height: 52px\" align=\"justify\"><span style=\"color: #ff0000;font-family: Calibri;font-size: medium\">Prof. Dr. Cesar Oropesa Avellaneda (UFPel)<\/span><\/td>\n<\/tr>\n<tr style=\"height: 78px\">\n<td style=\"width: 108px;height: 78px\" align=\"center\"><span style=\"font-family: Calibri;font-size: medium\">14h45-15h00<\/span><\/td>\n<td style=\"width: 234px;height: 78px\" align=\"justify\"><span style=\"color: #000000;font-family: Calibri;font-size: medium\"><br \/>\nGrupo do Laborat\u00f3rio de F\u00edsico-Qu\u00edmica Aplicada e Tecnol\u00f3gica<\/span><\/td>\n<td style=\"width: 178px;height: 78px\" align=\"justify\"><span style=\"color: #000000;font-family: Calibri;font-size: medium\">Prof. Dr. Juliano R. Menezes Vicenti (FURG)<\/span><\/td>\n<\/tr>\n<tr style=\"height: 24px\">\n<td style=\"width: 106px;height: 24px\" align=\"left\" height=\"17\"><\/td>\n<td style=\"width: 108px;height: 24px\" align=\"left\"><\/td>\n<td style=\"width: 234px;height: 24px\" align=\"left\"><\/td>\n<td style=\"width: 178px;height: 24px\" align=\"left\"><\/td>\n<\/tr>\n<\/tbody>\n<\/table>\n<p>&nbsp;<\/p>\n<p>&nbsp;<\/p>\n","protected":false},"excerpt":{"rendered":"<p>As apresenta\u00e7\u00f5es ser\u00e3o realizadas no audit\u00f3rio principal (Audit\u00f3rio OCEANOS). Todas as apresenta\u00e7\u00f5es ter\u00e3o no m\u00e1ximo 10 minutos, com 2 minutos para perguntas. &nbsp; Para conhecer melhor os programas de P\u00f3s-Gradua\u00e7\u00e3o da FURG e UFPel acessem os respectivos sites: PPGQTA\/FURG: https:\/\/ppgqta.furg.br\/pt\/ &hellip; <a href=\"https:\/\/wp.ufpel.edu.br\/epgqsul\/apresentacao-dos-grupos-de-pesquisa\/\">Continue lendo <span class=\"meta-nav\">&rarr;<\/span><\/a><\/p>\n","protected":false},"author":899,"featured_media":0,"parent":0,"menu_order":0,"comment_status":"closed","ping_status":"closed","template":"","meta":{"jetpack_post_was_ever_published":false,"footnotes":""},"class_list":["post-227","page","type-page","status-publish","hentry"],"jetpack_sharing_enabled":true,"jetpack_shortlink":"https:\/\/wp.me\/PaFvuo-3F","_links":{"self":[{"href":"https:\/\/wp.ufpel.edu.br\/epgqsul\/wp-json\/wp\/v2\/pages\/227","targetHints":{"allow":["GET"]}}],"collection":[{"href":"https:\/\/wp.ufpel.edu.br\/epgqsul\/wp-json\/wp\/v2\/pages"}],"about":[{"href":"https:\/\/wp.ufpel.edu.br\/epgqsul\/wp-json\/wp\/v2\/types\/page"}],"author":[{"embeddable":true,"href":"https:\/\/wp.ufpel.edu.br\/epgqsul\/wp-json\/wp\/v2\/users\/899"}],"replies":[{"embeddable":true,"href":"https:\/\/wp.ufpel.edu.br\/epgqsul\/wp-json\/wp\/v2\/comments?post=227"}],"version-history":[{"count":10,"href":"https:\/\/wp.ufpel.edu.br\/epgqsul\/wp-json\/wp\/v2\/pages\/227\/revisions"}],"predecessor-version":[{"id":240,"href":"https:\/\/wp.ufpel.edu.br\/epgqsul\/wp-json\/wp\/v2\/pages\/227\/revisions\/240"}],"wp:attachment":[{"href":"https:\/\/wp.ufpel.edu.br\/epgqsul\/wp-json\/wp\/v2\/media?parent=227"}],"curies":[{"name":"wp","href":"https:\/\/api.w.org\/{rel}","templated":true}]}}