{"id":195,"date":"2019-03-10T19:24:25","date_gmt":"2019-03-10T22:24:25","guid":{"rendered":"https:\/\/wp.ufpel.edu.br\/epgqsul\/?page_id=195"},"modified":"2019-03-14T13:59:36","modified_gmt":"2019-03-14T16:59:36","slug":"apresentacoes-de-trabalhos","status":"publish","type":"page","link":"https:\/\/wp.ufpel.edu.br\/epgqsul\/apresentacoes-de-trabalhos\/","title":{"rendered":"Apresenta\u00e7\u00f5es de trabalhos"},"content":{"rendered":"<p>As apresenta\u00e7\u00f5es ser\u00e3o realizadas em duas sess\u00f5es. Todas as apresenta\u00e7\u00f5es ter\u00e3o no m\u00e1ximo <strong>8 minutos<\/strong>, no dia e hor\u00e1rio estabelecidos pela Comiss\u00e3o Organizadora.<\/p>\n<div>\n<p>**Caso voc\u00ea tenha enviado resumo e seu nome n\u00e3o apare\u00e7a na lista, entre em contato pelo e-mail <em>epgqsul@gmail.com<\/em>.<\/p>\n<\/div>\n<p>&nbsp;<\/p>\n<p>&nbsp;<\/p>\n<div>\n<table style=\"width: 827px\" border=\"0\" cellspacing=\"0\">\n<tbody>\n<tr style=\"height: 26px\">\n<td style=\"width: 827px;height: 26px;background-color: #08857a\" colspan=\"4\" align=\"center\" bgcolor=\"#7F7F7F\" height=\"18\"><b><span style=\"color: #ffffff;font-family: Calibri\">Sala LAGOAS<\/span><\/b><\/td>\n<\/tr>\n<tr style=\"height: 26px\">\n<td style=\"width: 107px;height: 26px\" align=\"center\" bgcolor=\"#F2F2F2\" height=\"18\"><b><span style=\"font-family: Calibri\">Data<\/span><\/b><\/td>\n<td style=\"width: 138px;height: 26px\" align=\"center\" bgcolor=\"#F2F2F2\"><b><span style=\"font-family: Calibri\">Hor\u00e1rio<\/span><\/b><\/td>\n<td style=\"width: 306px;height: 26px\" align=\"center\" bgcolor=\"#F2F2F2\"><b><span style=\"font-family: Calibri\">Apresentador<\/span><\/b><\/td>\n<td style=\"width: 276px;height: 26px\" align=\"center\" bgcolor=\"#F2F2F2\"><b><span style=\"font-family: Calibri\">T\u00edtulo <\/span><\/b><\/td>\n<\/tr>\n<tr style=\"height: 78px\">\n<td style=\"width: 107px;height: 520px;vertical-align: middle\" rowspan=\"6\" align=\"center\" valign=\"middle\" height=\"153\">\n<p>&nbsp;<\/p>\n<p><strong>20\/03\/2019<\/strong><br \/>\n<strong>Manh\u00e3<\/strong><\/td>\n<td style=\"width: 138px;height: 78px\" align=\"center\"><span style=\"font-family: Calibri\">11h00-11h10<\/span><\/td>\n<td style=\"width: 306px;height: 78px\" align=\"justify\"><span style=\"color: #5b9bd5;font-family: Calibri\">Ana M M Durigon (ANA)<\/span><\/td>\n<td style=\"width: 276px;height: 78px\" align=\"justify\"><span style=\"color: #5b9bd5;font-family: Calibri\">An\u00e1lise direta de Pb em tintas de cabelo por voltametria de micropart\u00edculas imobilizadas.<\/span><\/td>\n<\/tr>\n<tr style=\"height: 104px\">\n<td style=\"width: 138px;height: 104px\" align=\"center\"><span style=\"font-family: Calibri\">11h10-11h20<\/span><\/td>\n<td style=\"width: 306px;height: 104px\" align=\"justify\"><span style=\"color: #5b9bd5;font-family: Calibri\">Fernanda P. Balbinot (ANA)<\/span><\/td>\n<td style=\"width: 276px;height: 104px\" align=\"justify\"><span style=\"color: #5b9bd5;font-family: Calibri\">Combust\u00e3o iniciada por micro-ondas como alternativa para a decomposi\u00e7\u00e3o de mel e posterior determina\u00e7\u00e3o indireta de Cl e S por cromatografia de \u00edons.<\/span><\/td>\n<\/tr>\n<tr style=\"height: 78px\">\n<td style=\"width: 138px;height: 78px\" align=\"center\"><span style=\"font-family: Calibri\">11h20-11h30<\/span><\/td>\n<td style=\"width: 306px;height: 78px\" align=\"justify\"><span style=\"color: #5b9bd5;font-family: Calibri\">Elisa R. S. Arrach\u00e9 (ANA)<\/span><\/td>\n<td style=\"width: 276px;height: 78px\" align=\"justify\"><span style=\"color: #5b9bd5;font-family: Calibri\">Redu\u00e7\u00e3o dos n\u00edveis de micotoxinas em cerveja utilizando a casca de arroz como adsorvente.<\/span><\/td>\n<\/tr>\n<tr style=\"height: 104px\">\n<td style=\"width: 138px;height: 104px\" align=\"center\"><span style=\"font-family: Calibri\">11h30-11h40<\/span><\/td>\n<td style=\"width: 306px;height: 104px\" align=\"justify\"><span style=\"color: #bf8f00;font-family: Calibri\">Andressa B. N\u00f6rnberg (FQ)<br \/>\n<\/span><\/td>\n<td style=\"width: 276px;height: 104px\" align=\"justify\"><span style=\"color: #bf8f00;font-family: Calibri\">Preparo e Caracteriza\u00e7\u00e3o de Micropart\u00edculas Polim\u00e9ricas para a Libera\u00e7\u00e3o Controlada do Herbicida Imazetapir.<\/span><\/td>\n<\/tr>\n<tr style=\"height: 52px\">\n<td style=\"width: 138px;height: 52px\" align=\"center\"><span style=\"font-family: Calibri\">11h40-11h50<\/span><\/td>\n<td style=\"width: 306px;height: 52px\" align=\"justify\"><span style=\"color: #bf8f00;font-family: Calibri\">Luana U. Kr\u00fcger (FQ)<\/span><\/td>\n<td style=\"width: 276px;height: 52px\" align=\"justify\"><span style=\"color: #bf8f00;font-family: Calibri\">Caracteriza\u00e7\u00f5es Eletroqu\u00edmicas de Filmes Finos de CuO.<\/span><\/td>\n<\/tr>\n<tr style=\"height: 104px\">\n<td style=\"width: 138px;height: 104px\" align=\"center\"><span style=\"font-family: Calibri\">11h50-12h00<\/span><\/td>\n<td style=\"width: 306px;height: 104px\" align=\"justify\"><span style=\"color: #bf8f00;font-family: Calibri\">Marinalva C. dos Santos (FQ)<br \/>\n<\/span><\/td>\n<td style=\"width: 276px;height: 104px\" align=\"justify\"><span style=\"color: #bf8f00;font-family: Calibri\">Nanocarreadores Lipossomais Contendo a Lectina BVL: Influ\u00eancia de Pol\u00edmeros Glicosilados nas Propriedades F\u00edsico-Qu\u00edmicas dos Sistemas.<\/span><\/td>\n<\/tr>\n<tr>\n<td style=\"width: 107px;background-color: #787171;vertical-align: middle\" colspan=\"4\"><\/td>\n<\/tr>\n<tr style=\"height: 104px\">\n<td style=\"width: 107px;height: 624px;vertical-align: middle\" rowspan=\"6\" align=\"center\" valign=\"middle\" height=\"196\">\n<p>&nbsp;<\/p>\n<p><strong>20\/03\/2019<\/strong><br \/>\n<strong>Tarde<\/strong><\/td>\n<td style=\"width: 138px;height: 104px\" align=\"center\"><span style=\"font-family: Calibri\">16h00-16h10<\/span><\/td>\n<td style=\"width: 306px;height: 104px\" align=\"justify\"><span style=\"color: #5b9bd5;font-family: Calibri\">Jo\u00e3o B. S. Espinelli Junior (ANA)<\/span><\/td>\n<td style=\"width: 276px;height: 104px\" align=\"justify\"><span style=\"color: #5b9bd5;font-family: Calibri\">Fracionamento de Mg em Amostras de Caf\u00e9s Ar\u00e1bicos Torrados e Mo\u00eddos de Origin\u00e1rios de Cultivo Convencional e Org\u00e2nico.<\/span><\/td>\n<\/tr>\n<tr style=\"height: 156px\">\n<td style=\"width: 138px;height: 156px\" align=\"center\"><span style=\"font-family: Calibri\">16h10-16h20<\/span><\/td>\n<td style=\"width: 306px;height: 156px\" align=\"justify\"><span style=\"color: #5b9bd5;font-family: Calibri\">Diogo C. F. Nascimento (ANA)<\/span><\/td>\n<td style=\"width: 276px;height: 156px\" align=\"justify\"><span style=\"color: #5b9bd5;font-family: Calibri\">Determina\u00e7\u00e3o de \u00e1cido asc\u00f3rbico em amostras de alimentos utilizando um sensor amperom\u00e9trico baseado em nanotubos de carbono e 4-nitroanilina adsorvida em s\u00edlica gel modificada com \u00f3xido de zirc\u00f4nio.<\/span><\/td>\n<\/tr>\n<tr style=\"height: 104px\">\n<td style=\"width: 138px;height: 104px\" align=\"center\"><span style=\"font-family: Calibri\">16h20-16h30<\/span><\/td>\n<td style=\"width: 306px;height: 104px\" align=\"justify\"><span style=\"color: #5b9bd5;font-family: Calibri\">Filipe S. Rondan (ANA)<\/span><\/td>\n<td style=\"width: 276px;height: 104px\" align=\"justify\"><span style=\"color: #5b9bd5;font-family: Calibri\">Determina\u00e7\u00e3o de bromo e iodo em diferentes leguminosas por ICP-MS ap\u00f3s decomposi\u00e7\u00e3o por combust\u00e3o iniciada por micro-ondas.<\/span><\/td>\n<\/tr>\n<tr style=\"height: 52px\">\n<td style=\"width: 138px;height: 52px\" align=\"center\"><span style=\"font-family: Calibri\">16h30-16h40<\/span><\/td>\n<td style=\"width: 306px;height: 52px\" align=\"justify\"><span style=\"color: #ff0000;font-family: Calibri\">Manoela Do Sacramento (ORG)<\/span><\/td>\n<td style=\"width: 276px;height: 52px\" align=\"justify\"><span style=\"color: #ff0000\">S\u00edntese de teluroalquinos mediada por K3PO4 e DMSO.<\/span><\/td>\n<\/tr>\n<tr style=\"height: 104px\">\n<td style=\"width: 138px;height: 104px\" align=\"center\"><span style=\"font-family: Calibri\">16h40-16h50<\/span><\/td>\n<td style=\"width: 306px;height: 104px\" align=\"justify\"><span style=\"color: #ff0000;font-family: Calibri\">Andrielli Leitemberger (ORG)<\/span><\/td>\n<td style=\"width: 276px;height: 104px\" align=\"justify\"><span style=\"color: #ff0000;font-family: Calibri\">Metodologias alternativas para a prepara\u00e7\u00e3o de compostos organoenxofre utilizando extratos de res\u00edduos agroindustriais.<\/span><\/td>\n<\/tr>\n<tr style=\"height: 104px\">\n<td style=\"width: 138px;height: 104px\" align=\"center\"><span style=\"font-family: Calibri\">16h50-17h00<\/span><\/td>\n<td style=\"width: 306px;height: 104px\" align=\"left\"><span style=\"color: #ff0000;font-family: Calibri\">Mariana F. Bach (ORG)<br \/>\n<\/span><\/td>\n<td style=\"width: 276px;height: 104px\" align=\"justify\"><span style=\"color: #ff0000;font-family: Calibri\">S\u00edntese de 1,2,3-triaz\u00f3is Derivados de 1-(2-azidofenil)etanona Promovida por Fonte de Aquecimento Convencional e Radia\u00e7\u00e3o de Ultrassom.<\/span><\/td>\n<\/tr>\n<tr>\n<td style=\"width: 107px;background-color: #787171;vertical-align: middle\" colspan=\"4\"><\/td>\n<\/tr>\n<tr style=\"height: 78px\">\n<td style=\"width: 107px;height: 464px;vertical-align: middle\" rowspan=\"6\" align=\"center\" valign=\"middle\" height=\"151\">\n<p>&nbsp;<\/p>\n<p><strong>21\/03\/2019<\/strong><br \/>\n<strong>Manh\u00e3<\/strong><\/td>\n<td style=\"width: 138px;height: 78px\" align=\"center\"><span style=\"font-family: Calibri\">11h00-11h10<\/span><\/td>\n<td style=\"width: 306px;height: 78px\" align=\"justify\"><span style=\"color: #5b9bd5;font-family: Calibri\">Daisa H. Bonemann (ANA)<\/span><\/td>\n<td style=\"width: 276px;height: 78px\" align=\"justify\"><span style=\"color: #5b9bd5;font-family: Calibri\">Determina\u00e7\u00e3o da Concentra\u00e7\u00e3o Total e Fra\u00e7\u00e3o Bioacess\u00edvel de Cu, Fe, Mn e Pb em Tomates.<\/span><\/td>\n<\/tr>\n<tr style=\"height: 104px\">\n<td style=\"width: 138px;height: 104px\" align=\"center\"><span style=\"font-family: Calibri\">11h10-11h20<\/span><\/td>\n<td style=\"width: 306px;height: 104px\" align=\"justify\"><span style=\"color: #5b9bd5;font-family: Calibri\">Leandro S. Almeida (ANA)<\/span><\/td>\n<td style=\"width: 276px;height: 104px\" align=\"justify\"><span style=\"color: #5b9bd5;font-family: Calibri\">Eletrodo de pasta de carbono com resina de troca i\u00f4nica para determina\u00e7\u00e3o voltam\u00e9trica simult\u00e2nea de Cd+2 e Pb+2 em amostras de efluentes.<\/span><\/td>\n<\/tr>\n<tr style=\"height: 104px\">\n<td style=\"width: 138px;height: 104px\" align=\"center\"><span style=\"font-family: Calibri\">11h20-11h30<\/span><\/td>\n<td style=\"width: 306px;height: 104px\" align=\"justify\"><span style=\"color: #5b9bd5;font-family: Calibri\">Mayara C. M. Lorenz (ANA)<\/span><\/td>\n<td style=\"width: 276px;height: 104px\" align=\"justify\"><span style=\"color: #5b9bd5;font-family: Calibri\">Avalia\u00e7\u00e3o do efeito da reticula\u00e7\u00e3o da pectina na resposta eletroqu\u00edmica de benzofenona-3 em eletrodo quimicamente modificado.<\/span><\/td>\n<\/tr>\n<tr style=\"height: 52px\">\n<td style=\"width: 138px;height: 52px\" align=\"center\"><span style=\"font-family: Calibri\">11h30-11h40<\/span><\/td>\n<td style=\"width: 306px;height: 52px\" align=\"justify\"><span style=\"color: #ff0000;font-family: Calibri\">Maur\u00edcio C. D. F Xavier (ORG)<\/span><\/td>\n<td style=\"width: 276px;height: 52px\" align=\"justify\"><span style=\"color: #ff0000\">S\u00edntese de 3-Selanilbenzo[b]furanos mediada por Selectfluor.<\/span><\/td>\n<\/tr>\n<tr style=\"height: 48px\">\n<td style=\"width: 138px;height: 48px\" align=\"center\"><span style=\"font-family: Calibri\">11h40-11h50<\/span><\/td>\n<td style=\"width: 306px;height: 48px\" align=\"justify\"><span style=\"color: #ff0000;font-family: Calibri\">Paola S. Hellwig (ORG)<\/span><\/td>\n<td style=\"width: 276px;height: 48px\" align=\"justify\"><span style=\"color: #ff0000\">S\u00edntese de benzo[b]calcogenofenos e benzo[b]furanos promovida por Oxone.<\/span><\/td>\n<\/tr>\n<tr style=\"height: 78px\">\n<td style=\"width: 138px;height: 78px\" align=\"center\"><span style=\"font-family: Calibri\">11h50-12h00<\/span><\/td>\n<td style=\"width: 306px;height: 78px\" align=\"justify\"><span style=\"color: #ff0000;font-family: Calibri\">Maura L. B. Peixoto (ORG)<\/span><\/td>\n<td style=\"width: 276px;height: 78px\" align=\"justify\"><span style=\"color: #ff0000;font-family: Calibri\">Hidrotiola\u00e7\u00e3o de alde\u00eddos com ti\u00f3is: cat\u00e1lise org\u00e2nica sob condi\u00e7\u00f5es livres de solvente.<\/span><\/td>\n<\/tr>\n<tr>\n<td style=\"width: 107px;background-color: #787171;vertical-align: middle\" colspan=\"4\"><\/td>\n<\/tr>\n<tr style=\"height: 78px\">\n<td style=\"width: 107px;height: 432px;vertical-align: middle\" rowspan=\"6\" align=\"center\" valign=\"middle\" height=\"195\">\n<p>&nbsp;<\/p>\n<p><strong>21\/03\/2019<\/strong><br \/>\n<strong>Tarde<\/strong><\/td>\n<td style=\"width: 138px;height: 78px\" align=\"center\"><span style=\"font-family: Calibri\">15h00-15h10<\/span><\/td>\n<td style=\"width: 306px;height: 78px\" align=\"justify\"><span style=\"color: #5b9bd5;font-family: Calibri\">M\u00f4nika G. Heinemann (ANA)<\/span><\/td>\n<td style=\"width: 276px;height: 78px\" align=\"justify\"><span style=\"color: #5b9bd5;font-family: Calibri\">Avalia\u00e7\u00e3o estrutural, morfol\u00f3gica e voltam\u00e9trica da quitosana reticulada para aplica\u00e7\u00e3o como sensor eletroanal\u00edtico. <\/span><\/td>\n<\/tr>\n<tr style=\"height: 78px\">\n<td style=\"width: 138px;height: 78px\" align=\"center\"><span style=\"font-family: Calibri\">15h10-15h20<\/span><\/td>\n<td style=\"width: 306px;height: 78px\" align=\"justify\"><span style=\"color: #00b050;font-family: Calibri\">Clarissa H. Rosa (ENS)<\/span><\/td>\n<td style=\"width: 276px;height: 78px\" align=\"justify\"><span style=\"color: #00b050;font-family: Calibri\">Lodo de ETE empregado na adsor\u00e7\u00e3o de fenol: um miniprojeto de ensino de sustentabilidade no curso de Engenharia.<\/span><\/td>\n<\/tr>\n<tr style=\"height: 78px\">\n<td style=\"width: 138px;height: 78px\" align=\"center\"><span style=\"font-family: Calibri\">15h20-15h30<\/span><\/td>\n<td style=\"width: 306px;height: 78px\" align=\"justify\"><span style=\"color: #00b050;font-family: Calibri\">Natalia B. Alves (ENS)<\/span><\/td>\n<td style=\"width: 276px;height: 78px\" align=\"justify\"><span style=\"color: #00b050;font-family: Calibri\">Uma Revis\u00e3o de Estudos sobre Dificuldades de Aprendizagem de Qu\u00edmica Org\u00e2nica no Ensino Superior.<\/span><\/td>\n<\/tr>\n<tr style=\"height: 72px\">\n<td style=\"width: 138px;height: 72px\" align=\"center\"><span style=\"font-family: Calibri\">15h30-15h40<\/span><\/td>\n<td style=\"width: 306px;height: 72px\" align=\"justify\"><span style=\"color: #ff0000;font-family: Calibri;font-size: medium\">Thiago J. Peglow (ORG)<\/span><\/td>\n<td style=\"width: 276px;height: 72px\" align=\"justify\"><span style=\"color: #ff0000\">S\u00edntese de 2-organosselenofeno[2,3-b]piridinas e 1,6-diazosselenantrenos utilizando terc-butil nitrito.<\/span><\/td>\n<\/tr>\n<tr style=\"height: 48px\">\n<td style=\"width: 138px;height: 48px\" align=\"center\"><span style=\"font-family: Calibri\">15h40-15h50<\/span><\/td>\n<td style=\"width: 306px;height: 48px\" align=\"justify\"><span style=\"color: #ff0000;font-family: Calibri\">Patrick C. Nobre (ORG)<\/span><\/td>\n<td style=\"width: 276px;height: 48px\" align=\"justify\"><span style=\"color: #ff0000\">Oxone\u00ae-Mediando a S\u00edntese de 4-Organosselanil-1H-piraz\u00f3is.<\/span><\/td>\n<\/tr>\n<tr style=\"height: 78px\">\n<td style=\"width: 138px;height: 78px\" align=\"center\"><span style=\"font-family: Calibri\">15h50-16h00<\/span><\/td>\n<td style=\"width: 306px;height: 78px\" align=\"justify\"><span style=\"color: #ff0000;font-family: Calibri\">Roberta Kr\u00fcger (ORG)<br \/>\n<\/span><\/td>\n<td style=\"width: 276px;height: 78px\" align=\"justify\"><span style=\"color: #ff0000;font-family: Calibri\">S\u00edntese de 4,7-bis-arilvinil benzo-2,1,3-calcogenodiaz\u00f3is catalisada por pal\u00e1dio via rea\u00e7\u00e3o de Heck.<\/span><\/td>\n<\/tr>\n<\/tbody>\n<\/table>\n<\/div>\n<p>&nbsp;<\/p>\n<p>&nbsp;<\/p>\n<table style=\"width: 824px\" border=\"0\" cellspacing=\"0\">\n<colgroup width=\"120\"><\/colgroup>\n<colgroup width=\"135\"><\/colgroup>\n<colgroup width=\"231\"><\/colgroup>\n<colgroup width=\"336\"><\/colgroup>\n<tbody>\n<tr>\n<td style=\"width: 824px;background-color: #08857a;height: 18px\" colspan=\"4\" align=\"center\" bgcolor=\"#7F7F7F\" height=\"18\"><b><span style=\"color: #ffffff;font-family: Calibri\">Sala ESTU\u00c1RIOS<\/span><\/b><\/td>\n<\/tr>\n<tr>\n<td style=\"width: 126px\" align=\"center\" bgcolor=\"#F2F2F2\" height=\"18\"><b><span style=\"font-family: Calibri\">Data<\/span><\/b><\/td>\n<td style=\"width: 141px\" align=\"center\" bgcolor=\"#F2F2F2\"><b><span style=\"font-family: Calibri\">Hor\u00e1rio<\/span><\/b><\/td>\n<td style=\"width: 240px\" align=\"center\" bgcolor=\"#F2F2F2\"><b><span style=\"font-family: Calibri\">Apresentador<\/span><\/b><\/td>\n<td style=\"width: 317px\" align=\"center\" bgcolor=\"#F2F2F2\"><b><span style=\"font-family: Calibri\">T\u00edtulo <\/span><\/b><\/td>\n<\/tr>\n<tr>\n<td style=\"width: 126px;height: 240px;vertical-align: middle\" rowspan=\"6\" align=\"center\" valign=\"middle\" height=\"240\">\n<p>&nbsp;<\/p>\n<p><strong>20\/03\/2019<\/strong><br \/>\n<strong>Manh\u00e3<\/strong><\/td>\n<td style=\"width: 141px\" align=\"center\"><span style=\"font-family: Calibri\">11h00-11h10<\/span><\/td>\n<td style=\"width: 240px\" align=\"justify\"><span style=\"color: #7030a0;font-family: Calibri\"><span style=\"color: #ff0000\">M\u00e1rcia S. Silveira (ORG)<\/span><br \/>\n<\/span><\/td>\n<td style=\"width: 317px\" align=\"justify\"><span style=\"color: #ff0000\">Aplica\u00e7\u00e3o de extratos de res\u00edduos agroindustriais na s\u00edntese de 1,2-bis-seleno alquenos.<\/span><\/td>\n<\/tr>\n<tr>\n<td style=\"width: 141px\" align=\"center\"><span style=\"font-family: Calibri\">11h10-11h20<\/span><\/td>\n<td style=\"width: 240px\" align=\"justify\"><span style=\"color: #7030a0;font-family: Calibri\">Luiza Helena S. Da Rosa (INO)<\/span><\/td>\n<td style=\"width: 317px\" align=\"justify\"><span style=\"color: #7030a0;font-family: Calibri\">Complexos de Cobre(II) com Bases de Schiff Tridentadas: S\u00edntese, caracteriza\u00e7\u00e3o e aplica\u00e7\u00e3o na polimeriza\u00e7\u00e3o por abertura de anel de \u00e9steres.<\/span><\/td>\n<\/tr>\n<tr>\n<td style=\"width: 141px\" align=\"center\"><span style=\"font-family: Calibri\">11h20-11h30<\/span><\/td>\n<td style=\"width: 240px\" align=\"justify\"><span style=\"color: #6600ff\">Bruna L. Gon\u00e7alves (INO)<\/span><\/td>\n<td style=\"width: 317px\" align=\"justify\"><span style=\"color: #7030a0;font-family: Calibri\">Estudo de hidroxamatos no infravermelho usando DRIFTS e m\u00e9todos h\u00edbridos. <\/span><\/td>\n<\/tr>\n<tr>\n<td style=\"width: 141px\" align=\"center\"><span style=\"font-family: Calibri\">11h30-11h40<\/span><\/td>\n<td style=\"width: 240px\" align=\"justify\"><span style=\"color: #bf8f00;font-family: Calibri\">Aline Tabarelli (FQ)<\/span><\/td>\n<td style=\"width: 317px\" align=\"justify\"><span style=\"color: #bf8f00;font-family: Calibri\">An\u00e1lise comparativa da resistividade el\u00e9trica em concreto auto adens\u00e1vel ao longo do processo de cura.<\/span><\/td>\n<\/tr>\n<tr>\n<td style=\"width: 141px\" align=\"center\"><span style=\"font-family: Calibri\">11h40-11h50<\/span><\/td>\n<td style=\"width: 240px\" align=\"justify\"><span style=\"color: #bf8f00;font-family: Calibri\">Jaqueline Ferreira de Souza (FQ)<\/span><\/td>\n<td style=\"width: 317px\" align=\"justify\"><span style=\"color: #bf8f00;font-family: Calibri\">Hidrog\u00e9is Superporosos Contendo Nanopart\u00edculas de Cobre: potenciais catalisadores na s\u00edntese de 1,2,3-Triaz\u00f3is.<\/span><\/td>\n<\/tr>\n<tr>\n<td style=\"width: 141px\" align=\"center\"><span style=\"font-family: Calibri\">11h50-12h00<\/span><\/td>\n<td style=\"width: 240px\" align=\"justify\"><span style=\"color: #bf8f00;font-family: Calibri\">Cristiane R. Schmitt (FQ) <\/span><\/td>\n<td style=\"width: 317px\" align=\"justify\"><span style=\"color: #cc9900\">Nanopart\u00edculas contendo Pd(0) obtidas via extrato de Ilex paraguariensis e avaliadas no acoplamento catal\u00edtico de Suzuki-Miyaura.<\/span><\/td>\n<\/tr>\n<tr>\n<td style=\"width: 126px;background-color: #787171;height: 18px\" colspan=\"4\" align=\"center\" bgcolor=\"#F2F2F2\" height=\"18\"><\/td>\n<\/tr>\n<tr>\n<td style=\"width: 126px;height: 179px;vertical-align: middle\" rowspan=\"6\" align=\"center\" valign=\"middle\" height=\"179\">\n<p>&nbsp;<\/p>\n<p><strong>20\/03\/2019<\/strong><br \/>\n<strong>Tarde<\/strong><\/td>\n<td style=\"width: 141px\" align=\"center\"><span style=\"font-family: Calibri\">16h00-16h10<\/span><\/td>\n<td style=\"width: 240px\" align=\"justify\"><span style=\"color: #ff0000;font-family: Calibri\">Angelita M. Barcellos (ORG)<\/span><\/td>\n<td style=\"width: 317px\" align=\"justify\"><span style=\"color: #ff0000;font-family: Calibri\">Selenometoxila\u00e7\u00e3o e selenohidroxila\u00e7\u00e3o de alquenos promovidas por Oxone.<\/span><\/td>\n<\/tr>\n<tr>\n<td style=\"width: 141px\" align=\"center\"><span style=\"font-family: Calibri\">16h10-16h20<\/span><\/td>\n<td style=\"width: 240px\" align=\"justify\"><span style=\"color: #ff0000;font-family: Calibri\">Carolina B. Gomes (ORG)<\/span><\/td>\n<td style=\"width: 317px\" align=\"justify\"><span style=\"color: #ff0000\">S\u00edntese de 4-(arilsulfonil)-1H-1,2,3-triaz\u00f3is derivados de Zidovudina.<\/span><\/td>\n<\/tr>\n<tr>\n<td style=\"width: 141px\" align=\"center\"><span style=\"font-family: Calibri\">16h20-16h30<\/span><\/td>\n<td style=\"width: 240px\" align=\"justify\"><span style=\"color: #ff0000;font-family: Calibri\">Desir\u00e9e M. dos Santos (ORG)<\/span><\/td>\n<td style=\"width: 317px\" align=\"justify\"><span style=\"color: #ff0000;font-family: Calibri\">Estudo da atividade oxidante e caracteriza\u00e7\u00e3o f\u00edsico-qu\u00edmica em lipossomas do \u00e1cido sir\u00edngico.<\/span><\/td>\n<\/tr>\n<tr>\n<td style=\"width: 141px\" align=\"center\"><span style=\"font-family: Calibri\">16h30-16h40<\/span><\/td>\n<td style=\"width: 240px\" align=\"justify\"><span style=\"color: #bf8f00;font-family: Calibri\">Daniele G. M\u00fcller (FQ)<\/span><\/td>\n<td style=\"width: 317px\" align=\"justify\"><span style=\"color: #bf8f00;font-family: Calibri\">Copol\u00edmeros EPS-Lignina Fluorescentes.<\/span><\/td>\n<\/tr>\n<tr>\n<td style=\"width: 141px\" align=\"center\"><span style=\"font-family: Calibri\">16h40-16h50<\/span><\/td>\n<td style=\"width: 240px\" align=\"justify\"><span style=\"color: #bf8f00;font-family: Calibri\">Camila M.Cholant (FQ)<br \/>\n<\/span><\/td>\n<td style=\"width: 317px\" align=\"justify\"><span style=\"color: #bf8f00;font-family: Calibri\">Prepara\u00e7\u00e3o e Caracteriza\u00e7\u00e3o de eletr\u00f3lito s\u00f3lido \u00e0 base de goma ar\u00e1bica com \u00e1lcool polivinil.<\/span><\/td>\n<\/tr>\n<tr>\n<td style=\"width: 141px\" align=\"center\"><span style=\"font-family: Calibri\">16h50-17h00<\/span><\/td>\n<td style=\"width: 240px\" align=\"justify\"><span style=\"color: #ff0000;font-family: Calibri\">Laura Abenante (ORG)<\/span><\/td>\n<td style=\"width: 317px\" align=\"justify\"><span style=\"color: #ff0000;font-family: Calibri\">S\u00edntese de compostos de quitosana com citronelal, citral e seus derivados contendo sel\u00eanio e enxofre.<\/span><\/td>\n<\/tr>\n<tr>\n<td style=\"width: 126px;background-color: #787171;height: 18px\" colspan=\"4\" align=\"center\" bgcolor=\"#F2F2F2\" height=\"18\"><\/td>\n<\/tr>\n<tr>\n<td style=\"width: 126px;height: 239px;vertical-align: middle\" rowspan=\"6\" align=\"center\" valign=\"middle\" height=\"239\">\n<p>&nbsp;<\/p>\n<p><strong>21\/03\/2019<\/strong><br \/>\n<strong>Manh\u00e3<\/strong><\/td>\n<td style=\"width: 141px\" align=\"center\"><span style=\"font-family: Calibri\">11h00-11h10<\/span><\/td>\n<td style=\"width: 240px\" align=\"justify\"><span style=\"color: #ff0000;font-family: Calibri\">Nichole O. Silva (ORG)<\/span><\/td>\n<td style=\"width: 317px\" align=\"justify\"><span style=\"color: #ff0000;font-family: Calibri\">Inser\u00e7\u00e3o de chalconas cloradas em lipossomos: influ\u00eancia na din\u00e2mica molecular.<\/span><\/td>\n<\/tr>\n<tr>\n<td style=\"width: 141px\" align=\"center\"><span style=\"font-family: Calibri\">11h10-11h20<\/span><\/td>\n<td style=\"width: 240px\" align=\"justify\"><span style=\"color: #ff0000;font-family: Calibri\">Gabriel P. da Costa (ORG)<br \/>\n<\/span><\/td>\n<td style=\"width: 317px\" align=\"justify\"><span style=\"color: #ff0000;font-family: Calibri\">Tioureia como ligante em rea\u00e7\u00f5es de CuAAC para a s\u00edntese de 2-(1,2,3-triazol-1-il) benzalde\u00eddos.<\/span><\/td>\n<\/tr>\n<tr>\n<td style=\"width: 141px\" align=\"center\"><span style=\"font-family: Calibri\">11h20-11h30<\/span><\/td>\n<td style=\"width: 240px\" align=\"justify\"><span style=\"color: #ff0000;font-family: Calibri\">Daniela Rodrigues Araujo (ORG)<\/span><\/td>\n<td style=\"width: 317px\" align=\"justify\"><span style=\"color: #ff0000\">S\u00edntese de 2-organosselanil-naftalenos promovida por Oxone\u00ae e ultrassom.<br \/>\n<\/span><\/td>\n<\/tr>\n<tr>\n<td style=\"width: 141px\" align=\"center\"><span style=\"font-family: Calibri\">11h30-11h40<\/span><\/td>\n<td style=\"width: 240px\" align=\"justify\"><span style=\"color: #bf8f00;font-family: Calibri\">Cristiane B. Hobuss (FQ)<br \/>\n<\/span><\/td>\n<td style=\"width: 317px\" align=\"justify\"><span style=\"color: #bf8f00;font-family: Calibri\">S\u00edntese e Caracteriza\u00e7\u00e3o de monoacilglicer\u00f3is Atrav\u00e9s da Glicer\u00f3lise de \u00c9steres Derivados do \u00d3leo de Linha\u00e7a em Solvente Verde.<\/span><\/td>\n<\/tr>\n<tr>\n<td style=\"width: 141px\" align=\"center\"><span style=\"font-family: Calibri\">11h40-11h50<\/span><\/td>\n<td style=\"width: 240px\" align=\"justify\"><span style=\"color: #bf8f00;font-family: Calibri\">Daniela N. Placido (FQ)<\/span><\/td>\n<td style=\"width: 317px\" align=\"justify\"><span style=\"color: #bf8f00;font-family: Calibri\">Eletrocromismo de filmes finos de V2O5 depositados em substrato flex\u00edvel.<\/span><\/td>\n<\/tr>\n<tr>\n<td style=\"width: 141px\" align=\"center\"><span style=\"font-family: Calibri\">11h50-12h00<\/span><\/td>\n<td style=\"width: 240px\" align=\"justify\"><span style=\"color: #bf8f00;font-family: Calibri\">Glademir Alvarenga (FQ)<br \/>\n<\/span><\/td>\n<td style=\"width: 317px\" align=\"justify\"><span style=\"color: #cc9900\">Adsor\u00e7\u00e3o do azul de metileno por carv\u00f5es ativados, n\u00e3o ativados e in natura a partir das cascas da semente de timba\u00fava (Enterolobium contortisiliquum).<\/span><\/td>\n<\/tr>\n<tr>\n<td style=\"width: 126px;background-color: #787171;height: 18px\" colspan=\"4\" align=\"center\" bgcolor=\"#F2F2F2\" height=\"18\"><\/td>\n<\/tr>\n<tr>\n<td style=\"width: 126px;height: 195px;vertical-align: middle\" rowspan=\"6\" align=\"center\" valign=\"middle\" height=\"195\">\n<p>&nbsp;<\/p>\n<p><strong>21\/03\/2019<\/strong><br \/>\n<strong>Tarde<\/strong><\/td>\n<td style=\"width: 141px\" align=\"center\"><span style=\"font-family: Calibri\">15h00-15h10<\/span><\/td>\n<td style=\"width: 240px\" align=\"justify\"><span style=\"color: #ff0000;font-family: Calibri\">Helen A. Goulart (ORG)<\/span><\/td>\n<td style=\"width: 317px\" align=\"justify\"><span style=\"color: #ff0000\">S\u00edntese de 5H-selenofeno[3,2-c]isocromen-5-onas a partir de disselenetos de dialquila e 1,3-diinos promovida por Oxone.<\/span><\/td>\n<\/tr>\n<tr>\n<td style=\"width: 141px\" align=\"center\"><span style=\"font-family: Calibri\">15h10-15h20<\/span><\/td>\n<td style=\"width: 240px\" align=\"justify\"><span style=\"color: #ff0000;font-family: Calibri\">Ta\u00eds B. Goulart (ORG)<\/span><\/td>\n<td style=\"width: 317px\" align=\"justify\"><span style=\"color: #ff0000;font-family: Calibri\">S\u00edntese de 1H-pirazol-carboxilatos via one-pot.<\/span><\/td>\n<\/tr>\n<tr>\n<td style=\"width: 141px\" align=\"center\"><span style=\"font-family: Calibri\">15h20-15h30<\/span><\/td>\n<td style=\"width: 240px\" align=\"justify\"><span style=\"color: #ff0000;font-family: Calibri\">Liane K. Soares (ORG)<\/span><\/td>\n<td style=\"width: 317px\" align=\"justify\"><span style=\"color: #ff0000;font-family: Calibri\">S\u00edntese de seleno\u00e9teres e piridilselenetos derivados do glicerol.<\/span><\/td>\n<\/tr>\n<tr>\n<td style=\"width: 141px\" align=\"center\"><span style=\"font-family: Calibri\">15h30-15h40<\/span><\/td>\n<td style=\"width: 240px\" align=\"justify\"><span style=\"color: #bf8f00;font-family: Calibri\">Leandro L. Peres (FQ)<\/span><\/td>\n<td style=\"width: 317px\" align=\"justify\"><span style=\"color: #bf8f00;font-family: Calibri\">Avalia\u00e7\u00e3o das Propriedades Eletroqu\u00edmicas do V2O5.<\/span><\/td>\n<\/tr>\n<tr>\n<td style=\"width: 141px\" align=\"center\"><span style=\"font-family: Calibri\">15h40-15h50<\/span><\/td>\n<td style=\"width: 240px\" align=\"justify\"><span style=\"color: #bf8f00;font-family: Calibri\">Maria C.S. Bulhosa (FQ)<\/span><\/td>\n<td style=\"width: 317px\" align=\"justify\"><span style=\"color: #bf8f00;font-family: Calibri\">Modifica\u00e7\u00e3o superficial da polissulfona com complexos de cobre.<\/span><\/td>\n<\/tr>\n<tr>\n<td style=\"width: 141px\" align=\"center\"><span style=\"font-family: Calibri\">15h50-16h00<\/span><\/td>\n<td style=\"width: 240px\" align=\"justify\"><span style=\"color: #bf8f00;font-family: Calibri\">Marco Paulsen Rodrigues (FQ)<\/span><\/td>\n<td style=\"width: 317px\" align=\"justify\"><span style=\"color: #bf8f00;font-family: Calibri\">Estudo matem\u00e1tico da difus\u00e3o de \u00edons Li+ em filmes finos eletrocr\u00f4micos de WO3.<br \/>\n<\/span><\/td>\n<\/tr>\n<\/tbody>\n<\/table>\n<p>&nbsp;<\/p>\n","protected":false},"excerpt":{"rendered":"<p>As apresenta\u00e7\u00f5es ser\u00e3o realizadas em duas sess\u00f5es. Todas as apresenta\u00e7\u00f5es ter\u00e3o no m\u00e1ximo 8 minutos, no dia e hor\u00e1rio estabelecidos pela Comiss\u00e3o Organizadora. **Caso voc\u00ea tenha enviado resumo e seu nome n\u00e3o apare\u00e7a na lista, entre em contato pelo e-mail &hellip; <a href=\"https:\/\/wp.ufpel.edu.br\/epgqsul\/apresentacoes-de-trabalhos\/\">Continue lendo <span class=\"meta-nav\">&rarr;<\/span><\/a><\/p>\n","protected":false},"author":899,"featured_media":0,"parent":0,"menu_order":0,"comment_status":"closed","ping_status":"closed","template":"","meta":{"jetpack_post_was_ever_published":false,"footnotes":""},"class_list":["post-195","page","type-page","status-publish","hentry"],"jetpack_sharing_enabled":true,"jetpack_shortlink":"https:\/\/wp.me\/PaFvuo-39","_links":{"self":[{"href":"https:\/\/wp.ufpel.edu.br\/epgqsul\/wp-json\/wp\/v2\/pages\/195","targetHints":{"allow":["GET"]}}],"collection":[{"href":"https:\/\/wp.ufpel.edu.br\/epgqsul\/wp-json\/wp\/v2\/pages"}],"about":[{"href":"https:\/\/wp.ufpel.edu.br\/epgqsul\/wp-json\/wp\/v2\/types\/page"}],"author":[{"embeddable":true,"href":"https:\/\/wp.ufpel.edu.br\/epgqsul\/wp-json\/wp\/v2\/users\/899"}],"replies":[{"embeddable":true,"href":"https:\/\/wp.ufpel.edu.br\/epgqsul\/wp-json\/wp\/v2\/comments?post=195"}],"version-history":[{"count":17,"href":"https:\/\/wp.ufpel.edu.br\/epgqsul\/wp-json\/wp\/v2\/pages\/195\/revisions"}],"predecessor-version":[{"id":236,"href":"https:\/\/wp.ufpel.edu.br\/epgqsul\/wp-json\/wp\/v2\/pages\/195\/revisions\/236"}],"wp:attachment":[{"href":"https:\/\/wp.ufpel.edu.br\/epgqsul\/wp-json\/wp\/v2\/media?parent=195"}],"curies":[{"name":"wp","href":"https:\/\/api.w.org\/{rel}","templated":true}]}}