{"id":223,"date":"2020-02-18T09:34:05","date_gmt":"2020-02-18T12:34:05","guid":{"rendered":"https:\/\/wp.ufpel.edu.br\/ensinodedanca\/?page_id=223"},"modified":"2020-02-18T09:34:05","modified_gmt":"2020-02-18T12:34:05","slug":"o-projeto","status":"publish","type":"page","link":"https:\/\/wp.ufpel.edu.br\/ensinodedanca\/apresentacao\/o-projeto\/","title":{"rendered":"O PROJETO"},"content":{"rendered":"<p>O Projeto de Pesquisa\u00a0<em>Ensino Contempor\u00e2neo de Dan\u00e7a na Educa\u00e7\u00e3o B\u00e1sica: pedagogias poss\u00edveis<\/em>\u00a0aborda a produ\u00e7\u00e3o de conhecimento e os processos de ensino e aprendizagem da Dan\u00e7a na escola contempor\u00e2nea brasileira em rela\u00e7\u00e3o aos movimentos art\u00edsticos para al\u00e9m do territ\u00f3rio escolar.\u00a0\u00a0Como principais objetivos est\u00e3o: contextualizar o ensino de Dan\u00e7a na Educa\u00e7\u00e3o B\u00e1sica a partir de estudo hist\u00f3rico e legislativo sobre o tema, pesquisar possibilidades did\u00e1ticas e metodol\u00f3gicas para o ensino de Dan\u00e7a na escola; e estudar o movimento art\u00edstico da Dan\u00e7a na contemporaneidade e suas caracter\u00edsticas art\u00edstico-pedag\u00f3gicas. A investiga\u00e7\u00e3o est\u00e1 sendo desenvolvida atrav\u00e9s de pesquisa te\u00f3rica e de campo, \u00a0e seus resultados s\u00e3o divulgados por meio de produ\u00e7\u00e3o cient\u00edfica e publica\u00e7\u00f5es, ao longo do per\u00edodo de sua realiza\u00e7\u00e3o.<\/p>\n<p>Em 2019 o Projeto foi contemplado com o\u00a0<a href=\"https:\/\/fapergs.rs.gov.br\/edital-04-2019-auxilio-recem-doutor-ard\">Edital FAPERGS de Aux\u00edlio Rec\u00e9m Doutor<\/a>, que oportunizar\u00e1 a cria\u00e7\u00e3o de uma sala de dan\u00e7a em uma escola p\u00fablica de Pelotas \u2013 RS, que servir\u00e1 de laborat\u00f3rio para estudos sobre pr\u00e1tcas pedag\u00f3gicas de dan\u00e7a na Educa\u00e7\u00e3o B\u00e1sica. A organiza\u00e7\u00e3o desta sala acontecer\u00e1 em mar\u00e7o de 2020 e o projeto ter\u00e1 o desenvolvimento at\u00e9 dezembro de 2021.<\/p>\n<p><strong>Coordena\u00e7\u00e3o:<\/strong>\u00a0Josiane Franken Corr\u00eaa<\/p>\n<p>Contato: josianefranken@gmail.com<\/p>\n<p><img class=\"size-medium wp-image-218 aligncenter\" src=\"https:\/\/wp.ufpel.edu.br\/ensinodedanca\/files\/2020\/02\/com-apoiadores-1-400x400.jpeg\" alt=\"\" width=\"400\" height=\"400\" srcset=\"https:\/\/wp.ufpel.edu.br\/ensinodedanca\/files\/2020\/02\/com-apoiadores-1-400x400.jpeg 400w, https:\/\/wp.ufpel.edu.br\/ensinodedanca\/files\/2020\/02\/com-apoiadores-1-1024x1024.jpeg 1024w, https:\/\/wp.ufpel.edu.br\/ensinodedanca\/files\/2020\/02\/com-apoiadores-1-200x200.jpeg 200w, https:\/\/wp.ufpel.edu.br\/ensinodedanca\/files\/2020\/02\/com-apoiadores-1-768x768.jpeg 768w, https:\/\/wp.ufpel.edu.br\/ensinodedanca\/files\/2020\/02\/com-apoiadores-1.jpeg 1280w\" sizes=\"(max-width: 400px) 100vw, 400px\" \/><\/p>\n<p>&nbsp;<\/p>\n","protected":false},"excerpt":{"rendered":"<p>O Projeto de Pesquisa\u00a0Ensino Contempor\u00e2neo de Dan\u00e7a na Educa\u00e7\u00e3o B\u00e1sica: pedagogias poss\u00edveis\u00a0aborda a produ\u00e7\u00e3o de conhecimento e os processos de ensino e aprendizagem da Dan\u00e7a na escola contempor\u00e2nea brasileira em rela\u00e7\u00e3o aos movimentos art\u00edsticos para al\u00e9m do territ\u00f3rio escolar.\u00a0\u00a0Como principais objetivos est\u00e3o: contextualizar o ensino de Dan\u00e7a na Educa\u00e7\u00e3o B\u00e1sica a partir de estudo hist\u00f3rico [&hellip;]<\/p>\n","protected":false},"author":960,"featured_media":0,"parent":175,"menu_order":1,"comment_status":"closed","ping_status":"closed","template":"","meta":{"footnotes":""},"class_list":["post-223","page","type-page","status-publish","hentry"],"_links":{"self":[{"href":"https:\/\/wp.ufpel.edu.br\/ensinodedanca\/wp-json\/wp\/v2\/pages\/223","targetHints":{"allow":["GET"]}}],"collection":[{"href":"https:\/\/wp.ufpel.edu.br\/ensinodedanca\/wp-json\/wp\/v2\/pages"}],"about":[{"href":"https:\/\/wp.ufpel.edu.br\/ensinodedanca\/wp-json\/wp\/v2\/types\/page"}],"author":[{"embeddable":true,"href":"https:\/\/wp.ufpel.edu.br\/ensinodedanca\/wp-json\/wp\/v2\/users\/960"}],"replies":[{"embeddable":true,"href":"https:\/\/wp.ufpel.edu.br\/ensinodedanca\/wp-json\/wp\/v2\/comments?post=223"}],"version-history":[{"count":1,"href":"https:\/\/wp.ufpel.edu.br\/ensinodedanca\/wp-json\/wp\/v2\/pages\/223\/revisions"}],"predecessor-version":[{"id":225,"href":"https:\/\/wp.ufpel.edu.br\/ensinodedanca\/wp-json\/wp\/v2\/pages\/223\/revisions\/225"}],"up":[{"embeddable":true,"href":"https:\/\/wp.ufpel.edu.br\/ensinodedanca\/wp-json\/wp\/v2\/pages\/175"}],"wp:attachment":[{"href":"https:\/\/wp.ufpel.edu.br\/ensinodedanca\/wp-json\/wp\/v2\/media?parent=223"}],"curies":[{"name":"wp","href":"https:\/\/api.w.org\/{rel}","templated":true}]}}