{"id":917,"date":"2023-05-29T09:45:51","date_gmt":"2023-05-29T12:45:51","guid":{"rendered":"https:\/\/wp.ufpel.edu.br\/emicrosim2023\/?page_id=917"},"modified":"2023-05-29T09:57:35","modified_gmt":"2023-05-29T12:57:35","slug":"julio-barcellos","status":"publish","type":"page","link":"https:\/\/wp.ufpel.edu.br\/emicrosim2023\/julio-barcellos\/","title":{"rendered":"Palestrante &#8211; J\u00falio Ot\u00e1vio Jardim Barcellos"},"content":{"rendered":"<p style=\"text-align: center;\"><strong><span style=\"font-size: 24pt;\">J\u00falio Ot\u00e1vio Jardim Barcellos<br \/>\n<\/span><\/strong><strong>Pr\u00f3-Reitor de P\u00f3s-Gradua\u00e7\u00e3o &#8211; UFRGS<br \/>\n<\/strong><\/p>\n<p style=\"text-align: center;\"><img loading=\"lazy\" decoding=\"async\" class=\"alignnone wp-image-911\" src=\"https:\/\/wp.ufpel.edu.br\/emicrosim2023\/files\/2023\/05\/avatar_julio-barcellos.png\" alt=\"\" width=\"200\" height=\"246\" \/><\/p>\n<h3 style=\"text-align: center;\"><span style=\"font-size: 18pt;\"><em><span data-sheets-value=\"{&quot;1&quot;:2,&quot;2&quot;:&quot;Sustainable Video Streaming Systems&quot;}\" data-sheets-userformat=\"{&quot;2&quot;:577,&quot;3&quot;:{&quot;1&quot;:0},&quot;9&quot;:0,&quot;12&quot;:0}\">Palestra:\u00a0<strong>PGMICRO: 20 Anos de Excel\u00eancia na Forma\u00e7\u00e3o de RH para Microeletr\u00f4nica<\/strong><\/span><\/em><\/span><\/h3>\n<p style=\"text-align: center;\">Sess\u00e3o Especial<\/p>\n<p style=\"text-align: center;\">Data: 31\/05 &#8211; 16:15<\/p>\n<p>&nbsp;<\/p>\n<p><span style=\"font-size: 14pt;\"><strong>Abstract<\/strong><\/span><\/p>\n<p style=\"padding-left: 40px; text-align: justify;\"><span data-sheets-value=\"{&quot;1&quot;:2,&quot;2&quot;:&quot;In the past decade, video communication systems have conquered the world. Nowadays, billions of people worldwide use a wide variety of online video services every day. Applications range from videoconferencing and video streaming to social networks and surveillance scenarios. Concurrently, recent studies have found that in 2018, roughly 1% of the global greenhouse gas emissions could be attributed to these online video services, highlighting the need for research targeting energy efficient online video systems. In this talk, we give a broad overview on the energy consumption of these systems and discuss latest research and trendsetting ideas to reduce their carbon footprint.&quot;}\" data-sheets-userformat=\"{&quot;2&quot;:769,&quot;3&quot;:{&quot;1&quot;:0},&quot;11&quot;:4,&quot;12&quot;:0}\">TBD<\/span><\/p>\n<p>&nbsp;<\/p>\n<p><span style=\"font-size: 14pt;\"><strong>Biography<\/strong><\/span><\/p>\n<p style=\"text-align: justify; padding-left: 40px;\">J\u00falio Otavio Jardim Barcellos \u00e9 M\u00e9dico Veterin\u00e1rio, com especializa\u00e7\u00e3o em Sistemas de Produ\u00e7\u00e3o Animal no IAMZ -Zaragoza, mestrado e doutorado em Zootecnia pela Universidade Federal do Rio Grande do Sul. Pesquisador N\u00edvel 1A do CNPq. Atualmente \u00e9 Professor Titular da Universidade Federal do Rio Grande do Sul, atuando no Departamento de Zootecnia da Faculdade de Agronomia nos cursos de Zootecnia, Agronomia e Veterin\u00e1ria. Na P\u00f3s-Gradua\u00e7\u00e3o atua como orientador de Mestrado e Doutorado nos Programas de P\u00f3s-Gradua\u00e7\u00e3o em Zootecnia e Agroneg\u00f3cios da UFRGS. Coordena o NESPro &#8211; N\u00facleo de estudos em sistemas de produ\u00e7\u00e3o de bovinos de corte e cadeia produtiva. .Foi Coordenador do Programa de P\u00f3s-Gradua\u00e7\u00e3o em Agroneg\u00f3cios e do Programa de P\u00f3s-Gradua\u00e7\u00e3o em Zootecnia da UFRGS. Foi presidente do Conselho Deliberativo T\u00e9cnico da Associa\u00e7\u00e3o Nacional de Criadores &#8211; HERDBOOK COLLARES e do Conselho T\u00e9cnico da Associa\u00e7\u00e3o Brasileira de Hereford e Braford. Consultor Ad Hoc da Funda\u00e7\u00e3o Estadual de Pesquisa Agropecu\u00e1ria &#8211; FAPERGS, Consultor Ad Hoc do Conselho Nacional de Desenvolvimento Cient\u00edfico e Tecnol\u00f3gico-CNPq, Consultor Ad Hoc da CAPES, Consultor Ad Hoc do FUNDECT-MS, Consultor Ad Hoc da FAPESP-SP e das Revistas Arquivo Brasileiro de Medicina Veterin\u00e1ria e Zootecnia, Revista Brasileira de Zootecnia, Arquivos Latinoamericano de Produ\u00e7\u00e3o Animal, Pesquisa Agropecu\u00e1ria Ga\u00facha e Pesquisa Agropecu\u00e1ria Brasileira. \u00c9 membro da Sociedade Brasileira de Zootecnia. Foi Conselheiro Titular e Suplente do Conselho Regional de Medicina Veterin\u00e1ria do RS e Presidente da Comiss\u00e3o de Assuntos Pol\u00edticos do Conselho Federal de Medicina Veterin\u00e1ria. \u00c9 avaliador do Institucional de de Cursos do Sistema Nacional de Avalia\u00e7\u00e3o da Educa\u00e7\u00e3o Superior &#8211; SINAES\/INEP\/MEC. Foi editor associado da Revista Brasileira de Zootecnia. A experi\u00eancia de atua\u00e7\u00e3o \u00e9 em Sistemas de Produ\u00e7\u00e3o de Bovinos de Corte, com \u00eanfase especial a gest\u00e3o de tecnologia, tomada de decis\u00f5es, e tecnologias de processos. Desenvolve pesquisas nas \u00e1reas de Nutri\u00e7\u00e3o Mineral para Ruminantes, Cadeia Produtiva da Carne Bovina, Crescimento Animal, Manejo de Bovinos de Corte com \u00eanfase na cria e recria. A sua produ\u00e7\u00e3o cient\u00edfica est\u00e1 dispon\u00edvel em mais de 400 diferentes tipos de produ\u00e7\u00e3o bibliogr\u00e1fica. J\u00e1 contribuiu na orienta\u00e7\u00e3o de 55 estudantes de gradua\u00e7\u00e3o e p\u00f3s-gradua\u00e7\u00e3o. Participou e\/ou ministrou palestras em 600 eventos, sendo 45 internacionais. Publicou seis livros em Co-autoria, nas \u00e1reas de Suplementa\u00e7\u00e3o Mineral, Produ\u00e7\u00e3o e Manejo de Bovinos de Corte, Crescimento de Bovinos de Corte, Gest\u00e3o em Pecu\u00e1ria de Corte, Agroneg\u00f3cios, Manejo de Sistemas de Cria. Vice Pro-Reitor de P\u00f3s-Gradua\u00e7\u00e3o da UFRGS de setembro de 2020 a junho de 2021. Atualmente \u00e9 o Pr\u00f3-Reitor de P\u00f3s-Gradua\u00e7\u00e3o da UFRGS e Presidente do Comit\u00ea Gestor do PRINT\/UFRGS\/CAPES.<\/p>\n","protected":false},"excerpt":{"rendered":"<p>J\u00falio Ot\u00e1vio Jardim Barcellos Pr\u00f3-Reitor de P\u00f3s-Gradua\u00e7\u00e3o &#8211; UFRGS Palestra:\u00a0PGMICRO: 20 Anos de Excel\u00eancia na Forma\u00e7\u00e3o de RH para Microeletr\u00f4nica Sess\u00e3o Especial Data: 31\/05 &#8211; 16:15 &nbsp; Abstract TBD &nbsp; Biography J\u00falio Otavio Jardim&#46;&#46;&#46;<\/p>\n","protected":false},"author":746,"featured_media":0,"parent":0,"menu_order":0,"comment_status":"closed","ping_status":"closed","template":"","meta":{"footnotes":""},"class_list":["post-917","page","type-page","status-publish","hentry"],"_links":{"self":[{"href":"https:\/\/wp.ufpel.edu.br\/emicrosim2023\/wp-json\/wp\/v2\/pages\/917","targetHints":{"allow":["GET"]}}],"collection":[{"href":"https:\/\/wp.ufpel.edu.br\/emicrosim2023\/wp-json\/wp\/v2\/pages"}],"about":[{"href":"https:\/\/wp.ufpel.edu.br\/emicrosim2023\/wp-json\/wp\/v2\/types\/page"}],"author":[{"embeddable":true,"href":"https:\/\/wp.ufpel.edu.br\/emicrosim2023\/wp-json\/wp\/v2\/users\/746"}],"replies":[{"embeddable":true,"href":"https:\/\/wp.ufpel.edu.br\/emicrosim2023\/wp-json\/wp\/v2\/comments?post=917"}],"version-history":[{"count":2,"href":"https:\/\/wp.ufpel.edu.br\/emicrosim2023\/wp-json\/wp\/v2\/pages\/917\/revisions"}],"predecessor-version":[{"id":920,"href":"https:\/\/wp.ufpel.edu.br\/emicrosim2023\/wp-json\/wp\/v2\/pages\/917\/revisions\/920"}],"wp:attachment":[{"href":"https:\/\/wp.ufpel.edu.br\/emicrosim2023\/wp-json\/wp\/v2\/media?parent=917"}],"curies":[{"name":"wp","href":"https:\/\/api.w.org\/{rel}","templated":true}]}}