{"id":710,"date":"2023-05-23T10:58:37","date_gmt":"2023-05-23T13:58:37","guid":{"rendered":"https:\/\/wp.ufpel.edu.br\/emicrosim2023\/?page_id=710"},"modified":"2023-05-29T09:16:58","modified_gmt":"2023-05-29T12:16:58","slug":"palestrante-lucia-valeria-arruda","status":"publish","type":"page","link":"https:\/\/wp.ufpel.edu.br\/emicrosim2023\/palestrante-lucia-valeria-arruda\/","title":{"rendered":"Palestrante &#8211; Luc\u00eda Val\u00e9ria Arruda"},"content":{"rendered":"<p style=\"text-align: center;\"><strong><span style=\"font-size: 24pt;\">L\u00facia Val\u00e9ria Arruda<\/span><br \/>\n<\/strong><strong>CAPES<\/strong><\/p>\n<p style=\"text-align: center;\"><img loading=\"lazy\" decoding=\"async\" class=\"alignnone wp-image-707\" src=\"https:\/\/wp.ufpel.edu.br\/emicrosim2023\/files\/2023\/05\/avatar_lucia-arruda.png\" alt=\"\" width=\"200\" height=\"246\" \/><\/p>\n<h3 style=\"text-align: center;\"><span style=\"font-size: 18pt;\"><em><span data-sheets-value=\"{&quot;1&quot;:2,&quot;2&quot;:&quot;Sustainable Video Streaming Systems&quot;}\" data-sheets-userformat=\"{&quot;2&quot;:577,&quot;3&quot;:{&quot;1&quot;:0},&quot;9&quot;:0,&quot;12&quot;:0}\">Avalia\u00e7\u00e3o da P\u00f3s-Gradua\u00e7\u00e3o na \u00c0rea de Engenahrias IV CAPES<\/span><\/em><\/span><\/h3>\n<p style=\"text-align: center;\">Short Talk<\/p>\n<p style=\"text-align: center;\">Data: 31\/05 &#8211; 15:30<\/p>\n<p style=\"text-align: center;\">Chair: Cl\u00e1udio Radtke<\/p>\n<p>&nbsp;<\/p>\n<p><span style=\"font-size: 14pt;\"><strong>Abstract<\/strong><\/span><\/p>\n<p style=\"padding-left: 40px; text-align: justify;\">Esta palestra apresenta a nova avali\u00e7\u00e3o multidimensional adotada pela CAPES a partir do quadrienio iniciado em 2017. Tra\u00e7a um panorama da Pos Gradua\u00e7\u00e3o na \u00e1rea de Engenharias IV (El\u00e9trica e Biom\u00e9dica) desde o seu inicio em 1967 at\u00e9 os dias atuais, apresentando alguns resultados da avalia\u00e7\u00e3o que acaba de encerrar (2017-2020). Por fim traz algumas considera\u00e7\u00f5es para o proximo ciclo avaliativo (2021-2023).<\/p>\n<p><span style=\"font-size: 14pt;\"><strong>Biography<\/strong><\/span><\/p>\n<p style=\"text-align: justify; padding-left: 40px;\">Possui gradua\u00e7\u00e3o em ENGENHARIA ELETRICA pela Universidade Federal do Cear\u00e1 (1985), mestrado em Engenharia El\u00e9trica pela Faculdade de Engenharia El\u00e9trica e de Computa\u00e7\u00e3o da Universidade Estadual de Campinas &#8211; UNICAMP (1988) e doutorado em Automatique et Traitement des Signaux &#8211; Universite de Nice Sophia Antipolis &#8211; FRAN\u00c7A (1992). Atualmente \u00e9 professor titular da Universidade Tecnol\u00f3gica Federal do Paran\u00e1. Tem experi\u00eancia na \u00e1rea de Engenharia El\u00e9trica, com \u00eanfase em Automa\u00e7\u00e3o e Controle, Otimiza\u00e7\u00e3o de Sistemas e Inteligencia Computacional, atuando principalmente nos seguintes temas: identifica\u00e7\u00e3o, modelos de planejamento e scheduling, sistemas de apoio a decis\u00e3o, sistemas inteligentes, controle de processos e metaheur\u00edsticas com aplica\u00e7\u00f5es na ind\u00fastria de petr\u00f3leo e g\u00e1s, energia el\u00e9trica e industria de processos.<\/p>\n","protected":false},"excerpt":{"rendered":"<p>L\u00facia Val\u00e9ria Arruda CAPES Avalia\u00e7\u00e3o da P\u00f3s-Gradua\u00e7\u00e3o na \u00c0rea de Engenahrias IV CAPES Short Talk Data: 31\/05 &#8211; 15:30 Chair: Cl\u00e1udio Radtke &nbsp; Abstract Esta palestra apresenta a nova avali\u00e7\u00e3o multidimensional adotada pela CAPES&#46;&#46;&#46;<\/p>\n","protected":false},"author":746,"featured_media":0,"parent":0,"menu_order":0,"comment_status":"closed","ping_status":"closed","template":"","meta":{"footnotes":""},"class_list":["post-710","page","type-page","status-publish","hentry"],"_links":{"self":[{"href":"https:\/\/wp.ufpel.edu.br\/emicrosim2023\/wp-json\/wp\/v2\/pages\/710","targetHints":{"allow":["GET"]}}],"collection":[{"href":"https:\/\/wp.ufpel.edu.br\/emicrosim2023\/wp-json\/wp\/v2\/pages"}],"about":[{"href":"https:\/\/wp.ufpel.edu.br\/emicrosim2023\/wp-json\/wp\/v2\/types\/page"}],"author":[{"embeddable":true,"href":"https:\/\/wp.ufpel.edu.br\/emicrosim2023\/wp-json\/wp\/v2\/users\/746"}],"replies":[{"embeddable":true,"href":"https:\/\/wp.ufpel.edu.br\/emicrosim2023\/wp-json\/wp\/v2\/comments?post=710"}],"version-history":[{"count":4,"href":"https:\/\/wp.ufpel.edu.br\/emicrosim2023\/wp-json\/wp\/v2\/pages\/710\/revisions"}],"predecessor-version":[{"id":904,"href":"https:\/\/wp.ufpel.edu.br\/emicrosim2023\/wp-json\/wp\/v2\/pages\/710\/revisions\/904"}],"wp:attachment":[{"href":"https:\/\/wp.ufpel.edu.br\/emicrosim2023\/wp-json\/wp\/v2\/media?parent=710"}],"curies":[{"name":"wp","href":"https:\/\/api.w.org\/{rel}","templated":true}]}}