{"id":64,"date":"2022-07-31T15:11:43","date_gmt":"2022-07-31T18:11:43","guid":{"rendered":"https:\/\/wp.ufpel.edu.br\/dpvsa2022\/?page_id=64"},"modified":"2023-05-02T18:39:14","modified_gmt":"2023-05-02T21:39:14","slug":"chamada-para-artigos","status":"publish","type":"page","link":"https:\/\/wp.ufpel.edu.br\/emicrosim2023\/chamada-para-artigos\/","title":{"rendered":"Chamada para Artigos"},"content":{"rendered":"<p><span style=\"font-weight: 400;\">O 38\u00ba Simp\u00f3sio Sul de Microeletr\u00f4nica (SIM 2023) ser\u00e1 realizado no Instituto de Inform\u00e1tica da Universidade Federal do Rio Grande do Sul entre os dias 29 de maio e 02 de junho de 2023 em conjunto com a EMicro 2023. O programa do evento refletir\u00e1 o amplo espectro de temas e interesses de pesquisa compartilhados entre os pesquisadores da \u00e1rea de circuitos e sistemas, al\u00e9m de fornecer um f\u00f3rum \u00fanico para a troca de ideias e resultados. O evento tamb\u00e9m oferecer\u00e1 sess\u00f5es especiais e palestras ministradas por especialistas proeminentes, abrangendo \u00e1reas-chave de pesquisa em microeletr\u00f4nica.<\/span><\/p>\r\n<p style=\"text-align: center;\"><span style=\"font-size: 18pt;\"><strong><br \/>Chamada de Trabalhos:<\/strong><\/span><\/p>\r\n<p style=\"text-align: center;\"><span style=\"font-size: 18pt;\">Envio dos artigos: at\u00e9 dia <strong>09\/05\/2023<br \/><\/strong>Notifica\u00e7\u00e3o de aceita\u00e7\u00e3o: <strong>22\/05\/2023<br \/><\/strong>Envio das vers\u00f5es finais:\u00a0 <strong>26\/05\/2023<\/strong><\/span><\/p>\r\n<p style=\"text-align: justify;\"><span style=\"font-size: 18pt;\"><strong><br \/>Informa\u00e7\u00f5es para os autores:<\/strong><\/span><\/p>\r\n<p style=\"text-align: justify;\"><span style=\"font-weight: 400;\">Os artigos devem ser escritos em ingl\u00eas no formato IEEE com no m\u00e1ximo 4 p\u00e1ginas de conte\u00fado, <\/span><strong>podendo incluir uma p\u00e1gina extra somente com refer\u00eancias. <br \/><\/strong><span style=\"font-weight: 400;\">Os melhores trabalhos de estudantes de gradua\u00e7\u00e3o e p\u00f3s-gradua\u00e7\u00e3o ser\u00e3o convidados a submeterem vers\u00f5es estendidas para o <\/span><strong>Journal of Integrated Circuits and Systems<\/strong><span style=\"font-weight: 400;\"> (JICS, ISSN 1807-1953).\u00a0<\/span><\/p>\r\n<p>&nbsp;<\/p>\r\n<table class=\"aligncenter\" style=\"width: 50%; border-collapse: collapse;\" border=\"1\">\r\n<thead>\r\n<tr style=\"height: 36px;\">\r\n<td style=\"width: 100%; height: 36px;\"><span style=\"font-size: 18pt;\"><strong>T\u00f3picos de interesse (n\u00e3o restrito)<\/strong><\/span><\/td>\r\n<\/tr>\r\n<\/thead>\r\n<tbody>\r\n<tr style=\"height: 24px;\">\r\n<td style=\"width: 100%; height: 24px;\"><span style=\"font-size: 12pt;\">Circuitos Anal\u00f3gicos de Sinal Misto<\/span><\/td>\r\n<\/tr>\r\n<tr style=\"height: 24px;\">\r\n<td style=\"width: 100%; height: 24px;\"><span style=\"font-size: 12pt;\">Circuitos e Sistemas de Comunica\u00e7\u00e3o<\/span><\/td>\r\n<\/tr>\r\n<tr style=\"height: 24px;\">\r\n<td style=\"width: 100%; height: 24px;\"><span style=\"font-size: 12pt;\">CAD e Ferramentas de Projeto<\/span><\/td>\r\n<\/tr>\r\n<tr style=\"height: 24px;\">\r\n<td style=\"width: 100%; height: 24px;\"><span style=\"font-size: 12pt;\">Circuitos e Sistemas Digitais<\/span><\/td>\r\n<\/tr>\r\n<tr style=\"height: 24px;\">\r\n<td style=\"width: 100%; height: 24px;\"><span style=\"font-size: 12pt;\">Processamento Digital de Sinais<\/span><\/td>\r\n<\/tr>\r\n<tr style=\"height: 24px;\">\r\n<td style=\"width: 100%; height: 24px;\"><span style=\"font-size: 12pt;\">Sistemas Embarcados<\/span><\/td>\r\n<\/tr>\r\n<tr style=\"height: 24px;\">\r\n<td style=\"width: 100%; height: 24px;\"><span style=\"font-size: 12pt;\">Modelagem e Caracteriza\u00e7\u00e3o de Dispositivos Semicondutores<\/span><\/td>\r\n<\/tr>\r\n<tr style=\"height: 24px;\">\r\n<td style=\"width: 100%; height: 24px;\"><span style=\"font-size: 12pt;\">Projeto de Sistemas em Chip<\/span><\/td>\r\n<\/tr>\r\n<tr style=\"height: 24px;\">\r\n<td style=\"width: 100%; height: 24px;\"><span style=\"font-size: 12pt;\">Teste e Verifica\u00e7\u00e3o<\/span><\/td>\r\n<\/tr>\r\n<tr style=\"height: 24px;\">\r\n<td style=\"width: 100%; height: 24px;\"><span style=\"font-size: 12pt;\">Processamento Digital de Sinais Visuais<\/span><\/td>\r\n<\/tr>\r\n<\/tbody>\r\n<\/table>\r\n<p>&nbsp;<\/p>\r\n<h5 style=\"text-align: center;\"><span style=\"font-size: 18pt;\"><a class=\"wp-block-button__link has-white-color has-text-color has-background\" style=\"background-color: #831d1c;\" href=\"https:\/\/cmt3.research.microsoft.com\/SIM2023\" target=\"_blank\" rel=\"noreferrer noopener\"><strong><span style=\"color: #ffffff;\">Submeter trabalho<\/span><\/strong><\/a><\/span><\/h5>\r\n<p>&nbsp;<\/p>\r\n<h3><a href=\"https:\/\/wp.ufpel.edu.br\/emicrosim2023\/files\/2023\/03\/CFP_SIM2023.pdf\" target=\"_blank\" rel=\"noopener\"><img loading=\"lazy\" decoding=\"async\" class=\"aligncenter wp-image-404\" src=\"https:\/\/wp.ufpel.edu.br\/emicrosim2023\/files\/2023\/03\/thumb-pdf-277x400.jpeg\" alt=\"\" width=\"138\" height=\"200\" srcset=\"https:\/\/wp.ufpel.edu.br\/emicrosim2023\/files\/2023\/03\/thumb-pdf-277x400.jpeg 277w, https:\/\/wp.ufpel.edu.br\/emicrosim2023\/files\/2023\/03\/thumb-pdf-708x1024.jpeg 708w, https:\/\/wp.ufpel.edu.br\/emicrosim2023\/files\/2023\/03\/thumb-pdf-768x1110.jpeg 768w, https:\/\/wp.ufpel.edu.br\/emicrosim2023\/files\/2023\/03\/thumb-pdf-1063x1536.jpeg 1063w, https:\/\/wp.ufpel.edu.br\/emicrosim2023\/files\/2023\/03\/thumb-pdf.jpeg 1107w\" sizes=\"auto, (max-width: 138px) 100vw, 138px\" \/><\/a><\/h3>\r\n<h3 style=\"text-align: center;\"><span style=\"font-size: 18pt;\"><strong><span style=\"color: #831d1c;\"><a style=\"color: #831d1c;\" href=\"https:\/\/wp.ufpel.edu.br\/emicrosim2023\/files\/2023\/03\/CFP_SIM2023.pdf\" target=\"_blank\" rel=\"noopener\">Chamada para Artigos (PDF)<\/a><\/span><\/strong><\/span><\/h3>\r\n<div><!-- \/wp:post-content -->\r\n\r\n<!-- wp:paragraph --> \u00a0<\/div>\r\n<div class=\"wp-block-buttons aligncenter\">\u00a0<\/div>\r\n<h3 style=\"text-align: center;\"><span style=\"font-size: 18pt; color: #6a009e;\"><a style=\"color: #6a009e;\" href=\"https:\/\/wp.ufpel.edu.br\/dpvsa2021\/files\/2021\/08\/DPVSA_CallForPosters.pdf\" target=\"_blank\" rel=\"noopener\"><strong><!-- \/wp:paragraph --> <\/strong><\/a><\/span><\/h3>\r\n<!-- wp:buttons {\"align\":\"center\"} -->\r\n<div class=\"wp-block-buttons aligncenter\"><!-- \/wp:buttons --><\/div>\r\n<!-- \/wp:buttons -->","protected":false},"excerpt":{"rendered":"<p>O 38\u00ba Simp\u00f3sio Sul de Microeletr\u00f4nica (SIM 2023) ser\u00e1 realizado no Instituto de Inform\u00e1tica da Universidade Federal do Rio Grande do Sul entre os dias 29 de maio e 02 de junho de 2023&#46;&#46;&#46;<\/p>\n","protected":false},"author":746,"featured_media":0,"parent":0,"menu_order":0,"comment_status":"closed","ping_status":"closed","template":"","meta":{"footnotes":""},"class_list":["post-64","page","type-page","status-publish","hentry"],"_links":{"self":[{"href":"https:\/\/wp.ufpel.edu.br\/emicrosim2023\/wp-json\/wp\/v2\/pages\/64","targetHints":{"allow":["GET"]}}],"collection":[{"href":"https:\/\/wp.ufpel.edu.br\/emicrosim2023\/wp-json\/wp\/v2\/pages"}],"about":[{"href":"https:\/\/wp.ufpel.edu.br\/emicrosim2023\/wp-json\/wp\/v2\/types\/page"}],"author":[{"embeddable":true,"href":"https:\/\/wp.ufpel.edu.br\/emicrosim2023\/wp-json\/wp\/v2\/users\/746"}],"replies":[{"embeddable":true,"href":"https:\/\/wp.ufpel.edu.br\/emicrosim2023\/wp-json\/wp\/v2\/comments?post=64"}],"version-history":[{"count":84,"href":"https:\/\/wp.ufpel.edu.br\/emicrosim2023\/wp-json\/wp\/v2\/pages\/64\/revisions"}],"predecessor-version":[{"id":545,"href":"https:\/\/wp.ufpel.edu.br\/emicrosim2023\/wp-json\/wp\/v2\/pages\/64\/revisions\/545"}],"wp:attachment":[{"href":"https:\/\/wp.ufpel.edu.br\/emicrosim2023\/wp-json\/wp\/v2\/media?parent=64"}],"curies":[{"name":"wp","href":"https:\/\/api.w.org\/{rel}","templated":true}]}}