{"id":560,"date":"2023-05-10T11:52:17","date_gmt":"2023-05-10T14:52:17","guid":{"rendered":"https:\/\/wp.ufpel.edu.br\/emicrosim2023\/?page_id=560"},"modified":"2023-05-25T11:27:28","modified_gmt":"2023-05-25T14:27:28","slug":"palestrante-rafael-neves","status":"publish","type":"page","link":"https:\/\/wp.ufpel.edu.br\/emicrosim2023\/palestrante-rafael-neves\/","title":{"rendered":"Palestrante &#8211; Rafael Neves"},"content":{"rendered":"<p style=\"text-align: center;\"><strong><span style=\"font-size: 24pt;\">Rafael Neves de Mello Oliveira<\/span><br \/>\n<\/strong><strong><span data-sheets-value=\"{&quot;1&quot;:2,&quot;2&quot;:&quot;Federal University of Paran\u00e1 (UFPR)&quot;}\" data-sheets-userformat=\"{&quot;2&quot;:513,&quot;3&quot;:{&quot;1&quot;:0},&quot;12&quot;:0}\">Chipus<\/span><\/strong><\/p>\n<p style=\"text-align: center;\"><img loading=\"lazy\" decoding=\"async\" class=\"alignnone wp-image-554\" src=\"https:\/\/wp.ufpel.edu.br\/emicrosim2023\/files\/2023\/05\/avatar_rafael-neves.png\" alt=\"\" width=\"200\" height=\"246\" \/><\/p>\n<h3 style=\"text-align: center;\"><span style=\"font-size: 18pt;\"><em><span data-sheets-value=\"{&quot;1&quot;:2,&quot;2&quot;:&quot;Basic Course: Medical Image Processing\\nProf. Lucas Ferrari de Oliveira (UFPR)&quot;}\" data-sheets-userformat=\"{&quot;2&quot;:3071,&quot;3&quot;:{&quot;1&quot;:0},&quot;4&quot;:{&quot;1&quot;:2,&quot;2&quot;:3963096},&quot;5&quot;:{&quot;1&quot;:[{&quot;1&quot;:2,&quot;2&quot;:0,&quot;5&quot;:{&quot;1&quot;:2,&quot;2&quot;:0}},{&quot;1&quot;:0,&quot;2&quot;:0,&quot;3&quot;:3},{&quot;1&quot;:1,&quot;2&quot;:0,&quot;4&quot;:1}]},&quot;6&quot;:{&quot;1&quot;:[{&quot;1&quot;:2,&quot;2&quot;:0,&quot;5&quot;:{&quot;1&quot;:2,&quot;2&quot;:0}},{&quot;1&quot;:0,&quot;2&quot;:0,&quot;3&quot;:3},{&quot;1&quot;:1,&quot;2&quot;:0,&quot;4&quot;:1}]},&quot;7&quot;:{&quot;1&quot;:[{&quot;1&quot;:2,&quot;2&quot;:0,&quot;5&quot;:{&quot;1&quot;:2,&quot;2&quot;:0}},{&quot;1&quot;:0,&quot;2&quot;:0,&quot;3&quot;:3},{&quot;1&quot;:1,&quot;2&quot;:0,&quot;4&quot;:1}]},&quot;8&quot;:{&quot;1&quot;:[{&quot;1&quot;:2,&quot;2&quot;:0,&quot;5&quot;:{&quot;1&quot;:2,&quot;2&quot;:0}},{&quot;1&quot;:0,&quot;2&quot;:0,&quot;3&quot;:3},{&quot;1&quot;:1,&quot;2&quot;:0,&quot;4&quot;:1}]},&quot;9&quot;:1,&quot;10&quot;:1,&quot;11&quot;:4,&quot;12&quot;:0,&quot;14&quot;:{&quot;1&quot;:3,&quot;3&quot;:2}}\" data-sheets-textstyleruns=\"{&quot;1&quot;:0,&quot;2&quot;:{&quot;2&quot;:{&quot;1&quot;:2,&quot;2&quot;:16777215},&quot;5&quot;:1}}\uee10{&quot;1&quot;:38,&quot;2&quot;:{&quot;2&quot;:{&quot;1&quot;:2,&quot;2&quot;:16777215}}}\">Projeto de Circuitos e a Ind\u00fastria de Semicondutores<\/span><\/em><\/span><\/h3>\n<p style=\"text-align: center;\">Short Talk<\/p>\n<p style=\"text-align: center;\">Data: 01\/06 &#8211; 10:40<\/p>\n<p style=\"text-align: center;\">Chair: Sergio Bampi<\/p>\n<p>&nbsp;<\/p>\n<p><span style=\"font-size: 14pt;\"><strong>Abstract<\/strong><\/span><\/p>\n<p style=\"padding-left: 40px; text-align: justify;\">Esta palestra apresenta um panorama atual da ind\u00fastria de semicondutores no Brasil e no mundo. Al\u00e9m disso, apresenta os principais conceitos relacionados \u00e0 fabrica\u00e7\u00e3o de Circuitos Integrados e \u00e0s ferramentas de EDA, tanto open-source quanto propriet\u00e1rias, que s\u00e3o empregadas no Fluxo de Projetos de Circuitos Integrados. Por fim, s\u00e3o expostas, de forma simplificada, as etapas do fluxo de projetos de circuitos digitais, desde a descri\u00e7\u00e3o em alto n\u00edvel (RTL) at\u00e9 a etapa de layout (GDS).<\/p>\n<p><span style=\"font-size: 14pt;\"><strong>Biography<\/strong><\/span><\/p>\n<p style=\"text-align: justify; padding-left: 40px;\">I have a technical background in Electroelectronics from SENAI-SP (2012) with 2 years of experience working with frequency inverters. I am currently a bachelor&#8217;s student in Computer Science from Federal University of Santa Catarina (UFSC). I am also a member of the Embedded Computing Laboratory (ECL). Since 2018, I have been conducting research in the areas of microelectronics and nanotechnology with a primary focus on mitigating the effects of variability and failures by radiation effects. Also, I have a background on digital IC design of soft IPs using Cadence, Synopsys, and Mentor EDA tools.<\/p>\n","protected":false},"excerpt":{"rendered":"<p>Rafael Neves de Mello Oliveira Chipus Projeto de Circuitos e a Ind\u00fastria de Semicondutores Short Talk Data: 01\/06 &#8211; 10:40 Chair: Sergio Bampi &nbsp; Abstract Esta palestra apresenta um panorama atual da ind\u00fastria de&#46;&#46;&#46;<\/p>\n","protected":false},"author":746,"featured_media":0,"parent":0,"menu_order":0,"comment_status":"closed","ping_status":"closed","template":"","meta":{"footnotes":""},"class_list":["post-560","page","type-page","status-publish","hentry"],"_links":{"self":[{"href":"https:\/\/wp.ufpel.edu.br\/emicrosim2023\/wp-json\/wp\/v2\/pages\/560","targetHints":{"allow":["GET"]}}],"collection":[{"href":"https:\/\/wp.ufpel.edu.br\/emicrosim2023\/wp-json\/wp\/v2\/pages"}],"about":[{"href":"https:\/\/wp.ufpel.edu.br\/emicrosim2023\/wp-json\/wp\/v2\/types\/page"}],"author":[{"embeddable":true,"href":"https:\/\/wp.ufpel.edu.br\/emicrosim2023\/wp-json\/wp\/v2\/users\/746"}],"replies":[{"embeddable":true,"href":"https:\/\/wp.ufpel.edu.br\/emicrosim2023\/wp-json\/wp\/v2\/comments?post=560"}],"version-history":[{"count":6,"href":"https:\/\/wp.ufpel.edu.br\/emicrosim2023\/wp-json\/wp\/v2\/pages\/560\/revisions"}],"predecessor-version":[{"id":774,"href":"https:\/\/wp.ufpel.edu.br\/emicrosim2023\/wp-json\/wp\/v2\/pages\/560\/revisions\/774"}],"wp:attachment":[{"href":"https:\/\/wp.ufpel.edu.br\/emicrosim2023\/wp-json\/wp\/v2\/media?parent=560"}],"curies":[{"name":"wp","href":"https:\/\/api.w.org\/{rel}","templated":true}]}}