{"id":339,"date":"1969-12-31T21:00:00","date_gmt":"1970-01-01T00:00:00","guid":{"rendered":"https:\/\/wp.ufpel.edu.br\/emicrosim2023\/?page_id=339"},"modified":"2023-05-29T10:22:04","modified_gmt":"2023-05-29T13:22:04","slug":"palestrantes","status":"publish","type":"page","link":"https:\/\/wp.ufpel.edu.br\/emicrosim2023\/palestrantes\/","title":{"rendered":"Palestrantes"},"content":{"rendered":"<p>&nbsp;<\/p>\n<table class=\"aligncenter\" style=\"width: 100%; border-collapse: collapse;\" border=\"1\">\n<tbody>\n<tr style=\"height: 244px;\">\n<td style=\"width: 47.4258%; height: 244px;\">\n<p style=\"text-align: left; padding-left: 40px;\"><img loading=\"lazy\" decoding=\"async\" class=\"alignleft wp-image-508\" src=\"https:\/\/wp.ufpel.edu.br\/emicrosim2023\/files\/2023\/04\/avatar_henri-boudinov.png\" alt=\"\" width=\"150\" height=\"185\" \/><\/p>\n<p style=\"text-align: left;\"><strong><a href=\"https:\/\/wp.ufpel.edu.br\/emicrosim2023\/palestrante-henri-boudinov\/\" target=\"_blank\" rel=\"noopener\"><span style=\"font-size: 18.6667px;\">Henri Boudinov<\/span><\/a> <\/strong>(<span data-sheets-value=\"{&quot;1&quot;:2,&quot;2&quot;:&quot;Federal University of Paran\u00e1 (UFPR)&quot;}\" data-sheets-userformat=\"{&quot;2&quot;:513,&quot;3&quot;:{&quot;1&quot;:0},&quot;12&quot;:0}\">UFRGS)<\/span><\/p>\n<p style=\"text-align: left;\">Palestra: <strong>Fabrica\u00e7\u00e3o de Circuitos Integrados<\/strong><\/p>\n<p style=\"text-align: left;\">Basic<\/p>\n<p style=\"text-align: left;\">Data: 29\/05 &#8211; 13:30<\/p>\n<p>&nbsp;<\/td>\n<td style=\"width: 80.0579%; height: 244px;\">\n<p style=\"padding-left: 40px; text-align: left;\"><img loading=\"lazy\" decoding=\"async\" class=\"wp-image-506 alignleft\" src=\"https:\/\/wp.ufpel.edu.br\/emicrosim2023\/files\/2023\/04\/avatar_alessandro-girardi.png\" alt=\"\" width=\"160\" height=\"197\" \/><\/p>\n<p style=\"text-align: left;\"><a href=\"https:\/\/wp.ufpel.edu.br\/emicrosim2023\/palestrante-alessandro-girardi\/\" target=\"_blank\" rel=\"noopener\"><strong><span style=\"font-size: 14pt;\">Alessandro Girardi<\/span><\/strong><\/a> (UniPampa)<\/p>\n<p style=\"text-align: left;\">Palestra: <strong>DC-DC Converters for IoT Batteryless Devices<\/strong><\/p>\n<p style=\"text-align: left;\">Advanced<\/p>\n<p style=\"text-align: left;\">Data: 01\/06 &#8211; 13:30<\/p>\n<\/td>\n<\/tr>\n<tr style=\"height: 244px;\">\n<td style=\"width: 47.4258%; height: 244px;\">\n<p style=\"text-align: left; padding-left: 40px;\"><img loading=\"lazy\" decoding=\"async\" class=\"wp-image-504 alignleft\" src=\"https:\/\/wp.ufpel.edu.br\/emicrosim2023\/files\/2023\/04\/avatar_paulo_aguirre.png\" alt=\"\" width=\"160\" height=\"197\" \/><\/p>\n<p style=\"text-align: left;\"><strong><a href=\"https:\/\/wp.ufpel.edu.br\/emicrosim2023\/palestrante-paulo-aguirre\/\" target=\"_blank\" rel=\"noopener\"><span style=\"font-size: 18.6667px;\">Paulo Aguirre<\/span><\/a> <\/strong>(<span data-sheets-value=\"{&quot;1&quot;:2,&quot;2&quot;:&quot;Sul-rio-grandense Federal Institute (IFSul)&quot;}\" data-sheets-userformat=\"{&quot;2&quot;:513,&quot;3&quot;:{&quot;1&quot;:0},&quot;12&quot;:0}\">UniPampa)<\/span><\/p>\n<p style=\"text-align: left;\">Palestra: <strong>Curso B\u00e1sico de Circuitos Integrados Anal\u00f3gicos<\/strong><\/p>\n<p style=\"text-align: left;\">Basic<\/p>\n<p style=\"text-align: left;\">Data: 30\/05 &#8211; 13:30<\/p>\n<p style=\"text-align: left;\">Chair: Tiago Weber<\/p>\n<\/td>\n<td style=\"width: 80.0579%; height: 244px;\">\n<p style=\"text-align: left; padding-left: 40px;\"><img loading=\"lazy\" decoding=\"async\" class=\"wp-image-503 alignleft\" src=\"https:\/\/wp.ufpel.edu.br\/emicrosim2023\/files\/2023\/04\/avatar_luis-henrique-Lolis.png\" alt=\"\" width=\"160\" height=\"197\" \/><\/p>\n<p style=\"padding-left: 40px; text-align: left;\"><strong><a href=\"https:\/\/wp.ufpel.edu.br\/emicrosim2023\/palestrante-luis-henrique-lolis\/\" target=\"_blank\" rel=\"noopener\"><span style=\"font-size: 18.6667px;\">Luis Henrique Assump\u00e7\u00e3o Lolis<\/span><\/a> <\/strong><span data-sheets-value=\"{&quot;1&quot;:2,&quot;2&quot;:&quot;Friedrich-Alexander University Erlangen-N\u00fcrnberg, Chair of Multimedia Communications and Signal Processing&quot;}\" data-sheets-userformat=\"{&quot;2&quot;:577,&quot;3&quot;:{&quot;1&quot;:0},&quot;9&quot;:0,&quot;12&quot;:0}\">(UFPR)<\/span><\/p>\n<p style=\"padding-left: 40px; text-align: left;\">Palestra: <strong>T\u00e9cnicas de Aprendizado de M\u00e1quina Aplicadas \u00e0 R\u00e1dio Cognitivo<\/strong><\/p>\n<p style=\"text-align: left;\">Advanced<\/p>\n<p style=\"padding-left: 40px; text-align: left;\">Data: 02\/06 &#8211; 13:30<\/p>\n<p style=\"text-align: left;\">Chair: Sandro B. Ferreira<\/p>\n<\/td>\n<\/tr>\n<tr style=\"height: 244px;\">\n<td style=\"width: 47.4258%; height: 244px;\">\n<p style=\"text-align: left; padding-left: 40px;\"><strong><img loading=\"lazy\" decoding=\"async\" class=\"wp-image-502 alignleft\" src=\"https:\/\/wp.ufpel.edu.br\/emicrosim2023\/files\/2023\/04\/avatar_jose-luis-guntzel.png\" alt=\"\" width=\"160\" height=\"197\" \/><\/strong><\/p>\n<p style=\"text-align: left; padding-left: 40px;\"><strong><a href=\"https:\/\/wp.ufpel.edu.br\/emicrosim2023\/palestrante-jose-luis-guntzel\/\" target=\"_blank\" rel=\"noopener\"><span style=\"font-size: 18.6667px;\">Jos\u00e9 Luis G\u00fcntzel<\/span><\/a> <\/strong>(<span data-sheets-value=\"{&quot;1&quot;:2,&quot;2&quot;:&quot;Institute of Informatics, Federal University of Rio Grande do Sul (UFRGS)&quot;}\" data-sheets-userformat=\"{&quot;2&quot;:513,&quot;3&quot;:{&quot;1&quot;:0},&quot;12&quot;:0}\">UFSC)<\/span><\/p>\n<p style=\"text-align: left; padding-left: 40px;\">Palestra: <strong>Introduction to Chip Design Automation (EDA)<\/strong><\/p>\n<p style=\"text-align: left;\">Basic<\/p>\n<p style=\"text-align: left; padding-left: 40px;\">Data: 30\/05 &#8211; 08:30<\/p>\n<p style=\"text-align: left;\">Chair: Mateus Grellert<\/p>\n<\/td>\n<td style=\"width: 80.0579%; height: 244px;\">\n<p style=\"text-align: left; padding-left: 40px;\"><img loading=\"lazy\" decoding=\"async\" class=\"alignleft wp-image-501\" src=\"https:\/\/wp.ufpel.edu.br\/emicrosim2023\/files\/2023\/04\/avatar_ivan-muller.png\" alt=\"\" width=\"160\" height=\"197\" \/><\/p>\n<p style=\"text-align: left; padding-left: 40px;\"><strong><a href=\"https:\/\/wp.ufpel.edu.br\/emicrosim2023\/palestrante-ivan-muller\/\" target=\"_blank\" rel=\"noopener\"><span style=\"font-size: 18.6667px;\">Ivan Muller<\/span><\/a> <\/strong>(UFRGS)<\/p>\n<p style=\"text-align: left; padding-left: 40px;\">Palestra: <strong>Eletr\u00f4nica de Comunica\u00e7\u00f5es para IoT<\/strong><\/p>\n<p style=\"text-align: left;\">Short Talk<\/p>\n<p style=\"text-align: left; padding-left: 40px;\">Data: 02\/06 &#8211; 10:30<\/p>\n<p style=\"text-align: left;\">Chair: Hamilton Klimach<\/p>\n<\/td>\n<\/tr>\n<tr>\n<td style=\"width: 47.4258%;\">\n<p style=\"text-align: left; padding-left: 40px;\"><img loading=\"lazy\" decoding=\"async\" class=\"wp-image-505 alignleft\" src=\"https:\/\/wp.ufpel.edu.br\/emicrosim2023\/files\/2023\/04\/avatr_Marcelo-Lubaszewski.png\" alt=\"\" width=\"160\" height=\"197\" \/><\/p>\n<p style=\"text-align: left; padding-left: 40px;\"><strong><a href=\"https:\/\/wp.ufpel.edu.br\/emicrosim2023\/palestrante-marcelo-lubaszewski\/\" target=\"_blank\" rel=\"noopener\"><span style=\"font-size: 18.6667px;\">Marcelo Lubaszewski<\/span><\/a> <\/strong>(UFRGS)<\/p>\n<p style=\"text-align: left; padding-left: 40px;\">Palestra: <strong>Teste e Projeto Visando o Teste de Circuitos Integrados<\/strong><\/p>\n<p style=\"text-align: left;\">Basic<\/p>\n<p style=\"text-align: left; padding-left: 40px;\">Data: 30\/05 &#8211; 15h30<\/p>\n<p style=\"text-align: left;\">Chair: Claudio Diniz<\/p>\n<p style=\"text-align: left; padding-left: 40px;\"><strong>\u00a0<\/strong><\/p>\n<\/td>\n<td style=\"width: 80.0579%;\">\n<p style=\"text-align: left; padding-left: 40px;\"><img loading=\"lazy\" decoding=\"async\" class=\"wp-image-507 alignleft\" src=\"https:\/\/wp.ufpel.edu.br\/emicrosim2023\/files\/2023\/04\/avatar_Fernanda-Kastensmidt.png\" alt=\"\" width=\"160\" height=\"197\" \/><\/p>\n<p style=\"text-align: left; padding-left: 40px;\"><strong><a href=\"https:\/\/wp.ufpel.edu.br\/emicrosim2023\/palestrante-fernanda-kastensmidt\/\" target=\"_blank\" rel=\"noopener\"><span style=\"font-size: 18.6667px;\">Fernanda Kastensmidt<\/span><\/a> <\/strong>(UFRGS)<\/p>\n<p style=\"text-align: left; padding-left: 40px;\">Palestra: <strong>Carga \u00fatil dos Sat\u00e9lites NanoSat BR (1 e 2)<\/strong><\/p>\n<p style=\"text-align: left;\">Advanced<\/p>\n<p style=\"text-align: left; padding-left: 40px;\">Data: 02\/06 &#8211; 15:30<\/p>\n<p style=\"text-align: left;\">Chair: Ney Calazans<\/p>\n<\/td>\n<\/tr>\n<tr>\n<td style=\"width: 47.4258%;\">\n<p style=\"text-align: left; padding-left: 40px;\"><img loading=\"lazy\" decoding=\"async\" class=\"wp-image-556 alignleft\" src=\"https:\/\/wp.ufpel.edu.br\/emicrosim2023\/files\/2023\/05\/avatar_beck-filho.png\" alt=\"\" width=\"160\" height=\"197\" \/><\/p>\n<p style=\"text-align: left; padding-left: 40px;\"><strong><a href=\"https:\/\/wp.ufpel.edu.br\/emicrosim2023\/palestrante-antonio-carlos-s-beck-filho\/\" target=\"_blank\" rel=\"noopener\"><span style=\"font-size: 18.6667px;\">Ant\u00f4nio Carlos S. Beck Filho<\/span><\/a>\u00a0<\/strong>(UFRGS)<\/p>\n<p style=\"text-align: left; padding-left: 40px;\">Palestra: <strong>Desafios na Otimiza\u00e7\u00e3o de Redes Neurais em FPGAs, da Borda \u00e0 Nuvem<\/strong><\/p>\n<p style=\"text-align: left;\">Advanced<\/p>\n<p style=\"text-align: left; padding-left: 40px;\">Data: 31\/05 &#8211; 13h30<\/p>\n<p style=\"text-align: left;\">Chair: Altamiro Susin<\/p>\n<\/td>\n<td style=\"width: 80.0579%;\">\n<p style=\"text-align: left; padding-left: 40px;\"><img loading=\"lazy\" decoding=\"async\" class=\"wp-image-554 alignleft\" src=\"https:\/\/wp.ufpel.edu.br\/emicrosim2023\/files\/2023\/05\/avatar_rafael-neves.png\" alt=\"\" width=\"160\" height=\"197\" \/><\/p>\n<p style=\"text-align: left; padding-left: 40px;\"><strong><a href=\"https:\/\/wp.ufpel.edu.br\/emicrosim2023\/palestrante-rafael-neves\/\" target=\"_blank\" rel=\"noopener\"><span style=\"font-size: 18.6667px;\">Rafael Neves<\/span><\/a>\u00a0<\/strong>(Chipus)<\/p>\n<p style=\"text-align: left; padding-left: 40px;\">Palestra: <strong>Projeto de Circuitos e a Ind\u00fastria de Semicondutores<\/strong><\/p>\n<p style=\"text-align: left;\">Short Talk<\/p>\n<p style=\"text-align: left; padding-left: 40px;\">Data: 01\/06 &#8211; 10:40<\/p>\n<p style=\"text-align: left;\">Chair: Sergio Bampi<\/p>\n<\/td>\n<\/tr>\n<tr>\n<td style=\"width: 47.4258%;\">\n<p style=\"text-align: left; padding-left: 40px;\"><img loading=\"lazy\" decoding=\"async\" class=\"wp-image-555 alignleft\" src=\"https:\/\/wp.ufpel.edu.br\/emicrosim2023\/files\/2023\/05\/avatar_ricardo-reis.png\" alt=\"\" width=\"160\" height=\"197\" \/><\/p>\n<p style=\"text-align: left; padding-left: 40px;\"><strong><a href=\"https:\/\/wp.ufpel.edu.br\/emicrosim2023\/palestrante-ricardo-reis\/\" target=\"_blank\" rel=\"noopener\"><span style=\"font-size: 18.6667px;\">Ricardo Reis<\/span><\/a>\u00a0<\/strong>(UFRGS)<\/p>\n<p style=\"text-align: left; padding-left: 40px;\">Palestra: <strong>Physical Design: From Past to Future<\/strong><\/p>\n<p style=\"text-align: left;\">Basic<\/p>\n<p style=\"text-align: left; padding-left: 40px;\">Data: 30\/05 &#8211; 10:30<\/p>\n<p style=\"text-align: left;\">Chair: Marcelo Johann<\/p>\n<\/td>\n<td style=\"width: 80.0579%;\">\n<p style=\"text-align: left; padding-left: 40px;\"><img loading=\"lazy\" decoding=\"async\" class=\"wp-image-583 alignleft\" src=\"https:\/\/wp.ufpel.edu.br\/emicrosim2023\/files\/2023\/05\/avatar_renato-ribas.png\" alt=\"\" width=\"160\" height=\"197\" \/><\/p>\n<p style=\"text-align: left; padding-left: 40px;\"><strong><a href=\"https:\/\/wp.ufpel.edu.br\/emicrosim2023\/palestrante-renato-ribas\/\" target=\"_blank\" rel=\"noopener\"><span style=\"font-size: 18.6667px;\">Renato Perez Ribas<\/span><\/a>\u00a0<\/strong>(UFRGS)<\/p>\n<p style=\"text-align: left; padding-left: 40px;\">Palestra: <strong>Reaproveitamento e Descarte de Res\u00edduos Eletr\u00f4nicos<\/strong><\/p>\n<p style=\"text-align: left;\">Short Talk<\/p>\n<p style=\"text-align: left; padding-left: 40px;\">Data: 30\/05 &#8211; 17:00<\/p>\n<\/td>\n<\/tr>\n<tr>\n<td style=\"width: 47.4258%;\">\n<p style=\"text-align: left; padding-left: 40px;\"><img loading=\"lazy\" decoding=\"async\" class=\"wp-image-708 alignleft\" src=\"https:\/\/wp.ufpel.edu.br\/emicrosim2023\/files\/2023\/05\/avatar_raphael-brum.png\" alt=\"\" width=\"160\" height=\"197\" \/><\/p>\n<p style=\"text-align: left; padding-left: 40px;\"><strong><a href=\"https:\/\/wp.ufpel.edu.br\/emicrosim2023\/palestrante-raphael-brum\/\" target=\"_blank\" rel=\"noopener\"><span style=\"font-size: 18.6667px;\">Raphael Brum<\/span><\/a>\u00a0<\/strong>(UFRGS)<\/p>\n<p style=\"text-align: left; padding-left: 40px;\">Palestra: <strong>Projeto Digital<\/strong><\/p>\n<p style=\"text-align: left;\">Basic<\/p>\n<p style=\"text-align: left; padding-left: 40px;\">Data: 29\/05 &#8211; 15:30<\/p>\n<p style=\"text-align: left;\">Chair: Rafael Schivittz<\/p>\n<\/td>\n<td style=\"width: 80.0579%;\">\n<p style=\"text-align: left; padding-left: 40px;\"><img loading=\"lazy\" decoding=\"async\" class=\"wp-image-707 alignleft\" src=\"https:\/\/wp.ufpel.edu.br\/emicrosim2023\/files\/2023\/05\/avatar_lucia-arruda.png\" alt=\"\" width=\"160\" height=\"197\" \/><\/p>\n<p style=\"text-align: left; padding-left: 40px;\"><strong><a href=\"https:\/\/wp.ufpel.edu.br\/emicrosim2023\/palestrante-lucia-valeria-arruda\/\" target=\"_blank\" rel=\"noopener\"><span style=\"font-size: 18.6667px;\">Luc\u00eda Val\u00e9ria Arruda<\/span><\/a>\u00a0<\/strong>(CAPES)<\/p>\n<p style=\"text-align: left; padding-left: 40px;\">Palestra: <strong>Avalia\u00e7\u00e3o da P\u00f3s-Gradua\u00e7\u00e3o na \u00c0rea de Engenahrias IV CAPES<\/strong><\/p>\n<p style=\"text-align: left;\">Short Talk<\/p>\n<p style=\"text-align: left; padding-left: 40px;\">Data: 31\/05 &#8211; 15:30<\/p>\n<p style=\"text-align: left;\">Chair: Cl\u00e1udio Radtke<\/p>\n<\/td>\n<\/tr>\n<tr>\n<td style=\"width: 47.4258%;\">\n<p style=\"text-align: left; padding-left: 40px;\"><img loading=\"lazy\" decoding=\"async\" class=\"wp-image-912 alignleft\" src=\"https:\/\/wp.ufpel.edu.br\/emicrosim2023\/files\/2023\/05\/avatar_rodrigo-wuerdig.png\" alt=\"\" width=\"160\" height=\"197\" \/><\/p>\n<p style=\"text-align: left; padding-left: 40px;\"><strong><a href=\"https:\/\/wp.ufpel.edu.br\/emicrosim2023\/palestrante-rodrigo-n-wuerdig\/\" target=\"_blank\" rel=\"noopener\"><span style=\"font-size: 18.6667px;\">Rodrigo N. Wuerdig<\/span><\/a>\u00a0<\/strong>(UFRGS)<\/p>\n<p style=\"text-align: left; padding-left: 40px;\">Palestra: Fa\u00e7a o Design do seu Pr\u00f3prio Chip com Ferramentas Open-Source<\/p>\n<p style=\"text-align: left;\">Hands-On<\/p>\n<p style=\"text-align: left; padding-left: 40px;\">Data: 01\/06 &#8211; 15:30<\/p>\n<p style=\"text-align: left;\">Chair: TBD<\/p>\n<\/td>\n<td style=\"width: 80.0579%;\">\n<p style=\"text-align: left; padding-left: 40px;\"><img loading=\"lazy\" decoding=\"async\" class=\"wp-image-706 alignleft\" src=\"https:\/\/wp.ufpel.edu.br\/emicrosim2023\/files\/2023\/05\/avatar_tiago-balen.png\" alt=\"\" width=\"160\" height=\"197\" \/><\/p>\n<p style=\"text-align: left; padding-left: 40px;\"><strong><a href=\"https:\/\/wp.ufpel.edu.br\/emicrosim2023\/palestrante-tiago-balen\/\" target=\"_blank\" rel=\"noopener\"><span style=\"font-size: 18.6667px;\">Tiago Balen<\/span><\/a>\u00a0<\/strong>(UFRGS)<\/p>\n<p style=\"text-align: left; padding-left: 40px;\">Palestra: <strong>PGMICRO: 20 Anos de Excel\u00eancia na Forma\u00e7\u00e3o de RH para Microeletr\u00f4nica<\/strong><\/p>\n<p style=\"text-align: left;\">Sess\u00e3o Especial &#8211; Data: 31\/05 &#8211; 16:15<\/p>\n<p style=\"text-align: left;\">Convidado especial: <strong><a href=\"https:\/\/wp.ufpel.edu.br\/emicrosim2023\/julio-barcellos\/\">J\u00falio Ot\u00e1vio Jardim Barcellos<\/a><\/strong><\/p>\n<p style=\"text-align: left;\">Chair: Cl\u00e1udio Radtke<\/p>\n<p>&nbsp;<\/td>\n<\/tr>\n<tr>\n<td style=\"width: 47.4258%;\">\n<p style=\"text-align: left; padding-left: 40px;\"><img loading=\"lazy\" decoding=\"async\" class=\"wp-image-911 alignleft\" src=\"https:\/\/wp.ufpel.edu.br\/emicrosim2023\/files\/2023\/05\/avatar_julio-barcellos.png\" alt=\"\" width=\"160\" height=\"197\" \/><\/p>\n<p style=\"text-align: left; padding-left: 40px;\"><strong><a href=\"https:\/\/wp.ufpel.edu.br\/emicrosim2023\/julio-barcellos\/\" target=\"_blank\" rel=\"noopener\"><span style=\"font-size: 18.6667px;\">J\u00falio Ot\u00e1vio Jardim Barcellos<\/span><\/a> (Convidado)<\/strong><br \/>\nPr\u00f3-Reitor de P\u00f3s-Gradua\u00e7\u00e3o (UFRGS)<\/p>\n<p style=\"text-align: left; padding-left: 40px;\">Palestra: <strong>PGMICRO: 20 Anos de Excel\u00eancia na Forma\u00e7\u00e3o de RH para Microeletr\u00f4nica<\/strong><\/p>\n<p style=\"text-align: left;\">Sess\u00e3o Especial &#8211; Data: 31\/05 &#8211; 16:15<\/p>\n<p style=\"text-align: left;\">Chair: Cl\u00e1udio Radtke<\/p>\n<p style=\"text-align: left; padding-left: 40px;\">\n<\/td>\n<td style=\"width: 80.0579%;\">\n<p style=\"text-align: left;\">\n<\/td>\n<\/tr>\n<\/tbody>\n<\/table>\n<p>&nbsp;<\/p>\n<table style=\"width: 100%; border-collapse: collapse;\" border=\"0\">\n<tbody>\n<tr style=\"height: 279px; background: #ecdcdc;\">\n<td style=\"width: 25%; height: 279px;\">&nbsp;<\/p>\n<p style=\"text-align: center;\"><strong><a href=\"https:\/\/wp.ufpel.edu.br\/emicrosim2023\/palestrante-sergio-bampi\/\" target=\"_blank\" rel=\"noopener\"><span style=\"font-size: 18.6667px;\">Sergio Bampi<\/span><\/a><br \/>\n<\/strong>(UFRGS) &#8211; Moderador<\/p>\n<p style=\"text-align: center;\"><img loading=\"lazy\" decoding=\"async\" class=\"alignnone wp-image-722\" src=\"https:\/\/wp.ufpel.edu.br\/emicrosim2023\/files\/2023\/05\/avatar_sergio-bampi.png\" alt=\"\" width=\"160\" height=\"197\" \/><\/p>\n<\/td>\n<td style=\"width: 25%; height: 279px;\">&nbsp;<\/p>\n<p style=\"text-align: center;\"><strong><a href=\"https:\/\/wp.ufpel.edu.br\/emicrosim2023\/palestrante-julio-leao\/\" target=\"_blank\" rel=\"noopener\"><span style=\"font-size: 18.6667px;\">Julio Le\u00e3o<\/span><\/a><br \/>\n<\/strong>(EnS\u00edlica)<\/p>\n<p style=\"text-align: center;\"><img loading=\"lazy\" decoding=\"async\" class=\"alignnone wp-image-723\" src=\"https:\/\/wp.ufpel.edu.br\/emicrosim2023\/files\/2023\/05\/avatar_julio-leao.png\" alt=\"\" width=\"160\" height=\"197\" \/><\/p>\n<\/td>\n<td style=\"width: 25%; height: 279px;\">&nbsp;<\/p>\n<p style=\"text-align: center;\"><strong><a href=\"https:\/\/wp.ufpel.edu.br\/emicrosim2023\/palestrante-rosana-casais\/\" target=\"_blank\" rel=\"noopener\"><span style=\"font-size: 18.6667px;\">Rosana Casais<\/span><\/a><br \/>\n<\/strong>(ABISEMI)<\/p>\n<p style=\"text-align: center;\"><img loading=\"lazy\" decoding=\"async\" class=\"alignnone wp-image-721\" src=\"https:\/\/wp.ufpel.edu.br\/emicrosim2023\/files\/2023\/05\/avatar_rosana-casais.png\" alt=\"\" width=\"160\" height=\"197\" \/><\/p>\n<\/td>\n<td style=\"width: 25%; height: 279px;\">&nbsp;<\/p>\n<p style=\"text-align: center;\"><strong><a href=\"https:\/\/wp.ufpel.edu.br\/emicrosim2023\/palestrante-augusto-cesar-gadelha-vieira\/\" target=\"_blank\" rel=\"noopener\"><span style=\"font-size: 18.6667px;\">Augusto Cesar Gadelha Vieira<\/span><\/a><br \/>\n<\/strong>(CEITEC S.A.)<\/p>\n<p style=\"text-align: center;\"><img loading=\"lazy\" decoding=\"async\" class=\"alignnone wp-image-910\" src=\"https:\/\/wp.ufpel.edu.br\/emicrosim2023\/files\/2023\/05\/avatar_augusto-vieira.png\" alt=\"\" width=\"160\" height=\"197\" \/><\/p>\n<\/td>\n<\/tr>\n<tr style=\"height: 224px; background: #ecdcdc;\">\n<td style=\"width: 33.3333%; height: 145px;\" colspan=\"4\">\n<p style=\"padding-left: 40px; text-align: center;\"><span style=\"font-size: 24pt;\">Painel: <strong>Mercado e Guerra de Chips &#8211; Janela para o Futuro<\/strong><\/span><\/p>\n<p style=\"text-align: center;\"><span style=\"font-size: 24pt;\">Painel &#8211; Data: 01\/06 &#8211; 17:00<\/span><\/p>\n<\/td>\n<\/tr>\n<\/tbody>\n<\/table>\n<p>&nbsp;<\/p>\n","protected":false},"excerpt":{"rendered":"<p>&nbsp; Henri Boudinov (UFRGS) Palestra: Fabrica\u00e7\u00e3o de Circuitos Integrados Basic Data: 29\/05 &#8211; 13:30 &nbsp; Alessandro Girardi (UniPampa) Palestra: DC-DC Converters for IoT Batteryless Devices Advanced Data: 01\/06 &#8211; 13:30 Paulo Aguirre (UniPampa) Palestra:&#46;&#46;&#46;<\/p>\n","protected":false},"author":746,"featured_media":0,"parent":0,"menu_order":0,"comment_status":"closed","ping_status":"closed","template":"","meta":{"footnotes":""},"class_list":["post-339","page","type-page","status-publish","hentry"],"_links":{"self":[{"href":"https:\/\/wp.ufpel.edu.br\/emicrosim2023\/wp-json\/wp\/v2\/pages\/339","targetHints":{"allow":["GET"]}}],"collection":[{"href":"https:\/\/wp.ufpel.edu.br\/emicrosim2023\/wp-json\/wp\/v2\/pages"}],"about":[{"href":"https:\/\/wp.ufpel.edu.br\/emicrosim2023\/wp-json\/wp\/v2\/types\/page"}],"author":[{"embeddable":true,"href":"https:\/\/wp.ufpel.edu.br\/emicrosim2023\/wp-json\/wp\/v2\/users\/746"}],"replies":[{"embeddable":true,"href":"https:\/\/wp.ufpel.edu.br\/emicrosim2023\/wp-json\/wp\/v2\/comments?post=339"}],"version-history":[{"count":49,"href":"https:\/\/wp.ufpel.edu.br\/emicrosim2023\/wp-json\/wp\/v2\/pages\/339\/revisions"}],"predecessor-version":[{"id":932,"href":"https:\/\/wp.ufpel.edu.br\/emicrosim2023\/wp-json\/wp\/v2\/pages\/339\/revisions\/932"}],"wp:attachment":[{"href":"https:\/\/wp.ufpel.edu.br\/emicrosim2023\/wp-json\/wp\/v2\/media?parent=339"}],"curies":[{"name":"wp","href":"https:\/\/api.w.org\/{rel}","templated":true}]}}