{"id":118,"date":"2022-10-03T16:38:00","date_gmt":"2022-10-03T19:38:00","guid":{"rendered":"https:\/\/wp.ufpel.edu.br\/dpvsa2022\/?page_id=118"},"modified":"2023-05-25T11:16:39","modified_gmt":"2023-05-25T14:16:39","slug":"palestrante-henri-boudinov","status":"publish","type":"page","link":"https:\/\/wp.ufpel.edu.br\/emicrosim2023\/palestrante-henri-boudinov\/","title":{"rendered":"Palestrante &#8211; Henri Boudinov"},"content":{"rendered":"<p style=\"text-align: center;\"><strong><span style=\"font-size: 24pt;\">Henri Boudinov<\/span><br \/>\n<\/strong><strong><span data-sheets-value=\"{&quot;1&quot;:2,&quot;2&quot;:&quot;Federal University of Paran\u00e1 (UFPR)&quot;}\" data-sheets-userformat=\"{&quot;2&quot;:513,&quot;3&quot;:{&quot;1&quot;:0},&quot;12&quot;:0}\">UFRGS<\/span><\/strong><\/p>\n<p style=\"text-align: center;\"><img loading=\"lazy\" decoding=\"async\" class=\"alignnone wp-image-508\" src=\"https:\/\/wp.ufpel.edu.br\/emicrosim2023\/files\/2023\/04\/avatar_henri-boudinov.png\" alt=\"\" width=\"200\" height=\"246\" \/><\/p>\n<h3 style=\"text-align: center;\"><span style=\"font-size: 18pt;\"><em><span data-sheets-value=\"{&quot;1&quot;:2,&quot;2&quot;:&quot;Basic Course: Medical Image Processing\\nProf. Lucas Ferrari de Oliveira (UFPR)&quot;}\" data-sheets-userformat=\"{&quot;2&quot;:3071,&quot;3&quot;:{&quot;1&quot;:0},&quot;4&quot;:{&quot;1&quot;:2,&quot;2&quot;:3963096},&quot;5&quot;:{&quot;1&quot;:[{&quot;1&quot;:2,&quot;2&quot;:0,&quot;5&quot;:{&quot;1&quot;:2,&quot;2&quot;:0}},{&quot;1&quot;:0,&quot;2&quot;:0,&quot;3&quot;:3},{&quot;1&quot;:1,&quot;2&quot;:0,&quot;4&quot;:1}]},&quot;6&quot;:{&quot;1&quot;:[{&quot;1&quot;:2,&quot;2&quot;:0,&quot;5&quot;:{&quot;1&quot;:2,&quot;2&quot;:0}},{&quot;1&quot;:0,&quot;2&quot;:0,&quot;3&quot;:3},{&quot;1&quot;:1,&quot;2&quot;:0,&quot;4&quot;:1}]},&quot;7&quot;:{&quot;1&quot;:[{&quot;1&quot;:2,&quot;2&quot;:0,&quot;5&quot;:{&quot;1&quot;:2,&quot;2&quot;:0}},{&quot;1&quot;:0,&quot;2&quot;:0,&quot;3&quot;:3},{&quot;1&quot;:1,&quot;2&quot;:0,&quot;4&quot;:1}]},&quot;8&quot;:{&quot;1&quot;:[{&quot;1&quot;:2,&quot;2&quot;:0,&quot;5&quot;:{&quot;1&quot;:2,&quot;2&quot;:0}},{&quot;1&quot;:0,&quot;2&quot;:0,&quot;3&quot;:3},{&quot;1&quot;:1,&quot;2&quot;:0,&quot;4&quot;:1}]},&quot;9&quot;:1,&quot;10&quot;:1,&quot;11&quot;:4,&quot;12&quot;:0,&quot;14&quot;:{&quot;1&quot;:3,&quot;3&quot;:2}}\" data-sheets-textstyleruns=\"{&quot;1&quot;:0,&quot;2&quot;:{&quot;2&quot;:{&quot;1&quot;:2,&quot;2&quot;:16777215},&quot;5&quot;:1}}\uee10{&quot;1&quot;:38,&quot;2&quot;:{&quot;2&quot;:{&quot;1&quot;:2,&quot;2&quot;:16777215}}}\">Fabrica\u00e7\u00e3o de Circuitos Integrados<\/span><\/em><\/span><\/h3>\n<p style=\"text-align: center;\">Basic<\/p>\n<p style=\"text-align: center;\">Data: 29\/05 &#8211; 13:30<\/p>\n<p>&nbsp;<\/p>\n<p><span style=\"font-size: 14pt;\"><strong>Abstract<\/strong><\/span><\/p>\n<p style=\"padding-left: 40px; text-align: justify;\">Breve resumo da hist\u00f3ria da tecnologia MOS mundial, infraestrutura e tecnologias desenvolvidas no Laborat\u00f3rio de Microeletr\u00f4nica do Instituto de F\u00edsica da UFRGS.<\/p>\n<p><span style=\"font-size: 14pt;\"><strong>Biography<\/strong><\/span><\/p>\n<p style=\"text-align: justify; padding-left: 40px;\">Graduado em F\u00edsica &#8211; Departamento de F\u00edsica Universidade Estadual de S\u00f3fia (1982), M\u00e9stre em F\u00edsica &#8211; Departamento de F\u00edsica Universidade Estadual de S\u00f3fia (1983) e Doutor em F\u00edsica pelo Instituto de Eletr\u00f4nica Academia das Ci\u00eancias Bulg\u00e1ria (1991). Atualmente \u00e9 professor titular do Instituto de F\u00edsica da Universidade Federal do Rio Grande do Sul. Tem experi\u00eancia na \u00e1rea de Modifica\u00e7\u00e3o de materiais com feixes de \u00edons, com \u00eanfase em semicondutores e tecnologias de Microeletr\u00f4nica. Interesses cient\u00edficos: F\u00edsica de dispositivos semicondutores. Processos tecnol\u00f3gicos. Defeitos em semicondutores criados durante o processamento. S\u00edntese de novos materiais eletr\u00f4nicos. Medidas el\u00e9tricas em micro e nano-estruturas. Materiais e dispositivos org\u00e2nicos.<\/p>\n","protected":false},"excerpt":{"rendered":"<p>Henri Boudinov UFRGS Fabrica\u00e7\u00e3o de Circuitos Integrados Basic Data: 29\/05 &#8211; 13:30 &nbsp; Abstract Breve resumo da hist\u00f3ria da tecnologia MOS mundial, infraestrutura e tecnologias desenvolvidas no Laborat\u00f3rio de Microeletr\u00f4nica do Instituto de F\u00edsica&#46;&#46;&#46;<\/p>\n","protected":false},"author":746,"featured_media":0,"parent":0,"menu_order":0,"comment_status":"closed","ping_status":"closed","template":"","meta":{"footnotes":""},"class_list":["post-118","page","type-page","status-publish","hentry"],"_links":{"self":[{"href":"https:\/\/wp.ufpel.edu.br\/emicrosim2023\/wp-json\/wp\/v2\/pages\/118","targetHints":{"allow":["GET"]}}],"collection":[{"href":"https:\/\/wp.ufpel.edu.br\/emicrosim2023\/wp-json\/wp\/v2\/pages"}],"about":[{"href":"https:\/\/wp.ufpel.edu.br\/emicrosim2023\/wp-json\/wp\/v2\/types\/page"}],"author":[{"embeddable":true,"href":"https:\/\/wp.ufpel.edu.br\/emicrosim2023\/wp-json\/wp\/v2\/users\/746"}],"replies":[{"embeddable":true,"href":"https:\/\/wp.ufpel.edu.br\/emicrosim2023\/wp-json\/wp\/v2\/comments?post=118"}],"version-history":[{"count":7,"href":"https:\/\/wp.ufpel.edu.br\/emicrosim2023\/wp-json\/wp\/v2\/pages\/118\/revisions"}],"predecessor-version":[{"id":759,"href":"https:\/\/wp.ufpel.edu.br\/emicrosim2023\/wp-json\/wp\/v2\/pages\/118\/revisions\/759"}],"wp:attachment":[{"href":"https:\/\/wp.ufpel.edu.br\/emicrosim2023\/wp-json\/wp\/v2\/media?parent=118"}],"curies":[{"name":"wp","href":"https:\/\/api.w.org\/{rel}","templated":true}]}}