{"id":12,"date":"2019-07-29T15:29:52","date_gmt":"2019-07-29T18:29:52","guid":{"rendered":"https:\/\/wp.ufpel.edu.br\/elasnaciencia\/?page_id=12"},"modified":"2019-09-23T22:39:01","modified_gmt":"2019-09-24T01:39:01","slug":"conferencistas","status":"publish","type":"page","link":"https:\/\/wp.ufpel.edu.br\/elasnaciencia\/conferencistas\/","title":{"rendered":"Conferencistas confirmadas(os)"},"content":{"rendered":"<p><a href=\"https:\/\/wp.ufpel.edu.br\/elasnaciencia\/files\/2019\/08\/cristina-nogueira_.jpg\"><img loading=\"lazy\" decoding=\"async\" class=\"alignleft size-thumbnail wp-image-103\" src=\"https:\/\/wp.ufpel.edu.br\/elasnaciencia\/files\/2019\/08\/cristina-nogueira_-200x200.jpg\" alt=\"\" width=\"200\" height=\"200\" srcset=\"https:\/\/wp.ufpel.edu.br\/elasnaciencia\/files\/2019\/08\/cristina-nogueira_-200x200.jpg 200w, https:\/\/wp.ufpel.edu.br\/elasnaciencia\/files\/2019\/08\/cristina-nogueira_-280x280.jpg 280w, https:\/\/wp.ufpel.edu.br\/elasnaciencia\/files\/2019\/08\/cristina-nogueira_-100x100.jpg 100w\" sizes=\"auto, (max-width: 200px) 100vw, 200px\" \/><\/a>Prof.\u00aa Dr.\u00aa Cristina Nogueira (UFSM).<\/p>\n<p style=\"text-align: justify\">Possui gradua\u00e7\u00e3o em Farm\u00e1cia pela Universidade Federal de Santa Maria (1988) e doutorado em Ci\u00eancias Biol\u00f3gicas (Bioquimica) pela Universidade Federal do Rio Grande do Sul (2000). Foi membro do Comit\u00ea Assessor de Ci\u00eancias Biol\u00f3gicas da FAPERGS de 2006 at\u00e9 julho de 2011, tendo sido coordenadora deste Comit\u00ea Assessor de setembro de 2007 at\u00e9 julho de 2011. Tem experi\u00eancia na \u00e1rea de Bioqu\u00edmica, com \u00eanfase em Bioquimica Toxicol\u00f3gica, atuando principalmente nos seguintes temas: toxicidade e farmacologia de organocalcog\u00eanios, estresse oxidativo, inibi\u00e7\u00e3o de enzimas sulfidrilicas\u00a0 e antioxidantes. Foi agraciada com o Pr\u00eamio Scopus Brasil\/ 2010, Medalha do Cinquenten\u00e1rio da UFSM\/2010, Pr\u00eamio Pesquisador Destaque UFSM 2017, Pr\u00eamio Pesquisador Ga\u00facho Destaque em Ci\u00eancias Biol\u00f3gicas\/ 2017. Atualmente \u00e9 professora associada da Universidade Federal de Santa Maria. <a href=\"http:\/\/lattes.cnpq.br\/2877042401245169\">Curr\u00edculo Lattes<\/a><\/p>\n<p style=\"text-align: justify\"><a href=\"https:\/\/wp.ufpel.edu.br\/elasnaciencia\/files\/2019\/09\/ProfEliana.jpg\"><img loading=\"lazy\" decoding=\"async\" class=\"alignleft size-thumbnail wp-image-218\" src=\"https:\/\/wp.ufpel.edu.br\/elasnaciencia\/files\/2019\/09\/ProfEliana-200x200.jpg\" alt=\"\" width=\"200\" height=\"200\" srcset=\"https:\/\/wp.ufpel.edu.br\/elasnaciencia\/files\/2019\/09\/ProfEliana-200x200.jpg 200w, https:\/\/wp.ufpel.edu.br\/elasnaciencia\/files\/2019\/09\/ProfEliana-280x280.jpg 280w, https:\/\/wp.ufpel.edu.br\/elasnaciencia\/files\/2019\/09\/ProfEliana-100x100.jpg 100w\" sizes=\"auto, (max-width: 200px) 100vw, 200px\" \/><\/a><\/p>\n<p style=\"text-align: justify\">Prof.\u00aa Dr.\u00aa Eliana Badiale Furlong (FURG)<\/p>\n<p style=\"text-align: justify\">Possui gradua\u00e7\u00e3o em Farm\u00e1cia Bioqu\u00edmica pela Fac Ci\u00eancias Farmac\u00eauticas de Ribeir\u00e3o Preto, (USP), mestrado e doutorado em Ci\u00eancia de Alimentos pela Universidade Estadual de Campinas. Atua como professor titular na Universidade Federal do Rio Grande; aonde leciona nos cursos de gradua\u00e7\u00e3o em Engenharia de Alimentos e p\u00f3s gradua\u00e7\u00e3o em Engenharia e Ci\u00eancia de Alimentos e Qu\u00edmica Tecnol\u00f3gica e Ambiental. A atua\u00e7\u00e3o em Pesquisa tem ocorrido principalmente vinculada \u00e0 capacita\u00e7\u00e3o de profissionais nos diferentes n\u00edveis: trabalhos de conclus\u00e3o de curso, inicia\u00e7\u00e3o cient\u00edfica, disserta\u00e7\u00f5es, teses e trabalhos de p\u00f3s doutorado na \u00e1rea de Ci\u00eancia e Tecnologia de Alimentos, num total aproximado de 200 orienta\u00e7\u00f5es. As tem\u00e1ticas de pesquisa est\u00e3o na \u00e1rea de Qu\u00edmica, F\u00edsica, Fisico-Qu\u00edmica e Bioqu\u00edmica dos Alim. e das Mat-Primas Alimentares. As publica\u00e7\u00f5es cient\u00edficas tem enfocado micotoxinas em cereais; toxinas de Fusarium; tricotecenos; mitiga\u00e7\u00e3o do risco de micotoxinas na cadeia produtiva de alimentos; disponibiliza\u00e7\u00e3o de nutrientes por processos biol\u00f3gicos; determina\u00e7\u00f5es de nutrientes e compostos funcionais; valida\u00e7\u00e3o de metodologia anal\u00edtica. Recebeu premia\u00e7\u00f5es: M\u00e9rito Universit\u00e1rio e Pesquisador Gaucho na \u00e1rea de Ci\u00eancias Agr\u00e1rias. <a href=\"http:\/\/lattes.cnpq.br\/1625799595721574\">Curr\u00edculo Lattes<\/a><\/p>\n<p style=\"text-align: justify\"><a href=\"https:\/\/wp.ufpel.edu.br\/elasnaciencia\/files\/2019\/08\/ethel-1-e1568325651985.jpg\"><img loading=\"lazy\" decoding=\"async\" class=\"alignleft size-thumbnail wp-image-80\" src=\"https:\/\/wp.ufpel.edu.br\/elasnaciencia\/files\/2019\/08\/ethel-1-e1568325651985-200x200.jpg\" alt=\"\" width=\"200\" height=\"200\" srcset=\"https:\/\/wp.ufpel.edu.br\/elasnaciencia\/files\/2019\/08\/ethel-1-e1568325651985-200x200.jpg 200w, https:\/\/wp.ufpel.edu.br\/elasnaciencia\/files\/2019\/08\/ethel-1-e1568325651985-280x280.jpg 280w, https:\/\/wp.ufpel.edu.br\/elasnaciencia\/files\/2019\/08\/ethel-1-e1568325651985-100x100.jpg 100w\" sizes=\"auto, (max-width: 200px) 100vw, 200px\" \/><\/a><\/p>\n<p style=\"text-align: justify\">Prof.\u00aa Dr.\u00aa Ethel Antunes Wilhelm (UFPel)<\/p>\n<p style=\"text-align: justify\">Possui gradua\u00e7\u00e3o em Qu\u00edmica pela Universidade Federal de Santa Maria (2008) e durante o per\u00edodo de gradua\u00e7\u00e3o foi aluna de inicia\u00e7\u00e3o cient\u00edfica sob orienta\u00e7\u00e3o da Profa. Dra. Cristina Wayne Nogueira. Neste per\u00edodo (2005-2008) desenvolveu projetos na \u00e1rea de biomol\u00e9culas antioxidantes. Possui mestrado em Ci\u00eancias Biol\u00f3gicas: Bioqu\u00edmica Toxicol\u00f3gica pela Universidade Federal de Santa Maria (2009). Durante o per\u00edodo do mestrado dedicou-se \u00e0 busca de novos alvos terap\u00eauticos para o tratamento do dano oxidativo causado por agentes qu\u00edmicos e sua disserta\u00e7\u00e3o foi intitulada: Efeito hepatoprotetor causado pelo 3-alquinil selenofeno contra o dano oxidativo induzido por agentes qu\u00edmicos em ratos. Possui doutorado em Ci\u00eancias Biol\u00f3gicas: Bioqu\u00edmica Toxicol\u00f3gica (2012) e durante o per\u00edodo de doutoramento estudou diversas mol\u00e9culas antioxidantes frente a modelos animais de dano oxidativo cerebral. Sua tese foi intitulada: A\u00e7\u00e3o farmacol\u00f3gica do 3-alquinil selenofeno em modelos de convuls\u00e3o em ratos jovens. Durante sua forma\u00e7\u00e3o, dedicou-se ao estudo pr\u00e9-cl\u00ednico de mol\u00e9culas org\u00e2nicas de sel\u00eanio com importante potencial antioxidante em diferentes modelos animais (nocicep\u00e7\u00e3o, inflama\u00e7\u00e3o, hepatotoxicidade, ansiedade, depress\u00e3o, convuls\u00e3o, dem\u00eancia, doen\u00e7as neurodegenerativas e envelhecimento). Iniciou suas atividades profissionais na Universidade Regional Integrada do Alto Uruguai e das Miss\u00f5es em 2012. Atualmente \u00e9 professora Adjunta do Centro de Ci\u00eancias Qu\u00edmicas, Farmac\u00eauticas e de Alimentos (CCQFA) da Universidade Federal de Pelotas (UFPel). \u00c9 coordenadora-adjunta do Programa de P\u00f3s-gradua\u00e7\u00e3o em Bioqu\u00edmica e Bioprospec\u00e7\u00e3o (PPGBBio) da UFPel desde 2015. \u00c9 coordenadora do Laborat\u00f3rio de Pesquisa em Farmacologia Bioqu\u00edmica (LaFarBio) do CCQFA &#8211; UFPel, membro do Grupo de Pesquisa em Neurobiotecnologia e chefe do Biot\u00e9rio Central da UFPel. Al\u00e9m disso, atua como docente permanente no PPGBBio. Na UFPel, desenvolve projetos que almejam elucidar o envolvimento de enzimas antioxidantes na nocicep\u00e7\u00e3o e doen\u00e7as inflamat\u00f3rias, bem como, evidenciar o efeito terap\u00eautico de mol\u00e9culas antioxidantes nestas doen\u00e7as. Vencedora do pr\u00eamio &amp;quot;Para Mulheres na Ci\u00eancia 2018&amp;quot; concedido pela LOr\u00e9al em parceria com a UNESCO e Academia Brasileira de Ci\u00eancias. e-mail: ethelwilhelm@yahoo.com.br.\u00a0<a href=\"http:\/\/lattes.cnpq.br\/2247558205680051\">Curr\u00edculo Lattes<\/a><\/p>\n<p><a href=\"https:\/\/wp.ufpel.edu.br\/elasnaciencia\/files\/2019\/09\/fernanda-staniscuaski.png\"><img loading=\"lazy\" decoding=\"async\" class=\"alignleft size-thumbnail wp-image-130\" src=\"https:\/\/wp.ufpel.edu.br\/elasnaciencia\/files\/2019\/09\/fernanda-staniscuaski-200x200.png\" alt=\"\" width=\"200\" height=\"200\" srcset=\"https:\/\/wp.ufpel.edu.br\/elasnaciencia\/files\/2019\/09\/fernanda-staniscuaski-200x200.png 200w, https:\/\/wp.ufpel.edu.br\/elasnaciencia\/files\/2019\/09\/fernanda-staniscuaski-280x280.png 280w, https:\/\/wp.ufpel.edu.br\/elasnaciencia\/files\/2019\/09\/fernanda-staniscuaski-100x100.png 100w\" sizes=\"auto, (max-width: 200px) 100vw, 200px\" \/><\/a>Prof.\u00aa Dr.\u00aa Fernanda Staniscuaski (UFRGS)<\/p>\n<p style=\"text-align: justify\">Gradua\u00e7\u00e3o em Ci\u00eancias Biol\u00f3gicas pela Universidade Federal do Rio Grande do Sul (2002) e doutorado em Biologia Celular e Molecular (Programa do Centro de Biotecnologia da Universidade Federal do Rio Grande do Sul &#8211; 2007). Realizou est\u00e1gio de P\u00f3s-doutorado no Departamento de Biologia da Universidade de Toronto em Mississauga, na \u00e1rea de Biologia Molecular e Fisiologia de Insetos, e foi bolsista de P\u00f3s-doutorado J\u00fanior no Departamento de Biof\u00edsica da Universidade Federal do Rio Grande do Sul. Foi bolsista PNPD-CAPES do Centro de Biotecnologia da Universidade Federal do Rio Grande do Sul, trabalhando com aquaporinas de plantas. Tem experi\u00eancia nas \u00e1reas de Biologia Molecular, com \u00eanfase em genes de aquaporinas de plantas e o papel destas prote\u00ednas na nutri\u00e7\u00e3o vegetal e resposta a estresses abi\u00f3ticos. Tem experi\u00eancia tamb\u00e9m em fisiologia de insetos, bioqu\u00edmica de macromol\u00e9culas e toxinas. Atualmente \u00e9 Professora Associada I do Departamento de Biologia Molecular e Biotecnologia da UFRGS. \u00c9 fundadora e coordenadora do projeto PARENT IN SCIENCE. M\u00e3e de tr\u00eas filhos, esteve em licen\u00e7a maternidade em 2013, 2015 e 2018. <a href=\"http:\/\/lattes.cnpq.br\/1737545840776257\">Curr\u00edculo Lattes<\/a><\/p>\n<p><a href=\"https:\/\/wp.ufpel.edu.br\/elasnaciencia\/files\/2019\/08\/Hellen-Stulzer.jpg\"><img loading=\"lazy\" decoding=\"async\" class=\"alignleft size-thumbnail wp-image-100\" src=\"https:\/\/wp.ufpel.edu.br\/elasnaciencia\/files\/2019\/08\/Hellen-Stulzer-200x200.jpg\" alt=\"\" width=\"200\" height=\"200\" srcset=\"https:\/\/wp.ufpel.edu.br\/elasnaciencia\/files\/2019\/08\/Hellen-Stulzer-200x200.jpg 200w, https:\/\/wp.ufpel.edu.br\/elasnaciencia\/files\/2019\/08\/Hellen-Stulzer-280x280.jpg 280w, https:\/\/wp.ufpel.edu.br\/elasnaciencia\/files\/2019\/08\/Hellen-Stulzer-100x100.jpg 100w\" sizes=\"auto, (max-width: 200px) 100vw, 200px\" \/><\/a>Prof.\u00aa Dr.\u00aa Hellen Stulzer (UFSC).<\/p>\n<p style=\"text-align: justify\">Possui gradua\u00e7\u00e3o em Farm\u00e1cia Industrial pela Universidade do Vale do Itaja\u00ed (2002), mestrado em Farm\u00e1cia pela Universidade Federal de Santa Catarina (2005) e doutorado em Qu\u00edmica pela Universidade Federal de Santa Catarina (2008). P\u00f3s doutorado realizado na \u00e1rea de Physical Pharmacy na Universidade de Connecticut, EUA (2015). \u00c9 professora associada do Curso de Farm\u00e1cia da UFSC (2010 &#8211; Atual) e orienta como docente permanente nos Programas de P\u00f3s Gradua\u00e7\u00e3o em Farm\u00e1cia-PGFAR e Programa de P\u00f3s Gradua\u00e7\u00e3o em Qu\u00edmica-PPGQ n\u00edvel mestrado e doutorado, ambos na UFSC. Atua na \u00e1rea da Farm\u00e1cia e Qu\u00edmica com foco no estudo de novas tecnologias aplicadas ao desenvolvimento de novos medicamentos\/invoca\u00e7\u00e3o incremental, envolvendo basicamente o desenvolvimento de sistemas para libera\u00e7\u00e3o de f\u00e1rmacos e ou aumento da solubilidade. \u00c9 membro do corpo editorial de peri\u00f3dicos cient\u00edficos, revisora de peri\u00f3dicos cient\u00edficos e assessora de Ag\u00eancias de Fomento. \u00c9 membro da American Association of Pharmaceutical Scientists (AAPS membership 2014- atual). <a href=\"http:\/\/lattes.cnpq.br\/2595018372061205\">Curr\u00edculo Lattes<\/a><\/p>\n<p><a href=\"https:\/\/wp.ufpel.edu.br\/elasnaciencia\/files\/2019\/09\/laura-regina-fonseca.png\"><img loading=\"lazy\" decoding=\"async\" class=\"size-thumbnail wp-image-129 alignleft\" src=\"https:\/\/wp.ufpel.edu.br\/elasnaciencia\/files\/2019\/09\/laura-regina-fonseca-182x200.png\" alt=\"\" width=\"182\" height=\"200\" \/><\/a>Prof.\u00aa Dr.\u00aa Laura Regina Fonseca (UFSM)<\/p>\n<p style=\"text-align: justify\">Doutora em Servi\u00e7o Social, pela Pontif\u00edcia Universidade Cat\u00f3lica do Rio Grande do Sul &#8211; PPGSS\/PUCRS, Mestre em Pol\u00edtica Social, pela Universidade de Bras\u00edlia &#8211; UnB. Graduada em Servi\u00e7o Social, pela Universidade Estadual do Rio de Janeiro- UERJ. Professora do Magist\u00e9rio P\u00fablico Federal das Institui\u00e7\u00f5es: Universidade de Bras\u00edlia &#8211; UnB; Universidade Federal do Pampa &#8211; UNIPAMPA; atualmente na Universidade Federal de Santa Maria &#8211; UFSM, Centro de Ci\u00eancias Sociais e Humanas &#8211; CCSH, Departamento de Servi\u00e7o Social. L\u00edder do Grupo de Pesquisa em G\u00eanero, Pol\u00edticas P\u00fablicas e Servi\u00e7o Social\/CNPq. Coordenadora do N\u00facleo de Ensino, Pesquisa e Extens\u00e3o em G\u00eanero, Pol\u00edticas Sociais e Movimentos Sociais &#8211; CCSH\/DSS. Docente\/Tutora de Campo &#8211; Gest\u00e3o em Sa\u00fade Mental &#8211; . Participa do quadro docente do Programa de Resid\u00eancia Multiprofissional e em \u00c1rea Profissional de Sa\u00fade &#8211; CCS da UFSM. Atualmente est\u00e1 Coordenadora Pr\u00f3-tempore do Curso de Especializa\u00e7\u00e3o em Estudos de G\u00eanero do CCSH\/UFSM. Tem experi\u00eancia profissional nas \u00e1reas de Educa\u00e7\u00e3o Superior, Sa\u00fade; Justi\u00e7a; Planejamento e Gest\u00e3o de Pol\u00edticas P\u00fablicas. Desenvolve estudos relacionados as quest\u00f5es de G\u00eanero, Pol\u00edticas P\u00fablicas, Servi\u00e7o Social e Direitos Humanos. Atuou em cargos da gest\u00e3o e em esferas colegiadas das Universidades: UnB; UNIPAMPA;UFSM. <a href=\"http:\/\/lattes.cnpq.br\/7382820396112114\">Curr\u00edculo Lattes<\/a><\/p>\n<p style=\"text-align: justify\"><a href=\"https:\/\/wp.ufpel.edu.br\/elasnaciencia\/files\/2019\/09\/Lucielli-Savegnago-e1568326053741.png\"><img loading=\"lazy\" decoding=\"async\" class=\"alignleft size-thumbnail wp-image-190\" src=\"https:\/\/wp.ufpel.edu.br\/elasnaciencia\/files\/2019\/09\/Lucielli-Savegnago-e1568326053741-200x200.png\" alt=\"\" width=\"200\" height=\"200\" srcset=\"https:\/\/wp.ufpel.edu.br\/elasnaciencia\/files\/2019\/09\/Lucielli-Savegnago-e1568326053741-200x200.png 200w, https:\/\/wp.ufpel.edu.br\/elasnaciencia\/files\/2019\/09\/Lucielli-Savegnago-e1568326053741-100x100.png 100w\" sizes=\"auto, (max-width: 200px) 100vw, 200px\" \/><\/a>Prof.\u00aa Dr.\u00aa Lucielli Savegnago (UFPel)<\/p>\n<p style=\"text-align: justify\">Possui gradua\u00e7\u00e3o em Farm\u00e1cia An\u00e1lises Cl\u00ednicas pela Universidade Federal de Santa Maria (2001), mestrado (2004), doutorado (2007) e P\u00f3s-Doutorado (2008) em Bioqu\u00edmica Toxicol\u00f3gica pela Universidade Federal de Santa Maria. No ano de 2008, foi agraciada com o pr\u00eamio Mulheres na Ci\u00eancia\/L?Or\u00e9al. Desde 2010, desenvolve atividades de Docente e Pesquisadora na Universidade Federal de Pelotas &#8211; UFPEL. Atua como professora associada (40H\/DE) e docente permanente nos Programas de P\u00f3s-Gradua\u00e7\u00e3o em Biotecnologia (PPGB, nota 7\/ CAPES) e Bioqu\u00edmica e Bioprospec\u00e7\u00e3o (PPGBBio, nota 4\/CAPES) da UFPel. Atualmente \u00e9 coordenadora do Programa de P\u00f3s-Gradua\u00e7\u00e3o em Biotecnologia e participa como membro do comit\u00ea assessor da \u00e1rea Ci\u00eancias Biol\u00f3gicas da FAPERGS. No ano de 2010, fundou o Grupo de pesquisa em Neurobiotecnologia (GPN) junto ao Laborat\u00f3rio de Biotecnologia, o qual \u00e9 pioneiro no Brasil, e est\u00e1 focado na busca de estrat\u00e9gicas para o tratamento da depress\u00e3o e doen\u00e7a de Alzheimer. Email: luciellisavegnago@yahoo.com.br.\u00a0<a href=\"http:\/\/lattes.cnpq.br\/1480751214999787\">Curr\u00edculo Lattes<\/a><\/p>\n<p style=\"text-align: justify\"><a href=\"https:\/\/wp.ufpel.edu.br\/elasnaciencia\/files\/2019\/08\/marcia-barbosa.jpg\"><img loading=\"lazy\" decoding=\"async\" class=\"alignleft size-thumbnail wp-image-93\" src=\"https:\/\/wp.ufpel.edu.br\/elasnaciencia\/files\/2019\/08\/marcia-barbosa-200x200.jpg\" alt=\"\" width=\"200\" height=\"200\" srcset=\"https:\/\/wp.ufpel.edu.br\/elasnaciencia\/files\/2019\/08\/marcia-barbosa-200x200.jpg 200w, https:\/\/wp.ufpel.edu.br\/elasnaciencia\/files\/2019\/08\/marcia-barbosa-280x280.jpg 280w, https:\/\/wp.ufpel.edu.br\/elasnaciencia\/files\/2019\/08\/marcia-barbosa-100x100.jpg 100w\" sizes=\"auto, (max-width: 200px) 100vw, 200px\" \/><\/a>Prof.\u00aa Dr.\u00aa M\u00e1rcia Barbosa (UFRGS).<\/p>\n<p style=\"text-align: justify\">Possui gradua\u00e7\u00e3o (1981), mestrado (1984) e doutorado (1988) pela Universidade Federal do Rio Grande do Sul. Atualmente \u00e9 membro titular da Academia Brasileira de Ci\u00eancias e professora titular da Universidade Federal do Rio Grande do Sul. Tem experi\u00eancia na \u00e1rea de F\u00edsica, com \u00eanfase em F\u00edsica da Mat\u00e9ria Condensada, atuando principalmente em \u00e1gua. Pelo estudo das anomalias da \u00e1gua ganhou o pr\u00eamio Loreal-Unesco de Mulheres nas Ci\u00eancias e o pr\u00eamio Claudia em Ci\u00eancia, ambos em 2013. Atua em quest\u00f5es de g\u00eanero onde ganhou a Medalha Nicholson da American Physical Society. Por sua atua\u00e7\u00e3o, e p\u00f3s-gradua\u00e7\u00e3o ganhou o Pr\u00eamio An\u00edsio Teixeira da Capes em 2016 e por seu trabalho em prol da ci\u00eancia recebeu em 2018 da presid\u00eancia da rep\u00fablica a Medalha do M\u00e9rito Cient\u00edfico como comendadora.\u00a0<a href=\"http:\/\/lattes.cnpq.br\/7216344229807186\">Curr\u00edculo Lattes<\/a><\/p>\n<p style=\"text-align: justify\"><a href=\"https:\/\/wp.ufpel.edu.br\/elasnaciencia\/files\/2019\/08\/marcia-827x1024.png\"><img loading=\"lazy\" decoding=\"async\" class=\"alignleft size-thumbnail wp-image-77\" src=\"https:\/\/wp.ufpel.edu.br\/elasnaciencia\/files\/2019\/08\/marcia-827x1024-200x200.png\" alt=\"\" width=\"200\" height=\"200\" srcset=\"https:\/\/wp.ufpel.edu.br\/elasnaciencia\/files\/2019\/08\/marcia-827x1024-200x200.png 200w, https:\/\/wp.ufpel.edu.br\/elasnaciencia\/files\/2019\/08\/marcia-827x1024-280x280.png 280w, https:\/\/wp.ufpel.edu.br\/elasnaciencia\/files\/2019\/08\/marcia-827x1024-100x100.png 100w\" sizes=\"auto, (max-width: 200px) 100vw, 200px\" \/><\/a>Prof.\u00aa Dr.\u00aa M\u00e1rcia Foster Mesko (UFPel)<\/p>\n<p style=\"text-align: justify\">Possui gradua\u00e7\u00e3o em Bacharelado e Licenciatura em Qu\u00edmica pela Universidade Federal de Pelotas (2002), mestrado (2004) e doutorado (2008) em Qu\u00edmica (Qu\u00edmica Anal\u00edtica) pela Universidade Federal de Santa Maria. Foi professora da Universidade Estadual do Rio Grande do Sul (2006 a 2008) na \u00e1rea de Ci\u00eancias dos Alimentos e coordenadora do Curso Superior de Tecnologia em Agroind\u00fastria &#8211; Cruz Alta. Atuou como Qu\u00edmica da Farmacop\u00e9ia Brasileira (Ag\u00eancia Nacional de Vigil\u00e2ncia Sanit\u00e1ria, ANVISA), por mais de quatro anos desenvolvendo e avaliando monografias para o controle de qualidade de produtos farmac\u00eauticos. Foi pesquisadora do Instituto Nacional de Metrologia, Normaliza\u00e7\u00e3o e Qualidade Industrial &#8211; INMETRO, produzindo materiais de refer\u00eancia certificados de f\u00e1rmacos, onde os CRMs de captopril e diclofenaco s\u00f3dico os primeiros destes materiais produzidos na Am\u00e9rica do Sul. Foi fundadora dos Cursos de Bacharelado em Farm\u00e1cia (2010) e Bacharelado em Qu\u00edmica Forense (2012) da UFPel. Foi coordenadora do Curso de Bacharelado em Farm\u00e1cia (2010 a 2013) da UFPel. \u00c9 professora Associada II da Universidade Federal de Pelotas (desde 2009), e atua nos Cursos de Bacharelado em Farm\u00e1cia e Qu\u00edmica Forense, al\u00e9m de pesquisadora nos Programas de P\u00f3s-Gradua\u00e7\u00e3o em Qu\u00edmica (desde 2010) e Bioqu\u00edmica e Bioprospec\u00e7\u00e3o (desde 2012) da UFPel. Foi coordenadora adjunta do Programa de P\u00f3s-Gradua\u00e7\u00e3o em Qu\u00edmica (2015 a 2017). Atualmente, \u00e9 coordenadora do Programa de P\u00f3s-Gradua\u00e7\u00e3o Bioqu\u00edmica e Bioprospec\u00e7\u00e3o (2016 a 2017), e eleita para o segundo mandato (2018 a 2019). Foi tesoureira da Divis\u00e3o de Qu\u00edmica Anal\u00edtica da Sociedade Brasileira de Qu\u00edmica &#8211; SBQ (05\/2014 a 05\/2016),(05\/2016 a 05\/2018) vice-diretora e, atualmente, \u00e9 diretora desta Divis\u00e3o da SBQ (05\/2018 a 05\/2020). \u00c9 membro do comit\u00ea assessor da Funda\u00e7\u00e3o de Amparo a Pesquisa do Estado do Rio Grande do Sul &#8211; FAPERGS desde 2013, sendo atualmente coordenadora deste comit\u00ea. Tem experi\u00eancia na \u00e1rea de qu\u00edmica, com \u00eanfase em qu\u00edmica anal\u00edtica para a determina\u00e7\u00e3o de elementos tra\u00e7o, atuando principalmente nos seguintes temas: preparo de amostras, determina\u00e7\u00e3o de metais e n\u00e3o metais, espectrometria at\u00f4mica, controle de qualidade, e an\u00e1lise de alimentos e medicamentos. Com o desenvolvimento de sua tese de doutorado e de publica\u00e7\u00f5es com o sistema de combust\u00e3o iniciada por micro-ondas, o National Institute of Standards and Technology (NIST, USA), recentemente utilizou o m\u00e9todo proposto de combust\u00e3o iniciada por micro-ondas para a certifica\u00e7\u00e3o de um material de refer\u00eancia de carv\u00e3o (SRM 2682c), recentemente divulgado no peri\u00f3dico Analytical Chemistry (2016, 88, 4635?4643). Recebeu diversos pr\u00eamios em eventos cient\u00edficos nacionais e internacionais, al\u00e9m de ter ministrado diversas palestras e cursos no Brasil e no exterior. Possui patentes de inova\u00e7\u00e3o tecnol\u00f3gica, diversos cap\u00edtulos de livros nacionais e internacionais, mais de 90 artigos publicados em revistas cient\u00edficas indexadas e \u00edndice h=23.\u00a0<a href=\"http:\/\/lattes.cnpq.br\/2461255030745891\">Curr\u00edculo Lattes<\/a><\/p>\n<p style=\"text-align: justify\"><a href=\"https:\/\/wp.ufpel.edu.br\/elasnaciencia\/files\/2019\/09\/mariana-antunes-vieira.png\"><img loading=\"lazy\" decoding=\"async\" class=\"alignleft size-thumbnail wp-image-191\" src=\"https:\/\/wp.ufpel.edu.br\/elasnaciencia\/files\/2019\/09\/mariana-antunes-vieira-200x200.png\" alt=\"\" width=\"200\" height=\"200\" srcset=\"https:\/\/wp.ufpel.edu.br\/elasnaciencia\/files\/2019\/09\/mariana-antunes-vieira-200x200.png 200w, https:\/\/wp.ufpel.edu.br\/elasnaciencia\/files\/2019\/09\/mariana-antunes-vieira-280x280.png 280w, https:\/\/wp.ufpel.edu.br\/elasnaciencia\/files\/2019\/09\/mariana-antunes-vieira-100x100.png 100w\" sizes=\"auto, (max-width: 200px) 100vw, 200px\" \/><\/a>Prof.\u00aa Dr.\u00aa Mariana Antunes Vieira (UFPel)<\/p>\n<p style=\"text-align: justify\">Possui Gradua\u00e7\u00e3o em Qu\u00edmica (Bacharelado e Licenciatura), Mestrado e Doutorado em Qu\u00edmica Anal\u00edtica pela Universidade Federal de Santa Catarina (UFSC). Desenvolveu parte do doutorado (Doutorado Sandu\u00edche) no National Research Council Canada (NRCC) em Ottawa\/Canada. Possui P\u00f3s-Doutorado pela PUC-Rio (2008) onde atuou no projeto de ?Desenvolvimento e valida\u00e7\u00e3o de m\u00e9todos para determina\u00e7\u00e3o de metais em fluidos biol\u00f3gicos?. Atuou como Pesquisadora junto ao Departamento de Qu\u00edmica da PUC-Rio em um conv\u00eanio PUC-Rio\/PETROBRAS (2009), no ?Desenvolvimento de metodologias de an\u00e1lise para a determina\u00e7\u00e3o de elementos tra\u00e7o em amostras de biocombust\u00edveis?. Recebeu o pr\u00eamio &amp;quot;Para Mulheres na Ci\u00eancia (2011) da L\u00d3REAL, UNESCO e Academia Brasileira de Ci\u00eancias, na \u00e1rea de Ci\u00eancias Qu\u00edmicas. \u00c9 Professora Associada 1 na Universidade Federal de Pelotas (UFPEL), Coordenadora do Curso de Qu\u00edmica Industrial e Professora Permanente junto ao Programa de P\u00f3s-Gradua\u00e7\u00e3o em Qu\u00edmica (PPGQ). \u00c9 membro do Instituto Nacional de Ci\u00eancias e Tecnologias Anal\u00edticas Avan\u00e7adas (INCTAA). Tem experi\u00eancia na \u00e1rea de Qu\u00edmica Anal\u00edtica, com \u00eanfase em An\u00e1lise de Elementos Tra\u00e7o e Qu\u00edmica Ambiental, atuando principalmente nos seguintes temas: T\u00e9cnicas de Espectrometria At\u00f4mica; Sistema de gera\u00e7\u00e3o qu\u00edmica e fotoqu\u00edmica de vapor; An\u00e1lises de Biocombust\u00edveis; An\u00e1lises de Amostras Ambientais e An\u00e1lise de Alimentos. Atualmente, possui 58 artigos publicados em revistas cient\u00edficas especializadas e fator H=19.\u00a0<a href=\"http:\/\/lattes.cnpq.br\/4097437753995552\">Curr\u00edculo Lattes<\/a><\/p>\n<p><a href=\"https:\/\/wp.ufpel.edu.br\/elasnaciencia\/files\/2019\/08\/Marina_Prigol.jpg\"><img loading=\"lazy\" decoding=\"async\" class=\"alignleft size-thumbnail wp-image-102\" src=\"https:\/\/wp.ufpel.edu.br\/elasnaciencia\/files\/2019\/08\/Marina_Prigol-200x200.jpg\" alt=\"\" width=\"200\" height=\"200\" srcset=\"https:\/\/wp.ufpel.edu.br\/elasnaciencia\/files\/2019\/08\/Marina_Prigol-200x200.jpg 200w, https:\/\/wp.ufpel.edu.br\/elasnaciencia\/files\/2019\/08\/Marina_Prigol-400x400.jpg 400w, https:\/\/wp.ufpel.edu.br\/elasnaciencia\/files\/2019\/08\/Marina_Prigol-280x280.jpg 280w, https:\/\/wp.ufpel.edu.br\/elasnaciencia\/files\/2019\/08\/Marina_Prigol-100x100.jpg 100w, https:\/\/wp.ufpel.edu.br\/elasnaciencia\/files\/2019\/08\/Marina_Prigol.jpg 512w\" sizes=\"auto, (max-width: 200px) 100vw, 200px\" \/><\/a>Prof.\u00aa Dr.\u00aa Marina Prigol (UNIPAMPA).<\/p>\n<p style=\"text-align: justify\">\u00c9 doutora em Bioqu\u00edmica Toxicol\u00f3gica pela UFSM, com parte do doutorado desenvolvido na Universidade de Lisboa &#8211; Portugal, atuando em farmacocin\u00e9tica e metabolismo de compostos de Sel\u00eanio. \u00c9 mestre em Bioqu\u00edmica Toxicol\u00f3gica pela UFSM. \u00c9 graduada em Farm\u00e1cia &#8211; Bioqu\u00edmica Cl\u00ednica pela Universidade Regional Integrada do Alto Uruguai e das Miss\u00f5es Erechim. Atualmente \u00e9 professora Adjunta da Universidade Federal do Pampa (UNIPAMPA), docente e orientadora atuando junto ao Programa de P\u00f3s-gradua\u00e7\u00e3o em Bioqu\u00edmica da UNIPAMPA. Desenvolve suas atividades de pesquisa junto ao Laborat\u00f3rio de avalia\u00e7\u00f5es farmacol\u00f3gicas e toxicol\u00f3gicas aplicadas \u00e0s mol\u00e9culas bioativas (LaftamBio Pampa), sendo que a linha de pesquisa est\u00e1 voltada principalmente para os estudos farmacol\u00f3gicos e\/ou toxicol\u00f3gicos de mol\u00e9culas bioativas, com destaque aos compostos organocalcog\u00eanios, atuando principalmente na pesquisa de compostos org\u00e2nicos com potencial terap\u00eautico sobre altera\u00e7\u00f5es biol\u00f3gicas relacionadas ao estresse oxidativo. <a href=\"http:\/\/lattes.cnpq.br\/6724052141066150\">Curriculo Lattes<\/a><\/p>\n<p><a href=\"https:\/\/wp.ufpel.edu.br\/elasnaciencia\/files\/2019\/09\/marina-trevisan.jpg\"><img loading=\"lazy\" decoding=\"async\" class=\"alignleft size-thumbnail wp-image-184\" src=\"https:\/\/wp.ufpel.edu.br\/elasnaciencia\/files\/2019\/09\/marina-trevisan-200x200.jpg\" alt=\"\" width=\"200\" height=\"200\" srcset=\"https:\/\/wp.ufpel.edu.br\/elasnaciencia\/files\/2019\/09\/marina-trevisan-200x200.jpg 200w, https:\/\/wp.ufpel.edu.br\/elasnaciencia\/files\/2019\/09\/marina-trevisan-280x280.jpg 280w, https:\/\/wp.ufpel.edu.br\/elasnaciencia\/files\/2019\/09\/marina-trevisan-100x100.jpg 100w\" sizes=\"auto, (max-width: 200px) 100vw, 200px\" \/><\/a><\/p>\n<p style=\"text-align: justify\">Prof.\u00aa Dr.\u00aa Marina Trevisan (UFRGS)<\/p>\n<p style=\"text-align: justify\">Possui gradua\u00e7\u00e3o em Engenharia El\u00e9trica pela Universidade de S\u00e3o Paulo (2004), mestrado em Astrof\u00edsica pelo Instituto Nacional de Pesquisas Espaciais (2007) e doutorado em Astrof\u00edsica pelo Instituto de Astronomia, Geof\u00edsica e Ci\u00eancias Atmosf\u00e9ricas da Universidade de S\u00e3o Paulo (2012). Realizou est\u00e1gios de p\u00f3s-doutorado no Instituto Nacional de Pesquisas Espaciais (Brasil) e no Institut dAstrophysique de Paris (Fran\u00e7a). Atualmente \u00e9 Professora Adjunta na Universidade Federal do Rio Grande do Sul (desde janeiro de 2018), onde desenvolve atividades de ensino, pesquisa, extens\u00e3o e gest\u00e3o. \u00c9 chefe substituta do Departamento de Astronomia da UFRGS. Tem experi\u00eancia na \u00e1rea de Astronomia, com \u00eanfase em Astronomia Extragal\u00e1ctica, Popula\u00e7\u00f5es Estelares e Astrof\u00edsica Estelar.\u00a0<a href=\"http:\/\/lattes.cnpq.br\/9076845865475039\">Curr\u00edculo Lattes<\/a><\/p>\n<p style=\"text-align: justify\"><a href=\"https:\/\/wp.ufpel.edu.br\/elasnaciencia\/files\/2019\/08\/maysa_ed.jpg\"><img loading=\"lazy\" decoding=\"async\" class=\"alignleft size-thumbnail wp-image-105\" src=\"https:\/\/wp.ufpel.edu.br\/elasnaciencia\/files\/2019\/08\/maysa_ed-200x200.jpg\" alt=\"\" width=\"200\" height=\"200\" srcset=\"https:\/\/wp.ufpel.edu.br\/elasnaciencia\/files\/2019\/08\/maysa_ed-200x200.jpg 200w, https:\/\/wp.ufpel.edu.br\/elasnaciencia\/files\/2019\/08\/maysa_ed-100x100.jpg 100w\" sizes=\"auto, (max-width: 200px) 100vw, 200px\" \/><\/a>Prof.\u00aa Dr.\u00aa Maysa Furlan (CAPES).<\/p>\n<p style=\"text-align: justify\">Professor Titular do Instituto de Qu\u00edmica da UNESP, Araraquara. Membro titular da Academia Brasileira de Ci\u00eancias (ABC) eleita em 12\/2018. Bacharel em Qu\u00edmica pela Universidade Estadual Paulista (UNESP) (1982). Mestre em Qu\u00edmica Org\u00e2nica (1985) e Doutor em Ci\u00eancias pela Universidade de S\u00e3o Paulo (USP-1990). Realizou P\u00f3s-Doutorado no Institute of Biological Chemistry, Washington State University, EUA (08\/1992-12\/1993). Foi editora associada do peri\u00f3dico Journal of the Brazilian Chemical Society, no per\u00edodo de 2004-2006. Participou da comiss\u00e3o encarregada da elabora\u00e7\u00e3o do Plano de Desenvolvimento Institucional da UNESP (2007-2008). Foi coordenadora do Programa Institucional de Inicia\u00e7\u00e3o Cient\u00edfica PIBIC\/PIBITI\/CNPq da UNESP, no per\u00edodo de 2012-2016. Foi membro titular do comit\u00ea assessor da avalia\u00e7\u00e3o dos programas de p\u00f3s-gradua\u00e7\u00e3o da \u00e1rea de Qu\u00edmica na CAPES no per\u00edodo de 2006-2012 e atualmente \u00e9 coordenadora adjunta da \u00e1rea de Qu\u00edmica. Tem experi\u00eancia na \u00e1rea de Qu\u00edmica Org\u00e2nica, especialmente nos aspectos estruturais, biol\u00f3gicos e biossint\u00e9ticos de Produtos Naturais, com \u00eanfase em Biologia Sint\u00e9tica.\u00a0<a href=\"http:\/\/lattes.cnpq.br\/1308042794786872\"> Curr\u00edculo Lattes<\/a><\/p>\n<p><a href=\"https:\/\/wp.ufpel.edu.br\/elasnaciencia\/files\/2019\/08\/Paola-Mello.jpg\"><img loading=\"lazy\" decoding=\"async\" class=\"alignleft size-thumbnail wp-image-101\" src=\"https:\/\/wp.ufpel.edu.br\/elasnaciencia\/files\/2019\/08\/Paola-Mello-200x200.jpg\" alt=\"\" width=\"200\" height=\"200\" srcset=\"https:\/\/wp.ufpel.edu.br\/elasnaciencia\/files\/2019\/08\/Paola-Mello-200x200.jpg 200w, https:\/\/wp.ufpel.edu.br\/elasnaciencia\/files\/2019\/08\/Paola-Mello-280x280.jpg 280w, https:\/\/wp.ufpel.edu.br\/elasnaciencia\/files\/2019\/08\/Paola-Mello-100x100.jpg 100w\" sizes=\"auto, (max-width: 200px) 100vw, 200px\" \/><\/a>Prof.\u00aa Dr.\u00aa Paola de Azevedo Mello (UFSM).<\/p>\n<p style=\"text-align: justify\">Possui gradua\u00e7\u00e3o em Qu\u00edmica Industrial pela Universidade Federal de Santa Maria (2005), mestrado em Qu\u00edmica pela Universidade Federal de Santa Maria (2007) e doutorado em Qu\u00edmica pela Universidade Federal de Santa Maria (2011). Atuou como Coordenadora do Curso Superior de Tecnologia em Processos Qu\u00edmicos ( 2015 a 2017), Sub-Chefe do Departamento de Qu\u00edmica (2017 a 2017) e Chefe do Departamento de Qu\u00edmica (2018). Atualmente \u00e9 membro do Comit\u00ea de Assessoramento de Qu\u00edmica da FAPERGS. Tem experi\u00eancia na \u00e1rea de Qu\u00edmica, com \u00eanfase em Qu\u00edmica Anal\u00edtica e em Processos Industriais empregando Ultrassom e Micro-ondas. Atualmente \u00e9 Professora Adjunta da Universidade Federal de Santa Maria. <a href=\"http:\/\/lattes.cnpq.br\/2189500441942469\">Curr\u00edculo Lattes<\/a><\/p>\n<p><a href=\"https:\/\/wp.ufpel.edu.br\/elasnaciencia\/files\/2019\/09\/roselia-spanevello3.png\"><img loading=\"lazy\" decoding=\"async\" class=\"alignleft size-thumbnail wp-image-141\" src=\"https:\/\/wp.ufpel.edu.br\/elasnaciencia\/files\/2019\/09\/roselia-spanevello3-200x200.png\" alt=\"\" width=\"200\" height=\"200\" srcset=\"https:\/\/wp.ufpel.edu.br\/elasnaciencia\/files\/2019\/09\/roselia-spanevello3-200x200.png 200w, https:\/\/wp.ufpel.edu.br\/elasnaciencia\/files\/2019\/09\/roselia-spanevello3-100x100.png 100w\" sizes=\"auto, (max-width: 200px) 100vw, 200px\" \/><\/a><\/p>\n<p style=\"text-align: justify\">Prof.\u00aa Dr.\u00aa Ros\u00e9lia Maria Spanevello (UFPel)<\/p>\n<p style=\"text-align: justify\">Possui gradua\u00e7\u00e3o em Ci\u00eancias Biol\u00f3gicas pela Universidade Federal de Santa Maria (2003), mestrado em Ci\u00eancias Biol\u00f3gicas (Bioqu\u00edmica Toxicol\u00f3gica) pela Universidade Federal de Santa Maria (2006) e doutorado em Ci\u00eancias Biol\u00f3gicas (Bioqu\u00edmica) pela Universidade Federal do Rio Grande do Sul (2009). Atualmente \u00e9 professora associada da Universidade Federal de Pelotas, \u00e9 bolsista de produtividade em pesquisa (N\u00edvel 1D) do CNPq e orienta no programa de P\u00f3s-Gradua\u00e7\u00e3o em Bioqu\u00edmica e Bioprospec\u00e7\u00e3o (desde 2011). E l\u00edder do grupo de pesquisa do CNPq &#8220;Aspectos bioqu\u00edmicos em doen\u00e7as cr\u00f4nico degenerativas&#8221; e possui experi\u00eancia na \u00e1rea da bioqu\u00edmica atuando nos seguintes temas: estresse oxidativo e sistemas purin\u00e9rgico e colin\u00e9rgico. Sua pesquisa est\u00e1 centrada na avalia\u00e7\u00e3o de mecanismos bioqu\u00edmicos implicados no desenvolvimento de doen\u00e7as cr\u00f4nico degenerativas, bem como na avalia\u00e7\u00e3o dos efeitos de compostos naturais e sint\u00e9ticos como potenciais ferramentas de curto ou longo prazo no manejo terap\u00eautico de desordens neurol\u00f3gicas, com \u00eanfase na doen\u00e7a de Alzheimer. Possui patentes de inova\u00e7\u00e3o tecnol\u00f3gica e atualmente mais de 80 artigos publicados em revistas cient\u00edficas indexadas.\u00a0<a href=\"http:\/\/lattes.cnpq.br\/3446031341157893\">Curr\u00edculo Lattes<\/a><\/p>\n<p><a href=\"https:\/\/wp.ufpel.edu.br\/elasnaciencia\/files\/2019\/08\/Vanderlan-Bolzani.jpg\"><img loading=\"lazy\" decoding=\"async\" class=\"alignleft size-thumbnail wp-image-98\" src=\"https:\/\/wp.ufpel.edu.br\/elasnaciencia\/files\/2019\/08\/Vanderlan-Bolzani-186x200.jpg\" alt=\"\" width=\"186\" height=\"200\" \/><\/a>Prof.\u00aa Dr.\u00aa Vanderlan Bolzani (UNESP).<\/p>\n<p style=\"text-align: justify\">Possui gradua\u00e7\u00e3o em Farm\u00e1cia pela UFPB(1973). Mestre em Qu\u00edmica Org\u00e2nica pelo Instituto de Qu\u00edmica\/USP-SP (1977), \u00c9 doutora em Ci\u00eancias pela IQ-USP (1992). P\u00f3s-doutorado no Depto. de Qu\u00edmica no Instituto Polit\u00e9cnico e Universidade Estadual da Virg\u00ednia, USA. Professora Titular da mesma institui\u00e7\u00e3o em 2005. Chefe do Departamento de Qu\u00edmica do IQ-UNESP por dois mandatos consecutivos (2000-2004). Membro do Conselho Universit\u00e1rio da Unesp (2002-2006) e do Conselho de P\u00f3s-Gradua\u00e7\u00e3o (2002-2004). Assessora da Pr\u00f3-Reitoria de Pesquisa UNESP (2004-2009). De 2009-2012 foi Vice-diretora e de 2013-2016 Diretora da Ag\u00eancia de Inova\u00e7\u00e3o da UNESP (AUIN). Membro do Conselho Deliberativo do CNPq por dois mandatos. Foi vice-presidente (2004 a 2008) e presidente (2008-2010) da Sociedade Brasileira de Qu\u00edmica (SBQ) e atualmente \u00e9 membro do Conselho Consultivo da SBQ. Membro da International Union of Applied Chemistry (IUPAC), American Chemical Society (ACS), da American Society of Pharmacognosy (ASP), da Society for Medicinal Plant and Natural Product Research (GA) e Fellow da Royal Society of Chemistry, UK (FRSC). <a href=\"http:\/\/lattes.cnpq.br\/4484083685251673\">Curr\u00edculo Lattes<\/a><\/p>\n<p style=\"text-align: justify\"><a href=\"https:\/\/wp.ufpel.edu.br\/elasnaciencia\/files\/2019\/09\/fl\u00e1vio-demarco-e1568325366340.png\"><img loading=\"lazy\" decoding=\"async\" class=\"alignleft size-thumbnail wp-image-188\" src=\"https:\/\/wp.ufpel.edu.br\/elasnaciencia\/files\/2019\/09\/fl\u00e1vio-demarco-e1568325366340-200x200.png\" alt=\"\" width=\"200\" height=\"200\" srcset=\"https:\/\/wp.ufpel.edu.br\/elasnaciencia\/files\/2019\/09\/fl\u00e1vio-demarco-e1568325366340-200x200.png 200w, https:\/\/wp.ufpel.edu.br\/elasnaciencia\/files\/2019\/09\/fl\u00e1vio-demarco-e1568325366340-100x100.png 100w\" sizes=\"auto, (max-width: 200px) 100vw, 200px\" \/><\/a><\/p>\n<p style=\"text-align: justify\">Prof. Dr. Fl\u00e1vio Fernando Demarco (UFPel)<\/p>\n<p style=\"text-align: justify\">Possui gradua\u00e7\u00e3o em Odontologia pela Universidade Federal de Pelotas (1989) e doutorado em Odontologia (Dent\u00edstica) pela Universidade de S\u00e3o Paulo (1998). Atualmente \u00e9 professor da Universidade Federal de Pelotas. Atualmente \u00e9 Professor Titular, atuando no Curso de Gradua\u00e7\u00e3o em Odontologia na UFPel, e sendo credenciado como docente permanente dos Programas de P\u00f3s-Gradua\u00e7\u00e3o em Odontologia (conceito 6) e Programa de P\u00f3s-Gradua\u00e7\u00e3o em Epidemiologia (conceito 7), ambos de UFPel. Tem experi\u00eancia na \u00e1rea de Odontologia, atuando principalmente com estudos epidemiol\u00f3gicos e cl\u00ednicos de diferentes desfechos de sa\u00fade bucal. Foi membro dos CA- Odontologia da \u00c1rea de avalia\u00e7\u00e3o em Odontologia da CAPES e da \u00e1rea de Odontologia do CNPq. \u00c9 bolsista de produtividade em Pesquisa n\u00edvel 1A do CNPq. Atualmente \u00e9 Pr\u00f3-Reitor de Pesquisa e P\u00f3s-gradua\u00e7\u00e3o da Universidade Federal de Pelotas.\u00a0<a href=\"http:\/\/lattes.cnpq.br\/5439768560638141\">Curr\u00edculo Lattes<\/a><\/p>\n<p style=\"text-align: justify\"><a href=\"https:\/\/wp.ufpel.edu.br\/elasnaciencia\/files\/2019\/08\/Odair-Dellagostin.jpg\"><img loading=\"lazy\" decoding=\"async\" class=\"alignleft size-thumbnail wp-image-95\" src=\"https:\/\/wp.ufpel.edu.br\/elasnaciencia\/files\/2019\/08\/Odair-Dellagostin-200x200.jpg\" alt=\"\" width=\"200\" height=\"200\" srcset=\"https:\/\/wp.ufpel.edu.br\/elasnaciencia\/files\/2019\/08\/Odair-Dellagostin-200x200.jpg 200w, https:\/\/wp.ufpel.edu.br\/elasnaciencia\/files\/2019\/08\/Odair-Dellagostin-280x280.jpg 280w, https:\/\/wp.ufpel.edu.br\/elasnaciencia\/files\/2019\/08\/Odair-Dellagostin-100x100.jpg 100w\" sizes=\"auto, (max-width: 200px) 100vw, 200px\" \/><\/a>Prof. Dr. Odir Dellagostin (FAPERGS)<\/p>\n<p style=\"text-align: justify\">\u00c9 formado em Medicina Veterin\u00e1ria pela UFPel (1989), tem doutorado em Biologia Molecular pela University of Surrey na Inglaterra (1995) e p\u00f3s-doutorado pela mesma Universidade (1997). \u00c9 professor da UFPel desde 1997 e pesquisador do CNPq desde 2007. Em 2018 foi eleito membro titular da Academia Brasileira de Ci\u00eancias. Tem experi\u00eancia na \u00e1rea de Biologia Molecular, atuando principalmente no desenvolvimento de vacinas recombinantes, especialmente contra leptospirose. Foi Pr\u00f3-Reitor de Pesquisa e P\u00f3s-Gradua\u00e7\u00e3o da UFPel, do Comit\u00ea Assessor de Veterin\u00e1ria do CNPq. Foi Coordenador da \u00e1rea de Biotecnologia da CAPES de 2014 a 2018. Atualmente \u00e9 Diretor Presidente da FAPERGS. <a href=\"http:\/\/lattes.cnpq.br\/4649853685495071\">Curr\u00edculo Lattes<\/a><\/p>\n","protected":false},"excerpt":{"rendered":"<p>Prof.\u00aa Dr.\u00aa Cristina Nogueira (UFSM). Possui gradua\u00e7\u00e3o em Farm\u00e1cia pela Universidade Federal de Santa Maria (1988) e doutorado em Ci\u00eancias Biol\u00f3gicas (Bioquimica) pela Universidade Federal do Rio&hellip; <span class=\"read-more\"><a class=\"more-link\" href=\"https:\/\/wp.ufpel.edu.br\/elasnaciencia\/conferencistas\/\" rel=\"bookmark\">Leia Mais <span class=\"screen-reader-text\">&#8220;Conferencistas confirmadas(os)&#8221;<\/span><\/a><\/span><\/p>\n","protected":false},"author":862,"featured_media":0,"parent":0,"menu_order":0,"comment_status":"closed","ping_status":"closed","template":"","meta":{"footnotes":""},"class_list":["post-12","page","type-page","status-publish","hentry"],"_links":{"self":[{"href":"https:\/\/wp.ufpel.edu.br\/elasnaciencia\/wp-json\/wp\/v2\/pages\/12","targetHints":{"allow":["GET"]}}],"collection":[{"href":"https:\/\/wp.ufpel.edu.br\/elasnaciencia\/wp-json\/wp\/v2\/pages"}],"about":[{"href":"https:\/\/wp.ufpel.edu.br\/elasnaciencia\/wp-json\/wp\/v2\/types\/page"}],"author":[{"embeddable":true,"href":"https:\/\/wp.ufpel.edu.br\/elasnaciencia\/wp-json\/wp\/v2\/users\/862"}],"replies":[{"embeddable":true,"href":"https:\/\/wp.ufpel.edu.br\/elasnaciencia\/wp-json\/wp\/v2\/comments?post=12"}],"version-history":[{"count":17,"href":"https:\/\/wp.ufpel.edu.br\/elasnaciencia\/wp-json\/wp\/v2\/pages\/12\/revisions"}],"predecessor-version":[{"id":266,"href":"https:\/\/wp.ufpel.edu.br\/elasnaciencia\/wp-json\/wp\/v2\/pages\/12\/revisions\/266"}],"wp:attachment":[{"href":"https:\/\/wp.ufpel.edu.br\/elasnaciencia\/wp-json\/wp\/v2\/media?parent=12"}],"curies":[{"name":"wp","href":"https:\/\/api.w.org\/{rel}","templated":true}]}}