{"id":246,"date":"2018-05-21T18:54:13","date_gmt":"2018-05-21T21:54:13","guid":{"rendered":"https:\/\/wp.ufpel.edu.br\/eifi\/?page_id=246"},"modified":"2018-09-05T13:34:30","modified_gmt":"2018-09-05T16:34:30","slug":"a-ditadura-civil-militar-brasileira","status":"publish","type":"page","link":"https:\/\/wp.ufpel.edu.br\/eifi\/a-ditadura-civil-militar-brasileira\/","title":{"rendered":"A Ditadura Civil-Militar Brasileira"},"content":{"rendered":"<p style=\"text-align: right\"><strong>Mariluci Cardoso de Vargas | Alessandra Gasparotto<\/strong><\/p>\n<p style=\"text-align: justify\">O presente Simp\u00f3sio Tem\u00e1tico visa oportunizar espa\u00e7os de reflex\u00e3o e discuss\u00e3o para trabalhos de pesquisa que se debrucem sobre tem\u00e1ticas vinculadas \u00e0 ditadura civil-militar no Brasil. Ser\u00e3o contemplados trabalhos que tratem de temas como: o Golpe de 1964 (incluindo seus antecedentes); o sistema ditatorial; a repress\u00e3o e a resist\u00eancia; a interven\u00e7\u00e3o em pr\u00e1ticas e manifesta\u00e7\u00f5es de identidades ideol\u00f3gicas, religiosas, de classes, ra\u00e7as, etnias e g\u00eanero; \u00a0os ex\u00edlios e a clandestinidade; as graves viola\u00e7\u00f5es de direitos humanos e a justi\u00e7a;\u00a0as lutas pela anistia pol\u00edtica e os desdobramentos da Lei n\u00ba 6.683\/79; o longo processo da redemocratiza\u00e7\u00e3o;\u00a0os variados testemunhos e os registros de mem\u00f3ria; a justi\u00e7a de transi\u00e7\u00e3o brasileira; as comiss\u00f5es da verdade (nacional, estaduais e no \u00e2mbito da sociedade civil).<\/p>\n<p>&nbsp;<\/p>\n<h3 style=\"text-align: center\">Trabalhos Selecionados<\/h3>\n<p><strong>Sess\u00e3o 1 (25\/10\/2018)<\/strong><\/p>\n<p>MACEDO, Greice Adriana Neves. UFRGS &#8211; CNPq.\u00a0<em>No\u00e7\u00f5es de ra\u00e7a e o racismo brasileiro durante a Ditadura Civil-Militar: O Grupo Palmares e a resist\u00eancia afro-ga\u00facha.<\/em><\/p>\n<p>RODRIGUES, Darlan de Farias. Universidade Federal de Pelotas &#8211; CAPES.\u00a0<em>Crise, anticomunismos e projetos de na\u00e7\u00e3o: o patronato rural e as lutas em torno da quest\u00e3o agr\u00e1ria no Rio Grande do Sul (1961-1964).<\/em><\/p>\n<p>FERREIRA, F\u00e1bio Donato. Universidade Federal de Pelotas.\u00a0<em>Zi Theater do Jornal do Brasil: O humor pol\u00edtico de Ziraldo na reabertura pol\u00edtica.<\/em><\/p>\n<p>PEREIRA, Nadine Mello. UFRGS &#8211; CNPq.\u00a0<em>Na Fronteira Entre a Mem\u00f3ria e o Esquecimento: os embates pela desapropria\u00e7\u00e3o do antigo centro clandestino Dopinha em Porto Alegre.<\/em><\/p>\n<p>PEREIRA, Lisiane Beltr\u00e3o. UFPel.\u00a0<em>Pr\u00e1ticas de resist\u00eancia e atua\u00e7\u00e3o pol\u00edtica do CPERS\/Sindicato: uma abordagem a partir do relato oral de professores.<\/em><\/p>\n<p>CASSOL, Tiago Perinazzo. Universidade Federal de Pelotas &#8211; CAPES.\u00a0<em>A luta pela terra no Rio Grande do Sul nos anos 1960: Reflex\u00f5es de Pesquisa sobre o Movimento dos Agricultores Sem Terra (MASTER).<\/em><\/p>\n<p>FERNANDES, Let\u00edcia Wickert, Universidade Federal do Rio Grande do Sul.\u00a0<em>\u201cSubversivos e ainda vigiados\u201d: o movimento estudantil ga\u00facho no p\u00f3s-Anistia sob os documentos do SNI.<\/em><\/p>\n<p>CARLOS, Sara Dalpiaz. Universidade Federal do Rio Grande do Sul.\u00a0<em>A atua\u00e7\u00e3o ideol\u00f3gica da A\u00e7\u00e3o Democr\u00e1tica Renovadora (ADR) durante a ditadura civil-militar.<\/em><\/p>\n<p>PEDROSO, M\u00e1rcia N. Cerdote. UFSM.\u00a0<em>A Din\u00e2mica Econ\u00f4mica e do Trabalho na Redemocratiza\u00e7\u00e3o.<\/em><\/p>\n<p>TRINDADE, Bruno M. UFSM.\u00a0<em>Os militares nacionalistas nas For\u00e7as Armadas Brasileiras: Da Campanha da Legalidade (1961) ao golpe civil-militar de 1964.<\/em><\/p>\n<p>SILVA, Leonardo Fetter da. Pontif\u00edcia Universidade Cat\u00f3lica do Rio Grande do Sul &#8211;\u00a0CNPq.\u00a0<em>Ditadura Civil-militar e a Apar\u00eancia de Normalidade Constitucional: An\u00e1lise dos Discursos na Instala\u00e7\u00e3o do Conselho de Defesa dos Direitos da Pessoa Humana.<\/em><\/p>\n<p>FREITAS, Isadora Dutra de. Pontif\u00edcia Universidade Cat\u00f3lica do Rio Grande do Sul &#8211;\u00a0CNPq.\u00a0<em>As Mem\u00f3rias da Ditadura em Imagens: os registros de Claudia Andujar e os Cinejornais da Ag\u00eancia Nacional.<\/em><\/p>\n<p>&nbsp;<\/p>\n<p><strong>Sess\u00e3o 2 (26\/10\/2018)<\/strong><\/p>\n<p>DIAS, Maur\u00edcio Signorini. UFPel &#8211; CAPES.\u00a0<em>Sobre a inf\u00e2ncia, sobre a ditadura e sobre a doc\u00eancia &#8211; As Performances Narrativas de Professores Perseguidos no Regime Militar.<\/em><\/p>\n<p>SILVA, Gabriel Ribeiro da. Universidade Federal do Rio Grande do Sul &#8211; CNPq.\u00a0<em>Confronto interseccional e a ra\u00e7a que incomoda: percep\u00e7\u00f5es da historiografia da ditadura civil-militar brasileira.<\/em><\/p>\n<p>ARA\u00daJO, Rayane Barreto. Universidade Federal Rural do Rio de Janeiro &#8211;\u00a0Capes.\u00a0<em>O uso pol\u00edtico da identidade \u201c\u00edndio\u201d na ditadura militar: reflex\u00f5es para uma escrita \u00e9tica e pol\u00edtica da hist\u00f3ria ind\u00edgena.<\/em><\/p>\n<p>OLIVEIRA, Amanda Gabriela Rocha. UFRGS &#8211; CNPq.\u00a0<em>\u201cInfelizmente, gostamos dos Macuna\u00edmas\u201d: o racismo na forma\u00e7\u00e3o de oficiais do ex\u00e9rcito brasileiro durante a ditadura militar.<\/em><\/p>\n<p>PADR\u00d3S, Enrique Serra. UFRGS.\u00a0<em>Ex\u00edlio, resist\u00eancia e repress\u00e3o: a Condor contra o PVP em Porto Alegre.<\/em><\/p>\n<p>SILVEIRA, Bruno de Azambuja. UFRGS.\u00a0<em>Ilha do Pres\u00eddio: repress\u00e3o e resist\u00eancia no Rio Grande do Sul (1964-1973).<\/em><\/p>\n<p>KANTORSKI, Leonardo Prado, SEDUC\/RS.\u00a0<em>A Ditadura nas universidades do Brasil: rupturas e continuidades.<\/em><\/p>\n<p>FRIDERICHS, Lidiane. Unisinos \u2013 Capes.\u00a0<em>As redemocratiza\u00e7\u00f5es e a virada neoliberal.<\/em><\/p>\n<p>RODRIGUES, Nat\u00e1lia Centeno. FURG.\u00a0TEIXEIRA, Rodrigo Fernandes \u2013 FURG.\u00a0<em>A hist\u00f3ria a partir dos rastros: Considera\u00e7\u00f5es sobre uma cl\u00ednica pol\u00edtica para (re)contar a ditadura civil-militar brasileira.<\/em><\/p>\n<p>VARGAS, Mariluci Cardoso de. UFRGS.\u00a0<em>Um passado de palavras proibidas e sentimentos escondidos: O testemunho das\/os pequenas\/os brasileiras\/os que viveram o ex\u00edlio e a clandestinidade durante as ditaduras do cone sul.<\/em><\/p>\n<p>GASPAROTTO, Alessandra. UFPel.\u00a0<em>Os grandes propriet\u00e1rios de terra do Rio Grande do Sul e o Golpe de 1964: algumas quest\u00f5es e notas de pesquisa.<\/em><\/p>\n<p>DIAS, Cristiane Medianeira \u00c1vila.\u00a0Universidade Federal do Rio Grande do Sul.\u00a0<b>\u00a0<\/b><em>As ditaduras de Seguran\u00e7a Nacional do Cone Sul e o ex\u00edlio durante as d\u00e9cadas de 1960 e 1970.<\/em><\/p>\n<p>&nbsp;<\/p>\n<h6 style=\"text-align: right\"><em><strong>Para Inscrever-se enviar o resumo, conforme orienta\u00e7\u00f5es<br \/>\n<\/strong><\/em><em><strong>constantes na \u201caba orienta\u00e7\u00f5es\u201d,\u00a0para o e-mail<br \/>\nsanagasparotto@gmail.com<br \/>\n<\/strong><\/em><\/h6>\n<h2 style=\"text-align: right\">A ditadura civil-militar brasileira \u00e0 margem da lembran\u00e7a e do silenciamento: alargamentos e conflu\u00eancias das fronteiras da hist\u00f3ria, da mem\u00f3ria e da justi\u00e7a<\/h2>\n","protected":false},"excerpt":{"rendered":"<p>Mariluci Cardoso de Vargas | Alessandra Gasparotto O presente Simp\u00f3sio Tem\u00e1tico visa oportunizar espa\u00e7os de reflex\u00e3o e discuss\u00e3o para trabalhos de pesquisa que se debrucem sobre tem\u00e1ticas vinculadas \u00e0 ditadura civil-militar no Brasil. Ser\u00e3o contemplados trabalhos que tratem de temas como: o Golpe de 1964 (incluindo seus antecedentes); o sistema ditatorial; a repress\u00e3o e a [&hellip;]<\/p>\n","protected":false},"author":784,"featured_media":0,"parent":0,"menu_order":0,"comment_status":"closed","ping_status":"closed","template":"","meta":{"footnotes":""},"class_list":["post-246","page","type-page","status-publish","hentry"],"_links":{"self":[{"href":"https:\/\/wp.ufpel.edu.br\/eifi\/wp-json\/wp\/v2\/pages\/246","targetHints":{"allow":["GET"]}}],"collection":[{"href":"https:\/\/wp.ufpel.edu.br\/eifi\/wp-json\/wp\/v2\/pages"}],"about":[{"href":"https:\/\/wp.ufpel.edu.br\/eifi\/wp-json\/wp\/v2\/types\/page"}],"author":[{"embeddable":true,"href":"https:\/\/wp.ufpel.edu.br\/eifi\/wp-json\/wp\/v2\/users\/784"}],"replies":[{"embeddable":true,"href":"https:\/\/wp.ufpel.edu.br\/eifi\/wp-json\/wp\/v2\/comments?post=246"}],"version-history":[{"count":5,"href":"https:\/\/wp.ufpel.edu.br\/eifi\/wp-json\/wp\/v2\/pages\/246\/revisions"}],"predecessor-version":[{"id":411,"href":"https:\/\/wp.ufpel.edu.br\/eifi\/wp-json\/wp\/v2\/pages\/246\/revisions\/411"}],"wp:attachment":[{"href":"https:\/\/wp.ufpel.edu.br\/eifi\/wp-json\/wp\/v2\/media?parent=246"}],"curies":[{"name":"wp","href":"https:\/\/api.w.org\/{rel}","templated":true}]}}