{"id":518,"date":"2017-09-12T10:39:10","date_gmt":"2017-09-12T13:39:10","guid":{"rendered":"https:\/\/wp.ufpel.edu.br\/editoraufpel\/?page_id=518"},"modified":"2025-07-14T10:29:58","modified_gmt":"2025-07-14T13:29:58","slug":"quem-somos","status":"publish","type":"page","link":"https:\/\/wp.ufpel.edu.br\/editoraufpel\/quem-somos\/","title":{"rendered":"Quem Somos"},"content":{"rendered":"<p><span style=\"font-weight: 400;\">Embora a Universidade Federal de Pelotas (UFPel) tenha sido oficialmente criada em 8 de agosto de 1969, por meio do Decreto-Lei n\u00ba 750, as origens da Editora e da Gr\u00e1fica Universit\u00e1ria remontam \u00e0 d\u00e9cada anterior. De acordo com registros extraoficiais, desde 1960 j\u00e1 se desenvolviam atividades gr\u00e1ficas vinculadas a tr\u00eas institui\u00e7\u00f5es: o Departamento de Informa\u00e7\u00e3o e Divulga\u00e7\u00e3o Agropecu\u00e1ria (DIDA), a Universidade Rural e o Instituto de Pesquisas Agropecu\u00e1rias do Sul (IPEAS). Esses \u00f3rg\u00e3os atuavam em parceria, sendo respons\u00e1veis pela produ\u00e7\u00e3o e dissemina\u00e7\u00e3o de materiais como boletins agrometeorol\u00f3gicos, sistemas de produ\u00e7\u00e3o, gr\u00e1ficos, folhetos, cartazes e outros impressos de circula\u00e7\u00e3o interna.<\/span><\/p>\n<p><span style=\"font-weight: 400;\">Com a consolida\u00e7\u00e3o da Universidade, a Imprensa Universit\u00e1ria foi formalmente criada em meados de 1972, vinculada ao Gabinete do Reitor, e instalada no pr\u00e9dio do antigo Liceu. Nessa fase inicial, foram adquiridos os primeiros equipamentos de impress\u00e3o, alguns dos quais, embora tecnologicamente obsoletos, ainda permanecem em funcionamento. Em 1979, atrav\u00e9s da portaria 541\/79 foi institu\u00edda uma comiss\u00e3o \u201ccom a finalidade de promover os trabalhos referentes ao projeto de cria\u00e7\u00e3o da Editora da UFPel e amplia\u00e7\u00e3o da atual Gr\u00e1fica\u201d.\u00a0<\/span><\/p>\n<p><span style=\"font-weight: 400;\">A cria\u00e7\u00e3o da Editora foi registrada pela portaria n\u00ba 310\/1982 (de 15 de junho de 1982), mas somente em novembro de 1983, foi constitu\u00eddo o \u201cprimeiro conselho editorial da Editora da Universidade\u201d (UFPel, 1983). Em 1983, a estrutura foi reorganizada com a cria\u00e7\u00e3o do Centro de Informa\u00e7\u00e3o e Documenta\u00e7\u00e3o (CID), subordinado \u00e0 Pr\u00f3-Reitoria Administrativa e composto pela Biblioteca Central e pela Editora e Gr\u00e1fica Universit\u00e1ria. Posteriormente, em 1990, a unidade passou a integrar a Pr\u00f3-Reitoria de Extens\u00e3o e Cultura, estabelecendo-se no pr\u00e9dio da Ag\u00eancia da Lagoa Mirim, na Rua Lobo da Costa, n\u00ba 447, no centro da cidade de Pelotas.<\/span><\/p>\n<p><span style=\"font-weight: 400;\">Atualmente, a Editora est\u00e1 inserida no <strong>N\u00facleo de Editora, Livraria e Gr\u00e1fica da UFPel (NELU)<\/strong>, vinculado ao Gabinete da Reitoria. Localizado na Rua Benjamin Constant, n\u00ba 1071 \u2014 no edif\u00edcio que abrigou a antiga cervejaria Brahma \u2014, a Editora \u00e9 respons\u00e1vel por coordenar todas as etapas do processo editorial: desde o recebimento e avalia\u00e7\u00e3o de originais (com o aux\u00edlio de seu conselho editorial e pareceristas <\/span><i><span style=\"font-weight: 400;\">ad hoc<\/span><\/i><span style=\"font-weight: 400;\">), at\u00e9 a revis\u00e3o, diagrama\u00e7\u00e3o, cataloga\u00e7\u00e3o, publica\u00e7\u00e3o, divulga\u00e7\u00e3o e comercializa\u00e7\u00e3o de obras em formato impresso e digital. Seu foco est\u00e1 na produ\u00e7\u00e3o acad\u00eamica e cultural vinculada \u00e0s atividades de ensino, pesquisa e extens\u00e3o da Universidade, bem como na publica\u00e7\u00e3o de obras de autores externos, desde que em conson\u00e2ncia com os princ\u00edpios editoriais da Institui\u00e7\u00e3o.<\/span><\/p>\n<p><span style=\"font-weight: 400;\">Com uma m\u00e9dia anual de aproximadamente 20 novos t\u00edtulos, al\u00e9m de reedi\u00e7\u00f5es de obras esgotadas ou de relev\u00e2ncia cont\u00ednua, a Editora da UFPel \u00e9 associada \u00e0 Associa\u00e7\u00e3o Brasileira das Editoras Universit\u00e1rias (ABEU), entidade que re\u00fane mais de 100 editoras universit\u00e1rias em todo o territ\u00f3rio nacional. Essa vincula\u00e7\u00e3o refor\u00e7a o compromisso da Editora com a difus\u00e3o do conhecimento cient\u00edfico e cultural de qualidade, contribuindo de forma significativa para o fortalecimento da produ\u00e7\u00e3o editorial acad\u00eamica no Brasil.<\/span><\/p>\n","protected":false},"excerpt":{"rendered":"<p>Embora a Universidade Federal de Pelotas (UFPel) tenha sido oficialmente criada em 8 de agosto de 1969, por meio do Decreto-Lei n\u00ba 750, as origens da Editora e da Gr\u00e1fica Universit\u00e1ria remontam \u00e0 d\u00e9cada anterior. De acordo com registros extraoficiais, desde 1960 j\u00e1 se desenvolviam atividades gr\u00e1ficas vinculadas a tr\u00eas institui\u00e7\u00f5es: o Departamento de Informa\u00e7\u00e3o [&hellip;]<\/p>\n","protected":false},"author":304,"featured_media":0,"parent":0,"menu_order":0,"comment_status":"closed","ping_status":"closed","template":"","meta":{"jetpack_post_was_ever_published":false,"footnotes":""},"class_list":["post-518","page","type-page","status-publish","hentry","post"],"jetpack_sharing_enabled":true,"jetpack_shortlink":"https:\/\/wp.me\/P6W23B-8m","_links":{"self":[{"href":"https:\/\/wp.ufpel.edu.br\/editoraufpel\/wp-json\/wp\/v2\/pages\/518","targetHints":{"allow":["GET"]}}],"collection":[{"href":"https:\/\/wp.ufpel.edu.br\/editoraufpel\/wp-json\/wp\/v2\/pages"}],"about":[{"href":"https:\/\/wp.ufpel.edu.br\/editoraufpel\/wp-json\/wp\/v2\/types\/page"}],"author":[{"embeddable":true,"href":"https:\/\/wp.ufpel.edu.br\/editoraufpel\/wp-json\/wp\/v2\/users\/304"}],"replies":[{"embeddable":true,"href":"https:\/\/wp.ufpel.edu.br\/editoraufpel\/wp-json\/wp\/v2\/comments?post=518"}],"version-history":[{"count":5,"href":"https:\/\/wp.ufpel.edu.br\/editoraufpel\/wp-json\/wp\/v2\/pages\/518\/revisions"}],"predecessor-version":[{"id":4538,"href":"https:\/\/wp.ufpel.edu.br\/editoraufpel\/wp-json\/wp\/v2\/pages\/518\/revisions\/4538"}],"wp:attachment":[{"href":"https:\/\/wp.ufpel.edu.br\/editoraufpel\/wp-json\/wp\/v2\/media?parent=518"}],"curies":[{"name":"wp","href":"https:\/\/api.w.org\/{rel}","templated":true}]}}