{"id":29,"date":"2011-03-20T21:40:27","date_gmt":"2011-03-21T00:40:27","guid":{"rendered":"https:\/\/wp.ufpel.edu.br\/dsalxxi09\/"},"modified":"2011-05-28T00:06:22","modified_gmt":"2011-05-28T03:06:22","slug":"sumario","status":"publish","type":"page","link":"https:\/\/wp.ufpel.edu.br\/dsalxxi09\/","title":{"rendered":"Sum\u00e1rio"},"content":{"rendered":"<p><a href=\"https:\/\/wp.ufpel.edu.br\/dsalxxi09\/files\/2011\/05\/Prefacio11_18.pdf\">Pref\u00e1cio<\/a>, 11<br \/>\nRicardo Rabinovich-Berkman<\/p>\n<p style=\"text-align: center\">Primeira Parte<br \/>\nO DESAFIO DA EFETIVIDADE DOS DIREITOS DE CIDADANIA<\/p>\n<p><a href=\"https:\/\/wp.ufpel.edu.br\/aoclobato\/files\/2011\/05\/Lobato21_47.pdf\"><em>As garantias constitucionais do processo: a efetividade dos direitos de cidadania<\/em><\/a>, 21<br \/>\nAnderson Orestes Cavalcante Lobato<\/p>\n<p><em><a href=\"https:\/\/wp.ufpel.edu.br\/dsalxxi09\/files\/2011\/05\/Denio49_63.pdf\">O desafio do direito processual frente \u00e0 globaliza\u00e7\u00e3o no MERCOSUL<\/a>, 49<\/em><br \/>\nD\u00eanio Gon\u00e7alves<\/p>\n<p><em><a href=\"https:\/\/wp.ufpel.edu.br\/dsalxxi09\/files\/2011\/05\/Cabanillas65_86.pdf\">Positivizaci\u00f3n de los derechos naturales para dejar atr\u00e1s la pol\u00e9mica \u201ciusnaturalismo-iuspositivismo\u201d?: otro intento insuficiente en la eterna lucha por el derecho justo<\/a>, 65<\/em><br \/>\nRenato Rabbi-Baldi Cabanillas<\/p>\n<p><em><a href=\"https:\/\/wp.ufpel.edu.br\/dsalxxi09\/files\/2011\/05\/Sessarego87_135.pdf\">Los derechos humanos y el escenario jur\u00eddico contempor\u00e1neo<\/a>, 87<\/em><br \/>\nCarlos Fern\u00e1ndez Sessarego<\/p>\n<p><a href=\"https:\/\/wp.ufpel.edu.br\/dsalxxi09\/files\/2011\/05\/Falero137_154.pdf\"><em>Campo popular y consenso social progresista en el cono sur: tendencias y escenarios en un contexto de crisis<\/em><\/a>, 137<br \/>\nAlfredo Falero<\/p>\n<p><a href=\"https:\/\/wp.ufpel.edu.br\/dsalxxi09\/files\/2011\/05\/Sacoto155_165.pdf\"><em>Nuevas tend\u00eancias en el derecho de fam\u00edlia ecuatoriano del siglo XXI<\/em><\/a>, 155<br \/>\nSonia Merlyn Sacoto<\/p>\n<p><em><a href=\"https:\/\/wp.ufpel.edu.br\/gpedh\/files\/2011\/05\/Simioni167_187.pdf\">Parentalidade e g\u00eanero: perman\u00eancias e transforma\u00e7\u00f5es nas decis\u00f5es judiciais sobre guarda compartilhada<\/a>, 167<\/em><br \/>\nFabiane Simioni<\/p>\n<p><em><a href=\"https:\/\/wp.ufpel.edu.br\/gpedh\/files\/2011\/05\/Gugliano189_205.pdf\">Or\u00e7amentos participativos no MERCOSUL: notas sobre Porto Alegre, Montevid\u00e9u e Buenos Aires<\/a>, 189<\/em><br \/>\nAlfredo Alejandro Gugliano; Mario Ricardo Maurich; Alicia Veneziano; Robson Becker Loeck; Andreia Orsatto; Andr\u00e9 Luis Pereira<\/p>\n<p><a href=\"https:\/\/wp.ufpel.edu.br\/gpedh\/files\/2011\/05\/Salustiano207_237.pdf\"><em>Asilo pol\u00edtico: instituto controverso na Am\u00e9rica Latina face \u00e0 pr\u00e1tica da extradi\u00e7\u00e3o<\/em><\/a>, 207<br \/>\nFl\u00e1via Costa Salustiano<\/p>\n<p><a href=\"https:\/\/wp.ufpel.edu.br\/gpedh\/files\/2011\/05\/Calazans239_258.pdf\"><em>Terrorism and human rights violations in Latin Am\u00e9rica<\/em><\/a>, 239<br \/>\n\u00c9rika Louise Bastos Calazans<\/p>\n<p><a href=\"https:\/\/wp.ufpel.edu.br\/gpedh\/files\/2011\/05\/Nunes259_280.pdf\"><em>A import\u00e2ncia do emprego assalariado formal para os pa\u00edses da Am\u00e9rica Latina<\/em><\/a>, 259<br \/>\nRenata Leonel Nunes<\/p>\n<p><a href=\"https:\/\/wp.ufpel.edu.br\/gpedh\/files\/2011\/05\/Robertt281_294.pdf\"><em>La reinstalaci\u00f3n de los Consejos de Salarios en Uruguay: avances y resistencias en las relaciones capital y trabalho<\/em><\/a>, 281<br \/>\nPedro Robertt<\/p>\n<p style=\"text-align: center\">Segunda Parrte<br \/>\nA AFIRMA\u00c7\u00c3O DE NOVOS DIREITOS DE CIDADANIA<\/p>\n<p><a href=\"https:\/\/wp.ufpel.edu.br\/dsalxxi09\/files\/2011\/05\/Quadros297_313.pdf\"><em>Identidades e identifica\u00e7\u00f5es: o estado constitucional plurinacional na Am\u00e9rica Latina<\/em><\/a>, 297<br \/>\nJos\u00e9 Luiz Quadros de Magalh\u00e3es<\/p>\n<p><a href=\"https:\/\/wp.ufpel.edu.br\/gpedh\/files\/2011\/05\/Londero315_331.pdf\"><em>Pol\u00edticas p\u00fablicas para a redu\u00e7\u00e3o da desigualdade de g\u00eanero na Am\u00e9rica Latina do s\u00e9culo XXI: o caso brasileiro<\/em><\/a>, 315<br \/>\nJosirene Candido Londero<\/p>\n<p><a href=\"https:\/\/wp.ufpel.edu.br\/gpedh\/files\/2011\/05\/Echeverri333-346.pdf\"><em>Eticas ambientales emergentes en Colombia de las \u00e9ticas ambientales antropocentristas a las \u00e9ticas ambientales complejas<\/em><\/a>, 333<br \/>\nAna Patricia Noguera de Echeverri<\/p>\n<p><a href=\"https:\/\/wp.ufpel.edu.br\/dsalxxi09\/files\/2011\/05\/Azevedo347_355.pdf\"><em>O direito do consumidor e a quest\u00e3o ambiental<\/em><\/a>, 247<br \/>\nFernando Costa de Azevedo<\/p>\n<p><a href=\"http:\/\/aoclobato.files.wordpress.com\/2011\/05\/vivian357_374.pdf\"><em>A concretiza\u00e7\u00e3o dos Direitos Humanos atrav\u00e9s da divulga\u00e7\u00e3o da \u00e9tica ambiental<\/em><\/a>, 357<br \/>\nJonathan Vivian<\/p>\n<p><a href=\"http:\/\/aoclobato.files.wordpress.com\/2011\/05\/rodrigues375_396.pdf\"><em>O MST e a efetiva\u00e7\u00e3o da nova ordem constitucional democr\u00e1tica no Brasil<\/em><\/a>, 375<br \/>\nSaulo Tarso Rodrigues<\/p>\n<p><a href=\"http:\/\/aoclobato.files.wordpress.com\/2011\/05\/santos397_410.pdf\"><em>A tributa\u00e7\u00e3o ambiental e a cide-combust\u00edveis<\/em><\/a>, 397<br \/>\nCl\u00e1uber Gon\u00e7alves dos Santos<\/p>\n<p><a href=\"https:\/\/wp.ufpel.edu.br\/gpedh\/files\/2011\/05\/Pierre411_460.pdf\"><em>Medical malpractice : access to private and public insurance<\/em><\/a>, 411<br \/>\nPhilippe Pierre<\/p>\n<p><a href=\"http:\/\/aoclobato.files.wordpress.com\/2011\/05\/rabinovich417_430.pdf\"><em>Os biodireitos na Am\u00e9rica Latina do s\u00e9culo XXI: tr\u00eas caracter\u00edsticas a n\u00e3o serem esquecidas<\/em><\/a>, 417<br \/>\nRicardo Rabinovich-Berkman<\/p>\n<p><a href=\"http:\/\/braunerlobato.files.wordpress.com\/2011\/05\/brauner_blank431_448.pdf\"><em>O Biodireito e a bio\u00e9tica face \u00e0s aplica\u00e7\u00f5es da biotecnologia e da biomedicina<\/em><\/a>, 431<br \/>\nMaria Claudia Crespo Brauner; Dionis Mauri Penning Blank<\/p>\n<p><a href=\"http:\/\/braunerlobato.files.wordpress.com\/2011\/05\/brauner_liedke449_459.pdf\"><em>Pesquisas gen\u00e9ticas no Brasil: consentimento informado e restri\u00e7\u00e3o \u00e0 divulga\u00e7\u00e3o dos dados gen\u00e9ticos como prote\u00e7\u00e3o do Direitos Humanos<\/em><\/a>, 449<br \/>\nMaria Claudia Crespo Brauner; M\u00f4nica Souza Liedke<\/p>\n","protected":false},"excerpt":{"rendered":"<p>Pref\u00e1cio, 11 Ricardo Rabinovich-Berkman Primeira Parte O DESAFIO DA EFETIVIDADE DOS DIREITOS DE CIDADANIA As garantias constitucionais do processo: a efetividade dos direitos de cidadania, 21 Anderson Orestes Cavalcante Lobato O desafio do direito processual frente \u00e0 globaliza\u00e7\u00e3o no MERCOSUL, 49 D\u00eanio Gon\u00e7alves Positivizaci\u00f3n de los derechos naturales para dejar atr\u00e1s la pol\u00e9mica \u201ciusnaturalismo-iuspositivismo\u201d?: otro &hellip; <\/p>\n<p><a class=\"more-link btn\" href=\"https:\/\/wp.ufpel.edu.br\/dsalxxi09\/\">Continue lendo<\/a><\/p>\n","protected":false},"author":48,"featured_media":0,"parent":0,"menu_order":0,"comment_status":"closed","ping_status":"open","template":"","meta":{"footnotes":""},"class_list":["post-29","page","type-page","status-publish","hentry","nodate","item-wrap"],"_links":{"self":[{"href":"https:\/\/wp.ufpel.edu.br\/dsalxxi09\/wp-json\/wp\/v2\/pages\/29","targetHints":{"allow":["GET"]}}],"collection":[{"href":"https:\/\/wp.ufpel.edu.br\/dsalxxi09\/wp-json\/wp\/v2\/pages"}],"about":[{"href":"https:\/\/wp.ufpel.edu.br\/dsalxxi09\/wp-json\/wp\/v2\/types\/page"}],"author":[{"embeddable":true,"href":"https:\/\/wp.ufpel.edu.br\/dsalxxi09\/wp-json\/wp\/v2\/users\/48"}],"replies":[{"embeddable":true,"href":"https:\/\/wp.ufpel.edu.br\/dsalxxi09\/wp-json\/wp\/v2\/comments?post=29"}],"version-history":[{"count":37,"href":"https:\/\/wp.ufpel.edu.br\/dsalxxi09\/wp-json\/wp\/v2\/pages\/29\/revisions"}],"predecessor-version":[{"id":31,"href":"https:\/\/wp.ufpel.edu.br\/dsalxxi09\/wp-json\/wp\/v2\/pages\/29\/revisions\/31"}],"wp:attachment":[{"href":"https:\/\/wp.ufpel.edu.br\/dsalxxi09\/wp-json\/wp\/v2\/media?parent=29"}],"curies":[{"name":"wp","href":"https:\/\/api.w.org\/{rel}","templated":true}]}}