{"id":132,"date":"2016-05-19T22:12:53","date_gmt":"2016-05-20T01:12:53","guid":{"rendered":"https:\/\/wp.ufpel.edu.br\/diverge\/?page_id=132"},"modified":"2025-08-25T09:38:37","modified_gmt":"2025-08-25T12:38:37","slug":"diverge","status":"publish","type":"page","link":"https:\/\/wp.ufpel.edu.br\/diverge\/","title":{"rendered":"DiverGE"},"content":{"rendered":"<p style=\"text-align: justify;\"><img loading=\"lazy\" decoding=\"async\" class=\" wp-image-160 alignleft\" src=\"https:\/\/wp.ufpel.edu.br\/diverge\/files\/2016\/05\/Logotipo-DIVERGE-abreviadissimo-100dpi.jpg\" alt=\"Logotipo DIVERGE abreviadissimo 100dpi\" width=\"112\" height=\"129\" \/><\/p>\n<p style=\"text-align: justify;\"><span style=\"font-size: 12pt;\">Desenvolvemos pesquisas relacionadas \u00e0 compreens\u00e3o dos processos gen\u00e9ticos, ecol\u00f3gicos e evolutivos subjacentes \u00e0 evolu\u00e7\u00e3o de esp\u00e9cies Neotropicais, com \u00eanfase em Drosophilidae e as intera\u00e7\u00f5es Drosophilidae-flor. As linhas de pesquisa dos projetos desenvolvidos no laborat\u00f3rio visam identificar, analisar e compreender os mecanismos que levam aos padr\u00f5es de diversidade gen\u00e9tica e ecol\u00f3gica de esp\u00e9cies do Neotr\u00f3pico.<\/span><\/p>\n<p style=\"text-align: center;\"><span style=\"font-size: 10pt;\">\u00a0 \u00a0 Localiza\u00e7\u00e3o: <a href=\"https:\/\/www.google.com\/maps\/place\/DIVERGE\/@-31.8010579,-52.4189319,500m\/data=!3m1!1e3!4m12!1m6!3m5!1s0x0:0x1e7a9423d8d4955f!2sDIVERGE!8m2!3d-31.8004298!4d-52.4183578!3m4!1s0x0:0x1e7a9423d8d4955f!8m2!3d-31.8004298!4d-52.4183578\" target=\"_blank\" rel=\"noopener\">Google Maps<\/a><\/span><span style=\"font-size: 10pt;\"><em>\u00a0 \u00a0 \u00a0 \u00a0 \u00a0 \u00a0 \u00a0 \u00a0 \u00a0 \u00a0 \u00a0 \u00a0 \u00a0 \u00a0 \u00a0Contato: diverge.ufpel@gmail.com <\/em><\/span><span style=\"font-size: 10pt;\"><em>\u00a0 \u00a0 \u00a0 \u00a0 \u00a0 \u00a0 \u00a0 \u00a0 \u00a0Instagram: @diverge.ufpel<\/em><\/span><\/p>\n<p>\u00a0 \u00a0 \u00a0 \u00a0 \u00a0 \u00a0 \u00a0 \u00a0 \u00a0 \u00a0 \u00a0 \u00a0 \u00a0 \u00a0 \u00a0 \u00a0 \u00a0 \u00a0 \u00a0 \u00a0 \u00a0 \u00a0Para reservar hor\u00e1rio de uso dos equipamentos, <a href=\"https:\/\/wp.ufpel.edu.br\/diverge\/pt\/reserva\/\" target=\"_blank\" rel=\"noopener\">clique aqui<\/a><\/p>\n<p style=\"text-align: center;\">___________________________________________________________<\/p>\n<p>&nbsp;<\/p>\n<p><img loading=\"lazy\" decoding=\"async\" class=\"alignleft wp-image-1063 size-thumbnail\" src=\"https:\/\/wp.ufpel.edu.br\/diverge\/files\/2021\/05\/Ju-2-166x159.jpg\" alt=\"\" width=\"166\" height=\"159\" srcset=\"https:\/\/wp.ufpel.edu.br\/diverge\/files\/2021\/05\/Ju-2-166x159.jpg 166w, https:\/\/wp.ufpel.edu.br\/diverge\/files\/2021\/05\/Ju-2-332x318.jpg 332w, https:\/\/wp.ufpel.edu.br\/diverge\/files\/2021\/05\/Ju-2-768x737.jpg 768w, https:\/\/wp.ufpel.edu.br\/diverge\/files\/2021\/05\/Ju-2-1536x1473.jpg 1536w, https:\/\/wp.ufpel.edu.br\/diverge\/files\/2021\/05\/Ju-2-2048x1964.jpg 2048w\" sizes=\"auto, (max-width: 166px) 100vw, 166px\" \/><\/p>\n<p><a href=\"http:\/\/lattes.cnpq.br\/7801464080743088\" target=\"_blank\" rel=\"noopener noreferrer\"><strong><span style=\"font-size: 12pt;\">Juliana Co<\/span><\/strong><span style=\"font-size: 12pt;\"><strong>rdeiro<\/strong><\/span><\/a>, PhD. Associate professor<span style=\"font-size: 12pt;\"><strong><br \/>\n<\/strong><\/span><\/p>\n<p style=\"text-align: justify;\"><span style=\"font-size: 12pt;\">O foco dos meus projetos \u00e9 a evolu\u00e7\u00e3o da especializa\u00e7\u00e3o ecol\u00f3gica e diversifica\u00e7\u00e3o de popula\u00e7\u00f5es e esp\u00e9cies de drosofil\u00eddeos neotropicais. Nesse contexto, as minhas pesquisas est\u00e3o relacionadas \u00e0 compreens\u00e3o dos processos gen\u00e9ticos, ecol\u00f3gicos e evolutivos que delineiam a evolu\u00e7\u00e3o das esp\u00e9cies, com \u00eanfase nas intera\u00e7\u00f5es drosofilideos-flor. Dessa forma, os projetos de pesquisa envolvem an\u00e1lises de diversidade gen\u00e9tica, an\u00e1lises ecol\u00f3gicas, DNA barcoding e metabarcoding, gen\u00e9tica de popula\u00e7\u00f5es e filogenia molecular, etc.<\/span><\/p>\n<p style=\"text-align: right;\"><span style=\"font-size: 12pt;\"><em>Contato: juliana.cordeiro@ufpel.edu.br<\/em><\/span><\/p>\n<p><strong>Projetos de Pesquisa:<\/strong><br \/>\n<img loading=\"lazy\" decoding=\"async\" class=\"wp-image-160\" src=\"https:\/\/wp.ufpel.edu.br\/diverge\/files\/2016\/05\/Logotipo-DIVERGE-abreviadissimo-100dpi.jpg\" alt=\"Logotipo DIVERGE abreviadissimo 100dpi\" width=\"14\" height=\"16\" \/> Evolu\u00e7\u00e3o da especializa\u00e7\u00e3o em esp\u00e9cies Neotropicais<br \/>\n<img loading=\"lazy\" decoding=\"async\" src=\"https:\/\/wp.ufpel.edu.br\/diverge\/files\/2016\/05\/Logotipo-DIVERGE-abreviadissimo-100dpi.jpg\" width=\"14\" height=\"16\" \/> Identifica\u00e7\u00e3o molecular de esp\u00e9cies de vertebrados frug\u00edvoros<br \/>\n<img loading=\"lazy\" decoding=\"async\" class=\"wp-image-160\" src=\"https:\/\/wp.ufpel.edu.br\/diverge\/files\/2016\/05\/Logotipo-DIVERGE-abreviadissimo-100dpi.jpg\" alt=\"Logotipo DIVERGE abreviadissimo 100dpi\" width=\"14\" height=\"16\" \/> Evolu\u00e7\u00e3o e diversidade gen\u00e9tica de morcegos no extremo sul do Brasil<br \/>\n<img loading=\"lazy\" decoding=\"async\" class=\"wp-image-160\" src=\"https:\/\/wp.ufpel.edu.br\/diverge\/files\/2016\/05\/Logotipo-DIVERGE-abreviadissimo-100dpi.jpg\" alt=\"Logotipo DIVERGE abreviadissimo 100dpi\" width=\"14\" height=\"16\" \/> Gen\u00e9tica, ecologia e evolu\u00e7\u00e3o de Drosophilidae (Insecta: Diptera) com oviposi\u00e7\u00e3o restrita a flores<\/p>\n<p><strong><span style=\"font-size: 12pt;\">Colaboradores:<\/span><\/strong><br \/>\n<span style=\"font-size: 12pt;\"><a href=\"http:\/\/lattes.cnpq.br\/7634056822938977\" target=\"_blank\" rel=\"noopener noreferrer\">Carolina Prediger<\/a> (UFCAT)<\/span><br \/>\n<span style=\"font-size: 12pt;\"><a href=\"http:\/\/lattes.cnpq.br\/2713083948048472\" target=\"_blank\" rel=\"noopener noreferrer\">Hermes Schmitz<\/a> (UNILA)<\/span><br \/>\n<span style=\"font-size: 12pt;\"><a href=\"http:\/\/lattes.cnpq.br\/7622456566682610\" target=\"_blank\" rel=\"noopener noreferrer\">Jeferson Vizentin-Bugoni<\/a> (UFPel)<\/span><br \/>\n<span style=\"font-size: 12pt;\"><a href=\"http:\/\/lattes.cnpq.br\/0384455492228279\" target=\"_blank\" rel=\"noopener noreferrer\">Lizandra Robe<\/a> (UFSM)<\/span><br \/>\n<span style=\"font-size: 12pt;\"><a href=\"http:\/\/lattes.cnpq.br\/8576089809365637\" target=\"_blank\" rel=\"noopener noreferrer\">Mar\u00edndia Depr\u00e1<\/a> (UFRGS)<\/span><br \/>\n<span style=\"font-size: 12pt;\"><a href=\"http:\/\/lattes.cnpq.br\/3632078197153438\" target=\"_blank\" rel=\"noopener noreferrer\">Marco Gottschalk<\/a> (UFPel)<\/span><br \/>\n<span style=\"font-size: 12pt;\"><a href=\"http:\/\/lattes.cnpq.br\/7788928362728731\" target=\"_blank\" rel=\"noopener noreferrer\">Tuane Let\u00edcia Carvalho<\/a><\/span> (UFSM)<\/p>\n<p><span style=\"font-size: 12pt;\">\u00a0 \u00a0<strong>P\u00f3s-Gradua\u00e7\u00e3o:<\/strong><\/span><br \/>\n<a href=\"http:\/\/lattes.cnpq.br\/9101561619460018\" target=\"_blank\" rel=\"noopener\">Isabel Gomes Vieira<\/a><br \/>\n<a href=\"http:\/\/lattes.cnpq.br\/8373369643866831\" target=\"_blank\" rel=\"noopener\">Martim Braulio Peres Silva<\/a><br \/>\n<strong><span style=\"font-size: 12pt;\">\u00a0 \u00a0Gradua\u00e7\u00e3o:<\/span><\/strong><br \/>\n<a href=\"http:\/\/lattes.cnpq.br\/7492973611637438\" target=\"_blank\" rel=\"noopener\">Anna Clara Boeira Muller<\/a><br \/>\n<a href=\"http:\/\/lattes.cnpq.br\/6184740871534428\">Giulia Fernandes Veiga<\/a><br \/>\n<a href=\"http:\/\/lattes.cnpq.br\/6208328979588971\" target=\"_blank\" rel=\"noopener\">Ingrid Macedo Ferraz<\/a><br \/>\n<a href=\"http:\/\/lattes.cnpq.br\/8793466552379268\" target=\"_blank\" rel=\"noopener\">Julia Gabriela Kszezinski Viegas<\/a><br \/>\n<a href=\"http:\/\/lattes.cnpq.br\/9456703606610694\" target=\"_blank\" rel=\"noopener\">Juliana Trapp Jung de Souza<\/a><br \/>\n<strong><span style=\"font-size: 12pt;\">\u00a0 \u00a0Egressos:<\/span><\/strong><br \/>\nAmanda Victoria Neumann<br \/>\n<span style=\"font-size: 12pt;\"><a href=\"http:\/\/lattes.cnpq.br\/3137295233109840\" target=\"_blank\" rel=\"noopener noreferrer\">Angel Larroza<\/a><\/span><br \/>\n<span style=\"font-size: 12pt;\"><a href=\"http:\/\/lattes.cnpq.br\/8446862744219285\" target=\"_blank\" rel=\"noopener noreferrer\">Daniele da Silva de Souza<\/a><\/span><br \/>\n<span style=\"font-size: 12pt;\"><a href=\"http:\/\/lattes.cnpq.br\/3557558661238538\" target=\"_blank\" rel=\"noopener noreferrer\">Dem\u00e9trius da Silva Martins<\/a><\/span><br \/>\n<span style=\"font-size: 12pt;\"><a href=\"http:\/\/lattes.cnpq.br\/6376026473916930\" target=\"_blank\" rel=\"noopener noreferrer\">Andr\u00e9 Schultz Lopes<\/a><\/span><br \/>\n<span style=\"font-size: 12pt;\"><a href=\"http:\/\/lattes.cnpq.br\/2513894290872958\" target=\"_blank\" rel=\"noopener noreferrer\">Henrique Ramos Angelo<\/a><\/span><br \/>\n<span style=\"font-size: 12pt;\"><a href=\"http:\/\/lattes.cnpq.br\/3455622343832048\" target=\"_blank\" rel=\"noopener noreferrer\">Jo\u00e3o Henrique Figueredo de Oliveira<\/a><\/span><br \/>\n<span style=\"font-size: 12pt;\"><a href=\"http:\/\/lattes.cnpq.br\/3635265004709996\" target=\"_blank\" rel=\"noopener\">J\u00falia Costa de Moura<\/a><\/span><br \/>\n<span style=\"font-size: 12pt;\"><a href=\"http:\/\/lattes.cnpq.br\/6294941810669317\">Kelly Brondani<\/a><\/span><br \/>\n<span style=\"font-size: 12pt;\"><a href=\"http:\/\/lattes.cnpq.br\/4487862102266066\" target=\"_blank\" rel=\"noopener\">Maria das Gra\u00e7as Rodrigues Miller da Silva<\/a><\/span><br \/>\n<span style=\"font-size: 12pt;\"><a href=\"http:\/\/lattes.cnpq.br\/7867116467049103\" target=\"_blank\" rel=\"noopener noreferrer\">Mariana Fabris Xavier<\/a><\/span><br \/>\n<span style=\"font-size: 12pt;\"><a href=\"http:\/\/lattes.cnpq.br\/3133020402818889\" target=\"_blank\" rel=\"noopener noreferrer\">Mariana Semola Angonese<\/a><\/span><br \/>\n<span style=\"font-size: 12pt;\"><a href=\"http:\/\/lattes.cnpq.br\/6004309827212084\" target=\"_blank\" rel=\"noopener noreferrer\">Nathalia Pereira Dias<\/a><\/span><br \/>\n<a href=\"http:\/\/lattes.cnpq.br\/9370537558051349\" target=\"_blank\" rel=\"noopener\">N\u00edcolas Pereira Conde<\/a><br \/>\n<span style=\"font-size: 12pt;\"><a href=\"http:\/\/lattes.cnpq.br\/9893468451655517\" target=\"_blank\" rel=\"noopener noreferrer\">Ta\u00eds Madeira Ott<\/a><\/span><br \/>\n<a href=\"http:\/\/lattes.cnpq.br\/6362154846602245\" target=\"_blank\" rel=\"noopener\">Vinicius da Costa Rodrigues<\/a><\/p>\n<p style=\"text-align: center;\">\n","protected":false},"excerpt":{"rendered":"<p>Desenvolvemos pesquisas relacionadas \u00e0 compreens\u00e3o dos processos gen\u00e9ticos, ecol\u00f3gicos e evolutivos subjacentes \u00e0 evolu\u00e7\u00e3o de esp\u00e9cies Neotropicais, com \u00eanfase em Drosophilidae e as intera\u00e7\u00f5es Drosophilidae-flor. As linhas de pesquisa dos projetos desenvolvidos no laborat\u00f3rio visam identificar, analisar e compreender os mecanismos que levam aos padr\u00f5es de diversidade gen\u00e9tica e ecol\u00f3gica de esp\u00e9cies do Neotr\u00f3pico. \u00a0 [&hellip;]<\/p>\n","protected":false},"author":408,"featured_media":0,"parent":0,"menu_order":0,"comment_status":"closed","ping_status":"closed","template":"","meta":{"footnotes":""},"class_list":["post-132","page","type-page","status-publish","hentry","post"],"_links":{"self":[{"href":"https:\/\/wp.ufpel.edu.br\/diverge\/wp-json\/wp\/v2\/pages\/132","targetHints":{"allow":["GET"]}}],"collection":[{"href":"https:\/\/wp.ufpel.edu.br\/diverge\/wp-json\/wp\/v2\/pages"}],"about":[{"href":"https:\/\/wp.ufpel.edu.br\/diverge\/wp-json\/wp\/v2\/types\/page"}],"author":[{"embeddable":true,"href":"https:\/\/wp.ufpel.edu.br\/diverge\/wp-json\/wp\/v2\/users\/408"}],"replies":[{"embeddable":true,"href":"https:\/\/wp.ufpel.edu.br\/diverge\/wp-json\/wp\/v2\/comments?post=132"}],"version-history":[{"count":3,"href":"https:\/\/wp.ufpel.edu.br\/diverge\/wp-json\/wp\/v2\/pages\/132\/revisions"}],"predecessor-version":[{"id":1264,"href":"https:\/\/wp.ufpel.edu.br\/diverge\/wp-json\/wp\/v2\/pages\/132\/revisions\/1264"}],"wp:attachment":[{"href":"https:\/\/wp.ufpel.edu.br\/diverge\/wp-json\/wp\/v2\/media?parent=132"}],"curies":[{"name":"wp","href":"https:\/\/api.w.org\/{rel}","templated":true}]}}