{"id":953,"date":"2021-07-21T17:08:44","date_gmt":"2021-07-21T20:08:44","guid":{"rendered":"https:\/\/wp.ufpel.edu.br\/discoteca\/pagina-inicial\/"},"modified":"2025-11-12T23:25:09","modified_gmt":"2025-11-13T02:25:09","slug":"pagina-inicial","status":"publish","type":"page","link":"https:\/\/wp.ufpel.edu.br\/discoteca\/","title":{"rendered":"P\u00e1gina Inicial"},"content":{"rendered":"<div id=\"pl-953\"  class=\"panel-layout\" ><div id=\"pg-953-0\"  class=\"panel-grid panel-has-style\" ><div class=\"siteorigin-panels-stretch panel-row-style panel-row-style-for-953-0\" data-stretch-type=\"full\" ><div id=\"pgc-953-0-0\"  class=\"panel-grid-cell\" ><div id=\"panel-953-0-0-0\" class=\"so-panel widget widget_circleicon-widget panel-first-child panel-last-child\" data-index=\"0\" >\t\t<div class=\"circle-icon-box circle-icon-position-top circle-icon-hide-box circle-icon-size-small \">\n\t\t\t\t\t\t\t<div class=\"circle-icon-wrapper\">\n\t\t\t\t\t\t\t\t\t\t<a href=\"https:\/\/wp.me\/p7aR1J-iD\" class=\"link-icon\" target=\"_blank\">\t\t\t\t\t<div class=\"circle-icon\" >\n\t\t\t\t\t\t\t\t\t\t\t\t\t<div\n\t\t\t\t\t\t\t\tclass=\"fa fa-television\"\n\t\t\t\t\t\t\t\t\t\t\t\t\t\t\t><\/div>\n\t\t\t\t\t\t\t\t\t\t\t<\/div>\n\t\t\t\t\t<\/a>\t\t\t\t<\/div>\n\t\t\t\n\t\t\t\t\t\t\t<a\n\t\t\t\t\thref=\"https:\/\/wp.me\/p7aR1J-iD\"\n\t\t\t\t\tclass=\"link-title\" target=&quot;_blank&quot;\t\t\t\t>\n\t\t\t\t\t\t\t\t\t\t<h4 >\n\t\t\t\t\tSpots Dia do Patrim\u00f4nio 2021\t\t\t\t<\/h4>\n\t\t\t\t\t\t\t\t\t\t<\/a>\n\t\t\t\n\t\t\t\t\t\t\t\t\t\t<a\n\t\t\t\t\thref=\"https:\/\/wp.me\/p7aR1J-iD\"\n\t\t\t\t\tclass=\"more-button\"\n\t\t\t\t\ttarget=&quot;_blank&quot;\t\t\t\t>\n\t\t\t\t\tMais informa\u00e7\u00f5es\t\t\t\t\t<i><\/i>\n\t\t\t\t<\/a>\n\t\t\t\t\t<\/div>\n\t\t<\/div><\/div><div id=\"pgc-953-0-1\"  class=\"panel-grid-cell\" ><div id=\"panel-953-0-1-0\" class=\"so-panel widget widget_circleicon-widget panel-first-child panel-last-child\" data-index=\"1\" >\t\t<div class=\"circle-icon-box circle-icon-position-top circle-icon-hide-box circle-icon-size-small \">\n\t\t\t\t\t\t\t<div class=\"circle-icon-wrapper\">\n\t\t\t\t\t\t\t\t\t\t<a href=\"https:\/\/acervosvirtuais.ufpel.edu.br\/discoteca\" class=\"link-icon\" target=\"_blank\">\t\t\t\t\t<div class=\"circle-icon\" >\n\t\t\t\t\t\t\t\t\t\t\t\t\t<div\n\t\t\t\t\t\t\t\tclass=\"fa fa-file\"\n\t\t\t\t\t\t\t\t\t\t\t\t\t\t\t><\/div>\n\t\t\t\t\t\t\t\t\t\t\t<\/div>\n\t\t\t\t\t<\/a>\t\t\t\t<\/div>\n\t\t\t\n\t\t\t\t\t\t\t<a\n\t\t\t\t\thref=\"https:\/\/acervosvirtuais.ufpel.edu.br\/discoteca\"\n\t\t\t\t\tclass=\"link-title\" target=&quot;_blank&quot;\t\t\t\t>\n\t\t\t\t\t\t\t\t\t\t<h4 >\n\t\t\t\t\tBase catalogr\u00e1fica 78 RPM Discoteca \/ Acervos Virtuais UFPEL\t\t\t\t<\/h4>\n\t\t\t\t\t\t\t\t\t\t<\/a>\n\t\t\t\n\t\t\t\t\t\t\t\t\t\t<a\n\t\t\t\t\thref=\"https:\/\/acervosvirtuais.ufpel.edu.br\/discoteca\"\n\t\t\t\t\tclass=\"more-button\"\n\t\t\t\t\ttarget=&quot;_blank&quot;\t\t\t\t>\n\t\t\t\t\tMais informa\u00e7\u00f5es\t\t\t\t\t<i><\/i>\n\t\t\t\t<\/a>\n\t\t\t\t\t<\/div>\n\t\t<\/div><\/div><div id=\"pgc-953-0-2\"  class=\"panel-grid-cell\" ><div id=\"panel-953-0-2-0\" class=\"so-panel widget widget_circleicon-widget panel-first-child panel-last-child\" data-index=\"2\" >\t\t<div class=\"circle-icon-box circle-icon-position-top circle-icon-hide-box circle-icon-size-small \">\n\t\t\t\t\t\t\t<div class=\"circle-icon-wrapper\">\n\t\t\t\t\t\t\t\t\t\t<a href=\"https:\/\/www.youtube.com\/watch?v=1Wi7z1tX8CE&#038;list=PLoeXA31Z4ZsWn7GCafUDGsBIgK6che0qf\" class=\"link-icon\" target=\"_blank\">\t\t\t\t\t<div class=\"circle-icon\" >\n\t\t\t\t\t\t\t\t\t\t\t\t\t<div\n\t\t\t\t\t\t\t\tclass=\"fa fa-television\"\n\t\t\t\t\t\t\t\t\t\t\t\t\t\t\t><\/div>\n\t\t\t\t\t\t\t\t\t\t\t<\/div>\n\t\t\t\t\t<\/a>\t\t\t\t<\/div>\n\t\t\t\n\t\t\t\t\t\t\t<a\n\t\t\t\t\thref=\"https:\/\/www.youtube.com\/watch?v=1Wi7z1tX8CE&#038;list=PLoeXA31Z4ZsWn7GCafUDGsBIgK6che0qf\"\n\t\t\t\t\tclass=\"link-title\" target=&quot;_blank&quot;\t\t\t\t>\n\t\t\t\t\t\t\t\t\t\t<h4 >\n\t\t\t\t\tVTs Dia do Patrim\u00f4nio 2021\t\t\t\t<\/h4>\n\t\t\t\t\t\t\t\t\t\t<\/a>\n\t\t\t\n\t\t\t\t\t\t\t\t\t\t<a\n\t\t\t\t\thref=\"https:\/\/www.youtube.com\/watch?v=1Wi7z1tX8CE&#038;list=PLoeXA31Z4ZsWn7GCafUDGsBIgK6che0qf\"\n\t\t\t\t\tclass=\"more-button\"\n\t\t\t\t\ttarget=&quot;_blank&quot;\t\t\t\t>\n\t\t\t\t\tMais informa\u00e7\u00f5es\t\t\t\t\t<i><\/i>\n\t\t\t\t<\/a>\n\t\t\t\t\t<\/div>\n\t\t<\/div><\/div><\/div><\/div><div id=\"pg-953-1\"  class=\"panel-grid panel-has-style\" ><div class=\"siteorigin-panels-stretch panel-row-style panel-row-style-for-953-1\" data-stretch-type=\"full\" ><div id=\"pgc-953-1-0\"  class=\"panel-grid-cell\" ><div id=\"panel-953-1-0-0\" class=\"so-panel widget widget_sow-headline panel-first-child\" data-index=\"3\" ><div\n\t\t\t\n\t\t\tclass=\"so-widget-sow-headline so-widget-sow-headline-default-722b5ef915a8-953\"\n\t\t\t\n\t\t><div class=\"sow-headline-container \">\n\t\t\t\t\t\t\t<h2 class=\"sow-headline\">\n\t\t\t\t\t\tPublica\u00e7\u00f5es recentes\t\t\t\t\t\t<\/h2>\n\t\t\t\t\t\t<\/div>\n<\/div><\/div><div id=\"panel-953-1-0-1\" class=\"so-panel widget widget_siteorigin-panels-postloop panel-last-child\" data-index=\"4\" >\n\t<div id=\"vantage-grid-loop\" class=\"vantage-grid-loop grid-loop-columns-4\">\n\t\t\t\t\t<article class=\"grid-post post-1694 post type-post status-publish format-standard sticky hentry category-eventos category-noticias category-postagens-recentes tag-centro-de-artes tag-discoteca-l-c-vinholes tag-fonografia tag-instituto-moreira-salles tag-jornada tag-jornada-de-fonografia tag-sandor-buys tag-ufpel\">\n\n\t\t\t\t\n\t\t\t\t<h3><a href=\"https:\/\/wp.ufpel.edu.br\/discoteca\/2025\/10\/27\/discoteca-l-c-vinholes-promove-i-jornada-de-fonografia\/\">Discoteca L. C. Vinholes promove I Jornada de Fonografia<\/a><\/h3>\n\t\t\t\t<div class=\"excerpt\"><p>O Laborat\u00f3rio de Etnomusicologia (LabEt) e a Discoteca L. C. Vinholes, em parceria com o Programa de P\u00f3s-gradua\u00e7\u00e3o em Artes da Universidade Federal de Pelotas (UFPEL), promovem nos dias 30 e 31 de outubro a I Jornada de Fonografia, evento que tem por objetivo promover a mem\u00f3ria sonora de Pelotas e fortalecer o patrim\u00f4nio cultural [&hellip;]<\/p>\n<\/div>\n\t\t\t\t\t\t\t\t<a class=\"more-button\" href=\"https:\/\/wp.ufpel.edu.br\/discoteca\/2025\/10\/27\/discoteca-l-c-vinholes-promove-i-jornada-de-fonografia\/\">Leia mais <i><\/i><\/a>\t\t\t<\/article>\n\t\t\t\t\t\t<article class=\"grid-post post-1359 post type-post status-publish format-standard hentry category-noticias tag-doutor-honoris-causa tag-l-c-vinholes\">\n\n\t\t\t\t\n\t\t\t\t<h3><a href=\"https:\/\/wp.ufpel.edu.br\/discoteca\/2023\/08\/29\/ufpel-presta-homenagens-a-l-c-vinholes\/\">UFPEL presta homenagens a L. C. Vinholes<\/a><\/h3>\n\t\t\t\t<div class=\"excerpt\"><p>A Universidade Federal de Pelotas (UFPEL) promove s\u00e9rie de atividades em celebra\u00e7\u00e3o \u00e0 vida e obra de L. C. Vinholes em 2023 O ano de 2023 registra ao menos duas efem\u00e9rides marcantes na vida de L. C. Vinholes. Em 10 de abril, o patrono da Discoteca do Centro de Artes da Universidade Federal de Pelotas [&hellip;]<\/p>\n<\/div>\n\t\t\t\t\t\t\t\t<a class=\"more-button\" href=\"https:\/\/wp.ufpel.edu.br\/discoteca\/2023\/08\/29\/ufpel-presta-homenagens-a-l-c-vinholes\/\">Leia mais <i><\/i><\/a>\t\t\t<\/article>\n\t\t\t\t\t\t<article class=\"grid-post post-1070 post type-post status-publish format-standard hentry category-noticias\">\n\n\t\t\t\t\n\t\t\t\t<h3><a href=\"https:\/\/wp.ufpel.edu.br\/discoteca\/2022\/03\/30\/60-anos-da-musica-aleatoria\/\">60 anos da m\u00fasica aleat\u00f3ria<\/a><\/h3>\n\t\t\t\t<div class=\"excerpt\"><p>Uma obra pioneira na hist\u00f3ria da m\u00fasica aleat\u00f3ria completou 60 anos de sua primeira utiliza\u00e7\u00e3o em 31 de dezembro de 2021. Trata-se da Instru\u00e7\u00e3o, para quatro instrumentos quaisquer e quatro colaboradores (1961), nome posteriormente simplificado para Instru\u00e7\u00e3o 61. A obra foi criada pelo compositor Luiz Carlos Lessa Vinholes (Pelotas, RS, 1933) em sua primeira estada [&hellip;]<\/p>\n<\/div>\n\t\t\t\t\t\t\t\t<a class=\"more-button\" href=\"https:\/\/wp.ufpel.edu.br\/discoteca\/2022\/03\/30\/60-anos-da-musica-aleatoria\/\">Leia mais <i><\/i><\/a>\t\t\t<\/article>\n\t\t\t\t\t\t<article class=\"grid-post post-1155 post type-post status-publish format-audio hentry category-noticias post_format-post-format-audio\">\n\n\t\t\t\t\n\t\t\t\t<h3><a href=\"https:\/\/wp.ufpel.edu.br\/discoteca\/2022\/01\/27\/spots-dia-do-patrimonio-2021\/\">Spots Dia do Patrim\u00f4nio 2021<\/a><\/h3>\n\t\t\t\t<div class=\"excerpt\"><\/div>\n\t\t\t\t\t\t\t\t<a class=\"more-button\" href=\"https:\/\/wp.ufpel.edu.br\/discoteca\/2022\/01\/27\/spots-dia-do-patrimonio-2021\/\">Leia mais <i><\/i><\/a>\t\t\t<\/article>\n\t\t\t\t\t\t\t<div class=\"clear\"><\/div>\n\t\t\t\t\t<\/div>\n\n\t<\/div><\/div><\/div><\/div><div id=\"pg-953-2\"  class=\"panel-grid panel-has-style\" ><div class=\"siteorigin-panels-stretch panel-row-style panel-row-style-for-953-2\" data-stretch-type=\"full\" ><div id=\"pgc-953-2-0\"  class=\"panel-grid-cell\" ><div id=\"panel-953-2-0-0\" class=\"so-panel widget panel-first-child panel-last-child\" data-index=\"5\" ><div class=\"panel-widget-style panel-widget-style-for-953-2-0-0\" ><\/div><\/div><\/div><\/div><\/div><div id=\"pg-953-3\"  class=\"panel-grid panel-has-style\" ><div class=\"siteorigin-panels-stretch panel-row-style panel-row-style-for-953-3\" data-stretch-type=\"full\" ><div id=\"pgc-953-3-0\"  class=\"panel-grid-cell\" ><div id=\"panel-953-3-0-0\" class=\"so-panel widget widget_sow-image panel-first-child panel-last-child\" data-index=\"6\" ><div\n\t\t\t\n\t\t\tclass=\"so-widget-sow-image so-widget-sow-image-default-dbf295114b96-1155\"\n\t\t\t\n\t\t>\n<div class=\"sow-image-container\">\n\t\t\t<a href=\"https:\/\/l.ufpel.edu.br\/jornada-fonografia\"\n\t\t\ttarget=\"_blank\" rel=\"noopener noreferrer\" \t\t>\n\t\t\t<img \n\tsrc=\"https:\/\/i0.wp.com\/wp.ufpel.edu.br\/discoteca\/files\/2025\/10\/Slider-Jornada-de-Fonografia.png?fit=1040%2C400&amp;ssl=1\" width=\"1040\" height=\"400\" srcset=\"https:\/\/i0.wp.com\/wp.ufpel.edu.br\/discoteca\/files\/2025\/10\/Slider-Jornada-de-Fonografia.png?w=1040&amp;ssl=1 1040w, https:\/\/i0.wp.com\/wp.ufpel.edu.br\/discoteca\/files\/2025\/10\/Slider-Jornada-de-Fonografia.png?resize=400%2C154&amp;ssl=1 400w, https:\/\/i0.wp.com\/wp.ufpel.edu.br\/discoteca\/files\/2025\/10\/Slider-Jornada-de-Fonografia.png?resize=1024%2C394&amp;ssl=1 1024w, https:\/\/i0.wp.com\/wp.ufpel.edu.br\/discoteca\/files\/2025\/10\/Slider-Jornada-de-Fonografia.png?resize=768%2C295&amp;ssl=1 768w\" title=\"Discoteca L. C. Vinholes da UFPEL promove Jornada de Fonografia \" alt=\"\" \t\tclass=\"so-widget-image\"\/>\n\t\t\t<\/a><\/div>\n\n<\/div><\/div><\/div><\/div><\/div><div id=\"pg-953-4\"  class=\"panel-grid panel-has-style\" ><div class=\"siteorigin-panels-stretch panel-row-style panel-row-style-for-953-4\" data-stretch-type=\"full\" ><div id=\"pgc-953-4-0\"  class=\"panel-grid-cell\" ><div id=\"panel-953-4-0-0\" class=\"so-panel widget widget_widget_contact_info widget_contact_info panel-first-child panel-last-child\" data-index=\"7\" ><div class=\"panel-widget-style panel-widget-style-for-953-4-0-0\" ><h3 class=\"widget-title\">Onde estamos<\/h3><div itemscope itemtype=\"http:\/\/schema.org\/LocalBusiness\"><div class=\"confit-address\" itemscope itemtype=\"http:\/\/schema.org\/PostalAddress\" itemprop=\"address\"><a href=\"https:\/\/maps.google.com\/maps?z=16&#038;q=rua%2Bcel.%2Balberto%2Brosa%2C%2B62%2B-%2Bsalas%2B303%2F304%2B96010-770%2B-%2Bcentro%2C%2Bpelotas%2B-%2Brs\" target=\"_blank\" rel=\"noopener noreferrer\">Rua Cel. Alberto Rosa, 62 - Salas 303\/304<br\/>96010-770 - Centro, Pelotas - RS<\/a><\/div><div class=\"confit-phone\"><span itemprop=\"telephone\">53 3284.3113 (Temporariamente indispon\u00edvel).  Ligue para recep\u00e7\u00e3o Centro de Artes: 3284-5512<\/span><\/div><div class=\"confit-email\"><a href=\"mailto:discoteca@ufpel.edu.br\">discoteca@ufpel.edu.br<\/a><\/div><\/div><\/div><\/div><\/div><div id=\"pgc-953-4-1\"  class=\"panel-grid-cell panel-grid-cell-empty\" ><\/div><div id=\"pgc-953-4-2\"  class=\"panel-grid-cell\" ><div id=\"panel-953-4-2-0\" class=\"so-panel widget widget_radio-widget federalfm panel-first-child panel-last-child\" data-index=\"8\" ><div class=\"panel-widget-style panel-widget-style-for-953-4-2-0\" ><h3 class=\"widget-title\">R\u00e1dio Federal FM 107.9 UFPEL<\/h3>\t\t<div class=\"federalfm-conteudo\">\n\t\t\t<div class=\"federalfm-popup\"><a href=\"#\" onClick=\"window.open('https:\/\/wp.ufpel.edu.br\/discoteca\/wp-content\/plugins\/widgets-ufpel\/radio\/player.php','','toolbar=no,location=no,directories=no,status=no,menubar=no,scrollbars=no,resizable=no,width=500,height=180'); return false;\">Abrir em uma nova janela <span class=\"dashicons dashicons-external\"><\/span><\/a><\/div>\n\t\t\t<div id=\"jquery_jplayer_1\" class=\"jp-jplayer\"><\/div>\n\t\t\t<div id=\"jp_container_1\" class=\"jp-audio\" role=\"application\" aria-label=\"media player\">\n\t\t\t\t<div class=\"jp-type-single\">\n\t\t\t\t\t<div class=\"jp-gui jp-interface\">\n\t\t\t\t\t\t<div class=\"jp-controls\">\n\t\t\t\t\t\t\t<button class=\"jp-play dashicons dashicons-controls-play\" role=\"button\" tabindex=\"0\"><\/button>\n\t\t\t\t\t\t<\/div>\n\t\t\t\t\t\t<div class=\"jp-volume-controls\" style=\"left: 110px;\">\n\t\t\t\t\t\t\t<button class=\"jp-mute dashicons dashicons-controls-volumeoff\" role=\"button\" tabindex=\"0\"><\/button>\n\t\t\t\t\t\t\t<div class=\"jp-volume-bar\">\n\t\t\t\t\t\t\t\t<div class=\"jp-volume-bar-value\"><\/div>\n\t\t\t\t\t\t\t<\/div>\n\t\t\t\t\t\t\t<button class=\"jp-volume-max dashicons dashicons-controls-volumeon\" role=\"button\" tabindex=\"0\"><\/button>\n\t\t\t\t\t\t<\/div>\n\t\t\t\t\t<\/div>\n\t\t\t\t\t<div class=\"jp-no-solution\">\n\t\t\t\t\t\tNavegador n\u00e3o possui suporte para este fluxo de \u00e1udio.\t\t\t\t\t<\/div>\n\t\t\t\t<\/div>\n\t\t\t<\/div>\n\t\t\t<div id=\"metadata\" class=\"federalfm-metadata\">\n\t\t\t<\/div>\n\n\t\t\t<div class=\"federalfm-info\">\n\t\t\t\t<a href=\"https:\/\/federalfm.ufpel.edu.br\" target=\"_blank\">Acesse o site da R\u00e1dio<\/a>\n\t\t\t<\/div>\n\t\t<\/div>\n\n<\/div><\/div><\/div><\/div><\/div><div id=\"pg-953-5\"  class=\"panel-grid panel-has-style\" ><div class=\"siteorigin-panels-stretch panel-row-style panel-row-style-for-953-5\" data-stretch-type=\"full\" ><div id=\"pgc-953-5-0\"  class=\"panel-grid-cell\" ><div id=\"panel-953-5-0-0\" class=\"so-panel widget widget_sow-button panel-first-child panel-last-child\" data-index=\"9\" ><div\n\t\t\t\n\t\t\tclass=\"so-widget-sow-button so-widget-sow-button-wire-9860cbcc69bb-1155\"\n\t\t\t\n\t\t><div class=\"ow-button-base ow-button-align-center\"\n>\n\t\t\t<a\n\t\t\t\t\thref=\"https:\/\/wp.ufpel.edu.br\/perguntas\/solicitar-atendimento\/\"\n\t\t\t\t\tclass=\"sowb-button ow-icon-placement-left ow-button-hover\" target=\"_blank\" rel=\"noopener noreferrer\" \t>\n\t\t<span>\n\t\t\t<span class=\"sow-icon-materialicons sowm-regular\" data-sow-icon=\"&#xe8af\"\n\t\tstyle=\"\" \n\t\taria-hidden=\"true\"><\/span>\n\t\t\tATENDIMENTO\t\t<\/span>\n\t\t\t<\/a>\n\t<\/div>\n<\/div><\/div><\/div><div id=\"pgc-953-5-1\"  class=\"panel-grid-cell panel-grid-cell-empty\" ><\/div><div id=\"pgc-953-5-2\"  class=\"panel-grid-cell\" ><div id=\"panel-953-5-2-0\" class=\"so-panel widget widget_sow-button panel-first-child panel-last-child\" data-index=\"10\" ><div\n\t\t\t\n\t\t\tclass=\"so-widget-sow-button so-widget-sow-button-wire-9860cbcc69bb-1155\"\n\t\t\t\n\t\t><div class=\"ow-button-base ow-button-align-center\"\n>\n\t\t\t<a\n\t\t\t\t\thref=\"https:\/\/wp.ufpel.edu.br\/discoteca\/contato\/\"\n\t\t\t\t\tclass=\"sowb-button ow-icon-placement-left ow-button-hover\" \t>\n\t\t<span>\n\t\t\t<span class=\"sow-icon-materialicons sowm-regular\" data-sow-icon=\"&#xe0b9\"\n\t\tstyle=\"\" \n\t\taria-hidden=\"true\"><\/span>\n\t\t\tENTRE EM CONTATO\t\t<\/span>\n\t\t\t<\/a>\n\t<\/div>\n<\/div><\/div><\/div><\/div><\/div><\/div>","protected":false},"excerpt":{"rendered":"","protected":false},"author":597,"featured_media":0,"parent":0,"menu_order":0,"comment_status":"closed","ping_status":"closed","template":"home-panels.php","meta":{"jetpack_post_was_ever_published":false,"footnotes":""},"class_list":["post-953","page","type-page","status-publish","hentry","post"],"jetpack_sharing_enabled":true,"jetpack_shortlink":"https:\/\/wp.me\/P7aR1J-fn","jetpack-related-posts":[{"id":14,"url":"https:\/\/wp.ufpel.edu.br\/discoteca\/apresentacao\/","url_meta":{"origin":953,"position":0},"title":"APRESENTA\u00c7\u00c3O","author":"discoteca","date":"27\/11\/2015","format":false,"excerpt":"\u00a0 \u00a0 A Discoteca L. C. Vinholes \u00e9 um acervo p\u00fablico sob a guarda do Centro de Artes da Universidade Federal de Pelotas (CA\/UFPEL), uma institui\u00e7\u00e3o federal de ensino superior situada no munic\u00edpio de Pelotas, estado do Rio Grande do Sul. Criada em maio de 1992 pelo professor Mario de\u2026","rel":"","context":"Post similar","block_context":{"text":"Post similar","link":""},"img":{"alt_text":"","src":"","width":0,"height":0},"classes":[]}],"_links":{"self":[{"href":"https:\/\/wp.ufpel.edu.br\/discoteca\/wp-json\/wp\/v2\/pages\/953","targetHints":{"allow":["GET"]}}],"collection":[{"href":"https:\/\/wp.ufpel.edu.br\/discoteca\/wp-json\/wp\/v2\/pages"}],"about":[{"href":"https:\/\/wp.ufpel.edu.br\/discoteca\/wp-json\/wp\/v2\/types\/page"}],"author":[{"embeddable":true,"href":"https:\/\/wp.ufpel.edu.br\/discoteca\/wp-json\/wp\/v2\/users\/597"}],"replies":[{"embeddable":true,"href":"https:\/\/wp.ufpel.edu.br\/discoteca\/wp-json\/wp\/v2\/comments?post=953"}],"version-history":[{"count":4,"href":"https:\/\/wp.ufpel.edu.br\/discoteca\/wp-json\/wp\/v2\/pages\/953\/revisions"}],"predecessor-version":[{"id":1716,"href":"https:\/\/wp.ufpel.edu.br\/discoteca\/wp-json\/wp\/v2\/pages\/953\/revisions\/1716"}],"wp:attachment":[{"href":"https:\/\/wp.ufpel.edu.br\/discoteca\/wp-json\/wp\/v2\/media?parent=953"}],"curies":[{"name":"wp","href":"https:\/\/api.w.org\/{rel}","templated":true}]}}