{"id":43,"date":"2020-06-22T19:47:11","date_gmt":"2020-06-22T22:47:11","guid":{"rendered":"https:\/\/wp.ufpel.edu.br\/direitodeolhonosocial\/?page_id=43"},"modified":"2020-06-23T15:08:23","modified_gmt":"2020-06-23T18:08:23","slug":"o-direito-de-olho-no-social-nas-escolas","status":"publish","type":"page","link":"https:\/\/wp.ufpel.edu.br\/direitodeolhonosocial\/o-direito-de-olho-no-social-nas-escolas\/","title":{"rendered":"Acesso \u00e0 Justi\u00e7a"},"content":{"rendered":"<p><strong>11.11.2019<\/strong><a href=\"https:\/\/wp.ufpel.edu.br\/ppgd\/files\/2019\/11\/EEEM-Dr.-Almicar-Gigante.jpg\"><img class=\"aligncenter size-medium wp-image-2214\" src=\"https:\/\/wp.ufpel.edu.br\/ppgd\/files\/2019\/11\/EEEM-Dr.-Almicar-Gigante-400x225.jpg\" alt=\"\" width=\"400\" height=\"225\" \/><\/a><\/p>\n<p>Dia 11.11.2019 \u2013 Atividade sobre viol\u00eancia dom\u00e9stica e formas alternativas de solu\u00e7\u00e3o de conflitos realizada\u00a0 na EEEM Dr. Almicar Gigante.<\/p>\n<p><strong>27.10.2019<\/strong><a href=\"https:\/\/wp.ufpel.edu.br\/ppgd\/files\/2019\/10\/WhatsApp-Image-2019-10-27-at-15.16.37.jpeg\"><img class=\"aligncenter size-medium wp-image-2176\" src=\"https:\/\/wp.ufpel.edu.br\/ppgd\/files\/2019\/10\/WhatsApp-Image-2019-10-27-at-15.16.37-400x300.jpeg\" alt=\"\" width=\"400\" height=\"300\" \/><\/a><\/p>\n<p>Dia 27.10.2019 \u2013 Atendimento jur\u00eddico no 1\u00ba Mutir\u00e3o Comunit\u00e1rio, atividade do Ex\u00e9rcito da Salva\u00e7\u00e3o, na Av. Fernando Os\u00f3rio, 6745.<\/p>\n<p>&nbsp;<\/p>\n<p>&nbsp;<\/p>\n<p><strong>19.10.2019<\/strong><br \/>\n<a href=\"https:\/\/wp.ufpel.edu.br\/ppgd\/files\/2019\/10\/WhatsApp-Image-2019-10-19-at-12.26.39.jpeg\"><img class=\"aligncenter size-medium wp-image-2177\" src=\"https:\/\/wp.ufpel.edu.br\/ppgd\/files\/2019\/10\/WhatsApp-Image-2019-10-19-at-12.26.39-400x225.jpeg\" alt=\"\" width=\"400\" height=\"225\" \/><\/a><\/p>\n<p>Dia 19.10.2019 \u2013 Escola Dr. Jos\u00e9 Brusque Filho, no bairro Porto.<\/p>\n<p>&nbsp;<\/p>\n<p><strong>28.09.2019<\/strong><a href=\"https:\/\/wp.ufpel.edu.br\/ppgd\/files\/2019\/10\/WhatsApp-Image-2019-09-28-at-10.05.45.jpeg\"><img class=\"aligncenter size-medium wp-image-2149\" src=\"https:\/\/wp.ufpel.edu.br\/ppgd\/files\/2019\/10\/WhatsApp-Image-2019-09-28-at-10.05.45-400x225.jpeg\" alt=\"\" width=\"400\" height=\"225\" \/><\/a><\/p>\n<p>28.09.2019 \u2013 Visitamos a Escola Mal. Lu\u00eds Alves de Lima e Silva, no bairro Fragata. A atividade, que se deu juntamente a outras promovidas pelo col\u00e9gio, consistiu em orienta\u00e7\u00f5es jur\u00eddicas para a comunidade.<\/p>\n<p>26.10.19 \u2013 Retorno \u00e0 escola para orienta\u00e7\u00f5es jur\u00eddicas.<\/p>\n<p>&nbsp;<\/p>\n<p>&nbsp;<\/p>\n<p><strong>10.09.2019<\/strong><\/p>\n<p><a href=\"https:\/\/wp.ufpel.edu.br\/ppgd\/files\/2019\/09\/IMG-20190910-WA0038.jpg\"><img class=\"aligncenter size-medium wp-image-2116\" src=\"https:\/\/wp.ufpel.edu.br\/ppgd\/files\/2019\/09\/IMG-20190910-WA0038-400x300.jpg\" alt=\"\" width=\"400\" height=\"300\" \/><\/a><\/p>\n<p>10.09.2019 \u2013 Nesta data, o nosso projeto se direcionou a Escola Adolfo Ferrer, no bairro Fragata, onde ministramos uma palestra sobre solu\u00e7\u00e3o consensual de conflitos. Tamb\u00e9m, apresentamos um J\u00fari simulado sobre feminic\u00eddio.<\/p>\n<p>&nbsp;<\/p>\n<p><strong>08.06.2019<\/strong><\/p>\n<p><a href=\"https:\/\/wp.ufpel.edu.br\/ppgd\/files\/2019\/09\/1.jpg\"><img class=\"aligncenter size-medium wp-image-2114\" src=\"https:\/\/wp.ufpel.edu.br\/ppgd\/files\/2019\/09\/1-400x225.jpg\" alt=\"\" width=\"400\" height=\"225\" \/><\/a><\/p>\n<p>08.06.2019 \u2013 Em junho, visitamos a Escola Francisco Caruccio, no bairro Tr\u00eas Vendas. A atividade ocorreu durante a realiza\u00e7\u00e3o da festa junina no col\u00e9gio. Assim, divulgamos o projeto e prestamos orienta\u00e7\u00f5es jur\u00eddicas, direcionando ao atendimento mais adequado para cada caso.<\/p>\n<p>&nbsp;<\/p>\n<p><strong>18.05.2019<\/strong><\/p>\n<p><a href=\"https:\/\/wp.ufpel.edu.br\/ppgd\/files\/2019\/09\/2.jpg\"><img class=\"aligncenter size-medium wp-image-2115\" src=\"https:\/\/wp.ufpel.edu.br\/ppgd\/files\/2019\/09\/2-400x225.jpg\" alt=\"\" width=\"400\" height=\"225\" \/><\/a><\/p>\n<p>18.05.2019- Estivemos na Pra\u00e7a Coronel Pedro Os\u00f3rio, num evento chamado \u201cUniversidade na Pra\u00e7a\u201d, junto com diversos outros cursos da Universidade Federal de Pelotas. No local, prestamos servi\u00e7o de assist\u00eancia jur\u00eddica ao p\u00fablico, al\u00e9m da realizarmos um j\u00fari simulado sobre feminic\u00eddio, trazendo informa\u00e7\u00f5es importantes acerca da viol\u00eancia contra a mulher.<\/p>\n","protected":false},"excerpt":{"rendered":"<p>11.11.2019 Dia 11.11.2019 \u2013 Atividade sobre viol\u00eancia dom\u00e9stica e formas alternativas de solu\u00e7\u00e3o de conflitos realizada\u00a0 na EEEM Dr. Almicar Gigante. 27.10.2019 Dia 27.10.2019 \u2013 Atendimento jur\u00eddico no 1\u00ba Mutir\u00e3o Comunit\u00e1rio, atividade do Ex\u00e9rcito da Salva\u00e7\u00e3o, na Av. Fernando Os\u00f3rio, 6745. &nbsp; &nbsp; 19.10.2019 Dia 19.10.2019 \u2013 Escola Dr. Jos\u00e9 Brusque Filho, no bairro Porto. [&hellip;]<\/p>\n","protected":false},"author":1027,"featured_media":0,"parent":0,"menu_order":0,"comment_status":"closed","ping_status":"closed","template":"","meta":{"footnotes":""},"class_list":["post-43","page","type-page","status-publish","hentry"],"_links":{"self":[{"href":"https:\/\/wp.ufpel.edu.br\/direitodeolhonosocial\/wp-json\/wp\/v2\/pages\/43","targetHints":{"allow":["GET"]}}],"collection":[{"href":"https:\/\/wp.ufpel.edu.br\/direitodeolhonosocial\/wp-json\/wp\/v2\/pages"}],"about":[{"href":"https:\/\/wp.ufpel.edu.br\/direitodeolhonosocial\/wp-json\/wp\/v2\/types\/page"}],"author":[{"embeddable":true,"href":"https:\/\/wp.ufpel.edu.br\/direitodeolhonosocial\/wp-json\/wp\/v2\/users\/1027"}],"replies":[{"embeddable":true,"href":"https:\/\/wp.ufpel.edu.br\/direitodeolhonosocial\/wp-json\/wp\/v2\/comments?post=43"}],"version-history":[{"count":6,"href":"https:\/\/wp.ufpel.edu.br\/direitodeolhonosocial\/wp-json\/wp\/v2\/pages\/43\/revisions"}],"predecessor-version":[{"id":104,"href":"https:\/\/wp.ufpel.edu.br\/direitodeolhonosocial\/wp-json\/wp\/v2\/pages\/43\/revisions\/104"}],"wp:attachment":[{"href":"https:\/\/wp.ufpel.edu.br\/direitodeolhonosocial\/wp-json\/wp\/v2\/media?parent=43"}],"curies":[{"name":"wp","href":"https:\/\/api.w.org\/{rel}","templated":true}]}}