{"id":133,"date":"2011-04-07T17:31:36","date_gmt":"2011-04-07T20:31:36","guid":{"rendered":"https:\/\/wp.ufpel.edu.br\/direito\/"},"modified":"2011-05-23T17:37:48","modified_gmt":"2011-05-23T20:37:48","slug":"direito-civil-i","status":"publish","type":"page","link":"https:\/\/wp.ufpel.edu.br\/direito\/faculdade\/organizacao\/departamentos\/primeiro-departamento\/direito-civil-i\/","title":{"rendered":"Direito Civil"},"content":{"rendered":"<p>DIREITO CIVIL I &#8211; PARTE GERAL:\u00a0No\u00e7\u00e3o de Direito. Direito P\u00fablico e Privado. O Direito Civil no quadro do Direito. Hist\u00f3rico do Direito Civil Brasileiro. Fontes do Direito. A Lei e sua interpreta\u00e7\u00e3o. As pessoas. Os bens. As rela\u00e7\u00f5es jur\u00eddicas. Os fatos jur\u00eddicos. Prescri\u00e7\u00e3o e decad\u00eancia.<\/p>\n<p>DIREITO CIVIL II &#8211; OBRIGA\u00c7\u00d5ES E CONTRATO:\u00a0No\u00e7\u00e3o de obriga\u00e7\u00e3o. Fontes e elementos constitutivos das obriga\u00e7\u00f5es. Modalidades de obriga\u00e7\u00f5es. Extin\u00e7\u00e3o das obriga\u00e7\u00f5es. Inexecu\u00e7\u00e3o das obriga\u00e7\u00f5es. Mora. No\u00e7\u00e3o de contrato. Princ\u00edpios do Direito Contratual. Classifica\u00e7\u00e3o dos contratos. Forma\u00e7\u00e3o dos contratos. Contrato preliminar. Garantias contratuais. Evic\u00e7\u00e3o. V\u00edcios redibit\u00f3rios. Extin\u00e7\u00e3o de contratos. Teoria da imprevis\u00e3o. Os contratos no C\u00f3digo de Defesa do Consumidor.<\/p>\n<p style=\"text-align: justify\">DIREITO CIVIL III &#8211; CONTRATOS EM ESP\u00c9CIE:\u00a0Estudo dos principais contratos nominados. Os contratos inominados. Novas figuras contratuais.<\/p>\n<p style=\"text-align: justify\">DIREITO CIVIL IV- DIREITOS REAIS:\u00a0A natureza jur\u00eddica do Direito das Coisas. Posse e propriedade. As teorias sobre a posse. A propriedade (aquisi\u00e7\u00e3o e perda). Condom\u00ednio. Direitos reais sobre coisas alheias (direitos de uso, gozo e frui\u00e7\u00e3o; direitos de garantia). Direitos reais de aquisi\u00e7\u00e3o.<\/p>\n<p style=\"text-align: justify\">DIREITO CIVIL V &#8211; DIREITO DE FAM\u00cdLIA E DIREITO DAS SUCESS\u00d5ES:\u00a0A fam\u00edlia como realidade sociol\u00f3gica e sua contempla\u00e7\u00e3o pelo Direito. O casamento e a sociedade conjugal. Outras formas de constitui\u00e7\u00e3o da fam\u00edlia. Os regimes de bens. A dissolu\u00e7\u00e3o da sociedade conjugal. O div\u00f3rcio. Concubinato e uni\u00e3o est\u00e1vel. Direito das sucess\u00f5es. Capacidade sucess\u00f3ria. Sucess\u00e3o leg\u00edtima e Sucess\u00e3o testament\u00e1ria. A ordem da voca\u00e7\u00e3o heredit\u00e1ria. O direito de representa\u00e7\u00e3o. Testamento. Requisitos de validade. A execu\u00e7\u00e3o das disposi\u00e7\u00f5es testament\u00e1rias.<\/p>\n<p>Para acessar a disciplina <a href=\"http:\/\/avainstitucional.ufpel.edu.br\/login\/index.php\">clique aqui.<\/a><\/p>\n","protected":false},"excerpt":{"rendered":"<p>DIREITO CIVIL I &#8211; PARTE GERAL:\u00a0No\u00e7\u00e3o de Direito. Direito P\u00fablico e Privado. O Direito Civil no quadro do Direito. Hist\u00f3rico do Direito Civil Brasileiro. Fontes do Direito. A Lei e sua interpreta\u00e7\u00e3o. As pessoas. Os bens. As rela\u00e7\u00f5es jur\u00eddicas. Os fatos jur\u00eddicos. Prescri\u00e7\u00e3o e decad\u00eancia. DIREITO CIVIL II &#8211; OBRIGA\u00c7\u00d5ES E CONTRATO:\u00a0No\u00e7\u00e3o de obriga\u00e7\u00e3o. Fontes [&hellip;]<\/p>\n","protected":false},"author":97,"featured_media":0,"parent":77,"menu_order":1,"comment_status":"closed","ping_status":"closed","template":"","meta":{"footnotes":""},"class_list":["post-133","page","type-page","status-publish","hentry"],"publishpress_future_action":{"enabled":false,"date":"2026-05-06 23:54:33","action":"change-status","newStatus":"draft","terms":[],"taxonomy":"","extraData":[]},"publishpress_future_workflow_manual_trigger":{"enabledWorkflows":[]},"_links":{"self":[{"href":"https:\/\/wp.ufpel.edu.br\/direito\/wp-json\/wp\/v2\/pages\/133","targetHints":{"allow":["GET"]}}],"collection":[{"href":"https:\/\/wp.ufpel.edu.br\/direito\/wp-json\/wp\/v2\/pages"}],"about":[{"href":"https:\/\/wp.ufpel.edu.br\/direito\/wp-json\/wp\/v2\/types\/page"}],"author":[{"embeddable":true,"href":"https:\/\/wp.ufpel.edu.br\/direito\/wp-json\/wp\/v2\/users\/97"}],"replies":[{"embeddable":true,"href":"https:\/\/wp.ufpel.edu.br\/direito\/wp-json\/wp\/v2\/comments?post=133"}],"version-history":[{"count":8,"href":"https:\/\/wp.ufpel.edu.br\/direito\/wp-json\/wp\/v2\/pages\/133\/revisions"}],"predecessor-version":[{"id":476,"href":"https:\/\/wp.ufpel.edu.br\/direito\/wp-json\/wp\/v2\/pages\/133\/revisions\/476"}],"up":[{"embeddable":true,"href":"https:\/\/wp.ufpel.edu.br\/direito\/wp-json\/wp\/v2\/pages\/77"}],"wp:attachment":[{"href":"https:\/\/wp.ufpel.edu.br\/direito\/wp-json\/wp\/v2\/media?parent=133"}],"curies":[{"name":"wp","href":"https:\/\/api.w.org\/{rel}","templated":true}]}}