{"id":137,"date":"2016-03-12T02:04:59","date_gmt":"2016-03-12T05:04:59","guid":{"rendered":"https:\/\/wp.ufpel.edu.br\/diehl\/?page_id=137"},"modified":"2017-09-26T08:45:12","modified_gmt":"2017-09-26T11:45:12","slug":"eu","status":"publish","type":"page","link":"https:\/\/wp.ufpel.edu.br\/diehl\/","title":{"rendered":""},"content":{"rendered":"<p><a href=\"https:\/\/wp.ufpel.edu.br\/diehl\/files\/2016\/03\/diehl51.jpg\" rel=\"attachment wp-att-160\"><img loading=\"lazy\" decoding=\"async\" class=\"wp-image-160 alignleft\" src=\"https:\/\/wp.ufpel.edu.br\/diehl\/files\/2016\/03\/diehl51-184x318.jpg\" alt=\"diehl51\" width=\"143\" height=\"247\" srcset=\"https:\/\/wp.ufpel.edu.br\/diehl\/files\/2016\/03\/diehl51-184x318.jpg 184w, https:\/\/wp.ufpel.edu.br\/diehl\/files\/2016\/03\/diehl51-92x159.jpg 92w, https:\/\/wp.ufpel.edu.br\/diehl\/files\/2016\/03\/diehl51-768x1329.jpg 768w, https:\/\/wp.ufpel.edu.br\/diehl\/files\/2016\/03\/diehl51.jpg 1424w\" sizes=\"auto, (max-width: 143px) 100vw, 143px\" \/><\/a>Esta \u00e9 a p\u00e1gina do Prof. Alexandre Diehl, professor titular do Instituto de F\u00edsica e Matem\u00e1tica da Universidade Federal de Pelotas.<\/p>\n<p>DsC &#8211; Universidade Federal do Rio Grande do Sul, 1997<br \/>\nP\u00f3s-doutorado: Princeton University, 2001-2003<\/p>\n<p><a href=\"http:\/\/www.researcherid.com\/rid\/M-7125-2015\" target=\"_blank\" rel=\"attachment wp-att-228\"><img loading=\"lazy\" decoding=\"async\" class=\"wp-image-228 alignleft\" src=\"https:\/\/wp.ufpel.edu.br\/diehl\/files\/2016\/03\/rid-idsymbol4.gif\" alt=\"\" width=\"90\" height=\"53\" \/><\/a><a href=\"http:\/\/lattes.cnpq.br\/3821085455618389\" target=\"_blank\" rel=\"attachment wp-att-238\"><img loading=\"lazy\" decoding=\"async\" class=\"alignleft wp-image-238\" src=\"https:\/\/wp.ufpel.edu.br\/diehl\/files\/2016\/03\/cnpq.jpeg\" alt=\"\" width=\"131\" height=\"54\" srcset=\"https:\/\/wp.ufpel.edu.br\/diehl\/files\/2016\/03\/cnpq.jpeg 350w, https:\/\/wp.ufpel.edu.br\/diehl\/files\/2016\/03\/cnpq-212x87.jpeg 212w\" sizes=\"auto, (max-width: 131px) 100vw, 131px\" \/><\/a><\/p>\n<p>&nbsp;<\/p>\n<p>&nbsp;<\/p>\n<p><strong>\u00c1reas de pesquisa<\/strong><\/p>\n<ul>\n<li>Equil\u00edbrio de fases em eletr\u00f3litos: teoria e simula\u00e7\u00e3o<\/li>\n<li>Solu\u00e7\u00f5es coloidais: teoria e simula\u00e7\u00e3o<\/li>\n<li>Complexa\u00e7\u00e3o de pol\u00edmeros carregados e surfactantes i\u00f4nicos<\/li>\n<li>Simula\u00e7\u00e3o de canais i\u00f4nicos<\/li>\n<\/ul>\n<p><strong>Publica\u00e7\u00f5es selecionadas<\/strong><\/p>\n<ul type=\"disc\">\n<li style=\"text-align: justify\"><a href=\"http:\/\/pubs.acs.org\/doi\/abs\/10.1021%2Fla100604k\">Surface tensions, surface potentials, and the Hofmeister series of electrolyte solutions<\/a>. A. P. dos Santos, A. Diehl, and Y. Levin. <i>Langmuir<\/i> <b>26<\/b>, 10778 (2010).<\/li>\n<li style=\"text-align: justify\"><a href=\"http:\/\/prl.aps.org\/abstract\/PRL\/v103\/i25\/e257802\">Ions at the air-water interface: An end to a hundred-year old mystery?<\/a>. Y. Levin, A. P. dos Santos, and A. Diehl, <i>Phys. Rev. Lett.<\/i> <b>103<\/b>, 257802 (2009).<\/li>\n<li style=\"text-align: justify\"><a href=\"http:\/\/link.aps.org\/doi\/10.1103\/PhysRevE.71.046118\">Phase Transition and Tricriticality in the Lattice Restricted Primitive Model<\/a>. A. Diehl, and A. Z. Panagiotopoulos. <i>J. Chem. Phys.<\/i> <b>118<\/b>, 4993 (2003).<\/li>\n<li style=\"text-align: justify\">Counterion correlations and attraction between like-charged macromolecules. A. Diehl, H. A. Carmona, and Y. Levin. <i>Phys. Rev. E<\/i> <b>64,<\/b> 011804 (2001).<\/li>\n<li style=\"text-align: justify\">Charge renormalization and phase separation in colloidal suspensions. A. Diehl, M. C. Barbosa, and Y. Levin. <i>Europhys. Lett.<\/i> <b>53<\/b>, 92 (2001).<\/li>\n<li style=\"text-align: justify\">\u00a0Scaling behavior in explosive fragmentation. A. Diehl, H. A. Carmona, L. E. Araripe, J. S. Andrade, and G. A. Farias. <i>Phys. Rev. E<\/i> <b>62,<\/b> 4746 (2000).<\/li>\n<\/ul>\n<p><span style=\"font-size: small\">\u00a0<\/span><\/p>\n<p>Acessos desde 01\/03\/2016\u00a0 <img decoding=\"async\" src=\"http:\/\/minerva.ufpel.edu.br\/cgi-bin\/Count.cgi?df=diehl.dat|dd=B|ft=0|md=5\u2033\" alt=\"\" align=\"absmiddle\" \/><\/p>\n","protected":false},"excerpt":{"rendered":"<p>Esta \u00e9 a p\u00e1gina do Prof. Alexandre Diehl, professor titular do Instituto de F\u00edsica e Matem\u00e1tica da Universidade Federal de Pelotas. DsC &#8211; Universidade Federal do Rio Grande do Sul, 1997 P\u00f3s-doutorado: Princeton University, 2001-2003 &nbsp; &nbsp; \u00c1reas de pesquisa &hellip; <a href=\"https:\/\/wp.ufpel.edu.br\/diehl\/\">Continue lendo <span class=\"meta-nav\">&rarr;<\/span><\/a><\/p>\n","protected":false},"author":803,"featured_media":0,"parent":0,"menu_order":0,"comment_status":"closed","ping_status":"closed","template":"","meta":{"footnotes":""},"class_list":["post-137","page","type-page","status-publish","hentry"],"_links":{"self":[{"href":"https:\/\/wp.ufpel.edu.br\/diehl\/wp-json\/wp\/v2\/pages\/137","targetHints":{"allow":["GET"]}}],"collection":[{"href":"https:\/\/wp.ufpel.edu.br\/diehl\/wp-json\/wp\/v2\/pages"}],"about":[{"href":"https:\/\/wp.ufpel.edu.br\/diehl\/wp-json\/wp\/v2\/types\/page"}],"author":[{"embeddable":true,"href":"https:\/\/wp.ufpel.edu.br\/diehl\/wp-json\/wp\/v2\/users\/803"}],"replies":[{"embeddable":true,"href":"https:\/\/wp.ufpel.edu.br\/diehl\/wp-json\/wp\/v2\/comments?post=137"}],"version-history":[{"count":75,"href":"https:\/\/wp.ufpel.edu.br\/diehl\/wp-json\/wp\/v2\/pages\/137\/revisions"}],"predecessor-version":[{"id":253,"href":"https:\/\/wp.ufpel.edu.br\/diehl\/wp-json\/wp\/v2\/pages\/137\/revisions\/253"}],"wp:attachment":[{"href":"https:\/\/wp.ufpel.edu.br\/diehl\/wp-json\/wp\/v2\/media?parent=137"}],"curies":[{"name":"wp","href":"https:\/\/api.w.org\/{rel}","templated":true}]}}