{"id":182,"date":"2018-06-05T13:33:19","date_gmt":"2018-06-05T16:33:19","guid":{"rendered":"https:\/\/wp.ufpel.edu.br\/desafiomuralgbiotec\/?page_id=182"},"modified":"2019-08-07T09:00:43","modified_gmt":"2019-08-07T12:00:43","slug":"edicoes-anteriores","status":"publish","type":"page","link":"https:\/\/wp.ufpel.edu.br\/desafiomuralgbiotec\/edicoes-anteriores\/","title":{"rendered":"Edi\u00e7\u00f5es anteriores"},"content":{"rendered":"<header class=\"entry-header\">\n<h1 class=\"entry-title\"><span style=\"font-size: 18pt\">IV Espa\u00e7o Ci\u00eancia<\/span><\/h1>\n<\/header>\n<div class=\"entry-content\">\n<p>O\u00a0<strong>IV Espa\u00e7o Ci\u00eancia<\/strong>\u00a0\u00e9 um evento para divulga\u00e7\u00e3o cient\u00edfica e tecnol\u00f3gica que aproxima universidades e empresas trazendo conhecimento e informa\u00e7\u00e3o para a comunidade.<\/p>\n<p><strong>IV Espa\u00e7o Ci\u00eancia<\/strong>\u00a0foi realizado no dia 22 de outubro de 2018,\u00a0no per\u00edodo\u00a0da tarde no\u00a0<strong>Parque Tecnol\u00f3gico de Pelotas<\/strong><\/p>\n<p>OS TRABALHOS DESTAQUES FORAM:<\/p>\n<p><strong>PALESTRA:\u00a0<\/strong><\/p>\n<p>A gesta\u00e7\u00e3o nas diferentes esp\u00e9cies<\/p>\n<p><strong>BANNERS:<\/strong><\/p>\n<p>Vacinas: Treinando o sistema imune para o combate a doen\u00e7as<\/p>\n<p>Hist\u00f3rias infantis como ferramenta de educa\u00e7\u00e3o em sa\u00fade<\/p>\n<p><strong>MOSTRA INTERATIVA:<\/strong><\/p>\n<p>UFPEL ROCKET TEAM<\/p>\n<p>&nbsp;<\/p>\n<p>&nbsp;<\/p>\n<p><strong>Hor\u00e1rio em que as palestras foram realizadas:<\/strong><\/p>\n<p>14:00 \u2013 14:40 Donamaid<br \/>\n14:40 \u2013 15:15 A Biotecnologia no dia-a-dia<br \/>\n15:20 \u2013 15:55 Kefir<br \/>\n16:00 \u2013 16:35 A gesta\u00e7\u00e3o nas diferentes esp\u00e9cies<br \/>\n16:35 \u2013 17:00 Short Talk \u2013 CIGAM Gestor<br \/>\n17:00 \u2013 17:30 Short Talk \u2013 TopWay English School<br \/>\n17:30 \u2013 18:00 Vacinas<\/p>\n<p><strong>Os trabalhos selecionados para o IV ESPA\u00c7O CI\u00caNCIA FORAM:<\/strong><\/p>\n<p><strong>EDITAL B \u2013 EMPRESAS:<\/strong><\/p>\n<p><strong>PALESTRA DE ABERTURA<\/strong><\/p>\n<p>Donamaid \u2013 Empresa incubada na Conectar<\/p>\n<p><strong>BANNERS:<\/strong><\/p>\n<p>Bio Plant Tech \u2013 Empresa incubada na Conectar<\/p>\n<p>EFICIOBRA \u2013 Empresa incubada no CIEMSUL<\/p>\n<p><strong>SHORT TALKS:<\/strong><\/p>\n<p>TopWay English School \u2013 Thiago Nunes \u2013 CEO<\/p>\n<p>CIGAM Gestor<\/p>\n<p><strong>EDITAL\u00a0 A:<\/strong><\/p>\n<p><strong>PALESTRAS:<\/strong><\/p>\n<ul>\n<li>Kefir<\/li>\n<li>A Biotecnologia no dia-a-dia<\/li>\n<li>A gesta\u00e7\u00e3o nas diferentes esp\u00e9cies<\/li>\n<li>Vacinas<\/li>\n<\/ul>\n<p><strong>MOSTRA INTERATIVA:<\/strong><\/p>\n<ul>\n<li>Talk Science<\/li>\n<li>Molecul\u00e1rio<\/li>\n<li>Kefir<\/li>\n<li>Bioqu\u00edmica do cotidiano<\/li>\n<li>Sement\u00e1rio<\/li>\n<li>Visualiza\u00e7\u00e3o de c\u00e9lulas animais<\/li>\n<li>B-Bioteca<\/li>\n<li>Amigo das abelhas<\/li>\n<li>Cromossomo em 3D<\/li>\n<li>A Biotecnologia para nossa vida<\/li>\n<li>DNA na escola<\/li>\n<li>UFPEL ROCKET TEAM<\/li>\n<li>Aprendendo e ensinando doen\u00e7as parasit\u00e1rias<\/li>\n<li>Vida de inseto<\/li>\n<li>Intera\u00e7\u00e3o entre a ci\u00eancia e a comunidade<\/li>\n<\/ul>\n<p><strong>BANNERS:<\/strong><\/p>\n<ul>\n<li>Tecnologia da informa\u00e7\u00e3o no processo de ensino aprendizagem<\/li>\n<li>Biotecnologia e a Sua Import\u00e2ncia Para a Sociedade<\/li>\n<li>Conhecendo a Produ\u00e7\u00e3o\u00a0<em>in vitro<\/em>\u00a0de Embri\u00f5es<\/li>\n<li>Banco de germoplasma: A arca de No\u00e9 das esp\u00e9cies vegetais<\/li>\n<li>Material l\u00fadico alternativo para medicina veterin\u00e1ria<\/li>\n<li>Geriatria de pequenos animais: Disfun\u00e7\u00e3o cognitiva canina<\/li>\n<li>CLINPET: Levando informa\u00e7\u00e3o \u00e0 popula\u00e7\u00e3o como a\u00e7\u00e3o preventiva nas doen\u00e7as de c\u00e3es e gatos<\/li>\n<li>Novembro azul canino<\/li>\n<li>Introdu\u00e7\u00e3o \u00e0 microbiologia b\u00e1sica para alunos de n\u00edvel m\u00e9dio<\/li>\n<li>Vacinas: Treinando o sistema imune para o combate a doen\u00e7as<\/li>\n<li>Role Playing Game (RPG) como ferramenta para populariza\u00e7\u00e3o da ci\u00eancia e tecnologia<\/li>\n<li>Biotecnologia na UFPel: Conhe\u00e7a os laborat\u00f3rios e as linhas de pesquisas<\/li>\n<li>Uso de temperaturas ultrabaixas na conserva\u00e7\u00e3o de germoplasma<\/li>\n<li>Seu pet ouve bem?<\/li>\n<li>Marcadores Moleculares: aplica\u00e7\u00f5es na cinofilia<\/li>\n<li>Desbravando as fronteiras da comunica\u00e7\u00e3o: Projeto de demonstra\u00e7\u00e3o da Lingua Americana de Sinais (ASL) em contraponto com a L\u00edngua Brasileira de Sinais (LIBRAS)<\/li>\n<li>Hist\u00f3rias infantis como ferramenta de educa\u00e7\u00e3o em sa\u00fade<\/li>\n<li>Centros da diversidade: A \u201cCaderneta de poupan\u00e7a\u201d de plantas<\/li>\n<li>Materiais l\u00fadicos na constru\u00e7\u00e3o do conhecimento em reprodu\u00e7\u00e3o animal de f\u00eameas<\/li>\n<li>Benef\u00edcios das interven\u00e7\u00f5es assistidas por animais<\/li>\n<li>A import\u00e2ncia da ci\u00eancia de animais de laborat\u00f3rio<\/li>\n<li>Material did\u00e1tico para interpreta\u00e7\u00e3o de exame colpocitol\u00f3gico de f\u00eameas caninas e felinas<\/li>\n<li>O que aconteceria\u00a0se as abelhas desaparecessem do mundo?<\/li>\n<\/ul>\n<\/div>\n<p>&nbsp;<\/p>\n<p><strong>Trabalhos apresentados no III ESPA\u00c7O CI\u00caNCIA:<\/strong><\/p>\n<p><strong>As oficinas foram ministradas por:<\/strong><\/p>\n<ul>\n<li>Extra\u00e7\u00e3o de DNA (Camila Bender, Julieti Buss, Mariana Sonego, Nat\u00e1lia Segatto)<\/li>\n<li>T\u00e9cnicas de Pedriatria Veterin\u00e1ria (Andreia Anciuti, Stela Gheller, Lu\u00edsa Corr\u00eaa, Betina Keidann)<\/li>\n<li>Probi\u00f3ticos: Os Amigos Microsc\u00f3picos da Sa\u00fade e Bem-Estar (Giana Gaboardi, Emili Griep, Rafael Donassolo, Henrique Sim\u00e3o)<\/li>\n<li>Cultura de Tecidos Vegetais (Luize Mascarenhas, Liliane \u00a0Varnes, Alejandra Sanchez e Uli Trindade)<\/li>\n<\/ul>\n<p>&nbsp;<\/p>\n<p><strong>Os palestrantes:<\/strong><\/p>\n<ul>\n<li><span style=\"color: #000000\">Empreendedorismo (Equipe do Parque Tecnol\u00f3gico)<\/span><\/li>\n<li>Big Brain Theory: Desbravando o C\u00e9rebro ( Fernanda Sousa, Paloma Birmann; Mariana Fronza, Rodolfo Baldinotti, Lucielli Savagnago)<\/li>\n<li>Biotecnologia para que (Luize Mascatenhas, Liliane Varnes, Aury de Oliveira Filho, Christian Sanchez)<\/li>\n<li>Estrat\u00e9gias de Aprendizagem (Darling Loure\u00e7o , Lucielli Savagnago)<\/li>\n<li>Biotecnologia, um Amplo Universo de Inova\u00e7\u00f5es ( Elias Barbosa da Rosa)<\/li>\n<li>O \u00a0C\u00e9rebro Como ele \u00e9 ( Angela Casaril, Darling Louren\u00e7o, Micaela Domingues, Suely Bamp, Lucielli Savagnago)<\/li>\n<li>Probi\u00f3ticos (Amanda Guimar\u00e3es)<\/li>\n<li>Biotecnologia e Inova\u00e7\u00e3o (Vinicius Campos)<\/li>\n<\/ul>\n<p><strong>Os trabalhos expostos na Mostra:<\/strong><\/p>\n<ul>\n<li>Biotecnologia forense<\/li>\n<li>Quebra-Cabe\u00e7a Celular<\/li>\n<li>Marcadores Fluorescentes em Biotecnologia<\/li>\n<li>Gesta\u00e7\u00e3o em Cadelas<\/li>\n<li>Embriologia<\/li>\n<li>Citometria de Fluxo<\/li>\n<li>Cientifica Mente<\/li>\n<li>Micropropaga\u00e7\u00e3o in vitro de plantas<\/li>\n<li>Bioprocessos<\/li>\n<li>\u00c1reas de aplica\u00e7\u00e3o da biotecnologia no dia-a-dia<\/li>\n<li>A\u00e7\u00e3o contra o c\u00e2ncer testicular canino<\/li>\n<li>Painel e mostra de DNA<\/li>\n<li>Modelos Did\u00e1ticos<\/li>\n<li>Qualidade da \u00e1gua e do leite<\/li>\n<li>Molecul\u00e1rio \u2013 Uma cole\u00e7\u00e3o de Biomol\u00e9culas<\/li>\n<li>Bio\u00e9tica<\/li>\n<li>Linha do Tempo<\/li>\n<li>Livro Ensino de Ci\u00eancias e Biologia: Experi\u00eancias do Programa Novos Talentos<\/li>\n<\/ul>\n<p><strong>O Lan\u00e7amento do Livro: Ensino de Ci\u00eancias e Biologia<\/strong><\/p>\n<p>Para fazer o Download dos livros da autora<a href=\"https:\/\/goo.gl\/forms\/ZktoGz6B6iQvCsGY2\"> CLIQUE AQUI!<\/a><\/p>\n","protected":false},"excerpt":{"rendered":"<p>IV Espa\u00e7o Ci\u00eancia O\u00a0IV Espa\u00e7o Ci\u00eancia\u00a0\u00e9 um evento para divulga\u00e7\u00e3o cient\u00edfica e tecnol\u00f3gica que aproxima universidades e empresas trazendo conhecimento e informa\u00e7\u00e3o para a comunidade. IV Espa\u00e7o Ci\u00eancia\u00a0foi realizado no dia 22 de outubro de 2018,\u00a0no per\u00edodo\u00a0da tarde no\u00a0Parque Tecnol\u00f3gico de Pelotas OS TRABALHOS DESTAQUES FORAM: PALESTRA:\u00a0 A gesta\u00e7\u00e3o nas diferentes esp\u00e9cies BANNERS: Vacinas: Treinando &hellip; <a href=\"https:\/\/wp.ufpel.edu.br\/desafiomuralgbiotec\/edicoes-anteriores\/\" class=\"more-link\">Continue lendo <span class=\"screen-reader-text\">Edi\u00e7\u00f5es anteriores<\/span> <span class=\"meta-nav\">&rarr;<\/span><\/a><\/p>\n","protected":false},"author":659,"featured_media":0,"parent":0,"menu_order":7,"comment_status":"closed","ping_status":"closed","template":"","meta":{"footnotes":""},"class_list":["post-182","page","type-page","status-publish","hentry"],"_links":{"self":[{"href":"https:\/\/wp.ufpel.edu.br\/desafiomuralgbiotec\/wp-json\/wp\/v2\/pages\/182","targetHints":{"allow":["GET"]}}],"collection":[{"href":"https:\/\/wp.ufpel.edu.br\/desafiomuralgbiotec\/wp-json\/wp\/v2\/pages"}],"about":[{"href":"https:\/\/wp.ufpel.edu.br\/desafiomuralgbiotec\/wp-json\/wp\/v2\/types\/page"}],"author":[{"embeddable":true,"href":"https:\/\/wp.ufpel.edu.br\/desafiomuralgbiotec\/wp-json\/wp\/v2\/users\/659"}],"replies":[{"embeddable":true,"href":"https:\/\/wp.ufpel.edu.br\/desafiomuralgbiotec\/wp-json\/wp\/v2\/comments?post=182"}],"version-history":[{"count":4,"href":"https:\/\/wp.ufpel.edu.br\/desafiomuralgbiotec\/wp-json\/wp\/v2\/pages\/182\/revisions"}],"predecessor-version":[{"id":266,"href":"https:\/\/wp.ufpel.edu.br\/desafiomuralgbiotec\/wp-json\/wp\/v2\/pages\/182\/revisions\/266"}],"wp:attachment":[{"href":"https:\/\/wp.ufpel.edu.br\/desafiomuralgbiotec\/wp-json\/wp\/v2\/media?parent=182"}],"curies":[{"name":"wp","href":"https:\/\/api.w.org\/{rel}","templated":true}]}}