{"id":189,"date":"2015-03-23T13:46:07","date_gmt":"2015-03-23T16:46:07","guid":{"rendered":"https:\/\/wp.ufpel.edu.br\/depfis\/?page_id=189"},"modified":"2025-07-01T16:47:41","modified_gmt":"2025-07-01T19:47:41","slug":"representacoes","status":"publish","type":"page","link":"https:\/\/wp.ufpel.edu.br\/depfis\/representacoes\/","title":{"rendered":"Representa\u00e7\u00f5es"},"content":{"rendered":"<p style=\"text-align: center;\"><strong>DEPARTAMENTO DE F\u00cdSICA<\/strong><\/p>\n<p><strong>\u00a0<\/strong><strong>REPRESENTA\u00c7\u00c3O DOCENTE NOS COLEGIADOS DE CURSO<\/strong><\/p>\n<table style=\"height: 1044px; width: 821px;\">\n<tbody>\n<tr style=\"height: 39px;\">\n<td style=\"width: 312px; height: 39px;\" width=\"214\"><strong><em>CURSO &#8211; ANO DE PORTARIA<\/em><\/strong><\/td>\n<td style=\"width: 293px; height: 39px;\" width=\"214\"><strong><em>REPRESENTANTE<\/em><\/strong><\/td>\n<td style=\"width: 338px; height: 39px;\" width=\"214\"><strong><em>SUPLENTE<\/em><\/strong><\/td>\n<\/tr>\n<tr style=\"height: 39px;\">\n<td style=\"width: 312px; height: 39px;\" width=\"214\"><em>Agronomia &#8211; 2018<\/em><\/td>\n<td style=\"width: 293px; height: 39px;\" width=\"214\"><em>Paulo Sergio Kuhn<\/em><\/td>\n<td style=\"width: 338px; height: 39px;\" width=\"214\"><em>Daniel Tavares da Silva<\/em><\/td>\n<\/tr>\n<tr style=\"height: 39px;\">\n<td style=\"width: 312px; height: 39px;\" width=\"214\"><em>Ci\u00eancias Biol\u00f3gicas &#8211; 2023<\/em><\/td>\n<td style=\"width: 293px; height: 39px;\" width=\"214\"><em>\u00c1lvaro Leonardi Ayala Filho<\/em><\/td>\n<td style=\"width: 338px; height: 39px;\" width=\"214\"><em>Paulo Sergio Kuhn<\/em><\/td>\n<\/tr>\n<tr style=\"height: 39px;\">\n<td style=\"width: 312px; height: 39px;\" width=\"214\"><em>Engenharia Agr\u00edcola &#8211; 2017<\/em><\/td>\n<td style=\"width: 293px; height: 39px;\" width=\"214\"><em>Sem representante<\/em><\/td>\n<td style=\"width: 338px; height: 39px;\" width=\"214\"><\/td>\n<\/tr>\n<tr style=\"height: 39px;\">\n<td style=\"width: 312px; height: 39px;\" width=\"214\"><em>Eng. Controle e Automa\u00e7\u00e3o\u00a0 &#8211; 2017<\/em><\/td>\n<td style=\"width: 293px; height: 39px;\" width=\"214\"><em>Sem representante<\/em><\/td>\n<td style=\"width: 338px; height: 39px;\" width=\"214\"><\/td>\n<\/tr>\n<tr style=\"height: 39px;\">\n<td style=\"width: 312px; height: 39px;\" width=\"214\"><em>Engenharia Civil &#8211; 2018<\/em><\/td>\n<td style=\"width: 293px; height: 39px;\" width=\"214\"><em>Sem representante<\/em><\/td>\n<td style=\"width: 338px; height: 39px;\" width=\"214\"><\/td>\n<\/tr>\n<tr style=\"height: 39px;\">\n<td style=\"width: 312px; height: 39px;\" width=\"214\"><em>Engenharia da Computa\u00e7\u00e3o &#8211; 2018<\/em><\/td>\n<td style=\"width: 293px; height: 39px;\" width=\"214\"><em>Sem representante<\/em><\/td>\n<td style=\"width: 338px; height: 39px;\" width=\"214\"><\/td>\n<\/tr>\n<tr style=\"height: 39px;\">\n<td style=\"width: 312px; height: 39px;\" width=\"214\"><em>Engenharia Eletr\u00f4nica &#8211; 2017<\/em><\/td>\n<td style=\"width: 293px; height: 39px;\" width=\"214\"><em>Sem representante<\/em><\/td>\n<td style=\"width: 338px; height: 39px;\" width=\"214\"><\/td>\n<\/tr>\n<tr style=\"height: 39px;\">\n<td style=\"width: 312px; height: 39px;\" width=\"214\"><em>Engenharia Geol\u00f3gica &#8211; 2017<\/em><\/td>\n<td style=\"width: 293px; height: 39px;\" width=\"214\"><em>Sem representante<\/em><\/td>\n<td style=\"width: 338px; height: 39px;\" width=\"214\"><\/td>\n<\/tr>\n<tr style=\"height: 39px;\">\n<td style=\"width: 312px; height: 39px;\" width=\"214\"><em>Engenharia H\u00eddrica &#8211; 2017<\/em><\/td>\n<td style=\"width: 293px; height: 39px;\" width=\"214\"><em>Sem representante<\/em><\/td>\n<td style=\"width: 338px; height: 39px;\" width=\"214\"><\/td>\n<\/tr>\n<tr style=\"height: 39px;\">\n<td style=\"width: 312px; height: 39px;\" width=\"214\"><em>Eng. Industrial\u00a0<\/em><i>Madeireira &#8211; 2018<\/i><\/td>\n<td style=\"width: 293px; height: 39px;\" width=\"214\"><em>Sem representante<\/em><\/td>\n<td style=\"width: 338px; height: 39px;\" width=\"214\"><\/td>\n<\/tr>\n<tr style=\"height: 39px;\">\n<td style=\"width: 312px; height: 39px;\" width=\"214\"><em>Engenharia de Materiais &#8211; 2018<\/em><\/td>\n<td style=\"width: 293px; height: 39px;\" width=\"214\"><em>Sem representante<\/em><\/td>\n<td style=\"width: 338px; height: 39px;\" width=\"214\"><\/td>\n<\/tr>\n<tr style=\"height: 39px;\">\n<td style=\"width: 312px; height: 39px;\" width=\"214\"><em>Engenharia do Petr\u00f3leo &#8211; 2018<\/em><\/td>\n<td style=\"width: 293px; height: 39px;\" width=\"214\"><em>Sem representante<\/em><\/td>\n<td style=\"width: 338px; height: 39px;\" width=\"214\"><\/td>\n<\/tr>\n<tr style=\"height: 39px;\">\n<td style=\"width: 312px; height: 39px;\" width=\"214\"><em>Engenharia de Produ\u00e7\u00e3o &#8211; 2018<\/em><\/td>\n<td style=\"width: 293px; height: 39px;\" width=\"214\"><em>Sem representante<\/em><\/td>\n<td style=\"width: 338px; height: 39px;\" width=\"214\"><\/td>\n<\/tr>\n<tr style=\"height: 39px;\">\n<td style=\"width: 312px; height: 39px;\" width=\"214\"><em>Eng. Sanit\u00e1ria e Ambiental &#8211; 2018<\/em><\/td>\n<td style=\"width: 293px; height: 39px;\" width=\"214\"><em>Sem representante<\/em><\/td>\n<td style=\"width: 338px; height: 39px;\" width=\"214\"><\/td>\n<\/tr>\n<tr style=\"height: 39px;\">\n<td style=\"width: 312px; height: 39px;\" width=\"214\"><em>Farm\u00e1cia &#8211; 2018<\/em><\/td>\n<td style=\"width: 293px; height: 39px;\" width=\"214\"><em>Pedro Lovato Gomes Jardim<\/em><\/td>\n<td style=\"width: 338px; height: 39px;\" width=\"214\"><em>Werner Kramback Sauter<\/em><\/td>\n<\/tr>\n<tr style=\"height: 39px;\">\n<td style=\"width: 312px; height: 39px;\" width=\"214\"><em>Bacharelado em Qu\u00edmica &#8211; 2018<\/em><\/td>\n<td style=\"width: 293px; height: 39px;\" width=\"214\"><em>Paulo Sergio Kuhn<\/em><\/td>\n<td style=\"width: 338px; height: 39px;\" width=\"214\"><em>Eduardo Henriques<\/em><\/td>\n<\/tr>\n<tr style=\"height: 39px;\">\n<td style=\"width: 312px; height: 39px;\" width=\"214\"><em>Licenciatura em Qu\u00edmica &#8211; 2018<\/em><\/td>\n<td style=\"width: 293px; height: 39px;\" width=\"214\"><em>Eduardo Henriques<\/em><\/td>\n<td style=\"width: 338px; height: 39px;\" width=\"214\"><em>Paulo Sergio Kuhn<\/em><\/td>\n<\/tr>\n<tr style=\"height: 62px;\">\n<td style=\"width: 312px; height: 62px;\" width=\"214\"><em>Lic. em Matem\u00e1tica &#8211; integral &#8211; 2018<\/em><\/td>\n<td style=\"width: 293px; height: 62px;\" width=\"214\"><em>\u00c1lvaro Leonardi Ayala Filho<\/em><\/td>\n<td style=\"width: 338px; height: 62px;\" width=\"214\"><em>Werner Kramback Sauter<\/em><\/td>\n<\/tr>\n<tr style=\"height: 62px;\">\n<td style=\"width: 312px; height: 62px;\" width=\"214\"><em>Lic. em Matem\u00e1tica &#8211; noturno &#8211; 2018<\/em><\/td>\n<td style=\"width: 293px; height: 62px;\" width=\"214\"><em>Werner Kramback Sauter<\/em><\/td>\n<td style=\"width: 338px; height: 62px;\" width=\"214\"><em>\u00c1lvaro Leonardi Ayala Filho<\/em><\/td>\n<\/tr>\n<tr style=\"height: 62px;\">\n<td style=\"width: 312px; height: 62px;\" width=\"214\"><em>Meteorologia &#8211; 2018<\/em><\/td>\n<td style=\"width: 293px; height: 62px;\" width=\"214\"><em>Eduardo Fontes Henriques <\/em><br \/>\n<em>\u00a0Arlan Ferreira da Silva<\/em><\/td>\n<td style=\"width: 338px; height: 62px;\" width=\"214\"><em>Virg\u00ednia Mello Alves <\/em><br \/>\n<em>Pedro Lovato Gomes Jardim<\/em><\/td>\n<\/tr>\n<tr style=\"height: 39px;\">\n<td style=\"width: 312px; height: 39px;\" width=\"214\"><em>Qu\u00edmica de Alimentos &#8211; 2018<\/em><\/td>\n<td style=\"width: 293px; height: 39px;\" width=\"214\"><em>Jos\u00e9 Rafael Bordin<\/em><\/td>\n<td style=\"width: 338px; height: 39px;\" width=\"214\"><em>Pedro Lovato Gomes Jardim<\/em><\/td>\n<\/tr>\n<tr style=\"height: 39px;\">\n<td style=\"width: 312px; height: 39px;\" width=\"214\"><em>Qu\u00edmica Industrial &#8211; 2018<\/em><\/td>\n<td style=\"width: 293px; height: 39px;\" width=\"214\"><em>Jos\u00e9 Rafael Bordin<\/em><\/td>\n<td style=\"width: 338px; height: 39px;\" width=\"214\"><em>Fernando Jaques Ruiz Sim\u00f5es J\u00fanior<\/em><\/td>\n<\/tr>\n<tr style=\"height: 39px;\">\n<td style=\"width: 312px; height: 39px;\" width=\"214\"><em>Qu\u00edmica Forense &#8211; 2017<\/em><\/td>\n<td style=\"width: 293px; height: 39px;\" width=\"214\"><em>Alexandre Diehl<\/em><\/td>\n<td style=\"width: 338px; height: 39px;\" width=\"214\"><em>M\u00e1rio Luiz Lopes da Silva<\/em><\/td>\n<\/tr>\n<tr style=\"height: 39px;\">\n<td style=\"width: 312px; height: 39px;\" width=\"214\"><em>Veterin\u00e1ria &#8211; 2014<\/em><\/td>\n<td style=\"width: 293px; height: 39px;\" width=\"214\"><em>William Edgardo Alayo Rodriguez<\/em><\/td>\n<td style=\"width: 338px; height: 39px;\" width=\"214\"><em>F\u00e1bio Teixeira Dias<\/em><\/td>\n<\/tr>\n<\/tbody>\n<\/table>\n<p><strong>Coordenador PIBID<\/strong> \u2013\u00a0 <em>Rafael Cavagnoli<\/em><\/p>\n<p><strong>Coordenador PET<\/strong> \u2013 <em>F\u00e1bio Teixeira Dias<\/em><\/p>\n<p><strong>Composi\u00e7\u00e3o do Colegiado do Curso de Licenciatura em F\u00edsica, do Instituto de F\u00edsica e Matem\u00e1tica &#8211; Portaria 2018:<\/strong><\/p>\n<p><strong>\u00c1rea Profissionalizante<\/strong><\/p>\n<p><strong>Departamento de F\u00edsica\/IFM:<\/strong><\/p>\n<p><em>Prof. Alexandre Diehl (Coordenador)<\/em><br \/>\n<em>Prof. Carlos Alberto Vaz de Morais Junior<\/em><br \/>\n<em>Prof. F\u00e1bio Teixeira Dias<\/em><br \/>\n<em>Prof. Valdemar das Neves Vieira<\/em><br \/>\n<em>Prof. Wagner Tenfen<\/em><br \/>\n<em>Prof. Eduardo Fontes Henriques (suplente)<\/em><br \/>\n<em>Prof. Fernando Jaques Ruiz Sim\u00f5es Junior (suplente)<\/em><\/p>\n<p><strong>\u00c1rea B\u00e1sica<\/strong><\/p>\n<p><strong>Departamento de Matem\u00e1tica e Estat\u00edstica\/IFM:<\/strong><\/p>\n<p><em>Prof. Fernanda Kr\u00fcger Tomaschewski<\/em><br \/>\n<em>Prof. Janice Nery (suplente)<\/em><\/p>\n<p><strong>Departamento de Fundamentos da Educa\u00e7\u00e3o\/FaE:<\/strong><\/p>\n<p><em>Prof. Jovino Pizzi<\/em><br \/>\n<em>Prof. Paulo Lisandro Amaral Marques (suplente)<\/em><\/p>\n<p><strong>Representa\u00e7\u00e3o Discente<\/strong><\/p>\n<p><em>Acad\u00eamica Alice Horbe Santana<\/em><br \/>\n<em>Acad\u00eamico Maruan Silva dos Santos<\/em><br \/>\n<em>Acad\u00eamico Joaquim Modesto dos Passos (suplente)<\/em><br \/>\n<em>Acad\u00eamico Rafael da Silva Braz (suplente)<\/em><\/p>\n<p><strong>Colegiado do Curso de Bacharelado em F\u00edsica, do Instituto de F\u00edsica e Matem\u00e1tica &#8211; Portaria 2018:<\/strong><\/p>\n<p><strong>\u00c1rea Profissionalizante<\/strong><\/p>\n<p><strong>Departamento de F\u00edsica\/IFM:<\/strong><\/p>\n<p><em>Prof. Willian Edgardo Alayo Rodriguez (Coordenador)<\/em><br \/>\n<em>Prof. Joel Pavan<\/em><br \/>\n<em>Prof. M\u00e1rio L\u00facio Moreira<\/em><br \/>\n<em>Prof. Maur\u00edcio Jeomar Piotrowski<\/em><br \/>\n<em>Prof. Werner Krambeck Sauter<\/em><br \/>\n<em>Prof. Wagner Tenfen (suplente)<\/em><\/p>\n<p><strong>\u00c1rea B\u00e1sica<\/strong><\/p>\n<p><strong>Departamento de Matem\u00e1tica e Estat\u00edstica\/IFM:<\/strong><\/p>\n<p><em>Prof. Fabr\u00edcio Bandeira Cabral<\/em><br \/>\n<em>Prof. Alexandre Molter (suplente)<\/em><\/p>\n<p><strong>Representa\u00e7\u00e3o Discente<\/strong><\/p>\n<p><em>Acad. Alexandra Gouv\u00eaa Lucatelli<\/em><br \/>\n<em>Acad. Ot\u00e1vio Rodrigues Filho<\/em><br \/>\n<em>Acad. Samantha Alves Lameiro (suplente)<\/em><br \/>\n<em>Acad. William Lima Caiano (suplente)<\/em><\/p>\n<p>Representa\u00e7\u00e3o discente no DF \u2013 Titular: Alexandre Vargas Ilha\u00a0 Suplente:\u00a0 Leonardo dos Santos Ferreira<\/p>\n<p><strong>Composi\u00e7\u00e3o do Colegiado do Programa de P\u00f3s-Gradua\u00e7\u00e3o em<\/strong><br \/>\n<strong>F\u00edsica, do Instituto de F\u00edsica e Matem\u00e1tica &#8211; Portaria 2018:<\/strong><\/p>\n<p>Membros Permanentes:<\/p>\n<p><em>Prof. Wagner Tenfen (Coordenador)<\/em><br \/>\n<em>Prof. Carlos Alberto Vaz de Morais Junior<\/em><br \/>\n<em>Prof. F\u00e1bio Teixeira Dias<\/em><br \/>\n<em>Prof. Joel Pavan<\/em><br \/>\n<em>Prof. Jos\u00e9 Rafael Bordin<\/em><br \/>\n<em>Prof. M\u00e1rio L\u00facio Moreira<\/em><br \/>\n<em>Prof. Mario Luiz Lopes da Silva<\/em><br \/>\n<em>Prof. Mateus Meneghetti Ferrer<\/em><br \/>\n<em>Prof. Maur\u00edcio Jeomar Piotrowski<\/em><br \/>\n<em>Prof. Pedro Lovato Gomes Jardim<\/em><br \/>\n<em>Prof. S\u00e9rgio da Silva Cava<\/em><br \/>\n<em>Prof. Valdemar das Neves Vieira<\/em><br \/>\n<em>Prof. Victor Paulo Barros Gon\u00e7alves<\/em><br \/>\n<em>Prof. Werner Krambeck Sauter<\/em><br \/>\n<em>Prof. Willian Edgardo Alayo Rodriguez<\/em><\/p>\n<p>Colaborador:<\/p>\n<p><em>Prof. Fernando Jaques Ruiz Sim\u00f5es Junior<\/em><\/p>\n<p>Visitantes:<\/p>\n<p><em>Prof. Pedro Jos\u00e9 Silva Mujica<\/em><\/p>\n<p>Representa\u00e7\u00e3o Discente:<\/p>\n<p><em>Samantha Cardoso Alves<\/em><br \/>\n<em>Fenike Silva das Neves <\/em><br \/>\n<em>Gabriel Martins dos Santos<\/em><\/p>\n<p>&nbsp;<\/p>\n","protected":false},"excerpt":{"rendered":"<p>DEPARTAMENTO DE F\u00cdSICA \u00a0REPRESENTA\u00c7\u00c3O DOCENTE NOS COLEGIADOS DE CURSO CURSO &#8211; ANO DE PORTARIA REPRESENTANTE SUPLENTE Agronomia &#8211; 2018 Paulo Sergio Kuhn Daniel Tavares da Silva Ci\u00eancias Biol\u00f3gicas &#8211; 2023 \u00c1lvaro Leonardi Ayala Filho Paulo Sergio Kuhn Engenharia Agr\u00edcola &#8211; 2017 Sem representante Eng. Controle e Automa\u00e7\u00e3o\u00a0 &#8211; 2017 Sem representante Engenharia Civil &#8211; 2018 &hellip; <\/p>\n<p><a class=\"more-link btn\" href=\"https:\/\/wp.ufpel.edu.br\/depfis\/representacoes\/\">Continue lendo<\/a><\/p>\n","protected":false},"author":489,"featured_media":0,"parent":0,"menu_order":0,"comment_status":"closed","ping_status":"closed","template":"","meta":{"footnotes":""},"class_list":["post-189","page","type-page","status-publish","hentry","nodate","item-wrap"],"_links":{"self":[{"href":"https:\/\/wp.ufpel.edu.br\/depfis\/wp-json\/wp\/v2\/pages\/189","targetHints":{"allow":["GET"]}}],"collection":[{"href":"https:\/\/wp.ufpel.edu.br\/depfis\/wp-json\/wp\/v2\/pages"}],"about":[{"href":"https:\/\/wp.ufpel.edu.br\/depfis\/wp-json\/wp\/v2\/types\/page"}],"author":[{"embeddable":true,"href":"https:\/\/wp.ufpel.edu.br\/depfis\/wp-json\/wp\/v2\/users\/489"}],"replies":[{"embeddable":true,"href":"https:\/\/wp.ufpel.edu.br\/depfis\/wp-json\/wp\/v2\/comments?post=189"}],"version-history":[{"count":57,"href":"https:\/\/wp.ufpel.edu.br\/depfis\/wp-json\/wp\/v2\/pages\/189\/revisions"}],"predecessor-version":[{"id":1823,"href":"https:\/\/wp.ufpel.edu.br\/depfis\/wp-json\/wp\/v2\/pages\/189\/revisions\/1823"}],"wp:attachment":[{"href":"https:\/\/wp.ufpel.edu.br\/depfis\/wp-json\/wp\/v2\/media?parent=189"}],"curies":[{"name":"wp","href":"https:\/\/api.w.org\/{rel}","templated":true}]}}