{"id":906,"date":"2019-07-12T11:34:26","date_gmt":"2019-07-12T14:34:26","guid":{"rendered":"https:\/\/wp.ufpel.edu.br\/danca\/?page_id=906"},"modified":"2026-02-06T15:12:22","modified_gmt":"2026-02-06T18:12:22","slug":"apoio","status":"publish","type":"page","link":"https:\/\/wp.ufpel.edu.br\/danca\/curso\/apoio\/","title":{"rendered":"Apoio T\u00e9cnico"},"content":{"rendered":"<hr \/>\n<p><span style=\"font-size: 10pt; font-family: verdana, geneva, sans-serif;\"><strong>Catia Fernandes de Carvalho &#8211; t\u00e9cnica administrativa &#8211; core\u00f3grafa<br \/>\n<\/strong><span style=\"color: var(--cor-texto);\">catiacarvalho.ufpel@gmail.com<br \/>\n<\/span>Possui Mestrado pelo PPG Educa\u00e7\u00e3o em Ci\u00eancias (UFRGS). Linha: corpo, g\u00eanero e sexualidade a partir dos Estudos Culturais. Especializa\u00e7\u00e3o em Educa\u00e7\u00e3o F\u00edsica Escolar pela Funda\u00e7\u00e3o Universidade do Rio Grande (FURG) . E gradua\u00e7\u00e3o em Educa\u00e7\u00e3o F\u00edsica pela Universidade Federal de Pelotas (UFPel).Tem experi\u00eancia em doc\u00eancia nas \u00e1reas de Educa\u00e7\u00e3o, Educa\u00e7\u00e3o F\u00edsica e Dan\u00e7a. Pr\u00e1tica de pesquisa com \u00eanfase nos seguintes temas: educa\u00e7\u00e3o n\u00e3o-formal, corpo, g\u00eanero,dan\u00e7a. Participa como colaboradora de Projetos da PREC-Pr\u00f3Reitoria de Extens\u00e3o e Cultura da UFPel; Atuou como Chefe da Se\u00e7\u00e3o de Mapeamento e Invent\u00e1rio da Extens\u00e3o na Pr\u00f3 Reitoria de Extens\u00e3o e Cultura- PREC-UFPel; Fundadora e Coordenadora do Projeto Dan\u00e7a no Bairro do Curso de Dan\u00e7a da UFPel em parceria com o CDD-Comit\u00ea de Desenvolvimento do Loteamento Dunas; Coordenadora do Desafio Pr\u00e9 Universit\u00e1rio Popular- Projeto Estrat\u00e9gico- PREC-UFPel. (<a href=\"http:\/\/lattes.cnpq.br\/8576730904755662\">Curr\u00edculo Lattes<\/a>)<\/span><\/p>\n<p><span style=\"font-size: 10pt; font-family: verdana, geneva, sans-serif;\"><em>Hor\u00e1rios presenciais:<\/em><\/span><br \/>\n<span style=\"font-size: 10pt; font-family: verdana, geneva, sans-serif;\">&#8211; segunda das 8h \u00e0s 12h Bloco 3<\/span><br \/>\n<span style=\"font-size: 10pt; font-family: verdana, geneva, sans-serif;\">&#8211; ter\u00e7a das 8h \u00e0s 12h Bloco 3 e das 17h \u00e0s 21h- Atividades do Proj. Dan\u00e7a no Bairro<\/span><br \/>\n<span style=\"font-size: 10pt; font-family: verdana, geneva, sans-serif;\">&#8211; quarta das 13h \u00e0s 17h<\/span><br \/>\n<span style=\"font-size: 10pt; font-family: verdana, geneva, sans-serif;\">&#8211; quinta das 8h \u00e0s 12h<\/span><br \/>\n<span style=\"font-size: 10pt; font-family: verdana, geneva, sans-serif;\">&#8211; sexta das 17h \u00e0s 21h- Atividades do Proj. Dan\u00e7a no Bairro<\/span><br \/>\n<span style=\"font-size: 10pt; font-family: verdana, geneva, sans-serif;\">obs: os turnos podem variar conforme as necessidade<\/span><\/p>\n<hr \/>\n<p><span style=\"font-size: 10pt; font-family: verdana, geneva, sans-serif;\"><strong>Ederson de Carvalho Pestana &#8211; t\u00e9cnico administrativo &#8211; Contrarregra<br \/>\n<\/strong>ederson.pestana@ufpel.edu.br<br \/>\nEspecializa\u00e7\u00e3o em Gest\u00e3o P\u00fablica. Faculdade Focus. 2022.<br \/>\nTecn\u00f3logo em Gest\u00e3o P\u00fablica. Faculdade Anhanguera 2015.<br \/>\nT\u00e9cnico em Eletr\u00f4nica Ifsul 2000.<br \/>\n<\/span><\/p>\n<p><span style=\"font-size: 10pt; font-family: verdana, geneva, sans-serif;\"><em>Hor\u00e1rios presenciais:<\/em><\/span><br \/>\n<span style=\"font-size: 10pt; font-family: verdana, geneva, sans-serif;\">&#8211; segunda das 8h \u00e0s 17h<\/span><br \/>\n<span style=\"font-size: 10pt; font-family: verdana, geneva, sans-serif;\">&#8211; ter\u00e7a das 8h \u00e0s 12h<\/span><br \/>\n<span style=\"font-size: 10pt; font-family: verdana, geneva, sans-serif;\">&#8211; quarta das 8h \u00e0s 17h<\/span><br \/>\n<span style=\"font-size: 10pt; font-family: verdana, geneva, sans-serif;\">&#8211; quinta das 8h \u00e0s 12h<\/span><br \/>\n<span style=\"font-size: 10pt; font-family: verdana, geneva, sans-serif;\">&#8211; sexta das 8h \u00e0s 12h<\/span><br \/>\n<span style=\"font-size: 10pt; font-family: verdana, geneva, sans-serif;\">obs: os turnos podem variar conforme as necessidade<\/span><\/p>\n<hr \/>\n<p><span style=\"font-size: 10pt; font-family: verdana, geneva, sans-serif;\"><strong>Larissa Martins Machado \u2013 t\u00e9cnica administrativa \u2013 Costureira de Espet\u00e1culo \/ Cen\u00e1rio<\/strong><\/span><\/p>\n<p><span style=\"font-size: 10pt; font-family: verdana, geneva, sans-serif;\">larissa.martins@ufpel.edu.br<br \/>\nMestra em Patrim\u00f4nio Cultural, pela Universidade Federal de Santa Maria (UFSM) \u2013 (2015). Especialista em Artes, na linha de pesquisa de Patrim\u00f4nio Cultural Conserva\u00e7\u00e3o de Artefatos pela Universidade Federal de Pelotas (UFPel) \u2013 (2013). Graduada em Artes Visuais Licenciatura pela mesma institui\u00e7\u00e3o (2011). Formada no curso T\u00e9cnico em Vestu\u00e1rio pelo Conjunto Agrot\u00e9cnico Visconde da Gra\u00e7a (CAVG)\/(UFPel) \u2013 (2006). Servidora respons\u00e1vel pelo Ateli\u00ea de Figurinos, espa\u00e7o existente desde 2011. Coordenadora do Projeto Unificado com \u00eanfase em extens\u00e3o Sala de Figurinos. Realiza pesquisas na \u00e1rea de Artes, Moda, Figurino, Acervo T\u00eaxtil, e Conserva\u00e7\u00e3o. (<a href=\"http:\/\/lattes.cnpq.br\/9778336458738200\">Curr\u00edculo Lattes<\/a>)<\/span><\/p>\n<div>\n<div><em style=\"font-family: verdana, geneva, sans-serif; font-size: 10pt; color: var(--cor-texto);\">Hor\u00e1rios presenciais:<\/em><\/div>\n<div><span style=\"font-family: verdana, geneva, sans-serif; font-size: 10pt;\">\u2013 segunda das 8h \u00e0s 12h e 13:30h \u00e0s 17:30h<\/span><br \/>\n<span style=\"font-family: verdana, geneva, sans-serif; font-size: 10pt;\">\u2013 quarta das 8h \u00e0s 12h e 13:30h \u00e0s 17:30h<\/span><br \/>\n<span style=\"font-family: verdana, geneva, sans-serif; font-size: 10pt;\">\u2013 sexta das 8h \u00e0s 12h e 13:30h \u00e0s 17:30h<\/span><br \/>\n<span style=\"font-family: verdana, geneva, sans-serif; font-size: 10pt;\">obs: os turnos podem variar conforme as necessidade<\/span><\/div>\n<div><\/div>\n<\/div>\n<div>\n<div><span style=\"font-family: verdana, geneva, sans-serif; font-size: 10pt;\"><strong>Site institucional:<\/strong>\u00a0<a href=\"https:\/\/wp.ufpel.edu.br\/ateliedefigurinos\/\" target=\"_blank\" rel=\"noopener noreferrer\">https:\/\/wp.ufpel.edu.br\/ateliedefigurinos\/<\/a><\/span><\/div>\n<div>\n<div><span style=\"font-family: verdana, geneva, sans-serif; font-size: 10pt;\"><strong>Facebook:\u00a0<\/strong>Ateli\u00ea de Figurinos \u2013 UFPel e Ateli\u00eaFigurinos Ufpel<\/span><\/div>\n<div><span style=\"font-family: verdana, geneva, sans-serif; font-size: 10pt;\"><strong>Instagram:\u00a0<\/strong>@ateliefigurinos<\/span><br \/>\n<span style=\"font-family: verdana, geneva, sans-serif; font-size: 10pt;\"><strong>E-mail:<\/strong>\u00a0<a href=\"mailto:ateliedefigurinos@ufpel.edu.br\" rel=\"noreferrer\">ateliedefigurinos@ufpel.edu.br<\/a><\/span><\/div>\n<\/div>\n<\/div>\n<div><\/div>\n<div>\n<div>\n<hr \/>\n<p><span style=\"font-family: verdana, geneva, sans-serif; font-size: 10pt;\"><strong style=\"text-align: justify; color: var(--cor-texto);\">Yuri Scarparo Valente <strong>\u2013 t\u00e9cnico administrativa \u2013 Assistente em Administra\u00e7\u00e3o<\/strong><\/strong><\/span><\/p>\n<\/div>\n<div><span style=\"font-size: 10pt; font-family: verdana, geneva, sans-serif;\">valente.yuri@gmail.com<\/span><\/div>\n<div><span style=\"font-family: verdana, geneva, sans-serif; font-size: 10pt;\">Graduado em Odontologia pela Universidade Federal de Pelotas (UFPel) &#8211; 2025.<\/span><\/div>\n<div><em style=\"font-family: verdana, geneva, sans-serif; font-size: 10pt; color: var(--cor-texto);\"><br \/>\nHor\u00e1rios presenciais na Central de Colegiados:<\/em><\/div>\n<div><em style=\"font-family: verdana, geneva, sans-serif; font-size: 10pt; color: var(--cor-texto);\">&#8211; segunda a sexta &#8211; 14h as 20h<\/em><\/div>\n<\/div>\n","protected":false},"excerpt":{"rendered":"<p>Catia Fernandes de Carvalho &#8211; t\u00e9cnica administrativa &#8211; core\u00f3grafa catiacarvalho.ufpel@gmail.com Possui Mestrado pelo PPG Educa\u00e7\u00e3o em Ci\u00eancias (UFRGS). Linha: corpo, g\u00eanero e sexualidade a partir dos Estudos Culturais. Especializa\u00e7\u00e3o em Educa\u00e7\u00e3o F\u00edsica Escolar pela Funda\u00e7\u00e3o Universidade do Rio Grande (FURG) . E gradua\u00e7\u00e3o em Educa\u00e7\u00e3o F\u00edsica pela Universidade Federal de Pelotas (UFPel).Tem experi\u00eancia em doc\u00eancia [&hellip;]<\/p>\n","protected":false},"author":334,"featured_media":0,"parent":2,"menu_order":4,"comment_status":"closed","ping_status":"closed","template":"","meta":{"footnotes":""},"class_list":["post-906","page","type-page","status-publish","hentry"],"jetpack_sharing_enabled":true,"_links":{"self":[{"href":"https:\/\/wp.ufpel.edu.br\/danca\/wp-json\/wp\/v2\/pages\/906","targetHints":{"allow":["GET"]}}],"collection":[{"href":"https:\/\/wp.ufpel.edu.br\/danca\/wp-json\/wp\/v2\/pages"}],"about":[{"href":"https:\/\/wp.ufpel.edu.br\/danca\/wp-json\/wp\/v2\/types\/page"}],"author":[{"embeddable":true,"href":"https:\/\/wp.ufpel.edu.br\/danca\/wp-json\/wp\/v2\/users\/334"}],"replies":[{"embeddable":true,"href":"https:\/\/wp.ufpel.edu.br\/danca\/wp-json\/wp\/v2\/comments?post=906"}],"version-history":[{"count":4,"href":"https:\/\/wp.ufpel.edu.br\/danca\/wp-json\/wp\/v2\/pages\/906\/revisions"}],"predecessor-version":[{"id":3193,"href":"https:\/\/wp.ufpel.edu.br\/danca\/wp-json\/wp\/v2\/pages\/906\/revisions\/3193"}],"up":[{"embeddable":true,"href":"https:\/\/wp.ufpel.edu.br\/danca\/wp-json\/wp\/v2\/pages\/2"}],"wp:attachment":[{"href":"https:\/\/wp.ufpel.edu.br\/danca\/wp-json\/wp\/v2\/media?parent=906"}],"curies":[{"name":"wp","href":"https:\/\/api.w.org\/{rel}","templated":true}]}}