{"id":875,"date":"2019-07-12T10:38:51","date_gmt":"2019-07-12T13:38:51","guid":{"rendered":"https:\/\/wp.ufpel.edu.br\/danca\/?page_id=875"},"modified":"2026-03-19T13:31:55","modified_gmt":"2026-03-19T16:31:55","slug":"grade-de-horarios","status":"publish","type":"page","link":"https:\/\/wp.ufpel.edu.br\/danca\/documentos-e-formularios\/grade-de-horarios\/","title":{"rendered":"Hor\u00e1rios do semestre e Mapa de Salas"},"content":{"rendered":"<p><span style=\"color: #0000ff;\">MAPA DE SALAS CENTRO DE ARTES e agendamentos<\/span><\/p>\n<p><span style=\"color: #0000ff;\">Acesse o site do CA: <a style=\"color: #0000ff;\" href=\"https:\/\/wp.ufpel.edu.br\/ca\/\">https:\/\/wp.ufpel.edu.br\/ca\/<\/a> <\/span><span style=\"background-color: #ccffff;\"><strong>(Menu Servi\u00e7os)<\/strong><\/span><\/p>\n<p><a href=\"https:\/\/wp.ufpel.edu.br\/ca\/%f0%9f%94%91-autorizacao-de-chaves-para-alunos\/\">Autoriza\u00e7\u00e3o de Chaves para Aluna\/e\/os<\/a><\/p>\n<p><a href=\"https:\/\/wp.ufpel.edu.br\/ca\/rea_do_servidor\/autorizacao-de-acesso-aos-finais-de-semana\/\">Autoriza\u00e7\u00e3o de Acesso aos Finais de Semana<\/a><\/p>\n<p><a href=\"https:\/\/wp.ufpel.edu.br\/ca\/infra-estrutura\/\">Infraestrutura Centro de Artes<\/a><\/p>\n<hr \/>\n<p><span style=\"font-family: verdana, geneva, sans-serif; font-size: 10pt; color: #000000;\"><strong>Fluxograma de hor\u00e1rios por semestre:<\/strong><\/span><\/p>\n<p><a href=\"https:\/\/wp.ufpel.edu.br\/danca\/files\/2026\/03\/20261-Horarios.pdf\">2026\/1 &#8211; Hor\u00e1rios<\/a><\/p>\n<p><a href=\"https:\/\/wp.ufpel.edu.br\/danca\/files\/2025\/07\/2025-2-GRADE-DE-HORA\u0301RIOS-1.pdf\">2025 2 HORA\u0301RIOS<\/a><\/p>\n<p><a href=\"https:\/\/wp.ufpel.edu.br\/danca\/files\/2025\/04\/2025-1-GRADE-DE-HORA\u0301RIOS-1.pdf\">2025 1\u00a0 HORA\u0301RIOS (1)<\/a><\/p>\n<p><a href=\"https:\/\/wp.ufpel.edu.br\/danca\/files\/2024\/10\/2024-2-GRADE-DE-HORA\u0301RIOS-com-salas-1.pdf\">2024 2 HORA\u0301RIOS com salas<\/a><\/p>\n<p><a href=\"https:\/\/wp.ufpel.edu.br\/danca\/files\/2024\/03\/GRADE-Ofertas-Curso-de-Danca-2024-1-site.pdf\">Hor\u00e1rios &#8211; 2024-1 <\/a><\/p>\n<p><span style=\"color: #000000;\"><a style=\"color: #000000;\" href=\"https:\/\/wp.ufpel.edu.br\/danca\/files\/2023\/10\/Grade-refeita-Danca-2023-2-versao-4.pdf\">Hor\u00e1rios 2023\/2 [atualizada]<\/a><\/span><\/p>\n<p><span style=\"color: #000000;\"><a style=\"color: #000000;\" href=\"https:\/\/wp.ufpel.edu.br\/danca\/files\/2023\/05\/Ofertas-Curso-de-Danca-2023-1-atualizado.pdf\">Hor\u00e1rios 2023\/1<\/a><\/span><\/p>\n<p><span style=\"color: #000000;\"><a style=\"color: #000000;\" href=\"https:\/\/wp.ufpel.edu.br\/danca\/files\/2022\/12\/GRADE-DANCA-2022-2-COM-SALAS-final-1.pdf\">\u00a0Hor\u00e1rios 2022\/2<\/a><\/span><\/p>\n<p><span style=\"color: #000000;\"><a style=\"color: #000000;\" href=\"https:\/\/wp.ufpel.edu.br\/danca\/files\/2022\/12\/OFERTA-DANCA-2022-1_220622-para-divulgar.docx.pdf\">Hor\u00e1rios 2022\/1<\/a><\/span><\/p>\n<p><span style=\"color: #000000;\"><a style=\"color: #000000;\" href=\"https:\/\/wp.ufpel.edu.br\/danca\/files\/2022\/03\/Ofertas-2021_02.docx-1.pdf\">Hor\u00e1rios 2021-02 &#8211; ano civil 2022<\/a><\/span><\/p>\n<p><a href=\"https:\/\/wp.ufpel.edu.br\/danca\/files\/2021\/07\/Ofertas-Curso-de-Danca-\u2013-2021_01-postado-no-site.pdf\"><span style=\"color: #000000;\">Hor\u00e1rios 2021-01<\/span><\/a><\/p>\n<p><span style=\"color: #000000;\"><a style=\"color: #000000;\" href=\"https:\/\/wp.ufpel.edu.br\/danca\/files\/2021\/05\/Grade-para-divulgar-Ofertas-Danca-com-turmas-ofertadas-mais-tarde.pdf\">Hor\u00e1rios 2020-02 ano civil 2021 [atualizada com ofertas fora do prazo acad\u00eamico]<\/a><\/span><\/p>\n<p><span style=\"color: #000000;\"><a style=\"color: #000000;\" href=\"https:\/\/wp.ufpel.edu.br\/danca\/files\/2020\/09\/Tabela-ofertas-2020.1-para-colocar-no-sistema.pdf\">Grade de Hor\u00e1rios 2020-01 Calend\u00e1rio Remoto<\/a><\/span><\/p>\n<p><span style=\"color: #000000;\"><a style=\"color: #000000;\" href=\"https:\/\/wp.ufpel.edu.br\/danca\/files\/2020\/06\/CALEND\u00c1RIO-ALTERNATIVO-Ofertas-Dan\u00e7a.pdf\">Grade de Hor\u00e1rios 2020-01 Calend\u00e1rio Alternativo<\/a><\/span><\/p>\n<p><span style=\"color: #000000;\"><a style=\"color: #000000;\" href=\"https:\/\/wp.ufpel.edu.br\/danca\/files\/2020\/03\/Grade-de-Hor\u00e1rios-2020-01-1.pdf\">Grade de Hor\u00e1rios 2020-01 Suspenso<\/a><\/span><\/p>\n<p><span style=\"color: #000000;\"><a style=\"color: #000000;\" href=\"https:\/\/wp.ufpel.edu.br\/danca\/files\/2019\/07\/GRADE-DAN\u00c7A-2019-2_DIVULGA\u00c7\u00c3O-ALUNOS.pdf\">Grade de Hor\u00e1rios 2019-2<\/a><\/span><\/p>\n<p><span style=\"color: #000000;\"><a style=\"color: #000000;\" href=\"https:\/\/wp.ufpel.edu.br\/danca\/files\/2019\/07\/GRADE-DAN\u00c7A-2019-1_8-mar\u00e7o_para-divulgar.docx\">Grade de Hor\u00e1rios 2019-1<\/a><\/span><\/p>\n","protected":false},"excerpt":{"rendered":"<p>MAPA DE SALAS CENTRO DE ARTES e agendamentos Acesse o site do CA: https:\/\/wp.ufpel.edu.br\/ca\/ (Menu Servi\u00e7os) Autoriza\u00e7\u00e3o de Chaves para Aluna\/e\/os Autoriza\u00e7\u00e3o de Acesso aos Finais de Semana Infraestrutura Centro de Artes Fluxograma de hor\u00e1rios por semestre: 2026\/1 &#8211; Hor\u00e1rios 2025 2 HORA\u0301RIOS 2025 1\u00a0 HORA\u0301RIOS (1) 2024 2 HORA\u0301RIOS com salas Hor\u00e1rios &#8211; 2024-1 [&hellip;]<\/p>\n","protected":false},"author":334,"featured_media":0,"parent":872,"menu_order":1,"comment_status":"closed","ping_status":"closed","template":"","meta":{"footnotes":""},"class_list":["post-875","page","type-page","status-publish","hentry"],"jetpack_sharing_enabled":true,"_links":{"self":[{"href":"https:\/\/wp.ufpel.edu.br\/danca\/wp-json\/wp\/v2\/pages\/875","targetHints":{"allow":["GET"]}}],"collection":[{"href":"https:\/\/wp.ufpel.edu.br\/danca\/wp-json\/wp\/v2\/pages"}],"about":[{"href":"https:\/\/wp.ufpel.edu.br\/danca\/wp-json\/wp\/v2\/types\/page"}],"author":[{"embeddable":true,"href":"https:\/\/wp.ufpel.edu.br\/danca\/wp-json\/wp\/v2\/users\/334"}],"replies":[{"embeddable":true,"href":"https:\/\/wp.ufpel.edu.br\/danca\/wp-json\/wp\/v2\/comments?post=875"}],"version-history":[{"count":4,"href":"https:\/\/wp.ufpel.edu.br\/danca\/wp-json\/wp\/v2\/pages\/875\/revisions"}],"predecessor-version":[{"id":3212,"href":"https:\/\/wp.ufpel.edu.br\/danca\/wp-json\/wp\/v2\/pages\/875\/revisions\/3212"}],"up":[{"embeddable":true,"href":"https:\/\/wp.ufpel.edu.br\/danca\/wp-json\/wp\/v2\/pages\/872"}],"wp:attachment":[{"href":"https:\/\/wp.ufpel.edu.br\/danca\/wp-json\/wp\/v2\/media?parent=875"}],"curies":[{"name":"wp","href":"https:\/\/api.w.org\/{rel}","templated":true}]}}