{"id":3093,"date":"2025-08-15T19:02:56","date_gmt":"2025-08-15T22:02:56","guid":{"rendered":"https:\/\/wp.ufpel.edu.br\/danca\/?page_id=3093"},"modified":"2025-08-15T19:41:15","modified_gmt":"2025-08-15T22:41:15","slug":"egressos","status":"publish","type":"page","link":"https:\/\/wp.ufpel.edu.br\/danca\/egressos\/","title":{"rendered":"Egressos"},"content":{"rendered":"<p>Prezadas (os) egressas (os) do Curso de Dan\u00e7a \u2013 Licenciatura.<\/p>\n<p>Convidamos voc\u00eas a participarem do Cadastro do Egresso da UFPel.<br \/>\nSua participa\u00e7\u00e3o \u00e9 muito importante para o curso.<br \/>\nDispon\u00edvel em:\u00a0<a href=\"https:\/\/wp.ufpel.edu.br\/egresso\/cadastro\/\">https:\/\/wp.ufpel.edu.br\/egresso\/cadastro\/\u00a0<\/a><\/p>\n<p>&nbsp;<\/p>\n<p><strong>Contas instagram de professor\/a &#8211; pesquizador\/a egressa\/os) <\/strong><\/p>\n<p><a href=\"https:\/\/www.instagram.com\/deborallemand\/\">https:\/\/www.instagram.com\/deborallemand\/<\/a><br \/>\n<a href=\"https:\/\/www.instagram.com\/robson.porto.danca\/\">https:\/\/www.instagram.com\/robson.porto.danca\/<\/a><br \/>\n<a href=\"https:\/\/www.instagram.com\/alexandercgarcia\/\">https:\/\/www.instagram.com\/alexandercgarcia\/<\/a><br \/>\n<a href=\"https:\/\/www.instagram.com\/janjansil\/\">https:\/\/www.instagram.com\/janjansil\/<\/a><br \/>\n<a href=\"https:\/\/www.instagram.com\/deividviegas_\/\">https:\/\/www.instagram.com\/deividviegas_\/<\/a><br \/>\n<a href=\"https:\/\/www.instagram.com\/invictooor\/\">https:\/\/www.instagram.com\/invictooor\/<\/a><br \/>\n<a href=\"https:\/\/www.instagram.com\/kelvin_.oliver\/\">https:\/\/www.instagram.com\/kelvin_.oliver\/<\/a><a href=\"https:\/\/www.instagram.com\/frrancinelemosii\/\"><br \/>\nhttps:\/\/www.instagram.com\/frrancinelemosii\/<\/a><br \/>\n<a href=\"https:\/\/www.instagram.com\/jaosarara\/\">https:\/\/www.instagram.com\/jaosarara\/<\/a><br \/>\n<a href=\"https:\/\/www.instagram.com\/maysongbrum\/\">https:\/\/www.instagram.com\/maysongbrum\/<\/a><br \/>\n<a href=\"https:\/\/www.instagram.com\/profe_de_danca_di_lima\/\">https:\/\/www.instagram.com\/profe_de_danca_di_lima\/<\/a><br \/>\n<a href=\"https:\/\/www.instagram.com\/victorr.franca\/\">https:\/\/www.instagram.com\/victorr.franca\/<\/a><a href=\"https:\/\/www.instagram.com\/theus_ibanez\/\"><br \/>\nhttps:\/\/www.instagram.com\/theus_ibanez\/\u00a0<\/a><br \/>\n<a href=\"https:\/\/www.instagram.com\/moreira_karen_\/\">https:\/\/www.instagram.com\/moreira_karen_\/<\/a><br \/>\n<a href=\"https:\/\/www.instagram.com\/bino_lemos\/\">https:\/\/www.instagram.com\/bino_lemos\/<\/a><br \/>\n<a href=\"https:\/\/www.instagram.com\/jefersoncabral_96\/\">https:\/\/www.instagram.com\/jefersoncabral_96\/<\/a><\/p>\n<p><em>Se sua conta n\u00e3o esta na lista, fa\u00e7a o <a href=\"https:\/\/wp.ufpel.edu.br\/egresso\/cadastro\/\">cadastro de egresso<\/a> em envie uma mensagem para dancalicenciatura@ufpel.edu.br solicitando a inclus\u00e3o.<\/em><\/p>\n<p>&nbsp;<\/p>\n<p><strong>2023 depoimentos egressas\/os<\/strong><\/p>\n<p><iframe title=\"15 anos de histo\u0301ria! Dan\u00e7a UFPel\" width=\"500\" height=\"281\" src=\"https:\/\/www.youtube.com\/embed\/SFI5ZcBX068?feature=oembed\" frameborder=\"0\" allow=\"accelerometer; autoplay; clipboard-write; encrypted-media; gyroscope; picture-in-picture; web-share\" referrerpolicy=\"strict-origin-when-cross-origin\" allowfullscreen><\/iframe><\/p>\n<p>&nbsp;<\/p>\n<p><strong>2021 produ\u00e7\u00f5es egressas\/os<\/strong><\/p>\n<p><iframe title=\"Dan\u00e7a\" width=\"500\" height=\"281\" src=\"https:\/\/www.youtube.com\/embed\/NdINExyV-2Y?feature=oembed\" frameborder=\"0\" allow=\"accelerometer; autoplay; clipboard-write; encrypted-media; gyroscope; picture-in-picture; web-share\" referrerpolicy=\"strict-origin-when-cross-origin\" allowfullscreen><\/iframe><\/p>\n<p><iframe title=\"MOSTRA DE TRABALHOS DE ALUNOS  E EGRESSOS DO CURSO DE DAN\u00c7A LICENCIATURA - UFPEL\" width=\"500\" height=\"281\" src=\"https:\/\/www.youtube.com\/embed\/pie5Gy11voA?feature=oembed\" frameborder=\"0\" allow=\"accelerometer; autoplay; clipboard-write; encrypted-media; gyroscope; picture-in-picture; web-share\" referrerpolicy=\"strict-origin-when-cross-origin\" allowfullscreen><\/iframe><\/p>\n<p><iframe title=\"MOSTRA DE TRABALHOS - PROJETOS CURSO DE DAN\u00c7A E EGRESSOS NO MESTRADO EM ARTES VISUAIS\" width=\"500\" height=\"281\" src=\"https:\/\/www.youtube.com\/embed\/MZvtOvVosBU?feature=oembed\" frameborder=\"0\" allow=\"accelerometer; autoplay; clipboard-write; encrypted-media; gyroscope; picture-in-picture; web-share\" referrerpolicy=\"strict-origin-when-cross-origin\" allowfullscreen><\/iframe><\/p>\n<p>&nbsp;<\/p>\n<p>&nbsp;<\/p>\n","protected":false},"excerpt":{"rendered":"<p>Prezadas (os) egressas (os) do Curso de Dan\u00e7a \u2013 Licenciatura. Convidamos voc\u00eas a participarem do Cadastro do Egresso da UFPel. Sua participa\u00e7\u00e3o \u00e9 muito importante para o curso. Dispon\u00edvel em:\u00a0https:\/\/wp.ufpel.edu.br\/egresso\/cadastro\/\u00a0 &nbsp; Contas instagram de professor\/a &#8211; pesquizador\/a egressa\/os) https:\/\/www.instagram.com\/deborallemand\/ https:\/\/www.instagram.com\/robson.porto.danca\/ https:\/\/www.instagram.com\/alexandercgarcia\/ https:\/\/www.instagram.com\/janjansil\/ https:\/\/www.instagram.com\/deividviegas_\/ https:\/\/www.instagram.com\/invictooor\/ https:\/\/www.instagram.com\/kelvin_.oliver\/ https:\/\/www.instagram.com\/frrancinelemosii\/ https:\/\/www.instagram.com\/jaosarara\/ https:\/\/www.instagram.com\/maysongbrum\/ https:\/\/www.instagram.com\/profe_de_danca_di_lima\/ https:\/\/www.instagram.com\/victorr.franca\/ https:\/\/www.instagram.com\/theus_ibanez\/\u00a0 https:\/\/www.instagram.com\/moreira_karen_\/ https:\/\/www.instagram.com\/bino_lemos\/ https:\/\/www.instagram.com\/jefersoncabral_96\/ Se [&hellip;]<\/p>\n","protected":false},"author":334,"featured_media":0,"parent":0,"menu_order":6,"comment_status":"closed","ping_status":"closed","template":"","meta":{"footnotes":""},"class_list":["post-3093","page","type-page","status-publish","hentry"],"jetpack_sharing_enabled":true,"_links":{"self":[{"href":"https:\/\/wp.ufpel.edu.br\/danca\/wp-json\/wp\/v2\/pages\/3093","targetHints":{"allow":["GET"]}}],"collection":[{"href":"https:\/\/wp.ufpel.edu.br\/danca\/wp-json\/wp\/v2\/pages"}],"about":[{"href":"https:\/\/wp.ufpel.edu.br\/danca\/wp-json\/wp\/v2\/types\/page"}],"author":[{"embeddable":true,"href":"https:\/\/wp.ufpel.edu.br\/danca\/wp-json\/wp\/v2\/users\/334"}],"replies":[{"embeddable":true,"href":"https:\/\/wp.ufpel.edu.br\/danca\/wp-json\/wp\/v2\/comments?post=3093"}],"version-history":[{"count":3,"href":"https:\/\/wp.ufpel.edu.br\/danca\/wp-json\/wp\/v2\/pages\/3093\/revisions"}],"predecessor-version":[{"id":3101,"href":"https:\/\/wp.ufpel.edu.br\/danca\/wp-json\/wp\/v2\/pages\/3093\/revisions\/3101"}],"wp:attachment":[{"href":"https:\/\/wp.ufpel.edu.br\/danca\/wp-json\/wp\/v2\/media?parent=3093"}],"curies":[{"name":"wp","href":"https:\/\/api.w.org\/{rel}","templated":true}]}}