{"id":2701,"date":"2025-02-13T15:09:24","date_gmt":"2025-02-13T18:09:24","guid":{"rendered":"https:\/\/wp.ufpel.edu.br\/danca\/?page_id=2701"},"modified":"2026-02-09T11:24:24","modified_gmt":"2026-02-09T14:24:24","slug":"atas-de-reuniao","status":"publish","type":"page","link":"https:\/\/wp.ufpel.edu.br\/danca\/curso\/atas-de-reuniao\/","title":{"rendered":"Atas de reuni\u00e3o"},"content":{"rendered":"<p><strong>Atas Colegiado Licenciatura em Dan\u00e7a<\/strong><\/p>\n<p><span class=\"TextRun SCXW261906254 BCX0\" lang=\"PT-BR\" xml:lang=\"PT-BR\" data-contrast=\"auto\"><span class=\"NormalTextRun SCXW261906254 BCX0\">23110.003093\/2026-20 _ Convoca\u00e7\u00e3o 01\/2026 _ 12\/02\/2026<\/span><\/span><\/p>\n<p><span class=\"TextRun SCXW261906254 BCX0\" lang=\"PT-BR\" xml:lang=\"PT-BR\" data-contrast=\"auto\"><span class=\"NormalTextRun SCXW261906254 BCX0\">23110.046453\/2025-05 _ Convoca\u00e7\u00e3o 18\/2025 _ 11\/12\/2025<\/span><\/span><\/p>\n<p><span class=\"TextRun SCXW261906254 BCX0\" lang=\"PT-BR\" xml:lang=\"PT-BR\" data-contrast=\"auto\"><span class=\"NormalTextRun SCXW261906254 BCX0\">23110.045416\/2025-71 _ Convoca\u00e7\u00e3o Extraordin\u00e1ria 17\/2025 _ 01\/12\/2025<\/span><\/span><\/p>\n<p><span class=\"TextRun SCXW261906254 BCX0\" lang=\"PT-BR\" xml:lang=\"PT-BR\" data-contrast=\"auto\"><span class=\"NormalTextRun SCXW261906254 BCX0\">23110.044672\/2025-41 _ Convoca\u00e7\u00e3o 16\/2025 _ 27\/11\/2025<\/span><\/span><\/p>\n<p><span class=\"TextRun SCXW261906254 BCX0\" lang=\"PT-BR\" xml:lang=\"PT-BR\" data-contrast=\"auto\"><span class=\"NormalTextRun SCXW261906254 BCX0\">23110.042166\/2025-18 _ Convoca\u00e7\u00e3o 15\/2025 _ 13\/11\/2025 _ processo conclu\u00eddo<\/span><\/span><\/p>\n<p><span class=\"TextRun SCXW261906254 BCX0\" lang=\"PT-BR\" xml:lang=\"PT-BR\" data-contrast=\"auto\"><span class=\"NormalTextRun SCXW261906254 BCX0\">23110.040289\/2025-14 _ Convoca\u00e7\u00e3o 14\/2025 _ 30\/10\/2025<\/span><\/span><\/p>\n<p><span class=\"TextRun SCXW261906254 BCX0\" lang=\"PT-BR\" xml:lang=\"PT-BR\" data-contrast=\"auto\"><span class=\"NormalTextRun SCXW261906254 BCX0\">23110.038924\/2025-01 _ Convoca\u00e7\u00e3o 13\/2025 _ 16\/10\/2025 _ processo conclu\u00eddo<\/span><\/span><\/p>\n<p><span class=\"TextRun SCXW261906254 BCX0\" lang=\"PT-BR\" xml:lang=\"PT-BR\" data-contrast=\"auto\"><span class=\"NormalTextRun SCXW261906254 BCX0\">23110.035472\/2025-06 _ Convoca\u00e7\u00e3o 12\/2025 _ 25\/09\/2025 _ processo conclu\u00eddo<\/span><\/span><\/p>\n<p><span class=\"TextRun SCXW261906254 BCX0\" lang=\"PT-BR\" xml:lang=\"PT-BR\" data-contrast=\"auto\"><span class=\"NormalTextRun SCXW261906254 BCX0\">23110.029476\/2025-47 _ Convoca\u00e7\u00e3o 11\/2025 _ 14\/08\/2025 _ processo conclu\u00eddo<\/span><\/span><\/p>\n<p><span class=\"TextRun SCXW261906254 BCX0\" lang=\"PT-BR\" xml:lang=\"PT-BR\" data-contrast=\"auto\"><span class=\"NormalTextRun SCXW261906254 BCX0\">23110.027918\/2025-11 _ Convoca\u00e7\u00e3o 10\/2025 _ 31\/07\/2025 _ processo conclu\u00eddo<\/span><\/span><\/p>\n<p>23110.026537\/2025-14 _ Convoca\u00e7\u00e3o 09\/2025 _ 17\/07\/2025 _ processo conclu\u00eddo<\/p>\n<p>23110.023875\/2025-02 _ Convoca\u00e7\u00e3o 08\/2025 _ 03\/07\/2025 _ processo conclu\u00eddo<\/p>\n<p>23110.021466\/2025-63 _ Convoca\u00e7\u00e3o 07\/2025 _ 12\/06\/2025 _ processo conclu\u00eddo<\/p>\n<p>23110.020683\/2025-36 _ Convoca\u00e7\u00e3o 06\/2025 _ 05\/06\/2025 _ processo conclu\u00eddo<\/p>\n<p>23110.017474\/2025-13 _ Convoca\u00e7\u00e3o 05\/2025 _ 15\/05\/2025 _ processo conclu\u00eddo<\/p>\n<p>23110.014038\/2025-84 _ Convoca\u00e7\u00e3o 04\/2025 _ 24\/04\/2025_ processo conclu\u00eddo<\/p>\n<p>23110.007858\/2025-10 _ Convoca\u00e7\u00e3o 03\/2025 _ 13\/03\/2025 _ processo conclu\u00eddo<\/p>\n<p>23110.005553\/2025-73 _ Convoca\u00e7\u00e3o 02\/2025 _ 20\/02\/2025 _ processo conclu\u00eddo<\/p>\n<p>23110.004514\/2025-59 _ Convoca\u00e7\u00e3o 01\/2025 _ 13\/02\/2025 _ processo conclu\u00eddo<\/p>\n<p>&nbsp;<\/p>\n<p><strong>Atas NDE (N\u00facleo Docente Estruturante) Licenciatura em Dan\u00e7a<\/strong><\/p>\n<p>23110.046444\/2025-14 _ Convoca\u00e7\u00e3o 13\/2025 _ 11\/12\/2025<\/p>\n<p>23110.041205\/2025-60 _ Convoca\u00e7\u00e3o 12\/2025 _ 06\/11\/2025 _ processo conclu\u00eddo<\/p>\n<p>23110.033884\/2025-01 _ Convoca\u00e7\u00e3o Extraordin\u00e1ria 11\/2025 _ 16\/09\/2025 _ processo conclu\u00eddo<\/p>\n<p>23110.029819\/2025-73 _ Convoca\u00e7\u00e3o 10\/2025 _ 21\/08\/2025 _ processo conclu\u00eddo<\/p>\n<p>23110.029479\/2025-81 _ Convoca\u00e7\u00e3o 09\/2025 _ 14\/08\/2025 _ processo conclu\u00eddo<\/p>\n<p>23110.027294\/2025-31 _ Convoca\u00e7\u00e3o 08\/2025 _ 24\/07\/2025 _ processo conclu\u00eddo<\/p>\n<p>23110.025743\/2025-15 _ Convoca\u00e7\u00e3o 07\/2025 _ 10\/07\/2025 _ processo conclu\u00eddo<\/p>\n<p>23110.021348\/2025-55 _ Convoca\u00e7\u00e3o 06\/2025 _ 12\/06\/2025 _ processo conclu\u00eddo<\/p>\n<p>23110.017471\/2025-71 _ Convoca\u00e7\u00e3o 05\/2025 _ 15\/05\/2025 _ processo conclu\u00eddo<\/p>\n<p>23110.010934\/2025-74 _ Convoca\u00e7\u00e3o 04\/2025 _ 03\/04\/2025 _ processo conclu\u00eddo<\/p>\n<p>23110.005546\/2025-71 _ Convoca\u00e7\u00e3o 03\/2025 _ 20\/02\/2025 _ processo conclu\u00eddo<\/p>\n<p>23110.003484\/2025-63 _ Convoca\u00e7\u00e3o 01\/2025 _ 06\/02\/2025 _ processo conclu\u00eddo<\/p>\n<p>23110.004527\/2025-28 _ Convoca\u00e7\u00e3o 02\/2025 _ 13\/02\/2025 _ processo conclu\u00eddo<\/p>\n<p>&nbsp;<\/p>\n","protected":false},"excerpt":{"rendered":"<p>Atas Colegiado Licenciatura em Dan\u00e7a 23110.003093\/2026-20 _ Convoca\u00e7\u00e3o 01\/2026 _ 12\/02\/2026 23110.046453\/2025-05 _ Convoca\u00e7\u00e3o 18\/2025 _ 11\/12\/2025 23110.045416\/2025-71 _ Convoca\u00e7\u00e3o Extraordin\u00e1ria 17\/2025 _ 01\/12\/2025 23110.044672\/2025-41 _ Convoca\u00e7\u00e3o 16\/2025 _ 27\/11\/2025 23110.042166\/2025-18 _ Convoca\u00e7\u00e3o 15\/2025 _ 13\/11\/2025 _ processo conclu\u00eddo 23110.040289\/2025-14 _ Convoca\u00e7\u00e3o 14\/2025 _ 30\/10\/2025 23110.038924\/2025-01 _ Convoca\u00e7\u00e3o 13\/2025 _ 16\/10\/2025 _ processo conclu\u00eddo 23110.035472\/2025-06 [&hellip;]<\/p>\n","protected":false},"author":334,"featured_media":0,"parent":2,"menu_order":6,"comment_status":"closed","ping_status":"closed","template":"","meta":{"footnotes":""},"class_list":["post-2701","page","type-page","status-publish","hentry"],"jetpack_sharing_enabled":true,"_links":{"self":[{"href":"https:\/\/wp.ufpel.edu.br\/danca\/wp-json\/wp\/v2\/pages\/2701","targetHints":{"allow":["GET"]}}],"collection":[{"href":"https:\/\/wp.ufpel.edu.br\/danca\/wp-json\/wp\/v2\/pages"}],"about":[{"href":"https:\/\/wp.ufpel.edu.br\/danca\/wp-json\/wp\/v2\/types\/page"}],"author":[{"embeddable":true,"href":"https:\/\/wp.ufpel.edu.br\/danca\/wp-json\/wp\/v2\/users\/334"}],"replies":[{"embeddable":true,"href":"https:\/\/wp.ufpel.edu.br\/danca\/wp-json\/wp\/v2\/comments?post=2701"}],"version-history":[{"count":3,"href":"https:\/\/wp.ufpel.edu.br\/danca\/wp-json\/wp\/v2\/pages\/2701\/revisions"}],"predecessor-version":[{"id":3194,"href":"https:\/\/wp.ufpel.edu.br\/danca\/wp-json\/wp\/v2\/pages\/2701\/revisions\/3194"}],"up":[{"embeddable":true,"href":"https:\/\/wp.ufpel.edu.br\/danca\/wp-json\/wp\/v2\/pages\/2"}],"wp:attachment":[{"href":"https:\/\/wp.ufpel.edu.br\/danca\/wp-json\/wp\/v2\/media?parent=2701"}],"curies":[{"name":"wp","href":"https:\/\/api.w.org\/{rel}","templated":true}]}}