{"id":366,"date":"2024-04-01T19:33:54","date_gmt":"2024-04-01T22:33:54","guid":{"rendered":"https:\/\/wp.ufpel.edu.br\/cursocapacitacaoanimaisufpel3ed\/?page_id=366"},"modified":"2024-04-03T09:04:04","modified_gmt":"2024-04-03T12:04:04","slug":"modulo-roedores-palestrantes","status":"publish","type":"page","link":"https:\/\/wp.ufpel.edu.br\/cursocapacitacaoanimaisufpel3ed\/modulo-roedores-palestrantes\/","title":{"rendered":"M\u00f3dulo Roedores"},"content":{"rendered":"<h2 style=\"text-align: center;\"><strong>M\u00f3dulo Roedores &#8211; Palestrantes\u00a0<\/strong><\/h2>\n<p><img class=\"alignnone wp-image-209\" src=\"https:\/\/wp.ufpel.edu.br\/cursocapacitacaoanimaisufpel3ed\/files\/2024\/03\/Anelize-de-Oliveira-Campello-Felix.jpg\" alt=\"http:\/\/lattes.cnpq.br\/4064902111812687\" width=\"191\" height=\"230\" \/><\/p>\n<p><strong style=\"color: var(--cor-texto); font-family: var(--fonte-corpo);\">ANELIZE DE OLIVEIRA CAMPELLO FELIX \u2013 UNIVERSIDADE FEDERAL DE PELOTAS<\/strong><\/p>\n<p><strong>Link Lattes:\u00a0<\/strong><a href=\"http:\/\/lattes.cnpq.br\/4064902111812687\">http:\/\/lattes.cnpq.br\/4064902111812687<\/a><\/p>\n<p>Graduada em Medicina Veterin\u00e1ria pela Universidade Federal de Pelotas (2007). Possui mestrado (2010) e doutorado (2014) pelo Programa de P\u00f3s-Gradua\u00e7\u00e3o em Veterin\u00e1ria da Universidade Federal de Pelotas, na \u00e1rea de Sanidade Animal. Atua na \u00e1rea de Bioterismo e Experimenta\u00e7\u00e3o Animal, sendo M\u00e9dica Veterin\u00e1ria Respons\u00e1vel T\u00e9cnica do Biot\u00e9rio Central da UFPel e atual coordenadora do setor. Atualmente \u00e9 vice-coordenadora da Comiss\u00e3o de \u00c9tica no Uso de Animais da UFPel.<\/p>\n<p>&nbsp;<\/p>\n<p><img class=\"alignnone wp-image-493\" src=\"https:\/\/wp.ufpel.edu.br\/cursocapacitacaoanimaisufpel3ed\/files\/2024\/04\/Andreia-Anciuti-200x200.jpg\" alt=\"\" width=\"240\" height=\"320\" srcset=\"https:\/\/wp.ufpel.edu.br\/cursocapacitacaoanimaisufpel3ed\/files\/2024\/04\/Andreia-Anciuti-300x400.jpg 300w, https:\/\/wp.ufpel.edu.br\/cursocapacitacaoanimaisufpel3ed\/files\/2024\/04\/Andreia-Anciuti-768x1024.jpg 768w, https:\/\/wp.ufpel.edu.br\/cursocapacitacaoanimaisufpel3ed\/files\/2024\/04\/Andreia-Anciuti-1152x1536.jpg 1152w, https:\/\/wp.ufpel.edu.br\/cursocapacitacaoanimaisufpel3ed\/files\/2024\/04\/Andreia-Anciuti.jpg 1200w\" sizes=\"(max-width: 240px) 100vw, 240px\" \/><\/p>\n<p><strong>\u00a0<\/strong><strong>ANDREIA NOBRE ANCIUTI \u2013 <\/strong><strong>UNIVERSIDADE FEDERAL DO TRI\u00c2NGULO MINEIRO<\/strong><\/p>\n<p><strong>Link Lattes:<\/strong> <a href=\"http:\/\/lattes.cnpq.br\/4977805294627305\">http:\/\/lattes.cnpq.br\/4977805294627305<\/a><\/p>\n<p>Graduada em Medicina Veterin\u00e1ria pela Universidade Federal de Pelotas (2014). Mestre em Bioqu\u00edmica pela Universidade Federal do Rio Grande do Sul (2015). Doutora em Veterin\u00e1ria na Universidade Federal de Pelotas (2019), com \u00eanfase em reprodu\u00e7\u00e3o animal. Tem experi\u00eancia na \u00e1rea de Medicina Veterin\u00e1ria, atuando principalmente nos seguintes temas: criopreserva\u00e7\u00e3o de gametas masculinos, testes de toxicidade in vitro, animais de laborat\u00f3rio e desenvolvimento de materiais did\u00e1ticos para gradua\u00e7\u00e3o em veterin\u00e1ria. Atualmente \u00e9 M\u00e9dica Veterin\u00e1ria do Laborat\u00f3rio Multiusu\u00e1rio de Modelos Animais da Universidade Federal do Tri\u00e2ngulo Mineiro.<\/p>\n<h5><\/h5>\n<p><img class=\"alignnone wp-image-370\" src=\"https:\/\/wp.ufpel.edu.br\/cursocapacitacaoanimaisufpel3ed\/files\/2024\/04\/servletrecuperafoto.jpg\" alt=\"\" width=\"221\" height=\"296\" \/><\/p>\n<p><strong>LUISA MARIA GOMES DE MACEDO BRAGA \u2013 <\/strong><strong>SOCIEDADE BRASILEIRA DE CI\u00caNCIA EM ANIMAIS DE LABORAT\u00d3RIO (SBCAL) \/ CONSELHO NACIONAL DE CONTROLE DA EXPERIMENTA\u00c7\u00c3O ANIMAL (CONCEA<\/strong><strong>)<\/strong><\/p>\n<p><strong>Link Lattes<\/strong>: <a href=\"http:\/\/lattes.cnpq.br\/1415840218265113\">http:\/\/lattes.cnpq.br\/1415840218265113<\/a><\/p>\n<p>Graduada em Medicina Veterin\u00e1ria pela Universidade Federal do Rio Grande do Sul (UFRGS), mestre em Ci\u00eancias Veterin\u00e1rias pela UFRGS, doutora em Gen\u00e9tica e Biologia Molecular pela UFRGS e p\u00f3s-doutora pela Faculdade de Medicina da USP-InCOR. Ex-presidente da Sociedade Brasileira de Ci\u00eancia de Animais de Laborat\u00f3rio &#8211; SBCAL (2014-2016). Coordenadora do Conselho Nacional de Controle da Experimenta\u00e7\u00e3o Animal-CONCEA. Atuou profissionalmente como Diretora da Coordena\u00e7\u00e3o de Produ\u00e7\u00e3o e Experimenta\u00e7\u00e3o da Animal da FEPPS\/RS e como Coordenadora T\u00e9cnica do Centro de Modelos Biol\u00f3gicos Experimentais (CeMBE\/PUCRS), onde tamb\u00e9m exerceu a fun\u00e7\u00e3o de M\u00e9dica Veterin\u00e1ria respons\u00e1vel t\u00e9cnica e M\u00e9dica Veterin\u00e1ria da CEUA-PUCRS. S\u00f3cia propriet\u00e1ria da empresa LGMACEDO Consultoria e Desenvolvimento Profissional LTDA. Membro da Academia Brasileira de Ci\u00eancias de Animais de Laborat\u00f3rio (ABCAL), ocupando a vice-presid\u00eancia e a cadeira 2. Atualmente atua com gestora de biot\u00e9rios da Biotecnologia e Controle Ambiental. Tem experi\u00eancia na \u00e1rea de Medicina Veterin\u00e1ria, com \u00eanfase em gest\u00e3o de Biot\u00e9rios e suas equipes, produ\u00e7\u00e3o e manuten\u00e7\u00e3o de col\u00f4nias de animais de laborat\u00f3rio, atuando principalmente nos seguintes temas: animais de laborat\u00f3rio, \u00e9tica em pesquisa, experimenta\u00e7\u00e3o animal, terapia celular, c\u00e9lulas-tronco e gest\u00e3o de pessoas.<\/p>\n<p>&nbsp;<\/p>\n<p><img class=\"alignnone wp-image-206\" src=\"https:\/\/wp.ufpel.edu.br\/cursocapacitacaoanimaisufpel3ed\/files\/2024\/03\/Luciana-Cintra-400x400.jpeg\" alt=\"\" width=\"223\" height=\"223\" srcset=\"https:\/\/wp.ufpel.edu.br\/cursocapacitacaoanimaisufpel3ed\/files\/2024\/03\/Luciana-Cintra-400x400.jpeg 400w, https:\/\/wp.ufpel.edu.br\/cursocapacitacaoanimaisufpel3ed\/files\/2024\/03\/Luciana-Cintra-200x200.jpeg 200w, https:\/\/wp.ufpel.edu.br\/cursocapacitacaoanimaisufpel3ed\/files\/2024\/03\/Luciana-Cintra-768x768.jpeg 768w, https:\/\/wp.ufpel.edu.br\/cursocapacitacaoanimaisufpel3ed\/files\/2024\/03\/Luciana-Cintra.jpeg 800w\" sizes=\"(max-width: 223px) 100vw, 223px\" \/><\/p>\n<p><strong>LUCIANA CINTRA \u2013 INSTITUTO ISRAELITA DE PESQUISA\/HOSPITAL ISRAELITA ALBERT EINSTEIN<\/strong><\/p>\n<p><strong>Link Lattes: <\/strong><a href=\"http:\/\/lattes.cnpq.br\/1882420055999655\">http:\/\/lattes.cnpq.br\/1882420055999655<\/a><\/p>\n<p>Graduada em Medicina Veterin\u00e1ria pela UniFMU (2004), mestre em Patologia Experimental e Comparada pela Faculdade de Medicina Veterin\u00e1ria &#8211; USP (2010), possui especializa\u00e7\u00e3o na \u00e1rea de Patologia Cl\u00ednica Veterin\u00e1ria pela Universidade de S\u00e3o Paulo (2009), p\u00f3s-gradua\u00e7\u00e3o em Gest\u00e3o Emocional, curso internacional <em>Cultivating Emotional Balance<\/em> pelo Instituto de Ensino e Pesquisa do Hospital Israelita Albert Einstein (2021). Doutora em Ci\u00eancias pelo departamento de Patologia Experimental e Comparada da Faculdade de Medicina Veterin\u00e1ria USP (2022). Membro da Comiss\u00e3o de \u00c9tica em Uso Animal do Einstein (CEUA_Einstein) e da Comiss\u00e3o de Ci\u00eancia de Animais de Laborat\u00f3rio do Conselho Regional de Medicina Veterin\u00e1ria (CRMV-SP). Atualmente \u00e9 Coordenadora do Centro de Estudos Pr\u00e9-Cl\u00ednicos e Centro de Pesquisa e Treinamento em Cirurgia do Hospital Israelita Albert Einstein.<\/p>\n<p>&nbsp;<\/p>\n<p><img class=\"alignnone wp-image-491 size-thumbnail\" src=\"https:\/\/wp.ufpel.edu.br\/cursocapacitacaoanimaisufpel3ed\/files\/2024\/04\/Ligia-Myasatto-200x200.jpg\" alt=\"\" width=\"200\" height=\"200\" \/><\/p>\n<p><strong>LIG\u00cdA GOMES MIYAZATO \u2013 UNIVERSIDADE FEDERAL DE SANTA MARIA<\/strong><\/p>\n<p><strong>Link Lattes:<\/strong> \u00a0<a href=\"http:\/\/lattes.cnpq.br\/8173034957996124\">http:\/\/lattes.cnpq.br\/8173034957996124<\/a><\/p>\n<p>Possui gradua\u00e7\u00e3o (2002), mestrado (2005) em Medicina Veterin\u00e1ria pela Universidade Estadual Paulista J\u00falio de Mesquita Filho (UNESP\/JABOTICABAL) e doutorado-sandu\u00edche (2010) em Medicina Veterin\u00e1ria na Escola de Medicina da Carolina do Norte (UNC\/CHAPEL HILL). Trabalhou como coordenadora e diretora de estudos toxicol\u00f3gicos entre 2010 e 2011. Atuou como docente por dois anos na Universidade de Santa Maria (2011 e 2012). Tem experi\u00eancia na \u00e1rea de Medicina Veterin\u00e1ria, com \u00eanfase em Patologia Experimental e Comparada e Ci\u00eancia de animais de laborat\u00f3rio (Produ\u00e7\u00e3o de Roedores). Realizou p\u00f3s-doutorado no laborat\u00f3rio de Neurotoxicidade e Psicofarmacologia da Universidade Federal de Santa Maria, atuando principalmente na caracteriza\u00e7\u00e3o imunoistoqu\u00edmica dos receptores de leucotrienos em modelos animais para o estudo das convuls\u00f5es e epilepsia. Foi coordenadora e m\u00e9dica veterin\u00e1ria do Biot\u00e9rio Central da UFSM de 2014-2020, respons\u00e1vel t\u00e9cnica em 2014 e 2020 a 2022, retornando as atividades de gest\u00e3o em 2022 at\u00e9 o presente.<\/p>\n<p>&nbsp;<\/p>\n<p><img class=\"alignnone wp-image-211\" src=\"https:\/\/wp.ufpel.edu.br\/cursocapacitacaoanimaisufpel3ed\/files\/2024\/03\/Fabiola-Schons-Meyer.jpeg\" alt=\"\" width=\"190\" height=\"190\" srcset=\"https:\/\/wp.ufpel.edu.br\/cursocapacitacaoanimaisufpel3ed\/files\/2024\/03\/Fabiola-Schons-Meyer.jpeg 258w, https:\/\/wp.ufpel.edu.br\/cursocapacitacaoanimaisufpel3ed\/files\/2024\/03\/Fabiola-Schons-Meyer-200x200.jpeg 200w\" sizes=\"(max-width: 190px) 100vw, 190px\" \/><\/p>\n<p><strong>FAB\u00cdOLA SCHONS MEYER \u2013 UNIVERSIDADE FEDERAL DO RIO GRANDE DO SUL<\/strong><\/p>\n<p><strong>Link Lattes: <\/strong><u>http:\/\/lattes.cnpq.br\/3965174372954410<\/u><\/p>\n<p>Graduada em Medicina Veterin\u00e1ria pela Universidade Federal do Rio Grande do Sul (2007) e Mestre em Ci\u00eancias Veterin\u00e1rias pela Universidade Federal do Rio Grande do Sul (2010). Tem experi\u00eancia na \u00e1rea de Medicina Veterin\u00e1ria, com \u00eanfase em Animais de Laborat\u00f3rio. Atualmente \u00e9 m\u00e9dica veterin\u00e1ria da Universidade Federal do Rio Grande do Sul.<\/p>\n<p>&nbsp;<\/p>\n<p><img class=\"alignnone wp-image-215\" src=\"https:\/\/wp.ufpel.edu.br\/cursocapacitacaoanimaisufpel3ed\/files\/2024\/03\/Fernanda-Soldatelli-Valente-255x400.jpg\" alt=\"\" width=\"187\" height=\"293\" srcset=\"https:\/\/wp.ufpel.edu.br\/cursocapacitacaoanimaisufpel3ed\/files\/2024\/03\/Fernanda-Soldatelli-Valente-255x400.jpg 255w, https:\/\/wp.ufpel.edu.br\/cursocapacitacaoanimaisufpel3ed\/files\/2024\/03\/Fernanda-Soldatelli-Valente-653x1024.jpg 653w, https:\/\/wp.ufpel.edu.br\/cursocapacitacaoanimaisufpel3ed\/files\/2024\/03\/Fernanda-Soldatelli-Valente-768x1204.jpg 768w, https:\/\/wp.ufpel.edu.br\/cursocapacitacaoanimaisufpel3ed\/files\/2024\/03\/Fernanda-Soldatelli-Valente.jpg 883w\" sizes=\"(max-width: 187px) 100vw, 187px\" \/><\/p>\n<p><strong>FERNANDA SOLDATELLI VALENTE \u2013 <\/strong><strong>UNIVERSIDADE FEDERAL DE SANTA MARIA<\/strong><\/p>\n<p><strong>Link Lattes: <\/strong><a href=\"http:\/\/lattes.cnpq.br\/2648206608258425\">http:\/\/lattes.cnpq.br\/2648206608258425<\/a><\/p>\n<p>Graduada em Medicina Veterin\u00e1ria pela Universidade Federal de Santa Maria (2009). Resid\u00eancia em Cirurgia de Pequenos Animais no Hospital de Cl\u00ednicas Veterin\u00e1rias da Universidade Federal do Rio Grande do Sul (2012). Mestre em Cirurgia Animal e Anestesiologia pelo Programa de P\u00f3s-Gradua\u00e7\u00e3o em Ci\u00eancias Veterin\u00e1rias da Universidade Federal do Rio Grande do Sul (PPGCV-UFRGS) (2014). Doutora em Cirurgia Animal e Anestesiologia pelo PPGCV-UFRGS, com \u00eanfase em cirurgia de tecidos moles, cicatriza\u00e7\u00e3o cut\u00e2nea e terapia celular com c\u00e9lulas-tronco (2018). Atua como m\u00e9dica veterin\u00e1ria no Biot\u00e9rio Central da Universidade Federal de Santa Maria (UFSM). Tem experi\u00eancia na \u00e1rea de Medicina Veterin\u00e1ria com \u00eanfase em Cl\u00ednica, Cirurgia e Anestesiologia de Pequenos Animais e Ci\u00eancia de Animais de Laborat\u00f3rio.<strong>\u00a0<\/strong><\/p>\n","protected":false},"excerpt":{"rendered":"<p>M\u00f3dulo Roedores &#8211; Palestrantes\u00a0 ANELIZE DE OLIVEIRA CAMPELLO FELIX \u2013 UNIVERSIDADE FEDERAL DE PELOTAS Link Lattes:\u00a0http:\/\/lattes.cnpq.br\/4064902111812687 Graduada em Medicina Veterin\u00e1ria pela Universidade Federal de Pelotas (2007). Possui mestrado (2010) e doutorado (2014) pelo Programa de P\u00f3s-Gradua\u00e7\u00e3o em Veterin\u00e1ria da Universidade Federal de Pelotas, na \u00e1rea de Sanidade Animal. Atua na \u00e1rea de Bioterismo e Experimenta\u00e7\u00e3o [&hellip;]<\/p>\n","protected":false},"author":1359,"featured_media":0,"parent":0,"menu_order":5,"comment_status":"closed","ping_status":"closed","template":"","meta":{"footnotes":""},"class_list":["post-366","page","type-page","status-publish","hentry"],"_links":{"self":[{"href":"https:\/\/wp.ufpel.edu.br\/cursocapacitacaoanimaisufpel3ed\/wp-json\/wp\/v2\/pages\/366","targetHints":{"allow":["GET"]}}],"collection":[{"href":"https:\/\/wp.ufpel.edu.br\/cursocapacitacaoanimaisufpel3ed\/wp-json\/wp\/v2\/pages"}],"about":[{"href":"https:\/\/wp.ufpel.edu.br\/cursocapacitacaoanimaisufpel3ed\/wp-json\/wp\/v2\/types\/page"}],"author":[{"embeddable":true,"href":"https:\/\/wp.ufpel.edu.br\/cursocapacitacaoanimaisufpel3ed\/wp-json\/wp\/v2\/users\/1359"}],"replies":[{"embeddable":true,"href":"https:\/\/wp.ufpel.edu.br\/cursocapacitacaoanimaisufpel3ed\/wp-json\/wp\/v2\/comments?post=366"}],"version-history":[{"count":7,"href":"https:\/\/wp.ufpel.edu.br\/cursocapacitacaoanimaisufpel3ed\/wp-json\/wp\/v2\/pages\/366\/revisions"}],"predecessor-version":[{"id":494,"href":"https:\/\/wp.ufpel.edu.br\/cursocapacitacaoanimaisufpel3ed\/wp-json\/wp\/v2\/pages\/366\/revisions\/494"}],"wp:attachment":[{"href":"https:\/\/wp.ufpel.edu.br\/cursocapacitacaoanimaisufpel3ed\/wp-json\/wp\/v2\/media?parent=366"}],"curies":[{"name":"wp","href":"https:\/\/api.w.org\/{rel}","templated":true}]}}