{"id":230,"date":"2022-01-27T13:33:11","date_gmt":"2022-01-27T16:33:11","guid":{"rendered":"https:\/\/wp.ufpel.edu.br\/crimeacoescoletivas\/?page_id=230"},"modified":"2022-01-27T13:34:32","modified_gmt":"2022-01-27T16:34:32","slug":"producoes-2","status":"publish","type":"page","link":"https:\/\/wp.ufpel.edu.br\/crimeacoescoletivas\/producoes-2\/","title":{"rendered":"Produ\u00e7\u00f5es"},"content":{"rendered":"<pre><strong>2021<\/strong><\/pre>\n<p><b>GOMES, Simone<\/b>; PESSOA, Roxana ; GOMEZ, Carlos de Jes\u00fas Abarca . <a href=\"https:\/\/www.uel.br\/revistas\/uel\/index.php\/mediacoes\/article\/view\/44136\/pdf_1\">Notes on the Criminalization of Social Movements in Latin America: Examples from Brazil and Mexico<\/a>. Media\u00e7\u00f5es &#8211; Revista de Ci\u00eancias Sociais, v. 26, p. 519-532, 2021.<\/p>\n<p>GOMES, Simone e URRUTIA, Eduardo. <a href=\"https:\/\/www.revistas.ufg.br\/fcs\/article\/view\/66100\/37039\">\u201cAgora a cadeia pesou: aportes sobre os movimentos da Covid-19 no sistema prisional brasileiro\u201d, Revista Sociedade e Cultura.<\/a><\/p>\n<div class=\"artigo-completo\">\n<div class=\"layout-cell layout-cell-11\">\n<div class=\"layout-cell-pad-5\">\n<p><b>GOMES, Simone<\/b>. <a href=\"https:\/\/gric.univ-lehavre.fr\/IMG\/pdf\/no8_simone_dasilvagomesbrasil.pdf\">P\u00e3o, circo e Luta: Mobiliza\u00e7\u00f5es dos Trabalhadores da Cultura e Arte na pandemia de Covid-19 no Brasil<\/a>. Eolles &#8211; Epistemological Others, Languages, Literature, Exchanges and Societies Journal, v. 12, p. 1-11, 2021.<\/p>\n<\/div>\n<\/div>\n<\/div>\n<div class=\"artigo-completo\">\n<div class=\"layout-cell layout-cell-11\">\n<div class=\"layout-cell-pad-5\">\n<p><b>GOMES, Simone.<\/b>; TANSCHEIT, Talita. <a href=\"http:\/\/journals.hw.ac.uk\/index.php\/IPED\/article\/view\/88\">Authoritarian Neoliberalism and Gender-Based Violence:notes on the Covid-19 pandemic in Brazil.<\/a> Interdisciplinary Perspectives on Equality and Diversity, v. 7, p. 19, 2021.<\/p>\n<\/div>\n<\/div>\n<\/div>\n<div class=\"artigo-completo\">\n<div class=\"layout-cell layout-cell-11\">\n<div class=\"layout-cell-pad-5\"><b>GOMES, Simone<\/b>.\u00a0<a href=\"https:\/\/www.crisresearchgroup.be\/ojs\/index.php\/crimenc\/article\/view\/60\">O contraprograma dos drones: Usos das tecnologias de vigil\u00e2ncia nos pres\u00eddios brasileiros.<\/a> Criminological Enconteurs, v. 4, p. 115-133, 2021.<\/div>\n<\/div>\n<\/div>\n<div class=\"artigo-completo\"><\/div>\n<pre><strong>2020<\/strong><\/pre>\n<div><\/div>\n<div class=\"layout-cell-pad-5\">\n<div class=\"layout-cell layout-cell-11\">\n<div class=\"layout-cell-pad-5\">\n<p><b>GOMES, Simone<\/b>. <a href=\"http:\/\/www.periodicos.ufc.br\/revcienso\/article\/view\/41315\/100103\">&#8216;O encarceramento feminino recente no Brasil: uma discuss\u00e3o a partir do Rio de Janeiro, Manaus e Fortaleza&#8217;.<\/a> Revista de Ci\u00eancias Sociais &#8211; UFC, v. 51, p. 291-318, 2020.<\/p>\n<\/div>\n<\/div>\n<p><b>GOMES, Simone<\/b>. <a href=\"https:\/\/revistas.ufrj.br\/index.php\/dilemas\/article\/view\/27015\/20878\">A cultura como alternativa: uma aproxima\u00e7\u00e3o a partir de sociabilidades militantes na Zona Oeste do Rio de Janeiro.<\/a> Dilemas: Revista de Estudos de Conflito e Controle Social, v. 13, p. 57-76, 2020.<\/p>\n<\/div>\n<div class=\"layout-cell-pad-5\">\n<div class=\"layout-cell layout-cell-11\">\n<div class=\"layout-cell-pad-5\">\n<p><b>GOMES, Simone<\/b>.\u00a0<a href=\"https:\/\/periodicos.uffs.edu.br\/index.php\/GAVAGAI\/article\/view\/11640\/7438\">Activismos en el foco rojo: las acciones colectivas en Guerrero, M\u00e9xico.<\/a> Gavagai: Revista Interdisciplinar de Humanidades, v. 6, p. 33, 2020.<\/p>\n<\/div>\n<\/div>\n<\/div>\n<pre><strong>2019<\/strong><\/pre>\n<div><\/div>\n<div><b>GOMES, Simone<\/b>. <a href=\"https:\/\/rbs.sbsociologia.com.br\/index.php\/rbs\/article\/view\/465\/pdf_35\">Da a\u00e7\u00e3o coletiva ao crime: repert\u00f3rios de movimentos sociais e fac\u00e7\u00f5es prisionais.<\/a> Revista Brasileira de Sociologia, v. 7, p. 184-200, 2019.<\/div>\n<div><\/div>\n<div><\/div>\n<div class=\"layout-cell-pad-5\">\n<p><b>GOMES, Simone<\/b>.\u00a0<a href=\"https:\/\/www.revistas.usp.br\/plural\/article\/view\/147250\/150062\">Milit\u00e2ncias culturais em contextos de viol\u00eancia rotinizada na zona oeste do Rio De Janeiro (Brasil) e em Guerrero (M\u00e9xico).<\/a> PLURAL (USP), v. 25, p. 112-127, 2019.<\/p>\n<\/div>\n<div class=\"artigo-completo\">\n<div class=\"layout-cell layout-cell-11\">\n<div class=\"layout-cell-pad-5\">\n<p><b>GOMES, Simone<\/b>; CANDIDO, Marcia Rangel ; TANSCHEIT, Talita. <a href=\"https:\/\/periodicos.ufpel.edu.br\/ojs2\/index.php\/NORUS\/article\/view\/17037\/11855\">G\u00eanero, Milit\u00e2ncia Feminista e Conservadorismo na Am\u00e9rica Latina: Entrevista com Fl\u00e1via Biroli, Flavia Freidenberg e Ver\u00f3nica Gago<\/a>.Norus &#8211; Novos Rumos Sociol\u00f3gicos, v. 11, p. 23-42, 2019.<\/p>\n<\/div>\n<\/div>\n<\/div>\n<div class=\"artigo-completo\">\n<div class=\"layout-cell layout-cell-11\">\n<div class=\"layout-cell-pad-5\">\n<p>NUNES, Raul ; <b>GOMES, Simone<\/b>.<a href=\"https:\/\/www.e-publicacoes.uerj.br\/index.php\/CESP\/article\/view\/45308\"> N\u00facleo de Estudos em Teoria Social e Am\u00e9rica Latina (NETSAL): Hist\u00f3rico, Abordagens, Produ\u00e7\u00f5es e Contesta\u00e7\u00f5es<\/a>. Cadernos de Estudos Sociais e Pol\u00edticos, v. 08, p. 22, 2019.<\/p>\n<\/div>\n<\/div>\n<\/div>\n<div class=\"artigo-completo\">\n<div class=\"layout-cell layout-cell-11\">\n<div class=\"layout-cell-pad-5\"><b>GOMES, Simone<\/b>.\u00a0 CANDIDO, Marcia Rangel ; TANSCHEIT, Talita . <a href=\"https:\/\/periodicos.ufpel.edu.br\/ojs2\/index.php\/NORUS\/article\/view\/17036\/10409\">Apresenta\u00e7\u00e3o<\/a>. Norus &#8211; Novos Rumos Sociol\u00f3gicos, v. 7, p. 4, 2019.<\/div>\n<\/div>\n<\/div>\n<div class=\"artigo-completo\">\n<pre><strong>2018<\/strong><\/pre>\n<div><\/div>\n<div><b>GOMES, Simone<\/b>. BENZAQUEN, Guilherme Figueredo. <a href=\"http:\/\/revistas.unisinos.br\/index.php\/ciencias_sociais\/article\/view\/csu.2018.54.2.07\/60746412\">A inflex\u00e3o zapatista: o Congreso Nacional Ind\u00edgena e a candidatura presidencial em 2018.<\/a> Revista Ci\u00eancias Sociais Unisinos, v. 54, p. 196-205, 2018.<\/div>\n<div><\/div>\n<div><\/div>\n<div><b>GOMES, Simone<\/b>. <a href=\"http:\/\/investigacion.politicas.unam.mx\/caricen\/wp-content\/uploads\/caricen8\/caricen8_1_1.pdf\">Honduras: Entre elecciones y oportunidades para activistas en el siglo XXI.<\/a> CARICEN, v. 8, p. 5-17, 2018.<\/div>\n<\/div>\n<p>&nbsp;<\/p>\n<p class=\"artigo-completo\">GOMES, Simone. <a href=\"http:\/\/www.scielo.org.mx\/scielo.php?script=sci_arttext&amp;pid=S1665-80272018000200017&amp;lng=pt&amp;nrm=iso&amp;tlng=es\">Movilizaciones y oportunidades pol\u00edticas en Nicaragua. Un debate desde el feminismo.<\/a> Liminar Estudios Sociales y Human\u00edsticos, v. 16, p. 17, 2018.<\/p>\n<pre><strong>2017<\/strong><\/pre>\n<div class=\"layout-cell-pad-5\">\n<div class=\"layout-cell layout-cell-11\">\n<div class=\"layout-cell-pad-5\">CHEDIEK, J. S. R. G. ;<b>GOMES, Simone<\/b>. <a href=\"https:\/\/siaiap32.univali.br\/seer\/index.php\/rdp\/article\/view\/11025\/6224\">Entre a autonomia e a dignidade da pessoa humana: um paralelo entre os debates no campo do Direito e do Movimento Feminista a partir do caso da Mercantiliza\u00e7\u00e3o da Virginidade.<\/a> Revista Eletr\u00f4nica de Direito e Pol\u00edtica, v. 12, p. 915-948, 2017.<\/div>\n<\/div>\n<div><\/div>\n<pre><strong>2016<\/strong><\/pre>\n<p><b><\/b><b>GOMES, Simone<\/b>. PALHARES AC\u00c1CIO, Igor . <a href=\"https:\/\/www.e-publicacoes.uerj.br\/index.php\/muralinternacional\/article\/view\/19457\">Estados Unidos (Mexicanos) e a espiral de viol\u00eancia: por uma breve cr\u00edtica \u00e0 no\u00e7\u00e3o de Estado Falido.<\/a> Mural Internacional (Online), v. 6, p. 278-292, 2016.<\/p>\n<\/div>\n<div class=\"layout-cell-pad-5\">\n<p><b>GOMES, Simone<\/b>. <a href=\"http:\/\/www.interfacejournal.net\/wordpress\/wp-content\/uploads\/2016\/12\/Interface-8-2-Ribeiro-Gomes.pdf\">Notas sobre um deslocamento de legitimidades: uma discuss\u00e3o acerca da viol\u00eancia a partir das jornadas de junho 2013<\/a>. Interface (Maynooth), v. 8, p. 243-260, 2016.<\/p>\n<div class=\"layout-cell-pad-5\">\n<p><b>GOMES, Simone<\/b>; G\u00d3MEZ-ABARCA, Carlos de Jesus. <a href=\"http:\/\/www.scielo.org.co\/scielo.php?script=sci_arttext&amp;pid=S1692-715X2018000200825&amp;lng=en&amp;nrm=iso&amp;tlng=es\">#Ocupaescola, #Ocupatudo: experiencias pol\u00c3\u00adticas de estudiantes de secundaria en el 2016, en Rio de Janeiro, Brasil.<\/a> Revista Latinoamericana de Ciencias Sociales, v. 16, p. 825-838, 2016.<\/p>\n<\/div>\n<\/div>\n<div class=\"artigo-completo\">\n<div class=\"layout-cell layout-cell-11\">\n<pre><strong>2011<\/strong><\/pre>\n<div><\/div>\n<div class=\"layout-cell-pad-5\"><b>GOMES, Simone<\/b>. <a href=\"https:\/\/revistaseletronicas.pucrs.br\/ojs\/index.php\/fass\/article\/view\/8560\">Notas preliminares de uma critica feminista aos programas de transferencia direta de renda &#8211; o caso do Programa Bolsa Familia no Brasil.<\/a> Textos &amp; Contextos (Porto Alegre), v. 10, p. 69-81, 2011.<\/div>\n<\/div>\n<\/div>\n","protected":false},"excerpt":{"rendered":"<p>2021 GOMES, Simone; PESSOA, Roxana ; GOMEZ, Carlos de Jes\u00fas Abarca . Notes on the Criminalization of Social Movements in Latin America: Examples from Brazil and Mexico. Media\u00e7\u00f5es &#8211; Revista de Ci\u00eancias Sociais, v. 26, p. 519-532, 2021. GOMES, Simone &hellip; <a href=\"https:\/\/wp.ufpel.edu.br\/crimeacoescoletivas\/producoes-2\/\">Continue lendo <span class=\"meta-nav\">&rarr;<\/span><\/a><\/p>\n","protected":false},"author":970,"featured_media":0,"parent":0,"menu_order":0,"comment_status":"closed","ping_status":"closed","template":"","meta":{"footnotes":""},"class_list":["post-230","page","type-page","status-publish","hentry"],"_links":{"self":[{"href":"https:\/\/wp.ufpel.edu.br\/crimeacoescoletivas\/wp-json\/wp\/v2\/pages\/230","targetHints":{"allow":["GET"]}}],"collection":[{"href":"https:\/\/wp.ufpel.edu.br\/crimeacoescoletivas\/wp-json\/wp\/v2\/pages"}],"about":[{"href":"https:\/\/wp.ufpel.edu.br\/crimeacoescoletivas\/wp-json\/wp\/v2\/types\/page"}],"author":[{"embeddable":true,"href":"https:\/\/wp.ufpel.edu.br\/crimeacoescoletivas\/wp-json\/wp\/v2\/users\/970"}],"replies":[{"embeddable":true,"href":"https:\/\/wp.ufpel.edu.br\/crimeacoescoletivas\/wp-json\/wp\/v2\/comments?post=230"}],"version-history":[{"count":2,"href":"https:\/\/wp.ufpel.edu.br\/crimeacoescoletivas\/wp-json\/wp\/v2\/pages\/230\/revisions"}],"predecessor-version":[{"id":233,"href":"https:\/\/wp.ufpel.edu.br\/crimeacoescoletivas\/wp-json\/wp\/v2\/pages\/230\/revisions\/233"}],"wp:attachment":[{"href":"https:\/\/wp.ufpel.edu.br\/crimeacoescoletivas\/wp-json\/wp\/v2\/media?parent=230"}],"curies":[{"name":"wp","href":"https:\/\/api.w.org\/{rel}","templated":true}]}}