{"id":2319,"date":"2020-04-03T23:14:27","date_gmt":"2020-04-04T02:14:27","guid":{"rendered":"https:\/\/wp.ufpel.edu.br\/crbensmoveis\/?page_id=2319"},"modified":"2020-06-09T21:09:56","modified_gmt":"2020-06-10T00:09:56","slug":"tccs","status":"publish","type":"page","link":"https:\/\/wp.ufpel.edu.br\/crbensmoveis\/tccs\/","title":{"rendered":"TCC&#8217;s"},"content":{"rendered":"<table style=\"width: 641px\">\n<tbody>\n<tr>\n<td style=\"width: 81px\" width=\"56\"><\/td>\n<td style=\"width: 105px\" width=\"102\"><strong>NOME DO ALUNO<\/strong><\/td>\n<td style=\"width: 125px\" width=\"102\"><strong>ORIENTADOR<\/strong><\/td>\n<td style=\"width: 267px\" width=\"262\">\n<p style=\"text-align: center\"><strong>T\u00cdTULO<\/strong><\/p>\n<\/td>\n<td style=\"width: 63px\" width=\"45\"><strong>ANO<\/strong><\/td>\n<\/tr>\n<tr>\n<td style=\"width: 81px\" width=\"56\"><\/td>\n<td style=\"width: 105px\" width=\"102\">Lisiane Gastal Pereira<\/td>\n<td style=\"width: 125px\" width=\"102\">Andr\u00e9a Lacerda Bachettini<\/td>\n<td style=\"width: 267px\" width=\"262\">As pinturas murais do teto do foyer do Theatro Guarany: levantamento das patologias para a defini\u00e7\u00e3o do estado de conserva\u00e7\u00e3o.<\/td>\n<td style=\"width: 63px\" width=\"45\"><strong>2013<\/strong><\/td>\n<\/tr>\n<tr>\n<td style=\"width: 81px\" width=\"56\"><\/td>\n<td style=\"width: 105px\" width=\"102\">Fabiane Rodrigues Moraes<\/td>\n<td style=\"width: 125px\" width=\"102\">Daniele Baltz da Fonseca<\/td>\n<td style=\"width: 267px\" width=\"262\">Um estudo sobre a conserva\u00e7\u00e3o do Altar de Santa Luzia.<\/td>\n<td style=\"width: 63px\" width=\"45\"><strong>2013<\/strong><\/td>\n<\/tr>\n<tr>\n<td style=\"width: 81px\" width=\"56\"><\/td>\n<td style=\"width: 105px\" width=\"102\">Micheli Martins Afonso<\/td>\n<td style=\"width: 125px\" width=\"102\">Juliane C. Primon Serres<\/td>\n<td style=\"width: 267px\" width=\"262\">A reconstru\u00e7\u00e3o da mem\u00f3ria de uma Casa-Museu: Diagn\u00f3stico de conserva\u00e7\u00e3o de uma amostragem da cole\u00e7\u00e3o de pintura da Casa Museu Fernando de Castro \u2013 Porto\/Portugal.<\/td>\n<td style=\"width: 63px\" width=\"45\"><strong>2013<\/strong><\/td>\n<\/tr>\n<tr>\n<td style=\"width: 81px\" width=\"56\"><\/td>\n<td style=\"width: 105px\" width=\"102\">Paula Wiener Reisser<\/td>\n<td style=\"width: 125px\" width=\"102\">Pedro Luis Machado Sanches<\/td>\n<td style=\"width: 267px\" width=\"262\">Peritagem e revis\u00e3o documental da obra atribu\u00edda \u00e0 pintora Marlene Abrantes Kerr na cole\u00e7\u00e3o \u201cEx-alunos da EBA\u201d do Museu de Arte Leopoldo Gotuzzo.<\/td>\n<td style=\"width: 63px\" width=\"45\"><strong>2013<\/strong><\/td>\n<\/tr>\n<tr>\n<td style=\"width: 81px\" width=\"56\"><\/td>\n<td style=\"width: 105px\" width=\"102\">Claudia Fontoura Lacerda<\/td>\n<td style=\"width: 125px\" width=\"102\">Roberto Heiden<\/td>\n<td style=\"width: 267px\" width=\"262\">Hist\u00f3ria de conserva\u00e7\u00e3o e restauro: Estudo sobre restauro das obras de Leopoldo Gotuzzo na d\u00e9cada de 80 em Pelotas, RS.<\/td>\n<td style=\"width: 63px\" width=\"45\"><strong>2013<\/strong><\/td>\n<\/tr>\n<tr>\n<td style=\"width: 81px\" width=\"56\"><\/td>\n<td style=\"width: 105px\" width=\"102\">\u00c2ngela Marina Macalossi<\/td>\n<td style=\"width: 125px\" width=\"102\">Andr\u00e9a Lacerda Bachettini<\/td>\n<td style=\"width: 267px\" width=\"262\">\u201cSenhoras Tomando Ch\u00e1\u201d \u2013 Pinacoteca Matteo Tonietti \u2013 Rio Grande \u2013 RS: O papel do conservador e restaurador na an\u00e1lise do estado de Conserva\u00e7\u00e3o e a discuss\u00e3o preliminar ao restauro.<\/td>\n<td style=\"width: 63px\" width=\"45\"><strong>2013<\/strong><\/td>\n<\/tr>\n<tr>\n<td style=\"width: 81px\" width=\"56\"><\/td>\n<td style=\"width: 105px\" width=\"102\">Mirian Silveira Campos<\/td>\n<td style=\"width: 125px\" width=\"102\">Silvana de F\u00e1tima Bojanoski<\/td>\n<td style=\"width: 267px\" width=\"262\">A\u00e7\u00f5es de conserva\u00e7\u00e3o preventiva para o controle de pragas no acervo da se\u00e7\u00e3o do Museu Antropol\u00f3gico Diretor Pestana, Ijui &#8211; RS<\/td>\n<td style=\"width: 63px\" width=\"45\"><strong>2013<\/strong><\/td>\n<\/tr>\n<tr>\n<td style=\"width: 81px\" width=\"56\"><\/td>\n<td style=\"width: 105px\" width=\"102\">Enilda Maria Benemann de Almeida<\/td>\n<td style=\"width: 125px\" width=\"102\">Mariana Gaelzer Wertheimer<\/td>\n<td style=\"width: 267px\" width=\"262\">An\u00e1lise e cr\u00edtica de interven\u00e7\u00f5es nos vitrais do Educand\u00e1rio Cora\u00e7\u00e3o de Maria, Rio Grande\/RS.<\/td>\n<td style=\"width: 63px\" width=\"45\"><strong>2013<\/strong><\/td>\n<\/tr>\n<tr>\n<td style=\"width: 81px\" width=\"56\"><\/td>\n<td style=\"width: 105px\" width=\"102\">Fl\u00e1via Silva Faro<\/td>\n<td style=\"width: 125px\" width=\"102\">Mariana Gaelzer Wertheimer<\/td>\n<td style=\"width: 267px\" width=\"262\">Estudo dos Vitrais do Instituto S\u00e3o Benedito da cidade de Pelotas, RS. Diagn\u00f3stico do estado de conserva\u00e7\u00e3o e proposta de interven\u00e7\u00e3o do painel da fachada externa.<\/td>\n<td style=\"width: 63px\" width=\"45\"><strong>2013<\/strong><\/td>\n<\/tr>\n<tr>\n<td style=\"width: 81px\" width=\"56\">1.<\/td>\n<td style=\"width: 105px\" width=\"102\">Andr\u00e9 Luiz de Vasconcelos Medeiros<\/td>\n<td style=\"width: 125px\" width=\"102\">Roberto Heiden<\/td>\n<td style=\"width: 267px\" width=\"262\">Par\u00e2metros para Conserva\u00e7\u00e3o e higieniza\u00e7\u00e3o do acervo ornitol\u00f3gico taxidermizado: Estudo de caso da cole\u00e7\u00e3o Carlos Ritter \u2013 Pelotas,RS.<\/td>\n<td style=\"width: 63px\" width=\"45\"><strong>2013<\/strong><\/td>\n<\/tr>\n<tr>\n<td style=\"width: 81px\" width=\"56\"><\/td>\n<td style=\"width: 105px\" width=\"102\">Gilson Barboza<\/td>\n<td style=\"width: 125px\" width=\"102\">Andr\u00e9a Lacerda Bachettini<\/td>\n<td style=\"width: 267px\" width=\"262\">Estudo dos exames realizados nas pinturas do acervo do Museu de Arte Leopoldo Gotuzzo.<\/td>\n<td style=\"width: 63px\" width=\"45\"><strong>2013<\/strong><\/td>\n<\/tr>\n<tr>\n<td style=\"width: 81px\" width=\"56\"><\/td>\n<td style=\"width: 105px\" width=\"102\">Deisi Rodrigues Neugebauer<\/td>\n<td style=\"width: 125px\" width=\"102\">Luiza Fabiana Neitzke de Carvalho<\/td>\n<td style=\"width: 267px\" width=\"262\">Diagn\u00f3stico de patologias da Capela Senhor do Bonfim (1880): Cemit\u00e9rio da Santa Casa de Pelotas.<\/td>\n<td style=\"width: 63px\" width=\"45\"><strong>2013<\/strong><\/td>\n<\/tr>\n<tr>\n<td style=\"width: 81px\" width=\"56\"><\/td>\n<td style=\"width: 105px\" width=\"102\">Val\u00e9ria Martins Cardoso<\/td>\n<td style=\"width: 125px\" width=\"102\">Karen Velleda Caldas<\/td>\n<td style=\"width: 267px\" width=\"262\">Diagn\u00f3stico do estado de conserva\u00e7\u00e3o de obras de arte em papel: gravuras de Torrie Ohtake<\/td>\n<td style=\"width: 63px\" width=\"45\"><strong>2014<\/strong><\/td>\n<\/tr>\n<tr>\n<td style=\"width: 81px\" width=\"56\"><\/td>\n<td style=\"width: 105px\" width=\"102\">Fabio Barreto da Silva<\/td>\n<td style=\"width: 125px\" width=\"102\">Isabel Halfen da Costa Torino<\/td>\n<td style=\"width: 267px\" width=\"262\">A Conserva\u00e7\u00e3o Preventiva e a Preven\u00e7\u00e3o de Inc\u00eandios no Museu Municipal Parque da Baronesa, Pelotas \u2013 RS.<\/td>\n<td style=\"width: 63px\" width=\"45\"><strong>2014<\/strong><\/td>\n<\/tr>\n<tr>\n<td style=\"width: 81px\" width=\"56\"><\/td>\n<td style=\"width: 105px\" width=\"102\">Mirtes Lourdes DappOglio<\/td>\n<td style=\"width: 125px\" width=\"102\">Jaime Mujica Sall\u00e9s<\/td>\n<td style=\"width: 267px\" width=\"262\">Equipamento de Cavalgada do S\u00e9culo XIX: Contextualiza\u00e7\u00e3o, estrat\u00e9gias de conserva\u00e7\u00e3o e de musealiza\u00e7\u00e3o.<\/td>\n<td style=\"width: 63px\" width=\"45\"><strong>2014<\/strong><\/td>\n<\/tr>\n<tr>\n<td style=\"width: 81px\" width=\"56\"><\/td>\n<td style=\"width: 105px\" width=\"102\">Mariana de Araujo Isquierdo<\/td>\n<td style=\"width: 125px\" width=\"102\">Francisca Ferreira Michelon<\/td>\n<td style=\"width: 267px\" width=\"262\">A documenta\u00e7\u00e3o fotogr\u00e1fica cient\u00edfica a servi\u00e7o da conserva\u00e7\u00e3o e restauro: da teoria \u00e0 pr\u00e1tica.<\/td>\n<td style=\"width: 63px\" width=\"45\"><strong>2014<\/strong><\/td>\n<\/tr>\n<tr>\n<td style=\"width: 81px\" width=\"56\">1.<\/td>\n<td style=\"width: 105px\" width=\"102\">Maria Alice Mattozo Vasconcellos<\/td>\n<td style=\"width: 125px\" width=\"102\">Daniele Baltz da Fonseca<\/td>\n<td style=\"width: 267px\" width=\"262\">Estudos sobre as interven\u00e7\u00f5es realizadas em esculturas sacras em madeira policromada: Santo Ant\u00f4nio de P\u00e1dua Pertencente \u00e0 cole\u00e7\u00e3o de Arte Sacra da cidade de Rio Grande \u2013 RS.<\/td>\n<td style=\"width: 63px\" width=\"45\"><strong>2014<\/strong><\/td>\n<\/tr>\n<tr>\n<td style=\"width: 81px\" width=\"56\"><\/td>\n<td style=\"width: 105px\" width=\"102\">Lidiane \u00c1vila da Silva<\/td>\n<td style=\"width: 125px\" width=\"102\">Silvana Bojanoski<\/td>\n<td style=\"width: 267px\" width=\"262\">Diagn\u00f3stico de conserva\u00e7\u00e3o: Estudo de caso no Acervo bibliogr\u00e1fico da Biblioteca Professor Jos\u00e9 Julio de Albuquerque.<\/td>\n<td style=\"width: 63px\" width=\"45\"><strong>2014<\/strong><\/td>\n<\/tr>\n<tr>\n<td style=\"width: 81px\" width=\"56\"><\/td>\n<td style=\"width: 105px\" width=\"102\">Melania dos Santos Cardoso Veras<\/td>\n<td style=\"width: 125px\" width=\"102\">Pedro Luis Machado Sanches<\/td>\n<td style=\"width: 267px\" width=\"262\">Uma An\u00e1lise Simb\u00f3lica Aplicada a Peritagem de Escari\u00f3las: Identifica\u00e7\u00e3o de Restauros Antigos a partir da Classifica\u00e7\u00e3o de Signos Ic\u00f4nicos e Signos Pl\u00e1sticos.<\/td>\n<td style=\"width: 63px\" width=\"45\"><strong>2014<\/strong><\/td>\n<\/tr>\n<tr>\n<td style=\"width: 81px\" width=\"56\"><\/td>\n<td style=\"width: 105px\" width=\"102\">Taciane Silveira Souza<\/td>\n<td style=\"width: 125px\" width=\"102\">Pedro Luis Machado Sanches<\/td>\n<td style=\"width: 267px\" width=\"262\">Consolida\u00e7\u00e3o de material cer\u00e2mico fragment\u00e1rio: estudo da a\u00e7\u00e3o utilizados na conserva\u00e7\u00e3o de lou\u00e7as finas e sua reversibilidade.<\/td>\n<td style=\"width: 63px\" width=\"45\"><strong>2014<\/strong><\/td>\n<\/tr>\n<tr>\n<td style=\"width: 81px\" width=\"56\"><\/td>\n<td style=\"width: 105px\" width=\"102\">Mara Denise Nizolli Rodrigues<\/td>\n<td style=\"width: 125px\" width=\"102\">Andr\u00e9a Lacerda Bachettini<\/td>\n<td style=\"width: 267px\" width=\"262\">Restaura\u00e7\u00e3o da obra: \u201cDescanso da Sagrada Fam\u00edlia na fuga para o Egito\u201c pertencente \u00e0 cole\u00e7\u00e3o de Arte Sacra do Museu da cidade do Rio Grande, Brasil.<\/td>\n<td style=\"width: 63px\" width=\"45\"><strong>2014<\/strong><\/td>\n<\/tr>\n<tr>\n<td style=\"width: 81px\" width=\"56\"><\/td>\n<td style=\"width: 105px\" width=\"102\">Marcelo Hansen Madail<\/td>\n<td style=\"width: 125px\" width=\"102\">Silvana de F\u00e1tima Bojanoski<\/td>\n<td style=\"width: 267px\" width=\"262\">Agentes de deteriora\u00e7\u00e3o da vulnerabilidade do Museu Municipal Parque da Baronesa aos danos ocasionados pela \u00e1gua.<\/td>\n<td style=\"width: 63px\" width=\"45\"><strong>2014<\/strong><\/td>\n<\/tr>\n<tr>\n<td style=\"width: 81px\" width=\"56\"><\/td>\n<td style=\"width: 105px\" width=\"102\">Jennifer Cazaubon<\/td>\n<td style=\"width: 125px\" width=\"102\">Daniele Baltz da Fonseca<\/td>\n<td style=\"width: 267px\" width=\"262\">Diagn\u00f3stico de conserva\u00e7\u00e3o: estudo de caso da Biblioteca Jos\u00e9 J\u00falio Albuquerque Barros, Pelotas \u2013 RS.<\/td>\n<td style=\"width: 63px\" width=\"45\"><strong>2014<\/strong><\/td>\n<\/tr>\n<tr>\n<td style=\"width: 81px\" width=\"56\"><\/td>\n<td style=\"width: 105px\" width=\"102\">Ana Paula da Rosa Leal<\/td>\n<td style=\"width: 125px\" width=\"102\">Jaime Mujica Sall\u00e9s<\/td>\n<td style=\"width: 267px\" width=\"262\">Documenta\u00e7\u00e3o Aplicada \u00e0 conserva\u00e7\u00e3o de materiais arqueol\u00f3gicos: an\u00e1lise das pr\u00e1ticas documentais do Laborat\u00f3rio Multidisciplinar de Investiga\u00e7\u00e3o Arqueol\u00f3gica (L\u00c2MINA-UFPEL).<\/td>\n<td style=\"width: 63px\" width=\"45\"><strong>2014<\/strong><\/td>\n<\/tr>\n<tr>\n<td style=\"width: 81px\" width=\"56\"><\/td>\n<td style=\"width: 105px\" width=\"102\">Rosangela Maria Ortiz Torres<\/td>\n<td style=\"width: 125px\" width=\"102\">Silvana Bojanoski<\/td>\n<td style=\"width: 267px\" width=\"262\">Procedimentos de preserva\u00e7\u00e3o e organiza\u00e7\u00e3o de fotografias memorial IF-SUL.<\/td>\n<td style=\"width: 63px\" width=\"45\"><strong>2014<\/strong><\/td>\n<\/tr>\n<tr>\n<td style=\"width: 81px\" width=\"56\"><\/td>\n<td style=\"width: 105px\" width=\"102\">Claudia da Silva Nogueira<\/td>\n<td style=\"width: 125px\" width=\"102\">Roberto Heiden<\/td>\n<td style=\"width: 267px\" width=\"262\">Pol\u00edticas P\u00fablicas Patrimoniais: Estudo dos instrumentos legais e estrat\u00e9gias de preserva\u00e7\u00e3o na cidade de Pelotas-RS.<\/td>\n<td style=\"width: 63px\" width=\"45\"><strong>2014<\/strong><\/td>\n<\/tr>\n<tr>\n<td style=\"width: 81px\" width=\"56\"><\/td>\n<td style=\"width: 105px\" width=\"102\">Adriano Konrath<\/td>\n<td style=\"width: 125px\" width=\"102\">Francisca Fereira Michelon<\/td>\n<td style=\"width: 267px\" width=\"262\">Ver com as palavras saber com a voz: a experi\u00eancia da Conserva\u00e7\u00e3o e Restauro na concep\u00e7\u00e3o de uma exposi\u00e7\u00e3o acess\u00edvel atrav\u00e9s de \u00c1udio descri\u00e7\u00e3o.<\/td>\n<td style=\"width: 63px\" width=\"45\"><strong>2014<\/strong><\/td>\n<\/tr>\n<tr>\n<td style=\"width: 81px\" width=\"56\"><\/td>\n<td style=\"width: 105px\" width=\"102\">M\u00e1rcia Regina dos Santos Dutra<\/td>\n<td style=\"width: 125px\" width=\"102\">Jaime Mujica Sall\u00e9s<\/td>\n<td style=\"width: 267px\" width=\"262\">Artefato de combate do s\u00e9culo XIX: investiga\u00e7\u00e3o hist\u00f3rica, projeto de interven\u00e7\u00e3o expogr\u00e1fica.<\/td>\n<td style=\"width: 63px\" width=\"45\"><strong>2014<\/strong><\/td>\n<\/tr>\n<tr>\n<td style=\"width: 81px\" width=\"56\"><\/td>\n<td style=\"width: 105px\" width=\"102\">Caroline Peixoto Pires<\/td>\n<td style=\"width: 125px\" width=\"102\">Roberto Heiden<\/td>\n<td style=\"width: 267px\" width=\"262\">Estudos dos valores patrimoniais e sua influ\u00eancia nas atividades do conservador-restaurador.<\/td>\n<td style=\"width: 63px\" width=\"45\"><strong>2014<\/strong><\/td>\n<\/tr>\n<tr>\n<td style=\"width: 81px\" width=\"56\"><\/td>\n<td style=\"width: 105px\" width=\"102\">Bianca Servi Gon\u00e7alves<\/td>\n<td style=\"width: 125px\" width=\"102\">Silvana de F\u00e1tima Bojanoski<\/td>\n<td style=\"width: 267px\" width=\"262\">Atividades de restauro em obra rara no Museus dos Capuchinhos Caxias do Sul, RS.<\/td>\n<td style=\"width: 63px\" width=\"45\"><strong>2014<\/strong><\/td>\n<\/tr>\n<tr>\n<td style=\"width: 81px\" width=\"56\"><\/td>\n<td style=\"width: 105px\" width=\"102\">Priscila Pinheiro Lampazzi<\/td>\n<td style=\"width: 125px\" width=\"102\">Pedro Luis Machado Sanches<\/td>\n<td style=\"width: 267px\" width=\"262\">Estudo de um acervo particular de fragmentos de vitrais atribu\u00eddos a Casa Genta de Porto Alegre-RS: documenta\u00e7\u00e3o e caracteriza\u00e7\u00e3o dos exemplares.<\/td>\n<td style=\"width: 63px\" width=\"45\"><strong>2015<\/strong><\/td>\n<\/tr>\n<tr>\n<td style=\"width: 81px\" width=\"56\"><\/td>\n<td style=\"width: 105px\" width=\"102\">Jairo Hardtke Kaster<\/td>\n<td style=\"width: 125px\" width=\"102\">Karen Velleda Caldas<\/td>\n<td style=\"width: 267px\" width=\"262\">Restaura\u00e7\u00e3o em escultura policromada: O Cristo Crucificado do Museu da cidade do Rio Grande.<\/td>\n<td style=\"width: 63px\" width=\"45\"><strong>2015<\/strong><\/td>\n<\/tr>\n<tr>\n<td style=\"width: 81px\" width=\"56\"><\/td>\n<td style=\"width: 105px\" width=\"102\">Vera Regina Casaubon<\/td>\n<td style=\"width: 125px\" width=\"102\">Luiza Fabiana Neitzke de Carvalho<\/td>\n<td style=\"width: 267px\" width=\"262\">Homenagem P\u00f3stuma no cemit\u00e9rio da Santa Casa de Miseric\u00f3rdia Pelotas: Simbologia do monumento aos que morreram ignorados.<\/td>\n<td style=\"width: 63px\" width=\"45\"><strong>2015<\/strong><\/td>\n<\/tr>\n<tr>\n<td style=\"width: 81px\" width=\"56\"><\/td>\n<td style=\"width: 105px\" width=\"102\">Eduardo Kramer Oliveira de Araujo<\/td>\n<td style=\"width: 125px\" width=\"102\">Ver\u00f4nica Coffy Bilhalba dos Santos<\/td>\n<td style=\"width: 267px\" width=\"262\">Restaura\u00e7\u00e3o de talha dourada: breve revis\u00e3o e an\u00e1lise dos materiais empregues no m\u00e9todo de reintegra\u00e7\u00e3o pict\u00f3rica com aplica\u00e7\u00e3o de purpurina.<\/td>\n<td style=\"width: 63px\" width=\"45\"><strong>2015<\/strong><\/td>\n<\/tr>\n<tr>\n<td style=\"width: 81px\" width=\"56\"><\/td>\n<td style=\"width: 105px\" width=\"102\">Fernando Gon\u00e7alves Duarte<\/td>\n<td style=\"width: 125px\" width=\"102\">Isabel Halfen da Costa Torino<\/td>\n<td style=\"width: 267px\" width=\"262\">Restauro em Taxidermia: Uma capivara no Museu de Ci\u00eancias Carlos Ritter, UFPEL.<\/td>\n<td style=\"width: 63px\" width=\"45\"><strong>2015<\/strong><\/td>\n<\/tr>\n<tr>\n<td style=\"width: 81px\" width=\"56\"><\/td>\n<td style=\"width: 105px\" width=\"102\">Suzana Rodrigues Borges<\/td>\n<td style=\"width: 125px\" width=\"102\">Karen Velleda Caldas<\/td>\n<td style=\"width: 267px\" width=\"262\">Diagn\u00f3stico do estado de conserva\u00e7\u00e3o do quadro de formandos em suporte papel da turma de Agronomia da UFPEL do ano de1922.<\/td>\n<td style=\"width: 63px\" width=\"45\"><strong>2015<\/strong><\/td>\n<\/tr>\n<tr>\n<td style=\"width: 81px\" width=\"56\"><\/td>\n<td style=\"width: 105px\" width=\"102\">Cacilda Oliveira Kirst<\/td>\n<td style=\"width: 125px\" width=\"102\">Ver\u00f4nica Coffy Bilhalba dos Santos<\/td>\n<td style=\"width: 267px\" width=\"262\">Monitoramento do Estado de Conserva\u00e7\u00e3o de Obras de Arte Restauradas: Diagn\u00f3stico em tr\u00eas Autoretratos de Leopoldo Gotuzzo (MALG, Pelotas RS).<\/td>\n<td style=\"width: 63px\" width=\"45\"><strong>2015<\/strong><\/td>\n<\/tr>\n<tr>\n<td style=\"width: 81px\" width=\"56\"><\/td>\n<td style=\"width: 105px\" width=\"102\">Eduarda Peres<\/td>\n<td style=\"width: 125px\" width=\"102\">Roberto Heiden<\/td>\n<td style=\"width: 267px\" width=\"262\">Os Centros de Tradi\u00e7\u00f5es Gauchas em Pelotas-RS: estudo sobre a constitui\u00e7\u00e3o e guarda do acervo da Entidade Tradicionalista Uni\u00e3o Gaucha Jo\u00e3o Sim\u00f5es Lopes Neto.<\/td>\n<td style=\"width: 63px\" width=\"45\"><strong>2015<\/strong><\/td>\n<\/tr>\n<tr>\n<td style=\"width: 81px\" width=\"56\"><\/td>\n<td style=\"width: 105px\" width=\"102\">Rosangela Pereira Tavares<\/td>\n<td style=\"width: 125px\" width=\"102\">Roberto Heiden<\/td>\n<td style=\"width: 267px\" width=\"262\">Estudo sobre o Processo de Patrimonializa\u00e7\u00e3o e Restaura\u00e7\u00e3o da Esta\u00e7\u00e3o Ferrovi\u00e1ria de Pelotas.<\/td>\n<td style=\"width: 63px\" width=\"45\"><strong>2015<\/strong><\/td>\n<\/tr>\n<tr>\n<td style=\"width: 81px\" width=\"56\"><\/td>\n<td style=\"width: 105px\" width=\"102\">Marta Rosane Possapp Tavares<\/td>\n<td style=\"width: 125px\" width=\"102\">Silvana Bojanoski<\/td>\n<td style=\"width: 267px\" width=\"262\">Acondicionamento de uma indument\u00e1ria t\u00eaxtil do Museu Municipal Parque da Baronesa de Pelotas.<\/td>\n<td style=\"width: 63px\" width=\"45\"><strong>2015<\/strong><\/td>\n<\/tr>\n<tr>\n<td style=\"width: 81px\" width=\"56\"><\/td>\n<td style=\"width: 105px\" width=\"102\">Dulce Elena Dias de \u00c1vila<\/td>\n<td style=\"width: 125px\" width=\"102\">Silvana Bojanoski<\/td>\n<td style=\"width: 267px\" width=\"262\">Processos administrativos municipais: Identifica\u00e7\u00e3o de danos e recomenda\u00e7\u00f5es de conserva\u00e7\u00e3o nos Arquivos Administrativos da Prefeitura Municipal de Pelotas.<\/td>\n<td style=\"width: 63px\" width=\"45\"><strong>2015<\/strong><\/td>\n<\/tr>\n<tr>\n<td style=\"width: 81px\" width=\"56\"><\/td>\n<td style=\"width: 105px\" width=\"102\">Amanda Scattolin<\/td>\n<td style=\"width: 125px\" width=\"102\">Isabel Halfen da Costa Torino<\/td>\n<td style=\"width: 267px\" width=\"262\">Os gradis do Cemit\u00e9rio da Santa Casa de Miseric\u00f3rdia da Pelotas, RS: A complexidade de preservar um patrim\u00f4nio em ferro.<\/td>\n<td style=\"width: 63px\" width=\"45\"><strong>2015<\/strong><\/td>\n<\/tr>\n<tr>\n<td style=\"width: 81px\" width=\"56\"><\/td>\n<td style=\"width: 105px\" width=\"102\">Cristiane Rodrigues de Rodrigues<\/td>\n<td style=\"width: 125px\" width=\"102\">Micheli Martins Afonso<\/td>\n<td style=\"width: 267px\" width=\"262\">Museu Municipal Capit\u00e3o Henrique Jos\u00e9 Barbosa: Elabora\u00e7\u00e3o de um Diagn\u00f3stico de Conserva\u00e7\u00e3o e de diretrizes sustent\u00e1veis sobre conserva\u00e7\u00e3o preventiva.<\/td>\n<td style=\"width: 63px\" width=\"45\"><strong>2015<\/strong><\/td>\n<\/tr>\n<tr>\n<td style=\"width: 81px\" width=\"56\"><\/td>\n<td style=\"width: 105px\" width=\"102\">F\u00e1bio Gon\u00e7alves Z\u00fcndler<\/td>\n<td style=\"width: 125px\" width=\"102\">Francisca Ferreira Michelon<\/td>\n<td style=\"width: 267px\" width=\"262\">Conserva\u00e7\u00e3o de acervos e digitaliza\u00e7\u00e3o: O acervo fotogr\u00e1fico de Egito Camargo do Museu Municipal Cap. Henrique Jos\u00e9 Barbosa, Cangu\u00e7u\/RS.<\/td>\n<td style=\"width: 63px\" width=\"45\"><strong>2016<\/strong><\/td>\n<\/tr>\n<tr>\n<td style=\"width: 81px\" width=\"56\"><\/td>\n<td style=\"width: 105px\" width=\"102\">Claudia Maria Bitencourt Carvalho<\/td>\n<td style=\"width: 125px\" width=\"102\">Pedro Luis Machado Sanches<\/td>\n<td style=\"width: 267px\" width=\"262\">Uma an\u00e1lise poss\u00edvel das inscri\u00e7\u00f5es em escariola: Peritagem de obra de arte aplicada ao estudo dos revestimentos internos do casario hist\u00f3rico de Pelotas\/RS.<\/td>\n<td style=\"width: 63px\" width=\"45\"><strong>2016<\/strong><\/td>\n<\/tr>\n<tr>\n<td style=\"width: 81px\" width=\"56\"><\/td>\n<td style=\"width: 105px\" width=\"102\">Susana dos Santos Dode<\/td>\n<td style=\"width: 125px\" width=\"102\">Jaime Mujica<\/td>\n<td style=\"width: 267px\" width=\"262\">Conserva\u00e7\u00e3o Arqueol\u00f3gica aplicada a um trinco de metal ferroso do s\u00e9culo XVIII: um encontro com as recomenda\u00e7\u00f5es da Portaria N\u00ba 196 de 18 de maio de 2016.<\/td>\n<td style=\"width: 63px\" width=\"45\"><strong>2016<\/strong><\/td>\n<\/tr>\n<tr>\n<td style=\"width: 81px\" width=\"56\"><\/td>\n<td style=\"width: 105px\" width=\"102\">Paula de Aguiar Silva Azevedo<\/td>\n<td style=\"width: 125px\" width=\"102\">Karen Velleda Caldas<\/td>\n<td style=\"width: 267px\" width=\"262\">Cultivo e isolamento de microorganismos presentes em cer\u00e2micas arqueol\u00f3gicas e ambiente do LEPAAR\/UFPel, na \u00f3tica da Conserva\u00e7\u00e3o Preventiva.<\/td>\n<td style=\"width: 63px\" width=\"45\"><strong>2016<\/strong><\/td>\n<\/tr>\n<tr>\n<td style=\"width: 81px\" width=\"56\"><\/td>\n<td style=\"width: 105px\" width=\"102\">Sandra Rejane Canez Borges<\/td>\n<td style=\"width: 125px\" width=\"102\">Francisca Ferreira Michelon<\/td>\n<td style=\"width: 267px\" width=\"262\">Caracteriza\u00e7\u00e3o do acervo fotogr\u00e1fico do Esporte Clube Pelotas.<\/td>\n<td style=\"width: 63px\" width=\"45\"><strong>2016<\/strong><\/td>\n<\/tr>\n<tr>\n<td style=\"width: 81px\" width=\"56\"><\/td>\n<td style=\"width: 105px\" width=\"102\">Andressa Burguez da Silva Borba<\/td>\n<td style=\"width: 125px\" width=\"102\">Thiago Sevilhano Puglieri<\/td>\n<td style=\"width: 267px\" width=\"262\">A tinta Ferrog\u00e1lica e os efeitos sobre o suporte de papel: An\u00e1lise e Diagn\u00f3stico do Acervo do Memorial do Esporte Clube Pelotas.<\/td>\n<td style=\"width: 63px\" width=\"45\"><strong>2016<\/strong><\/td>\n<\/tr>\n<tr>\n<td style=\"width: 81px\" width=\"56\"><\/td>\n<td style=\"width: 105px\" width=\"102\">Diuli da Silva Pureza<\/td>\n<td style=\"width: 125px\" width=\"102\">Francisca Ferreira Michelon<\/td>\n<td style=\"width: 267px\" width=\"262\">A mem\u00f3ria vitrificada do Eg\u00eddio Camargo: a conserva\u00e7\u00e3o dos negativos de vidro do acervo fotogr\u00e1fico do Museu Municipal Capit\u00e3o Henrique Jos\u00e9 Barbosa, Cangu\u00e7u\/RS.<\/td>\n<td style=\"width: 63px\" width=\"45\"><strong>2016<\/strong><\/td>\n<\/tr>\n<tr>\n<td style=\"width: 81px\" width=\"56\"><\/td>\n<td style=\"width: 105px\" width=\"102\">Juliana Cavalheiro Rodrighiero<\/td>\n<td style=\"width: 125px\" width=\"102\">Maria Let\u00edcia Mazzucchi Ferreira<\/td>\n<td style=\"width: 267px\" width=\"262\">Pol\u00edticas de Preserva\u00e7\u00e3o em Pelotas: An\u00e1lise do estado de conserva\u00e7\u00e3o de uma amostragem de Bens Culturais Edificados da Zona de Preserva\u00e7\u00e3o 01.<\/td>\n<td style=\"width: 63px\" width=\"45\"><strong>2017<\/strong><\/td>\n<\/tr>\n<tr>\n<td style=\"width: 81px\" width=\"56\"><\/td>\n<td style=\"width: 105px\" width=\"102\">Julia Xavier Barros<\/td>\n<td style=\"width: 125px\" width=\"102\">Thiago Sevilhano Puglieri<\/td>\n<td style=\"width: 267px\" width=\"262\">Estudo de Caso de um Urinol da Casa 8.<\/td>\n<td style=\"width: 63px\" width=\"45\"><strong>2017<\/strong><\/td>\n<\/tr>\n<tr>\n<td style=\"width: 81px\" width=\"56\"><\/td>\n<td style=\"width: 105px\" width=\"102\">Paulo Roberto Ferraz<\/td>\n<td style=\"width: 125px\" width=\"102\">Micheli Martins Afonso<\/td>\n<td style=\"width: 267px\" width=\"262\">Monumentos p\u00fablicos de Pelotas: Documenta\u00e7\u00e3o e pr\u00e9-diagn\u00f3stico das esculturas em ligas met\u00e1licas localizadas na \u00e1rea urbana.<\/td>\n<td style=\"width: 63px\" width=\"45\"><strong>2017<\/strong><\/td>\n<\/tr>\n<tr>\n<td style=\"width: 81px\" width=\"56\"><\/td>\n<td style=\"width: 105px\" width=\"102\">Tarsila Costa Rizzi<\/td>\n<td style=\"width: 125px\" width=\"102\">Luiza Fabiana Neitzke de Carvalho<\/td>\n<td style=\"width: 267px\" width=\"262\">A hist\u00f3ria, as interven\u00e7\u00f5es e as medidas protetiva da Esta\u00e7\u00e3o Jaguari\u00fama e do Trem Maria Trem Maria fuma\u00e7a.<\/td>\n<td style=\"width: 63px\" width=\"45\"><strong>2017<\/strong><\/td>\n<\/tr>\n<tr>\n<td style=\"width: 81px\" width=\"56\"><\/td>\n<td style=\"width: 105px\" width=\"102\">Ana Carolina Kohn Behling<\/td>\n<td style=\"width: 125px\" width=\"102\">Francisca Michelon<\/td>\n<td style=\"width: 267px\" width=\"262\">A cultura pomerana nos acervos fotogr\u00e1ficos de fam\u00edlia de S\u00e3o Louren\u00e7o do Sul\/RS<\/td>\n<td style=\"width: 63px\" width=\"45\"><strong>2017<\/strong><\/td>\n<\/tr>\n<tr>\n<td style=\"width: 81px\" width=\"56\"><\/td>\n<td style=\"width: 105px\" width=\"102\">Eloisa do Carmo de Oliveira<\/td>\n<td style=\"width: 125px\" width=\"102\">Francisca Ferreira Michelon<\/td>\n<td style=\"width: 267px\" width=\"262\">O caso do acervo de pel\u00edculas cinematogr\u00e1ficas de acetato de celulose do Museu de Imagem e do Som de S\u00e3o Paulo.<\/td>\n<td style=\"width: 63px\" width=\"45\"><strong>2017<\/strong><\/td>\n<\/tr>\n<tr>\n<td style=\"width: 81px\" width=\"56\"><\/td>\n<td style=\"width: 105px\" width=\"102\">Tales Kr\u00fcger Siefert<\/td>\n<td style=\"width: 125px\" width=\"102\">Roberto Heiden<\/td>\n<td style=\"width: 267px\" width=\"262\">Pol\u00edticas de a\u00e7\u00f5es educativas em torno do patrim\u00f4nio cultural: um estudo sobre o Dia do Patrim\u00f4nio em Pelotas-RS.<\/td>\n<td style=\"width: 63px\" width=\"45\"><strong>2017<\/strong><\/td>\n<\/tr>\n<tr>\n<td style=\"width: 81px\" width=\"56\"><\/td>\n<td style=\"width: 105px\" width=\"102\">Jaqueline da Silva Bas\u00edlio<\/td>\n<td style=\"width: 125px\" width=\"102\">Daniele Baltz da Fonseca<\/td>\n<td style=\"width: 267px\" width=\"262\">Levantamento de elementos decorativos de resid\u00eancia n\u00ba 2832 as Rua Tiradentes, Pelotas,RS.<\/td>\n<td style=\"width: 63px\" width=\"45\"><strong>2018<\/strong><\/td>\n<\/tr>\n<tr>\n<td style=\"width: 81px\" width=\"56\"><\/td>\n<td style=\"width: 105px\" width=\"102\">Sidnei Louro Jorge J\u00fanior<\/td>\n<td style=\"width: 125px\" width=\"102\">Rita Juliana Poloni<\/td>\n<td style=\"width: 267px\" width=\"262\">Aos Her\u00f3is De 1035 \u2013 Gr\u00eamio Atl\u00e9tico Farroupilha \u2013 Recupera\u00e7\u00e3o das Mem\u00f3rias: Estudo e Proposta de Interven\u00e7\u00e3o para restaura\u00e7\u00e3o de Monumento Funer\u00e1rio.<\/td>\n<td style=\"width: 63px\" width=\"45\"><strong>2018<\/strong><\/td>\n<\/tr>\n<tr>\n<td style=\"width: 81px\" width=\"56\"><\/td>\n<td style=\"width: 105px\" width=\"102\">Lindsay Rocha Taveira<\/td>\n<td style=\"width: 125px\" width=\"102\">Daniele Baltz da Fonseca<\/td>\n<td style=\"width: 267px\" width=\"262\">Restaura\u00e7\u00e3o de escultura em argamassa de cimento do \u00edndio Peri do Front\u00e3o do Teatro Guarani, em Pelotas.<\/td>\n<td style=\"width: 63px\" width=\"45\"><strong>2018<\/strong><\/td>\n<\/tr>\n<tr>\n<td style=\"width: 81px\" width=\"56\"><\/td>\n<td style=\"width: 105px\" width=\"102\">Ana Paula da Silva Pinho<\/td>\n<td style=\"width: 125px\" width=\"102\">Mariana Gaelzer Wertheimer<\/td>\n<td style=\"width: 267px\" width=\"262\">Estudo dos antigos vitrais do Castelo Sim\u00f5es Lopes, Rio Grande do Sul: Uma Proposta de interven\u00e7\u00e3o.<\/td>\n<td style=\"width: 63px\" width=\"45\"><strong>2018<\/strong><\/td>\n<\/tr>\n<tr>\n<td style=\"width: 81px\" width=\"56\"><\/td>\n<td style=\"width: 105px\" width=\"102\">Carmen Antonieta Correa Fromming Fernandes<\/td>\n<td style=\"width: 125px\" width=\"102\">Mariana Gaelzer Wertheimer<\/td>\n<td style=\"width: 267px\" width=\"262\">Um recorte do acervo de imagens dos vitrais da Casa Genta na cidade de Porto Alegre \u2013 RS: A Virgem Maria e suas representa\u00e7\u00f5es na Igreja Nossa Senhora da Piedade.<\/td>\n<td style=\"width: 63px\" width=\"45\"><strong>2018<\/strong><\/td>\n<\/tr>\n<tr>\n<td style=\"width: 81px\" width=\"56\"><\/td>\n<td style=\"width: 105px\" width=\"102\">Larissa Rodales da Fonseca<\/td>\n<td style=\"width: 125px\" width=\"102\">Andrea Lacerda Bachettini<\/td>\n<td style=\"width: 267px\" width=\"262\">Do Diagn\u00f3stico a interven\u00e7\u00e3o: a obra \u201cRetrato Feminino\u201d de J. Machado \u2013 1876.<\/td>\n<td style=\"width: 63px\" width=\"45\"><strong>2018<\/strong><\/td>\n<\/tr>\n<tr>\n<td style=\"width: 81px\" width=\"56\"><\/td>\n<td style=\"width: 105px\" width=\"102\">Andrea Gon\u00e7alves dos Santos<\/td>\n<td style=\"width: 125px\" width=\"102\">Daniele Baltz da Fonseca<\/td>\n<td style=\"width: 267px\" width=\"262\">Apontamentos iniciais sobre o gerenciamento de risco na coordena\u00e7\u00e3o de arquivo geral da Universidade Federal do Rio Grande \u2013 FURG.<\/td>\n<td style=\"width: 63px\" width=\"45\"><strong>2018<\/strong><\/td>\n<\/tr>\n<tr>\n<td style=\"width: 81px\" width=\"56\"><\/td>\n<td style=\"width: 105px\" width=\"102\">Silvia Helena Brum<\/td>\n<td style=\"width: 125px\" width=\"102\">Rita Juliana Poloni<\/td>\n<td style=\"width: 267px\" width=\"262\">Estrutura Met\u00e1lica do Mercado P\u00fablico de Pelotas: Est\u00e9tica e Mem\u00f3ria em uma perspectiva hist\u00f3ria.<\/td>\n<td style=\"width: 63px\" width=\"45\"><strong>2018<\/strong><\/td>\n<\/tr>\n<tr>\n<td style=\"width: 81px\" width=\"56\"><\/td>\n<td style=\"width: 105px\" width=\"102\">Ana Elisa Couto Madruga<\/td>\n<td style=\"width: 125px\" width=\"102\">Andrea Lacerda Bachettini<\/td>\n<td style=\"width: 267px\" width=\"262\">A Lei Rouanet financiamento para preserva\u00e7\u00e3o do Patrim\u00f4nio Cultural de Pelotas-RS.<\/td>\n<td style=\"width: 63px\" width=\"45\"><strong>2018<\/strong><\/td>\n<\/tr>\n<tr>\n<td style=\"width: 81px\" width=\"56\"><\/td>\n<td style=\"width: 105px\" width=\"102\">Marilene Terezinha Buriol Farinha<\/td>\n<td style=\"width: 125px\" width=\"102\">Luiza Fabiana Neitzke de Carvalho<\/td>\n<td style=\"width: 267px\" width=\"262\">Diagn\u00f3stico e proposta de restaura\u00e7\u00e3o de uma pintura \u00e1 \u00f3leo em tela: Paisagem ao Crep\u00fasculo de Olga Reis da cole\u00e7\u00e3o Ex-alunos da Escola de Belas Artes do Acervo do Museu de Arte Leopoldo Gotuzzo.<\/td>\n<td style=\"width: 63px\" width=\"45\"><strong>2018<\/strong><\/td>\n<\/tr>\n<tr>\n<td style=\"width: 81px\" width=\"56\"><\/td>\n<td style=\"width: 105px\" width=\"102\">Fernanda da Silva Rodrigues<\/td>\n<td style=\"width: 125px\" width=\"102\">Andrea Lacerda Bachettini<\/td>\n<td style=\"width: 267px\" width=\"262\">Identifica\u00e7\u00e3o das pinturas murais da Par\u00f3quia S\u00e3o Jos\u00e9 do Fragata; Pelotas, Rio Grande do Sul.<\/td>\n<td style=\"width: 63px\" width=\"45\"><strong>2018<\/strong><\/td>\n<\/tr>\n<tr>\n<td style=\"width: 81px\" width=\"56\"><\/td>\n<td style=\"width: 105px\" width=\"102\">Let\u00edcia Alves Pereira<\/td>\n<td style=\"width: 125px\" width=\"102\">Andrea Lacerda Bachettini<\/td>\n<td style=\"width: 267px\" width=\"262\">A Iemanj\u00e1 de Judith Bacci: um estudo sobre a conserva\u00e7\u00e3o e a restaura\u00e7\u00e3o da escultura da orix\u00e1 em Pelotas, RS<\/td>\n<td style=\"width: 63px\" width=\"45\"><strong>2018<\/strong><\/td>\n<\/tr>\n<tr>\n<td style=\"width: 81px\" width=\"56\"><\/td>\n<td style=\"width: 105px\" width=\"102\">Ana Fl\u00e1via Alves da Silva<\/td>\n<td style=\"width: 125px\" width=\"102\">Raquel Fran\u00e7a Garcia Augustin<\/td>\n<td style=\"width: 267px\" width=\"262\">Restaura\u00e7\u00e3o de litogravura: aplica\u00e7\u00e3o de uma meta real\u00edstica de tratamento para conserva\u00e7\u00e3o e retorno \u00e0 exibi\u00e7\u00e3o<\/td>\n<td style=\"width: 63px\" width=\"45\"><strong>2018<\/strong><\/td>\n<\/tr>\n<tr>\n<td style=\"width: 81px\" width=\"56\"><\/td>\n<td style=\"width: 105px\" width=\"102\">Sandra Cedrez Macedo Oliveira<\/td>\n<td style=\"width: 125px\" width=\"102\">Andrea Lacerda Bachettini<\/td>\n<td style=\"width: 267px\" width=\"262\"><strong>Restaura\u00e7\u00e3o de mais de um s\u00e9culo de arte &#8211; Retrato Visconde de Jaguary.<\/strong><\/td>\n<td style=\"width: 63px\" width=\"45\"><strong>2019<\/strong><\/td>\n<\/tr>\n<tr>\n<td style=\"width: 81px\" width=\"56\"><\/td>\n<td style=\"width: 105px\" width=\"102\">Ricardo Coelho Gon\u00e7alves<\/td>\n<td style=\"width: 125px\" width=\"102\">Andrea Lacerda Bachettini<\/td>\n<td style=\"width: 267px\" width=\"262\">An\u00e1lise de danos e restaura\u00e7\u00e3o da obra \u201cA Espanhola\u201d assinada\u00a0Por SD\u2019Elia &#8211; 1959<\/td>\n<td style=\"width: 63px\" width=\"45\"><strong>\u00a02019<\/strong><\/td>\n<\/tr>\n<tr>\n<td style=\"width: 81px\" width=\"56\"><\/td>\n<td style=\"width: 105px\" width=\"102\"><strong>Elisa Elias Cabete<\/strong><\/td>\n<td style=\"width: 125px\" width=\"102\">Roberto Heiden<\/td>\n<td style=\"width: 267px\" width=\"262\"><strong>&#8220;Conserva\u00e7\u00e3o e reutiliza\u00e7\u00e3o do patrim\u00f4nio industrial: o caso da cervejaria Sul Riograndense<\/strong><strong>&#8220;<\/strong><\/td>\n<td style=\"width: 63px\" width=\"45\"><strong>2019<\/strong><\/td>\n<\/tr>\n<\/tbody>\n<\/table>\n<p><strong>\u00a0<\/strong><\/p>\n<table style=\"width: 648px\" width=\"0\">\n<tbody>\n<tr>\n<td style=\"width: 81px\" width=\"6\"><\/td>\n<td style=\"width: 100px\" width=\"115\"><strong>Giovana Borges Peres<\/strong><\/td>\n<td style=\"width: 120px\" width=\"106\">Andrea Lacerda Bachettini<\/td>\n<td style=\"width: 243px\" width=\"251\"><strong>\u201c<\/strong>O RESGATE E A RESTAURA\u00c7\u00c3O DE UMA OBRA DE ANT\u00d4NIO C\u00c2NDIDO DE MENEZES<strong>\u200b\u201d<\/strong><\/td>\n<td style=\"width: 104px\" width=\"90\"><strong>2019<\/strong><\/td>\n<\/tr>\n<\/tbody>\n<\/table>\n<p>&nbsp;<\/p>\n<table style=\"width: 647px\">\n<tbody>\n<tr>\n<td style=\"width: 78px\" width=\"35\"><\/td>\n<td style=\"width: 101px\" width=\"115\">Milene Sequeira de Ara\u00fajo<\/td>\n<td style=\"width: 122px\" width=\"107\">Luiza Fabiana Neitzke<\/td>\n<td style=\"width: 247px\" width=\"395\"><strong>Sagrado<\/strong><strong>\u00a0<\/strong><strong>Cora\u00e7\u00e3o de Jesus na Catedral S\u00e3o Francisco de Paula &#8211; Pelotas\/RS<\/strong><\/td>\n<td style=\"width: 99px\" width=\"56\"><strong>2019<\/strong><\/td>\n<\/tr>\n<\/tbody>\n<\/table>\n<p>&nbsp;<\/p>\n<table style=\"width: 652px\">\n<tbody>\n<tr>\n<td style=\"width: 74px\" width=\"35\"><\/td>\n<td style=\"width: 105px\" width=\"115\"><strong>Caroline Megier Meller<\/strong><strong>\u200b\u200b<\/strong><\/td>\n<td style=\"width: 121px\" width=\"108\">Luiza Fabiana Neitzke<\/td>\n<td style=\"width: 251px\" width=\"393\"><strong>\u201c<\/strong><strong>Astronomia Pr\u00e9-Hist\u00f3ria e Ind\u00edgena: um mapa dos c\u00e9us do Brasil.\u200b\u201d<\/strong><\/td>\n<td style=\"width: 101px\" width=\"56\"><strong>2019<\/strong><\/td>\n<\/tr>\n<\/tbody>\n<\/table>\n<table style=\"width: 651px\" width=\"0\">\n<tbody>\n<tr>\n<td style=\"width: 78px\" width=\"23\"><strong>\u00a0<\/strong><\/td>\n<td style=\"width: 103px\" width=\"95\"><strong>Juliana Iost Damaceno<\/strong><\/td>\n<td style=\"width: 124px\" width=\"95\">Luiza Fabiana Neitzke<\/td>\n<td style=\"width: 244px\" width=\"295\"><strong>\u201cO Anjo Melanc\u00f3lico de Dora: r\u00e9plica e alegoria no Cemit\u00e9rio da Santa Casa de Pelotas\u200b\u200b\u201d<\/strong><\/td>\n<td style=\"width: 102px\" width=\"194\"><strong>\u00a0 2019<\/strong><\/td>\n<\/tr>\n<tr>\n<td style=\"width: 78px\" width=\"23\"><strong>\u00a0<\/strong><\/td>\n<td style=\"width: 103px\" width=\"95\"><strong>M\u00e1rio Fernando Ramos Marques<\/strong><\/td>\n<td style=\"width: 124px\" width=\"95\">Daniele Baltz da Fonseca<\/td>\n<td style=\"width: 244px\" width=\"295\"><strong>\u200b\u200b\u201cSanta B\u00e1rbara: restaura\u00e7\u00e3o de escultura em madeira policromada\u201d<\/strong><\/td>\n<td style=\"width: 102px\" width=\"194\"><strong>\u00a0 2019<\/strong><\/td>\n<\/tr>\n<tr>\n<td style=\"width: 78px\" width=\"23\"><strong>\u00a0<\/strong><\/td>\n<td style=\"width: 103px\" width=\"95\"><strong>\u00a0Francielle Rosa\u00a0\u00a0\u00a0 dos Santos<\/strong><\/td>\n<td style=\"width: 124px\" width=\"95\">Roberto Heiden<\/td>\n<td style=\"width: 244px\" width=\"295\"><strong>\u201cPreserva\u00e7\u00e3o e efemeridade:\u00a0pensando a salvaguarda e a mem\u00f3ria de um grafite\u00a0\u201d<\/strong><\/td>\n<td style=\"width: 102px\" width=\"194\"><strong>\u00a0 2019<\/strong><\/td>\n<\/tr>\n<\/tbody>\n<\/table>\n<p>&nbsp;<\/p>\n","protected":false},"excerpt":{"rendered":"<p>NOME DO ALUNO ORIENTADOR T\u00cdTULO ANO Lisiane Gastal Pereira Andr\u00e9a Lacerda Bachettini As pinturas murais do teto do foyer do Theatro Guarany: levantamento das patologias para a defini\u00e7\u00e3o do estado de conserva\u00e7\u00e3o. 2013 Fabiane Rodrigues Moraes Daniele Baltz da Fonseca Um estudo sobre a conserva\u00e7\u00e3o do Altar de Santa Luzia. 2013 Micheli Martins Afonso Juliane [&hellip;]<\/p>\n","protected":false},"author":81,"featured_media":0,"parent":0,"menu_order":0,"comment_status":"closed","ping_status":"closed","template":"","meta":{"jetpack_post_was_ever_published":false,"footnotes":""},"class_list":["post-2319","page","type-page","status-publish","hentry"],"jetpack_sharing_enabled":true,"jetpack_shortlink":"https:\/\/wp.me\/P8AfLG-Bp","jetpack_likes_enabled":true,"jetpack-related-posts":[],"_links":{"self":[{"href":"https:\/\/wp.ufpel.edu.br\/crbensmoveis\/wp-json\/wp\/v2\/pages\/2319","targetHints":{"allow":["GET"]}}],"collection":[{"href":"https:\/\/wp.ufpel.edu.br\/crbensmoveis\/wp-json\/wp\/v2\/pages"}],"about":[{"href":"https:\/\/wp.ufpel.edu.br\/crbensmoveis\/wp-json\/wp\/v2\/types\/page"}],"author":[{"embeddable":true,"href":"https:\/\/wp.ufpel.edu.br\/crbensmoveis\/wp-json\/wp\/v2\/users\/81"}],"replies":[{"embeddable":true,"href":"https:\/\/wp.ufpel.edu.br\/crbensmoveis\/wp-json\/wp\/v2\/comments?post=2319"}],"version-history":[{"count":5,"href":"https:\/\/wp.ufpel.edu.br\/crbensmoveis\/wp-json\/wp\/v2\/pages\/2319\/revisions"}],"predecessor-version":[{"id":2495,"href":"https:\/\/wp.ufpel.edu.br\/crbensmoveis\/wp-json\/wp\/v2\/pages\/2319\/revisions\/2495"}],"wp:attachment":[{"href":"https:\/\/wp.ufpel.edu.br\/crbensmoveis\/wp-json\/wp\/v2\/media?parent=2319"}],"curies":[{"name":"wp","href":"https:\/\/api.w.org\/{rel}","templated":true}]}}