{"id":5126,"date":"2022-03-23T08:50:15","date_gmt":"2022-03-23T11:50:15","guid":{"rendered":"https:\/\/wp.ufpel.edu.br\/cra\/?page_id=5126"},"modified":"2023-09-25T09:52:09","modified_gmt":"2023-09-25T12:52:09","slug":"2021-2","status":"publish","type":"page","link":"https:\/\/wp.ufpel.edu.br\/cra\/editais\/editais-processo-seletivo-simplificado\/2021-2\/","title":{"rendered":"Processo Seletivo Simplificado 2021\/2"},"content":{"rendered":"<p style=\"text-align: center\"><strong>PROCESSO SELETIVO POR NOTA DO ENEM 2021\/2<\/strong><\/p>\n<ul>\n<li>Edital de abertura:\u00a0<a href=\"https:\/\/wp.ufpel.edu.br\/cra\/files\/2022\/01\/SEI_23110.035160_2021_611-1.pdf\">Edital CRA N\u00ba 01\/2022<\/a><\/li>\n<li>Inscri\u00e7\u00f5es: \u00a0<span class=\"marcador\">de 26 de janeiro a 07 de fevereiro de 2022<\/span><\/li>\n<li>Divulga\u00e7\u00e3o dos resultados (notas):\u00a0<a href=\"https:\/\/wp.ufpel.edu.br\/cra\/files\/2021\/05\/Resultado_-Processo-Seletivo_-Nota-de-ENEM.pdf\">Edital CRA N\u00ba 01\/2022 \u2013 Resultado preliminar<\/a><\/li>\n<li>Lista dos aprovados:\u00a0<a href=\"https:\/\/wp.ufpel.edu.br\/cra\/files\/2022\/02\/ResultadoCursoClassif.pdf\">Edital CRA N\u00ba 01\/2022 \u2013 Lista dos aprovados<\/a><\/li>\n<li>Lista de espera:\n<ul>\n<li>Geral:\u00a0<a href=\"https:\/\/wp.ufpel.edu.br\/cra\/files\/2021\/05\/Nota-do-ENEM-2021_2-Lista-de-espera-Geral.pdf\">Edital CRA N\u00ba 01\/2022 \u2013 Lista de espera \u2013 Geral<\/a><\/li>\n<li>Cotas:\u00a0<a href=\"https:\/\/wp.ufpel.edu.br\/cra\/files\/2021\/05\/Nota-do-ENEM-2021_2-Lista-de-espera-Cotas.pdf\">Edital CRA N\u00ba 01\/2022 \u2013 Lista de espera \u2013 Cotas<\/a><\/li>\n<\/ul>\n<\/li>\n<li>Edital de matr\u00edculas:\u00a0<a href=\"https:\/\/wp.ufpel.edu.br\/cra\/files\/2022\/02\/Edital-CRA-No-04-2022.pdf\">Edital CRA N\u00ba 04\/2022<\/a><\/li>\n<li>Convoca\u00e7\u00f5es:\n<ul>\n<li><a href=\"https:\/\/wp.ufpel.edu.br\/cra\/files\/2021\/05\/Convocacao_Processo-Seletivo-Nota-do-ENEM-2021_2-Lista-de-espera-1a-Convocacao.pdf\">Edital CRA N\u00ba 04\/2022 \u2013 1\u00aa Convoca\u00e7\u00e3o<\/a><\/li>\n<li><a href=\"https:\/\/wp.ufpel.edu.br\/cra\/files\/2021\/05\/Convocacao_Processo-Seletivo-Nota-do-ENEM-2021_2-Lista-de-espera-2a-Convocacao.pdf\">Edital CRA N\u00ba 04\/2022 \u2013 2\u00aa Convoca\u00e7\u00e3o<\/a><\/li>\n<li><a href=\"https:\/\/wp.ufpel.edu.br\/cra\/files\/2021\/05\/Convocacao_Processo-Seletivo-Nota-do-ENEM-2021_2-Lista-de-espera-3a-Convocacao.pdf\">Edital CRA N\u00ba 04\/2022 \u2013 3\u00aa Convoca\u00e7\u00e3o<\/a><\/li>\n<li><a href=\"https:\/\/wp.ufpel.edu.br\/cra\/files\/2022\/03\/Convocacao_Processo-Seletivo-Nota-do-ENEM-2021_2-Lista-de-espera-4a-Convocacao.pdf\">Edital CRA N\u00ba 04\/2022 \u2013 4\u00aa Convoca\u00e7\u00e3o<\/a><\/li>\n<\/ul>\n<\/li>\n<li>Resultado An\u00e1lise de Defici\u00eancia:\n<ul>\n<li>Sem ingressantes<\/li>\n<\/ul>\n<\/li>\n<li>Resultado An\u00e1lise Socioecon\u00f4mica:\n<ul>\n<li><a href=\"https:\/\/wp.ufpel.edu.br\/prae\/coordenacao_de_ingresso_e_beneficios\/editais\/editais-2021\/editais-2021-2\/outros-editais\/\" target=\"_blank\" rel=\"noopener\">Resultado An\u00e1lise Socioecon\u00f4mica<\/a><\/li>\n<\/ul>\n<\/li>\n<li>Resultado An\u00e1lise \u00e9tnico-racial:\n<ul>\n<li>Aguardando avalia\u00e7\u00e3o \u00e9tnico-racial<\/li>\n<\/ul>\n<\/li>\n<\/ul>\n","protected":false},"excerpt":{"rendered":"<p>PROCESSO SELETIVO POR NOTA DO ENEM 2021\/2 Edital de abertura:\u00a0Edital CRA N\u00ba 01\/2022 Inscri\u00e7\u00f5es: \u00a0de 26 de janeiro a 07 de fevereiro de 2022 Divulga\u00e7\u00e3o dos resultados (notas):\u00a0Edital CRA N\u00ba 01\/2022 \u2013 Resultado preliminar Lista dos aprovados:\u00a0Edital CRA N\u00ba 01\/2022 \u2013 Lista dos aprovados Lista de espera: Geral:\u00a0Edital CRA N\u00ba 01\/2022 \u2013 Lista de espera [&hellip;]<\/p>\n","protected":false},"author":743,"featured_media":0,"parent":4522,"menu_order":0,"comment_status":"closed","ping_status":"closed","template":"","meta":{"advanced_seo_description":"","jetpack_seo_html_title":"","jetpack_seo_noindex":false,"jetpack_post_was_ever_published":false,"footnotes":""},"class_list":["post-5126","page","type-page","status-publish","hentry"],"jetpack_sharing_enabled":true,"jetpack_shortlink":"https:\/\/wp.me\/P70cyI-1kG","jetpack-related-posts":[],"_links":{"self":[{"href":"https:\/\/wp.ufpel.edu.br\/cra\/wp-json\/wp\/v2\/pages\/5126","targetHints":{"allow":["GET"]}}],"collection":[{"href":"https:\/\/wp.ufpel.edu.br\/cra\/wp-json\/wp\/v2\/pages"}],"about":[{"href":"https:\/\/wp.ufpel.edu.br\/cra\/wp-json\/wp\/v2\/types\/page"}],"author":[{"embeddable":true,"href":"https:\/\/wp.ufpel.edu.br\/cra\/wp-json\/wp\/v2\/users\/743"}],"replies":[{"embeddable":true,"href":"https:\/\/wp.ufpel.edu.br\/cra\/wp-json\/wp\/v2\/comments?post=5126"}],"version-history":[{"count":3,"href":"https:\/\/wp.ufpel.edu.br\/cra\/wp-json\/wp\/v2\/pages\/5126\/revisions"}],"predecessor-version":[{"id":9357,"href":"https:\/\/wp.ufpel.edu.br\/cra\/wp-json\/wp\/v2\/pages\/5126\/revisions\/9357"}],"up":[{"embeddable":true,"href":"https:\/\/wp.ufpel.edu.br\/cra\/wp-json\/wp\/v2\/pages\/4522"}],"wp:attachment":[{"href":"https:\/\/wp.ufpel.edu.br\/cra\/wp-json\/wp\/v2\/media?parent=5126"}],"curies":[{"name":"wp","href":"https:\/\/api.w.org\/{rel}","templated":true}]}}