{"id":4051,"date":"2021-05-12T09:09:48","date_gmt":"2021-05-12T12:09:48","guid":{"rendered":"https:\/\/wp.ufpel.edu.br\/cra\/?page_id=4051"},"modified":"2021-05-12T09:09:48","modified_gmt":"2021-05-12T12:09:48","slug":"quilombolas-e-indigenas-2018","status":"publish","type":"page","link":"https:\/\/wp.ufpel.edu.br\/cra\/editais\/editais-processo-seletivo-especial\/quilombolas-e-indigenas-2018\/","title":{"rendered":"Quilombolas e Ind\u00edgenas 2018"},"content":{"rendered":"<p style=\"text-align: center\"><strong>PROCESSO SELETIVO ESPECIAL 2018<\/strong><br \/>\n<strong>Comunidades Quilombolas e\u00a0 Povos Ind\u00edgenas<\/strong><\/p>\n<ul>\n<li>Edital de abertura: \u00a0<a href=\"http:\/\/concursos.ufpel.edu.br\/wp\/edital-07-2018-processo-seletivo-especifico-para-comunidades-quilombolas-e-povos-indigenas\/\">Edital COODEC N\u00ba 07\/2018<\/a><\/li>\n<li>Edital de matr\u00edcula: <a href=\"https:\/\/wp.ufpel.edu.br\/cra\/files\/2018\/04\/SEI_23110.016047_2018_81.pdf\">Edital CRA N\u00b0 10\/2018<\/a>\n<ul>\n<li>Convoca\u00e7\u00e3o de excedentes: <a href=\"https:\/\/wp.ufpel.edu.br\/cra\/files\/2018\/04\/SEI_23110.016047_2018_81-1.pdf\">Convoca\u00e7\u00e3o CRA N\u00ba 01\/2018<\/a><\/li>\n<\/ul>\n<\/li>\n<\/ul>\n","protected":false},"excerpt":{"rendered":"<p>PROCESSO SELETIVO ESPECIAL 2018 Comunidades Quilombolas e\u00a0 Povos Ind\u00edgenas Edital de abertura: \u00a0Edital COODEC N\u00ba 07\/2018 Edital de matr\u00edcula: Edital CRA N\u00b0 10\/2018 Convoca\u00e7\u00e3o de excedentes: Convoca\u00e7\u00e3o CRA N\u00ba 01\/2018<\/p>\n","protected":false},"author":743,"featured_media":0,"parent":4037,"menu_order":0,"comment_status":"closed","ping_status":"closed","template":"","meta":{"advanced_seo_description":"","jetpack_seo_html_title":"","jetpack_seo_noindex":false,"jetpack_post_was_ever_published":false,"footnotes":""},"class_list":["post-4051","page","type-page","status-publish","hentry"],"jetpack_sharing_enabled":true,"jetpack_shortlink":"https:\/\/wp.me\/P70cyI-13l","jetpack-related-posts":[],"_links":{"self":[{"href":"https:\/\/wp.ufpel.edu.br\/cra\/wp-json\/wp\/v2\/pages\/4051","targetHints":{"allow":["GET"]}}],"collection":[{"href":"https:\/\/wp.ufpel.edu.br\/cra\/wp-json\/wp\/v2\/pages"}],"about":[{"href":"https:\/\/wp.ufpel.edu.br\/cra\/wp-json\/wp\/v2\/types\/page"}],"author":[{"embeddable":true,"href":"https:\/\/wp.ufpel.edu.br\/cra\/wp-json\/wp\/v2\/users\/743"}],"replies":[{"embeddable":true,"href":"https:\/\/wp.ufpel.edu.br\/cra\/wp-json\/wp\/v2\/comments?post=4051"}],"version-history":[{"count":1,"href":"https:\/\/wp.ufpel.edu.br\/cra\/wp-json\/wp\/v2\/pages\/4051\/revisions"}],"predecessor-version":[{"id":4057,"href":"https:\/\/wp.ufpel.edu.br\/cra\/wp-json\/wp\/v2\/pages\/4051\/revisions\/4057"}],"up":[{"embeddable":true,"href":"https:\/\/wp.ufpel.edu.br\/cra\/wp-json\/wp\/v2\/pages\/4037"}],"wp:attachment":[{"href":"https:\/\/wp.ufpel.edu.br\/cra\/wp-json\/wp\/v2\/media?parent=4051"}],"curies":[{"name":"wp","href":"https:\/\/api.w.org\/{rel}","templated":true}]}}