{"id":3597,"date":"2020-12-30T13:21:45","date_gmt":"2020-12-30T16:21:45","guid":{"rendered":"https:\/\/wp.ufpel.edu.br\/cra\/?page_id=3597"},"modified":"2022-11-16T07:46:51","modified_gmt":"2022-11-16T10:46:51","slug":"calendario-academico-2021","status":"publish","type":"page","link":"https:\/\/wp.ufpel.edu.br\/cra\/calendarios-academicos\/calendario-academico-2021\/","title":{"rendered":"Calend\u00e1rio Acad\u00eamico 2021"},"content":{"rendered":"<div class=\"dados-cobalto cobalto-calendario cobalto-calendario-zebrado\"><div class=\"cobalto-calendario-legenda\"><div class=\"cobalto-calendario-legenda-item\"><span class=\"cobalto-calendario-tipo\" style=\"background:#F83A22\"><\/span> 2021  - Feriados e pontos facultativos<\/div><div class=\"cobalto-calendario-legenda-item\"><span class=\"cobalto-calendario-tipo\" style=\"background:#4986E7\"><\/span> 2021 - Calend\u00e1rio Acad\u00eamico - 2021 (2020\/2 e 2021\/1) <\/div><div class=\"cobalto-calendario-legenda-item\"><span class=\"cobalto-calendario-tipo\" style=\"background:#4986E7\"><\/span> 2021 - Calend\u00e1rio Acad\u00eamico - Alunos<\/div><div class=\"cobalto-calendario-legenda-item\"><span class=\"cobalto-calendario-tipo\" style=\"background:#FF7537\"><\/span> 2021 - Editais, eventos e recesso<\/div><div class=\"cobalto-calendario-legenda-item\"><span class=\"cobalto-calendario-tipo\" style=\"background:#4986E7\"><\/span> 2021 - Calend\u00e1rio Acad\u00eamico - Cursos semestrais<\/div><div class=\"cobalto-calendario-legenda-item\"><span class=\"cobalto-calendario-tipo\" style=\"background:#9FC6E7\"><\/span> 2021 - Calend\u00e1rio Acad\u00eamico - Cursos semestrais<\/div><\/div><div class=\"cobalto-calendario-mes\"><strong>Janeiro \/ 2021<\/strong><\/div><div class=\"cobalto-calendario-linha cobalto-calendario-linha-impar\"><span class=\"cobalto-calendario-tipo\" style=\"background:#F83A22\" title=\"2021  - Feriados e pontos facultativos\"><\/span><span class=\"cobalto-calendario-dia\"><strong>01 Sexta<\/strong><\/span><span class=\"cobalto-calendario-descricao\"><span class=\"cobalto-evento-item-hora\"><\/span>Feriado - Confraterniza\u00e7\u00e3o Universal<\/span><\/div><div class=\"cobalto-calendario-linha cobalto-calendario-linha-par\"><span class=\"cobalto-calendario-tipo\" style=\"background:#4986E7\" title=\"2021 - Calend\u00e1rio Acad\u00eamico - 2021 (2020\/2 e 2021\/1) \"><\/span><span class=\"cobalto-calendario-dia\"><strong>12 Ter\u00e7a<\/strong><\/span><span class=\"cobalto-calendario-descricao\"><span class=\"cobalto-evento-item-hora\"><\/span>Fim do per\u00edodo de digita\u00e7\u00e3o de notas\/conceitos - 2020\/1<\/span><\/div><div class=\"cobalto-calendario-mes\"><strong>Fevereiro \/ 2021<\/strong><\/div><div class=\"cobalto-calendario-linha cobalto-calendario-linha-impar\"><span class=\"cobalto-calendario-tipo\" style=\"background:#F83A22\" title=\"2021  - Feriados e pontos facultativos\"><\/span><span class=\"cobalto-calendario-dia\"><strong>01 Segunda<\/strong><\/span><span class=\"cobalto-calendario-descricao\"><span class=\"cobalto-evento-item-hora\"><\/span>Ponto Facultativo<\/span><\/div><div class=\"cobalto-calendario-linha cobalto-calendario-linha-par\"><span class=\"cobalto-calendario-tipo\" style=\"background:#F83A22\" title=\"2021  - Feriados e pontos facultativos\"><\/span><span class=\"cobalto-calendario-dia\"><strong>02 Ter\u00e7a<\/strong><\/span><span class=\"cobalto-calendario-descricao\"><span class=\"cobalto-evento-item-hora\"><\/span>Feriado - Nossa Senhora dos Navegantes<\/span><\/div><div class=\"cobalto-calendario-linha cobalto-calendario-linha-impar\"><span class=\"cobalto-calendario-tipo\" style=\"background:#4986E7\" title=\"2021 - Calend\u00e1rio Acad\u00eamico - 2021 (2020\/2 e 2021\/1) \"><\/span><span class=\"cobalto-calendario-dia\"><strong>12 Sexta<\/strong><\/span><span class=\"cobalto-calendario-descricao\"><span class=\"cobalto-evento-item-hora\"><\/span>Data limite para os colegiados solicitarem as ofertas 2020\/2 aos departamentos\/ c\u00e2maras de ensino<\/span><\/div><div class=\"cobalto-calendario-linha cobalto-calendario-linha-par\"><span class=\"cobalto-calendario-tipo\" style=\"background:#F83A22\" title=\"2021  - Feriados e pontos facultativos\"><\/span><span class=\"cobalto-calendario-dia\"><strong>15 Segunda<\/strong><\/span><span class=\"cobalto-calendario-descricao\"><span class=\"cobalto-evento-item-hora\"><\/span>Ponto Facultativo<\/span><\/div><div class=\"cobalto-calendario-linha cobalto-calendario-linha-impar\"><span class=\"cobalto-calendario-tipo\" style=\"background:#F83A22\" title=\"2021  - Feriados e pontos facultativos\"><\/span><span class=\"cobalto-calendario-dia\"><strong>16 Ter\u00e7a<\/strong><\/span><span class=\"cobalto-calendario-descricao\"><span class=\"cobalto-evento-item-hora\"><\/span>Ponto Facultativo - Carnaval<\/span><\/div><div class=\"cobalto-calendario-linha cobalto-calendario-linha-par\"><span class=\"cobalto-calendario-tipo\" style=\"background:#4986E7\" title=\"2021 - Calend\u00e1rio Acad\u00eamico - 2021 (2020\/2 e 2021\/1) \"><\/span><span class=\"cobalto-calendario-dia\"><strong>22 Segunda<\/strong><\/span><span class=\"cobalto-calendario-descricao\"><span class=\"cobalto-evento-item-hora\"><\/span>In\u00edcio do per\u00edodo de planejamento acad\u00eamico de 2020\/2 nos colegiados<\/span><\/div><div class=\"cobalto-calendario-linha cobalto-calendario-linha-impar\"><span class=\"cobalto-calendario-tipo\" style=\"background:#4986E7\" title=\"2021 - Calend\u00e1rio Acad\u00eamico - Alunos\"><\/span><span class=\"cobalto-calendario-dia\"><strong>24 Quarta<\/strong><\/span><span class=\"cobalto-calendario-descricao\"><a href=\"https:\/\/wp.ufpel.edu.br\/cra\/quebra-de-pre-requisito-2\/\"><span class=\"cobalto-evento-item-hora\"><\/span>Data limite para discentes solicitarem quebra de pr\u00e9-requisitos aos colegiados<\/a><\/span><\/div><div class=\"cobalto-calendario-linha cobalto-calendario-linha-impar\"><span class=\"cobalto-calendario-tipo\" style=\"background:#4986E7\" title=\"2021 - Calend\u00e1rio Acad\u00eamico - 2021 (2020\/2 e 2021\/1) \"><\/span><span class=\"cobalto-calendario-dia\"><strong><\/strong><\/span><span class=\"cobalto-calendario-descricao\"><span class=\"cobalto-evento-item-hora\"><\/span>Data limite para os departamentos\/c\u00e2maras de ensino informarem as ofertas 2020\/2 aos colegiados<\/span><\/div><div class=\"cobalto-calendario-linha cobalto-calendario-linha-par\"><span class=\"cobalto-calendario-tipo\" style=\"background:#4986E7\" title=\"2021 - Calend\u00e1rio Acad\u00eamico - 2021 (2020\/2 e 2021\/1) \"><\/span><span class=\"cobalto-calendario-dia\"><strong>25 Quinta<\/strong><\/span><span class=\"cobalto-calendario-descricao\"><span class=\"cobalto-evento-item-hora\"><\/span>IN\u00cdCIO: Per\u00edodo de digita\u00e7\u00e3o da ofertas 2020\/2 pelos colegiados<\/span><\/div><div class=\"cobalto-calendario-mes\"><strong>Mar\u00e7o \/ 2021<\/strong><\/div><div class=\"cobalto-calendario-linha cobalto-calendario-linha-impar\"><span class=\"cobalto-calendario-tipo\" style=\"background:#4986E7\" title=\"2021 - Calend\u00e1rio Acad\u00eamico - 2021 (2020\/2 e 2021\/1) \"><\/span><span class=\"cobalto-calendario-dia\"><strong>02 Ter\u00e7a<\/strong><\/span><span class=\"cobalto-calendario-descricao\"><span class=\"cobalto-evento-item-hora\"><\/span>FIM: Per\u00edodo de digita\u00e7\u00e3o da ofertas 2020\/2 pelos colegiados<\/span><\/div><div class=\"cobalto-calendario-linha cobalto-calendario-linha-par\"><span class=\"cobalto-calendario-tipo\" style=\"background:#4986E7\" title=\"2021 - Calend\u00e1rio Acad\u00eamico - 2021 (2020\/2 e 2021\/1) \"><\/span><span class=\"cobalto-calendario-dia\"><strong>03 Quarta<\/strong><\/span><span class=\"cobalto-calendario-descricao\"><span class=\"cobalto-evento-item-hora\"><\/span>Fim do per\u00edodo de acompanhamento\/confirma\u00e7\u00e3o das ofertas 2020\/2 pelos departamentos\/c\u00e2maras de ensino<\/span><\/div><div class=\"cobalto-calendario-linha cobalto-calendario-linha-par\"><span class=\"cobalto-calendario-tipo\" style=\"background:#4986E7\" title=\"2021 - Calend\u00e1rio Acad\u00eamico - 2021 (2020\/2 e 2021\/1) \"><\/span><span class=\"cobalto-calendario-dia\"><strong><\/strong><\/span><span class=\"cobalto-calendario-descricao\"><span class=\"cobalto-evento-item-hora\"><\/span>Data limite para os colegiados responderem as solicita\u00e7\u00f5es de quebra de pr\u00e9-requisito para 2020\/2<\/span><\/div><div class=\"cobalto-calendario-linha cobalto-calendario-linha-impar\"><span class=\"cobalto-calendario-tipo\" style=\"background:#4986E7\" title=\"2021 - Calend\u00e1rio Acad\u00eamico - Alunos\"><\/span><span class=\"cobalto-calendario-dia\"><strong>04 Quinta<\/strong><\/span><span class=\"cobalto-calendario-descricao\"><a href=\"https:\/\/wp.ufpel.edu.br\/cra\/rematricula\/\"><span class=\"cobalto-evento-item-hora\"><\/span>IN\u00cdCIO: Per\u00edodo de solicita\u00e7\u00e3o de rematr\u00edcula (matr\u00edcula online) 2020\/2<\/a><\/span><\/div><div class=\"cobalto-calendario-linha cobalto-calendario-linha-par\"><span class=\"cobalto-calendario-tipo\" style=\"background:#4986E7\" title=\"2021 - Calend\u00e1rio Acad\u00eamico - Alunos\"><\/span><span class=\"cobalto-calendario-dia\"><strong>05 Sexta<\/strong><\/span><span class=\"cobalto-calendario-descricao\"><span class=\"cobalto-evento-item-hora\"><\/span>Data limite para os discentes protocolarem, nos colegiados de curso, recurso ao COCEPE referente \u00e0 negativa de quebra de pr\u00e9-requisito para 2020\/2<\/span><\/div><div class=\"cobalto-calendario-linha cobalto-calendario-linha-impar\"><span class=\"cobalto-calendario-tipo\" style=\"background:#4986E7\" title=\"2021 - Calend\u00e1rio Acad\u00eamico - Alunos\"><\/span><span class=\"cobalto-calendario-dia\"><strong>07 Domingo<\/strong><\/span><span class=\"cobalto-calendario-descricao\"><a href=\"https:\/\/wp.ufpel.edu.br\/cra\/rematricula\/\"><span class=\"cobalto-evento-item-hora\"><\/span>FIM: Per\u00edodo de solicita\u00e7\u00e3o de rematr\u00edcula (matr\u00edcula online) 2020\/2<\/a><\/span><\/div><div class=\"cobalto-calendario-linha cobalto-calendario-linha-par\"><span class=\"cobalto-calendario-tipo\" style=\"background:#4986E7\" title=\"2021 - Calend\u00e1rio Acad\u00eamico - Alunos\"><\/span><span class=\"cobalto-calendario-dia\"><strong>08 Segunda<\/strong><\/span><span class=\"cobalto-calendario-descricao\"><span class=\"cobalto-evento-item-hora\"><\/span>In\u00edcio do per\u00edodo para os discentes consultarem o resultado do processamento das solicita\u00e7\u00f5es de rematr\u00edcula (matr\u00edcula online)<\/span><\/div><div class=\"cobalto-calendario-linha cobalto-calendario-linha-par\"><span class=\"cobalto-calendario-tipo\" style=\"background:#4986E7\" title=\"2021 - Calend\u00e1rio Acad\u00eamico - 2021 (2020\/2 e 2021\/1) \"><\/span><span class=\"cobalto-calendario-dia\"><strong><\/strong><\/span><span class=\"cobalto-calendario-descricao\"><span class=\"cobalto-evento-item-hora\"><\/span>Processamento das solicita\u00e7\u00f5es de matr\u00edcula online 2020\/2<\/span><\/div><div class=\"cobalto-calendario-linha cobalto-calendario-linha-impar\"><span class=\"cobalto-calendario-tipo\" style=\"background:#4986E7\" title=\"2021 - Calend\u00e1rio Acad\u00eamico - Alunos\"><\/span><span class=\"cobalto-calendario-dia\"><strong>09 Ter\u00e7a<\/strong><\/span><span class=\"cobalto-calendario-descricao\"><a href=\"https:\/\/wp.ufpel.edu.br\/cra\/trancamentos\/\"><span class=\"cobalto-evento-item-hora\"><\/span>IN\u00cdCIO: Per\u00edodo de solicita\u00e7\u00e3o de trancamento geral de matr\u00edcula para os alunos que n\u00e3o solicitaram matr\u00edcula para 2020\/2, na CRA<\/a><\/span><\/div><div class=\"cobalto-calendario-linha cobalto-calendario-linha-impar\"><span class=\"cobalto-calendario-tipo\" style=\"background:#4986E7\" title=\"2021 - Calend\u00e1rio Acad\u00eamico - Alunos\"><\/span><span class=\"cobalto-calendario-dia\"><strong><\/strong><\/span><span class=\"cobalto-calendario-descricao\"><a href=\"https:\/\/wp.ufpel.edu.br\/cra\/correcao-de-matricula\/\"><span class=\"cobalto-evento-item-hora\"><\/span>IN\u00cdCIO: Solicita\u00e7\u00e3o de corre\u00e7\u00e3o de matr\u00edcula 2020\/2 no Cobalto<\/a><\/span><\/div><div class=\"cobalto-calendario-linha cobalto-calendario-linha-par\"><span class=\"cobalto-calendario-tipo\" style=\"background:#4986E7\" title=\"2021 - Calend\u00e1rio Acad\u00eamico - Alunos\"><\/span><span class=\"cobalto-calendario-dia\"><strong>10 Quarta<\/strong><\/span><span class=\"cobalto-calendario-descricao\"><a href=\"https:\/\/wp.ufpel.edu.br\/cra\/correcao-de-matricula\/\"><span class=\"cobalto-evento-item-hora\"><\/span>FIM: Solicita\u00e7\u00e3o de corre\u00e7\u00e3o de matr\u00edcula 2020\/2 no Cobalto<\/a><\/span><\/div><div class=\"cobalto-calendario-linha cobalto-calendario-linha-impar\"><span class=\"cobalto-calendario-tipo\" style=\"background:#4986E7\" title=\"2021 - Calend\u00e1rio Acad\u00eamico - Alunos\"><\/span><span class=\"cobalto-calendario-dia\"><strong>11 Quinta<\/strong><\/span><span class=\"cobalto-calendario-descricao\"><span class=\"cobalto-evento-item-hora\"><\/span>IN\u00cdCIO: Corre\u00e7\u00e3o de matr\u00edcula - Processamento das solicita\u00e7\u00f5es pelo colegiado.<\/span><\/div><div class=\"cobalto-calendario-linha cobalto-calendario-linha-par\"><span class=\"cobalto-calendario-tipo\" style=\"background:#4986E7\" title=\"2021 - Calend\u00e1rio Acad\u00eamico - 2021 (2020\/2 e 2021\/1) \"><\/span><span class=\"cobalto-calendario-dia\"><strong>12 Sexta<\/strong><\/span><span class=\"cobalto-calendario-descricao\"><span class=\"cobalto-evento-item-hora\"><\/span>Fim do per\u00edodo de planejamento acad\u00eamico 2020\/2 nos colegiados<\/span><\/div><div class=\"cobalto-calendario-linha cobalto-calendario-linha-par\"><span class=\"cobalto-calendario-tipo\" style=\"background:#4986E7\" title=\"2021 - Calend\u00e1rio Acad\u00eamico - 2021 (2020\/2 e 2021\/1) \"><\/span><span class=\"cobalto-calendario-dia\"><strong><\/strong><\/span><span class=\"cobalto-calendario-descricao\"><span class=\"cobalto-evento-item-hora\"><\/span>Data limite para envio das propostas para realiza\u00e7\u00e3o das atividades pr\u00e1ticas presencias, conforme PARECER NORMATIVO N\u00ba 26, DE 22 DE DEZEMBRO DE 2020<\/span><\/div><div class=\"cobalto-calendario-linha cobalto-calendario-linha-par\"><span class=\"cobalto-calendario-tipo\" style=\"background:#4986E7\" title=\"2021 - Calend\u00e1rio Acad\u00eamico - Alunos\"><\/span><span class=\"cobalto-calendario-dia\"><strong><\/strong><\/span><span class=\"cobalto-calendario-descricao\"><a href=\"https:\/\/wp.ufpel.edu.br\/cra\/trancamentos\/\"><span class=\"cobalto-evento-item-hora\"><\/span>FIM: Per\u00edodo de solicita\u00e7\u00e3o de trancamento geral de matr\u00edcula para os alunos que n\u00e3o solicitaram matr\u00edcula para 2020\/2, na CRA<\/a><\/span><\/div><div class=\"cobalto-calendario-linha cobalto-calendario-linha-par\"><span class=\"cobalto-calendario-tipo\" style=\"background:#4986E7\" title=\"2021 - Calend\u00e1rio Acad\u00eamico - Alunos\"><\/span><span class=\"cobalto-calendario-dia\"><strong><\/strong><\/span><span class=\"cobalto-calendario-descricao\"><span class=\"cobalto-evento-item-hora\"><\/span>FIM: Corre\u00e7\u00e3o de matr\u00edcula - Processamento das solicita\u00e7\u00f5es pelo colegiado.<\/span><\/div><div class=\"cobalto-calendario-linha cobalto-calendario-linha-impar\"><span class=\"cobalto-calendario-tipo\" style=\"background:#4986E7\" title=\"2021 - Calend\u00e1rio Acad\u00eamico - Alunos\"><\/span><span class=\"cobalto-calendario-dia\"><strong>15 Segunda<\/strong><\/span><span class=\"cobalto-calendario-descricao\"><span class=\"cobalto-evento-item-hora\"><\/span>In\u00edcio do semestre letivo - 2020\/2<\/span><\/div><div class=\"cobalto-calendario-linha cobalto-calendario-linha-impar\"><span class=\"cobalto-calendario-tipo\" style=\"background:#FF7537\" title=\"2021 - Editais, eventos e recesso\"><\/span><span class=\"cobalto-calendario-dia\"><strong><\/strong><\/span><span class=\"cobalto-calendario-descricao\"><span class=\"cobalto-evento-item-hora\"><\/span>Recep\u00e7\u00e3o virtual dos discentes ingressantes em 2020\/2 pelos colegiados de curso<\/span><\/div><div class=\"cobalto-calendario-linha cobalto-calendario-linha-par\"><span class=\"cobalto-calendario-tipo\" style=\"background:#4986E7\" title=\"2021 - Calend\u00e1rio Acad\u00eamico - Alunos\"><\/span><span class=\"cobalto-calendario-dia\"><strong>16 Ter\u00e7a<\/strong><\/span><span class=\"cobalto-calendario-descricao\"><a href=\"https:\/\/wp.ufpel.edu.br\/cra\/matricula-especial\/\"><span class=\"cobalto-evento-item-hora\"><\/span>IN\u00cdCIO: Per\u00edodo para solicita\u00e7\u00e3o de matr\u00edcula especial - 2020\/2<\/a><\/span><\/div><div class=\"cobalto-calendario-linha cobalto-calendario-linha-impar\"><span class=\"cobalto-calendario-tipo\" style=\"background:#4986E7\" title=\"2021 - Calend\u00e1rio Acad\u00eamico - Alunos\"><\/span><span class=\"cobalto-calendario-dia\"><strong>17 Quarta<\/strong><\/span><span class=\"cobalto-calendario-descricao\"><a href=\"https:\/\/wp.ufpel.edu.br\/cra\/matricula-especial\/\"><span class=\"cobalto-evento-item-hora\"><\/span>FIM: Per\u00edodo para solicita\u00e7\u00e3o de matr\u00edcula especial - 2020\/2<\/a><\/span><\/div><div class=\"cobalto-calendario-linha cobalto-calendario-linha-par\"><span class=\"cobalto-calendario-tipo\" style=\"background:#4986E7\" title=\"2021 - Calend\u00e1rio Acad\u00eamico - 2021 (2020\/2 e 2021\/1) \"><\/span><span class=\"cobalto-calendario-dia\"><strong>19 Sexta<\/strong><\/span><span class=\"cobalto-calendario-descricao\"><span class=\"cobalto-evento-item-hora\"><\/span>Data limite para Comiss\u00e3o Especial do COCEPE emitir parecer e encaminhar aos colegiados resposta sobre a proposta de realiza\u00e7\u00e3o de pr\u00e1ticas presencias<\/span><\/div><div class=\"cobalto-calendario-linha cobalto-calendario-linha-impar\"><span class=\"cobalto-calendario-tipo\" style=\"background:#4986E7\" title=\"2021 - Calend\u00e1rio Acad\u00eamico - 2021 (2020\/2 e 2021\/1) \"><\/span><span class=\"cobalto-calendario-dia\"><strong>22 Segunda<\/strong><\/span><span class=\"cobalto-calendario-descricao\"><span class=\"cobalto-evento-item-hora\"><\/span>IN\u00cdCIO: Prazo para registro digita\u00e7\u00e3o das ofertas aprovadas pela Comiss\u00e3o especial do COCEPE.<\/span><\/div><div class=\"cobalto-calendario-linha cobalto-calendario-linha-par\"><span class=\"cobalto-calendario-tipo\" style=\"background:#4986E7\" title=\"2021 - Calend\u00e1rio Acad\u00eamico - 2021 (2020\/2 e 2021\/1) \"><\/span><span class=\"cobalto-calendario-dia\"><strong>23 Ter\u00e7a<\/strong><\/span><span class=\"cobalto-calendario-descricao\"><span class=\"cobalto-evento-item-hora\"><\/span>FIM: Prazo para registro digita\u00e7\u00e3o das ofertas aprovadas pela Comiss\u00e3o especial do COCEPE.<\/span><\/div><div class=\"cobalto-calendario-linha cobalto-calendario-linha-impar\"><span class=\"cobalto-calendario-tipo\" style=\"background:#4986E7\" title=\"2021 - Calend\u00e1rio Acad\u00eamico - 2021 (2020\/2 e 2021\/1) \"><\/span><span class=\"cobalto-calendario-dia\"><strong>24 Quarta<\/strong><\/span><span class=\"cobalto-calendario-descricao\"><span class=\"cobalto-evento-item-hora\"><\/span>IN\u00cdCIO: Prazo para registro das matr\u00edculas referentes a oferta de pr\u00e1ticas presencias.<\/span><\/div><div class=\"cobalto-calendario-linha cobalto-calendario-linha-par\"><span class=\"cobalto-calendario-tipo\" style=\"background:#4986E7\" title=\"2021 - Calend\u00e1rio Acad\u00eamico - Alunos\"><\/span><span class=\"cobalto-calendario-dia\"><strong>26 Sexta<\/strong><\/span><span class=\"cobalto-calendario-descricao\"><span class=\"cobalto-evento-item-hora\"><\/span>Data limite para os alunos justificarem aos Colegiados a impossibilidade de cursar 2020\/2<\/span><\/div><div class=\"cobalto-calendario-linha cobalto-calendario-linha-par\"><span class=\"cobalto-calendario-tipo\" style=\"background:#4986E7\" title=\"2021 - Calend\u00e1rio Acad\u00eamico - 2021 (2020\/2 e 2021\/1) \"><\/span><span class=\"cobalto-calendario-dia\"><strong><\/strong><\/span><span class=\"cobalto-calendario-descricao\"><span class=\"cobalto-evento-item-hora\"><\/span>FIM: Prazo para registro das matr\u00edculas referentes a oferta de pr\u00e1ticas presencias.<\/span><\/div><div class=\"cobalto-calendario-linha cobalto-calendario-linha-impar\"><span class=\"cobalto-calendario-tipo\" style=\"background:#4986E7\" title=\"2021 - Calend\u00e1rio Acad\u00eamico - 2021 (2020\/2 e 2021\/1) \"><\/span><span class=\"cobalto-calendario-dia\"><strong>29 Segunda<\/strong><\/span><span class=\"cobalto-calendario-descricao\"><span class=\"cobalto-evento-item-hora\"><\/span>In\u00edcio das aulas de disciplinas te\u00f3rico-pr\u00e1ticas com pr\u00e1ticas presencias aprovadas pelo COCEPE<\/span><\/div><div class=\"cobalto-calendario-linha cobalto-calendario-linha-par\"><span class=\"cobalto-calendario-tipo\" style=\"background:#4986E7\" title=\"2021 - Calend\u00e1rio Acad\u00eamico - Alunos\"><\/span><span class=\"cobalto-calendario-dia\"><strong>31 Quarta<\/strong><\/span><span class=\"cobalto-calendario-descricao\"><span class=\"cobalto-evento-item-hora\"><\/span>Data limite para ingresso de discentes - 2020\/2<\/span><\/div><div class=\"cobalto-calendario-mes\"><strong>Abril \/ 2021<\/strong><\/div><div class=\"cobalto-calendario-linha cobalto-calendario-linha-impar\"><span class=\"cobalto-calendario-tipo\" style=\"background:#F83A22\" title=\"2021  - Feriados e pontos facultativos\"><\/span><span class=\"cobalto-calendario-dia\"><strong>02 Sexta<\/strong><\/span><span class=\"cobalto-calendario-descricao\"><span class=\"cobalto-evento-item-hora\"><\/span>Feriado - Sexta Feira Santa<\/span><\/div><div class=\"cobalto-calendario-linha cobalto-calendario-linha-par\"><span class=\"cobalto-calendario-tipo\" style=\"background:#F83A22\" title=\"2021  - Feriados e pontos facultativos\"><\/span><span class=\"cobalto-calendario-dia\"><strong>03 S\u00e1bado<\/strong><\/span><span class=\"cobalto-calendario-descricao\"><span class=\"cobalto-evento-item-hora\"><\/span>Ponto Facultativo<\/span><\/div><div class=\"cobalto-calendario-linha cobalto-calendario-linha-impar\"><span class=\"cobalto-calendario-tipo\" style=\"background:#F83A22\" title=\"2021  - Feriados e pontos facultativos\"><\/span><span class=\"cobalto-calendario-dia\"><strong>04 Domingo<\/strong><\/span><span class=\"cobalto-calendario-descricao\"><span class=\"cobalto-evento-item-hora\"><\/span>Feriado - P\u00e1scoa<\/span><\/div><div class=\"cobalto-calendario-linha cobalto-calendario-linha-par\"><span class=\"cobalto-calendario-tipo\" style=\"background:#4986E7\" title=\"2021 - Calend\u00e1rio Acad\u00eamico - 2021 (2020\/2 e 2021\/1) \"><\/span><span class=\"cobalto-calendario-dia\"><strong>08 Quinta<\/strong><\/span><span class=\"cobalto-calendario-descricao\"><span class=\"cobalto-evento-item-hora\"><\/span>IN\u00cdCIO: Prazo para envio das Declara\u00e7\u00f5es de alunos em situa\u00e7\u00e3o de abandono<\/span><\/div><div class=\"cobalto-calendario-linha cobalto-calendario-linha-impar\"><span class=\"cobalto-calendario-tipo\" style=\"background:#4986E7\" title=\"2021 - Calend\u00e1rio Acad\u00eamico - 2021 (2020\/2 e 2021\/1) \"><\/span><span class=\"cobalto-calendario-dia\"><strong>09 Sexta<\/strong><\/span><span class=\"cobalto-calendario-descricao\"><span class=\"cobalto-evento-item-hora\"><\/span>Data limite para o envio dos planos de ensino 2020\/2, via sistema Cobalto<\/span><\/div><div class=\"cobalto-calendario-linha cobalto-calendario-linha-impar\"><span class=\"cobalto-calendario-tipo\" style=\"background:#4986E7\" title=\"2021 - Calend\u00e1rio Acad\u00eamico - 2021 (2020\/2 e 2021\/1) \"><\/span><span class=\"cobalto-calendario-dia\"><strong><\/strong><\/span><span class=\"cobalto-calendario-descricao\"><span class=\"cobalto-evento-item-hora\"><\/span>FIM: Prazo para envio das Declara\u00e7\u00f5es de alunos em situa\u00e7\u00e3o de abandono<\/span><\/div><div class=\"cobalto-calendario-linha cobalto-calendario-linha-par\"><span class=\"cobalto-calendario-tipo\" style=\"background:#4986E7\" title=\"2021 - Calend\u00e1rio Acad\u00eamico - Alunos\"><\/span><span class=\"cobalto-calendario-dia\"><strong>12 Segunda<\/strong><\/span><span class=\"cobalto-calendario-descricao\"><a href=\"https:\/\/wp.ufpel.edu.br\/cra\/trancamentos\/\"><span class=\"cobalto-evento-item-hora\"><\/span>IN\u00cdCIO: Per\u00edodo de trancamento de componentes curriculares (disciplinas) no Cobalto -<\/a><\/span><\/div><div class=\"cobalto-calendario-linha cobalto-calendario-linha-impar\"><span class=\"cobalto-calendario-tipo\" style=\"background:#4986E7\" title=\"2021 - Calend\u00e1rio Acad\u00eamico - Alunos\"><\/span><span class=\"cobalto-calendario-dia\"><strong>19 Segunda<\/strong><\/span><span class=\"cobalto-calendario-descricao\"><a href=\"https:\/\/wp.ufpel.edu.br\/cra\/aproveitamento-de-disciplina\/\"><span class=\"cobalto-evento-item-hora\"><\/span>IN\u00cdCIO: Per\u00edodo de solicita\u00e7\u00e3o de aproveitamento de estudos - 2020\/2 - nos colegiados<\/a><\/span><\/div><div class=\"cobalto-calendario-linha cobalto-calendario-linha-impar\"><span class=\"cobalto-calendario-tipo\" style=\"background:#4986E7\" title=\"2021 - Calend\u00e1rio Acad\u00eamico - Alunos\"><\/span><span class=\"cobalto-calendario-dia\"><strong><\/strong><\/span><span class=\"cobalto-calendario-descricao\"><a href=\"https:\/\/wp.ufpel.edu.br\/cra\/trancamentos\/\"><span class=\"cobalto-evento-item-hora\"><\/span>FIM: Per\u00edodo de trancamento de componentes curriculares (disciplinas) no Cobalto -<\/a><\/span><\/div><div class=\"cobalto-calendario-linha cobalto-calendario-linha-par\"><span class=\"cobalto-calendario-tipo\" style=\"background:#F83A22\" title=\"2021  - Feriados e pontos facultativos\"><\/span><span class=\"cobalto-calendario-dia\"><strong>21 Quarta<\/strong><\/span><span class=\"cobalto-calendario-descricao\"><span class=\"cobalto-evento-item-hora\"><\/span>Feriado - Tiradentes<\/span><\/div><div class=\"cobalto-calendario-linha cobalto-calendario-linha-impar\"><span class=\"cobalto-calendario-tipo\" style=\"background:#FF7537\" title=\"2021 - Editais, eventos e recesso\"><\/span><span class=\"cobalto-calendario-dia\"><strong>25 Domingo<\/strong><\/span><span class=\"cobalto-calendario-descricao\"><a href=\"https:\/\/wp.ufpel.edu.br\/cra\/category\/editais-processo-seletivo-complementar\/\"><span class=\"cobalto-evento-item-hora\"><\/span>Publica\u00e7\u00e3o do Edital de Transfer\u00eancia, Reop\u00e7\u00e3o, Reingresso e Portador de T\u00edtulo 2021\/1<\/a><\/span><\/div><div class=\"cobalto-calendario-linha cobalto-calendario-linha-par\"><span class=\"cobalto-calendario-tipo\" style=\"background:#4986E7\" title=\"2021 - Calend\u00e1rio Acad\u00eamico - Alunos\"><\/span><span class=\"cobalto-calendario-dia\"><strong>30 Sexta<\/strong><\/span><span class=\"cobalto-calendario-descricao\"><a href=\"https:\/\/wp.ufpel.edu.br\/cra\/aproveitamento-de-disciplina\/\"><span class=\"cobalto-evento-item-hora\"><\/span>FIM: Per\u00edodo de solicita\u00e7\u00e3o de aproveitamento de estudos - 2020\/2 - nos colegiados<\/a><\/span><\/div><div class=\"cobalto-calendario-mes\"><strong>Maio \/ 2021<\/strong><\/div><div class=\"cobalto-calendario-linha cobalto-calendario-linha-impar\"><span class=\"cobalto-calendario-tipo\" style=\"background:#F83A22\" title=\"2021  - Feriados e pontos facultativos\"><\/span><span class=\"cobalto-calendario-dia\"><strong>01 S\u00e1bado<\/strong><\/span><span class=\"cobalto-calendario-descricao\"><span class=\"cobalto-evento-item-hora\"><\/span>Feriado - Dia do Trabalhador<\/span><\/div><div class=\"cobalto-calendario-linha cobalto-calendario-linha-par\"><span class=\"cobalto-calendario-tipo\" style=\"background:#FF7537\" title=\"2021 - Editais, eventos e recesso\"><\/span><span class=\"cobalto-calendario-dia\"><strong>03 Segunda<\/strong><\/span><span class=\"cobalto-calendario-descricao\"><span class=\"cobalto-evento-item-hora\"><\/span>IN\u00cdCIO: Programa de Forma\u00e7\u00e3o de Professores<\/span><\/div><div class=\"cobalto-calendario-linha cobalto-calendario-linha-impar\"><span class=\"cobalto-calendario-tipo\" style=\"background:#FF7537\" title=\"2021 - Editais, eventos e recesso\"><\/span><span class=\"cobalto-calendario-dia\"><strong>07 Sexta<\/strong><\/span><span class=\"cobalto-calendario-descricao\"><span class=\"cobalto-evento-item-hora\"><\/span>FIM: Programa de Forma\u00e7\u00e3o de Professores<\/span><\/div><div class=\"cobalto-calendario-linha cobalto-calendario-linha-par\"><span class=\"cobalto-calendario-tipo\" style=\"background:#4986E7\" title=\"2021 - Calend\u00e1rio Acad\u00eamico - Alunos\"><\/span><span class=\"cobalto-calendario-dia\"><strong>08 S\u00e1bado<\/strong><\/span><span class=\"cobalto-calendario-descricao\"><span class=\"cobalto-evento-item-hora\"><\/span>\u00daltimo dia letivo -2020- Curso de Dierito<\/span><\/div><div class=\"cobalto-calendario-linha cobalto-calendario-linha-impar\"><span class=\"cobalto-calendario-tipo\" style=\"background:#4986E7\" title=\"2021 - Calend\u00e1rio Acad\u00eamico - Alunos\"><\/span><span class=\"cobalto-calendario-dia\"><strong>10 Segunda<\/strong><\/span><span class=\"cobalto-calendario-descricao\"><span class=\"cobalto-evento-item-hora\"><\/span>Data prevista para o in\u00edcio das pr\u00e1ticas presenciais aprovadas pelo COCEPE<\/span><\/div><div class=\"cobalto-calendario-linha cobalto-calendario-linha-impar\"><span class=\"cobalto-calendario-tipo\" style=\"background:#4986E7\" title=\"2021 - Calend\u00e1rio Acad\u00eamico - Alunos\"><\/span><span class=\"cobalto-calendario-dia\"><strong><\/strong><\/span><span class=\"cobalto-calendario-descricao\"><span class=\"cobalto-evento-item-hora\"><\/span>IN\u00cdCIO: Exames 2020 - Curso de Direito<\/span><\/div><div class=\"cobalto-calendario-linha cobalto-calendario-linha-impar\"><span class=\"cobalto-calendario-tipo\" style=\"background:#FF7537\" title=\"2021 - Editais, eventos e recesso\"><\/span><span class=\"cobalto-calendario-dia\"><strong><\/strong><\/span><span class=\"cobalto-calendario-descricao\"><a href=\"https:\/\/wp.ufpel.edu.br\/cra\/category\/editais-processo-seletivo-complementar\/\"><span class=\"cobalto-evento-item-hora\"><\/span>IN\u00cdCIO: Per\u00edodo de inscri\u00e7\u00e3o para Transfer\u00eancia, Reop\u00e7\u00e3o, Reingresso e Portador de Diploma - 2021\/1<\/a><\/span><\/div><div class=\"cobalto-calendario-linha cobalto-calendario-linha-par\"><span class=\"cobalto-calendario-tipo\" style=\"background:#FF7537\" title=\"2021 - Editais, eventos e recesso\"><\/span><span class=\"cobalto-calendario-dia\"><strong>14 Sexta<\/strong><\/span><span class=\"cobalto-calendario-descricao\"><a href=\"https:\/\/wp.ufpel.edu.br\/cra\/category\/editais-processo-seletivo-complementar\/\"><span class=\"cobalto-evento-item-hora\"><\/span>FIM: Per\u00edodo de inscri\u00e7\u00e3o para Transfer\u00eancia, Reop\u00e7\u00e3o, Reingresso e Portador de Diploma - 2021\/1<\/a><\/span><\/div><div class=\"cobalto-calendario-linha cobalto-calendario-linha-impar\"><span class=\"cobalto-calendario-tipo\" style=\"background:#4986E7\" title=\"2021 - Calend\u00e1rio Acad\u00eamico - Alunos\"><\/span><span class=\"cobalto-calendario-dia\"><strong>15 S\u00e1bado<\/strong><\/span><span class=\"cobalto-calendario-descricao\"><span class=\"cobalto-evento-item-hora\"><\/span>FIM: Exames 2020 - Curso de Direito<\/span><\/div><div class=\"cobalto-calendario-mes\"><strong>Junho \/ 2021<\/strong><\/div><div class=\"cobalto-calendario-linha cobalto-calendario-linha-par\"><span class=\"cobalto-calendario-tipo\" style=\"background:#F83A22\" title=\"2021  - Feriados e pontos facultativos\"><\/span><span class=\"cobalto-calendario-dia\"><strong>03 Quinta<\/strong><\/span><span class=\"cobalto-calendario-descricao\"><span class=\"cobalto-evento-item-hora\"><\/span>Feriado - Corpus Christi<\/span><\/div><div class=\"cobalto-calendario-linha cobalto-calendario-linha-impar\"><span class=\"cobalto-calendario-tipo\" style=\"background:#F83A22\" title=\"2021  - Feriados e pontos facultativos\"><\/span><span class=\"cobalto-calendario-dia\"><strong>04 Sexta<\/strong><\/span><span class=\"cobalto-calendario-descricao\"><span class=\"cobalto-evento-item-hora\"><\/span>Ponto Facultativo<\/span><\/div><div class=\"cobalto-calendario-linha cobalto-calendario-linha-par\"><span class=\"cobalto-calendario-tipo\" style=\"background:#F83A22\" title=\"2021  - Feriados e pontos facultativos\"><\/span><span class=\"cobalto-calendario-dia\"><strong>05 S\u00e1bado<\/strong><\/span><span class=\"cobalto-calendario-descricao\"><span class=\"cobalto-evento-item-hora\"><\/span>Ponto Facultativo<\/span><\/div><div class=\"cobalto-calendario-linha cobalto-calendario-linha-impar\"><span class=\"cobalto-calendario-tipo\" style=\"background:#4986E7\" title=\"2021 - Calend\u00e1rio Acad\u00eamico - Alunos\"><\/span><span class=\"cobalto-calendario-dia\"><strong>07 Segunda<\/strong><\/span><span class=\"cobalto-calendario-descricao\"><span class=\"cobalto-evento-item-hora\"><\/span>In\u00edcio do per\u00edodo de avalia\u00e7\u00e3o dos componentes curriculares 2020\/2 (Avalia\u00e7\u00e3o realizada no Cobalto)<\/span><\/div><div class=\"cobalto-calendario-linha cobalto-calendario-linha-par\"><span class=\"cobalto-calendario-tipo\" style=\"background:#FF7537\" title=\"2021 - Editais, eventos e recesso\"><\/span><span class=\"cobalto-calendario-dia\"><strong>13 Domingo<\/strong><\/span><span class=\"cobalto-calendario-descricao\"><a href=\"https:\/\/wp.ufpel.edu.br\/cra\/atividades-isoladas\/\"><span class=\"cobalto-evento-item-hora\"><\/span>Publica\u00e7\u00e3o do Edital para Regime Especial para 2021\/1<\/a><\/span><\/div><div class=\"cobalto-calendario-linha cobalto-calendario-linha-impar\"><span class=\"cobalto-calendario-tipo\" style=\"background:#4986E7\" title=\"2021 - Calend\u00e1rio Acad\u00eamico - 2021 (2020\/2 e 2021\/1) \"><\/span><span class=\"cobalto-calendario-dia\"><strong>21 Segunda<\/strong><\/span><span class=\"cobalto-calendario-descricao\"><span class=\"cobalto-evento-item-hora\"><\/span>In\u00edcio do per\u00edodo de planejamento acad\u00eamico de 2021\/1 nos colegiados<\/span><\/div><div class=\"cobalto-calendario-linha cobalto-calendario-linha-par\"><span class=\"cobalto-calendario-tipo\" style=\"background:#4986E7\" title=\"2021 - Calend\u00e1rio Acad\u00eamico - Alunos\"><\/span><span class=\"cobalto-calendario-dia\"><strong>25 Sexta<\/strong><\/span><span class=\"cobalto-calendario-descricao\"><span class=\"cobalto-evento-item-hora\"><\/span>Prazo final para alunos regularmente matriculados enviarem solicita\u00e7\u00e3o de trancamento geral de matr\u00edcula \u00e0 CRA - 2020\/2<\/span><\/div><div class=\"cobalto-calendario-linha cobalto-calendario-linha-impar\"><span class=\"cobalto-calendario-tipo\" style=\"background:#4986E7\" title=\"2021 - Calend\u00e1rio Acad\u00eamico - Alunos\"><\/span><span class=\"cobalto-calendario-dia\"><strong>26 S\u00e1bado<\/strong><\/span><span class=\"cobalto-calendario-descricao\"><span class=\"cobalto-evento-item-hora\"><\/span>\u00daltimo dia letivo - 2020\/2<\/span><\/div><div class=\"cobalto-calendario-linha cobalto-calendario-linha-par\"><span class=\"cobalto-calendario-tipo\" style=\"background:#4986E7\" title=\"2021 - Calend\u00e1rio Acad\u00eamico - Alunos\"><\/span><span class=\"cobalto-calendario-dia\"><strong>28 Segunda<\/strong><\/span><span class=\"cobalto-calendario-descricao\"><span class=\"cobalto-evento-item-hora\"><\/span>IN\u00cdCIO: Per\u00edodo de exames - 2020\/2<\/span><\/div><div class=\"cobalto-calendario-mes\"><strong>Julho \/ 2021<\/strong><\/div><div class=\"cobalto-calendario-linha cobalto-calendario-linha-impar\"><span class=\"cobalto-calendario-tipo\" style=\"background:#4986E7\" title=\"2021 - Calend\u00e1rio Acad\u00eamico - Alunos\"><\/span><span class=\"cobalto-calendario-dia\"><strong>03 S\u00e1bado<\/strong><\/span><span class=\"cobalto-calendario-descricao\"><span class=\"cobalto-evento-item-hora\"><\/span>FIM: Per\u00edodo de exames - 2020\/2<\/span><\/div><div class=\"cobalto-calendario-linha cobalto-calendario-linha-par\"><span class=\"cobalto-calendario-tipo\" style=\"background:#4986E7\" title=\"2021 - Calend\u00e1rio Acad\u00eamico - 2021 (2020\/2 e 2021\/1) \"><\/span><span class=\"cobalto-calendario-dia\"><strong>06 Ter\u00e7a<\/strong><\/span><span class=\"cobalto-calendario-descricao\"><span class=\"cobalto-evento-item-hora\"><\/span>Fim do per\u00edodo de digita\u00e7\u00e3o de notas\/conceitos - 2020\/2<\/span><\/div><div class=\"cobalto-calendario-linha cobalto-calendario-linha-impar\"><span class=\"cobalto-calendario-tipo\" style=\"background:#4986E7\" title=\"2021 - Calend\u00e1rio Acad\u00eamico - 2021 (2020\/2 e 2021\/1) \"><\/span><span class=\"cobalto-calendario-dia\"><strong>09 Sexta<\/strong><\/span><span class=\"cobalto-calendario-descricao\"><span class=\"cobalto-evento-item-hora\"><\/span>Data limite para os Colegiados solicitarem as ofertas 2021\/1 aos Departamentos\/C\u00e2maras de Ensino<\/span><\/div><div class=\"cobalto-calendario-linha cobalto-calendario-linha-par\"><span class=\"cobalto-calendario-tipo\" style=\"background:#4986E7\" title=\"2021 - Calend\u00e1rio Acad\u00eamico - Alunos\"><\/span><span class=\"cobalto-calendario-dia\"><strong>10 S\u00e1bado<\/strong><\/span><span class=\"cobalto-calendario-descricao\"><span class=\"cobalto-evento-item-hora\"><\/span>\u00faltimo dia letivo de disciplinas te\u00f3rico-pr\u00e1ticas com pr\u00e1ticas presencias aprovadas pelo COCEPE<\/span><\/div><div class=\"cobalto-calendario-linha cobalto-calendario-linha-impar\"><span class=\"cobalto-calendario-tipo\" style=\"background:#FF7537\" title=\"2021 - Editais, eventos e recesso\"><\/span><span class=\"cobalto-calendario-dia\"><strong>12 Segunda<\/strong><\/span><span class=\"cobalto-calendario-descricao\"><a href=\"https:\/\/wp.ufpel.edu.br\/cra\/atividades-isoladas\/\"><span class=\"cobalto-evento-item-hora\"><\/span>IN\u00cdCIO: Per\u00edodo de inscri\u00e7\u00e3o para Regime Especial - 2021\/1<\/a><\/span><\/div><div class=\"cobalto-calendario-linha cobalto-calendario-linha-impar\"><span class=\"cobalto-calendario-tipo\" style=\"background:#4986E7\" title=\"2021 - Calend\u00e1rio Acad\u00eamico - Alunos\"><\/span><span class=\"cobalto-calendario-dia\"><strong><\/strong><\/span><span class=\"cobalto-calendario-descricao\"><span class=\"cobalto-evento-item-hora\"><\/span>IN\u00cdCIO: Exames - Disciplinas te\u00f3rico praticas com pr\u00e1ticas presenciais<\/span><\/div><div class=\"cobalto-calendario-linha cobalto-calendario-linha-par\"><span class=\"cobalto-calendario-tipo\" style=\"background:#FF7537\" title=\"2021 - Editais, eventos e recesso\"><\/span><span class=\"cobalto-calendario-dia\"><strong>13 Ter\u00e7a<\/strong><\/span><span class=\"cobalto-calendario-descricao\"><a href=\"https:\/\/wp.ufpel.edu.br\/cra\/atividades-isoladas\/\"><span class=\"cobalto-evento-item-hora\"><\/span>FIM: Per\u00edodo de inscri\u00e7\u00e3o para Regime Especial - 2021\/1<\/a><\/span><\/div><div class=\"cobalto-calendario-linha cobalto-calendario-linha-impar\"><span class=\"cobalto-calendario-tipo\" style=\"background:#4986E7\" title=\"2021 - Calend\u00e1rio Acad\u00eamico - Alunos\"><\/span><span class=\"cobalto-calendario-dia\"><strong>14 Quarta<\/strong><\/span><span class=\"cobalto-calendario-descricao\"><span class=\"cobalto-evento-item-hora\"><\/span>Fim do per\u00edodo de avalia\u00e7\u00e3o dos componentes curriculares 2020\/2  (Avalia\u00e7\u00e3o realizada no Cobalto<\/span><\/div><div class=\"cobalto-calendario-linha cobalto-calendario-linha-par\"><span class=\"cobalto-calendario-tipo\" style=\"background:#4986E7\" title=\"2021 - Calend\u00e1rio Acad\u00eamico - 2021 (2020\/2 e 2021\/1) \"><\/span><span class=\"cobalto-calendario-dia\"><strong>16 Sexta<\/strong><\/span><span class=\"cobalto-calendario-descricao\"><span class=\"cobalto-evento-item-hora\"><\/span>Data limite para os Departamentos\/C\u00e2maras de Ensino informarem as ofertas 2021\/1 aos Colegiados<\/span><\/div><div class=\"cobalto-calendario-linha cobalto-calendario-linha-impar\"><span class=\"cobalto-calendario-tipo\" style=\"background:#4986E7\" title=\"2021 - Calend\u00e1rio Acad\u00eamico - Alunos\"><\/span><span class=\"cobalto-calendario-dia\"><strong>17 S\u00e1bado<\/strong><\/span><span class=\"cobalto-calendario-descricao\"><span class=\"cobalto-evento-item-hora\"><\/span>FIM: Exames - Disciplinas te\u00f3rico praticas com pr\u00e1ticas presenciais<\/span><\/div><div class=\"cobalto-calendario-linha cobalto-calendario-linha-par\"><span class=\"cobalto-calendario-tipo\" style=\"background:#4986E7\" title=\"2021 - Calend\u00e1rio Acad\u00eamico - 2021 (2020\/2 e 2021\/1) \"><\/span><span class=\"cobalto-calendario-dia\"><strong>19 Segunda<\/strong><\/span><span class=\"cobalto-calendario-descricao\"><span class=\"cobalto-evento-item-hora\"><\/span>IN\u00cdCIO: Per\u00edodo de digita\u00e7\u00e3o das ofertas  2021\/1 pelos colegiados<\/span><\/div><div class=\"cobalto-calendario-linha cobalto-calendario-linha-impar\"><span class=\"cobalto-calendario-tipo\" style=\"background:#4986E7\" title=\"2021 - Calend\u00e1rio Acad\u00eamico - Alunos\"><\/span><span class=\"cobalto-calendario-dia\"><strong>21 Quarta<\/strong><\/span><span class=\"cobalto-calendario-descricao\"><a href=\"https:\/\/wp.ufpel.edu.br\/cra\/quebra-de-pre-requisito-2\/\"><span class=\"cobalto-evento-item-hora\"><\/span>Data limite para discentes solicitarem quebra de pr\u00e9-requisito aos colegiados - 2021\/1<\/a><\/span><\/div><div class=\"cobalto-calendario-linha cobalto-calendario-linha-par\"><span class=\"cobalto-calendario-tipo\" style=\"background:#4986E7\" title=\"2021 - Calend\u00e1rio Acad\u00eamico - 2021 (2020\/2 e 2021\/1) \"><\/span><span class=\"cobalto-calendario-dia\"><strong>23 Sexta<\/strong><\/span><span class=\"cobalto-calendario-descricao\"><span class=\"cobalto-evento-item-hora\"><\/span>FIM: Per\u00edodo de digita\u00e7\u00e3o das ofertas  2021\/1 pelos colegiados<\/span><\/div><div class=\"cobalto-calendario-linha cobalto-calendario-linha-impar\"><span class=\"cobalto-calendario-tipo\" style=\"background:#4986E7\" title=\"2021 - Calend\u00e1rio Acad\u00eamico - 2021 (2020\/2 e 2021\/1) \"><\/span><span class=\"cobalto-calendario-dia\"><strong>26 Segunda<\/strong><\/span><span class=\"cobalto-calendario-descricao\"><span class=\"cobalto-evento-item-hora\"><\/span>Fim do per\u00edodo de acompanhamento\/confirma\u00e7\u00e3o das ofertas 2021\/1 pelos departamentos\/c\u00e2maras de ensino<\/span><\/div><div class=\"cobalto-calendario-linha cobalto-calendario-linha-par\"><span class=\"cobalto-calendario-tipo\" style=\"background:#4986E7\" title=\"2021 - Calend\u00e1rio Acad\u00eamico - Alunos\"><\/span><span class=\"cobalto-calendario-dia\"><strong>27 Ter\u00e7a<\/strong><\/span><span class=\"cobalto-calendario-descricao\"><span class=\"cobalto-evento-item-hora\"><\/span>IN\u00cdCIO: Per\u00edodo de solicita\u00e7\u00e3o de matr\u00edcula online 2021\/1<\/span><\/div><div class=\"cobalto-calendario-linha cobalto-calendario-linha-impar\"><span class=\"cobalto-calendario-tipo\" style=\"background:#4986E7\" title=\"2021 - Calend\u00e1rio Acad\u00eamico - 2021 (2020\/2 e 2021\/1) \"><\/span><span class=\"cobalto-calendario-dia\"><strong>28 Quarta<\/strong><\/span><span class=\"cobalto-calendario-descricao\"><a href=\"https:\/\/wp.ufpel.edu.br\/cra\/quebra-de-pre-requisito-2\/\"><span class=\"cobalto-evento-item-hora\"><\/span>Data limite para os colegiados responderem as solicita\u00e7\u00f5es de quebra de pr\u00e9-requisito para 2021\/1<\/a><\/span><\/div><div class=\"cobalto-calendario-linha cobalto-calendario-linha-par\"><span class=\"cobalto-calendario-tipo\" style=\"background:#4986E7\" title=\"2021 - Calend\u00e1rio Acad\u00eamico - Alunos\"><\/span><span class=\"cobalto-calendario-dia\"><strong>29 Quinta<\/strong><\/span><span class=\"cobalto-calendario-descricao\"><span class=\"cobalto-evento-item-hora\"><\/span>FIM: Per\u00edodo de solicita\u00e7\u00e3o de matr\u00edcula online 2021\/1<\/span><\/div><div class=\"cobalto-calendario-linha cobalto-calendario-linha-impar\"><span class=\"cobalto-calendario-tipo\" style=\"background:#4986E7\" title=\"2021 - Calend\u00e1rio Acad\u00eamico - 2021 (2020\/2 e 2021\/1) \"><\/span><span class=\"cobalto-calendario-dia\"><strong>30 Sexta<\/strong><\/span><span class=\"cobalto-calendario-descricao\"><span class=\"cobalto-evento-item-hora\"><\/span>Processamento das solicita\u00e7\u00f5es de matr\u00edcula online 2021\/1<\/span><\/div><div class=\"cobalto-calendario-linha cobalto-calendario-linha-impar\"><span class=\"cobalto-calendario-tipo\" style=\"background:#4986E7\" title=\"2021 - Calend\u00e1rio Acad\u00eamico - Alunos\"><\/span><span class=\"cobalto-calendario-dia\"><strong><\/strong><\/span><span class=\"cobalto-calendario-descricao\"><span class=\"cobalto-evento-item-hora\"><\/span>Fim do per\u00edodo de avalia\u00e7\u00e3o dos componentes curriculares 2020\/2  (Avalia\u00e7\u00e3o realizada no Cobalto)<\/span><\/div><div class=\"cobalto-calendario-linha cobalto-calendario-linha-impar\"><span class=\"cobalto-calendario-tipo\" style=\"background:#4986E7\" title=\"2021 - Calend\u00e1rio Acad\u00eamico - Alunos\"><\/span><span class=\"cobalto-calendario-dia\"><strong><\/strong><\/span><span class=\"cobalto-calendario-descricao\"><span class=\"cobalto-evento-item-hora\"><\/span>Data limite para os discentes protocolarem, nos colegiados de curso, recurso ao COCEPE referente \u00e0 negativa de quebra de pr\u00e9-requisito - 2021\/1<\/span><\/div><div class=\"cobalto-calendario-linha cobalto-calendario-linha-par\"><span class=\"cobalto-calendario-tipo\" style=\"background:#4986E7\" title=\"2021 - Calend\u00e1rio Acad\u00eamico - Alunos\"><\/span><span class=\"cobalto-calendario-dia\"><strong>31 S\u00e1bado<\/strong><\/span><span class=\"cobalto-calendario-descricao\"><span class=\"cobalto-evento-item-hora\"><\/span>In\u00edcio do per\u00edodo para os discentes consultarem o resultado do processamento das solicita\u00e7\u00f5es de matr\u00edcula online - 2021\/1<\/span><\/div><div class=\"cobalto-calendario-mes\"><strong>Agosto \/ 2021<\/strong><\/div><div class=\"cobalto-calendario-linha cobalto-calendario-linha-impar\"><span class=\"cobalto-calendario-tipo\" style=\"background:#4986E7\" title=\"2021 - Calend\u00e1rio Acad\u00eamico - Alunos\"><\/span><span class=\"cobalto-calendario-dia\"><strong>02 Segunda<\/strong><\/span><span class=\"cobalto-calendario-descricao\"><a href=\"https:\/\/wp.ufpel.edu.br\/cra\/correcao-de-matricula\/\"><span class=\"cobalto-evento-item-hora\"><\/span>IN\u00cdCIO: Solicita\u00e7\u00e3o de corre\u00e7\u00e3o de matr\u00edcula - 2021\/1 - Cobalto<\/a><\/span><\/div><div class=\"cobalto-calendario-linha cobalto-calendario-linha-impar\"><span class=\"cobalto-calendario-tipo\" style=\"background:#4986E7\" title=\"2021 - Calend\u00e1rio Acad\u00eamico - Alunos\"><\/span><span class=\"cobalto-calendario-dia\"><strong><\/strong><\/span><span class=\"cobalto-calendario-descricao\"><span class=\"cobalto-evento-item-hora\"><\/span>IN\u00cdCIO: Per\u00edodo de solicita\u00e7\u00e3o de trancamento geral de matr\u00edcula para discentes que n\u00e3o solicitaram matr\u00edcula para 2021\/1<\/span><\/div><div class=\"cobalto-calendario-linha cobalto-calendario-linha-impar\"><span class=\"cobalto-calendario-tipo\" style=\"background:#4986E7\" title=\"2021 - Calend\u00e1rio Acad\u00eamico - Alunos\"><\/span><span class=\"cobalto-calendario-dia\"><strong><\/strong><\/span><span class=\"cobalto-calendario-descricao\"><span class=\"cobalto-evento-item-hora\"><\/span>IN\u00cdCIO: Per\u00edodo de matr\u00edcula de ingressantes por transfer\u00eancia reop\u00e7\u00e3o, reingresso e portador de t\u00edtulo - Solicita\u00e7\u00e3o de corre\u00e7\u00e3o de matr\u00edcula<\/span><\/div><div class=\"cobalto-calendario-linha cobalto-calendario-linha-par\"><span class=\"cobalto-calendario-tipo\" style=\"background:#4986E7\" title=\"2021 - Calend\u00e1rio Acad\u00eamico - Alunos\"><\/span><span class=\"cobalto-calendario-dia\"><strong>04 Quarta<\/strong><\/span><span class=\"cobalto-calendario-descricao\"><a href=\"https:\/\/wp.ufpel.edu.br\/cra\/correcao-de-matricula\/\"><span class=\"cobalto-evento-item-hora\"><\/span>FIM: Solicita\u00e7\u00e3o de corre\u00e7\u00e3o de matr\u00edcula - 2021\/1 - Cobalto<\/a><\/span><\/div><div class=\"cobalto-calendario-linha cobalto-calendario-linha-par\"><span class=\"cobalto-calendario-tipo\" style=\"background:#4986E7\" title=\"2021 - Calend\u00e1rio Acad\u00eamico - Alunos\"><\/span><span class=\"cobalto-calendario-dia\"><strong><\/strong><\/span><span class=\"cobalto-calendario-descricao\"><span class=\"cobalto-evento-item-hora\"><\/span>FIM: Per\u00edodo de matr\u00edcula de ingressantes por transfer\u00eancia reop\u00e7\u00e3o, reingresso e portador de t\u00edtulo - Solicita\u00e7\u00e3o de corre\u00e7\u00e3o de matr\u00edcula<\/span><\/div><div class=\"cobalto-calendario-linha cobalto-calendario-linha-impar\"><span class=\"cobalto-calendario-tipo\" style=\"background:#4986E7\" title=\"2021 - Calend\u00e1rio Acad\u00eamico - 2021 (2020\/2 e 2021\/1) \"><\/span><span class=\"cobalto-calendario-dia\"><strong>05 Quinta<\/strong><\/span><span class=\"cobalto-calendario-descricao\"><span class=\"cobalto-evento-item-hora\"><\/span>IN\u00cdCIO: Ingressantes por transfer\u00eancia reop\u00e7\u00e3o, reingresso e portador de t\u00edtulo - Homologa\u00e7\u00e3o das solicita\u00e7\u00f5es de corre\u00e7\u00e3o de matr\u00edcula<\/span><\/div><div class=\"cobalto-calendario-linha cobalto-calendario-linha-impar\"><span class=\"cobalto-calendario-tipo\" style=\"background:#4986E7\" title=\"2021 - Calend\u00e1rio Acad\u00eamico - 2021 (2020\/2 e 2021\/1) \"><\/span><span class=\"cobalto-calendario-dia\"><strong><\/strong><\/span><span class=\"cobalto-calendario-descricao\"><span class=\"cobalto-evento-item-hora\"><\/span>IN\u00cdCIO: Homologa\u00e7\u00e3o das solicita\u00e7\u00f5es de corre\u00e7\u00e3o de matr\u00edcula - Cobalto<\/span><\/div><div class=\"cobalto-calendario-linha cobalto-calendario-linha-par\"><span class=\"cobalto-calendario-tipo\" style=\"background:#4986E7\" title=\"2021 - Calend\u00e1rio Acad\u00eamico - 2021 (2020\/2 e 2021\/1) \"><\/span><span class=\"cobalto-calendario-dia\"><strong>06 Sexta<\/strong><\/span><span class=\"cobalto-calendario-descricao\"><span class=\"cobalto-evento-item-hora\"><\/span>Fim do per\u00edodo de planejamento acad\u00eamico 2021\/1 nos colegiados<\/span><\/div><div class=\"cobalto-calendario-linha cobalto-calendario-linha-par\"><span class=\"cobalto-calendario-tipo\" style=\"background:#4986E7\" title=\"2021 - Calend\u00e1rio Acad\u00eamico - 2021 (2020\/2 e 2021\/1) \"><\/span><span class=\"cobalto-calendario-dia\"><strong><\/strong><\/span><span class=\"cobalto-calendario-descricao\"><span class=\"cobalto-evento-item-hora\"><\/span>FIM: Ingressantes por transfer\u00eancia reop\u00e7\u00e3o, reingresso e portador de t\u00edtulo - Homologa\u00e7\u00e3o das solicita\u00e7\u00f5es de corre\u00e7\u00e3o de matr\u00edcula<\/span><\/div><div class=\"cobalto-calendario-linha cobalto-calendario-linha-par\"><span class=\"cobalto-calendario-tipo\" style=\"background:#4986E7\" title=\"2021 - Calend\u00e1rio Acad\u00eamico - Alunos\"><\/span><span class=\"cobalto-calendario-dia\"><strong><\/strong><\/span><span class=\"cobalto-calendario-descricao\"><span class=\"cobalto-evento-item-hora\"><\/span>FIM: Per\u00edodo de solicita\u00e7\u00e3o de trancamento geral de matr\u00edcula para discentes que n\u00e3o solicitaram matr\u00edcula para 2021\/1<\/span><\/div><div class=\"cobalto-calendario-linha cobalto-calendario-linha-par\"><span class=\"cobalto-calendario-tipo\" style=\"background:#4986E7\" title=\"2021 - Calend\u00e1rio Acad\u00eamico - 2021 (2020\/2 e 2021\/1) \"><\/span><span class=\"cobalto-calendario-dia\"><strong><\/strong><\/span><span class=\"cobalto-calendario-descricao\"><span class=\"cobalto-evento-item-hora\"><\/span>FIM: Homologa\u00e7\u00e3o das solicita\u00e7\u00f5es de corre\u00e7\u00e3o de matr\u00edcula - Cobalto<\/span><\/div><div class=\"cobalto-calendario-linha cobalto-calendario-linha-impar\"><span class=\"cobalto-calendario-tipo\" style=\"background:#4986E7\" title=\"2021 - Calend\u00e1rio Acad\u00eamico - Alunos\"><\/span><span class=\"cobalto-calendario-dia\"><strong>09 Segunda<\/strong><\/span><span class=\"cobalto-calendario-descricao\"><span class=\"cobalto-evento-item-hora\"><\/span>In\u00edcio do semestre letivo - 2021\/1<\/span><\/div><div class=\"cobalto-calendario-linha cobalto-calendario-linha-impar\"><span class=\"cobalto-calendario-tipo\" style=\"background:#4986E7\" title=\"2021 - Calend\u00e1rio Acad\u00eamico - Alunos\"><\/span><span class=\"cobalto-calendario-dia\"><strong><\/strong><\/span><span class=\"cobalto-calendario-descricao\"><span class=\"cobalto-evento-item-hora\"><\/span>Recep\u00e7\u00e3o dos discentes ingressantes em 2021\/1 pelos colegiados de curso<\/span><\/div><div class=\"cobalto-calendario-linha cobalto-calendario-linha-par\"><span class=\"cobalto-calendario-tipo\" style=\"background:#4986E7\" title=\"2021 - Calend\u00e1rio Acad\u00eamico - Alunos\"><\/span><span class=\"cobalto-calendario-dia\"><strong>10 Ter\u00e7a<\/strong><\/span><span class=\"cobalto-calendario-descricao\"><a href=\"https:\/\/wp.ufpel.edu.br\/cra\/matricula-especial\/\"><span class=\"cobalto-evento-item-hora\"><\/span>IN\u00cdCIO: Solicita\u00e7\u00e3o de matr\u00edcula especial - 2021\/1 - Solicita\u00e7\u00e3o via COBALTO<\/a><\/span><\/div><div class=\"cobalto-calendario-linha cobalto-calendario-linha-impar\"><span class=\"cobalto-calendario-tipo\" style=\"background:#4986E7\" title=\"2021 - Calend\u00e1rio Acad\u00eamico - Alunos\"><\/span><span class=\"cobalto-calendario-dia\"><strong>11 Quarta<\/strong><\/span><span class=\"cobalto-calendario-descricao\"><a href=\"https:\/\/wp.ufpel.edu.br\/cra\/matricula-especial\/\"><span class=\"cobalto-evento-item-hora\"><\/span>FIM: Solicita\u00e7\u00e3o de matr\u00edcula especial - 2021\/1 - Solicita\u00e7\u00e3o via COBALTO<\/a><\/span><\/div><div class=\"cobalto-calendario-linha cobalto-calendario-linha-par\"><span class=\"cobalto-calendario-tipo\" style=\"background:#4986E7\" title=\"2021 - Calend\u00e1rio Acad\u00eamico - 2021 (2020\/2 e 2021\/1) \"><\/span><span class=\"cobalto-calendario-dia\"><strong>12 Quinta<\/strong><\/span><span class=\"cobalto-calendario-descricao\"><span class=\"cobalto-evento-item-hora\"><\/span>Matr\u00edcula especial - 2021\/1 - Autoriza\u00e7\u00e3o do curso de origem<\/span><\/div><div class=\"cobalto-calendario-linha cobalto-calendario-linha-impar\"><span class=\"cobalto-calendario-tipo\" style=\"background:#4986E7\" title=\"2021 - Calend\u00e1rio Acad\u00eamico - 2021 (2020\/2 e 2021\/1) \"><\/span><span class=\"cobalto-calendario-dia\"><strong>13 Sexta<\/strong><\/span><span class=\"cobalto-calendario-descricao\"><span class=\"cobalto-evento-item-hora\"><\/span>Data limite para os colegiados devolverem \u00e0 CRA as solicita\u00e7\u00e3o de regime especial<\/span><\/div><div class=\"cobalto-calendario-linha cobalto-calendario-linha-impar\"><span class=\"cobalto-calendario-tipo\" style=\"background:#4986E7\" title=\"2021 - Calend\u00e1rio Acad\u00eamico - 2021 (2020\/2 e 2021\/1) \"><\/span><span class=\"cobalto-calendario-dia\"><strong><\/strong><\/span><span class=\"cobalto-calendario-descricao\"><span class=\"cobalto-evento-item-hora\"><\/span>Matr\u00edcula especial - 2021\/1 - Homologa\u00e7\u00e3o do curso de destino<\/span><\/div><div class=\"cobalto-calendario-linha cobalto-calendario-linha-par\"><span class=\"cobalto-calendario-tipo\" style=\"background:#4986E7\" title=\"2021 - Calend\u00e1rio Acad\u00eamico - Alunos\"><\/span><span class=\"cobalto-calendario-dia\"><strong>25 Quarta<\/strong><\/span><span class=\"cobalto-calendario-descricao\"><span class=\"cobalto-evento-item-hora\"><\/span>Data limite para ingresso de discentes - 2021\/1<\/span><\/div><div class=\"cobalto-calendario-linha cobalto-calendario-linha-impar\"><span class=\"cobalto-calendario-tipo\" style=\"background:#4986E7\" title=\"2021 - Calend\u00e1rio Acad\u00eamico - Alunos\"><\/span><span class=\"cobalto-calendario-dia\"><strong>27 Sexta<\/strong><\/span><span class=\"cobalto-calendario-descricao\"><span class=\"cobalto-evento-item-hora\"><\/span>Data limite para os alunos justificarem aos Colegiados a impossibilidade de cursar 2021\/1<\/span><\/div><div class=\"cobalto-calendario-linha cobalto-calendario-linha-par\"><span class=\"cobalto-calendario-tipo\" style=\"background:#4986E7\" title=\"2021 - Calend\u00e1rio Acad\u00eamico - 2021 (2020\/2 e 2021\/1) \"><\/span><span class=\"cobalto-calendario-dia\"><strong>30 Segunda<\/strong><\/span><span class=\"cobalto-calendario-descricao\"><span class=\"cobalto-evento-item-hora\"><\/span>IN\u00cdCIO: Prazo para colegiados enviarem as declara\u00e7\u00f5es de abandono 2021\/1 \u00e0 CRA<\/span><\/div><div class=\"cobalto-calendario-linha cobalto-calendario-linha-impar\"><span class=\"cobalto-calendario-tipo\" style=\"background:#4986E7\" title=\"2021 - Calend\u00e1rio Acad\u00eamico - 2021 (2020\/2 e 2021\/1) \"><\/span><span class=\"cobalto-calendario-dia\"><strong>31 Ter\u00e7a<\/strong><\/span><span class=\"cobalto-calendario-descricao\"><span class=\"cobalto-evento-item-hora\"><\/span>Data limite para envio dos planos de ensino 2021\/1 (Cobalto)<\/span><\/div><div class=\"cobalto-calendario-mes\"><strong>Setembro \/ 2021<\/strong><\/div><div class=\"cobalto-calendario-linha cobalto-calendario-linha-par\"><span class=\"cobalto-calendario-tipo\" style=\"background:#4986E7\" title=\"2021 - Calend\u00e1rio Acad\u00eamico - 2021 (2020\/2 e 2021\/1) \"><\/span><span class=\"cobalto-calendario-dia\"><strong>01 Quarta<\/strong><\/span><span class=\"cobalto-calendario-descricao\"><span class=\"cobalto-evento-item-hora\"><\/span>FIM: Prazo para colegiados enviarem as declara\u00e7\u00f5es de abandono 2021\/1 \u00e0 CRA<\/span><\/div><div class=\"cobalto-calendario-linha cobalto-calendario-linha-impar\"><span class=\"cobalto-calendario-tipo\" style=\"background:#F83A22\" title=\"2021  - Feriados e pontos facultativos\"><\/span><span class=\"cobalto-calendario-dia\"><strong>06 Segunda<\/strong><\/span><span class=\"cobalto-calendario-descricao\"><span class=\"cobalto-evento-item-hora\"><\/span>Ponto Facultativo<\/span><\/div><div class=\"cobalto-calendario-linha cobalto-calendario-linha-par\"><span class=\"cobalto-calendario-tipo\" style=\"background:#F83A22\" title=\"2021  - Feriados e pontos facultativos\"><\/span><span class=\"cobalto-calendario-dia\"><strong>07 Ter\u00e7a<\/strong><\/span><span class=\"cobalto-calendario-descricao\"><span class=\"cobalto-evento-item-hora\"><\/span>Feriado - Independ\u00eancia<\/span><\/div><div class=\"cobalto-calendario-linha cobalto-calendario-linha-impar\"><span class=\"cobalto-calendario-tipo\" style=\"background:#4986E7\" title=\"2021 - Calend\u00e1rio Acad\u00eamico - Alunos\"><\/span><span class=\"cobalto-calendario-dia\"><strong>08 Quarta<\/strong><\/span><span class=\"cobalto-calendario-descricao\"><a href=\"https:\/\/wp.ufpel.edu.br\/cra\/trancamentos\/\"><span class=\"cobalto-evento-item-hora\"><\/span>IN\u00cdCIO: Per\u00edodo de trancamento de componentes curriculares  - 2021\/1 - Cobalto<\/a><\/span><\/div><div class=\"cobalto-calendario-linha cobalto-calendario-linha-par\"><span class=\"cobalto-calendario-tipo\" style=\"background:#4986E7\" title=\"2021 - Calend\u00e1rio Acad\u00eamico - Alunos\"><\/span><span class=\"cobalto-calendario-dia\"><strong>13 Segunda<\/strong><\/span><span class=\"cobalto-calendario-descricao\"><a href=\"https:\/\/wp.ufpel.edu.br\/cra\/trancamentos\/\"><span class=\"cobalto-evento-item-hora\"><\/span>FIM: Per\u00edodo de trancamento de componentes curriculares  - 2021\/1 - Cobalto<\/a><\/span><\/div><div class=\"cobalto-calendario-linha cobalto-calendario-linha-impar\"><span class=\"cobalto-calendario-tipo\" style=\"background:#F83A22\" title=\"2021  - Feriados e pontos facultativos\"><\/span><span class=\"cobalto-calendario-dia\"><strong>20 Segunda<\/strong><\/span><span class=\"cobalto-calendario-descricao\"><span class=\"cobalto-evento-item-hora\"><\/span>Feriado - Revolu\u00e7\u00e3o Farroupilha<\/span><\/div><div class=\"cobalto-calendario-linha cobalto-calendario-linha-par\"><span class=\"cobalto-calendario-tipo\" style=\"background:#4986E7\" title=\"2021 - Calend\u00e1rio Acad\u00eamico - 2021 (2020\/2 e 2021\/1) \"><\/span><span class=\"cobalto-calendario-dia\"><strong>21 Ter\u00e7a<\/strong><\/span><span class=\"cobalto-calendario-descricao\"><span class=\"cobalto-evento-item-hora\"><\/span>IN\u00cdCIO: Per\u00edodo para oferta de disciplinas pr\u00e1ticas com in\u00edcio em 04\/10 (presencial)<\/span><\/div><div class=\"cobalto-calendario-linha cobalto-calendario-linha-impar\"><span class=\"cobalto-calendario-tipo\" style=\"background:#4986E7\" title=\"2021 - Calend\u00e1rio Acad\u00eamico - 2021 (2020\/2 e 2021\/1) \"><\/span><span class=\"cobalto-calendario-dia\"><strong>24 Sexta<\/strong><\/span><span class=\"cobalto-calendario-descricao\"><span class=\"cobalto-evento-item-hora\"><\/span>FIM: Per\u00edodo para oferta de disciplinas pr\u00e1ticas com in\u00edcio em 04\/10 (presencial)<\/span><\/div><div class=\"cobalto-calendario-linha cobalto-calendario-linha-par\"><span class=\"cobalto-calendario-tipo\" style=\"background:#4986E7\" title=\"2021 - Calend\u00e1rio Acad\u00eamico - Alunos\"><\/span><span class=\"cobalto-calendario-dia\"><strong>25 S\u00e1bado<\/strong><\/span><span class=\"cobalto-calendario-descricao\"><span class=\"cobalto-evento-item-hora\"><\/span>IN\u00cdCIO: Solicita\u00e7\u00e3o de matr\u00edcula em disciplinas pr\u00e1ticas (oferta presencial aprovada pelo COCEPE) - Atrav\u00e9s do menu \"Corre\u00e7\u00e3o de matr\u00edcula\"<\/span><\/div><div class=\"cobalto-calendario-linha cobalto-calendario-linha-impar\"><span class=\"cobalto-calendario-tipo\" style=\"background:#FF7537\" title=\"2021 - Editais, eventos e recesso\"><\/span><span class=\"cobalto-calendario-dia\"><strong>26 Domingo<\/strong><\/span><span class=\"cobalto-calendario-descricao\"><a href=\"https:\/\/wp.ufpel.edu.br\/cra\/category\/editais-processo-seletivo-complementar\/\"><span class=\"cobalto-evento-item-hora\"><\/span>Publica\u00e7\u00e3o do Edital de Transfer\u00eancia, Reop\u00e7\u00e3o, Reingresso e Portador de T\u00edtulo 2021\/2<\/a><\/span><\/div><div class=\"cobalto-calendario-linha cobalto-calendario-linha-par\"><span class=\"cobalto-calendario-tipo\" style=\"background:#4986E7\" title=\"2021 - Calend\u00e1rio Acad\u00eamico - Alunos\"><\/span><span class=\"cobalto-calendario-dia\"><strong>28 Ter\u00e7a<\/strong><\/span><span class=\"cobalto-calendario-descricao\"><span class=\"cobalto-evento-item-hora\"><\/span>FIM: Solicita\u00e7\u00e3o de matr\u00edcula em disciplinas pr\u00e1ticas (oferta presencial aprovada pelo COCEPE) - Atrav\u00e9s do menu \"Corre\u00e7\u00e3o de matr\u00edcula\"<\/span><\/div><div class=\"cobalto-calendario-linha cobalto-calendario-linha-impar\"><span class=\"cobalto-calendario-tipo\" style=\"background:#4986E7\" title=\"2021 - Calend\u00e1rio Acad\u00eamico - 2021 (2020\/2 e 2021\/1) \"><\/span><span class=\"cobalto-calendario-dia\"><strong>29 Quarta<\/strong><\/span><span class=\"cobalto-calendario-descricao\"><span class=\"cobalto-evento-item-hora\"><\/span>IN\u00cdCIO: Homologa\u00e7\u00e3o de solicita\u00e7\u00f5es de matr\u00edcula em disciplinas pr\u00e1ticas presenciais aprovadas pelo COCEPE<\/span><\/div><div class=\"cobalto-calendario-linha cobalto-calendario-linha-par\"><span class=\"cobalto-calendario-tipo\" style=\"background:#4986E7\" title=\"2021 - Calend\u00e1rio Acad\u00eamico - 2021 (2020\/2 e 2021\/1) \"><\/span><span class=\"cobalto-calendario-dia\"><strong>30 Quinta<\/strong><\/span><span class=\"cobalto-calendario-descricao\"><span class=\"cobalto-evento-item-hora\"><\/span>FIM: Homologa\u00e7\u00e3o de solicita\u00e7\u00f5es de matr\u00edcula em disciplinas pr\u00e1ticas presenciais aprovadas pelo COCEPE<\/span><\/div><div class=\"cobalto-calendario-mes\"><strong>Outubro \/ 2021<\/strong><\/div><div class=\"cobalto-calendario-linha cobalto-calendario-linha-impar\"><span class=\"cobalto-calendario-tipo\" style=\"background:#FF7537\" title=\"2021 - Editais, eventos e recesso\"><\/span><span class=\"cobalto-calendario-dia\"><strong>04 Segunda<\/strong><\/span><span class=\"cobalto-calendario-descricao\"><span class=\"cobalto-evento-item-hora\"><\/span>IN\u00cdCIO: Programa de Forma\u00e7\u00e3o de Professores<\/span><\/div><div class=\"cobalto-calendario-linha cobalto-calendario-linha-par\"><span class=\"cobalto-calendario-tipo\" style=\"background:#FF7537\" title=\"2021 - Editais, eventos e recesso\"><\/span><span class=\"cobalto-calendario-dia\"><strong>08 Sexta<\/strong><\/span><span class=\"cobalto-calendario-descricao\"><span class=\"cobalto-evento-item-hora\"><\/span>FIM: Programa de Forma\u00e7\u00e3o de Professores<\/span><\/div><div class=\"cobalto-calendario-linha cobalto-calendario-linha-impar\"><span class=\"cobalto-calendario-tipo\" style=\"background:#FF7537\" title=\"2021 - Editais, eventos e recesso\"><\/span><span class=\"cobalto-calendario-dia\"><strong>11 Segunda<\/strong><\/span><span class=\"cobalto-calendario-descricao\"><a href=\"https:\/\/wp.ufpel.edu.br\/cra\/category\/editais-processo-seletivo-complementar\/\"><span class=\"cobalto-evento-item-hora\"><\/span>IN\u00cdCIO: Per\u00edodo de inscri\u00e7\u00e3o para Transfer\u00eancia, Reop\u00e7\u00e3o, Reingresso e Portador de T\u00edtulo - 2021\/2<\/a><\/span><\/div><div class=\"cobalto-calendario-linha cobalto-calendario-linha-impar\"><span class=\"cobalto-calendario-tipo\" style=\"background:#F83A22\" title=\"2021  - Feriados e pontos facultativos\"><\/span><span class=\"cobalto-calendario-dia\"><strong><\/strong><\/span><span class=\"cobalto-calendario-descricao\"><span class=\"cobalto-evento-item-hora\"><\/span>Ponto Facultativo<\/span><\/div><div class=\"cobalto-calendario-linha cobalto-calendario-linha-par\"><span class=\"cobalto-calendario-tipo\" style=\"background:#F83A22\" title=\"2021  - Feriados e pontos facultativos\"><\/span><span class=\"cobalto-calendario-dia\"><strong>12 Ter\u00e7a<\/strong><\/span><span class=\"cobalto-calendario-descricao\"><span class=\"cobalto-evento-item-hora\"><\/span>Feriado - Nossa Senhora Aparecida<\/span><\/div><div class=\"cobalto-calendario-linha cobalto-calendario-linha-impar\"><span class=\"cobalto-calendario-tipo\" style=\"background:#FF7537\" title=\"2021 - Editais, eventos e recesso\"><\/span><span class=\"cobalto-calendario-dia\"><strong>18 Segunda<\/strong><\/span><span class=\"cobalto-calendario-descricao\"><a href=\"https:\/\/wp.ufpel.edu.br\/siiepe\/\"><span class=\"cobalto-evento-item-hora\"><\/span>IN\u00cdCIO: 7\u00aa SIIEPE - Semana Integrada (Remota)<\/a><\/span><\/div><div class=\"cobalto-calendario-linha cobalto-calendario-linha-impar\"><span class=\"cobalto-calendario-tipo\" style=\"background:#4986E7\" title=\"2021 - Calend\u00e1rio Acad\u00eamico - Alunos\"><\/span><span class=\"cobalto-calendario-dia\"><strong><\/strong><\/span><span class=\"cobalto-calendario-descricao\"><span class=\"cobalto-evento-item-hora\"><\/span>In\u00edcio de aulas presencias - disciplinas pr\u00e1ticas aprovadas pelo COCEPE<\/span><\/div><div class=\"cobalto-calendario-linha cobalto-calendario-linha-impar\"><span class=\"cobalto-calendario-tipo\" style=\"background:#FF7537\" title=\"2021 - Editais, eventos e recesso\"><\/span><span class=\"cobalto-calendario-dia\"><strong><\/strong><\/span><span class=\"cobalto-calendario-descricao\"><a href=\"https:\/\/wp.ufpel.edu.br\/cra\/category\/editais-processo-seletivo-complementar\/\"><span class=\"cobalto-evento-item-hora\"><\/span>FIM: Per\u00edodo de inscri\u00e7\u00e3o para Transfer\u00eancia, Reop\u00e7\u00e3o, Reingresso e Portador de T\u00edtulo - 2021\/2<\/a><\/span><\/div><div class=\"cobalto-calendario-linha cobalto-calendario-linha-par\"><span class=\"cobalto-calendario-tipo\" style=\"background:#FF7537\" title=\"2021 - Editais, eventos e recesso\"><\/span><span class=\"cobalto-calendario-dia\"><strong>22 Sexta<\/strong><\/span><span class=\"cobalto-calendario-descricao\"><a href=\"https:\/\/wp.ufpel.edu.br\/siiepe\/\"><span class=\"cobalto-evento-item-hora\"><\/span>FIM: 7\u00aa SIIEPE - Semana Integrada (Remota)<\/a><\/span><\/div><div class=\"cobalto-calendario-mes\"><strong>Novembro \/ 2021<\/strong><\/div><div class=\"cobalto-calendario-linha cobalto-calendario-linha-impar\"><span class=\"cobalto-calendario-tipo\" style=\"background:#F83A22\" title=\"2021  - Feriados e pontos facultativos\"><\/span><span class=\"cobalto-calendario-dia\"><strong>01 Segunda<\/strong><\/span><span class=\"cobalto-calendario-descricao\"><span class=\"cobalto-evento-item-hora\"><\/span>Ponto Facultativo \u2013 Dia do Servidor P\u00fabico<\/span><\/div><div class=\"cobalto-calendario-linha cobalto-calendario-linha-impar\"><span class=\"cobalto-calendario-tipo\" style=\"background:#4986E7\" title=\"2021 - Calend\u00e1rio Acad\u00eamico - Alunos\"><\/span><span class=\"cobalto-calendario-dia\"><strong><\/strong><\/span><span class=\"cobalto-calendario-descricao\"><span class=\"cobalto-evento-item-hora\"><\/span>In\u00edcio do per\u00edodo de avalia\u00e7\u00e3o dos componentes curriculares 2021\/1 (Avalia\u00e7\u00e3o realizada no Cobalto)<\/span><\/div><div class=\"cobalto-calendario-linha cobalto-calendario-linha-par\"><span class=\"cobalto-calendario-tipo\" style=\"background:#F83A22\" title=\"2021  - Feriados e pontos facultativos\"><\/span><span class=\"cobalto-calendario-dia\"><strong>02 Ter\u00e7a<\/strong><\/span><span class=\"cobalto-calendario-descricao\"><span class=\"cobalto-evento-item-hora\"><\/span>Feriado - Finados<\/span><\/div><div class=\"cobalto-calendario-linha cobalto-calendario-linha-impar\"><span class=\"cobalto-calendario-tipo\" style=\"background:#4986E7\" title=\"2021 - Calend\u00e1rio Acad\u00eamico - Alunos\"><\/span><span class=\"cobalto-calendario-dia\"><strong>03 Quarta<\/strong><\/span><span class=\"cobalto-calendario-descricao\"><a href=\"https:\/\/wp.ufpel.edu.br\/cra\/aproveitamento-de-disciplina\/\"><span class=\"cobalto-evento-item-hora\"><\/span>IN\u00cdCIO: Per\u00edodo de solicita\u00e7\u00e3o de aproveitamento de estudos  - 2021\/1 nos colegiados<\/a><\/span><\/div><div class=\"cobalto-calendario-linha cobalto-calendario-linha-par\"><span class=\"cobalto-calendario-tipo\" style=\"background:#4986E7\" title=\"2021 - Calend\u00e1rio Acad\u00eamico - Alunos\"><\/span><span class=\"cobalto-calendario-dia\"><strong>12 Sexta<\/strong><\/span><span class=\"cobalto-calendario-descricao\"><a href=\"https:\/\/wp.ufpel.edu.br\/cra\/aproveitamento-de-disciplina\/\"><span class=\"cobalto-evento-item-hora\"><\/span>FIM: Per\u00edodo de solicita\u00e7\u00e3o de aproveitamento de estudos  - 2021\/1 nos colegiados<\/a><\/span><\/div><div class=\"cobalto-calendario-linha cobalto-calendario-linha-impar\"><span class=\"cobalto-calendario-tipo\" style=\"background:#F83A22\" title=\"2021  - Feriados e pontos facultativos\"><\/span><span class=\"cobalto-calendario-dia\"><strong>15 Segunda<\/strong><\/span><span class=\"cobalto-calendario-descricao\"><span class=\"cobalto-evento-item-hora\"><\/span>Feriado - Proclama\u00e7\u00e3o da Rep\u00fablica<\/span><\/div><div class=\"cobalto-calendario-linha cobalto-calendario-linha-par\"><span class=\"cobalto-calendario-tipo\" style=\"background:#4986E7\" title=\"2021 - Calend\u00e1rio Acad\u00eamico - Alunos\"><\/span><span class=\"cobalto-calendario-dia\"><strong>19 Sexta<\/strong><\/span><span class=\"cobalto-calendario-descricao\"><a href=\"https:\/\/wp.ufpel.edu.br\/cra\/trancamentos\/\"><span class=\"cobalto-evento-item-hora\"><\/span>Prazo final para alunos regularmente matriculados enviarem solicita\u00e7\u00e3o de trancamento geral de matr\u00edcula \u00e0 CRA - 2021\/1<\/a><\/span><\/div><div class=\"cobalto-calendario-linha cobalto-calendario-linha-impar\"><span class=\"cobalto-calendario-tipo\" style=\"background:#4986E7\" title=\"2021 - Calend\u00e1rio Acad\u00eamico - Alunos\"><\/span><span class=\"cobalto-calendario-dia\"><strong>20 S\u00e1bado<\/strong><\/span><span class=\"cobalto-calendario-descricao\"><span class=\"cobalto-evento-item-hora\"><\/span>\u00daltimo dia letivo - 2021\/1<\/span><\/div><div class=\"cobalto-calendario-linha cobalto-calendario-linha-par\"><span class=\"cobalto-calendario-tipo\" style=\"background:#4986E7\" title=\"2021 - Calend\u00e1rio Acad\u00eamico - Alunos\"><\/span><span class=\"cobalto-calendario-dia\"><strong>22 Segunda<\/strong><\/span><span class=\"cobalto-calendario-descricao\"><span class=\"cobalto-evento-item-hora\"><\/span>IN\u00cdCIO: Per\u00edodo de exames - 2021\/1<\/span><\/div><div class=\"cobalto-calendario-linha cobalto-calendario-linha-impar\"><span class=\"cobalto-calendario-tipo\" style=\"background:#4986E7\" title=\"2021 - Calend\u00e1rio Acad\u00eamico - Alunos\"><\/span><span class=\"cobalto-calendario-dia\"><strong>27 S\u00e1bado<\/strong><\/span><span class=\"cobalto-calendario-descricao\"><span class=\"cobalto-evento-item-hora\"><\/span>FIM: Per\u00edodo de exames - 2021\/1<\/span><\/div><div class=\"cobalto-calendario-linha cobalto-calendario-linha-par\"><span class=\"cobalto-calendario-tipo\" style=\"background:#4986E7\" title=\"2021 - Calend\u00e1rio Acad\u00eamico - 2021 (2020\/2 e 2021\/1) \"><\/span><span class=\"cobalto-calendario-dia\"><strong>30 Ter\u00e7a<\/strong><\/span><span class=\"cobalto-calendario-descricao\"><span class=\"cobalto-evento-item-hora\"><\/span>Fim do per\u00edodo de digita\u00e7\u00e3o de notas\/conceitos - 2021\/1<\/span><\/div><div class=\"cobalto-calendario-mes\"><strong>Dezembro \/ 2021<\/strong><\/div><div class=\"cobalto-calendario-linha cobalto-calendario-linha-impar\"><span class=\"cobalto-calendario-tipo\" style=\"background:#4986E7\" title=\"2021 - Calend\u00e1rio Acad\u00eamico - Cursos semestrais\"><\/span><span class=\"cobalto-calendario-dia\"><strong>03 Sexta<\/strong><\/span><span class=\"cobalto-calendario-descricao\"><span class=\"cobalto-evento-item-hora\"><\/span>Data limite para os Colegiados solicitarem ofertas aos Deptos\/C\u00e2maras de Ensino 2021\/2<\/span><\/div><div class=\"cobalto-calendario-linha cobalto-calendario-linha-par\"><span class=\"cobalto-calendario-tipo\" style=\"background:#4986E7\" title=\"2021 - Calend\u00e1rio Acad\u00eamico - Alunos\"><\/span><span class=\"cobalto-calendario-dia\"><strong>04 S\u00e1bado<\/strong><\/span><span class=\"cobalto-calendario-descricao\"><span class=\"cobalto-evento-item-hora\"><\/span>\u00daltimo dia letivo - disciplinas pr\u00e1ticas presenciais aprovadas pelo COCEPE<\/span><\/div><div class=\"cobalto-calendario-linha cobalto-calendario-linha-impar\"><span class=\"cobalto-calendario-tipo\" style=\"background:#4986E7\" title=\"2021 - Calend\u00e1rio Acad\u00eamico - Alunos\"><\/span><span class=\"cobalto-calendario-dia\"><strong>06 Segunda<\/strong><\/span><span class=\"cobalto-calendario-descricao\"><span class=\"cobalto-evento-item-hora\"><\/span>IN\u00cdCIO: Per\u00edodo de exames - disciplinas pr\u00e1ticas presenciais aprovadas  pelo COCEPE<\/span><\/div><div class=\"cobalto-calendario-linha cobalto-calendario-linha-par\"><span class=\"cobalto-calendario-tipo\" style=\"background:#4986E7\" title=\"2021 - Calend\u00e1rio Acad\u00eamico - Cursos semestrais\"><\/span><span class=\"cobalto-calendario-dia\"><strong>08 Quarta<\/strong><\/span><span class=\"cobalto-calendario-descricao\"><span class=\"cobalto-evento-item-hora\"><\/span>Data limite para os Deptos\/C\u00e2maras de Ensino informarem aos colegiados as ofertas  2021\/2<\/span><\/div><div class=\"cobalto-calendario-linha cobalto-calendario-linha-par\"><span class=\"cobalto-calendario-tipo\" style=\"background:#4986E7\" title=\"2021 - Calend\u00e1rio Acad\u00eamico - Alunos\"><\/span><span class=\"cobalto-calendario-dia\"><strong><\/strong><\/span><span class=\"cobalto-calendario-descricao\"><span class=\"cobalto-evento-item-hora\"><\/span>Fim do per\u00edodo de avalia\u00e7\u00e3o dos componentes curriculares 2021\/1  (Avalia\u00e7\u00e3o realizada no Cobalto<\/span><\/div><div class=\"cobalto-calendario-linha cobalto-calendario-linha-impar\"><span class=\"cobalto-calendario-tipo\" style=\"background:#4986E7\" title=\"2021 - Calend\u00e1rio Acad\u00eamico - Cursos semestrais\"><\/span><span class=\"cobalto-calendario-dia\"><strong>10 Sexta<\/strong><\/span><span class=\"cobalto-calendario-descricao\"><span class=\"cobalto-evento-item-hora\"><\/span>Data limite para envio de propostas para realiza\u00e7\u00e3o de atividades presenciais ao COCEPE - 2021\/2<\/span><\/div><div class=\"cobalto-calendario-linha cobalto-calendario-linha-par\"><span class=\"cobalto-calendario-tipo\" style=\"background:#4986E7\" title=\"2021 - Calend\u00e1rio Acad\u00eamico - Alunos\"><\/span><span class=\"cobalto-calendario-dia\"><strong>11 S\u00e1bado<\/strong><\/span><span class=\"cobalto-calendario-descricao\"><span class=\"cobalto-evento-item-hora\"><\/span>FIM: Per\u00edodo de exames - disciplinas pr\u00e1ticas presenciais aprovadas  pelo COCEPE<\/span><\/div><div class=\"cobalto-calendario-linha cobalto-calendario-linha-impar\"><span class=\"cobalto-calendario-tipo\" style=\"background:#4986E7\" title=\"2021 - Calend\u00e1rio Acad\u00eamico - Cursos semestrais\"><\/span><span class=\"cobalto-calendario-dia\"><strong>13 Segunda<\/strong><\/span><span class=\"cobalto-calendario-descricao\"><span class=\"cobalto-evento-item-hora\"><\/span>IN\u00cdCIO: Per\u00edodo de an\u00e1lise das propostas de oferta de atividades presenciais \u2013 Comiss\u00e3o Especial do COCEPE<\/span><\/div><div class=\"cobalto-calendario-linha cobalto-calendario-linha-par\"><span class=\"cobalto-calendario-tipo\" style=\"background:#FF7537\" title=\"2021 - Editais, eventos e recesso\"><\/span><span class=\"cobalto-calendario-dia\"><strong>20 Segunda<\/strong><\/span><span class=\"cobalto-calendario-descricao\"><span class=\"cobalto-evento-item-hora\"><\/span>IN\u00cdCIO: Per\u00edodo de recesso - 2021<\/span><\/div><div class=\"cobalto-calendario-linha cobalto-calendario-linha-impar\"><span class=\"cobalto-calendario-tipo\" style=\"background:#4986E7\" title=\"2021 - Calend\u00e1rio Acad\u00eamico - Cursos semestrais\"><\/span><span class=\"cobalto-calendario-dia\"><strong>22 Quarta<\/strong><\/span><span class=\"cobalto-calendario-descricao\"><span class=\"cobalto-evento-item-hora\"><\/span>FIM: Per\u00edodo de an\u00e1lise das propostas de oferta de atividades presenciais \u2013 Comiss\u00e3o Especial do COCEPE<\/span><\/div><div class=\"cobalto-calendario-linha cobalto-calendario-linha-par\"><span class=\"cobalto-calendario-tipo\" style=\"background:#F83A22\" title=\"2021  - Feriados e pontos facultativos\"><\/span><span class=\"cobalto-calendario-dia\"><strong>24 Sexta<\/strong><\/span><span class=\"cobalto-calendario-descricao\"><span class=\"cobalto-evento-item-hora\"><\/span>Ponto Facultativo<\/span><\/div><div class=\"cobalto-calendario-linha cobalto-calendario-linha-impar\"><span class=\"cobalto-calendario-tipo\" style=\"background:#F83A22\" title=\"2021  - Feriados e pontos facultativos\"><\/span><span class=\"cobalto-calendario-dia\"><strong>25 S\u00e1bado<\/strong><\/span><span class=\"cobalto-calendario-descricao\"><span class=\"cobalto-evento-item-hora\"><\/span>Feriado - Natal<\/span><\/div><div class=\"cobalto-calendario-linha cobalto-calendario-linha-par\"><span class=\"cobalto-calendario-tipo\" style=\"background:#FF7537\" title=\"2021 - Editais, eventos e recesso\"><\/span><span class=\"cobalto-calendario-dia\"><strong>31 Sexta<\/strong><\/span><span class=\"cobalto-calendario-descricao\"><span class=\"cobalto-evento-item-hora\"><\/span>FIM: Per\u00edodo de recesso - 2021<\/span><\/div><div class=\"cobalto-calendario-mes\"><strong>Fevereiro \/ 2022<\/strong><\/div><div class=\"cobalto-calendario-linha cobalto-calendario-linha-impar\"><span class=\"cobalto-calendario-tipo\" style=\"background:#4986E7\" title=\"2021 - Calend\u00e1rio Acad\u00eamico - 2021 (2020\/2 e 2021\/1) \"><\/span><span class=\"cobalto-calendario-dia\"><strong>03 Quinta<\/strong><\/span><span class=\"cobalto-calendario-descricao\"><span class=\"cobalto-evento-item-hora\"><\/span>IN\u00cdCIO: Per\u00edodo de digita\u00e7\u00e3o das ofertas 2021\/2 pelos Colegiados<\/span><\/div><div class=\"cobalto-calendario-linha cobalto-calendario-linha-impar\"><span class=\"cobalto-calendario-tipo\" style=\"background:#4986E7\" title=\"2021 - Calend\u00e1rio Acad\u00eamico - 2021 (2020\/2 e 2021\/1) \"><\/span><span class=\"cobalto-calendario-dia\"><strong><\/strong><\/span><span class=\"cobalto-calendario-descricao\"><span class=\"cobalto-evento-item-hora\"><\/span>IN\u00cdCIO: Per\u00edodo de digita\u00e7\u00e3o das ofertas 2021\/2 pelos Colegiados<\/span><\/div><div class=\"cobalto-calendario-linha cobalto-calendario-linha-impar\"><span class=\"cobalto-calendario-tipo\" style=\"background:#4986E7\" title=\"2021 - Calend\u00e1rio Acad\u00eamico - Cursos semestrais\"><\/span><span class=\"cobalto-calendario-dia\"><strong><\/strong><\/span><span class=\"cobalto-calendario-descricao\"><span class=\"cobalto-evento-item-hora\"><\/span>IN\u00cdCIO: Per\u00edodo de digita\u00e7\u00e3o das ofertas 2021\/2 pelos Colegiados<\/span><\/div><div class=\"cobalto-calendario-linha cobalto-calendario-linha-par\"><span class=\"cobalto-calendario-tipo\" style=\"background:#4986E7\" title=\"2021 - Calend\u00e1rio Acad\u00eamico - Alunos\"><\/span><span class=\"cobalto-calendario-dia\"><strong>07 Segunda<\/strong><\/span><span class=\"cobalto-calendario-descricao\"><span class=\"cobalto-evento-item-hora\"><\/span>Data prevista para o retorno das atividades do curso de Direito (2021)<\/span><\/div><div class=\"cobalto-calendario-linha cobalto-calendario-linha-par\"><span class=\"cobalto-calendario-tipo\" style=\"background:#4986E7\" title=\"2021 - Calend\u00e1rio Acad\u00eamico - 2021 (2020\/2 e 2021\/1) \"><\/span><span class=\"cobalto-calendario-dia\"><strong><\/strong><\/span><span class=\"cobalto-calendario-descricao\"><span class=\"cobalto-evento-item-hora\"><\/span>Data prov\u00e1vel para in\u00edcio de 2021\/2<\/span><\/div><div class=\"cobalto-calendario-linha cobalto-calendario-linha-impar\"><span class=\"cobalto-calendario-tipo\" style=\"background:#4986E7\" title=\"2021 - Calend\u00e1rio Acad\u00eamico - Cursos semestrais\"><\/span><span class=\"cobalto-calendario-dia\"><strong>09 Quarta<\/strong><\/span><span class=\"cobalto-calendario-descricao\"><span class=\"cobalto-evento-item-hora\"><\/span>Data final para os colegiados realizarem ampla divulga\u00e7\u00e3o do formato de oferta de  disciplinas (presencial e remota)<\/span><\/div><div class=\"cobalto-calendario-linha cobalto-calendario-linha-impar\"><span class=\"cobalto-calendario-tipo\" style=\"background:#4986E7\" title=\"2021 - Calend\u00e1rio Acad\u00eamico - 2021 (2020\/2 e 2021\/1) \"><\/span><span class=\"cobalto-calendario-dia\"><strong><\/strong><\/span><span class=\"cobalto-calendario-descricao\"><span class=\"cobalto-evento-item-hora\"><\/span>FIM: Per\u00edodo de digita\u00e7\u00e3o das ofertas 2021\/2 pelos Colegiados<\/span><\/div><div class=\"cobalto-calendario-linha cobalto-calendario-linha-impar\"><span class=\"cobalto-calendario-tipo\" style=\"background:#4986E7\" title=\"2021 - Calend\u00e1rio Acad\u00eamico - 2021 (2020\/2 e 2021\/1) \"><\/span><span class=\"cobalto-calendario-dia\"><strong><\/strong><\/span><span class=\"cobalto-calendario-descricao\"><span class=\"cobalto-evento-item-hora\"><\/span>FIM: Per\u00edodo de digita\u00e7\u00e3o das ofertas 2021\/2 pelos Colegiados<\/span><\/div><div class=\"cobalto-calendario-linha cobalto-calendario-linha-impar\"><span class=\"cobalto-calendario-tipo\" style=\"background:#4986E7\" title=\"2021 - Calend\u00e1rio Acad\u00eamico - Cursos semestrais\"><\/span><span class=\"cobalto-calendario-dia\"><strong><\/strong><\/span><span class=\"cobalto-calendario-descricao\"><span class=\"cobalto-evento-item-hora\"><\/span>FIM: Per\u00edodo de digita\u00e7\u00e3o das ofertas 2021\/2 pelos Colegiados<\/span><\/div><div class=\"cobalto-calendario-linha cobalto-calendario-linha-par\"><span class=\"cobalto-calendario-tipo\" style=\"background:#9FC6E7\" title=\"2021 - Calend\u00e1rio Acad\u00eamico - Cursos semestrais\"><\/span><span class=\"cobalto-calendario-dia\"><strong>10 Quinta<\/strong><\/span><span class=\"cobalto-calendario-descricao\"><span class=\"cobalto-evento-item-hora\"><\/span>Data limite para discentes solicitarem quebra de pr\u00e9-requisito aos colegiados - 2021\/2<\/span><\/div><div class=\"cobalto-calendario-linha cobalto-calendario-linha-par\"><span class=\"cobalto-calendario-tipo\" style=\"background:#4986E7\" title=\"2021 - Calend\u00e1rio Acad\u00eamico - Cursos semestrais\"><\/span><span class=\"cobalto-calendario-dia\"><strong><\/strong><\/span><span class=\"cobalto-calendario-descricao\"><span class=\"cobalto-evento-item-hora\"><\/span>Fim do per\u00edodo de acompanhamento\/confirma\u00e7\u00e3o das ofertas 2021\/2 pelos  Departamentos ou C\u00e2maras de Ensino<\/span><\/div><div class=\"cobalto-calendario-linha cobalto-calendario-linha-impar\"><span class=\"cobalto-calendario-tipo\" style=\"background:#4986E7\" title=\"2021 - Calend\u00e1rio Acad\u00eamico - Alunos\"><\/span><span class=\"cobalto-calendario-dia\"><strong>11 Sexta<\/strong><\/span><span class=\"cobalto-calendario-descricao\"><span class=\"cobalto-evento-item-hora\"><\/span>IN\u00cdCIO: Solicita\u00e7\u00e3o de rematr\u00edcula on-line 2021\/2<\/span><\/div><div class=\"cobalto-calendario-linha cobalto-calendario-linha-impar\"><span class=\"cobalto-calendario-tipo\" style=\"background:#9FC6E7\" title=\"2021 - Calend\u00e1rio Acad\u00eamico - Cursos semestrais\"><\/span><span class=\"cobalto-calendario-dia\"><strong><\/strong><\/span><span class=\"cobalto-calendario-descricao\"><span class=\"cobalto-evento-item-hora\"><\/span>IN\u00cdCIO: Solicita\u00e7\u00e3o de rematr\u00edcula on-line 2021\/2<\/span><\/div><div class=\"cobalto-calendario-linha cobalto-calendario-linha-impar\"><span class=\"cobalto-calendario-tipo\" style=\"background:#4986E7\" title=\"2021 - Calend\u00e1rio Acad\u00eamico - Cursos semestrais\"><\/span><span class=\"cobalto-calendario-dia\"><strong><\/strong><\/span><span class=\"cobalto-calendario-descricao\"><span class=\"cobalto-evento-item-hora\"><\/span>Data limite para solicita\u00e7\u00e3o de salas \u00e0 SACE<\/span><\/div><div class=\"cobalto-calendario-linha cobalto-calendario-linha-par\"><span class=\"cobalto-calendario-tipo\" style=\"background:#FF7537\" title=\"2021 - Editais, eventos e recesso\"><\/span><span class=\"cobalto-calendario-dia\"><strong>13 Domingo<\/strong><\/span><span class=\"cobalto-calendario-descricao\"><span class=\"cobalto-evento-item-hora\"><\/span>Publica\u00e7\u00e3o do Edital para Regime Especial para 2021\/2<\/span><\/div><div class=\"cobalto-calendario-linha cobalto-calendario-linha-impar\"><span class=\"cobalto-calendario-tipo\" style=\"background:#4986E7\" title=\"2021 - Calend\u00e1rio Acad\u00eamico - Cursos semestrais\"><\/span><span class=\"cobalto-calendario-dia\"><strong>14 Segunda<\/strong><\/span><span class=\"cobalto-calendario-descricao\"><span class=\"cobalto-evento-item-hora\"><\/span>In\u00edcio do per\u00edodo de Planejamento Acad\u00eamico de 2021\/2 nos colegiados<\/span><\/div><div class=\"cobalto-calendario-linha cobalto-calendario-linha-impar\"><span class=\"cobalto-calendario-tipo\" style=\"background:#4986E7\" title=\"2021 - Calend\u00e1rio Acad\u00eamico - Alunos\"><\/span><span class=\"cobalto-calendario-dia\"><strong><\/strong><\/span><span class=\"cobalto-calendario-descricao\"><span class=\"cobalto-evento-item-hora\"><\/span>FIM: Solicita\u00e7\u00e3o de rematr\u00edcula on-line 2021\/2<\/span><\/div><div class=\"cobalto-calendario-linha cobalto-calendario-linha-impar\"><span class=\"cobalto-calendario-tipo\" style=\"background:#9FC6E7\" title=\"2021 - Calend\u00e1rio Acad\u00eamico - Cursos semestrais\"><\/span><span class=\"cobalto-calendario-dia\"><strong><\/strong><\/span><span class=\"cobalto-calendario-descricao\"><span class=\"cobalto-evento-item-hora\"><\/span>FIM: Solicita\u00e7\u00e3o de rematr\u00edcula on-line 2021\/2<\/span><\/div><div class=\"cobalto-calendario-linha cobalto-calendario-linha-par\"><span class=\"cobalto-calendario-tipo\" style=\"background:#4986E7\" title=\"2021 - Calend\u00e1rio Acad\u00eamico - Cursos semestrais\"><\/span><span class=\"cobalto-calendario-dia\"><strong>15 Ter\u00e7a<\/strong><\/span><span class=\"cobalto-calendario-descricao\"><span class=\"cobalto-evento-item-hora\"><\/span>Processamento das solicita\u00e7\u00f5es de rematr\u00edcula on-line 2021\/2<\/span><\/div><div class=\"cobalto-calendario-linha cobalto-calendario-linha-par\"><span class=\"cobalto-calendario-tipo\" style=\"background:#9FC6E7\" title=\"2021 - Calend\u00e1rio Acad\u00eamico - Cursos semestrais\"><\/span><span class=\"cobalto-calendario-dia\"><strong><\/strong><\/span><span class=\"cobalto-calendario-descricao\"><span class=\"cobalto-evento-item-hora\"><\/span>In\u00edcio do per\u00edodo para os alunos consultarem o processo de rematr\u00edcula on-line 2021\/2<\/span><\/div><div class=\"cobalto-calendario-linha cobalto-calendario-linha-impar\"><span class=\"cobalto-calendario-tipo\" style=\"background:#9FC6E7\" title=\"2021 - Calend\u00e1rio Acad\u00eamico - Cursos semestrais\"><\/span><span class=\"cobalto-calendario-dia\"><strong>16 Quarta<\/strong><\/span><span class=\"cobalto-calendario-descricao\"><span class=\"cobalto-evento-item-hora\"><\/span>IN\u00cdCIO: Solicita\u00e7\u00e3o de corre\u00e7\u00e3o de rematr\u00edcula 2021\/2 no sistema Cobalto<\/span><\/div><div class=\"cobalto-calendario-linha cobalto-calendario-linha-par\"><span class=\"cobalto-calendario-tipo\" style=\"background:#9FC6E7\" title=\"2021 - Calend\u00e1rio Acad\u00eamico - Cursos semestrais\"><\/span><span class=\"cobalto-calendario-dia\"><strong>18 Sexta<\/strong><\/span><span class=\"cobalto-calendario-descricao\"><span class=\"cobalto-evento-item-hora\"><\/span>Data limite para os Colegiados responderem as solicita\u00e7\u00f5es de quebra de pr\u00e9-requisito para 2021\/2<\/span><\/div><div class=\"cobalto-calendario-linha cobalto-calendario-linha-impar\"><span class=\"cobalto-calendario-tipo\" style=\"background:#FF7537\" title=\"2021 - Editais, eventos e recesso\"><\/span><span class=\"cobalto-calendario-dia\"><strong>21 Segunda<\/strong><\/span><span class=\"cobalto-calendario-descricao\"><span class=\"cobalto-evento-item-hora\"><\/span>IN\u00cdCIO: Inscri\u00e7\u00e3o para realiza\u00e7\u00e3o de regime especial -2021\/2<\/span><\/div><div class=\"cobalto-calendario-linha cobalto-calendario-linha-impar\"><span class=\"cobalto-calendario-tipo\" style=\"background:#9FC6E7\" title=\"2021 - Calend\u00e1rio Acad\u00eamico - Cursos semestrais\"><\/span><span class=\"cobalto-calendario-dia\"><strong><\/strong><\/span><span class=\"cobalto-calendario-descricao\"><span class=\"cobalto-evento-item-hora\"><\/span>IN\u00cdCIO: Per\u00edodo de solicita\u00e7\u00e3o de trancamento geral de matr\u00edcula para discentes que n\u00e3o solicitaram matr\u00edcula para 2021\/2<\/span><\/div><div class=\"cobalto-calendario-linha cobalto-calendario-linha-impar\"><span class=\"cobalto-calendario-tipo\" style=\"background:#9FC6E7\" title=\"2021 - Calend\u00e1rio Acad\u00eamico - Cursos semestrais\"><\/span><span class=\"cobalto-calendario-dia\"><strong><\/strong><\/span><span class=\"cobalto-calendario-descricao\"><span class=\"cobalto-evento-item-hora\"><\/span>FIM: Solicita\u00e7\u00e3o de corre\u00e7\u00e3o de rematr\u00edcula 2021\/2 no sistema Cobalto<\/span><\/div><div class=\"cobalto-calendario-linha cobalto-calendario-linha-par\"><span class=\"cobalto-calendario-tipo\" style=\"background:#4986E7\" title=\"2021 - Calend\u00e1rio Acad\u00eamico - Cursos semestrais\"><\/span><span class=\"cobalto-calendario-dia\"><strong>22 Ter\u00e7a<\/strong><\/span><span class=\"cobalto-calendario-descricao\"><span class=\"cobalto-evento-item-hora\"><\/span>IN\u00cdCIO: Per\u00edodo de an\u00e1lise e homologa\u00e7\u00e3o de solicita\u00e7\u00f5es de corre\u00e7\u00e3o de rematr\u00edcula<\/span><\/div><div class=\"cobalto-calendario-linha cobalto-calendario-linha-par\"><span class=\"cobalto-calendario-tipo\" style=\"background:#FF7537\" title=\"2021 - Editais, eventos e recesso\"><\/span><span class=\"cobalto-calendario-dia\"><strong><\/strong><\/span><span class=\"cobalto-calendario-descricao\"><span class=\"cobalto-evento-item-hora\"><\/span>FIM: Inscri\u00e7\u00e3o para realiza\u00e7\u00e3o de regime especial -2021\/2<\/span><\/div><div class=\"cobalto-calendario-linha cobalto-calendario-linha-impar\"><span class=\"cobalto-calendario-tipo\" style=\"background:#9FC6E7\" title=\"2021 - Calend\u00e1rio Acad\u00eamico - Cursos semestrais\"><\/span><span class=\"cobalto-calendario-dia\"><strong>23 Quarta<\/strong><\/span><span class=\"cobalto-calendario-descricao\"><span class=\"cobalto-evento-item-hora\"><\/span>data limite para discentes protocolarem recurso  ao COCEPE contra o indeferimento da solicita\u00e7\u00e3o de quebra de pr\u00e9-requisito - Nos colegiados<\/span><\/div><div class=\"cobalto-calendario-linha cobalto-calendario-linha-par\"><span class=\"cobalto-calendario-tipo\" style=\"background:#4986E7\" title=\"2021 - Calend\u00e1rio Acad\u00eamico - Cursos semestrais\"><\/span><span class=\"cobalto-calendario-dia\"><strong>24 Quinta<\/strong><\/span><span class=\"cobalto-calendario-descricao\"><span class=\"cobalto-evento-item-hora\"><\/span>Data limite para confirma\u00e7\u00e3o de salas pela SACE<\/span><\/div><div class=\"cobalto-calendario-linha cobalto-calendario-linha-impar\"><span class=\"cobalto-calendario-tipo\" style=\"background:#4986E7\" title=\"2021 - Calend\u00e1rio Acad\u00eamico - Cursos semestrais\"><\/span><span class=\"cobalto-calendario-dia\"><strong>25 Sexta<\/strong><\/span><span class=\"cobalto-calendario-descricao\"><span class=\"cobalto-evento-item-hora\"><\/span>IN\u00cdCIO: Per\u00edodo para solicita\u00e7\u00e3o de rean\u00e1lise de distribui\u00e7\u00e3o de salas \u00e0 SACE<\/span><\/div><div class=\"cobalto-calendario-linha cobalto-calendario-linha-par\"><span class=\"cobalto-calendario-tipo\" style=\"background:#F83A22\" title=\"2021  - Feriados e pontos facultativos\"><\/span><span class=\"cobalto-calendario-dia\"><strong>28 Segunda<\/strong><\/span><span class=\"cobalto-calendario-descricao\"><span class=\"cobalto-evento-item-hora\"><\/span>Ponto Facultativo<\/span><\/div><div class=\"cobalto-calendario-mes\"><strong>Mar\u00e7o \/ 2022<\/strong><\/div><div class=\"cobalto-calendario-linha cobalto-calendario-linha-impar\"><span class=\"cobalto-calendario-tipo\" style=\"background:#F83A22\" title=\"2021  - Feriados e pontos facultativos\"><\/span><span class=\"cobalto-calendario-dia\"><strong>01 Ter\u00e7a<\/strong><\/span><span class=\"cobalto-calendario-descricao\"><span class=\"cobalto-evento-item-hora\"><\/span>Ponto Facultativo - Carnaval<\/span><\/div><div class=\"cobalto-calendario-linha cobalto-calendario-linha-par\"><span class=\"cobalto-calendario-tipo\" style=\"background:#4986E7\" title=\"2021 - Calend\u00e1rio Acad\u00eamico - Cursos semestrais\"><\/span><span class=\"cobalto-calendario-dia\"><strong>02 Quarta<\/strong><\/span><span class=\"cobalto-calendario-descricao\"><span class=\"cobalto-evento-item-hora\"><\/span>FIM: Per\u00edodo de an\u00e1lise e homologa\u00e7\u00e3o de solicita\u00e7\u00f5es de corre\u00e7\u00e3o de rematr\u00edcula<\/span><\/div><div class=\"cobalto-calendario-linha cobalto-calendario-linha-par\"><span class=\"cobalto-calendario-tipo\" style=\"background:#4986E7\" title=\"2021 - Calend\u00e1rio Acad\u00eamico - Cursos semestrais\"><\/span><span class=\"cobalto-calendario-dia\"><strong><\/strong><\/span><span class=\"cobalto-calendario-descricao\"><span class=\"cobalto-evento-item-hora\"><\/span>FIM: Per\u00edodo para solicita\u00e7\u00e3o de rean\u00e1lise de distribui\u00e7\u00e3o de salas \u00e0 SACE<\/span><\/div><div class=\"cobalto-calendario-linha cobalto-calendario-linha-impar\"><span class=\"cobalto-calendario-tipo\" style=\"background:#9FC6E7\" title=\"2021 - Calend\u00e1rio Acad\u00eamico - Cursos semestrais\"><\/span><span class=\"cobalto-calendario-dia\"><strong>04 Sexta<\/strong><\/span><span class=\"cobalto-calendario-descricao\"><span class=\"cobalto-evento-item-hora\"><\/span>IN\u00cdCIO: Solicita\u00e7\u00e3o de matr\u00edcula especial - 2021\/2 - Cobalto<\/span><\/div><div class=\"cobalto-calendario-linha cobalto-calendario-linha-impar\"><span class=\"cobalto-calendario-tipo\" style=\"background:#4986E7\" title=\"2021 - Calend\u00e1rio Acad\u00eamico - Cursos semestrais\"><\/span><span class=\"cobalto-calendario-dia\"><strong><\/strong><\/span><span class=\"cobalto-calendario-descricao\"><span class=\"cobalto-evento-item-hora\"><\/span>Data limite para a SACE responder ao pedido de rean\u00e1lise de distribui\u00e7\u00e3o de salas<\/span><\/div><div class=\"cobalto-calendario-linha cobalto-calendario-linha-impar\"><span class=\"cobalto-calendario-tipo\" style=\"background:#4986E7\" title=\"2021 - Calend\u00e1rio Acad\u00eamico - Cursos semestrais\"><\/span><span class=\"cobalto-calendario-dia\"><strong><\/strong><\/span><span class=\"cobalto-calendario-descricao\"><span class=\"cobalto-evento-item-hora\"><\/span>Fim do per\u00edodo de planejamento acad\u00eamico 2021\/2 pelos colegiados<\/span><\/div><div class=\"cobalto-calendario-linha cobalto-calendario-linha-impar\"><span class=\"cobalto-calendario-tipo\" style=\"background:#9FC6E7\" title=\"2021 - Calend\u00e1rio Acad\u00eamico - Cursos semestrais\"><\/span><span class=\"cobalto-calendario-dia\"><strong><\/strong><\/span><span class=\"cobalto-calendario-descricao\"><span class=\"cobalto-evento-item-hora\"><\/span>FIM: Per\u00edodo de solicita\u00e7\u00e3o de trancamento geral de matr\u00edcula para discentes que n\u00e3o solicitaram matr\u00edcula para 2021\/2<\/span><\/div><div class=\"cobalto-calendario-linha cobalto-calendario-linha-par\"><span class=\"cobalto-calendario-tipo\" style=\"background:#9FC6E7\" title=\"2021 - Calend\u00e1rio Acad\u00eamico - Cursos semestrais\"><\/span><span class=\"cobalto-calendario-dia\"><strong>06 Domingo<\/strong><\/span><span class=\"cobalto-calendario-descricao\"><span class=\"cobalto-evento-item-hora\"><\/span>FIM: Solicita\u00e7\u00e3o de matr\u00edcula especial - 2021\/2 - Cobalto<\/span><\/div><div class=\"cobalto-calendario-linha cobalto-calendario-linha-impar\"><span class=\"cobalto-calendario-tipo\" style=\"background:#4986E7\" title=\"2021 - Calend\u00e1rio Acad\u00eamico - Cursos semestrais\"><\/span><span class=\"cobalto-calendario-dia\"><strong>07 Segunda<\/strong><\/span><span class=\"cobalto-calendario-descricao\"><span class=\"cobalto-evento-item-hora\"><\/span>Matr\u00edcula especial - 2021\/2 - data para autoriza\u00e7\u00e3o do curso de origem<\/span><\/div><div class=\"cobalto-calendario-linha cobalto-calendario-linha-impar\"><span class=\"cobalto-calendario-tipo\" style=\"background:#9FC6E7\" title=\"2021 - Calend\u00e1rio Acad\u00eamico - Cursos semestrais\"><\/span><span class=\"cobalto-calendario-dia\"><strong><\/strong><\/span><span class=\"cobalto-calendario-descricao\"><span class=\"cobalto-evento-item-hora\"><\/span>Inicio do semestre letivo 2021\/2<\/span><\/div><div class=\"cobalto-calendario-linha cobalto-calendario-linha-impar\"><span class=\"cobalto-calendario-tipo\" style=\"background:#4986E7\" title=\"2021 - Calend\u00e1rio Acad\u00eamico - Cursos semestrais\"><\/span><span class=\"cobalto-calendario-dia\"><strong><\/strong><\/span><span class=\"cobalto-calendario-descricao\"><span class=\"cobalto-evento-item-hora\"><\/span>Recep\u00e7\u00e3o dos discentes ingressantes em 2021\/2 pelos colegiados de curso - Virtual<\/span><\/div><div class=\"cobalto-calendario-linha cobalto-calendario-linha-par\"><span class=\"cobalto-calendario-tipo\" style=\"background:#4986E7\" title=\"2021 - Calend\u00e1rio Acad\u00eamico - Cursos semestrais\"><\/span><span class=\"cobalto-calendario-dia\"><strong>08 Ter\u00e7a<\/strong><\/span><span class=\"cobalto-calendario-descricao\"><span class=\"cobalto-evento-item-hora\"><\/span>Matr\u00edcula especial - 2021\/2 - Data para homologa\u00e7\u00e3o do curso de destino<\/span><\/div><div class=\"cobalto-calendario-linha cobalto-calendario-linha-impar\"><span class=\"cobalto-calendario-tipo\" style=\"background:#4986E7\" title=\"2021 - Calend\u00e1rio Acad\u00eamico - Alunos\"><\/span><span class=\"cobalto-calendario-dia\"><strong>19 S\u00e1bado<\/strong><\/span><span class=\"cobalto-calendario-descricao\"><span class=\"cobalto-evento-item-hora\"><\/span>\u00daltimo dia letivo de 2021 - Curso de Direito<\/span><\/div><div class=\"cobalto-calendario-linha cobalto-calendario-linha-par\"><span class=\"cobalto-calendario-tipo\" style=\"background:#4986E7\" title=\"2021 - Calend\u00e1rio Acad\u00eamico - Alunos\"><\/span><span class=\"cobalto-calendario-dia\"><strong>21 Segunda<\/strong><\/span><span class=\"cobalto-calendario-descricao\"><span class=\"cobalto-evento-item-hora\"><\/span>IN\u00cdCIO: Per\u00edodo de exames 2021 - Curso de Direito<\/span><\/div><div class=\"cobalto-calendario-linha cobalto-calendario-linha-impar\"><span class=\"cobalto-calendario-tipo\" style=\"background:#4986E7\" title=\"2021 - Calend\u00e1rio Acad\u00eamico - Cursos semestrais\"><\/span><span class=\"cobalto-calendario-dia\"><strong>23 Quarta<\/strong><\/span><span class=\"cobalto-calendario-descricao\"><span class=\"cobalto-evento-item-hora\"><\/span>Data limite para ingresso de discentes - 2021\/2<\/span><\/div><div class=\"cobalto-calendario-linha cobalto-calendario-linha-par\"><span class=\"cobalto-calendario-tipo\" style=\"background:#4986E7\" title=\"2021 - Calend\u00e1rio Acad\u00eamico - Cursos semestrais\"><\/span><span class=\"cobalto-calendario-dia\"><strong>24 Quinta<\/strong><\/span><span class=\"cobalto-calendario-descricao\"><span class=\"cobalto-evento-item-hora\"><\/span>Data limite para colegiados responderam a solicita\u00e7\u00e3o de regime especial 2021\/2<\/span><\/div><div class=\"cobalto-calendario-linha cobalto-calendario-linha-impar\"><span class=\"cobalto-calendario-tipo\" style=\"background:#4986E7\" title=\"2021 - Calend\u00e1rio Acad\u00eamico - Cursos semestrais\"><\/span><span class=\"cobalto-calendario-dia\"><strong>25 Sexta<\/strong><\/span><span class=\"cobalto-calendario-descricao\"><span class=\"cobalto-evento-item-hora\"><\/span>Data limite para os alunos justificarem aos Colegiados a impossibilidade de cursar 2021\/2<\/span><\/div><div class=\"cobalto-calendario-linha cobalto-calendario-linha-par\"><span class=\"cobalto-calendario-tipo\" style=\"background:#4986E7\" title=\"2021 - Calend\u00e1rio Acad\u00eamico - Alunos\"><\/span><span class=\"cobalto-calendario-dia\"><strong>26 S\u00e1bado<\/strong><\/span><span class=\"cobalto-calendario-descricao\"><span class=\"cobalto-evento-item-hora\"><\/span>FIM: Per\u00edodo de exames 2021 - Curso de Direito<\/span><\/div><div class=\"cobalto-calendario-linha cobalto-calendario-linha-impar\"><span class=\"cobalto-calendario-tipo\" style=\"background:#4986E7\" title=\"2021 - Calend\u00e1rio Acad\u00eamico - Cursos semestrais\"><\/span><span class=\"cobalto-calendario-dia\"><strong>31 Quinta<\/strong><\/span><span class=\"cobalto-calendario-descricao\"><span class=\"cobalto-evento-item-hora\"><\/span>IN\u00cdCIO: Data limite para envio das declara\u00e7\u00f5es de alunos em situa\u00e7\u00e3o de abandono 2021\/2<\/span><\/div><div class=\"cobalto-calendario-linha cobalto-calendario-linha-impar\"><span class=\"cobalto-calendario-tipo\" style=\"background:#4986E7\" title=\"2021 - Calend\u00e1rio Acad\u00eamico - Cursos semestrais\"><\/span><span class=\"cobalto-calendario-dia\"><strong><\/strong><\/span><span class=\"cobalto-calendario-descricao\"><span class=\"cobalto-evento-item-hora\"><\/span>Data limite para envio dos planos de ensino 2021\/2 (Cobalto)<\/span><\/div><div class=\"cobalto-calendario-mes\"><strong>Abril \/ 2022<\/strong><\/div><div class=\"cobalto-calendario-linha cobalto-calendario-linha-par\"><span class=\"cobalto-calendario-tipo\" style=\"background:#4986E7\" title=\"2021 - Calend\u00e1rio Acad\u00eamico - Cursos semestrais\"><\/span><span class=\"cobalto-calendario-dia\"><strong>01 Sexta<\/strong><\/span><span class=\"cobalto-calendario-descricao\"><span class=\"cobalto-evento-item-hora\"><\/span>FIM: Data limite para envio das declara\u00e7\u00f5es de alunos em situa\u00e7\u00e3o de abandono 2021\/2<\/span><\/div><div class=\"cobalto-calendario-linha cobalto-calendario-linha-impar\"><span class=\"cobalto-calendario-tipo\" style=\"background:#9FC6E7\" title=\"2021 - Calend\u00e1rio Acad\u00eamico - Cursos semestrais\"><\/span><span class=\"cobalto-calendario-dia\"><strong>04 Segunda<\/strong><\/span><span class=\"cobalto-calendario-descricao\"><span class=\"cobalto-evento-item-hora\"><\/span>IN\u00cdCIO: Per\u00edodo de solicita\u00e7\u00e3o de trancamento de disciplinas - Cobalto<\/span><\/div><div class=\"cobalto-calendario-linha cobalto-calendario-linha-par\"><span class=\"cobalto-calendario-tipo\" style=\"background:#9FC6E7\" title=\"2021 - Calend\u00e1rio Acad\u00eamico - Cursos semestrais\"><\/span><span class=\"cobalto-calendario-dia\"><strong>11 Segunda<\/strong><\/span><span class=\"cobalto-calendario-descricao\"><span class=\"cobalto-evento-item-hora\"><\/span>IN\u00cdCIO: Per\u00edodo para solicita\u00e7\u00e3o de aproveitamento de estudos<\/span><\/div><div class=\"cobalto-calendario-linha cobalto-calendario-linha-par\"><span class=\"cobalto-calendario-tipo\" style=\"background:#9FC6E7\" title=\"2021 - Calend\u00e1rio Acad\u00eamico - Cursos semestrais\"><\/span><span class=\"cobalto-calendario-dia\"><strong><\/strong><\/span><span class=\"cobalto-calendario-descricao\"><span class=\"cobalto-evento-item-hora\"><\/span>FIM: Per\u00edodo de solicita\u00e7\u00e3o de trancamento de disciplinas - Cobalto<\/span><\/div><div class=\"cobalto-calendario-linha cobalto-calendario-linha-impar\"><span class=\"cobalto-calendario-tipo\" style=\"background:#F83A22\" title=\"2021  - Feriados e pontos facultativos\"><\/span><span class=\"cobalto-calendario-dia\"><strong>15 Sexta<\/strong><\/span><span class=\"cobalto-calendario-descricao\"><span class=\"cobalto-evento-item-hora\"><\/span>Feriado - Sexta-feira Santa<\/span><\/div><div class=\"cobalto-calendario-linha cobalto-calendario-linha-par\"><span class=\"cobalto-calendario-tipo\" style=\"background:#F83A22\" title=\"2021  - Feriados e pontos facultativos\"><\/span><span class=\"cobalto-calendario-dia\"><strong>16 S\u00e1bado<\/strong><\/span><span class=\"cobalto-calendario-descricao\"><span class=\"cobalto-evento-item-hora\"><\/span>Ponto Facultativo<\/span><\/div><div class=\"cobalto-calendario-linha cobalto-calendario-linha-impar\"><span class=\"cobalto-calendario-tipo\" style=\"background:#9FC6E7\" title=\"2021 - Calend\u00e1rio Acad\u00eamico - Cursos semestrais\"><\/span><span class=\"cobalto-calendario-dia\"><strong>20 Quarta<\/strong><\/span><span class=\"cobalto-calendario-descricao\"><span class=\"cobalto-evento-item-hora\"><\/span>FIM: Per\u00edodo para solicita\u00e7\u00e3o de aproveitamento de estudos<\/span><\/div><div class=\"cobalto-calendario-linha cobalto-calendario-linha-par\"><span class=\"cobalto-calendario-tipo\" style=\"background:#9FC6E7\" title=\"2021 - Calend\u00e1rio Acad\u00eamico - Cursos semestrais\"><\/span><span class=\"cobalto-calendario-dia\"><strong>29 Sexta<\/strong><\/span><span class=\"cobalto-calendario-descricao\"><span class=\"cobalto-evento-item-hora\"><\/span>Fim do per\u00edodo para inscri\u00e7\u00e3o em mobilidade acad\u00eamica nacioanal 2022\/1- PRE (CEC_NUPROP)<\/span><\/div><div class=\"cobalto-calendario-mes\"><strong>Maio \/ 2022<\/strong><\/div><div class=\"cobalto-calendario-linha cobalto-calendario-linha-impar\"><span class=\"cobalto-calendario-tipo\" style=\"background:#4986E7\" title=\"2021 - Calend\u00e1rio Acad\u00eamico - Cursos semestrais\"><\/span><span class=\"cobalto-calendario-dia\"><strong>06 Sexta<\/strong><\/span><span class=\"cobalto-calendario-descricao\"><span class=\"cobalto-evento-item-hora\"><\/span>Data limite para as Unidades Acad\u00eamicas divulgarem as datas das cola\u00e7\u00f5es de grau de 2021\/2<\/span><\/div><div class=\"cobalto-calendario-mes\"><strong>Junho \/ 2022<\/strong><\/div><div class=\"cobalto-calendario-linha cobalto-calendario-linha-par\"><span class=\"cobalto-calendario-tipo\" style=\"background:#4986E7\" title=\"2021 - Calend\u00e1rio Acad\u00eamico - Cursos semestrais\"><\/span><span class=\"cobalto-calendario-dia\"><strong>06 Segunda<\/strong><\/span><span class=\"cobalto-calendario-descricao\"><span class=\"cobalto-evento-item-hora\"><\/span>IN\u00cdCIO: Per\u00edodo para os colegiados confirmarem as solicita\u00e7\u00f5es de prov\u00e1veis formandos 2021\/2<\/span><\/div><div class=\"cobalto-calendario-linha cobalto-calendario-linha-par\"><span class=\"cobalto-calendario-tipo\" style=\"background:#9FC6E7\" title=\"2021 - Calend\u00e1rio Acad\u00eamico - Cursos semestrais\"><\/span><span class=\"cobalto-calendario-dia\"><strong><\/strong><\/span><span class=\"cobalto-calendario-descricao\"><span class=\"cobalto-evento-item-hora\"><\/span>Per\u00edodo de avalia\u00e7\u00e3o de componenetes curriculares ofertados em 2021\/2 - Cobalto<\/span><\/div><div class=\"cobalto-calendario-linha cobalto-calendario-linha-impar\"><span class=\"cobalto-calendario-tipo\" style=\"background:#9FC6E7\" title=\"2021 - Calend\u00e1rio Acad\u00eamico - Cursos semestrais\"><\/span><span class=\"cobalto-calendario-dia\"><strong>17 Sexta<\/strong><\/span><span class=\"cobalto-calendario-descricao\"><span class=\"cobalto-evento-item-hora\"><\/span>Prazo final para alunos regularmente matriculados enviarem solicita\u00e7\u00e3o de trancamento geral de matr\u00edcula \u00e0 CRA - 2021\/2<\/span><\/div><div class=\"cobalto-calendario-linha cobalto-calendario-linha-impar\"><span class=\"cobalto-calendario-tipo\" style=\"background:#4986E7\" title=\"2021 - Calend\u00e1rio Acad\u00eamico - Cursos semestrais\"><\/span><span class=\"cobalto-calendario-dia\"><strong><\/strong><\/span><span class=\"cobalto-calendario-descricao\"><span class=\"cobalto-evento-item-hora\"><\/span>FIM: Per\u00edodo para os colegiados confirmarem as solicita\u00e7\u00f5es de prov\u00e1veis formandos 2021\/2<\/span><\/div><div class=\"cobalto-calendario-linha cobalto-calendario-linha-par\"><span class=\"cobalto-calendario-tipo\" style=\"background:#4986E7\" title=\"2021 - Calend\u00e1rio Acad\u00eamico - Cursos semestrais\"><\/span><span class=\"cobalto-calendario-dia\"><strong>20 Segunda<\/strong><\/span><span class=\"cobalto-calendario-descricao\"><span class=\"cobalto-evento-item-hora\"><\/span>Recupera\u00e7\u00e3o dos turnos letivos suspensos pela Portaria UFPel n\u00ba 897\/2022.<\/span><\/div><div class=\"cobalto-calendario-linha cobalto-calendario-linha-impar\"><span class=\"cobalto-calendario-tipo\" style=\"background:#4986E7\" title=\"2021 - Calend\u00e1rio Acad\u00eamico - Cursos semestrais\"><\/span><span class=\"cobalto-calendario-dia\"><strong>21 Ter\u00e7a<\/strong><\/span><span class=\"cobalto-calendario-descricao\"><span class=\"cobalto-evento-item-hora\"><\/span>\u00daltimo dia letivo de 2021\/2 (recupera\u00e7\u00e3o do ponto facultativo do dia 17\/06).<\/span><\/div><div class=\"cobalto-calendario-linha cobalto-calendario-linha-par\"><span class=\"cobalto-calendario-tipo\" style=\"background:#9FC6E7\" title=\"2021 - Calend\u00e1rio Acad\u00eamico - Cursos semestrais\"><\/span><span class=\"cobalto-calendario-dia\"><strong>22 Quarta<\/strong><\/span><span class=\"cobalto-calendario-descricao\"><span class=\"cobalto-evento-item-hora\"><\/span>IN\u00cdCIO: Per\u00edodo de Exames 2021\/2<\/span><\/div><div class=\"cobalto-calendario-linha cobalto-calendario-linha-impar\"><span class=\"cobalto-calendario-tipo\" style=\"background:#4986E7\" title=\"2021 - Calend\u00e1rio Acad\u00eamico - Cursos semestrais\"><\/span><span class=\"cobalto-calendario-dia\"><strong>24 Sexta<\/strong><\/span><span class=\"cobalto-calendario-descricao\"><span class=\"cobalto-evento-item-hora\"><\/span>Data limite para colegiados solicitarem oferta aos depatamentos\/c\u00e2maras de ensino - 2022\/1<\/span><\/div><div class=\"cobalto-calendario-linha cobalto-calendario-linha-par\"><span class=\"cobalto-calendario-tipo\" style=\"background:#9FC6E7\" title=\"2021 - Calend\u00e1rio Acad\u00eamico - Cursos semestrais\"><\/span><span class=\"cobalto-calendario-dia\"><strong>28 Ter\u00e7a<\/strong><\/span><span class=\"cobalto-calendario-descricao\"><span class=\"cobalto-evento-item-hora\"><\/span>FIM: Per\u00edodo de Exames 2021\/2<\/span><\/div><div class=\"cobalto-calendario-linha cobalto-calendario-linha-impar\"><span class=\"cobalto-calendario-tipo\" style=\"background:#4986E7\" title=\"2021 - Calend\u00e1rio Acad\u00eamico - Cursos semestrais\"><\/span><span class=\"cobalto-calendario-dia\"><strong>29 Quarta<\/strong><\/span><span class=\"cobalto-calendario-descricao\"><span class=\"cobalto-evento-item-hora\"><\/span>Data limite para digita\u00e7\u00e3o de notas 2021\/2<\/span><\/div><div class=\"cobalto-calendario-linha cobalto-calendario-linha-par\"><span class=\"cobalto-calendario-tipo\" style=\"background:#4986E7\" title=\"2021 - Calend\u00e1rio Acad\u00eamico - Cursos semestrais\"><\/span><span class=\"cobalto-calendario-dia\"><strong>30 Quinta<\/strong><\/span><span class=\"cobalto-calendario-descricao\"><span class=\"cobalto-evento-item-hora\"><\/span>Per\u00edodo de planejamento acad\u00eamico 2022\/1 nos colegiados<\/span><\/div><div class=\"cobalto-calendario-mes\"><strong>Julho \/ 2022<\/strong><\/div><div class=\"cobalto-calendario-linha cobalto-calendario-linha-impar\"><span class=\"cobalto-calendario-tipo\" style=\"background:#4986E7\" title=\"2021 - Calend\u00e1rio Acad\u00eamico - Cursos semestrais\"><\/span><span class=\"cobalto-calendario-dia\"><strong>04 Segunda<\/strong><\/span><span class=\"cobalto-calendario-descricao\"><span class=\"cobalto-evento-item-hora\"><\/span>IN\u00cdCIO: Per\u00edodo de digita\u00e7\u00e3o das ofertas  2022\/1 pelos colegiados<\/span><\/div><div class=\"cobalto-calendario-linha cobalto-calendario-linha-par\"><span class=\"cobalto-calendario-tipo\" style=\"background:#4986E7\" title=\"2021 - Calend\u00e1rio Acad\u00eamico - Cursos semestrais\"><\/span><span class=\"cobalto-calendario-dia\"><strong>08 Sexta<\/strong><\/span><span class=\"cobalto-calendario-descricao\"><span class=\"cobalto-evento-item-hora\"><\/span>FIM: Per\u00edodo de digita\u00e7\u00e3o das ofertas  2022\/1 pelos colegiados<\/span><\/div><div class=\"cobalto-calendario-linha cobalto-calendario-linha-impar\"><span class=\"cobalto-calendario-tipo\" style=\"background:#4986E7\" title=\"2021 - Calend\u00e1rio Acad\u00eamico - Cursos semestrais\"><\/span><span class=\"cobalto-calendario-dia\"><strong>11 Segunda<\/strong><\/span><span class=\"cobalto-calendario-descricao\"><span class=\"cobalto-evento-item-hora\"><\/span>Data limite para solicita\u00e7\u00e3o de salas \u00e0 SACE<\/span><\/div><div class=\"cobalto-calendario-linha cobalto-calendario-linha-impar\"><span class=\"cobalto-calendario-tipo\" style=\"background:#9FC6E7\" title=\"2021 - Calend\u00e1rio Acad\u00eamico - Cursos semestrais\"><\/span><span class=\"cobalto-calendario-dia\"><strong><\/strong><\/span><span class=\"cobalto-calendario-descricao\"><span class=\"cobalto-evento-item-hora\"><\/span>Data limite para discentes solicitarem quebra de pr\u00e9-requisito aos colegiados - 2022\/1<\/span><\/div><div class=\"cobalto-calendario-linha cobalto-calendario-linha-par\"><span class=\"cobalto-calendario-tipo\" style=\"background:#4986E7\" title=\"2021 - Calend\u00e1rio Acad\u00eamico - Cursos semestrais\"><\/span><span class=\"cobalto-calendario-dia\"><strong>13 Quarta<\/strong><\/span><span class=\"cobalto-calendario-descricao\"><span class=\"cobalto-evento-item-hora\"><\/span>Fim do per\u00edodo de acompanhamento\/confirma\u00e7\u00e3o das ofertas 2022\/1 pelos departamentos\/c\u00e2maras de ensino<\/span><\/div><div class=\"cobalto-calendario-linha cobalto-calendario-linha-impar\"><span class=\"cobalto-calendario-tipo\" style=\"background:#4986E7\" title=\"2021 - Calend\u00e1rio Acad\u00eamico - Cursos semestrais\"><\/span><span class=\"cobalto-calendario-dia\"><strong>15 Sexta<\/strong><\/span><span class=\"cobalto-calendario-descricao\"><span class=\"cobalto-evento-item-hora\"><\/span>Data limite para os Colegiados responderem as solicita\u00e7\u00f5es de quebra de pr\u00e9-requisito para 2022\/1<\/span><\/div><div class=\"cobalto-calendario-linha cobalto-calendario-linha-par\"><span class=\"cobalto-calendario-tipo\" style=\"background:#9FC6E7\" title=\"2021 - Calend\u00e1rio Acad\u00eamico - Cursos semestrais\"><\/span><span class=\"cobalto-calendario-dia\"><strong>20 Quarta<\/strong><\/span><span class=\"cobalto-calendario-descricao\"><span class=\"cobalto-evento-item-hora\"><\/span>In\u00edcio do per\u00edodo para os alunos consultarem o processo de matr\u00edcula on-line 2022\/1<\/span><\/div><div class=\"cobalto-calendario-linha cobalto-calendario-linha-par\"><span class=\"cobalto-calendario-tipo\" style=\"background:#9FC6E7\" title=\"2021 - Calend\u00e1rio Acad\u00eamico - Cursos semestrais\"><\/span><span class=\"cobalto-calendario-dia\"><strong><\/strong><\/span><span class=\"cobalto-calendario-descricao\"><span class=\"cobalto-evento-item-hora\"><\/span>data limite para discentes protocolarem recurso  ao COCEPE contra o indeferimento da solicita\u00e7\u00e3o de quebra de pr\u00e9-requisito - Nos colegiados<\/span><\/div><div class=\"cobalto-calendario-linha cobalto-calendario-linha-impar\"><span class=\"cobalto-calendario-tipo\" style=\"background:#9FC6E7\" title=\"2021 - Calend\u00e1rio Acad\u00eamico - Cursos semestrais\"><\/span><span class=\"cobalto-calendario-dia\"><strong>21 Quinta<\/strong><\/span><span class=\"cobalto-calendario-descricao\"><span class=\"cobalto-evento-item-hora\"><\/span>IN\u00cdCIO: Per\u00edodo para solicita\u00e7\u00e3o de corre\u00e7\u00e3o de matr\u00edcula - Cobalto<\/span><\/div><div class=\"cobalto-calendario-linha cobalto-calendario-linha-impar\"><span class=\"cobalto-calendario-tipo\" style=\"background:#9FC6E7\" title=\"2021 - Calend\u00e1rio Acad\u00eamico - Cursos semestrais\"><\/span><span class=\"cobalto-calendario-dia\"><strong><\/strong><\/span><span class=\"cobalto-calendario-descricao\"><span class=\"cobalto-evento-item-hora\"><\/span>Fim do per\u00edodo de avalia\u00e7\u00e3o dos componentes curriculares 2021\/2  (Avalia\u00e7\u00e3o realizada no Cobalto<\/span><\/div><div class=\"cobalto-calendario-linha cobalto-calendario-linha-par\"><span class=\"cobalto-calendario-tipo\" style=\"background:#4986E7\" title=\"2021 - Calend\u00e1rio Acad\u00eamico - Cursos semestrais\"><\/span><span class=\"cobalto-calendario-dia\"><strong>22 Sexta<\/strong><\/span><span class=\"cobalto-calendario-descricao\"><span class=\"cobalto-evento-item-hora\"><\/span>Data limite para confirma\u00e7\u00e3o de salas pela SACE<\/span><\/div><div class=\"cobalto-calendario-linha cobalto-calendario-linha-impar\"><span class=\"cobalto-calendario-tipo\" style=\"background:#9FC6E7\" title=\"2021 - Calend\u00e1rio Acad\u00eamico - Cursos semestrais\"><\/span><span class=\"cobalto-calendario-dia\"><strong>24 Domingo<\/strong><\/span><span class=\"cobalto-calendario-descricao\"><span class=\"cobalto-evento-item-hora\"><\/span>FIM: Per\u00edodo para solicita\u00e7\u00e3o de corre\u00e7\u00e3o de matr\u00edcula - Cobalto<\/span><\/div><div class=\"cobalto-calendario-linha cobalto-calendario-linha-par\"><span class=\"cobalto-calendario-tipo\" style=\"background:#4986E7\" title=\"2021 - Calend\u00e1rio Acad\u00eamico - Cursos semestrais\"><\/span><span class=\"cobalto-calendario-dia\"><strong>25 Segunda<\/strong><\/span><span class=\"cobalto-calendario-descricao\"><span class=\"cobalto-evento-item-hora\"><\/span>IN\u00cdCIO: Per\u00edodo para homologa\u00e7\u00e3o das solicita\u00e7\u00f5es de corre\u00e7\u00e3o de matr\u00edcula 2022\/1<\/span><\/div><div class=\"cobalto-calendario-linha cobalto-calendario-linha-par\"><span class=\"cobalto-calendario-tipo\" style=\"background:#9FC6E7\" title=\"2021 - Calend\u00e1rio Acad\u00eamico - Cursos semestrais\"><\/span><span class=\"cobalto-calendario-dia\"><strong><\/strong><\/span><span class=\"cobalto-calendario-descricao\"><a href=\"https:\/\/wp.ufpel.edu.br\/cra\/trancamentos\/\"><span class=\"cobalto-evento-item-hora\"><\/span>IN\u00cdCIO: Per\u00edodo de solicita\u00e7\u00e3o de trancamento geral de matr\u00edcula para discentes que n\u00e3o solicitaram matr\u00edcula para 2022\/1<\/a><\/span><\/div><div class=\"cobalto-calendario-linha cobalto-calendario-linha-par\"><span class=\"cobalto-calendario-tipo\" style=\"background:#4986E7\" title=\"2021 - Calend\u00e1rio Acad\u00eamico - Cursos semestrais\"><\/span><span class=\"cobalto-calendario-dia\"><strong><\/strong><\/span><span class=\"cobalto-calendario-descricao\"><span class=\"cobalto-evento-item-hora\"><\/span>IN\u00cdCIO: Per\u00edodo para solicita\u00e7\u00e3o de rean\u00e1lise de distribui\u00e7\u00e3o de salas \u00e0 SACE<\/span><\/div><div class=\"cobalto-calendario-linha cobalto-calendario-linha-impar\"><span class=\"cobalto-calendario-tipo\" style=\"background:#4986E7\" title=\"2021 - Calend\u00e1rio Acad\u00eamico - Cursos semestrais\"><\/span><span class=\"cobalto-calendario-dia\"><strong>26 Ter\u00e7a<\/strong><\/span><span class=\"cobalto-calendario-descricao\"><span class=\"cobalto-evento-item-hora\"><\/span>FIM: Per\u00edodo para solicita\u00e7\u00e3o de rean\u00e1lise de distribui\u00e7\u00e3o de salas \u00e0 SACE<\/span><\/div><div class=\"cobalto-calendario-linha cobalto-calendario-linha-par\"><span class=\"cobalto-calendario-tipo\" style=\"background:#4986E7\" title=\"2021 - Calend\u00e1rio Acad\u00eamico - Cursos semestrais\"><\/span><span class=\"cobalto-calendario-dia\"><strong>28 Quinta<\/strong><\/span><span class=\"cobalto-calendario-descricao\"><span class=\"cobalto-evento-item-hora\"><\/span>Data limite para a SACE responder ao pedido de rean\u00e1lise de distribui\u00e7\u00e3o de salas<\/span><\/div><div class=\"cobalto-calendario-linha cobalto-calendario-linha-par\"><span class=\"cobalto-calendario-tipo\" style=\"background:#4986E7\" title=\"2021 - Calend\u00e1rio Acad\u00eamico - Cursos semestrais\"><\/span><span class=\"cobalto-calendario-dia\"><strong><\/strong><\/span><span class=\"cobalto-calendario-descricao\"><span class=\"cobalto-evento-item-hora\"><\/span>FIM: Per\u00edodo para homologa\u00e7\u00e3o das solicita\u00e7\u00f5es de corre\u00e7\u00e3o de matr\u00edcula 2022\/1<\/span><\/div><div class=\"cobalto-calendario-linha cobalto-calendario-linha-impar\"><span class=\"cobalto-calendario-tipo\" style=\"background:#9FC6E7\" title=\"2021 - Calend\u00e1rio Acad\u00eamico - Cursos semestrais\"><\/span><span class=\"cobalto-calendario-dia\"><strong>29 Sexta<\/strong><\/span><span class=\"cobalto-calendario-descricao\"><a href=\"https:\/\/wp.ufpel.edu.br\/cra\/matricula\/\"><span class=\"cobalto-evento-item-hora\"><\/span>IN\u00cdCIO: Solicita\u00e7\u00e3o de matr\u00edcula especial - 2022\/1 - Solicita\u00e7\u00e3o via COBALTO<\/a><\/span><\/div><div class=\"cobalto-calendario-linha cobalto-calendario-linha-impar\"><span class=\"cobalto-calendario-tipo\" style=\"background:#4986E7\" title=\"2021 - Calend\u00e1rio Acad\u00eamico - Cursos semestrais\"><\/span><span class=\"cobalto-calendario-dia\"><strong><\/strong><\/span><span class=\"cobalto-calendario-descricao\"><span class=\"cobalto-evento-item-hora\"><\/span>Fim do per\u00edodo de planejamento acad\u00eamico 2022\/1 pelos colegiados<\/span><\/div><div class=\"cobalto-calendario-linha cobalto-calendario-linha-impar\"><span class=\"cobalto-calendario-tipo\" style=\"background:#9FC6E7\" title=\"2021 - Calend\u00e1rio Acad\u00eamico - Cursos semestrais\"><\/span><span class=\"cobalto-calendario-dia\"><strong><\/strong><\/span><span class=\"cobalto-calendario-descricao\"><a href=\"https:\/\/wp.ufpel.edu.br\/cra\/trancamentos\/\"><span class=\"cobalto-evento-item-hora\"><\/span>FIM: Per\u00edodo de solicita\u00e7\u00e3o de trancamento geral de matr\u00edcula para discentes que n\u00e3o solicitaram matr\u00edcula para 2022\/1<\/a><\/span><\/div><div class=\"cobalto-calendario-linha cobalto-calendario-linha-par\"><span class=\"cobalto-calendario-tipo\" style=\"background:#9FC6E7\" title=\"2021 - Calend\u00e1rio Acad\u00eamico - Cursos semestrais\"><\/span><span class=\"cobalto-calendario-dia\"><strong>31 Domingo<\/strong><\/span><span class=\"cobalto-calendario-descricao\"><a href=\"https:\/\/wp.ufpel.edu.br\/cra\/matricula\/\"><span class=\"cobalto-evento-item-hora\"><\/span>FIM: Solicita\u00e7\u00e3o de matr\u00edcula especial - 2022\/1 - Solicita\u00e7\u00e3o via COBALTO<\/a><\/span><\/div><div class=\"cobalto-calendario-mes\"><strong>Agosto \/ 2022<\/strong><\/div><div class=\"cobalto-calendario-linha cobalto-calendario-linha-impar\"><span class=\"cobalto-calendario-tipo\" style=\"background:#4986E7\" title=\"2021 - Calend\u00e1rio Acad\u00eamico - Cursos semestrais\"><\/span><span class=\"cobalto-calendario-dia\"><strong>12 Sexta<\/strong><\/span><span class=\"cobalto-calendario-descricao\"><a href=\"https:\/\/wp.ufpel.edu.br\/cra\/atividades-isoladas\/\"><span class=\"cobalto-evento-item-hora\"><\/span>Data limite para os colegiados devolveram as solicita\u00e7\u00f5es de regime especial 2022\/1<\/a><\/span><\/div><div class=\"cobalto-calendario-linha cobalto-calendario-linha-par\"><span class=\"cobalto-calendario-tipo\" style=\"background:#4986E7\" title=\"2021 - Calend\u00e1rio Acad\u00eamico - Cursos semestrais\"><\/span><span class=\"cobalto-calendario-dia\"><strong>17 Quarta<\/strong><\/span><span class=\"cobalto-calendario-descricao\"><span class=\"cobalto-evento-item-hora\"><\/span>Data limite para ingresso de discentes - 2022\/1<\/span><\/div><div class=\"cobalto-calendario-legenda\"><div class=\"cobalto-calendario-legenda-item\"><span class=\"cobalto-calendario-tipo\" style=\"background:#F83A22\"><\/span> 2021  - Feriados e pontos facultativos<\/div><div class=\"cobalto-calendario-legenda-item\"><span class=\"cobalto-calendario-tipo\" style=\"background:#4986E7\"><\/span> 2021 - Calend\u00e1rio Acad\u00eamico - 2021 (2020\/2 e 2021\/1) <\/div><div class=\"cobalto-calendario-legenda-item\"><span class=\"cobalto-calendario-tipo\" style=\"background:#4986E7\"><\/span> 2021 - Calend\u00e1rio Acad\u00eamico - Alunos<\/div><div class=\"cobalto-calendario-legenda-item\"><span class=\"cobalto-calendario-tipo\" style=\"background:#FF7537\"><\/span> 2021 - Editais, eventos e recesso<\/div><div class=\"cobalto-calendario-legenda-item\"><span class=\"cobalto-calendario-tipo\" style=\"background:#4986E7\"><\/span> 2021 - Calend\u00e1rio Acad\u00eamico - Cursos semestrais<\/div><div class=\"cobalto-calendario-legenda-item\"><span class=\"cobalto-calendario-tipo\" style=\"background:#9FC6E7\"><\/span> 2021 - Calend\u00e1rio Acad\u00eamico - Cursos semestrais<\/div><\/div><\/div> <!-- .dados-cobalto -->\n","protected":false},"excerpt":{"rendered":"","protected":false},"author":20,"featured_media":0,"parent":428,"menu_order":0,"comment_status":"closed","ping_status":"closed","template":"page-sem-sidebar.php","meta":{"advanced_seo_description":"","jetpack_seo_html_title":"","jetpack_seo_noindex":false,"jetpack_post_was_ever_published":false,"footnotes":""},"class_list":["post-3597","page","type-page","status-publish","hentry"],"jetpack_sharing_enabled":true,"jetpack_shortlink":"https:\/\/wp.me\/P70cyI-W1","jetpack-related-posts":[],"_links":{"self":[{"href":"https:\/\/wp.ufpel.edu.br\/cra\/wp-json\/wp\/v2\/pages\/3597","targetHints":{"allow":["GET"]}}],"collection":[{"href":"https:\/\/wp.ufpel.edu.br\/cra\/wp-json\/wp\/v2\/pages"}],"about":[{"href":"https:\/\/wp.ufpel.edu.br\/cra\/wp-json\/wp\/v2\/types\/page"}],"author":[{"embeddable":true,"href":"https:\/\/wp.ufpel.edu.br\/cra\/wp-json\/wp\/v2\/users\/20"}],"replies":[{"embeddable":true,"href":"https:\/\/wp.ufpel.edu.br\/cra\/wp-json\/wp\/v2\/comments?post=3597"}],"version-history":[{"count":5,"href":"https:\/\/wp.ufpel.edu.br\/cra\/wp-json\/wp\/v2\/pages\/3597\/revisions"}],"predecessor-version":[{"id":7973,"href":"https:\/\/wp.ufpel.edu.br\/cra\/wp-json\/wp\/v2\/pages\/3597\/revisions\/7973"}],"up":[{"embeddable":true,"href":"https:\/\/wp.ufpel.edu.br\/cra\/wp-json\/wp\/v2\/pages\/428"}],"wp:attachment":[{"href":"https:\/\/wp.ufpel.edu.br\/cra\/wp-json\/wp\/v2\/media?parent=3597"}],"curies":[{"name":"wp","href":"https:\/\/api.w.org\/{rel}","templated":true}]}}