{"id":3092,"date":"2019-11-19T16:53:08","date_gmt":"2019-11-19T19:53:08","guid":{"rendered":"https:\/\/wp.ufpel.edu.br\/cra\/?page_id=3092"},"modified":"2022-11-16T07:46:51","modified_gmt":"2022-11-16T10:46:51","slug":"calendario-academico-2019","status":"publish","type":"page","link":"https:\/\/wp.ufpel.edu.br\/cra\/calendarios-academicos\/calendario-academico-2019\/","title":{"rendered":"Calend\u00e1rio Acad\u00eamico 2019"},"content":{"rendered":"<div class=\"dados-cobalto cobalto-calendario cobalto-calendario-zebrado\"><div class=\"cobalto-calendario-legenda\"><div class=\"cobalto-calendario-legenda-item\"><span class=\"cobalto-calendario-tipo\" style=\"background:#4986E7\"><\/span> 2019 - Feriados e Pontos Facultativos<\/div><div class=\"cobalto-calendario-legenda-item\"><span class=\"cobalto-calendario-tipo\" style=\"background:#9FC6E7\"><\/span> 2019 - Calend\u00e1rio Acad\u00eamico - Odontologia<\/div><div class=\"cobalto-calendario-legenda-item\"><span class=\"cobalto-calendario-tipo\" style=\"background:#FF7537\"><\/span> 2019 - Editais, Eventos e Recesso<\/div><div class=\"cobalto-calendario-legenda-item\"><span class=\"cobalto-calendario-tipo\" style=\"background:#16A765\"><\/span> 2019 - Calend\u00e1rio Acad\u00eamico<\/div><\/div><div class=\"cobalto-calendario-mes\"><strong>Janeiro \/ 2019<\/strong><\/div><div class=\"cobalto-calendario-linha cobalto-calendario-linha-impar\"><span class=\"cobalto-calendario-tipo\" style=\"background:#4986E7\" title=\"2019 - Feriados e Pontos Facultativos\"><\/span><span class=\"cobalto-calendario-dia\"><strong>01 Ter\u00e7a<\/strong><\/span><span class=\"cobalto-calendario-descricao\"><span class=\"cobalto-evento-item-hora\"><\/span>Feriado: Confraterniza\u00e7\u00e3o Universal<\/span><\/div><div class=\"cobalto-calendario-linha cobalto-calendario-linha-par\"><span class=\"cobalto-calendario-tipo\" style=\"background:#9FC6E7\" title=\"2019 - Calend\u00e1rio Acad\u00eamico - Odontologia\"><\/span><span class=\"cobalto-calendario-dia\"><strong>03 Quinta<\/strong><\/span><span class=\"cobalto-calendario-descricao\"><span class=\"cobalto-evento-item-hora\"><\/span>IN\u00cdCIO: Prazo final para alunos regularmente matriculados solicitarem trancamento geral de matr\u00edcula na CRA<\/span><\/div><div class=\"cobalto-calendario-linha cobalto-calendario-linha-impar\"><span class=\"cobalto-calendario-tipo\" style=\"background:#FF7537\" title=\"2019 - Editais, Eventos e Recesso\"><\/span><span class=\"cobalto-calendario-dia\"><strong>05 S\u00e1bado<\/strong><\/span><span class=\"cobalto-calendario-descricao\"><span class=\"cobalto-evento-item-hora\"><\/span>Fim do Per\u00edodo de Recesso<\/span><\/div><div class=\"cobalto-calendario-mes\"><strong>Fevereiro \/ 2019<\/strong><\/div><div class=\"cobalto-calendario-linha cobalto-calendario-linha-par\"><span class=\"cobalto-calendario-tipo\" style=\"background:#4986E7\" title=\"2019 - Feriados e Pontos Facultativos\"><\/span><span class=\"cobalto-calendario-dia\"><strong>02 S\u00e1bado<\/strong><\/span><span class=\"cobalto-calendario-descricao\"><span class=\"cobalto-evento-item-hora\"><\/span>Feriado: Nossa Senhora dos Navegantes<\/span><\/div><div class=\"cobalto-calendario-linha cobalto-calendario-linha-impar\"><span class=\"cobalto-calendario-tipo\" style=\"background:#16A765\" title=\"2019 - Calend\u00e1rio Acad\u00eamico\"><\/span><span class=\"cobalto-calendario-dia\"><strong>06 Quarta<\/strong><\/span><span class=\"cobalto-calendario-descricao\"><span class=\"cobalto-evento-item-hora\"><\/span>In\u00edcio do Per\u00edodo para digita\u00e7\u00e3o de ofertas 2019\/1 pelos colegiados<\/span><\/div><div class=\"cobalto-calendario-linha cobalto-calendario-linha-par\"><span class=\"cobalto-calendario-tipo\" style=\"background:#FF7537\" title=\"2019 - Editais, Eventos e Recesso\"><\/span><span class=\"cobalto-calendario-dia\"><strong>10 Domingo<\/strong><\/span><span class=\"cobalto-calendario-descricao\"><span class=\"cobalto-evento-item-hora\"><\/span>Publica\u00e7\u00e3o do Edital de Regime Especial (Atividades Isoladas) para 2019\/1<\/span><\/div><div class=\"cobalto-calendario-linha cobalto-calendario-linha-impar\"><span class=\"cobalto-calendario-tipo\" style=\"background:#16A765\" title=\"2019 - Calend\u00e1rio Acad\u00eamico\"><\/span><span class=\"cobalto-calendario-dia\"><strong>15 Sexta<\/strong><\/span><span class=\"cobalto-calendario-descricao\"><span class=\"cobalto-evento-item-hora\"><\/span>Fim do per\u00edodo para digita\u00e7\u00e3o de ofertas 2019\/1 pelos colegiados<\/span><\/div><div class=\"cobalto-calendario-linha cobalto-calendario-linha-par\"><span class=\"cobalto-calendario-tipo\" style=\"background:#16A765\" title=\"2019 - Calend\u00e1rio Acad\u00eamico\"><\/span><span class=\"cobalto-calendario-dia\"><strong>19 Ter\u00e7a<\/strong><\/span><span class=\"cobalto-calendario-descricao\"><span class=\"cobalto-evento-item-hora\"><\/span>Data limite para os Deptos.\/C\u00e2maras de Ensino confirmarem as ofertas 2019\/1<\/span><\/div><div class=\"cobalto-calendario-linha cobalto-calendario-linha-impar\"><span class=\"cobalto-calendario-tipo\" style=\"background:#16A765\" title=\"2019 - Calend\u00e1rio Acad\u00eamico\"><\/span><span class=\"cobalto-calendario-dia\"><strong>22 Sexta<\/strong><\/span><span class=\"cobalto-calendario-descricao\"><span class=\"cobalto-evento-item-hora\"><\/span>In\u00edcio do per\u00edodo de solicita\u00e7\u00e3o de matr\u00edcula on-line 2019\/1<\/span><\/div><div class=\"cobalto-calendario-linha cobalto-calendario-linha-par\"><span class=\"cobalto-calendario-tipo\" style=\"background:#16A765\" title=\"2019 - Calend\u00e1rio Acad\u00eamico\"><\/span><span class=\"cobalto-calendario-dia\"><strong>25 Segunda<\/strong><\/span><span class=\"cobalto-calendario-descricao\"><span class=\"cobalto-evento-item-hora\"><\/span>In\u00edcio do per\u00edodo de inscri\u00e7\u00f5es para Regime Especial (Atividades Isoladas) 2019\/1<\/span><\/div><div class=\"cobalto-calendario-linha cobalto-calendario-linha-par\"><span class=\"cobalto-calendario-tipo\" style=\"background:#16A765\" title=\"2019 - Calend\u00e1rio Acad\u00eamico\"><\/span><span class=\"cobalto-calendario-dia\"><strong><\/strong><\/span><span class=\"cobalto-calendario-descricao\"><span class=\"cobalto-evento-item-hora\"><\/span>In\u00edcio do per\u00edodo de planejamento acad\u00eamico do primeiro semestre\/ano letivo nos colegiados<\/span><\/div><div class=\"cobalto-calendario-linha cobalto-calendario-linha-impar\"><span class=\"cobalto-calendario-tipo\" style=\"background:#16A765\" title=\"2019 - Calend\u00e1rio Acad\u00eamico\"><\/span><span class=\"cobalto-calendario-dia\"><strong>26 Ter\u00e7a<\/strong><\/span><span class=\"cobalto-calendario-descricao\"><span class=\"cobalto-evento-item-hora\"><\/span>Fim do per\u00edodo de inscri\u00e7\u00f5es para Regime Especial (Atividades Isoladas) 2019\/1<\/span><\/div><div class=\"cobalto-calendario-linha cobalto-calendario-linha-par\"><span class=\"cobalto-calendario-tipo\" style=\"background:#16A765\" title=\"2019 - Calend\u00e1rio Acad\u00eamico\"><\/span><span class=\"cobalto-calendario-dia\"><strong>27 Quarta<\/strong><\/span><span class=\"cobalto-calendario-descricao\"><span class=\"cobalto-evento-item-hora\"><\/span>Fim do per\u00edodo de solicita\u00e7\u00e3o de matr\u00edcula on-line 2019\/1<\/span><\/div><div class=\"cobalto-calendario-linha cobalto-calendario-linha-impar\"><span class=\"cobalto-calendario-tipo\" style=\"background:#16A765\" title=\"2019 - Calend\u00e1rio Acad\u00eamico\"><\/span><span class=\"cobalto-calendario-dia\"><strong>28 Quinta<\/strong><\/span><span class=\"cobalto-calendario-descricao\"><span class=\"cobalto-evento-item-hora\"><\/span>Processamento das solicita\u00e7\u00f5es de matr\u00edcula on-line 2019\/1<\/span><\/div><div class=\"cobalto-calendario-mes\"><strong>Mar\u00e7o \/ 2019<\/strong><\/div><div class=\"cobalto-calendario-linha cobalto-calendario-linha-par\"><span class=\"cobalto-calendario-tipo\" style=\"background:#16A765\" title=\"2019 - Calend\u00e1rio Acad\u00eamico\"><\/span><span class=\"cobalto-calendario-dia\"><strong>01 Sexta<\/strong><\/span><span class=\"cobalto-calendario-descricao\"><span class=\"cobalto-evento-item-hora\"><\/span>In\u00edcio do per\u00edodo para os alunos consultarem a matr\u00edcula on-line 2019\/1<\/span><\/div><div class=\"cobalto-calendario-linha cobalto-calendario-linha-impar\"><span class=\"cobalto-calendario-tipo\" style=\"background:#4986E7\" title=\"2019 - Feriados e Pontos Facultativos\"><\/span><span class=\"cobalto-calendario-dia\"><strong>04 Segunda<\/strong><\/span><span class=\"cobalto-calendario-descricao\"><span class=\"cobalto-evento-item-hora\"><\/span>Ponto Facultativo<\/span><\/div><div class=\"cobalto-calendario-linha cobalto-calendario-linha-par\"><span class=\"cobalto-calendario-tipo\" style=\"background:#4986E7\" title=\"2019 - Feriados e Pontos Facultativos\"><\/span><span class=\"cobalto-calendario-dia\"><strong>05 Ter\u00e7a<\/strong><\/span><span class=\"cobalto-calendario-descricao\"><span class=\"cobalto-evento-item-hora\"><\/span>Ponto Facultativo - Carnaval<\/span><\/div><div class=\"cobalto-calendario-linha cobalto-calendario-linha-impar\"><span class=\"cobalto-calendario-tipo\" style=\"background:#FF7537\" title=\"2019 - Editais, Eventos e Recesso\"><\/span><span class=\"cobalto-calendario-dia\"><strong>06 Quarta<\/strong><\/span><span class=\"cobalto-calendario-descricao\"><span class=\"cobalto-evento-item-hora\"><\/span>In\u00edcio do per\u00edodo de matr\u00edculas 2019\/1 para ingressantes por Transfer\u00eancia, Reop\u00e7\u00e3o, Reingresso e Portador de T\u00edtulo nos Colegiados (alunos que realizaram cadastro na CRA)<\/span><\/div><div class=\"cobalto-calendario-linha cobalto-calendario-linha-impar\"><span class=\"cobalto-calendario-tipo\" style=\"background:#16A765\" title=\"2019 - Calend\u00e1rio Acad\u00eamico\"><\/span><span class=\"cobalto-calendario-dia\"><strong><\/strong><\/span><span class=\"cobalto-calendario-descricao\"><span class=\"cobalto-evento-item-hora\"><\/span>In\u00edcio do per\u00edodo de solicita\u00e7\u00e3o de trancamento geral de matr\u00edcula para os alunos que n\u00e3o solicitaram matr\u00edcula para 2019\/1 na CRA.<\/span><\/div><div class=\"cobalto-calendario-linha cobalto-calendario-linha-impar\"><span class=\"cobalto-calendario-tipo\" style=\"background:#16A765\" title=\"2019 - Calend\u00e1rio Acad\u00eamico\"><\/span><span class=\"cobalto-calendario-dia\"><strong><\/strong><\/span><span class=\"cobalto-calendario-descricao\"><span class=\"cobalto-evento-item-hora\"><\/span>In\u00edcio do per\u00edodo para corre\u00e7\u00e3o de matr\u00edcula 2019\/1 nos colegiados<\/span><\/div><div class=\"cobalto-calendario-linha cobalto-calendario-linha-par\"><span class=\"cobalto-calendario-tipo\" style=\"background:#16A765\" title=\"2019 - Calend\u00e1rio Acad\u00eamico\"><\/span><span class=\"cobalto-calendario-dia\"><strong>08 Sexta<\/strong><\/span><span class=\"cobalto-calendario-descricao\"><span class=\"cobalto-evento-item-hora\"><\/span>Fim do per\u00edodo de planejamento acad\u00eamico do primeiro semestre\/ano letivo nos colegiados<\/span><\/div><div class=\"cobalto-calendario-linha cobalto-calendario-linha-impar\"><span class=\"cobalto-calendario-tipo\" style=\"background:#9FC6E7\" title=\"2019 - Calend\u00e1rio Acad\u00eamico - Odontologia\"><\/span><span class=\"cobalto-calendario-dia\"><strong>11 Segunda<\/strong><\/span><span class=\"cobalto-calendario-descricao\"><span class=\"cobalto-evento-item-hora\"><\/span>In\u00edcio do per\u00edodo de solicita\u00e7\u00e3o de trancamento de disciplina 2019\/1<\/span><\/div><div class=\"cobalto-calendario-linha cobalto-calendario-linha-impar\"><span class=\"cobalto-calendario-tipo\" style=\"background:#FF7537\" title=\"2019 - Editais, Eventos e Recesso\"><\/span><span class=\"cobalto-calendario-dia\"><strong><\/strong><\/span><span class=\"cobalto-calendario-descricao\"><span class=\"cobalto-evento-item-hora\"><\/span>Recep\u00e7\u00e3o dos discentes ingressantes em 2019\/1 pelos colegiados de curso<\/span><\/div><div class=\"cobalto-calendario-linha cobalto-calendario-linha-impar\"><span class=\"cobalto-calendario-tipo\" style=\"background:#16A765\" title=\"2019 - Calend\u00e1rio Acad\u00eamico\"><\/span><span class=\"cobalto-calendario-dia\"><strong><\/strong><\/span><span class=\"cobalto-calendario-descricao\"><span class=\"cobalto-evento-item-hora\"><\/span>In\u00edcio do semestre letivo de 2019\/1<\/span><\/div><div class=\"cobalto-calendario-linha cobalto-calendario-linha-impar\"><span class=\"cobalto-calendario-tipo\" style=\"background:#FF7537\" title=\"2019 - Editais, Eventos e Recesso\"><\/span><span class=\"cobalto-calendario-dia\"><strong><\/strong><\/span><span class=\"cobalto-calendario-descricao\"><span class=\"cobalto-evento-item-hora\"><\/span>Suspens\u00e3o da corre\u00e7\u00e3o de matr\u00edcula para a realiza\u00e7\u00e3o da recep\u00e7\u00e3o aos ingressantes 2019\/1 pelos colegiados<\/span><\/div><div class=\"cobalto-calendario-linha cobalto-calendario-linha-par\"><span class=\"cobalto-calendario-tipo\" style=\"background:#16A765\" title=\"2019 - Calend\u00e1rio Acad\u00eamico\"><\/span><span class=\"cobalto-calendario-dia\"><strong>13 Quarta<\/strong><\/span><span class=\"cobalto-calendario-descricao\"><span class=\"cobalto-evento-item-hora\"><\/span>Fim do per\u00edodo de solicita\u00e7\u00e3o de trancamento geral de matr\u00edcula para os alunos que n\u00e3o solicitaram matr\u00edcula para 2019\/1<\/span><\/div><div class=\"cobalto-calendario-linha cobalto-calendario-linha-par\"><span class=\"cobalto-calendario-tipo\" style=\"background:#16A765\" title=\"2019 - Calend\u00e1rio Acad\u00eamico\"><\/span><span class=\"cobalto-calendario-dia\"><strong><\/strong><\/span><span class=\"cobalto-calendario-descricao\"><span class=\"cobalto-evento-item-hora\"><\/span>Fim do per\u00edodo de corre\u00e7\u00e3o de matr\u00edcula 2019\/1<\/span><\/div><div class=\"cobalto-calendario-linha cobalto-calendario-linha-par\"><span class=\"cobalto-calendario-tipo\" style=\"background:#16A765\" title=\"2019 - Calend\u00e1rio Acad\u00eamico\"><\/span><span class=\"cobalto-calendario-dia\"><strong><\/strong><\/span><span class=\"cobalto-calendario-descricao\"><span class=\"cobalto-evento-item-hora\"><\/span>Fim do per\u00edodo de matr\u00edculas 2019\/1 para ingressantes por Transfer\u00eancia, Reop\u00e7\u00e3o, Reingresso e Portador de T\u00edtulo nos Colegiados (alunos que realizaram cadastro na CRA)<\/span><\/div><div class=\"cobalto-calendario-linha cobalto-calendario-linha-impar\"><span class=\"cobalto-calendario-tipo\" style=\"background:#16A765\" title=\"2019 - Calend\u00e1rio Acad\u00eamico\"><\/span><span class=\"cobalto-calendario-dia\"><strong>14 Quinta<\/strong><\/span><span class=\"cobalto-calendario-descricao\"><span class=\"cobalto-evento-item-hora\"><\/span>In\u00edcio do per\u00edodo de matr\u00edcula especial 2019\/1<\/span><\/div><div class=\"cobalto-calendario-linha cobalto-calendario-linha-par\"><span class=\"cobalto-calendario-tipo\" style=\"background:#16A765\" title=\"2019 - Calend\u00e1rio Acad\u00eamico\"><\/span><span class=\"cobalto-calendario-dia\"><strong>15 Sexta<\/strong><\/span><span class=\"cobalto-calendario-descricao\"><span class=\"cobalto-evento-item-hora\"><\/span>Fim do per\u00edodo de matr\u00edcula especial 2019\/1<\/span><\/div><div class=\"cobalto-calendario-linha cobalto-calendario-linha-impar\"><span class=\"cobalto-calendario-tipo\" style=\"background:#16A765\" title=\"2019 - Calend\u00e1rio Acad\u00eamico\"><\/span><span class=\"cobalto-calendario-dia\"><strong>18 Segunda<\/strong><\/span><span class=\"cobalto-calendario-descricao\"><span class=\"cobalto-evento-item-hora\"><\/span>Data para devolu\u00e7\u00e3o dos processos de solicita\u00e7\u00e3o de Regime Especial (Atividades Isoladas) 2019\/1 \u00e0 CRA<\/span><\/div><div class=\"cobalto-calendario-linha cobalto-calendario-linha-impar\"><span class=\"cobalto-calendario-tipo\" style=\"background:#16A765\" title=\"2019 - Calend\u00e1rio Acad\u00eamico\"><\/span><span class=\"cobalto-calendario-dia\"><strong><\/strong><\/span><span class=\"cobalto-calendario-descricao\"><span class=\"cobalto-evento-item-hora\"><\/span>In\u00edcio do prazo para confirma\u00e7\u00e3o de matr\u00edcula dos alunos ingressantes 2019\/1 (SISU e PAVE) nos colegiados<\/span><\/div><div class=\"cobalto-calendario-linha cobalto-calendario-linha-par\"><span class=\"cobalto-calendario-tipo\" style=\"background:#16A765\" title=\"2019 - Calend\u00e1rio Acad\u00eamico\"><\/span><span class=\"cobalto-calendario-dia\"><strong>19 Ter\u00e7a<\/strong><\/span><span class=\"cobalto-calendario-descricao\"><span class=\"cobalto-evento-item-hora\"><\/span>T\u00e9rmino do prazo para confirma\u00e7\u00e3o de matr\u00edcula dos alunos ingressantes 2019\/1 (SISU e PAVE) nos colegiados<\/span><\/div><div class=\"cobalto-calendario-linha cobalto-calendario-linha-impar\"><span class=\"cobalto-calendario-tipo\" style=\"background:#16A765\" title=\"2019 - Calend\u00e1rio Acad\u00eamico\"><\/span><span class=\"cobalto-calendario-dia\"><strong>20 Quarta<\/strong><\/span><span class=\"cobalto-calendario-descricao\"><span class=\"cobalto-evento-item-hora\"><\/span>Data para envio das atas de confirma\u00e7\u00e3o de matr\u00edculas dos ingressantes 2019\/1 (SISU e PAVE) \u00e0 CRA<\/span><\/div><div class=\"cobalto-calendario-linha cobalto-calendario-linha-par\"><span class=\"cobalto-calendario-tipo\" style=\"background:#16A765\" title=\"2019 - Calend\u00e1rio Acad\u00eamico\"><\/span><span class=\"cobalto-calendario-dia\"><strong>27 Quarta<\/strong><\/span><span class=\"cobalto-calendario-descricao\"><span class=\"cobalto-evento-item-hora\"><\/span>Data limite para ingresso de discentes em 2019\/1<\/span><\/div><div class=\"cobalto-calendario-mes\"><strong>Abril \/ 2019<\/strong><\/div><div class=\"cobalto-calendario-linha cobalto-calendario-linha-impar\"><span class=\"cobalto-calendario-tipo\" style=\"background:#16A765\" title=\"2019 - Calend\u00e1rio Acad\u00eamico\"><\/span><span class=\"cobalto-calendario-dia\"><strong>04 Quinta<\/strong><\/span><span class=\"cobalto-calendario-descricao\"><span class=\"cobalto-evento-item-hora\"><\/span>In\u00edcio do per\u00edodo para entrega na CRA da declara\u00e7\u00e3o de abandonos 2019\/1<\/span><\/div><div class=\"cobalto-calendario-linha cobalto-calendario-linha-par\"><span class=\"cobalto-calendario-tipo\" style=\"background:#16A765\" title=\"2019 - Calend\u00e1rio Acad\u00eamico\"><\/span><span class=\"cobalto-calendario-dia\"><strong>05 Sexta<\/strong><\/span><span class=\"cobalto-calendario-descricao\"><span class=\"cobalto-evento-item-hora\"><\/span>Fim do per\u00edodo para entrega na CRA da declara\u00e7\u00e3o de abandonos 2019\/1<\/span><\/div><div class=\"cobalto-calendario-linha cobalto-calendario-linha-impar\"><span class=\"cobalto-calendario-tipo\" style=\"background:#16A765\" title=\"2019 - Calend\u00e1rio Acad\u00eamico\"><\/span><span class=\"cobalto-calendario-dia\"><strong>08 Segunda<\/strong><\/span><span class=\"cobalto-calendario-descricao\"><span class=\"cobalto-evento-item-hora\"><\/span>In\u00edcio do per\u00edodo de trancamento de componentes curriculares (disciplinas) 2019\/1 nos colegiados de cursos<\/span><\/div><div class=\"cobalto-calendario-linha cobalto-calendario-linha-par\"><span class=\"cobalto-calendario-tipo\" style=\"background:#16A765\" title=\"2019 - Calend\u00e1rio Acad\u00eamico\"><\/span><span class=\"cobalto-calendario-dia\"><strong>12 Sexta<\/strong><\/span><span class=\"cobalto-calendario-descricao\"><span class=\"cobalto-evento-item-hora\"><\/span>Fim do per\u00edodo de trancamento de componentes curriculares (disciplinas) 2019\/1 nos colegiados de cursos<\/span><\/div><div class=\"cobalto-calendario-linha cobalto-calendario-linha-impar\"><span class=\"cobalto-calendario-tipo\" style=\"background:#FF7537\" title=\"2019 - Editais, Eventos e Recesso\"><\/span><span class=\"cobalto-calendario-dia\"><strong>14 Domingo<\/strong><\/span><span class=\"cobalto-calendario-descricao\"><span class=\"cobalto-evento-item-hora\"><\/span>Publica\u00e7\u00e3o do Edital de Transfer\u00eancia, Reop\u00e7\u00e3o, Reingresso e Portador de T\u00edtulo para ingresso em 2019\/2<\/span><\/div><div class=\"cobalto-calendario-linha cobalto-calendario-linha-par\"><span class=\"cobalto-calendario-tipo\" style=\"background:#9FC6E7\" title=\"2019 - Calend\u00e1rio Acad\u00eamico - Odontologia\"><\/span><span class=\"cobalto-calendario-dia\"><strong>15 Segunda<\/strong><\/span><span class=\"cobalto-calendario-descricao\"><span class=\"cobalto-evento-item-hora\"><\/span>IN\u00cdCIO: Corre\u00e7\u00e3o de Matr\u00edcula (Odontologia)<\/span><\/div><div class=\"cobalto-calendario-linha cobalto-calendario-linha-impar\"><span class=\"cobalto-calendario-tipo\" style=\"background:#9FC6E7\" title=\"2019 - Calend\u00e1rio Acad\u00eamico - Odontologia\"><\/span><span class=\"cobalto-calendario-dia\"><strong>18 Quinta<\/strong><\/span><span class=\"cobalto-calendario-descricao\"><span class=\"cobalto-evento-item-hora\"><\/span>FIM: Corre\u00e7\u00e3o de Matr\u00edcula (Odontologia)<\/span><\/div><div class=\"cobalto-calendario-linha cobalto-calendario-linha-par\"><span class=\"cobalto-calendario-tipo\" style=\"background:#4986E7\" title=\"2019 - Feriados e Pontos Facultativos\"><\/span><span class=\"cobalto-calendario-dia\"><strong>19 Sexta<\/strong><\/span><span class=\"cobalto-calendario-descricao\"><span class=\"cobalto-evento-item-hora\"><\/span>Feriado: Sexta Feira Santa<\/span><\/div><div class=\"cobalto-calendario-linha cobalto-calendario-linha-impar\"><span class=\"cobalto-calendario-tipo\" style=\"background:#4986E7\" title=\"2019 - Feriados e Pontos Facultativos\"><\/span><span class=\"cobalto-calendario-dia\"><strong>20 S\u00e1bado<\/strong><\/span><span class=\"cobalto-calendario-descricao\"><span class=\"cobalto-evento-item-hora\"><\/span>Ponto Facultativo<\/span><\/div><div class=\"cobalto-calendario-linha cobalto-calendario-linha-par\"><span class=\"cobalto-calendario-tipo\" style=\"background:#4986E7\" title=\"2019 - Feriados e Pontos Facultativos\"><\/span><span class=\"cobalto-calendario-dia\"><strong>21 Domingo<\/strong><\/span><span class=\"cobalto-calendario-descricao\"><span class=\"cobalto-evento-item-hora\"><\/span>Feriado: P\u00e1scoa e Tiradentes<\/span><\/div><div class=\"cobalto-calendario-linha cobalto-calendario-linha-impar\"><span class=\"cobalto-calendario-tipo\" style=\"background:#16A765\" title=\"2019 - Calend\u00e1rio Acad\u00eamico\"><\/span><span class=\"cobalto-calendario-dia\"><strong>22 Segunda<\/strong><\/span><span class=\"cobalto-calendario-descricao\"><span class=\"cobalto-evento-item-hora\"><\/span>In\u00edcio do per\u00edodo de solicita\u00e7\u00e3o de Aproveitamento de Disciplinas 2019\/1 nos colegiados de curso<\/span><\/div><div class=\"cobalto-calendario-linha cobalto-calendario-linha-par\"><span class=\"cobalto-calendario-tipo\" style=\"background:#16A765\" title=\"2019 - Calend\u00e1rio Acad\u00eamico\"><\/span><span class=\"cobalto-calendario-dia\"><strong>26 Sexta<\/strong><\/span><span class=\"cobalto-calendario-descricao\"><span class=\"cobalto-evento-item-hora\"><\/span>Fim do per\u00edodo de solicita\u00e7\u00e3o de Aproveitamento de Disciplinas 2019\/1 nos colegiados de curso<\/span><\/div><div class=\"cobalto-calendario-linha cobalto-calendario-linha-impar\"><span class=\"cobalto-calendario-tipo\" style=\"background:#16A765\" title=\"2019 - Calend\u00e1rio Acad\u00eamico\"><\/span><span class=\"cobalto-calendario-dia\"><strong>30 Ter\u00e7a<\/strong><\/span><span class=\"cobalto-calendario-descricao\"><span class=\"cobalto-evento-item-hora\"><\/span>Fim do per\u00edodo para inscri\u00e7\u00e3o no programa de mobilidade acad\u00eamica nacional 2019\/2 (CEC - PRE)<\/span><\/div><div class=\"cobalto-calendario-mes\"><strong>Maio \/ 2019<\/strong><\/div><div class=\"cobalto-calendario-linha cobalto-calendario-linha-par\"><span class=\"cobalto-calendario-tipo\" style=\"background:#4986E7\" title=\"2019 - Feriados e Pontos Facultativos\"><\/span><span class=\"cobalto-calendario-dia\"><strong>01 Quarta<\/strong><\/span><span class=\"cobalto-calendario-descricao\"><span class=\"cobalto-evento-item-hora\"><\/span>Feriado: Dia do Trabalhador<\/span><\/div><div class=\"cobalto-calendario-linha cobalto-calendario-linha-impar\"><span class=\"cobalto-calendario-tipo\" style=\"background:#16A765\" title=\"2019 - Calend\u00e1rio Acad\u00eamico\"><\/span><span class=\"cobalto-calendario-dia\"><strong>03 Sexta<\/strong><\/span><span class=\"cobalto-calendario-descricao\"><span class=\"cobalto-evento-item-hora\"><\/span>Data limite para os Colegiados solicitarem ofertas aos Deptos\/C\u00e2maras de Ensino 2019\/2<\/span><\/div><div class=\"cobalto-calendario-linha cobalto-calendario-linha-par\"><span class=\"cobalto-calendario-tipo\" style=\"background:#16A765\" title=\"2019 - Calend\u00e1rio Acad\u00eamico\"><\/span><span class=\"cobalto-calendario-dia\"><strong>06 Segunda<\/strong><\/span><span class=\"cobalto-calendario-descricao\"><span class=\"cobalto-evento-item-hora\"><\/span>IN\u00cdCIO: Per\u00edodo de inscri\u00e7\u00e3o para Transfer\u00eancia, Reop\u00e7\u00e3o, Reingresso e Portador de Diploma 2019\/2<\/span><\/div><div class=\"cobalto-calendario-linha cobalto-calendario-linha-impar\"><span class=\"cobalto-calendario-tipo\" style=\"background:#16A765\" title=\"2019 - Calend\u00e1rio Acad\u00eamico\"><\/span><span class=\"cobalto-calendario-dia\"><strong>10 Sexta<\/strong><\/span><span class=\"cobalto-calendario-descricao\"><span class=\"cobalto-evento-item-hora\"><\/span>Data limite para as Unidades Acad\u00eamicas divulgarem as datas das cola\u00e7\u00f5es de grau de 2019\/1<\/span><\/div><div class=\"cobalto-calendario-linha cobalto-calendario-linha-impar\"><span class=\"cobalto-calendario-tipo\" style=\"background:#16A765\" title=\"2019 - Calend\u00e1rio Acad\u00eamico\"><\/span><span class=\"cobalto-calendario-dia\"><strong><\/strong><\/span><span class=\"cobalto-calendario-descricao\"><span class=\"cobalto-evento-item-hora\"><\/span>Data limite para os Deptos\/C\u00e2maras de Ensino informarem aos colegiados as ofertas 2019\/2<\/span><\/div><div class=\"cobalto-calendario-linha cobalto-calendario-linha-impar\"><span class=\"cobalto-calendario-tipo\" style=\"background:#16A765\" title=\"2019 - Calend\u00e1rio Acad\u00eamico\"><\/span><span class=\"cobalto-calendario-dia\"><strong><\/strong><\/span><span class=\"cobalto-calendario-descricao\"><span class=\"cobalto-evento-item-hora\"><\/span>FIM: Per\u00edodo de inscri\u00e7\u00e3o para Transfer\u00eancia, Reop\u00e7\u00e3o, Reingresso e Portador de Diploma 2019\/2<\/span><\/div><div class=\"cobalto-calendario-linha cobalto-calendario-linha-par\"><span class=\"cobalto-calendario-tipo\" style=\"background:#16A765\" title=\"2019 - Calend\u00e1rio Acad\u00eamico\"><\/span><span class=\"cobalto-calendario-dia\"><strong>13 Segunda<\/strong><\/span><span class=\"cobalto-calendario-descricao\"><span class=\"cobalto-evento-item-hora\"><\/span>IN\u00cdCIO: Per\u00edodo de digita\u00e7\u00e3o das ofertas 2019\/2 pelos Colegiados<\/span><\/div><div class=\"cobalto-calendario-linha cobalto-calendario-linha-par\"><span class=\"cobalto-calendario-tipo\" style=\"background:#FF7537\" title=\"2019 - Editais, Eventos e Recesso\"><\/span><span class=\"cobalto-calendario-dia\"><strong><\/strong><\/span><span class=\"cobalto-calendario-descricao\"><span class=\"cobalto-evento-item-hora\"><\/span>IN\u00cdCIO: Programa de Forma\u00e7\u00e3o de Professores<\/span><\/div><div class=\"cobalto-calendario-linha cobalto-calendario-linha-impar\"><span class=\"cobalto-calendario-tipo\" style=\"background:#16A765\" title=\"2019 - Calend\u00e1rio Acad\u00eamico\"><\/span><span class=\"cobalto-calendario-dia\"><strong>17 Sexta<\/strong><\/span><span class=\"cobalto-calendario-descricao\"><span class=\"cobalto-evento-item-hora\"><\/span>FIM: Per\u00edodo de digita\u00e7\u00e3o das ofertas 2019\/2 pelos Colegiados<\/span><\/div><div class=\"cobalto-calendario-linha cobalto-calendario-linha-impar\"><span class=\"cobalto-calendario-tipo\" style=\"background:#FF7537\" title=\"2019 - Editais, Eventos e Recesso\"><\/span><span class=\"cobalto-calendario-dia\"><strong><\/strong><\/span><span class=\"cobalto-calendario-descricao\"><span class=\"cobalto-evento-item-hora\"><\/span>FIM: Programa de Forma\u00e7\u00e3o de Professores<\/span><\/div><div class=\"cobalto-calendario-linha cobalto-calendario-linha-par\"><span class=\"cobalto-calendario-tipo\" style=\"background:#16A765\" title=\"2019 - Calend\u00e1rio Acad\u00eamico\"><\/span><span class=\"cobalto-calendario-dia\"><strong>24 Sexta<\/strong><\/span><span class=\"cobalto-calendario-descricao\"><span class=\"cobalto-evento-item-hora\"><\/span>Data limite para os discentes se cadastrarem como prov\u00e1veis formandos do per\u00edodo (2019\/1) no colegiado de curso<\/span><\/div><div class=\"cobalto-calendario-linha cobalto-calendario-linha-par\"><span class=\"cobalto-calendario-tipo\" style=\"background:#16A765\" title=\"2019 - Calend\u00e1rio Acad\u00eamico\"><\/span><span class=\"cobalto-calendario-dia\"><strong><\/strong><\/span><span class=\"cobalto-calendario-descricao\"><span class=\"cobalto-evento-item-hora\"><\/span>Data limite para os Deptos.\/C\u00e2maras de Ensino confirmarem as ofertas 2019\/2<\/span><\/div><div class=\"cobalto-calendario-linha cobalto-calendario-linha-par\"><span class=\"cobalto-calendario-tipo\" style=\"background:#16A765\" title=\"2019 - Calend\u00e1rio Acad\u00eamico\"><\/span><span class=\"cobalto-calendario-dia\"><strong><\/strong><\/span><span class=\"cobalto-calendario-descricao\"><span class=\"cobalto-evento-item-hora\"><\/span>Data limite para solicita\u00e7\u00e3o de salas \u00e0 SACE<\/span><\/div><div class=\"cobalto-calendario-mes\"><strong>Junho \/ 2019<\/strong><\/div><div class=\"cobalto-calendario-linha cobalto-calendario-linha-impar\"><span class=\"cobalto-calendario-tipo\" style=\"background:#16A765\" title=\"2019 - Calend\u00e1rio Acad\u00eamico\"><\/span><span class=\"cobalto-calendario-dia\"><strong>10 Segunda<\/strong><\/span><span class=\"cobalto-calendario-descricao\"><span class=\"cobalto-evento-item-hora\"><\/span>In\u00edcio do per\u00edodo de avalia\u00e7\u00e3o de componentes curriculares (disciplinas) 2019\/1 (Avalia\u00e7\u00e3o realizada pelos discentes no Sistema Acad\u00eamico)<\/span><\/div><div class=\"cobalto-calendario-linha cobalto-calendario-linha-par\"><span class=\"cobalto-calendario-tipo\" style=\"background:#4986E7\" title=\"2019 - Feriados e Pontos Facultativos\"><\/span><span class=\"cobalto-calendario-dia\"><strong>20 Quinta<\/strong><\/span><span class=\"cobalto-calendario-descricao\"><span class=\"cobalto-evento-item-hora\"><\/span>Feriado: Corpus Christi<\/span><\/div><div class=\"cobalto-calendario-linha cobalto-calendario-linha-impar\"><span class=\"cobalto-calendario-tipo\" style=\"background:#4986E7\" title=\"2019 - Feriados e Pontos Facultativos\"><\/span><span class=\"cobalto-calendario-dia\"><strong>21 Sexta<\/strong><\/span><span class=\"cobalto-calendario-descricao\"><span class=\"cobalto-evento-item-hora\"><\/span>Ponto Facultativo<\/span><\/div><div class=\"cobalto-calendario-linha cobalto-calendario-linha-par\"><span class=\"cobalto-calendario-tipo\" style=\"background:#16A765\" title=\"2019 - Calend\u00e1rio Acad\u00eamico\"><\/span><span class=\"cobalto-calendario-dia\"><strong>28 Sexta<\/strong><\/span><span class=\"cobalto-calendario-descricao\"><span class=\"cobalto-evento-item-hora\"><\/span>Data limite para confirma\u00e7\u00e3o de salas pela SACE (Se\u00e7\u00e3o de Aloca\u00e7\u00e3o e Compartilhamento de Espa\u00e7os)<\/span><\/div><div class=\"cobalto-calendario-linha cobalto-calendario-linha-impar\"><span class=\"cobalto-calendario-tipo\" style=\"background:#FF7537\" title=\"2019 - Editais, Eventos e Recesso\"><\/span><span class=\"cobalto-calendario-dia\"><strong>30 Domingo<\/strong><\/span><span class=\"cobalto-calendario-descricao\"><span class=\"cobalto-evento-item-hora\"><\/span>Publica\u00e7\u00e3o do edital de Regime Especial (Atividades Isoladas) 2019\/2)<\/span><\/div><div class=\"cobalto-calendario-mes\"><strong>Julho \/ 2019<\/strong><\/div><div class=\"cobalto-calendario-linha cobalto-calendario-linha-par\"><span class=\"cobalto-calendario-tipo\" style=\"background:#16A765\" title=\"2019 - Calend\u00e1rio Acad\u00eamico\"><\/span><span class=\"cobalto-calendario-dia\"><strong>01 Segunda<\/strong><\/span><span class=\"cobalto-calendario-descricao\"><span class=\"cobalto-evento-item-hora\"><\/span>IN\u00cdCIO: Per\u00edodo para solicita\u00e7\u00e3o de rean\u00e1lise de distribui\u00e7\u00e3o de salas \u00e0 SACE<\/span><\/div><div class=\"cobalto-calendario-linha cobalto-calendario-linha-par\"><span class=\"cobalto-calendario-tipo\" style=\"background:#16A765\" title=\"2019 - Calend\u00e1rio Acad\u00eamico\"><\/span><span class=\"cobalto-calendario-dia\"><strong><\/strong><\/span><span class=\"cobalto-calendario-descricao\"><span class=\"cobalto-evento-item-hora\"><\/span>IN\u00cdCIO: Per\u00edodo de planejamento acad\u00eamico do segundo semestre letivo nos colegiados<\/span><\/div><div class=\"cobalto-calendario-linha cobalto-calendario-linha-impar\"><span class=\"cobalto-calendario-tipo\" style=\"background:#16A765\" title=\"2019 - Calend\u00e1rio Acad\u00eamico\"><\/span><span class=\"cobalto-calendario-dia\"><strong>05 Sexta<\/strong><\/span><span class=\"cobalto-calendario-descricao\"><span class=\"cobalto-evento-item-hora\"><\/span>FIM: Per\u00edodo para solicita\u00e7\u00e3o de rean\u00e1lise de distribui\u00e7\u00e3o de salas \u00e0 SACE<\/span><\/div><div class=\"cobalto-calendario-linha cobalto-calendario-linha-impar\"><span class=\"cobalto-calendario-tipo\" style=\"background:#16A765\" title=\"2019 - Calend\u00e1rio Acad\u00eamico\"><\/span><span class=\"cobalto-calendario-dia\"><strong><\/strong><\/span><span class=\"cobalto-calendario-descricao\"><span class=\"cobalto-evento-item-hora\"><\/span>FIM: Per\u00edodo de planejamento acad\u00eamico do segundo semestre letivo nos colegiados<\/span><\/div><div class=\"cobalto-calendario-linha cobalto-calendario-linha-par\"><span class=\"cobalto-calendario-tipo\" style=\"background:#16A765\" title=\"2019 - Calend\u00e1rio Acad\u00eamico\"><\/span><span class=\"cobalto-calendario-dia\"><strong>12 Sexta<\/strong><\/span><span class=\"cobalto-calendario-descricao\"><span class=\"cobalto-evento-item-hora\"><\/span>Prazo final para os alunos regularmente matriculados solicitarem trancamento geral de matr\u00edcula na CRA<\/span><\/div><div class=\"cobalto-calendario-linha cobalto-calendario-linha-par\"><span class=\"cobalto-calendario-tipo\" style=\"background:#16A765\" title=\"2019 - Calend\u00e1rio Acad\u00eamico\"><\/span><span class=\"cobalto-calendario-dia\"><strong><\/strong><\/span><span class=\"cobalto-calendario-descricao\"><span class=\"cobalto-evento-item-hora\"><\/span>Prazo final para os colegiados cadastrarem, no sistema acad\u00eamico, os prov\u00e1veis formandos do per\u00edodo (2019\/1)<\/span><\/div><div class=\"cobalto-calendario-linha cobalto-calendario-linha-impar\"><span class=\"cobalto-calendario-tipo\" style=\"background:#16A765\" title=\"2019 - Calend\u00e1rio Acad\u00eamico\"><\/span><span class=\"cobalto-calendario-dia\"><strong>13 S\u00e1bado<\/strong><\/span><span class=\"cobalto-calendario-descricao\"><span class=\"cobalto-evento-item-hora\"><\/span>\u00daltimo dia letivo de 2019\/1<\/span><\/div><div class=\"cobalto-calendario-linha cobalto-calendario-linha-par\"><span class=\"cobalto-calendario-tipo\" style=\"background:#16A765\" title=\"2019 - Calend\u00e1rio Acad\u00eamico\"><\/span><span class=\"cobalto-calendario-dia\"><strong>15 Segunda<\/strong><\/span><span class=\"cobalto-calendario-descricao\"><span class=\"cobalto-evento-item-hora\"><\/span>IN\u00cdCIO: Per\u00edodo de exames 2019\/1<\/span><\/div><div class=\"cobalto-calendario-linha cobalto-calendario-linha-impar\"><span class=\"cobalto-calendario-tipo\" style=\"background:#16A765\" title=\"2019 - Calend\u00e1rio Acad\u00eamico\"><\/span><span class=\"cobalto-calendario-dia\"><strong>19 Sexta<\/strong><\/span><span class=\"cobalto-calendario-descricao\"><span class=\"cobalto-evento-item-hora\"><\/span>Fim do per\u00edodo de planejamento acad\u00eamico do segundo semestre letivo nos colegiados<\/span><\/div><div class=\"cobalto-calendario-linha cobalto-calendario-linha-par\"><span class=\"cobalto-calendario-tipo\" style=\"background:#16A765\" title=\"2019 - Calend\u00e1rio Acad\u00eamico\"><\/span><span class=\"cobalto-calendario-dia\"><strong>20 S\u00e1bado<\/strong><\/span><span class=\"cobalto-calendario-descricao\"><span class=\"cobalto-evento-item-hora\"><\/span>FIM: Per\u00edodo de exames 2019\/1<\/span><\/div><div class=\"cobalto-calendario-linha cobalto-calendario-linha-impar\"><span class=\"cobalto-calendario-tipo\" style=\"background:#16A765\" title=\"2019 - Calend\u00e1rio Acad\u00eamico\"><\/span><span class=\"cobalto-calendario-dia\"><strong>22 Segunda<\/strong><\/span><span class=\"cobalto-calendario-descricao\"><span class=\"cobalto-evento-item-hora\"><\/span>IN\u00cdCIO: Per\u00edodo de inscri\u00e7\u00e3o para Regime Especial (Atividade Isolada) na CRA para 2019\/2<\/span><\/div><div class=\"cobalto-calendario-linha cobalto-calendario-linha-par\"><span class=\"cobalto-calendario-tipo\" style=\"background:#16A765\" title=\"2019 - Calend\u00e1rio Acad\u00eamico\"><\/span><span class=\"cobalto-calendario-dia\"><strong>23 Ter\u00e7a<\/strong><\/span><span class=\"cobalto-calendario-descricao\"><span class=\"cobalto-evento-item-hora\"><\/span>Fim do per\u00edodo de inscri\u00e7\u00e3o para Regime Especial (Atividade Isolada) na CRA para 2019\/2<\/span><\/div><div class=\"cobalto-calendario-linha cobalto-calendario-linha-par\"><span class=\"cobalto-calendario-tipo\" style=\"background:#16A765\" title=\"2019 - Calend\u00e1rio Acad\u00eamico\"><\/span><span class=\"cobalto-calendario-dia\"><strong><\/strong><\/span><span class=\"cobalto-calendario-descricao\"><span class=\"cobalto-evento-item-hora\"><\/span>Data limite para a SACE responder ao pedido de rean\u00e1lise de distribui\u00e7\u00e3o de salas<\/span><\/div><div class=\"cobalto-calendario-linha cobalto-calendario-linha-par\"><span class=\"cobalto-calendario-tipo\" style=\"background:#16A765\" title=\"2019 - Calend\u00e1rio Acad\u00eamico\"><\/span><span class=\"cobalto-calendario-dia\"><strong><\/strong><\/span><span class=\"cobalto-calendario-descricao\"><span class=\"cobalto-evento-item-hora\"><\/span>Fim do per\u00edodo de digita\u00e7\u00e3o de notas 2019\/1<\/span><\/div><div class=\"cobalto-calendario-linha cobalto-calendario-linha-par\"><span class=\"cobalto-calendario-tipo\" style=\"background:#16A765\" title=\"2019 - Calend\u00e1rio Acad\u00eamico\"><\/span><span class=\"cobalto-calendario-dia\"><strong><\/strong><\/span><span class=\"cobalto-calendario-descricao\"><span class=\"cobalto-evento-item-hora\"><\/span>FIM: Per\u00edodo de inscri\u00e7\u00e3o para Regime Especial (Atividade Isolada) na CRA para 2019\/2<\/span><\/div><div class=\"cobalto-calendario-linha cobalto-calendario-linha-impar\"><span class=\"cobalto-calendario-tipo\" style=\"background:#16A765\" title=\"2019 - Calend\u00e1rio Acad\u00eamico\"><\/span><span class=\"cobalto-calendario-dia\"><strong>26 Sexta<\/strong><\/span><span class=\"cobalto-calendario-descricao\"><span class=\"cobalto-evento-item-hora\"><\/span>Fim do per\u00edodo para solicita\u00e7\u00e3o de quebra de pr\u00e9-requisitos nos Colegiados de Curso<\/span><\/div><div class=\"cobalto-calendario-linha cobalto-calendario-linha-impar\"><span class=\"cobalto-calendario-tipo\" style=\"background:#16A765\" title=\"2019 - Calend\u00e1rio Acad\u00eamico\"><\/span><span class=\"cobalto-calendario-dia\"><strong><\/strong><\/span><span class=\"cobalto-calendario-descricao\"><span class=\"cobalto-evento-item-hora\"><\/span>IN\u00cdCIO: Per\u00edodo de solicita\u00e7\u00e3o de matr\u00edcula on-line 2019\/2<\/span><\/div><div class=\"cobalto-calendario-linha cobalto-calendario-linha-par\"><span class=\"cobalto-calendario-tipo\" style=\"background:#16A765\" title=\"2019 - Calend\u00e1rio Acad\u00eamico\"><\/span><span class=\"cobalto-calendario-dia\"><strong>29 Segunda<\/strong><\/span><span class=\"cobalto-calendario-descricao\"><span class=\"cobalto-evento-item-hora\"><\/span>IN\u00cdCIO: Per\u00edodo para an\u00e1lise das solicita\u00e7\u00f5es de quebra de pr\u00e9-requisitos recebidas nos Colegiados de Cursos.<\/span><\/div><div class=\"cobalto-calendario-linha cobalto-calendario-linha-impar\"><span class=\"cobalto-calendario-tipo\" style=\"background:#16A765\" title=\"2019 - Calend\u00e1rio Acad\u00eamico\"><\/span><span class=\"cobalto-calendario-dia\"><strong>30 Ter\u00e7a<\/strong><\/span><span class=\"cobalto-calendario-descricao\"><span class=\"cobalto-evento-item-hora\"><\/span>FIM: Per\u00edodo de solicita\u00e7\u00e3o de matr\u00edcula on-line 2019\/2<\/span><\/div><div class=\"cobalto-calendario-linha cobalto-calendario-linha-impar\"><span class=\"cobalto-calendario-tipo\" style=\"background:#16A765\" title=\"2019 - Calend\u00e1rio Acad\u00eamico\"><\/span><span class=\"cobalto-calendario-dia\"><strong><\/strong><\/span><span class=\"cobalto-calendario-descricao\"><span class=\"cobalto-evento-item-hora\"><\/span>FIM: Per\u00edodo para an\u00e1lise das solicita\u00e7\u00f5es de quebra de pr\u00e9-requisitos recebidas nos Colegiados de Cursos.<\/span><\/div><div class=\"cobalto-calendario-linha cobalto-calendario-linha-par\"><span class=\"cobalto-calendario-tipo\" style=\"background:#16A765\" title=\"2019 - Calend\u00e1rio Acad\u00eamico\"><\/span><span class=\"cobalto-calendario-dia\"><strong>31 Quarta<\/strong><\/span><span class=\"cobalto-calendario-descricao\"><span class=\"cobalto-evento-item-hora\"><\/span>IN\u00cdCIO: Per\u00edodo para recurso ao COCEPE referente a quebra de pr\u00e9-requisito ap\u00f3s o resultado do parecer dos Colegiados \u2013 O recurso dever\u00e1 ser entregue nos respectivos colegiados.<\/span><\/div><div class=\"cobalto-calendario-linha cobalto-calendario-linha-par\"><span class=\"cobalto-calendario-tipo\" style=\"background:#16A765\" title=\"2019 - Calend\u00e1rio Acad\u00eamico\"><\/span><span class=\"cobalto-calendario-dia\"><strong><\/strong><\/span><span class=\"cobalto-calendario-descricao\"><span class=\"cobalto-evento-item-hora\"><\/span>Processamento das solicita\u00e7\u00f5es de matr\u00edcula on-line 2019\/2<\/span><\/div><div class=\"cobalto-calendario-mes\"><strong>Agosto \/ 2019<\/strong><\/div><div class=\"cobalto-calendario-linha cobalto-calendario-linha-impar\"><span class=\"cobalto-calendario-tipo\" style=\"background:#16A765\" title=\"2019 - Calend\u00e1rio Acad\u00eamico\"><\/span><span class=\"cobalto-calendario-dia\"><strong>01 Quinta<\/strong><\/span><span class=\"cobalto-calendario-descricao\"><span class=\"cobalto-evento-item-hora\"><\/span>In\u00edcio do per\u00edodo para os alunos consultarem o processo de matr\u00edcula on-line 2019\/2<\/span><\/div><div class=\"cobalto-calendario-linha cobalto-calendario-linha-par\"><span class=\"cobalto-calendario-tipo\" style=\"background:#16A765\" title=\"2019 - Calend\u00e1rio Acad\u00eamico\"><\/span><span class=\"cobalto-calendario-dia\"><strong>02 Sexta<\/strong><\/span><span class=\"cobalto-calendario-descricao\"><span class=\"cobalto-evento-item-hora\"><\/span>Fim do per\u00edodo de avalia\u00e7\u00e3o dos componentes curriculares (disciplinas) 2019\/1 ((Avalia\u00e7\u00e3o realizada pelos discentes no Sistema Acad\u00eamico)<\/span><\/div><div class=\"cobalto-calendario-linha cobalto-calendario-linha-par\"><span class=\"cobalto-calendario-tipo\" style=\"background:#16A765\" title=\"2019 - Calend\u00e1rio Acad\u00eamico\"><\/span><span class=\"cobalto-calendario-dia\"><strong><\/strong><\/span><span class=\"cobalto-calendario-descricao\"><span class=\"cobalto-evento-item-hora\"><\/span>FIM: Per\u00edodo para recurso ao COCEPE referente a quebra de pr\u00e9-requisito ap\u00f3s o resultado do parecer dos Colegiados \u2013 O recurso dever\u00e1 ser entregue nos respectivos colegiados.<\/span><\/div><div class=\"cobalto-calendario-linha cobalto-calendario-linha-impar\"><span class=\"cobalto-calendario-tipo\" style=\"background:#16A765\" title=\"2019 - Calend\u00e1rio Acad\u00eamico\"><\/span><span class=\"cobalto-calendario-dia\"><strong>05 Segunda<\/strong><\/span><span class=\"cobalto-calendario-descricao\"><span class=\"cobalto-evento-item-hora\"><\/span>IN\u00cdCIO: Per\u00edodo de corre\u00e7\u00e3o de matr\u00edcula 2019\/2 nos colegiados<\/span><\/div><div class=\"cobalto-calendario-linha cobalto-calendario-linha-impar\"><span class=\"cobalto-calendario-tipo\" style=\"background:#16A765\" title=\"2019 - Calend\u00e1rio Acad\u00eamico\"><\/span><span class=\"cobalto-calendario-dia\"><strong><\/strong><\/span><span class=\"cobalto-calendario-descricao\"><span class=\"cobalto-evento-item-hora\"><\/span>IN\u00cdCIO: Per\u00edodo de matr\u00edculas 2019\/2 para ingressantes por Transfr\u00eancia, Reop\u00e7\u00e3o, Reingresso e Portador de T\u00edtulo nos colegiados<\/span><\/div><div class=\"cobalto-calendario-linha cobalto-calendario-linha-impar\"><span class=\"cobalto-calendario-tipo\" style=\"background:#16A765\" title=\"2019 - Calend\u00e1rio Acad\u00eamico\"><\/span><span class=\"cobalto-calendario-dia\"><strong><\/strong><\/span><span class=\"cobalto-calendario-descricao\"><span class=\"cobalto-evento-item-hora\"><\/span>IN\u00cdCIO: Per\u00edodo de solicita\u00e7\u00e3o de trancamento geral para os alunos que n\u00e3o solicitaram matr\u00edcula para 2019\/2 na CRA<\/span><\/div><div class=\"cobalto-calendario-linha cobalto-calendario-linha-par\"><span class=\"cobalto-calendario-tipo\" style=\"background:#16A765\" title=\"2019 - Calend\u00e1rio Acad\u00eamico\"><\/span><span class=\"cobalto-calendario-dia\"><strong>09 Sexta<\/strong><\/span><span class=\"cobalto-calendario-descricao\"><span class=\"cobalto-evento-item-hora\"><\/span>FIM: Per\u00edodo de corre\u00e7\u00e3o de matr\u00edcula 2019\/2 nos colegiados<\/span><\/div><div class=\"cobalto-calendario-linha cobalto-calendario-linha-par\"><span class=\"cobalto-calendario-tipo\" style=\"background:#16A765\" title=\"2019 - Calend\u00e1rio Acad\u00eamico\"><\/span><span class=\"cobalto-calendario-dia\"><strong><\/strong><\/span><span class=\"cobalto-calendario-descricao\"><span class=\"cobalto-evento-item-hora\"><\/span>FIM: Per\u00edodo de matr\u00edculas 2019\/2 para ingressantes por Transfr\u00eancia, Reop\u00e7\u00e3o, Reingresso e Portador de T\u00edtulo nos colegiados<\/span><\/div><div class=\"cobalto-calendario-linha cobalto-calendario-linha-par\"><span class=\"cobalto-calendario-tipo\" style=\"background:#16A765\" title=\"2019 - Calend\u00e1rio Acad\u00eamico\"><\/span><span class=\"cobalto-calendario-dia\"><strong><\/strong><\/span><span class=\"cobalto-calendario-descricao\"><span class=\"cobalto-evento-item-hora\"><\/span>FIM: Per\u00edodo de solicita\u00e7\u00e3o de trancamento geral para os alunos que n\u00e3o solicitaram matr\u00edcula para 2019\/2 na CRA<\/span><\/div><div class=\"cobalto-calendario-linha cobalto-calendario-linha-impar\"><span class=\"cobalto-calendario-tipo\" style=\"background:#FF7537\" title=\"2019 - Editais, Eventos e Recesso\"><\/span><span class=\"cobalto-calendario-dia\"><strong>12 Segunda<\/strong><\/span><span class=\"cobalto-calendario-descricao\"><span class=\"cobalto-evento-item-hora\"><\/span>Recep\u00e7\u00e3o dos discentes ingressantes em 2019\/2 pelos colegiados de curso<\/span><\/div><div class=\"cobalto-calendario-linha cobalto-calendario-linha-impar\"><span class=\"cobalto-calendario-tipo\" style=\"background:#16A765\" title=\"2019 - Calend\u00e1rio Acad\u00eamico\"><\/span><span class=\"cobalto-calendario-dia\"><strong><\/strong><\/span><span class=\"cobalto-calendario-descricao\"><span class=\"cobalto-evento-item-hora\"><\/span>In\u00edcio do semestre letivo 2019\/2<\/span><\/div><div class=\"cobalto-calendario-linha cobalto-calendario-linha-par\"><span class=\"cobalto-calendario-tipo\" style=\"background:#16A765\" title=\"2019 - Calend\u00e1rio Acad\u00eamico\"><\/span><span class=\"cobalto-calendario-dia\"><strong>13 Ter\u00e7a<\/strong><\/span><span class=\"cobalto-calendario-descricao\"><span class=\"cobalto-evento-item-hora\"><\/span>IN\u00cdCIO: Per\u00edodo de matr\u00edcula especial 2019\/2<\/span><\/div><div class=\"cobalto-calendario-linha cobalto-calendario-linha-par\"><span class=\"cobalto-calendario-tipo\" style=\"background:#9FC6E7\" title=\"2019 - Calend\u00e1rio Acad\u00eamico - Odontologia\"><\/span><span class=\"cobalto-calendario-dia\"><strong><\/strong><\/span><span class=\"cobalto-calendario-descricao\"><span class=\"cobalto-evento-item-hora\"><\/span>\u00daltimo dia letivo de 2019\/1 (Odontologia)<\/span><\/div><div class=\"cobalto-calendario-linha cobalto-calendario-linha-impar\"><span class=\"cobalto-calendario-tipo\" style=\"background:#9FC6E7\" title=\"2019 - Calend\u00e1rio Acad\u00eamico - Odontologia\"><\/span><span class=\"cobalto-calendario-dia\"><strong>14 Quarta<\/strong><\/span><span class=\"cobalto-calendario-descricao\"><span class=\"cobalto-evento-item-hora\"><\/span>IN\u00cdCIO: Per\u00edodo de exames 2019-1 (Odontologia)<\/span><\/div><div class=\"cobalto-calendario-linha cobalto-calendario-linha-impar\"><span class=\"cobalto-calendario-tipo\" style=\"background:#16A765\" title=\"2019 - Calend\u00e1rio Acad\u00eamico\"><\/span><span class=\"cobalto-calendario-dia\"><strong><\/strong><\/span><span class=\"cobalto-calendario-descricao\"><span class=\"cobalto-evento-item-hora\"><\/span>FIM: Per\u00edodo de matr\u00edcula especial 2019\/2<\/span><\/div><div class=\"cobalto-calendario-linha cobalto-calendario-linha-par\"><span class=\"cobalto-calendario-tipo\" style=\"background:#16A765\" title=\"2019 - Calend\u00e1rio Acad\u00eamico\"><\/span><span class=\"cobalto-calendario-dia\"><strong>15 Quinta<\/strong><\/span><span class=\"cobalto-calendario-descricao\"><span class=\"cobalto-evento-item-hora\"><\/span>Data para devolu\u00e7\u00e3o dos processos de solicita\u00e7\u00e3o de Regime Especial (Atividade Isolada) 2019\/2 \u00e0 CRA<\/span><\/div><div class=\"cobalto-calendario-linha cobalto-calendario-linha-par\"><span class=\"cobalto-calendario-tipo\" style=\"background:#16A765\" title=\"2019 - Calend\u00e1rio Acad\u00eamico\"><\/span><span class=\"cobalto-calendario-dia\"><strong><\/strong><\/span><span class=\"cobalto-calendario-descricao\"><span class=\"cobalto-evento-item-hora\"><\/span>IN\u00cdCIO: Per\u00edodo para confirma\u00e7\u00e3o de matr\u00edcula dos alunos ingressantes 2019\/2 (SISU e PAVE) nos colegiados<\/span><\/div><div class=\"cobalto-calendario-linha cobalto-calendario-linha-impar\"><span class=\"cobalto-calendario-tipo\" style=\"background:#16A765\" title=\"2019 - Calend\u00e1rio Acad\u00eamico\"><\/span><span class=\"cobalto-calendario-dia\"><strong>16 Sexta<\/strong><\/span><span class=\"cobalto-calendario-descricao\"><span class=\"cobalto-evento-item-hora\"><\/span>FIM: Per\u00edodo para confirma\u00e7\u00e3o de matr\u00edcula dos alunos ingressantes 2019\/2 (SISU e PAVE) nos colegiados<\/span><\/div><div class=\"cobalto-calendario-linha cobalto-calendario-linha-par\"><span class=\"cobalto-calendario-tipo\" style=\"background:#16A765\" title=\"2019 - Calend\u00e1rio Acad\u00eamico\"><\/span><span class=\"cobalto-calendario-dia\"><strong>19 Segunda<\/strong><\/span><span class=\"cobalto-calendario-descricao\"><span class=\"cobalto-evento-item-hora\"><\/span>Fim do prazo para os colegiados enviarem as atas de confirma\u00e7\u00e3o de matr\u00edcula dos ingressantes SISU e PAVE 2019\/2 na CRA<\/span><\/div><div class=\"cobalto-calendario-linha cobalto-calendario-linha-impar\"><span class=\"cobalto-calendario-tipo\" style=\"background:#9FC6E7\" title=\"2019 - Calend\u00e1rio Acad\u00eamico - Odontologia\"><\/span><span class=\"cobalto-calendario-dia\"><strong>21 Quarta<\/strong><\/span><span class=\"cobalto-calendario-descricao\"><span class=\"cobalto-evento-item-hora\"><\/span>FIM: Per\u00edodo de exames 2019-1 (Odontologia)<\/span><\/div><div class=\"cobalto-calendario-linha cobalto-calendario-linha-par\"><span class=\"cobalto-calendario-tipo\" style=\"background:#9FC6E7\" title=\"2019 - Calend\u00e1rio Acad\u00eamico - Odontologia\"><\/span><span class=\"cobalto-calendario-dia\"><strong>22 Quinta<\/strong><\/span><span class=\"cobalto-calendario-descricao\"><span class=\"cobalto-evento-item-hora\"><\/span>Prazo final para o encerramento das avalia\u00e7\u00f5es (Odontologia) 2019\/1 no sistema acad\u00eamico<\/span><\/div><div class=\"cobalto-calendario-linha cobalto-calendario-linha-impar\"><span class=\"cobalto-calendario-tipo\" style=\"background:#9FC6E7\" title=\"2019 - Calend\u00e1rio Acad\u00eamico - Odontologia\"><\/span><span class=\"cobalto-calendario-dia\"><strong>23 Sexta<\/strong><\/span><span class=\"cobalto-calendario-descricao\"><span class=\"cobalto-evento-item-hora\"><\/span>IN\u00cdCIO: Per\u00edodo para solicita\u00e7\u00e3o de matr\u00edcula on-line (Odontologia)<\/span><\/div><div class=\"cobalto-calendario-linha cobalto-calendario-linha-par\"><span class=\"cobalto-calendario-tipo\" style=\"background:#9FC6E7\" title=\"2019 - Calend\u00e1rio Acad\u00eamico - Odontologia\"><\/span><span class=\"cobalto-calendario-dia\"><strong>25 Domingo<\/strong><\/span><span class=\"cobalto-calendario-descricao\"><span class=\"cobalto-evento-item-hora\"><\/span>FIM: Per\u00edodo para solicita\u00e7\u00e3o de matr\u00edcula on-line (Odontologia)<\/span><\/div><div class=\"cobalto-calendario-linha cobalto-calendario-linha-impar\"><span class=\"cobalto-calendario-tipo\" style=\"background:#9FC6E7\" title=\"2019 - Calend\u00e1rio Acad\u00eamico - Odontologia\"><\/span><span class=\"cobalto-calendario-dia\"><strong>26 Segunda<\/strong><\/span><span class=\"cobalto-calendario-descricao\"><span class=\"cobalto-evento-item-hora\"><\/span>Processamento das solicita\u00e7\u00f5es de matr\u00edcula on-line (Odontologia)<\/span><\/div><div class=\"cobalto-calendario-linha cobalto-calendario-linha-par\"><span class=\"cobalto-calendario-tipo\" style=\"background:#16A765\" title=\"2019 - Calend\u00e1rio Acad\u00eamico\"><\/span><span class=\"cobalto-calendario-dia\"><strong>28 Quarta<\/strong><\/span><span class=\"cobalto-calendario-descricao\"><span class=\"cobalto-evento-item-hora\"><\/span>Data limite para ingresso de discentes em 2019\/2<\/span><\/div><div class=\"cobalto-calendario-mes\"><strong>Setembro \/ 2019<\/strong><\/div><div class=\"cobalto-calendario-linha cobalto-calendario-linha-impar\"><span class=\"cobalto-calendario-tipo\" style=\"background:#9FC6E7\" title=\"2019 - Calend\u00e1rio Acad\u00eamico - Odontologia\"><\/span><span class=\"cobalto-calendario-dia\"><strong>02 Segunda<\/strong><\/span><span class=\"cobalto-calendario-descricao\"><span class=\"cobalto-evento-item-hora\"><\/span>In\u00edcio do per\u00edodo letivo de 2019\/2 (Odontologia)<\/span><\/div><div class=\"cobalto-calendario-linha cobalto-calendario-linha-impar\"><span class=\"cobalto-calendario-tipo\" style=\"background:#9FC6E7\" title=\"2019 - Calend\u00e1rio Acad\u00eamico - Odontologia\"><\/span><span class=\"cobalto-calendario-dia\"><strong><\/strong><\/span><span class=\"cobalto-calendario-descricao\"><span class=\"cobalto-evento-item-hora\"><\/span>IN\u00cdCIO: Per\u00edodo para solicita\u00e7\u00e3o de trancamento geral de matr\u00edcula para alunos que n\u00e3o realizaram matr\u00edcula para 2019\/2 (Odontologia)<\/span><\/div><div class=\"cobalto-calendario-linha cobalto-calendario-linha-impar\"><span class=\"cobalto-calendario-tipo\" style=\"background:#16A765\" title=\"2019 - Calend\u00e1rio Acad\u00eamico\"><\/span><span class=\"cobalto-calendario-dia\"><strong><\/strong><\/span><span class=\"cobalto-calendario-descricao\"><span class=\"cobalto-evento-item-hora\"><\/span>IN\u00cdCIO: Prazo para entrega da declara\u00e7\u00e3o de abandonos 2019\/2 na CRA<\/span><\/div><div class=\"cobalto-calendario-linha cobalto-calendario-linha-impar\"><span class=\"cobalto-calendario-tipo\" style=\"background:#9FC6E7\" title=\"2019 - Calend\u00e1rio Acad\u00eamico - Odontologia\"><\/span><span class=\"cobalto-calendario-dia\"><strong><\/strong><\/span><span class=\"cobalto-calendario-descricao\"><span class=\"cobalto-evento-item-hora\"><\/span>IN\u00cdCIO: Per\u00edodo de corre\u00e7\u00e3o de matr\u00edcula no colegiado (Odontologia)<\/span><\/div><div class=\"cobalto-calendario-linha cobalto-calendario-linha-impar\"><span class=\"cobalto-calendario-tipo\" style=\"background:#9FC6E7\" title=\"2019 - Calend\u00e1rio Acad\u00eamico - Odontologia\"><\/span><span class=\"cobalto-calendario-dia\"><strong><\/strong><\/span><span class=\"cobalto-calendario-descricao\"><span class=\"cobalto-evento-item-hora\"><\/span>Recep\u00e7\u00e3o aos ingressantes 2019\/2 -Colegiado (Odontologia)<\/span><\/div><div class=\"cobalto-calendario-linha cobalto-calendario-linha-par\"><span class=\"cobalto-calendario-tipo\" style=\"background:#16A765\" title=\"2019 - Calend\u00e1rio Acad\u00eamico\"><\/span><span class=\"cobalto-calendario-dia\"><strong>03 Ter\u00e7a<\/strong><\/span><span class=\"cobalto-calendario-descricao\"><span class=\"cobalto-evento-item-hora\"><\/span>FIM: Prazo para entrega da declara\u00e7\u00e3o de abandonos 2019\/2 na CRA<\/span><\/div><div class=\"cobalto-calendario-linha cobalto-calendario-linha-impar\"><span class=\"cobalto-calendario-tipo\" style=\"background:#9FC6E7\" title=\"2019 - Calend\u00e1rio Acad\u00eamico - Odontologia\"><\/span><span class=\"cobalto-calendario-dia\"><strong>05 Quinta<\/strong><\/span><span class=\"cobalto-calendario-descricao\"><span class=\"cobalto-evento-item-hora\"><\/span>IN\u00cdCIO: Confirma\u00e7\u00e3o de matr\u00edcula - Ingressantes SISU e PAVE (Odontologia)<\/span><\/div><div class=\"cobalto-calendario-linha cobalto-calendario-linha-par\"><span class=\"cobalto-calendario-tipo\" style=\"background:#9FC6E7\" title=\"2019 - Calend\u00e1rio Acad\u00eamico - Odontologia\"><\/span><span class=\"cobalto-calendario-dia\"><strong>06 Sexta<\/strong><\/span><span class=\"cobalto-calendario-descricao\"><span class=\"cobalto-evento-item-hora\"><\/span>FIM: Per\u00edodo para solicita\u00e7\u00e3o de trancamento geral de matr\u00edcula para alunos que n\u00e3o realizaram matr\u00edcula para 2019\/2 (Odontologia)<\/span><\/div><div class=\"cobalto-calendario-linha cobalto-calendario-linha-par\"><span class=\"cobalto-calendario-tipo\" style=\"background:#9FC6E7\" title=\"2019 - Calend\u00e1rio Acad\u00eamico - Odontologia\"><\/span><span class=\"cobalto-calendario-dia\"><strong><\/strong><\/span><span class=\"cobalto-calendario-descricao\"><span class=\"cobalto-evento-item-hora\"><\/span>FIM: Per\u00edodo de corre\u00e7\u00e3o de matr\u00edcula no colegiado (Odontologia)<\/span><\/div><div class=\"cobalto-calendario-linha cobalto-calendario-linha-par\"><span class=\"cobalto-calendario-tipo\" style=\"background:#9FC6E7\" title=\"2019 - Calend\u00e1rio Acad\u00eamico - Odontologia\"><\/span><span class=\"cobalto-calendario-dia\"><strong><\/strong><\/span><span class=\"cobalto-calendario-descricao\"><span class=\"cobalto-evento-item-hora\"><\/span>FIM: Confirma\u00e7\u00e3o de matr\u00edcula - Ingressantes SISU e PAVE (Odontologia)<\/span><\/div><div class=\"cobalto-calendario-linha cobalto-calendario-linha-impar\"><span class=\"cobalto-calendario-tipo\" style=\"background:#4986E7\" title=\"2019 - Feriados e Pontos Facultativos\"><\/span><span class=\"cobalto-calendario-dia\"><strong>07 S\u00e1bado<\/strong><\/span><span class=\"cobalto-calendario-descricao\"><span class=\"cobalto-evento-item-hora\"><\/span>Feriado: Independ\u00eancia<\/span><\/div><div class=\"cobalto-calendario-linha cobalto-calendario-linha-par\"><span class=\"cobalto-calendario-tipo\" style=\"background:#9FC6E7\" title=\"2019 - Calend\u00e1rio Acad\u00eamico - Odontologia\"><\/span><span class=\"cobalto-calendario-dia\"><strong>09 Segunda<\/strong><\/span><span class=\"cobalto-calendario-descricao\"><span class=\"cobalto-evento-item-hora\"><\/span>IN\u00cdCIO: Per\u00edodo para matr\u00edcula especial (Odontologia)<\/span><\/div><div class=\"cobalto-calendario-linha cobalto-calendario-linha-par\"><span class=\"cobalto-calendario-tipo\" style=\"background:#16A765\" title=\"2019 - Calend\u00e1rio Acad\u00eamico\"><\/span><span class=\"cobalto-calendario-dia\"><strong><\/strong><\/span><span class=\"cobalto-calendario-descricao\"><span class=\"cobalto-evento-item-hora\"><\/span>IN\u00cdCIO: Per\u00edodo de trancamento de disciplinas nos Colegiados (cursos semestrais)<\/span><\/div><div class=\"cobalto-calendario-linha cobalto-calendario-linha-impar\"><span class=\"cobalto-calendario-tipo\" style=\"background:#9FC6E7\" title=\"2019 - Calend\u00e1rio Acad\u00eamico - Odontologia\"><\/span><span class=\"cobalto-calendario-dia\"><strong>11 Quarta<\/strong><\/span><span class=\"cobalto-calendario-descricao\"><span class=\"cobalto-evento-item-hora\"><\/span>FIM: Per\u00edodo para matr\u00edcula especial (Odontologia)<\/span><\/div><div class=\"cobalto-calendario-linha cobalto-calendario-linha-par\"><span class=\"cobalto-calendario-tipo\" style=\"background:#16A765\" title=\"2019 - Calend\u00e1rio Acad\u00eamico\"><\/span><span class=\"cobalto-calendario-dia\"><strong>13 Sexta<\/strong><\/span><span class=\"cobalto-calendario-descricao\"><span class=\"cobalto-evento-item-hora\"><\/span>FIM: Per\u00edodo de trancamento de disciplinas nos Colegiados (cursos semestrais)<\/span><\/div><div class=\"cobalto-calendario-linha cobalto-calendario-linha-impar\"><span class=\"cobalto-calendario-tipo\" style=\"background:#FF7537\" title=\"2019 - Editais, Eventos e Recesso\"><\/span><span class=\"cobalto-calendario-dia\"><strong>15 Domingo<\/strong><\/span><span class=\"cobalto-calendario-descricao\"><span class=\"cobalto-evento-item-hora\"><\/span>Publica\u00e7\u00e3o do Edital de Transfer\u00eancia, Reop\u00e7\u00e3o, Reingresso e Portador de T\u00edtulo 2020\/1<\/span><\/div><div class=\"cobalto-calendario-linha cobalto-calendario-linha-par\"><span class=\"cobalto-calendario-tipo\" style=\"background:#FF7537\" title=\"2019 - Editais, Eventos e Recesso\"><\/span><span class=\"cobalto-calendario-dia\"><strong>18 Quarta<\/strong><\/span><span class=\"cobalto-calendario-descricao\"><span class=\"cobalto-evento-item-hora\"><\/span>III Mostra de Cursos de Gradua\u00e7\u00e3o<\/span><\/div><div class=\"cobalto-calendario-linha cobalto-calendario-linha-impar\"><span class=\"cobalto-calendario-tipo\" style=\"background:#9FC6E7\" title=\"2019 - Calend\u00e1rio Acad\u00eamico - Odontologia\"><\/span><span class=\"cobalto-calendario-dia\"><strong>19 Quinta<\/strong><\/span><span class=\"cobalto-calendario-descricao\"><span class=\"cobalto-evento-item-hora\"><\/span>Data limite para ingresso em 2019-1 (Odontologia)<\/span><\/div><div class=\"cobalto-calendario-linha cobalto-calendario-linha-par\"><span class=\"cobalto-calendario-tipo\" style=\"background:#4986E7\" title=\"2019 - Feriados e Pontos Facultativos\"><\/span><span class=\"cobalto-calendario-dia\"><strong>20 Sexta<\/strong><\/span><span class=\"cobalto-calendario-descricao\"><span class=\"cobalto-evento-item-hora\"><\/span>Feriado: Revolu\u00e7\u00e3o Farroupilha<\/span><\/div><div class=\"cobalto-calendario-linha cobalto-calendario-linha-impar\"><span class=\"cobalto-calendario-tipo\" style=\"background:#9FC6E7\" title=\"2019 - Calend\u00e1rio Acad\u00eamico - Odontologia\"><\/span><span class=\"cobalto-calendario-dia\"><strong>27 Sexta<\/strong><\/span><span class=\"cobalto-calendario-descricao\"><span class=\"cobalto-evento-item-hora\"><\/span>Prazo para envio da declara\u00e7\u00e3o de abandono de curso (Odontologia)<\/span><\/div><div class=\"cobalto-calendario-linha cobalto-calendario-linha-par\"><span class=\"cobalto-calendario-tipo\" style=\"background:#9FC6E7\" title=\"2019 - Calend\u00e1rio Acad\u00eamico - Odontologia\"><\/span><span class=\"cobalto-calendario-dia\"><strong>30 Segunda<\/strong><\/span><span class=\"cobalto-calendario-descricao\"><span class=\"cobalto-evento-item-hora\"><\/span>IN\u00cdCIO: Per\u00edodo para trancamento de componentes curriculares (disciplinas) (Odontologia)<\/span><\/div><div class=\"cobalto-calendario-linha cobalto-calendario-linha-par\"><span class=\"cobalto-calendario-tipo\" style=\"background:#16A765\" title=\"2019 - Calend\u00e1rio Acad\u00eamico\"><\/span><span class=\"cobalto-calendario-dia\"><strong><\/strong><\/span><span class=\"cobalto-calendario-descricao\"><span class=\"cobalto-evento-item-hora\"><\/span>Fim do per\u00edodo para inscri\u00e7\u00e3o no Programa de Mobilidade Acad\u00eamica Nacional 2020\/1<\/span><\/div><div class=\"cobalto-calendario-mes\"><strong>Outubro \/ 2019<\/strong><\/div><div class=\"cobalto-calendario-linha cobalto-calendario-linha-impar\"><span class=\"cobalto-calendario-tipo\" style=\"background:#9FC6E7\" title=\"2019 - Calend\u00e1rio Acad\u00eamico - Odontologia\"><\/span><span class=\"cobalto-calendario-dia\"><strong>05 S\u00e1bado<\/strong><\/span><span class=\"cobalto-calendario-descricao\"><span class=\"cobalto-evento-item-hora\"><\/span>FIM: Per\u00edodo para trancamento de componentes curriculares (disciplinas) (Odontologia)<\/span><\/div><div class=\"cobalto-calendario-linha cobalto-calendario-linha-par\"><span class=\"cobalto-calendario-tipo\" style=\"background:#16A765\" title=\"2019 - Calend\u00e1rio Acad\u00eamico\"><\/span><span class=\"cobalto-calendario-dia\"><strong>07 Segunda<\/strong><\/span><span class=\"cobalto-calendario-descricao\"><span class=\"cobalto-evento-item-hora\"><\/span>IN\u00cdCIO: Per\u00edodo de inscri\u00e7\u00e3o para Transfer\u00eancia, Reop\u00e7\u00e3o, Reingresso e Portador de T\u00edtulo 2020\/1<\/span><\/div><div class=\"cobalto-calendario-linha cobalto-calendario-linha-impar\"><span class=\"cobalto-calendario-tipo\" style=\"background:#16A765\" title=\"2019 - Calend\u00e1rio Acad\u00eamico\"><\/span><span class=\"cobalto-calendario-dia\"><strong>11 Sexta<\/strong><\/span><span class=\"cobalto-calendario-descricao\"><span class=\"cobalto-evento-item-hora\"><\/span>Data limite para as Unidades Acad\u00eamicas divulgarem as datas das cola\u00e7\u00f5es de grau de 2019\/2<\/span><\/div><div class=\"cobalto-calendario-linha cobalto-calendario-linha-impar\"><span class=\"cobalto-calendario-tipo\" style=\"background:#16A765\" title=\"2019 - Calend\u00e1rio Acad\u00eamico\"><\/span><span class=\"cobalto-calendario-dia\"><strong><\/strong><\/span><span class=\"cobalto-calendario-descricao\"><span class=\"cobalto-evento-item-hora\"><\/span>FIM: Per\u00edodo de inscri\u00e7\u00e3o para Transfer\u00eancia, Reop\u00e7\u00e3o, Reingresso e Portador de T\u00edtulo 2020\/1<\/span><\/div><div class=\"cobalto-calendario-linha cobalto-calendario-linha-par\"><span class=\"cobalto-calendario-tipo\" style=\"background:#4986E7\" title=\"2019 - Feriados e Pontos Facultativos\"><\/span><span class=\"cobalto-calendario-dia\"><strong>12 S\u00e1bado<\/strong><\/span><span class=\"cobalto-calendario-descricao\"><span class=\"cobalto-evento-item-hora\"><\/span>Feriado: Nossa Senhora Aparecida<\/span><\/div><div class=\"cobalto-calendario-linha cobalto-calendario-linha-impar\"><span class=\"cobalto-calendario-tipo\" style=\"background:#FF7537\" title=\"2019 - Editais, Eventos e Recesso\"><\/span><span class=\"cobalto-calendario-dia\"><strong>14 Segunda<\/strong><\/span><span class=\"cobalto-calendario-descricao\"><span class=\"cobalto-evento-item-hora\"><\/span>IN\u00cdCIO: Programa de Forma\u00e7\u00e3o de Professores<\/span><\/div><div class=\"cobalto-calendario-linha cobalto-calendario-linha-par\"><span class=\"cobalto-calendario-tipo\" style=\"background:#FF7537\" title=\"2019 - Editais, Eventos e Recesso\"><\/span><span class=\"cobalto-calendario-dia\"><strong>18 Sexta<\/strong><\/span><span class=\"cobalto-calendario-descricao\"><span class=\"cobalto-evento-item-hora\"><\/span>FIM: Programa de Forma\u00e7\u00e3o de Professores<\/span><\/div><div class=\"cobalto-calendario-linha cobalto-calendario-linha-impar\"><span class=\"cobalto-calendario-tipo\" style=\"background:#16A765\" title=\"2019 - Calend\u00e1rio Acad\u00eamico\"><\/span><span class=\"cobalto-calendario-dia\"><strong>21 Segunda<\/strong><\/span><span class=\"cobalto-calendario-descricao\"><span class=\"cobalto-evento-item-hora\"><\/span>IN\u00cdCIO: Semana Integrada Ensino, Pesquisa, Extens\u00e3o e Inova\u00e7\u00e3o- CIC\/CEC\/CEG\/ENPOS<\/span><\/div><div class=\"cobalto-calendario-linha cobalto-calendario-linha-par\"><span class=\"cobalto-calendario-tipo\" style=\"background:#16A765\" title=\"2019 - Calend\u00e1rio Acad\u00eamico\"><\/span><span class=\"cobalto-calendario-dia\"><strong>25 Sexta<\/strong><\/span><span class=\"cobalto-calendario-descricao\"><span class=\"cobalto-evento-item-hora\"><\/span>Data limite para os discentes se cadastrarem como prov\u00e1veis formandos do per\u00edodo (2019\/2) no colegiado de curso<\/span><\/div><div class=\"cobalto-calendario-linha cobalto-calendario-linha-par\"><span class=\"cobalto-calendario-tipo\" style=\"background:#16A765\" title=\"2019 - Calend\u00e1rio Acad\u00eamico\"><\/span><span class=\"cobalto-calendario-dia\"><strong><\/strong><\/span><span class=\"cobalto-calendario-descricao\"><span class=\"cobalto-evento-item-hora\"><\/span>FIM: Semana Integrada Ensino, Pesquisa, Extens\u00e3o e Inova\u00e7\u00e3o- CIC\/CEC\/CEG\/ENPOS<\/span><\/div><div class=\"cobalto-calendario-linha cobalto-calendario-linha-impar\"><span class=\"cobalto-calendario-tipo\" style=\"background:#4986E7\" title=\"2019 - Feriados e Pontos Facultativos\"><\/span><span class=\"cobalto-calendario-dia\"><strong>28 Segunda<\/strong><\/span><span class=\"cobalto-calendario-descricao\"><span class=\"cobalto-evento-item-hora\"><\/span>Ponto Facultativo: Dia do Servidor P\u00fablico<\/span><\/div><div class=\"cobalto-calendario-mes\"><strong>Novembro \/ 2019<\/strong><\/div><div class=\"cobalto-calendario-linha cobalto-calendario-linha-par\"><span class=\"cobalto-calendario-tipo\" style=\"background:#4986E7\" title=\"2019 - Feriados e Pontos Facultativos\"><\/span><span class=\"cobalto-calendario-dia\"><strong>02 S\u00e1bado<\/strong><\/span><span class=\"cobalto-calendario-descricao\"><span class=\"cobalto-evento-item-hora\"><\/span>Feriado: Finados<\/span><\/div><div class=\"cobalto-calendario-linha cobalto-calendario-linha-impar\"><span class=\"cobalto-calendario-tipo\" style=\"background:#16A765\" title=\"2019 - Calend\u00e1rio Acad\u00eamico\"><\/span><span class=\"cobalto-calendario-dia\"><strong>04 Segunda<\/strong><\/span><span class=\"cobalto-calendario-descricao\"><span class=\"cobalto-evento-item-hora\"><\/span>IN\u00cdCIO: Per\u00edodo de solicita\u00e7\u00e3o de Aproveitamento de Disciplinas 2019\/2 nos colegiados de curso<\/span><\/div><div class=\"cobalto-calendario-linha cobalto-calendario-linha-impar\"><span class=\"cobalto-calendario-tipo\" style=\"background:#9FC6E7\" title=\"2019 - Calend\u00e1rio Acad\u00eamico - Odontologia\"><\/span><span class=\"cobalto-calendario-dia\"><strong><\/strong><\/span><span class=\"cobalto-calendario-descricao\"><span class=\"cobalto-evento-item-hora\"><\/span>IN\u00cdCIO: Solicita\u00e7\u00e3o de aproveitamento de disciplinas (Odontologia)<\/span><\/div><div class=\"cobalto-calendario-linha cobalto-calendario-linha-par\"><span class=\"cobalto-calendario-tipo\" style=\"background:#16A765\" title=\"2019 - Calend\u00e1rio Acad\u00eamico\"><\/span><span class=\"cobalto-calendario-dia\"><strong>08 Sexta<\/strong><\/span><span class=\"cobalto-calendario-descricao\"><span class=\"cobalto-evento-item-hora\"><\/span>FIM: Per\u00edodo de solicita\u00e7\u00e3o de Aproveitamento de Disciplinas 2019\/2 nos colegiados de curso<\/span><\/div><div class=\"cobalto-calendario-linha cobalto-calendario-linha-par\"><span class=\"cobalto-calendario-tipo\" style=\"background:#9FC6E7\" title=\"2019 - Calend\u00e1rio Acad\u00eamico - Odontologia\"><\/span><span class=\"cobalto-calendario-dia\"><strong><\/strong><\/span><span class=\"cobalto-calendario-descricao\"><span class=\"cobalto-evento-item-hora\"><\/span>FIM: Solicita\u00e7\u00e3o de aproveitamento de disciplinas (Odontologia)<\/span><\/div><div class=\"cobalto-calendario-linha cobalto-calendario-linha-impar\"><span class=\"cobalto-calendario-tipo\" style=\"background:#16A765\" title=\"2019 - Calend\u00e1rio Acad\u00eamico\"><\/span><span class=\"cobalto-calendario-dia\"><strong>11 Segunda<\/strong><\/span><span class=\"cobalto-calendario-descricao\"><span class=\"cobalto-evento-item-hora\"><\/span>In\u00edcio do per\u00edodo de avalia\u00e7\u00e3o de componentes curriculares (disciplinas) 2019\/2 (Avalia\u00e7\u00e3o realizada pelos discentes no Sistema Acad\u00eamico)<\/span><\/div><div class=\"cobalto-calendario-linha cobalto-calendario-linha-par\"><span class=\"cobalto-calendario-tipo\" style=\"background:#4986E7\" title=\"2019 - Feriados e Pontos Facultativos\"><\/span><span class=\"cobalto-calendario-dia\"><strong>15 Sexta<\/strong><\/span><span class=\"cobalto-calendario-descricao\"><span class=\"cobalto-evento-item-hora\"><\/span>Feriado: Proclama\u00e7\u00e3o da Rep\u00fablica<\/span><\/div><div class=\"cobalto-calendario-linha cobalto-calendario-linha-impar\"><span class=\"cobalto-calendario-tipo\" style=\"background:#16A765\" title=\"2019 - Calend\u00e1rio Acad\u00eamico\"><\/span><span class=\"cobalto-calendario-dia\"><strong>22 Sexta<\/strong><\/span><span class=\"cobalto-calendario-descricao\"><span class=\"cobalto-evento-item-hora\"><\/span>Data limite para os colegiados solicitarem aos Deptos\/C\u00e2maras de Ensino as ofertas 2020\/1<\/span><\/div><div class=\"cobalto-calendario-linha cobalto-calendario-linha-par\"><span class=\"cobalto-calendario-tipo\" style=\"background:#16A765\" title=\"2019 - Calend\u00e1rio Acad\u00eamico\"><\/span><span class=\"cobalto-calendario-dia\"><strong>29 Sexta<\/strong><\/span><span class=\"cobalto-calendario-descricao\"><span class=\"cobalto-evento-item-hora\"><\/span>Data limite para os Deptos\/C\u00e2maras de Ensino informarem as ofertas 2020\/1 aos colegiados<\/span><\/div><div class=\"cobalto-calendario-mes\"><strong>Dezembro \/ 2019<\/strong><\/div><div class=\"cobalto-calendario-linha cobalto-calendario-linha-impar\"><span class=\"cobalto-calendario-tipo\" style=\"background:#16A765\" title=\"2019 - Calend\u00e1rio Acad\u00eamico\"><\/span><span class=\"cobalto-calendario-dia\"><strong>09 Segunda<\/strong><\/span><span class=\"cobalto-calendario-descricao\"><span class=\"cobalto-evento-item-hora\"><\/span>IN\u00cdCIO: Per\u00edodo de digita\u00e7\u00e3o das ofertas 2020\/1 pelos Colegiados<\/span><\/div><div class=\"cobalto-calendario-linha cobalto-calendario-linha-par\"><span class=\"cobalto-calendario-tipo\" style=\"background:#9FC6E7\" title=\"2019 - Calend\u00e1rio Acad\u00eamico - Odontologia\"><\/span><span class=\"cobalto-calendario-dia\"><strong>11 Quarta<\/strong><\/span><span class=\"cobalto-calendario-descricao\"><span class=\"cobalto-evento-item-hora\"><\/span>FIM: Prazo final para alunos regularmente matriculados solicitarem trancamento geral de matr\u00edcula na CRA<\/span><\/div><div class=\"cobalto-calendario-linha cobalto-calendario-linha-impar\"><span class=\"cobalto-calendario-tipo\" style=\"background:#16A765\" title=\"2019 - Calend\u00e1rio Acad\u00eamico\"><\/span><span class=\"cobalto-calendario-dia\"><strong>13 Sexta<\/strong><\/span><span class=\"cobalto-calendario-descricao\"><span class=\"cobalto-evento-item-hora\"><\/span>Prazo final para colegiados cadastrarem no sistema acad\u00eamico os prov\u00e1veis formandos 2019\/2<\/span><\/div><div class=\"cobalto-calendario-linha cobalto-calendario-linha-impar\"><span class=\"cobalto-calendario-tipo\" style=\"background:#16A765\" title=\"2019 - Calend\u00e1rio Acad\u00eamico\"><\/span><span class=\"cobalto-calendario-dia\"><strong><\/strong><\/span><span class=\"cobalto-calendario-descricao\"><span class=\"cobalto-evento-item-hora\"><\/span>Prazo final para alunos regularmente matriculados solicitarem trancamento geral de matr\u00edcula na CRA<\/span><\/div><div class=\"cobalto-calendario-linha cobalto-calendario-linha-impar\"><span class=\"cobalto-calendario-tipo\" style=\"background:#16A765\" title=\"2019 - Calend\u00e1rio Acad\u00eamico\"><\/span><span class=\"cobalto-calendario-dia\"><strong><\/strong><\/span><span class=\"cobalto-calendario-descricao\"><span class=\"cobalto-evento-item-hora\"><\/span>FIM: Per\u00edodo de digita\u00e7\u00e3o das ofertas 2020\/1 pelos Colegiados<\/span><\/div><div class=\"cobalto-calendario-linha cobalto-calendario-linha-par\"><span class=\"cobalto-calendario-tipo\" style=\"background:#16A765\" title=\"2019 - Calend\u00e1rio Acad\u00eamico\"><\/span><span class=\"cobalto-calendario-dia\"><strong>14 S\u00e1bado<\/strong><\/span><span class=\"cobalto-calendario-descricao\"><span class=\"cobalto-evento-item-hora\"><\/span>\u00daltimo dia letivo de 2019\/2<\/span><\/div><div class=\"cobalto-calendario-linha cobalto-calendario-linha-impar\"><span class=\"cobalto-calendario-tipo\" style=\"background:#16A765\" title=\"2019 - Calend\u00e1rio Acad\u00eamico\"><\/span><span class=\"cobalto-calendario-dia\"><strong>16 Segunda<\/strong><\/span><span class=\"cobalto-calendario-descricao\"><span class=\"cobalto-evento-item-hora\"><\/span>IN\u00cdCIO: Per\u00edodo de exames 2019\/2<\/span><\/div><div class=\"cobalto-calendario-linha cobalto-calendario-linha-par\"><span class=\"cobalto-calendario-tipo\" style=\"background:#16A765\" title=\"2019 - Calend\u00e1rio Acad\u00eamico\"><\/span><span class=\"cobalto-calendario-dia\"><strong>20 Sexta<\/strong><\/span><span class=\"cobalto-calendario-descricao\"><span class=\"cobalto-evento-item-hora\"><\/span>Data limite para os Departamentos  ou C\u00e2maras de Ensino confirmarem as ofertas 2020\/1<\/span><\/div><div class=\"cobalto-calendario-linha cobalto-calendario-linha-par\"><span class=\"cobalto-calendario-tipo\" style=\"background:#16A765\" title=\"2019 - Calend\u00e1rio Acad\u00eamico\"><\/span><span class=\"cobalto-calendario-dia\"><strong><\/strong><\/span><span class=\"cobalto-calendario-descricao\"><span class=\"cobalto-evento-item-hora\"><\/span>Data limite para solicita\u00e7\u00e3o de salas \u00e0 SACE (Se\u00e7\u00e3o de Aloca\u00e7\u00e3o e Compartilhamento de Espa\u00e7os)<\/span><\/div><div class=\"cobalto-calendario-linha cobalto-calendario-linha-impar\"><span class=\"cobalto-calendario-tipo\" style=\"background:#16A765\" title=\"2019 - Calend\u00e1rio Acad\u00eamico\"><\/span><span class=\"cobalto-calendario-dia\"><strong>21 S\u00e1bado<\/strong><\/span><span class=\"cobalto-calendario-descricao\"><span class=\"cobalto-evento-item-hora\"><\/span>FIM: Per\u00edodo de exames 2019\/2<\/span><\/div><div class=\"cobalto-calendario-linha cobalto-calendario-linha-par\"><span class=\"cobalto-calendario-tipo\" style=\"background:#FF7537\" title=\"2019 - Editais, Eventos e Recesso\"><\/span><span class=\"cobalto-calendario-dia\"><strong>23 Segunda<\/strong><\/span><span class=\"cobalto-calendario-descricao\"><span class=\"cobalto-evento-item-hora\"><\/span>IN\u00cdCIO: Per\u00edodo de Recesso<\/span><\/div><div class=\"cobalto-calendario-linha cobalto-calendario-linha-impar\"><span class=\"cobalto-calendario-tipo\" style=\"background:#16A765\" title=\"2019 - Calend\u00e1rio Acad\u00eamico\"><\/span><span class=\"cobalto-calendario-dia\"><strong>24 Ter\u00e7a<\/strong><\/span><span class=\"cobalto-calendario-descricao\"><span class=\"cobalto-evento-item-hora\"><\/span>Fim do per\u00edodo de digita\u00e7\u00e3o das notas 2019\/2<\/span><\/div><div class=\"cobalto-calendario-linha cobalto-calendario-linha-par\"><span class=\"cobalto-calendario-tipo\" style=\"background:#4986E7\" title=\"2019 - Feriados e Pontos Facultativos\"><\/span><span class=\"cobalto-calendario-dia\"><strong>25 Quarta<\/strong><\/span><span class=\"cobalto-calendario-descricao\"><span class=\"cobalto-evento-item-hora\"><\/span>Feriado: Natal<\/span><\/div><div class=\"cobalto-calendario-linha cobalto-calendario-linha-impar\"><span class=\"cobalto-calendario-tipo\" style=\"background:#16A765\" title=\"2019 - Calend\u00e1rio Acad\u00eamico\"><\/span><span class=\"cobalto-calendario-dia\"><strong>27 Sexta<\/strong><\/span><span class=\"cobalto-calendario-descricao\"><span class=\"cobalto-evento-item-hora\"><\/span>Fim do per\u00edodo de avalia\u00e7\u00e3o de componentes curriculares (disciplinas) 2019\/2 (Avalia\u00e7\u00e3o realizada pelos discentes no Sistema Acad\u00eamico)<\/span><\/div><div class=\"cobalto-calendario-mes\"><strong>Janeiro \/ 2020<\/strong><\/div><div class=\"cobalto-calendario-linha cobalto-calendario-linha-par\"><span class=\"cobalto-calendario-tipo\" style=\"background:#9FC6E7\" title=\"2019 - Calend\u00e1rio Acad\u00eamico - Odontologia\"><\/span><span class=\"cobalto-calendario-dia\"><strong>03 Sexta<\/strong><\/span><span class=\"cobalto-calendario-descricao\"><span class=\"cobalto-evento-item-hora\"><\/span>\u00daltimo dia letivo de 2019\/2 (Odontologia)<\/span><\/div><div class=\"cobalto-calendario-linha cobalto-calendario-linha-par\"><span class=\"cobalto-calendario-tipo\" style=\"background:#FF7537\" title=\"2019 - Editais, Eventos e Recesso\"><\/span><span class=\"cobalto-calendario-dia\"><strong><\/strong><\/span><span class=\"cobalto-calendario-descricao\"><span class=\"cobalto-evento-item-hora\"><\/span>FIM: Per\u00edodo de Recesso<\/span><\/div><div class=\"cobalto-calendario-linha cobalto-calendario-linha-impar\"><span class=\"cobalto-calendario-tipo\" style=\"background:#9FC6E7\" title=\"2019 - Calend\u00e1rio Acad\u00eamico - Odontologia\"><\/span><span class=\"cobalto-calendario-dia\"><strong>04 S\u00e1bado<\/strong><\/span><span class=\"cobalto-calendario-descricao\"><span class=\"cobalto-evento-item-hora\"><\/span>IN\u00cdCIO: Per\u00edodo de Exames 2019\/2 (Odontologia)<\/span><\/div><div class=\"cobalto-calendario-linha cobalto-calendario-linha-par\"><span class=\"cobalto-calendario-tipo\" style=\"background:#9FC6E7\" title=\"2019 - Calend\u00e1rio Acad\u00eamico - Odontologia\"><\/span><span class=\"cobalto-calendario-dia\"><strong>10 Sexta<\/strong><\/span><span class=\"cobalto-calendario-descricao\"><span class=\"cobalto-evento-item-hora\"><\/span>FIM: Per\u00edodo de Exames 2019\/2 (Odontologia)<\/span><\/div><div class=\"cobalto-calendario-linha cobalto-calendario-linha-impar\"><span class=\"cobalto-calendario-tipo\" style=\"background:#9FC6E7\" title=\"2019 - Calend\u00e1rio Acad\u00eamico - Odontologia\"><\/span><span class=\"cobalto-calendario-dia\"><strong>15 Quarta<\/strong><\/span><span class=\"cobalto-calendario-descricao\"><span class=\"cobalto-evento-item-hora\"><\/span>Prazo final de para o encerramento das avalia\u00e7\u00f5es 2019-2 no sistema acad\u00eamico (Odontologia)<\/span><\/div><div class=\"cobalto-calendario-mes\"><strong>Novembro \/ 2020<\/strong><\/div><div class=\"cobalto-calendario-linha cobalto-calendario-linha-par\"><span class=\"cobalto-calendario-tipo\" style=\"background:#FF7537\" title=\"2019 - Editais, Eventos e Recesso\"><\/span><span class=\"cobalto-calendario-dia\"><strong>15 Domingo<\/strong><\/span><span class=\"cobalto-calendario-descricao\"><span class=\"cobalto-evento-item-hora\"><\/span>Feriado - Proclama\u00e7\u00e3o da Rep\u00fablica<\/span><\/div><div class=\"cobalto-calendario-mes\"><strong>Dezembro \/ 2020<\/strong><\/div><div class=\"cobalto-calendario-linha cobalto-calendario-linha-impar\"><span class=\"cobalto-calendario-tipo\" style=\"background:#FF7537\" title=\"2019 - Editais, Eventos e Recesso\"><\/span><span class=\"cobalto-calendario-dia\"><strong>21 Segunda<\/strong><\/span><span class=\"cobalto-calendario-descricao\"><span class=\"cobalto-evento-item-hora\"><\/span>IN\u00cdCIO: Recesso Acad\u00eamico<\/span><\/div><div class=\"cobalto-calendario-linha cobalto-calendario-linha-par\"><span class=\"cobalto-calendario-tipo\" style=\"background:#FF7537\" title=\"2019 - Editais, Eventos e Recesso\"><\/span><span class=\"cobalto-calendario-dia\"><strong>31 Quinta<\/strong><\/span><span class=\"cobalto-calendario-descricao\"><span class=\"cobalto-evento-item-hora\"><\/span>FIM: Recesso Acad\u00eamico<\/span><\/div><div class=\"cobalto-calendario-legenda\"><div class=\"cobalto-calendario-legenda-item\"><span class=\"cobalto-calendario-tipo\" style=\"background:#4986E7\"><\/span> 2019 - Feriados e Pontos Facultativos<\/div><div class=\"cobalto-calendario-legenda-item\"><span class=\"cobalto-calendario-tipo\" style=\"background:#9FC6E7\"><\/span> 2019 - Calend\u00e1rio Acad\u00eamico - Odontologia<\/div><div class=\"cobalto-calendario-legenda-item\"><span class=\"cobalto-calendario-tipo\" style=\"background:#FF7537\"><\/span> 2019 - Editais, Eventos e Recesso<\/div><div class=\"cobalto-calendario-legenda-item\"><span class=\"cobalto-calendario-tipo\" style=\"background:#16A765\"><\/span> 2019 - Calend\u00e1rio Acad\u00eamico<\/div><\/div><\/div> <!-- .dados-cobalto -->\n","protected":false},"excerpt":{"rendered":"","protected":false},"author":667,"featured_media":0,"parent":428,"menu_order":0,"comment_status":"closed","ping_status":"closed","template":"","meta":{"advanced_seo_description":"","jetpack_seo_html_title":"","jetpack_seo_noindex":false,"jetpack_post_was_ever_published":false,"footnotes":""},"class_list":["post-3092","page","type-page","status-publish","hentry"],"jetpack_sharing_enabled":true,"jetpack_shortlink":"https:\/\/wp.me\/P70cyI-NS","jetpack-related-posts":[],"_links":{"self":[{"href":"https:\/\/wp.ufpel.edu.br\/cra\/wp-json\/wp\/v2\/pages\/3092","targetHints":{"allow":["GET"]}}],"collection":[{"href":"https:\/\/wp.ufpel.edu.br\/cra\/wp-json\/wp\/v2\/pages"}],"about":[{"href":"https:\/\/wp.ufpel.edu.br\/cra\/wp-json\/wp\/v2\/types\/page"}],"author":[{"embeddable":true,"href":"https:\/\/wp.ufpel.edu.br\/cra\/wp-json\/wp\/v2\/users\/667"}],"replies":[{"embeddable":true,"href":"https:\/\/wp.ufpel.edu.br\/cra\/wp-json\/wp\/v2\/comments?post=3092"}],"version-history":[{"count":9,"href":"https:\/\/wp.ufpel.edu.br\/cra\/wp-json\/wp\/v2\/pages\/3092\/revisions"}],"predecessor-version":[{"id":7864,"href":"https:\/\/wp.ufpel.edu.br\/cra\/wp-json\/wp\/v2\/pages\/3092\/revisions\/7864"}],"up":[{"embeddable":true,"href":"https:\/\/wp.ufpel.edu.br\/cra\/wp-json\/wp\/v2\/pages\/428"}],"wp:attachment":[{"href":"https:\/\/wp.ufpel.edu.br\/cra\/wp-json\/wp\/v2\/media?parent=3092"}],"curies":[{"name":"wp","href":"https:\/\/api.w.org\/{rel}","templated":true}]}}