{"id":285,"date":"2015-11-20T11:36:35","date_gmt":"2015-11-20T13:36:35","guid":{"rendered":"https:\/\/wp.ufpel.edu.br\/cra\/?page_id=285"},"modified":"2025-08-26T11:13:38","modified_gmt":"2025-08-26T14:13:38","slug":"pec-g","status":"publish","type":"page","link":"https:\/\/wp.ufpel.edu.br\/cra\/formas-de-ingresso\/pec-g\/","title":{"rendered":"Programa de Estudante Conv\u00eanio de Gradua\u00e7\u00e3o (PEC-G)"},"content":{"rendered":"\n<p>Se voc\u00ea foi selecionado para o Programa de Estudantes-Conv\u00eanio de Gradua\u00e7\u00e3o (PEC-G), consulte as orienta\u00e7\u00f5es para sua matr\u00edcula na UFPel.<\/p>\n\n\n\n<hr class=\"wp-block-separator has-alpha-channel-opacity\"\/>\n\n\n\n<h2 class=\"wp-block-heading\" style=\"font-size:16px\">Como realizar a matr\u00edcula?<\/h2>\n\n\n\n<p class=\"has-16-undefined-undefined-font-size\">Para garantir sua vaga e se matricular na UFPel, voc\u00ea precisa apresentar os seguintes documentos:<\/p>\n\n\n\n<ul class=\"wp-block-list has-16-undefined-undefined-font-size\">\n<li>Passaporte com registro de visto tempor\u00e1rio;<\/li>\n\n\n\n<li>Carta de apresenta\u00e7\u00e3o da Embaixada do Brasil dirigida \u00e0 UFPel;<\/li>\n\n\n\n<li>Certid\u00e3o de nascimento (legalizada pela autoridade consular brasileira);<\/li>\n\n\n\n<li>Certificado de conclus\u00e3o do ensino m\u00e9dio ou equivalente;<\/li>\n\n\n\n<li>Declara\u00e7\u00e3o-compromisso sobre as condi\u00e7\u00f5es gerais do PEC-G;<\/li>\n\n\n\n<li>Uma fotografia 3&#215;4.<\/li>\n<\/ul>\n\n\n\n<p><strong>Observa\u00e7\u00e3o importante:<\/strong>\u00a0O seu certificado do ensino m\u00e9dio pode ser autenticado pela embaixada brasileira no seu pa\u00eds. Esse procedimento dispensa a necessidade de tradu\u00e7\u00e3o juramentada ou revalida\u00e7\u00e3o do documento no Brasil.<\/p>\n\n\n\n<hr class=\"wp-block-separator has-alpha-channel-opacity\"\/>\n\n\n\n<h2 class=\"wp-block-heading\" style=\"font-size:16px\">Como solicitar a transfer\u00eancia?<\/h2>\n\n\n\n<p>Se voc\u00ea j\u00e1 \u00e9 um estudante do PEC-G em outra universidade brasileira, pode transferir-se para a UFPel. Para isso, \u00e9 preciso seguir algumas regras:<\/p>\n\n\n\n<ul class=\"wp-block-list\">\n<li>Voc\u00ea precisa ter conclu\u00eddo, no m\u00ednimo, o primeiro ano de estudos na sua universidade de origem.<\/li>\n\n\n\n<li>A transfer\u00eancia s\u00f3 pode ser para o\u00a0<strong>mesmo curso<\/strong>\u00a0para o qual voc\u00ea foi selecionado originalmente no PEC-G.<\/li>\n<\/ul>\n\n\n\n<h2 class=\"wp-block-heading\" style=\"font-size:16px\">Etapas:<\/h2>\n\n\n\n<ol class=\"wp-block-list\">\n<li><strong>Fa\u00e7a o Pedido<\/strong>: Voc\u00ea precisa apresentar a justificativa e seus documentos \u00e0 <a href=\"https:\/\/wp.ufpel.edu.br\/international\/\">Coordena\u00e7\u00e3o de Rela\u00e7\u00f5es Internacionais<\/a>.<\/li>\n\n\n\n<li><strong>An\u00e1lise<\/strong>: O seu pedido passar\u00e1 pela an\u00e1lise do Colegiado do Curso e do Conselho Coordenador do Ensino, da Pesquisa e da Extens\u00e3o (Cocepe).\u00a0 <\/li>\n<\/ol>\n\n\n\n<hr class=\"wp-block-separator has-alpha-channel-opacity\"\/>\n\n\n\n<h2 class=\"wp-block-heading has-16-undefined-undefined-font-size\" style=\"font-size:16px\">Base legal:<\/h2>\n\n\n\n<p class=\"has-16-undefined-undefined-font-size\"><a href=\"http:\/\/www.planalto.gov.br\/ccivil_03\/_Ato2011-2014\/2013\/Decreto\/D7948.htm\">Decreto Federal N\u00b0 7.948\/2013<\/a><\/p>\n\n\n\n<p><\/p>\n","protected":false},"excerpt":{"rendered":"<p>Se voc\u00ea foi selecionado para o Programa de Estudantes-Conv\u00eanio de Gradua\u00e7\u00e3o (PEC-G), consulte as orienta\u00e7\u00f5es para sua matr\u00edcula na UFPel. Como realizar a matr\u00edcula? Para garantir sua vaga e se matricular na UFPel, voc\u00ea precisa apresentar os seguintes documentos: Observa\u00e7\u00e3o importante:\u00a0O seu certificado do ensino m\u00e9dio pode ser autenticado pela embaixada brasileira no seu pa\u00eds. [&hellip;]<\/p>\n","protected":false},"author":341,"featured_media":0,"parent":6202,"menu_order":0,"comment_status":"closed","ping_status":"closed","template":"","meta":{"advanced_seo_description":"","jetpack_seo_html_title":"","jetpack_seo_noindex":false,"jetpack_post_was_ever_published":false,"footnotes":""},"class_list":["post-285","page","type-page","status-publish","hentry"],"jetpack_sharing_enabled":true,"jetpack_shortlink":"https:\/\/wp.me\/P70cyI-4B","jetpack-related-posts":[],"_links":{"self":[{"href":"https:\/\/wp.ufpel.edu.br\/cra\/wp-json\/wp\/v2\/pages\/285","targetHints":{"allow":["GET"]}}],"collection":[{"href":"https:\/\/wp.ufpel.edu.br\/cra\/wp-json\/wp\/v2\/pages"}],"about":[{"href":"https:\/\/wp.ufpel.edu.br\/cra\/wp-json\/wp\/v2\/types\/page"}],"author":[{"embeddable":true,"href":"https:\/\/wp.ufpel.edu.br\/cra\/wp-json\/wp\/v2\/users\/341"}],"replies":[{"embeddable":true,"href":"https:\/\/wp.ufpel.edu.br\/cra\/wp-json\/wp\/v2\/comments?post=285"}],"version-history":[{"count":4,"href":"https:\/\/wp.ufpel.edu.br\/cra\/wp-json\/wp\/v2\/pages\/285\/revisions"}],"predecessor-version":[{"id":11925,"href":"https:\/\/wp.ufpel.edu.br\/cra\/wp-json\/wp\/v2\/pages\/285\/revisions\/11925"}],"up":[{"embeddable":true,"href":"https:\/\/wp.ufpel.edu.br\/cra\/wp-json\/wp\/v2\/pages\/6202"}],"wp:attachment":[{"href":"https:\/\/wp.ufpel.edu.br\/cra\/wp-json\/wp\/v2\/media?parent=285"}],"curies":[{"name":"wp","href":"https:\/\/api.w.org\/{rel}","templated":true}]}}