{"id":13257,"date":"2026-07-21T12:24:35","date_gmt":"2026-07-21T15:24:35","guid":{"rendered":"https:\/\/wp.ufpel.edu.br\/cra\/?page_id=13257"},"modified":"2026-08-03T14:55:42","modified_gmt":"2026-08-03T17:55:42","slug":"edicoes-anteriores","status":"publish","type":"page","link":"https:\/\/wp.ufpel.edu.br\/cra\/editais\/editais-processo-seletivo-complementar\/edicoes-anteriores\/","title":{"rendered":"Complementar &#8211; Edi\u00e7\u00f5es anteriores"},"content":{"rendered":"<nav aria-label=\"Sum\u00e1rio\" class=\"wp-block-table-of-contents\"><ul><li><a class=\"wp-block-table-of-contents__entry\" href=\"#processo-seletivo-complementar-medicina-2026-1\">Processo seletivo complementar (Medicina) &#8211; 2026\/1<\/a><\/li><li><a class=\"wp-block-table-of-contents__entry\" href=\"#processo-seletivo-complementar-2026-1\">Processo seletivo complementar &#8211; 2026\/1<\/a><\/li><li><a class=\"wp-block-table-of-contents__entry\" href=\"#processo-seletivo-complementar-2025-2\">Processo seletivo complementar &#8211; 2025\/2<\/a><\/li><li><a class=\"wp-block-table-of-contents__entry\" href=\"#processo-seletivo-complementar-medicina-2025-1\">Processo seletivo complementar (Medicina) &#8211; 2025\/1<\/a><\/li><li><a class=\"wp-block-table-of-contents__entry\" href=\"#processo-seletivo-complementar-2025-1\">Processo seletivo complementar &#8211; 2025\/1<\/a><\/li><li><a class=\"wp-block-table-of-contents__entry\" href=\"#processo-seletivo-complementar-medicina-2024-2\">Processo seletivo complementar (Medicina) &#8211; 2024\/2<\/a><\/li><li><a class=\"wp-block-table-of-contents__entry\" href=\"#processo-seletivo-complementar-2024-2\">Processo seletivo complementar &#8211; 2024\/2<\/a><\/li><li><a class=\"wp-block-table-of-contents__entry\" href=\"#processo-seletivo-complementar-2024-1\">Processo seletivo complementar &#8211; 2024\/1<\/a><\/li><li><a class=\"wp-block-table-of-contents__entry\" href=\"#processo-seletivo-complementar-medicina-2023-2\">Processo seletivo complementar (Medicina) &#8211; 2023\/2<\/a><\/li><li><a class=\"wp-block-table-of-contents__entry\" href=\"#processo-seletivo-complementar-2023-2\">Processo seletivo complementar &#8211; 2023\/2<\/a><\/li><li><a class=\"wp-block-table-of-contents__entry\" href=\"#processo-seletivo-complementar-medicina-2023-1\">Processo seletivo complementar (Medicina) &#8211; 2023\/1<\/a><\/li><li><a class=\"wp-block-table-of-contents__entry\" href=\"#processo-seletivo-complementar-direito-2023-1\">Processo seletivo complementar (Direito) &#8211; 2023\/1<\/a><\/li><li><a class=\"wp-block-table-of-contents__entry\" href=\"#processo-seletivo-complementar-2023-1\">Processo seletivo complementar &#8211; 2023\/1<\/a><\/li><li><a class=\"wp-block-table-of-contents__entry\" href=\"#processo-seletivo-complementar-medicina-2022-2\">Processo seletivo complementar (Medicina) &#8211; 2022\/2<\/a><\/li><li><a class=\"wp-block-table-of-contents__entry\" href=\"#processo-seletivo-complementar-2022-2\">Processo seletivo complementar &#8211; 2022\/2<\/a><\/li><li><a class=\"wp-block-table-of-contents__entry\" href=\"#processo-seletivo-complementar-medicina-2022-1\">Processo seletivo complementar (Medicina) &#8211; 2022\/1<\/a><\/li><li><a class=\"wp-block-table-of-contents__entry\" href=\"#processo-seletivo-complementar-pec-g-2022-1\">Processo Seletivo Complementar (PEC-G) &#8211; 2022\/1<\/a><\/li><li><a class=\"wp-block-table-of-contents__entry\" href=\"#processo-seletivo-complementar-2022-1\">Processo seletivo complementar &#8211; 2022\/1<\/a><\/li><li><a class=\"wp-block-table-of-contents__entry\" href=\"#vestibular-uab-2022-2\">Processo seletivo complementar &#8211; 2021\/2<\/a><\/li><li><a class=\"wp-block-table-of-contents__entry\" href=\"#vestibular-uab-2022-2\">Processo seletivo complementar &#8211; 2021\/1<\/a><\/li><li><a class=\"wp-block-table-of-contents__entry\" href=\"#vestibular-uab-2022-2\">Portador de diploma simplificado &#8211; 2020\/1<\/a><\/li><li><a class=\"wp-block-table-of-contents__entry\" href=\"#vestibular-uab-2022-2\">Processo seletivo complementar (Medicina) &#8211; 2020\/1<\/a><\/li><li><a class=\"wp-block-table-of-contents__entry\" href=\"#vestibular-uab-2022-2\">Processo seletivo complementar &#8211; 2020\/1<\/a><\/li><li><a class=\"wp-block-table-of-contents__entry\" href=\"#vestibular-uab-2022-2\">Processo seletivo complementar (Medicina) &#8211; 2019\/2<\/a><\/li><li><a class=\"wp-block-table-of-contents__entry\" href=\"#vestibular-uab-2022-2\">Processo seletivo complementar &#8211; 2019\/2<\/a><\/li><li><a class=\"wp-block-table-of-contents__entry\" href=\"#vestibular-uab-2022-2\">Processo seletivo complementar (Medicina) &#8211; 2019\/1<\/a><\/li><li><a class=\"wp-block-table-of-contents__entry\" href=\"#vestibular-uab-2022-2\">Processo seletivo complementar (Medicina) &#8211; 2019\/1<\/a><\/li><li><a class=\"wp-block-table-of-contents__entry\" href=\"#vestibular-uab-2022-2\">Processo seletivo complementar &#8211; 2019\/1<\/a><\/li><li><a class=\"wp-block-table-of-contents__entry\" href=\"#vestibular-uab-2022-2\">Portador de diploma simplificado &#8211; 2018\/2<\/a><\/li><li><a class=\"wp-block-table-of-contents__entry\" href=\"#vestibular-uab-2022-2\">Processo seletivo complementar &#8211; 2018\/2<\/a><\/li><li><a class=\"wp-block-table-of-contents__entry\" href=\"#vestibular-uab-2022-2\">Processo seletivo complementar &#8211; 2018\/1<\/a><\/li><li><a class=\"wp-block-table-of-contents__entry\" href=\"#vestibular-uab-2022-2\">Portador de diploma simplificado &#8211; 2017\/2<\/a><\/li><li><a class=\"wp-block-table-of-contents__entry\" href=\"#vestibular-uab-2022-2\">Processo seletivo complementar &#8211; 2017\/2<\/a><\/li><li><a class=\"wp-block-table-of-contents__entry\" href=\"#vestibular-uab-2022-2\">Processo seletivo complementar &#8211; 2017\/1<\/a><\/li><li><a class=\"wp-block-table-of-contents__entry\" href=\"#vestibular-uab-2022-2\">Portador de diploma simplificado &#8211; 2016\/2<\/a><\/li><li><a class=\"wp-block-table-of-contents__entry\" href=\"#vestibular-uab-2022-2\">Processo seletivo complementar &#8211; 2016\/2<\/a><\/li><\/ul><\/nav>\n\n\n<hr class=\"wp-block-separator has-alpha-channel-opacity\"\/>\n\n\n\n<div class=\"wp-block-cra-blocks-cartao cra-cartao\"><div class=\"cra-cartao__inner\">\n<h2 id=\"processo-seletivo-complementar-medicina-2026-1\" class=\"wp-block-heading has-cra-color-primary-color has-text-color\" style=\"color:#00408F\">Processo seletivo complementar (Medicina) &#8211; 2026\/1<\/h2>\n\n\n\n<p class=\"wp-block-paragraph\">Oferta de vagas para Transfer\u00eancia, Reop\u00e7\u00e3o, Reingresso, Retomada de Estudos e Portador de diploma, com ingresso no semestre de 2026\/1.<\/p>\n<\/div><\/div>\n\n\n\n<div class=\"wp-block-cra-blocks-lista-etapas cra-lista-etapas\" data-active-tab=\"0\"><div class=\"cra-lista-etapas__nav-container\"><\/div><div class=\"cra-lista-etapas__content-container\">\n<div class=\"wp-block-cra-blocks-lista-etapa-item cra-lista-etapa-item\" data-tab-title=\"Inscri\u00e7\u00e3o\">\n<div class=\"wp-block-cra-blocks-lista-etapa-doc cra-etapa-doc\"><div class=\"cra-etapa-doc__text-col\"><a href=\"https:\/\/wp.ufpel.edu.br\/cra\/files\/2025\/10\/SEI_3400685_Edital_43_2025-2.pdf\" class=\"cra-etapa-doc__link\">Edital de abertura<\/a><\/div><div class=\"cra-etapa-doc__date-col\"><span class=\"cra-etapa-doc__date\">22\/10\/25<\/span><\/div><\/div>\n\n\n\n<div class=\"wp-block-cra-blocks-lista-etapa-doc cra-etapa-doc\"><div class=\"cra-etapa-doc__text-col\"><a href=\"https:\/\/cobalto.ufpel.edu.br\/academico\/processoSeletivo\/fichaOnline\" class=\"cra-etapa-doc__link\">Inscri\u00e7\u00e3o<\/a><\/div><div class=\"cra-etapa-doc__date-col\"><span class=\"cra-etapa-doc__date\">01\/12 a 05\/12<\/span><\/div><\/div>\n\n\n\n<div class=\"wp-block-cra-blocks-lista-etapa-doc cra-etapa-doc\"><div class=\"cra-etapa-doc__text-col\"><a href=\"https:\/\/wp.ufpel.edu.br\/cra\/files\/2025\/11\/Isencoes-43_2025.pdf\" class=\"cra-etapa-doc__link\">Resultado isen\u00e7\u00e3o<\/a><\/div><div class=\"cra-etapa-doc__date-col\"><span class=\"cra-etapa-doc__date\">06\/11\/25<\/span><\/div><\/div>\n<\/div>\n\n\n\n<div class=\"wp-block-cra-blocks-lista-etapa-item cra-lista-etapa-item\" data-tab-title=\"Classifica\u00e7\u00e3o\">\n<div class=\"wp-block-cra-blocks-lista-etapa-doc cra-etapa-doc\"><div class=\"cra-etapa-doc__text-col\"><a href=\"https:\/\/wp.ufpel.edu.br\/cra\/files\/2025\/11\/Resultado-Preliminar-43_2025.pdf\" class=\"cra-etapa-doc__link\">Resultado Preliminar &#8211; 1\u00aa fase<\/a><\/div><div class=\"cra-etapa-doc__date-col\"><span class=\"cra-etapa-doc__date\">18\/11\/25<\/span><\/div><\/div>\n\n\n\n<div class=\"wp-block-cra-blocks-lista-etapa-doc cra-etapa-doc\"><div class=\"cra-etapa-doc__text-col\"><a href=\"https:\/\/wp.ufpel.edu.br\/cra\/files\/2025\/11\/RESULTADO-FINAL-1%C2%B0-FASE-MEDICINA.pdf\" class=\"cra-etapa-doc__link\">Resultado Final &#8211; 1\u00aa fase<\/a><\/div><div class=\"cra-etapa-doc__date-col\"><span class=\"cra-etapa-doc__date\">26\/11\/25<\/span><\/div><\/div>\n\n\n\n<hr class=\"wp-block-separator has-alpha-channel-opacity\"\/>\n\n\n\n<div class=\"wp-block-cra-blocks-lista-etapa-doc cra-etapa-doc\"><div class=\"cra-etapa-doc__text-col\"><a href=\"https:\/\/wp.ufpel.edu.br\/cra\/files\/2025\/12\/Edital-43-2025-Relatorio-inscricoes-recebidas.pdf\" class=\"cra-etapa-doc__link\">Inscritos &#8211; 2\u00aa fase (Preliminar)<\/a><\/div><div class=\"cra-etapa-doc__date-col\"><span class=\"cra-etapa-doc__date\">08\/12\/25<\/span><\/div><\/div>\n\n\n\n<div class=\"wp-block-cra-blocks-lista-etapa-doc cra-etapa-doc\"><div class=\"cra-etapa-doc__text-col\"><a href=\"https:\/\/wp.ufpel.edu.br\/cra\/files\/2025\/12\/Edital-43-2025-Relatorio-inscricoes-recebidas-final.pdf\" class=\"cra-etapa-doc__link\">Inscritos &#8211; 2\u00aa fase (Final)<\/a><\/div><div class=\"cra-etapa-doc__date-col\"><span class=\"cra-etapa-doc__date\">12\/12\/25<\/span><\/div><\/div>\n\n\n\n<hr class=\"wp-block-separator has-alpha-channel-opacity\"\/>\n\n\n\n<div class=\"wp-block-cra-blocks-lista-etapa-doc cra-etapa-doc\"><div class=\"cra-etapa-doc__text-col\"><a href=\"https:\/\/wp.ufpel.edu.br\/cra\/files\/2026\/01\/Resultado.pdf\" class=\"cra-etapa-doc__link\">Resultado preliminar &#8211; Retificado<\/a><\/div><div class=\"cra-etapa-doc__date-col\"><span class=\"cra-etapa-doc__date\">07\/01\/26<\/span><\/div><\/div>\n\n\n\n<div class=\"wp-block-cra-blocks-lista-etapa-doc cra-etapa-doc\"><div class=\"cra-etapa-doc__text-col\"><a href=\"https:\/\/wp.ufpel.edu.br\/cra\/files\/2026\/01\/Relatorio_final_43_25.pdf\" class=\"cra-etapa-doc__link\">Resultado Final<\/a><\/div><div class=\"cra-etapa-doc__date-col\"><span class=\"cra-etapa-doc__date\">19\/01\/26<\/span><\/div><\/div>\n<\/div>\n\n\n\n<div class=\"wp-block-cra-blocks-lista-etapa-item cra-lista-etapa-item\" data-tab-title=\"Matr\u00edcula\">\n<div class=\"wp-block-cra-blocks-lista-etapa-doc cra-etapa-doc\"><div class=\"cra-etapa-doc__text-col\"><a href=\"https:\/\/cobalto.ufpel.edu.br\/academico\/alunos\/solicitacaoCorrecaoMatricula\" class=\"cra-etapa-doc__link\">Matr\u00edcula<\/a><\/div><div class=\"cra-etapa-doc__date-col\"><span class=\"cra-etapa-doc__date\">17 e 18\/03<\/span><\/div><\/div>\n\n\n\n<hr class=\"wp-block-separator has-alpha-channel-opacity\"\/>\n\n\n\n<div class=\"wp-block-group\"><div class=\"wp-block-group__inner-container is-layout-constrained wp-block-group-is-layout-constrained\">\n<p class=\"wp-block-paragraph\"><strong>Resultados para ingresso nas cotas<\/strong><\/p>\n\n\n\n<div class=\"wp-block-cra-blocks-lista-etapa-doc cra-etapa-doc\"><div class=\"cra-etapa-doc__text-col\"><a href=\"https:\/\/wp.ufpel.edu.br\/cra\/files\/2026\/01\/Edital-43-2025-relatorio-definitivo-pcd.pdf\" class=\"cra-etapa-doc__link\">Pessoa com defici\u00eancia (Final)<\/a><\/div><div class=\"cra-etapa-doc__date-col\"><span class=\"cra-etapa-doc__date\">30\/01\/26<\/span><\/div><\/div>\n\n\n\n<div class=\"wp-block-cra-blocks-lista-etapa-doc cra-etapa-doc\"><div class=\"cra-etapa-doc__text-col\"><a href=\"https:\/\/wp.ufpel.edu.br\/cra\/files\/2026\/02\/2026H02_PSC_2026_1_0.pdf\" class=\"cra-etapa-doc__link\">Heteroidentifica\u00e7\u00e3o (Hor\u00e1rios)<\/a><\/div><div class=\"cra-etapa-doc__date-col\"><span class=\"cra-etapa-doc__date\">04\/02\/26<\/span><\/div><\/div>\n\n\n\n<div class=\"wp-block-cra-blocks-lista-etapa-doc cra-etapa-doc\"><div class=\"cra-etapa-doc__text-col\"><a href=\"https:\/\/wp.ufpel.edu.br\/cra\/files\/2026\/02\/2026H02_PSC_2026_1_0_Resultado.pdf\" class=\"cra-etapa-doc__link\">Heteroidentifica\u00e7\u00e3o (Parcial)<\/a><\/div><div class=\"cra-etapa-doc__date-col\"><span class=\"cra-etapa-doc__date\">19\/02\/26<\/span><\/div><\/div>\n\n\n\n<div class=\"wp-block-cra-blocks-lista-etapa-doc cra-etapa-doc\"><div class=\"cra-etapa-doc__text-col\"><a href=\"https:\/\/wp.ufpel.edu.br\/cra\/files\/2026\/03\/2026H02_PSC_2026_1_0_Resultado_Definitivo.pdf\" class=\"cra-etapa-doc__link\">Heteroidentifica\u00e7\u00e3o (Final)<\/a><\/div><div class=\"cra-etapa-doc__date-col\"><span class=\"cra-etapa-doc__date\">09\/03\/26<\/span><\/div><\/div>\n\n\n\n<div class=\"wp-block-cra-blocks-lista-etapa-doc cra-etapa-doc\"><div class=\"cra-etapa-doc__text-col\"><a href=\"https:\/\/wp.ufpel.edu.br\/cra\/files\/2026\/01\/Relatorio-Definitivo-Analise-Socioeconomica.pdf\" class=\"cra-etapa-doc__link\">Renda (Final)<\/a><\/div><div class=\"cra-etapa-doc__date-col\"><span class=\"cra-etapa-doc__date\">21\/01\/26<\/span><\/div><\/div>\n<\/div><\/div>\n<\/div>\n<\/div><\/div>\n\n\n\n<hr class=\"wp-block-separator has-alpha-channel-opacity\"\/>\n\n\n\n<div class=\"wp-block-cra-blocks-cartao cra-cartao\"><div class=\"cra-cartao__inner\">\n<h2 id=\"processo-seletivo-complementar-2026-1\" class=\"wp-block-heading has-cra-color-primary-color has-text-color\" style=\"color:#00408F\">Processo seletivo complementar &#8211; 2026\/1<\/h2>\n\n\n\n<p class=\"wp-block-paragraph\">Oferta de vagas para Transfer\u00eancia, Reop\u00e7\u00e3o, Reingresso, Retomada de Estudos e Portador de diploma, com ingresso no semestre de 2026\/1.<\/p>\n<\/div><\/div>\n\n\n\n<div class=\"wp-block-cra-blocks-lista-etapas cra-lista-etapas\" data-active-tab=\"0\"><div class=\"cra-lista-etapas__nav-container\"><\/div><div class=\"cra-lista-etapas__content-container\">\n<div class=\"wp-block-cra-blocks-lista-etapa-item cra-lista-etapa-item\" data-tab-title=\"Inscri\u00e7\u00e3o\">\n<div class=\"wp-block-cra-blocks-lista-etapa-doc cra-etapa-doc\"><div class=\"cra-etapa-doc__text-col\"><a href=\"https:\/\/wp.ufpel.edu.br\/cra\/files\/2025\/10\/SEI-23110.035769_2025-63_Edital_42_2025.pdf\" class=\"cra-etapa-doc__link\">Edital de abertura<\/a><\/div><div class=\"cra-etapa-doc__date-col\"><span class=\"cra-etapa-doc__date\">20\/10\/25<\/span><\/div><\/div>\n\n\n\n<div class=\"wp-block-cra-blocks-lista-etapa-doc cra-etapa-doc\"><div class=\"cra-etapa-doc__text-col\"><a href=\"https:\/\/wp.ufpel.edu.br\/cra\/files\/2025\/10\/SEI_3415269_PRPPG_Minuta_Edital_de_Retificacao.pdf\" class=\"cra-etapa-doc__link\">Edital de abertura &#8211; Retifica\u00e7\u00e3o<\/a><\/div><div class=\"cra-etapa-doc__date-col\"><span class=\"cra-etapa-doc__date\">31\/10\/25<\/span><\/div><\/div>\n\n\n\n<div class=\"wp-block-cra-blocks-lista-etapa-doc cra-etapa-doc\"><div class=\"cra-etapa-doc__text-col\"><a href=\"https:\/\/cobalto.ufpel.edu.br\/academico\/processoSeletivo\/fichaOnline\" class=\"cra-etapa-doc__link\">Inscri\u00e7\u00e3o<\/a><\/div><div class=\"cra-etapa-doc__date-col\"><span class=\"cra-etapa-doc__date\">27\/10 a 07\/11<\/span><\/div><\/div>\n\n\n\n<div class=\"wp-block-cra-blocks-lista-etapa-doc cra-etapa-doc\"><div class=\"cra-etapa-doc__text-col\"><a href=\"https:\/\/wp.ufpel.edu.br\/cra\/files\/2025\/11\/Edital-42-2025-Relatorio-inscricoes-recebidas.pdf\" class=\"cra-etapa-doc__link\">Inscritos (Preliminar)<\/a><\/div><div class=\"cra-etapa-doc__date-col\"><span class=\"cra-etapa-doc__date\">12\/11\/25<\/span><\/div><\/div>\n\n\n\n<div class=\"wp-block-cra-blocks-lista-etapa-doc cra-etapa-doc\"><div class=\"cra-etapa-doc__text-col\"><a href=\"https:\/\/wp.ufpel.edu.br\/cra\/files\/2025\/11\/Edital-42-2025-Relatorio-inscricoes-recebidas-final.pdf\" class=\"cra-etapa-doc__link\">Inscritos (Final)<\/a><\/div><div class=\"cra-etapa-doc__date-col\"><span class=\"cra-etapa-doc__date\">19\/11\/25<\/span><\/div><\/div>\n<\/div>\n\n\n\n<div class=\"wp-block-cra-blocks-lista-etapa-item cra-lista-etapa-item\" data-tab-title=\"Classifica\u00e7\u00e3o\">\n<div class=\"wp-block-cra-blocks-lista-etapa-doc cra-etapa-doc\"><div class=\"cra-etapa-doc__text-col\"><a href=\"https:\/\/wp.ufpel.edu.br\/cra\/files\/2025\/12\/SEI_23110.035769_2025_63.pdf\" class=\"cra-etapa-doc__link\">Resultado preliminar<\/a><\/div><div class=\"cra-etapa-doc__date-col\"><span class=\"cra-etapa-doc__date\">10\/12\/25<\/span><\/div><\/div>\n\n\n\n<div class=\"wp-block-cra-blocks-lista-etapa-doc cra-etapa-doc\"><div class=\"cra-etapa-doc__text-col\"><a href=\"https:\/\/wp.ufpel.edu.br\/cra\/files\/2026\/01\/SEI_23110.035769_2025_63-2.pdf\" class=\"cra-etapa-doc__link\">Resultado Final<\/a><\/div><div class=\"cra-etapa-doc__date-col\"><span class=\"cra-etapa-doc__date\">19\/12\/25<\/span><\/div><\/div>\n<\/div>\n\n\n\n<div class=\"wp-block-cra-blocks-lista-etapa-item cra-lista-etapa-item\" data-tab-title=\"Matr\u00edcula\">\n<div class=\"wp-block-cra-blocks-lista-etapa-doc cra-etapa-doc\"><div class=\"cra-etapa-doc__text-col\"><a href=\"https:\/\/cobalto.ufpel.edu.br\/academico\/alunos\/solicitacaoCorrecaoMatricula\" class=\"cra-etapa-doc__link\">Matr\u00edcula<\/a><\/div><div class=\"cra-etapa-doc__date-col\"><span class=\"cra-etapa-doc__date\">17 e 18\/03<\/span><\/div><\/div>\n\n\n\n<div class=\"wp-block-cra-blocks-lista-etapa-doc cra-etapa-doc\"><div class=\"cra-etapa-doc__text-col\"><a href=\"https:\/\/wp.ufpel.edu.br\/cra\/files\/2026\/02\/SEI_3660212_Convocacao.pdf\" class=\"cra-etapa-doc__link\">1\u00aa Convoca\u00e7\u00e3o<\/a><\/div><div class=\"cra-etapa-doc__date-col\"><span class=\"cra-etapa-doc__date\">13 a 25\/02<\/span><\/div><\/div>\n\n\n\n<hr class=\"wp-block-separator has-alpha-channel-opacity\"\/>\n\n\n\n<div class=\"wp-block-group\"><div class=\"wp-block-group__inner-container is-layout-constrained wp-block-group-is-layout-constrained\">\n<p class=\"wp-block-paragraph\"><strong>Resultados para ingresso nas cotas<\/strong><\/p>\n\n\n\n<div class=\"wp-block-cra-blocks-lista-etapa-doc cra-etapa-doc\"><div class=\"cra-etapa-doc__text-col\"><a href=\"https:\/\/wp.ufpel.edu.br\/cra\/files\/2026\/01\/SEI_23110.000029_2026_97.pdf\" class=\"cra-etapa-doc__link\">Pessoa com defici\u00eancia (Parcial)<\/a><\/div><div class=\"cra-etapa-doc__date-col\"><span class=\"cra-etapa-doc__date\">16\/01\/26<\/span><\/div><\/div>\n\n\n\n<div class=\"wp-block-cra-blocks-lista-etapa-doc cra-etapa-doc\"><div class=\"cra-etapa-doc__text-col\"><a href=\"https:\/\/wp.ufpel.edu.br\/cra\/files\/2026\/01\/SEI_23110.000029_2026_97-1.pdf\" class=\"cra-etapa-doc__link\">Pessoa com defici\u00eancia (Final)<\/a><\/div><div class=\"cra-etapa-doc__date-col\"><span class=\"cra-etapa-doc__date\">21\/01\/26<\/span><\/div><\/div>\n\n\n\n<div class=\"wp-block-cra-blocks-lista-etapa-doc cra-etapa-doc\"><div class=\"cra-etapa-doc__text-col\"><a href=\"https:\/\/wp.ufpel.edu.br\/cra\/files\/2026\/01\/SEI_3585072_Despacho.pdf\" class=\"cra-etapa-doc__link\">Heteroidentifica\u00e7\u00e3o (Hor\u00e1rios)<\/a><\/div><div class=\"cra-etapa-doc__date-col\"><span class=\"cra-etapa-doc__date\">07\/01\/26<\/span><\/div><\/div>\n\n\n\n<div class=\"wp-block-cra-blocks-lista-etapa-doc cra-etapa-doc\"><div class=\"cra-etapa-doc__text-col\"><a href=\"https:\/\/wp.ufpel.edu.br\/cra\/files\/2026\/01\/SEI_3597006_Despacho.pdf\" class=\"cra-etapa-doc__link\">Heteroidentifica\u00e7\u00e3o (Parcial)<\/a><\/div><div class=\"cra-etapa-doc__date-col\"><span class=\"cra-etapa-doc__date\">13\/01\/26<\/span><\/div><\/div>\n\n\n\n<div class=\"wp-block-cra-blocks-lista-etapa-doc cra-etapa-doc\"><div class=\"cra-etapa-doc__text-col\"><a href=\"https:\/\/wp.ufpel.edu.br\/cra\/files\/2026\/01\/Resultado-Final-Heteroidentificacao-Complementar-2026.1.pdf\" class=\"cra-etapa-doc__link\">Heteroidentifica\u00e7\u00e3o (Final)<\/a><\/div><div class=\"cra-etapa-doc__date-col\"><span class=\"cra-etapa-doc__date\">22\/01\/26<\/span><\/div><\/div>\n\n\n\n<div class=\"wp-block-cra-blocks-lista-etapa-doc cra-etapa-doc\"><div class=\"cra-etapa-doc__text-col\"><a href=\"https:\/\/wp.ufpel.edu.br\/cra\/files\/2026\/03\/RESULTADO-PRELIMINAR-%E2%80%93-ANALISE-SOCIOECONOMICA-edital-42.pdf\" class=\"cra-etapa-doc__link\">Renda (Parcial)<\/a><\/div><div class=\"cra-etapa-doc__date-col\"><span class=\"cra-etapa-doc__date\">11\/03\/26<\/span><\/div><\/div>\n\n\n\n<div class=\"wp-block-cra-blocks-lista-etapa-doc cra-etapa-doc\"><div class=\"cra-etapa-doc__text-col\"><a href=\"https:\/\/wp.ufpel.edu.br\/cra\/files\/2026\/04\/Relatorio-Definitivo-Analise-Socioeconomica-Edital-42-25.pdf\" class=\"cra-etapa-doc__link\">Renda (Final)<\/a><\/div><div class=\"cra-etapa-doc__date-col\"><span class=\"cra-etapa-doc__date\">01\/04\/26<\/span><\/div><\/div>\n<\/div><\/div>\n<\/div>\n<\/div><\/div>\n\n\n\n<hr class=\"wp-block-separator has-alpha-channel-opacity\"\/>\n\n\n\n<div class=\"wp-block-cra-blocks-cartao cra-cartao\"><div class=\"cra-cartao__inner\">\n<h2 id=\"processo-seletivo-complementar-2025-2\" class=\"wp-block-heading has-cra-color-primary-color has-text-color\" style=\"color:#00408F\">Processo seletivo complementar &#8211; 2025\/2<\/h2>\n\n\n\n<p class=\"wp-block-paragraph\">Oferta de vagas para Transfer\u00eancia, Reop\u00e7\u00e3o, Reingresso, Retomada de Estudos e Portador de diploma, com ingresso no semestre de 2025\/2.<\/p>\n<\/div><\/div>\n\n\n\n<div class=\"wp-block-cra-blocks-lista-etapas cra-lista-etapas\" data-active-tab=\"0\"><div class=\"cra-lista-etapas__nav-container\"><\/div><div class=\"cra-lista-etapas__content-container\">\n<div class=\"wp-block-cra-blocks-lista-etapa-item cra-lista-etapa-item\" data-tab-title=\"Inscri\u00e7\u00e3o\">\n<div class=\"wp-block-cra-blocks-lista-etapa-doc cra-etapa-doc\"><div class=\"cra-etapa-doc__text-col\"><a href=\"https:\/\/wp.ufpel.edu.br\/cra\/files\/2025\/05\/SEI_3080168_Edital_26_2025.pdf\" class=\"cra-etapa-doc__link\">Edital de abertura<\/a><\/div><div class=\"cra-etapa-doc__date-col\"><span class=\"cra-etapa-doc__date\">26\/05\/25<\/span><\/div><\/div>\n\n\n\n<div class=\"wp-block-cra-blocks-lista-etapa-doc cra-etapa-doc\"><div class=\"cra-etapa-doc__text-col\"><a href=\"https:\/\/wp.ufpel.edu.br\/cra\/files\/2025\/05\/SEI_3094030_PRPPG_Minuta_Edital_de_Retificacao.pdf\" class=\"cra-etapa-doc__link\">Edital de abertura &#8211; Retifica\u00e7\u00e3o (vagas)<\/a><\/div><div class=\"cra-etapa-doc__date-col\"><span class=\"cra-etapa-doc__date\">29\/05\/25<\/span><\/div><\/div>\n\n\n\n<div class=\"wp-block-cra-blocks-lista-etapa-doc cra-etapa-doc\"><div class=\"cra-etapa-doc__text-col\"><a href=\"https:\/\/wp.ufpel.edu.br\/cra\/files\/2025\/08\/SEI_3183908_Edital_26_2025_Retificacao.pdf\" class=\"cra-etapa-doc__link\">Edital de abertura &#8211; Retifica\u00e7\u00e3o (cronograma)<\/a><\/div><div class=\"cra-etapa-doc__date-col\"><span class=\"cra-etapa-doc__date\">07\/08\/25<\/span><\/div><\/div>\n\n\n\n<div class=\"wp-block-cra-blocks-lista-etapa-doc cra-etapa-doc\"><div class=\"cra-etapa-doc__text-col\"><a href=\"https:\/\/cobalto.ufpel.edu.br\/academico\/processoSeletivo\/fichaOnline\" class=\"cra-etapa-doc__link\">Inscri\u00e7\u00e3o<\/a><\/div><div class=\"cra-etapa-doc__date-col\"><span class=\"cra-etapa-doc__date\">02 a 13\/06<\/span><\/div><\/div>\n<\/div>\n\n\n\n<div class=\"wp-block-cra-blocks-lista-etapa-item cra-lista-etapa-item\" data-tab-title=\"Classifica\u00e7\u00e3o\">\n<div class=\"wp-block-cra-blocks-lista-etapa-doc cra-etapa-doc\"><div class=\"cra-etapa-doc__text-col\"><a href=\"https:\/\/wp.ufpel.edu.br\/cra\/files\/2025\/06\/Edital-26-2025-Relatorio-inscricoes-recebidas.pdf\" class=\"cra-etapa-doc__link\">Inscri\u00e7\u00f5es recebidas (Preliminar)<\/a><\/div><div class=\"cra-etapa-doc__date-col\"><span class=\"cra-etapa-doc__date\">17\/06\/25<\/span><\/div><\/div>\n\n\n\n<div class=\"wp-block-cra-blocks-lista-etapa-doc cra-etapa-doc\"><div class=\"cra-etapa-doc__text-col\"><a href=\"https:\/\/wp.ufpel.edu.br\/cra\/files\/2025\/06\/Edital-26-2025-Relatorio-inscricoes-recebidas-final.pdf\" class=\"cra-etapa-doc__link\">Inscri\u00e7\u00f5es recebidas (Final) \u2013 Retificado<\/a><\/div><div class=\"cra-etapa-doc__date-col\"><span class=\"cra-etapa-doc__date\">27\/06\/25<\/span><\/div><\/div>\n\n\n\n<div class=\"wp-block-cra-blocks-lista-etapa-doc cra-etapa-doc\"><div class=\"cra-etapa-doc__text-col\"><a href=\"https:\/\/wp.ufpel.edu.br\/cra\/files\/2025\/08\/edital-26-2025-resultado-preliminar.pdf\" class=\"cra-etapa-doc__link\">Resultado preliminar<\/a><\/div><div class=\"cra-etapa-doc__date-col\"><span class=\"cra-etapa-doc__date\">01\/08\/25<\/span><\/div><\/div>\n\n\n\n<div class=\"wp-block-cra-blocks-lista-etapa-doc cra-etapa-doc\"><div class=\"cra-etapa-doc__text-col\"><a href=\"https:\/\/wp.ufpel.edu.br\/cra\/files\/2025\/08\/edital-26-2025-resultado-final.pdf\" class=\"cra-etapa-doc__link\">Resultado Final<\/a><\/div><div class=\"cra-etapa-doc__date-col\"><span class=\"cra-etapa-doc__date\">14\/08\/25<\/span><\/div><\/div>\n<\/div>\n\n\n\n<div class=\"wp-block-cra-blocks-lista-etapa-item cra-lista-etapa-item\" data-tab-title=\"Matr\u00edcula\">\n<div class=\"wp-block-cra-blocks-lista-etapa-doc cra-etapa-doc\"><div class=\"cra-etapa-doc__text-col\"><a href=\"https:\/\/cobalto.ufpel.edu.br\/academico\/alunos\/solicitacaoCorrecaoMatricula\" class=\"cra-etapa-doc__link\">Matr\u00edcula<\/a><\/div><div class=\"cra-etapa-doc__date-col\"><span class=\"cra-etapa-doc__date\">09 a 10\/09<\/span><\/div><\/div>\n\n\n\n<div class=\"wp-block-cra-blocks-lista-etapa-doc cra-etapa-doc\"><div class=\"cra-etapa-doc__text-col\"><a href=\"https:\/\/wp.ufpel.edu.br\/cra\/files\/2025\/08\/SEI_3222025_Convocacao.pdf\" class=\"cra-etapa-doc__link\">1\u00aa Convoca\u00e7\u00e3o<\/a><\/div><div class=\"cra-etapa-doc__date-col\"><span class=\"cra-etapa-doc__date\">22 a 29\/08<\/span><\/div><\/div>\n\n\n\n<div class=\"wp-block-cra-blocks-lista-etapa-doc cra-etapa-doc\"><div class=\"cra-etapa-doc__text-col\"><a href=\"https:\/\/wp.ufpel.edu.br\/cra\/files\/2025\/09\/SEI_3273827_Convocacao.pdf\" class=\"cra-etapa-doc__link\">2\u00aa Convoca\u00e7\u00e3o<\/a><\/div><div class=\"cra-etapa-doc__date-col\"><span class=\"cra-etapa-doc__date\">16 a 22\/09<\/span><\/div><\/div>\n\n\n\n<div class=\"wp-block-cra-blocks-lista-etapa-doc cra-etapa-doc\"><div class=\"cra-etapa-doc__text-col\"><a href=\"https:\/\/wp.ufpel.edu.br\/cra\/files\/2025\/09\/SEI_3299229_Convocacao.pdf\" class=\"cra-etapa-doc__link\">3\u00aa Convoca\u00e7\u00e3o<\/a><\/div><div class=\"cra-etapa-doc__date-col\"><span class=\"cra-etapa-doc__date\">23 a 26\/09<\/span><\/div><\/div>\n\n\n\n<hr class=\"wp-block-separator has-alpha-channel-opacity\"\/>\n\n\n\n<div class=\"wp-block-group\"><div class=\"wp-block-group__inner-container is-layout-constrained wp-block-group-is-layout-constrained\">\n<p class=\"wp-block-paragraph\"><strong>Resultados para ingresso nas cotas<\/strong><\/p>\n\n\n\n<div class=\"wp-block-cra-blocks-lista-etapa-doc cra-etapa-doc\"><div class=\"cra-etapa-doc__text-col\"><a href=\"https:\/\/wp.ufpel.edu.br\/cra\/files\/2025\/08\/Edital-26-2025-resultado-preliminar-cotas-pcd.pdf\" class=\"cra-etapa-doc__link\">Pessoa com defici\u00eancia (Parcial)<\/a><\/div><div class=\"cra-etapa-doc__date-col\"><span class=\"cra-etapa-doc__date\">21\/08\/25<\/span><\/div><\/div>\n\n\n\n<div class=\"wp-block-cra-blocks-lista-etapa-doc cra-etapa-doc\"><div class=\"cra-etapa-doc__text-col\"><a href=\"https:\/\/wp.ufpel.edu.br\/cra\/files\/2025\/08\/Edital-26-2025-resultado-final-cotas-pcd.pdf\" class=\"cra-etapa-doc__link\">Pessoa com defici\u00eancia (Final)<\/a><\/div><div class=\"cra-etapa-doc__date-col\"><span class=\"cra-etapa-doc__date\">26\/08\/25<\/span><\/div><\/div>\n\n\n\n<div class=\"wp-block-cra-blocks-lista-etapa-doc cra-etapa-doc\"><div class=\"cra-etapa-doc__text-col\"><a href=\"https:\/\/wp.ufpel.edu.br\/cra\/files\/2025\/08\/Edital-26-2025-resultado-preliminar-cotas-etnia.pdf\" class=\"cra-etapa-doc__link\">Heteroidentifica\u00e7\u00e3o (Parcial)<\/a><\/div><div class=\"cra-etapa-doc__date-col\"><span class=\"cra-etapa-doc__date\">27\/08\/25<\/span><\/div><\/div>\n\n\n\n<div class=\"wp-block-cra-blocks-lista-etapa-doc cra-etapa-doc\"><div class=\"cra-etapa-doc__text-col\"><a href=\"https:\/\/wp.ufpel.edu.br\/cra\/files\/2025\/09\/2025H13_PSC_2025_2_0_Resultados_Finais.pdf\" class=\"cra-etapa-doc__link\">Heteroidentifica\u00e7\u00e3o (Final)<\/a><\/div><div class=\"cra-etapa-doc__date-col\"><span class=\"cra-etapa-doc__date\">24\/09\/25<\/span><\/div><\/div>\n\n\n\n<div class=\"wp-block-cra-blocks-lista-etapa-doc cra-etapa-doc\"><div class=\"cra-etapa-doc__text-col\"><a href=\"https:\/\/wp.ufpel.edu.br\/cra\/files\/2025\/09\/EDITAL-CRA-N-262025-Relatorio-Preliminar-Analise-Socioeconomica.pdf\" class=\"cra-etapa-doc__link\">Renda (Parcial)<\/a><\/div><div class=\"cra-etapa-doc__date-col\"><span class=\"cra-etapa-doc__date\">04\/09\/25<\/span><\/div><\/div>\n\n\n\n<div class=\"wp-block-cra-blocks-lista-etapa-doc cra-etapa-doc\"><div class=\"cra-etapa-doc__text-col\"><a href=\"https:\/\/wp.ufpel.edu.br\/cra\/files\/2025\/09\/Relatorio-Definitivo-Analise-Socioeconomica-Edital-n-262025.pdf\" class=\"cra-etapa-doc__link\">Renda (Final)<\/a><\/div><div class=\"cra-etapa-doc__date-col\"><span class=\"cra-etapa-doc__date\">15\/09\/25<\/span><\/div><\/div>\n<\/div><\/div>\n<\/div>\n<\/div><\/div>\n\n\n\n<hr class=\"wp-block-separator has-alpha-channel-opacity\"\/>\n\n\n\n<div class=\"wp-block-cra-blocks-cartao cra-cartao\"><div class=\"cra-cartao__inner\">\n<h2 id=\"processo-seletivo-complementar-medicina-2025-1\" class=\"wp-block-heading has-cra-color-primary-color has-text-color\" style=\"color:#00408F\">Processo seletivo complementar (Medicina) &#8211; 2025\/1<\/h2>\n\n\n\n<p class=\"wp-block-paragraph\">Oferta de vagas no curso de Medicina para Transfer\u00eancia, Reop\u00e7\u00e3o, Reingresso, Retomada de Estudos e Portador de diploma, com ingresso no semestre de 2025\/1.<\/p>\n<\/div><\/div>\n\n\n\n<div class=\"wp-block-cra-blocks-lista-etapas cra-lista-etapas\" data-active-tab=\"0\"><div class=\"cra-lista-etapas__nav-container\"><\/div><div class=\"cra-lista-etapas__content-container\">\n<div class=\"wp-block-cra-blocks-lista-etapa-item cra-lista-etapa-item\" data-tab-title=\"Inscri\u00e7\u00e3o\">\n<div class=\"wp-block-cra-blocks-lista-etapa-doc cra-etapa-doc\"><div class=\"cra-etapa-doc__text-col\"><a href=\"https:\/\/wp.ufpel.edu.br\/cra\/files\/2024\/12\/SEI_2893138_Edital_36.pdf\" class=\"cra-etapa-doc__link\">Edital de abertura<\/a><\/div><div class=\"cra-etapa-doc__date-col\"><span class=\"cra-etapa-doc__date\">23\/12\/24<\/span><\/div><\/div>\n\n\n\n<div class=\"wp-block-cra-blocks-lista-etapa-doc cra-etapa-doc\"><div class=\"cra-etapa-doc__text-col\"><a href=\"https:\/\/wp.ufpel.edu.br\/cra\/files\/2025\/01\/SEI_2913636_Despacho.pdf\" class=\"cra-etapa-doc__link\">Edital de abertura \u2013 Retifica\u00e7\u00e3o<\/a><\/div><div class=\"cra-etapa-doc__date-col\"><span class=\"cra-etapa-doc__date\">03\/01\/24<\/span><\/div><\/div>\n\n\n\n<div class=\"wp-block-cra-blocks-lista-etapa-doc cra-etapa-doc\"><div class=\"cra-etapa-doc__text-col\"><a href=\"http:\/\/ces.ufpel.edu.br\/vestibular\/vested0036_2024\/\" class=\"cra-etapa-doc__link\">Inscri\u00e7\u00e3o<\/a><\/div><div class=\"cra-etapa-doc__date-col\"><span class=\"cra-etapa-doc__date\">02 a 21\/01<\/span><\/div><\/div>\n<\/div>\n\n\n\n<div class=\"wp-block-cra-blocks-lista-etapa-item cra-lista-etapa-item\" data-tab-title=\"Classifica\u00e7\u00e3o\">\n<div class=\"wp-block-cra-blocks-lista-etapa-doc cra-etapa-doc\"><div class=\"cra-etapa-doc__text-col\"><a href=\"https:\/\/wp.ufpel.edu.br\/cra\/files\/2025\/01\/Edital-36-resultado-isencao.pdf\" class=\"cra-etapa-doc__link\">Resultado isen\u00e7\u00e3o<\/a><\/div><div class=\"cra-etapa-doc__date-col\"><span class=\"cra-etapa-doc__date\">14\/01\/25<\/span><\/div><\/div>\n\n\n\n<div class=\"wp-block-cra-blocks-lista-etapa-doc cra-etapa-doc\"><div class=\"cra-etapa-doc__text-col\"><a href=\"https:\/\/wp.ufpel.edu.br\/cra\/files\/2025\/01\/RESULTADO-MEDICINA.pdf\" class=\"cra-etapa-doc__link\">Homologados &#8211; 1\u00aa fase<\/a><\/div><div class=\"cra-etapa-doc__date-col\"><span class=\"cra-etapa-doc__date\">30\/01\/25<\/span><\/div><\/div>\n\n\n\n<div class=\"wp-block-cra-blocks-lista-etapa-doc cra-etapa-doc\"><div class=\"cra-etapa-doc__text-col\"><a href=\"https:\/\/wp.ufpel.edu.br\/cra\/files\/2025\/02\/RESULTADO-MEDICINA-FINAL-PUBLICAR.pdf\" class=\"cra-etapa-doc__link\">Homologados &#8211; 1\u00aa fase (ap\u00f3s recursos)<\/a><\/div><div class=\"cra-etapa-doc__date-col\"><span class=\"cra-etapa-doc__date\">05\/02\/25<\/span><\/div><\/div>\n\n\n\n<hr class=\"wp-block-separator has-alpha-channel-opacity\"\/>\n\n\n\n<div class=\"wp-block-cra-blocks-lista-etapa-doc cra-etapa-doc\"><div class=\"cra-etapa-doc__text-col\"><a href=\"https:\/\/wp.ufpel.edu.br\/cra\/files\/2025\/02\/Edital-36-2024-homologados.pdf\" class=\"cra-etapa-doc__link\">Homologados &#8211; 2\u00aa fase<\/a><\/div><div class=\"cra-etapa-doc__date-col\"><span class=\"cra-etapa-doc__date\">12\/02\/25<\/span><\/div><\/div>\n\n\n\n<div class=\"wp-block-cra-blocks-lista-etapa-doc cra-etapa-doc\"><div class=\"cra-etapa-doc__text-col\"><a href=\"https:\/\/wp.ufpel.edu.br\/cra\/files\/2025\/03\/Edital-36-2024_Resultado-preliminar.pdf\" class=\"cra-etapa-doc__link\">Resultado preliminar<\/a><\/div><div class=\"cra-etapa-doc__date-col\"><span class=\"cra-etapa-doc__date\">14\/03\/25<\/span><\/div><\/div>\n\n\n\n<div class=\"wp-block-cra-blocks-lista-etapa-doc cra-etapa-doc\"><div class=\"cra-etapa-doc__text-col\"><a href=\"https:\/\/wp.ufpel.edu.br\/cra\/files\/2025\/03\/Relatorio_final_36_24.pdf\" class=\"cra-etapa-doc__link\">Resultado Final<\/a><\/div><div class=\"cra-etapa-doc__date-col\"><span class=\"cra-etapa-doc__date\">28\/03\/25<\/span><\/div><\/div>\n<\/div>\n\n\n\n<div class=\"wp-block-cra-blocks-lista-etapa-item cra-lista-etapa-item\" data-tab-title=\"Matr\u00edcula\">\n<div class=\"wp-block-cra-blocks-lista-etapa-doc cra-etapa-doc\"><div class=\"cra-etapa-doc__text-col\"><a href=\"https:\/\/cobalto.ufpel.edu.br\/academico\/alunos\/solicitacaoCorrecaoMatricula\" class=\"cra-etapa-doc__link\">Matr\u00edcula<\/a><\/div><div class=\"cra-etapa-doc__date-col\"><span class=\"cra-etapa-doc__date\">12 a 14\/04<\/span><\/div><\/div>\n\n\n\n<div class=\"wp-block-cra-blocks-lista-etapa-doc cra-etapa-doc\"><div class=\"cra-etapa-doc__text-col\"><a href=\"https:\/\/wp.ufpel.edu.br\/cra\/files\/2025\/04\/SEI_3044900_Convocacao.pdf\" class=\"cra-etapa-doc__link\">1\u00aa Convoca\u00e7\u00e3o<\/a><\/div><div class=\"cra-etapa-doc__date-col\"><span class=\"cra-etapa-doc__date\">28\/04 a 05\/05<\/span><\/div><\/div>\n\n\n\n<hr class=\"wp-block-separator has-alpha-channel-opacity\"\/>\n\n\n\n<div class=\"wp-block-group\"><div class=\"wp-block-group__inner-container is-layout-constrained wp-block-group-is-layout-constrained\">\n<p class=\"wp-block-paragraph\"><strong>Resultados para ingresso nas cotas<\/strong><\/p>\n\n\n\n<div class=\"wp-block-cra-blocks-lista-etapa-doc cra-etapa-doc\"><div class=\"cra-etapa-doc__text-col\"><a href=\"https:\/\/wp.ufpel.edu.br\/cra\/files\/2025\/04\/Edital_36_2024_parecer_pcd_definitivo.pdf\" class=\"cra-etapa-doc__link\">Pessoa com defici\u00eancia (Final)<\/a><\/div><div class=\"cra-etapa-doc__date-col\"><span class=\"cra-etapa-doc__date\">10\/04\/25<\/span><\/div><\/div>\n\n\n\n<div class=\"wp-block-cra-blocks-lista-etapa-doc cra-etapa-doc\"><div class=\"cra-etapa-doc__text-col\"><a href=\"https:\/\/wp.ufpel.edu.br\/cra\/files\/2025\/04\/Horarios-e-locais-das-bancas.pdf\" class=\"cra-etapa-doc__link\">Heteroidentifica\u00e7\u00e3o (Hor\u00e1rios)<\/a><\/div><div class=\"cra-etapa-doc__date-col\"><span class=\"cra-etapa-doc__date\">02\/04\/25<\/span><\/div><\/div>\n\n\n\n<div class=\"wp-block-cra-blocks-lista-etapa-doc cra-etapa-doc\"><div class=\"cra-etapa-doc__text-col\"><a href=\"https:\/\/wp.ufpel.edu.br\/cra\/files\/2025\/04\/Resultados-parciais-das-bancas-de-heteroidentificacao-Processo-Seletivo-Complementar-Medicina-2025-1.pdf\" class=\"cra-etapa-doc__link\">Heteroidentifica\u00e7\u00e3o (Parcial)<\/a><\/div><div class=\"cra-etapa-doc__date-col\"><span class=\"cra-etapa-doc__date\">11\/04\/25<\/span><\/div><\/div>\n\n\n\n<div class=\"wp-block-cra-blocks-lista-etapa-doc cra-etapa-doc\"><div class=\"cra-etapa-doc__text-col\"><a href=\"https:\/\/wp.ufpel.edu.br\/cra\/files\/2025\/04\/2025H06_20250428_PSC_Med_2025_1_Resultado_Final.pdf\" class=\"cra-etapa-doc__link\">Heteroidentifica\u00e7\u00e3o (Final)<\/a><\/div><div class=\"cra-etapa-doc__date-col\"><span class=\"cra-etapa-doc__date\">28\/04\/25<\/span><\/div><\/div>\n\n\n\n<div class=\"wp-block-cra-blocks-lista-etapa-doc cra-etapa-doc\"><div class=\"cra-etapa-doc__text-col\"><a href=\"https:\/\/wp.ufpel.edu.br\/cra\/files\/2025\/04\/Resultado-Definitivo-Medicina-EDITAL-36-2024.pdf\" class=\"cra-etapa-doc__link\">Renda (Final)<\/a><\/div><div class=\"cra-etapa-doc__date-col\"><span class=\"cra-etapa-doc__date\">11\/04\/25<\/span><\/div><\/div>\n<\/div><\/div>\n<\/div>\n<\/div><\/div>\n\n\n\n<hr class=\"wp-block-separator has-alpha-channel-opacity\"\/>\n\n\n\n<div class=\"wp-block-cra-blocks-cartao cra-cartao\"><div class=\"cra-cartao__inner\">\n<h2 id=\"processo-seletivo-complementar-2025-1\" class=\"wp-block-heading has-cra-color-primary-color has-text-color\" style=\"color:#00408F\">Processo seletivo complementar &#8211; 2025\/1<\/h2>\n\n\n\n<p class=\"wp-block-paragraph\">Oferta de vagas para Transfer\u00eancia, Reop\u00e7\u00e3o, Reingresso, Retomada de Estudos e Portador de diploma, com ingresso no semestre de 2025\/1.<\/p>\n<\/div><\/div>\n\n\n\n<div class=\"wp-block-cra-blocks-lista-etapas cra-lista-etapas\" data-active-tab=\"0\"><div class=\"cra-lista-etapas__nav-container\"><\/div><div class=\"cra-lista-etapas__content-container\">\n<div class=\"wp-block-cra-blocks-lista-etapa-item cra-lista-etapa-item\" data-tab-title=\"Inscri\u00e7\u00e3o\">\n<div class=\"wp-block-cra-blocks-lista-etapa-doc cra-etapa-doc\"><div class=\"cra-etapa-doc__text-col\"><a href=\"https:\/\/wp.ufpel.edu.br\/cra\/files\/2024\/12\/SEI_2875237_Edital_33_2024.pdf\" class=\"cra-etapa-doc__link\">Edital de abertura<\/a><\/div><div class=\"cra-etapa-doc__date-col\"><span class=\"cra-etapa-doc__date\">06\/12\/24<\/span><\/div><\/div>\n\n\n\n<div class=\"wp-block-cra-blocks-lista-etapa-doc cra-etapa-doc\"><div class=\"cra-etapa-doc__text-col\"><a href=\"https:\/\/cobalto.ufpel.edu.br\/academico\/processoSeletivo\/fichaOnline\" class=\"cra-etapa-doc__link\">Inscri\u00e7\u00e3o<\/a><\/div><div class=\"cra-etapa-doc__date-col\"><span class=\"cra-etapa-doc__date\">09 a 20\/12<\/span><\/div><\/div>\n<\/div>\n\n\n\n<div class=\"wp-block-cra-blocks-lista-etapa-item cra-lista-etapa-item\" data-tab-title=\"Classifica\u00e7\u00e3o\">\n<div class=\"wp-block-cra-blocks-lista-etapa-doc cra-etapa-doc\"><div class=\"cra-etapa-doc__text-col\"><a href=\"https:\/\/wp.ufpel.edu.br\/cra\/files\/2025\/01\/homologacao.pdf\" class=\"cra-etapa-doc__link\">Homologados preliminar<\/a><\/div><div class=\"cra-etapa-doc__date-col\"><span class=\"cra-etapa-doc__date\">07\/01\/25<\/span><\/div><\/div>\n\n\n\n<div class=\"wp-block-cra-blocks-lista-etapa-doc cra-etapa-doc\"><div class=\"cra-etapa-doc__text-col\"><a href=\"https:\/\/wp.ufpel.edu.br\/cra\/files\/2025\/01\/Edital-33-2024-homologados-final.pdf\" class=\"cra-etapa-doc__link\">Homologados final &#8211; Retificado<\/a><\/div><div class=\"cra-etapa-doc__date-col\"><span class=\"cra-etapa-doc__date\">22\/01\/25<\/span><\/div><\/div>\n\n\n\n<div class=\"wp-block-cra-blocks-lista-etapa-doc cra-etapa-doc\"><div class=\"cra-etapa-doc__text-col\"><a href=\"https:\/\/wp.ufpel.edu.br\/cra\/files\/2025\/03\/Edital-33-2024_Resultado-preliminar.pdf\" class=\"cra-etapa-doc__link\">Resultado preliminar<\/a><\/div><div class=\"cra-etapa-doc__date-col\"><span class=\"cra-etapa-doc__date\">14\/03\/25<\/span><\/div><\/div>\n\n\n\n<div class=\"wp-block-cra-blocks-lista-etapa-doc cra-etapa-doc\"><div class=\"cra-etapa-doc__text-col\"><a href=\"https:\/\/wp.ufpel.edu.br\/cra\/files\/2025\/03\/Edital-33-2024_Resultado-final.pdf\" class=\"cra-etapa-doc__link\">Resultado Final<\/a><\/div><div class=\"cra-etapa-doc__date-col\"><span class=\"cra-etapa-doc__date\">28\/03\/25<\/span><\/div><\/div>\n<\/div>\n\n\n\n<div class=\"wp-block-cra-blocks-lista-etapa-item cra-lista-etapa-item\" data-tab-title=\"Matr\u00edcula\">\n<div class=\"wp-block-cra-blocks-lista-etapa-doc cra-etapa-doc\"><div class=\"cra-etapa-doc__text-col\"><a href=\"https:\/\/cobalto.ufpel.edu.br\/academico\/alunos\/solicitacaoCorrecaoMatricula\" class=\"cra-etapa-doc__link\">Matr\u00edcula<\/a><\/div><div class=\"cra-etapa-doc__date-col\"><span class=\"cra-etapa-doc__date\">12 a 14\/04<\/span><\/div><\/div>\n\n\n\n<div class=\"wp-block-cra-blocks-lista-etapa-doc cra-etapa-doc\"><div class=\"cra-etapa-doc__text-col\"><a href=\"https:\/\/wp.ufpel.edu.br\/cra\/files\/2025\/04\/SEI_3044897_Convocacao.pdf\" class=\"cra-etapa-doc__link\">1\u00aa Convoca\u00e7\u00e3o<\/a><\/div><div class=\"cra-etapa-doc__date-col\"><span class=\"cra-etapa-doc__date\">28\/04 a 05\/05<\/span><\/div><\/div>\n\n\n\n<div class=\"wp-block-cra-blocks-lista-etapa-doc cra-etapa-doc\"><div class=\"cra-etapa-doc__text-col\"><a href=\"https:\/\/wp.ufpel.edu.br\/cra\/files\/2025\/05\/SEI_3051863_Convocacao.pdf\" class=\"cra-etapa-doc__link\">2\u00aa Convoca\u00e7\u00e3o<\/a><\/div><div class=\"cra-etapa-doc__date-col\"><span class=\"cra-etapa-doc__date\">06\/05 a 12\/05<\/span><\/div><\/div>\n\n\n\n<hr class=\"wp-block-separator has-alpha-channel-opacity\"\/>\n\n\n\n<div class=\"wp-block-group\"><div class=\"wp-block-group__inner-container is-layout-constrained wp-block-group-is-layout-constrained\">\n<p class=\"wp-block-paragraph\"><strong>Resultados para ingresso nas cotas<\/strong><\/p>\n\n\n\n<div class=\"wp-block-cra-blocks-lista-etapa-doc cra-etapa-doc\"><div class=\"cra-etapa-doc__text-col\"><a href=\"https:\/\/wp.ufpel.edu.br\/cra\/files\/2025\/04\/Edital-33-2025-Relatorio-Preliminar-Analise-de-Deficiencia.pdf\" class=\"cra-etapa-doc__link\">Pessoa com defici\u00eancia (Parcial)<\/a><\/div><div class=\"cra-etapa-doc__date-col\"><span class=\"cra-etapa-doc__date\">23\/04\/25<\/span><\/div><\/div>\n\n\n\n<div class=\"wp-block-cra-blocks-lista-etapa-doc cra-etapa-doc\"><div class=\"cra-etapa-doc__text-col\"><a href=\"https:\/\/wp.ufpel.edu.br\/cra\/files\/2025\/05\/Edital-33-2025-Relatorio-Final-Analise-de-Deficiencia.pdf\" class=\"cra-etapa-doc__link\">Pessoa com defici\u00eancia (Final)<\/a><\/div><div class=\"cra-etapa-doc__date-col\"><span class=\"cra-etapa-doc__date\">20\/05\/25<\/span><\/div><\/div>\n\n\n\n<div class=\"wp-block-cra-blocks-lista-etapa-doc cra-etapa-doc\"><div class=\"cra-etapa-doc__text-col\"><a href=\"https:\/\/wp.ufpel.edu.br\/cra\/files\/2025\/04\/SEI_3010404_Despacho.pdf\" class=\"cra-etapa-doc__link\">Heteroidentifica\u00e7\u00e3o (Hor\u00e1rios)<\/a><\/div><div class=\"cra-etapa-doc__date-col\"><span class=\"cra-etapa-doc__date\">02\/04\/25<\/span><\/div><\/div>\n\n\n\n<div class=\"wp-block-cra-blocks-lista-etapa-doc cra-etapa-doc\"><div class=\"cra-etapa-doc__text-col\"><a href=\"https:\/\/wp.ufpel.edu.br\/cra\/files\/2025\/04\/Resultados-parciais-das-bancas-de-heteroidentificacao-Processo-Seletivo-Complementar.pdf\" class=\"cra-etapa-doc__link\">Heteroidentifica\u00e7\u00e3o (Parcial)<\/a><\/div><div class=\"cra-etapa-doc__date-col\"><span class=\"cra-etapa-doc__date\">11\/04\/25<\/span><\/div><\/div>\n\n\n\n<div class=\"wp-block-cra-blocks-lista-etapa-doc cra-etapa-doc\"><div class=\"cra-etapa-doc__text-col\"><a href=\"https:\/\/wp.ufpel.edu.br\/cra\/files\/2025\/04\/2025H06_20250428_PSC_2025_1_Resultado_Final.pdf\" class=\"cra-etapa-doc__link\">Heteroidentifica\u00e7\u00e3o (Final)<\/a><\/div><div class=\"cra-etapa-doc__date-col\"><span class=\"cra-etapa-doc__date\">27\/05\/25<\/span><\/div><\/div>\n\n\n\n<div class=\"wp-block-cra-blocks-lista-etapa-doc cra-etapa-doc\"><div class=\"cra-etapa-doc__text-col\"><a href=\"https:\/\/wp.ufpel.edu.br\/cra\/files\/2025\/04\/Edital-33-2024-Analise-Socioeconomica-Ingresso-2025-1.pdf\" class=\"cra-etapa-doc__link\">Renda (Parcial)<\/a><\/div><div class=\"cra-etapa-doc__date-col\"><span class=\"cra-etapa-doc__date\">14\/04\/25<\/span><\/div><\/div>\n\n\n\n<div class=\"wp-block-cra-blocks-lista-etapa-doc cra-etapa-doc\"><div class=\"cra-etapa-doc__text-col\"><a href=\"https:\/\/wp.ufpel.edu.br\/cra\/files\/2025\/05\/Relatorio-definitivo-Edital-n-33-2024.pdf\" class=\"cra-etapa-doc__link\">Renda (Final)<\/a><\/div><div class=\"cra-etapa-doc__date-col\"><span class=\"cra-etapa-doc__date\">16\/05\/25<\/span><\/div><\/div>\n<\/div><\/div>\n<\/div>\n<\/div><\/div>\n\n\n\n<hr class=\"wp-block-separator has-alpha-channel-opacity\"\/>\n\n\n\n<div class=\"wp-block-cra-blocks-cartao cra-cartao\"><div class=\"cra-cartao__inner\">\n<h2 id=\"processo-seletivo-complementar-medicina-2024-2\" class=\"wp-block-heading has-cra-color-primary-color has-text-color\" style=\"color:#00408F\">Processo seletivo complementar (Medicina) &#8211; 2024\/2<\/h2>\n\n\n\n<p class=\"wp-block-paragraph\">Oferta de vagas no curso de Medicina para Transfer\u00eancia, Reop\u00e7\u00e3o, Reingresso, Retomada de Estudos e Portador de diploma, com ingresso no semestre de 2024\/2.<\/p>\n<\/div><\/div>\n\n\n\n<div class=\"wp-block-cra-blocks-lista-etapas cra-lista-etapas\" data-active-tab=\"0\"><div class=\"cra-lista-etapas__nav-container\"><\/div><div class=\"cra-lista-etapas__content-container\">\n<div class=\"wp-block-cra-blocks-lista-etapa-item cra-lista-etapa-item\" data-tab-title=\"Inscri\u00e7\u00e3o\">\n<div class=\"wp-block-cra-blocks-lista-etapa-doc cra-etapa-doc\"><div class=\"cra-etapa-doc__text-col\"><a href=\"https:\/\/wp.ufpel.edu.br\/cra\/files\/2024\/08\/SEI_UFPel-2692349-Edital.pdf\" class=\"cra-etapa-doc__link\">Edital de abertura<\/a><\/div><div class=\"cra-etapa-doc__date-col\"><span class=\"cra-etapa-doc__date\">12\/08\/24<\/span><\/div><\/div>\n\n\n\n<div class=\"wp-block-cra-blocks-lista-etapa-doc cra-etapa-doc\"><div class=\"cra-etapa-doc__text-col\"><a href=\"http:\/\/ces.ufpel.edu.br\/vestibular\/vested0022_2024\/\" class=\"cra-etapa-doc__link\">Inscri\u00e7\u00e3o<\/a><\/div><div class=\"cra-etapa-doc__date-col\"><span class=\"cra-etapa-doc__date\">13 a 23\/08<\/span><\/div><\/div>\n<\/div>\n\n\n\n<div class=\"wp-block-cra-blocks-lista-etapa-item cra-lista-etapa-item\" data-tab-title=\"Classifica\u00e7\u00e3o\">\n<div class=\"wp-block-cra-blocks-lista-etapa-doc cra-etapa-doc\"><div class=\"cra-etapa-doc__text-col\"><a href=\"https:\/\/wp.ufpel.edu.br\/cra\/files\/2024\/08\/RESULTADO-PUBLICAR.pdf\" class=\"cra-etapa-doc__link\">Resultado isen\u00e7\u00e3o<\/a><\/div><div class=\"cra-etapa-doc__date-col\"><span class=\"cra-etapa-doc__date\">20\/08\/24<\/span><\/div><\/div>\n\n\n\n<div class=\"wp-block-cra-blocks-lista-etapa-doc cra-etapa-doc\"><div class=\"cra-etapa-doc__text-col\"><a href=\"https:\/\/wp.ufpel.edu.br\/cra\/files\/2024\/08\/SEI_UFPel-2728193-PRE-Resultado-Edital-de-Processos-Seletivos.pdf\" class=\"cra-etapa-doc__link\">Homologados &#8211; 1\u00aa fase<\/a><\/div><div class=\"cra-etapa-doc__date-col\"><span class=\"cra-etapa-doc__date\">30\/08\/24<\/span><\/div><\/div>\n\n\n\n<div class=\"wp-block-cra-blocks-lista-etapa-doc cra-etapa-doc\"><div class=\"cra-etapa-doc__text-col\"><a href=\"https:\/\/wp.ufpel.edu.br\/cra\/files\/2024\/09\/Resultado-Final-Medicina.pdf\" class=\"cra-etapa-doc__link\">Homologados &#8211; 1\u00aa fase (ap\u00f3s recursos)<\/a><\/div><div class=\"cra-etapa-doc__date-col\"><span class=\"cra-etapa-doc__date\">05\/09\/24<\/span><\/div><\/div>\n\n\n\n<hr class=\"wp-block-separator has-alpha-channel-opacity\"\/>\n\n\n\n<div class=\"wp-block-cra-blocks-lista-etapa-doc cra-etapa-doc\"><div class=\"cra-etapa-doc__text-col\"><a href=\"https:\/\/wp.ufpel.edu.br\/cra\/files\/2024\/09\/Edital-22-2024-homologados.pdf\" class=\"cra-etapa-doc__link\">Homologados &#8211; 2\u00aa fase<\/a><\/div><div class=\"cra-etapa-doc__date-col\"><span class=\"cra-etapa-doc__date\">13\/09\/24<\/span><\/div><\/div>\n\n\n\n<div class=\"wp-block-cra-blocks-lista-etapa-doc cra-etapa-doc\"><div class=\"cra-etapa-doc__text-col\"><a href=\"https:\/\/wp.ufpel.edu.br\/cra\/files\/2024\/09\/Edital-22-2024-homologados-apos-recurso.pdf\" class=\"cra-etapa-doc__link\">Homologados &#8211; 2\u00aa fase (ap\u00f3s recursos)<\/a><\/div><div class=\"cra-etapa-doc__date-col\"><span class=\"cra-etapa-doc__date\">18\/09\/24<\/span><\/div><\/div>\n\n\n\n<hr class=\"wp-block-separator has-alpha-channel-opacity\"\/>\n\n\n\n<div class=\"wp-block-cra-blocks-lista-etapa-doc cra-etapa-doc\"><div class=\"cra-etapa-doc__text-col\"><a href=\"https:\/\/wp.ufpel.edu.br\/cra\/files\/2024\/10\/Edital-22-2024-resultado-preliminar-segunda-fase.pdf\" class=\"cra-etapa-doc__link\">Resultado preliminar<\/a><\/div><div class=\"cra-etapa-doc__date-col\"><span class=\"cra-etapa-doc__date\">11\/10\/24<\/span><\/div><\/div>\n\n\n\n<div class=\"wp-block-cra-blocks-lista-etapa-doc cra-etapa-doc\"><div class=\"cra-etapa-doc__text-col\"><a href=\"https:\/\/wp.ufpel.edu.br\/cra\/files\/2024\/10\/Edital-22-2024-resultado-final-segunda-fase.pdf\" class=\"cra-etapa-doc__link\">Resultado Final<\/a><\/div><div class=\"cra-etapa-doc__date-col\"><span class=\"cra-etapa-doc__date\">23\/10\/24<\/span><\/div><\/div>\n<\/div>\n\n\n\n<div class=\"wp-block-cra-blocks-lista-etapa-item cra-lista-etapa-item\" data-tab-title=\"Matr\u00edcula\">\n<div class=\"wp-block-cra-blocks-lista-etapa-doc cra-etapa-doc\"><div class=\"cra-etapa-doc__text-col\"><a href=\"https:\/\/cobalto.ufpel.edu.br\/academico\/alunos\/solicitacaoCorrecaoMatricula\" class=\"cra-etapa-doc__link\">Matr\u00edcula<\/a><\/div><div class=\"cra-etapa-doc__date-col\"><span class=\"cra-etapa-doc__date\">05 a 07\/11<\/span><\/div><\/div>\n\n\n\n<div class=\"wp-block-cra-blocks-lista-etapa-doc cra-etapa-doc\"><div class=\"cra-etapa-doc__text-col\"><a href=\"https:\/\/wp.ufpel.edu.br\/cra\/files\/2024\/11\/SEI_2864699_Convocacao.pdf\" class=\"cra-etapa-doc__link\">1\u00aa Convoca\u00e7\u00e3o<\/a><\/div><div class=\"cra-etapa-doc__date-col\"><span class=\"cra-etapa-doc__date\">25 a 27\/11<\/span><\/div><\/div>\n\n\n\n<hr class=\"wp-block-separator has-alpha-channel-opacity\"\/>\n\n\n\n<div class=\"wp-block-group\"><div class=\"wp-block-group__inner-container is-layout-constrained wp-block-group-is-layout-constrained\">\n<p class=\"wp-block-paragraph\"><strong>Resultados para ingresso nas cotas<\/strong><\/p>\n\n\n\n<div class=\"wp-block-cra-blocks-lista-etapa-doc cra-etapa-doc\"><div class=\"cra-etapa-doc__text-col\"><a href=\"https:\/\/wp.ufpel.edu.br\/cra\/files\/2024\/11\/Edital_22_2024_parecer_pcd_definitivo.pdf\" class=\"cra-etapa-doc__link\">Pessoa com defici\u00eancia (Final)<\/a><\/div><div class=\"cra-etapa-doc__date-col\"><span class=\"cra-etapa-doc__date\">08\/11\/24<\/span><\/div><\/div>\n\n\n\n<div class=\"wp-block-cra-blocks-lista-etapa-doc cra-etapa-doc\"><div class=\"cra-etapa-doc__text-col\"><a href=\"https:\/\/wp.ufpel.edu.br\/cra\/files\/2024\/10\/edital-22-2024-horario-bancas.pdf\" class=\"cra-etapa-doc__link\">Heteroidentifica\u00e7\u00e3o (Hor\u00e1rios)<\/a><\/div><div class=\"cra-etapa-doc__date-col\"><span class=\"cra-etapa-doc__date\">24\/10\/24<\/span><\/div><\/div>\n\n\n\n<div class=\"wp-block-cra-blocks-lista-etapa-doc cra-etapa-doc\"><div class=\"cra-etapa-doc__text-col\"><a href=\"https:\/\/wp.ufpel.edu.br\/cra\/files\/2024\/11\/Edital-22-2024-parecer-final-etnia.pdf\" class=\"cra-etapa-doc__link\">Heteroidentifica\u00e7\u00e3o (Final)<\/a><\/div><div class=\"cra-etapa-doc__date-col\"><span class=\"cra-etapa-doc__date\">13\/11\/24<\/span><\/div><\/div>\n\n\n\n<div class=\"wp-block-cra-blocks-lista-etapa-doc cra-etapa-doc\"><div class=\"cra-etapa-doc__text-col\"><a href=\"https:\/\/wp.ufpel.edu.br\/cra\/files\/2024\/10\/Edital-22-2024-parecer-final-renda.pdf\" class=\"cra-etapa-doc__link\">Renda (Final)<\/a><\/div><div class=\"cra-etapa-doc__date-col\"><span class=\"cra-etapa-doc__date\">23\/10\/24<\/span><\/div><\/div>\n<\/div><\/div>\n<\/div>\n<\/div><\/div>\n\n\n\n<hr class=\"wp-block-separator has-alpha-channel-opacity\"\/>\n\n\n\n<div class=\"wp-block-cra-blocks-cartao cra-cartao\"><div class=\"cra-cartao__inner\">\n<h2 id=\"processo-seletivo-complementar-2024-2\" class=\"wp-block-heading has-cra-color-primary-color has-text-color\" style=\"color:#00408F\">Processo seletivo complementar &#8211; 2024\/2<\/h2>\n\n\n\n<p class=\"wp-block-paragraph\">Oferta de vagas para Transfer\u00eancia, Reop\u00e7\u00e3o, Reingresso, Retomada de Estudos e Portador de diploma, com ingresso no semestre de 2024\/2.<\/p>\n<\/div><\/div>\n\n\n\n<div class=\"wp-block-cra-blocks-lista-etapas cra-lista-etapas\" data-active-tab=\"0\"><div class=\"cra-lista-etapas__nav-container\"><\/div><div class=\"cra-lista-etapas__content-container\">\n<div class=\"wp-block-cra-blocks-lista-etapa-item cra-lista-etapa-item\" data-tab-title=\"Inscri\u00e7\u00e3o\">\n<div class=\"wp-block-cra-blocks-lista-etapa-doc cra-etapa-doc\"><div class=\"cra-etapa-doc__text-col\"><a href=\"https:\/\/wp.ufpel.edu.br\/cra\/files\/2024\/08\/Edital-18-2024.pdf\" class=\"cra-etapa-doc__link\">Edital de abertura<\/a><\/div><div class=\"cra-etapa-doc__date-col\"><span class=\"cra-etapa-doc__date\">09\/08\/24<\/span><\/div><\/div>\n\n\n\n<div class=\"wp-block-cra-blocks-lista-etapa-doc cra-etapa-doc\"><div class=\"cra-etapa-doc__text-col\"><a href=\"https:\/\/wp.ufpel.edu.br\/cra\/files\/2024\/08\/Edital-18-2024-retificacao.pdf\" class=\"cra-etapa-doc__link\">Edital de abertura &#8211; Retifica\u00e7\u00e3o<\/a><\/div><div class=\"cra-etapa-doc__date-col\"><span class=\"cra-etapa-doc__date\">15\/08\/24<\/span><\/div><\/div>\n\n\n\n<div class=\"wp-block-cra-blocks-lista-etapa-doc cra-etapa-doc\"><div class=\"cra-etapa-doc__text-col\"><a href=\"https:\/\/cobalto.ufpel.edu.br\/academico\/processoSeletivo\/fichaOnline\" class=\"cra-etapa-doc__link\">Inscri\u00e7\u00e3o<\/a><\/div><div class=\"cra-etapa-doc__date-col\"><span class=\"cra-etapa-doc__date\">12 a 23\/08<\/span><\/div><\/div>\n<\/div>\n\n\n\n<div class=\"wp-block-cra-blocks-lista-etapa-item cra-lista-etapa-item\" data-tab-title=\"Classifica\u00e7\u00e3o\">\n<div class=\"wp-block-cra-blocks-lista-etapa-doc cra-etapa-doc\"><div class=\"cra-etapa-doc__text-col\"><a href=\"https:\/\/wp.ufpel.edu.br\/cra\/files\/2024\/08\/Edital-18-2024-homologados-preliminar.pdf\" class=\"cra-etapa-doc__link\">Homologados preliminar<\/a><\/div><div class=\"cra-etapa-doc__date-col\"><span class=\"cra-etapa-doc__date\">29\/08\/24<\/span><\/div><\/div>\n\n\n\n<div class=\"wp-block-cra-blocks-lista-etapa-doc cra-etapa-doc\"><div class=\"cra-etapa-doc__text-col\"><a href=\"https:\/\/wp.ufpel.edu.br\/cra\/files\/2024\/09\/Edital-18-2024-homologados-final-1.pdf\" class=\"cra-etapa-doc__link\">Homologados final<\/a><\/div><div class=\"cra-etapa-doc__date-col\"><span class=\"cra-etapa-doc__date\">06\/09\/24<\/span><\/div><\/div>\n\n\n\n<div class=\"wp-block-cra-blocks-lista-etapa-doc cra-etapa-doc\"><div class=\"cra-etapa-doc__text-col\"><a href=\"https:\/\/wp.ufpel.edu.br\/cra\/files\/2024\/10\/Edital-18-2024_Resultado-preliminar.pdf\" class=\"cra-etapa-doc__link\">Resultado preliminar<\/a><\/div><div class=\"cra-etapa-doc__date-col\"><span class=\"cra-etapa-doc__date\">04\/10\/24<\/span><\/div><\/div>\n\n\n\n<div class=\"wp-block-cra-blocks-lista-etapa-doc cra-etapa-doc\"><div class=\"cra-etapa-doc__text-col\"><a href=\"https:\/\/wp.ufpel.edu.br\/cra\/files\/2024\/10\/Edital-18-2024_Resultado-final.pdf\" class=\"cra-etapa-doc__link\">Resultado Final<\/a><\/div><div class=\"cra-etapa-doc__date-col\"><span class=\"cra-etapa-doc__date\">18\/10\/24<\/span><\/div><\/div>\n<\/div>\n\n\n\n<div class=\"wp-block-cra-blocks-lista-etapa-item cra-lista-etapa-item\" data-tab-title=\"Matr\u00edcula\">\n<div class=\"wp-block-cra-blocks-lista-etapa-doc cra-etapa-doc\"><div class=\"cra-etapa-doc__text-col\"><a href=\"https:\/\/cobalto.ufpel.edu.br\/academico\/alunos\/solicitacaoCorrecaoMatricula\" class=\"cra-etapa-doc__link\">Matr\u00edcula<\/a><\/div><div class=\"cra-etapa-doc__date-col\"><span class=\"cra-etapa-doc__date\">05 a 07\/11<\/span><\/div><\/div>\n\n\n\n<div class=\"wp-block-cra-blocks-lista-etapa-doc cra-etapa-doc\"><div class=\"cra-etapa-doc__text-col\"><a href=\"https:\/\/wp.ufpel.edu.br\/cra\/files\/2024\/11\/SEI_UFPel-23110.019039_2024-34.pdf\" class=\"cra-etapa-doc__link\">1\u00aa Convoca\u00e7\u00e3o<\/a><\/div><div class=\"cra-etapa-doc__date-col\"><span class=\"cra-etapa-doc__date\">21 a 25\/11<\/span><\/div><\/div>\n\n\n\n<hr class=\"wp-block-separator has-alpha-channel-opacity\"\/>\n\n\n\n<div class=\"wp-block-group\"><div class=\"wp-block-group__inner-container is-layout-constrained wp-block-group-is-layout-constrained\">\n<p class=\"wp-block-paragraph\"><strong>Resultados para ingresso nas cotas<\/strong><\/p>\n\n\n\n<div class=\"wp-block-cra-blocks-lista-etapa-doc cra-etapa-doc\"><div class=\"cra-etapa-doc__text-col\"><a href=\"https:\/\/wp.ufpel.edu.br\/cra\/files\/2024\/10\/Comunicado-NUAAD.pdf\" class=\"cra-etapa-doc__link\">Heteroidentifica\u00e7\u00e3o (Hor\u00e1rios)<\/a><\/div><div class=\"cra-etapa-doc__date-col\"><span class=\"cra-etapa-doc__date\">22\/10\/24<\/span><\/div><\/div>\n\n\n\n<div class=\"wp-block-cra-blocks-lista-etapa-doc cra-etapa-doc\"><div class=\"cra-etapa-doc__text-col\"><a href=\"https:\/\/wp.ufpel.edu.br\/cra\/files\/2024\/11\/O-NUAAD-informa-o-resultado-da-banca-de-heteroidentificacao.pdf\" class=\"cra-etapa-doc__link\">Heteroidentifica\u00e7\u00e3o (Parcial)<\/a><\/div><div class=\"cra-etapa-doc__date-col\"><span class=\"cra-etapa-doc__date\">04\/11\/24<\/span><\/div><\/div>\n\n\n\n<div class=\"wp-block-cra-blocks-lista-etapa-doc cra-etapa-doc\"><div class=\"cra-etapa-doc__text-col\"><a href=\"https:\/\/wp.ufpel.edu.br\/ingresso\/files\/2024\/11\/Resultado-final-NUAAD.pdf\" class=\"cra-etapa-doc__link\">Heteroidentifica\u00e7\u00e3o (Final)<\/a><\/div><div class=\"cra-etapa-doc__date-col\"><span class=\"cra-etapa-doc__date\">29\/11\/24<\/span><\/div><\/div>\n\n\n\n<div class=\"wp-block-cra-blocks-lista-etapa-doc cra-etapa-doc\"><div class=\"cra-etapa-doc__text-col\"><a href=\"https:\/\/wp.ufpel.edu.br\/cra\/files\/2024\/10\/Resultado-preliminar-Analise-Socioconomica-Edital-18-2024.pdf\" class=\"cra-etapa-doc__link\">Renda (Parcial)<\/a><\/div><div class=\"cra-etapa-doc__date-col\"><span class=\"cra-etapa-doc__date\">31\/10\/24<\/span><\/div><\/div>\n\n\n\n<div class=\"wp-block-cra-blocks-lista-etapa-doc cra-etapa-doc\"><div class=\"cra-etapa-doc__text-col\"><a href=\"https:\/\/wp.ufpel.edu.br\/cra\/files\/2024\/11\/Resultado-definitivo-Edital-18-2024.pdf\" class=\"cra-etapa-doc__link\">Renda (Final)<\/a><\/div><div class=\"cra-etapa-doc__date-col\"><span class=\"cra-etapa-doc__date\">18\/11\/24<\/span><\/div><\/div>\n<\/div><\/div>\n<\/div>\n<\/div><\/div>\n\n\n\n<hr class=\"wp-block-separator has-alpha-channel-opacity\"\/>\n\n\n\n<div class=\"wp-block-cra-blocks-cartao cra-cartao\"><div class=\"cra-cartao__inner\">\n<h2 id=\"processo-seletivo-complementar-2024-1\" class=\"wp-block-heading has-cra-color-primary-color has-text-color\" style=\"color:#00408F\">Processo seletivo complementar &#8211; 2024\/1<\/h2>\n\n\n\n<p class=\"wp-block-paragraph\">Oferta de vagas para Transfer\u00eancia, Reop\u00e7\u00e3o, Reingresso, Retomada de Estudos e Portador de diploma, com ingresso no semestre de 2024\/1.<\/p>\n<\/div><\/div>\n\n\n\n<div class=\"wp-block-cra-blocks-lista-etapas cra-lista-etapas\" data-active-tab=\"0\"><div class=\"cra-lista-etapas__nav-container\"><\/div><div class=\"cra-lista-etapas__content-container\">\n<div class=\"wp-block-cra-blocks-lista-etapa-item cra-lista-etapa-item\" data-tab-title=\"Inscri\u00e7\u00e3o\">\n<div class=\"wp-block-cra-blocks-lista-etapa-doc cra-etapa-doc\"><div class=\"cra-etapa-doc__text-col\"><a href=\"https:\/\/wp.ufpel.edu.br\/cra\/files\/2023\/11\/Edital-49-2023.pdf\" class=\"cra-etapa-doc__link\">Edital de abertura<\/a><\/div><div class=\"cra-etapa-doc__date-col\"><span class=\"cra-etapa-doc__date\">20\/11\/23<\/span><\/div><\/div>\n\n\n\n<div class=\"wp-block-cra-blocks-lista-etapa-doc cra-etapa-doc\"><div class=\"cra-etapa-doc__text-col\"><a href=\"https:\/\/wp.ufpel.edu.br\/cra\/files\/2023\/12\/Edital-49-2023-retificacao.pdf\" class=\"cra-etapa-doc__link\">Edital de abertura &#8211; Retifica\u00e7\u00e3o<\/a><\/div><div class=\"cra-etapa-doc__date-col\"><span class=\"cra-etapa-doc__date\">01\/12\/23<\/span><\/div><\/div>\n\n\n\n<div class=\"wp-block-cra-blocks-lista-etapa-doc cra-etapa-doc\"><div class=\"cra-etapa-doc__text-col\"><a href=\"https:\/\/cobalto.ufpel.edu.br\/academico\/processoSeletivo\/fichaOnline\" class=\"cra-etapa-doc__link\">Inscri\u00e7\u00e3o<\/a><\/div><div class=\"cra-etapa-doc__date-col\"><span class=\"cra-etapa-doc__date\">04 a 15\/12<\/span><\/div><\/div>\n<\/div>\n\n\n\n<div class=\"wp-block-cra-blocks-lista-etapa-item cra-lista-etapa-item\" data-tab-title=\"Classifica\u00e7\u00e3o\">\n<div class=\"wp-block-cra-blocks-lista-etapa-doc cra-etapa-doc\"><div class=\"cra-etapa-doc__text-col\"><a href=\"https:\/\/wp.ufpel.edu.br\/cra\/files\/2023\/12\/Edital-49-2023-homologados-preliminar.pdf\" class=\"cra-etapa-doc__link\">Homologados preliminar<\/a><\/div><div class=\"cra-etapa-doc__date-col\"><span class=\"cra-etapa-doc__date\">19\/12\/23<\/span><\/div><\/div>\n\n\n\n<div class=\"wp-block-cra-blocks-lista-etapa-doc cra-etapa-doc\"><div class=\"cra-etapa-doc__text-col\"><a href=\"https:\/\/wp.ufpel.edu.br\/cra\/files\/2024\/01\/Edital-49-2023-homologados-final.pdf\" class=\"cra-etapa-doc__link\">Homologados final<\/a><\/div><div class=\"cra-etapa-doc__date-col\"><span class=\"cra-etapa-doc__date\">04\/01\/24<\/span><\/div><\/div>\n\n\n\n<div class=\"wp-block-cra-blocks-lista-etapa-doc cra-etapa-doc\"><div class=\"cra-etapa-doc__text-col\"><a href=\"https:\/\/wp.ufpel.edu.br\/cra\/files\/2024\/02\/Edital-49-2023_Resultado-preliminar.pdf\" class=\"cra-etapa-doc__link\">Resultado preliminar<\/a><\/div><div class=\"cra-etapa-doc__date-col\"><span class=\"cra-etapa-doc__date\">28\/02\/24<\/span><\/div><\/div>\n\n\n\n<div class=\"wp-block-cra-blocks-lista-etapa-doc cra-etapa-doc\"><div class=\"cra-etapa-doc__text-col\"><a href=\"https:\/\/wp.ufpel.edu.br\/cra\/files\/2024\/03\/Edital-49-2023_Resultado-final.pdf\" class=\"cra-etapa-doc__link\">Resultado Final<\/a><\/div><div class=\"cra-etapa-doc__date-col\"><span class=\"cra-etapa-doc__date\">14\/03\/24<\/span><\/div><\/div>\n<\/div>\n\n\n\n<div class=\"wp-block-cra-blocks-lista-etapa-item cra-lista-etapa-item\" data-tab-title=\"Matr\u00edcula\">\n<div class=\"wp-block-cra-blocks-lista-etapa-doc cra-etapa-doc\"><div class=\"cra-etapa-doc__text-col\"><a href=\"https:\/\/cobalto.ufpel.edu.br\/academico\/alunos\/solicitacaoCorrecaoMatricula\" class=\"cra-etapa-doc__link\">Matr\u00edcula<\/a><\/div><div class=\"cra-etapa-doc__date-col\"><span class=\"cra-etapa-doc__date\">05 a 08\/04<\/span><\/div><\/div>\n\n\n\n<hr class=\"wp-block-separator has-alpha-channel-opacity\"\/>\n\n\n\n<div class=\"wp-block-group\"><div class=\"wp-block-group__inner-container is-layout-constrained wp-block-group-is-layout-constrained\">\n<p class=\"wp-block-paragraph\"><strong>Resultados para ingresso nas cotas<\/strong><\/p>\n\n\n\n<div class=\"wp-block-cra-blocks-lista-etapa-doc cra-etapa-doc\"><div class=\"cra-etapa-doc__text-col\"><a class=\"cra-etapa-doc__link\">Heteroidentifica\u00e7\u00e3o (Parcial)<\/a><\/div><div class=\"cra-etapa-doc__date-col\"><span class=\"cra-etapa-doc__date\">Aguarde<\/span><\/div><\/div>\n\n\n\n<div class=\"wp-block-cra-blocks-lista-etapa-doc cra-etapa-doc\"><div class=\"cra-etapa-doc__text-col\"><a class=\"cra-etapa-doc__link\">Heteroidentifica\u00e7\u00e3o (Final)<\/a><\/div><div class=\"cra-etapa-doc__date-col\"><span class=\"cra-etapa-doc__date\">Aguarde<\/span><\/div><\/div>\n\n\n\n<div class=\"wp-block-cra-blocks-lista-etapa-doc cra-etapa-doc\"><div class=\"cra-etapa-doc__text-col\"><a href=\"https:\/\/wp.ufpel.edu.br\/cra\/files\/2024\/07\/RESULTADO-PRELIMINAR-INGRESSO-NAS-COTAS-SOCIAIS.pdf\" class=\"cra-etapa-doc__link\">Renda (Parcial)<\/a><\/div><div class=\"cra-etapa-doc__date-col\"><span class=\"cra-etapa-doc__date\">04\/07\/24<\/span><\/div><\/div>\n\n\n\n<div class=\"wp-block-cra-blocks-lista-etapa-doc cra-etapa-doc\"><div class=\"cra-etapa-doc__text-col\"><a href=\"https:\/\/wp.ufpel.edu.br\/cra\/files\/2024\/08\/Edital-n-49-2023-Relatorio-Definitivo.pdf\" class=\"cra-etapa-doc__link\">Renda (Final)<\/a><\/div><div class=\"cra-etapa-doc__date-col\"><span class=\"cra-etapa-doc__date\">07\/08\/24<\/span><\/div><\/div>\n<\/div><\/div>\n<\/div>\n<\/div><\/div>\n\n\n\n<hr class=\"wp-block-separator has-alpha-channel-opacity\"\/>\n\n\n\n<div class=\"wp-block-cra-blocks-cartao cra-cartao\"><div class=\"cra-cartao__inner\">\n<h2 id=\"processo-seletivo-complementar-medicina-2023-2\" class=\"wp-block-heading has-cra-color-primary-color has-text-color\" style=\"color:#00408F\">Processo seletivo complementar (Medicina) &#8211; 2023\/2<\/h2>\n\n\n\n<p class=\"wp-block-paragraph\">O edital com oferta de vagas para Transfer\u00eancia, Reop\u00e7\u00e3o, Reingresso, Retomada de Estudos e Portador de diploma, com ingresso no semestre de 2023\/2.<\/p>\n<\/div><\/div>\n\n\n\n<div class=\"wp-block-cra-blocks-lista-etapas cra-lista-etapas\" data-active-tab=\"0\"><div class=\"cra-lista-etapas__nav-container\"><\/div><div class=\"cra-lista-etapas__content-container\">\n<div class=\"wp-block-cra-blocks-lista-etapa-item cra-lista-etapa-item\" data-tab-title=\"Inscri\u00e7\u00e3o\">\n<div class=\"wp-block-cra-blocks-lista-etapa-doc cra-etapa-doc\"><div class=\"cra-etapa-doc__text-col\"><a href=\"https:\/\/wp.ufpel.edu.br\/cra\/files\/2023\/07\/Edital-36-2023.pdf\" class=\"cra-etapa-doc__link\">Edital de abertura<\/a><\/div><div class=\"cra-etapa-doc__date-col\"><span class=\"cra-etapa-doc__date\">17\/07\/23<\/span><\/div><\/div>\n\n\n\n<div class=\"wp-block-cra-blocks-lista-etapa-doc cra-etapa-doc\"><div class=\"cra-etapa-doc__text-col\"><a href=\"http:\/\/ces.ufpel.edu.br\/vestibular\/vested0036_2023\/\" class=\"cra-etapa-doc__link\">Inscri\u00e7\u00e3o<\/a><\/div><div class=\"cra-etapa-doc__date-col\"><span class=\"cra-etapa-doc__date\">31\/07 a 11\/08<\/span><\/div><\/div>\n<\/div>\n\n\n\n<div class=\"wp-block-cra-blocks-lista-etapa-item cra-lista-etapa-item\" data-tab-title=\"Classifica\u00e7\u00e3o\">\n<div class=\"wp-block-cra-blocks-lista-etapa-doc cra-etapa-doc\"><div class=\"cra-etapa-doc__text-col\"><a href=\"https:\/\/wp.ufpel.edu.br\/cra\/files\/2023\/08\/Pedido-de-isencao-Medicina-respostas-resultado.pdf\" class=\"cra-etapa-doc__link\">Resultado isen\u00e7\u00e3o<\/a><\/div><div class=\"cra-etapa-doc__date-col\"><span class=\"cra-etapa-doc__date\">08\/08\/23<\/span><\/div><\/div>\n\n\n\n<div class=\"wp-block-cra-blocks-lista-etapa-doc cra-etapa-doc\"><div class=\"cra-etapa-doc__text-col\"><a href=\"https:\/\/wp.ufpel.edu.br\/cra\/files\/2023\/08\/edital36-homologados.pdf\" class=\"cra-etapa-doc__link\">Homologados \u2013 1\u00aa fase<\/a><\/div><div class=\"cra-etapa-doc__date-col\"><span class=\"cra-etapa-doc__date\">24\/08\/23<\/span><\/div><\/div>\n\n\n\n<div class=\"wp-block-cra-blocks-lista-etapa-doc cra-etapa-doc\"><div class=\"cra-etapa-doc__text-col\"><a href=\"https:\/\/wp.ufpel.edu.br\/cra\/files\/2023\/08\/Resultado-Edital-36.pdf\" class=\"cra-etapa-doc__link\">Homologados \u2013 1\u00aa fase (ap\u00f3s recursos)<\/a><\/div><div class=\"cra-etapa-doc__date-col\"><span class=\"cra-etapa-doc__date\">30\/08\/23<\/span><\/div><\/div>\n\n\n\n<hr class=\"wp-block-separator has-alpha-channel-opacity\"\/>\n\n\n\n<div class=\"wp-block-cra-blocks-lista-etapa-doc cra-etapa-doc\"><div class=\"cra-etapa-doc__text-col\"><a href=\"https:\/\/wp.ufpel.edu.br\/cra\/files\/2023\/09\/SEI_23110.027511_2023_21.pdf\" class=\"cra-etapa-doc__link\">Homologados \u2013 2\u00aa fase<\/a><\/div><div class=\"cra-etapa-doc__date-col\"><span class=\"cra-etapa-doc__date\">12\/09\/23<\/span><\/div><\/div>\n\n\n\n<div class=\"wp-block-cra-blocks-lista-etapa-doc cra-etapa-doc\"><div class=\"cra-etapa-doc__text-col\"><a href=\"https:\/\/wp.ufpel.edu.br\/cra\/files\/2023\/09\/Resultado-final-homologados-segunda-fase-medicina.pdf\" class=\"cra-etapa-doc__link\">Homologados \u2013 2\u00aa fase (final)<\/a><\/div><div class=\"cra-etapa-doc__date-col\"><span class=\"cra-etapa-doc__date\">18\/09\/23<\/span><\/div><\/div>\n\n\n\n<hr class=\"wp-block-separator has-alpha-channel-opacity\"\/>\n\n\n\n<div class=\"wp-block-cra-blocks-lista-etapa-doc cra-etapa-doc\"><div class=\"cra-etapa-doc__text-col\"><a href=\"https:\/\/wp.ufpel.edu.br\/cra\/files\/2023\/09\/Resultado-preliminar-processo-seletivo-Medicina.pdf\" class=\"cra-etapa-doc__link\">Resultado preliminar<\/a><\/div><div class=\"cra-etapa-doc__date-col\"><span class=\"cra-etapa-doc__date\">26\/09\/23<\/span><\/div><\/div>\n\n\n\n<div class=\"wp-block-cra-blocks-lista-etapa-doc cra-etapa-doc\"><div class=\"cra-etapa-doc__text-col\"><a href=\"https:\/\/wp.ufpel.edu.br\/cra\/files\/2023\/10\/Resultado-final-do-processo-seletivo-Medicina-36_2023.pdf\" class=\"cra-etapa-doc__link\">Resultado Final<\/a><\/div><div class=\"cra-etapa-doc__date-col\"><span class=\"cra-etapa-doc__date\">05\/10\/23<\/span><\/div><\/div>\n<\/div>\n\n\n\n<div class=\"wp-block-cra-blocks-lista-etapa-item cra-lista-etapa-item\" data-tab-title=\"Matr\u00edcula\">\n<div class=\"wp-block-cra-blocks-lista-etapa-doc cra-etapa-doc\"><div class=\"cra-etapa-doc__text-col\"><a href=\"https:\/\/cobalto.ufpel.edu.br\/academico\/alunos\/solicitacaoCorrecaoMatricula\" class=\"cra-etapa-doc__link\">Matr\u00edcula<\/a><\/div><div class=\"cra-etapa-doc__date-col\"><span class=\"cra-etapa-doc__date\">13 a 16\/10<\/span><\/div><\/div>\n\n\n\n<div class=\"wp-block-cra-blocks-lista-etapa-doc cra-etapa-doc\"><div class=\"cra-etapa-doc__text-col\"><a href=\"https:\/\/wp.ufpel.edu.br\/cra\/files\/2023\/10\/Edital-36-2023-1-convocacao.pdf\" class=\"cra-etapa-doc__link\">1\u00aa convoca\u00e7\u00e3o<\/a><\/div><div class=\"cra-etapa-doc__date-col\"><span class=\"cra-etapa-doc__date\">23 a 27\/10<\/span><\/div><\/div>\n\n\n\n<div class=\"wp-block-cra-blocks-lista-etapa-doc cra-etapa-doc\"><div class=\"cra-etapa-doc__text-col\"><a href=\"https:\/\/wp.ufpel.edu.br\/cra\/files\/2023\/10\/Edital-36-2023-Medicina-Concovacao-2.pdf\" class=\"cra-etapa-doc__link\">2\u00aa convoca\u00e7\u00e3o<\/a><\/div><div class=\"cra-etapa-doc__date-col\"><span class=\"cra-etapa-doc__date\">30\/10 a 06\/11<\/span><\/div><\/div>\n\n\n\n<hr class=\"wp-block-separator has-alpha-channel-opacity\"\/>\n\n\n\n<div class=\"wp-block-group\"><div class=\"wp-block-group__inner-container is-layout-constrained wp-block-group-is-layout-constrained\">\n<p class=\"wp-block-paragraph\"><strong>Resultados para ingresso nas cotas<\/strong><\/p>\n\n\n\n<div class=\"wp-block-cra-blocks-lista-etapa-doc cra-etapa-doc\"><div class=\"cra-etapa-doc__text-col\"><a href=\"https:\/\/wp.ufpel.edu.br\/cra\/files\/2023\/10\/Edital-36-2023-resultado-preliminar-cotas-deficientes.pdf\" class=\"cra-etapa-doc__link\">Pessoa com defici\u00eancia (Parcial)<\/a><\/div><div class=\"cra-etapa-doc__date-col\"><span class=\"cra-etapa-doc__date\">11\/10\/23<\/span><\/div><\/div>\n\n\n\n<div class=\"wp-block-cra-blocks-lista-etapa-doc cra-etapa-doc\"><div class=\"cra-etapa-doc__text-col\"><a href=\"https:\/\/wp.ufpel.edu.br\/cra\/files\/2023\/10\/Edital-36-2023-resultado-final-cotas-deficientes.pdf\" class=\"cra-etapa-doc__link\">Pessoa com defici\u00eancia (Final)<\/a><\/div><div class=\"cra-etapa-doc__date-col\"><span class=\"cra-etapa-doc__date\">20\/10\/23<\/span><\/div><\/div>\n\n\n\n<div class=\"wp-block-cra-blocks-lista-etapa-doc cra-etapa-doc\"><div class=\"cra-etapa-doc__text-col\"><a class=\"cra-etapa-doc__link\">Heteroidentifica\u00e7\u00e3o (Parcial)<\/a><\/div><div class=\"cra-etapa-doc__date-col\"><span class=\"cra-etapa-doc__date\">Aguarde<\/span><\/div><\/div>\n\n\n\n<div class=\"wp-block-cra-blocks-lista-etapa-doc cra-etapa-doc\"><div class=\"cra-etapa-doc__text-col\"><a class=\"cra-etapa-doc__link\">Heteroidentifica\u00e7\u00e3o (Final)<\/a><\/div><div class=\"cra-etapa-doc__date-col\"><span class=\"cra-etapa-doc__date\">Aguarde<\/span><\/div><\/div>\n\n\n\n<div class=\"wp-block-cra-blocks-lista-etapa-doc cra-etapa-doc\"><div class=\"cra-etapa-doc__text-col\"><a href=\"https:\/\/wp.ufpel.edu.br\/cra\/files\/2023\/10\/Edital-36-2023-resultado-final-renda.pdf\" class=\"cra-etapa-doc__link\">Renda (Final)<\/a><\/div><div class=\"cra-etapa-doc__date-col\"><span class=\"cra-etapa-doc__date\">06\/10\/23<\/span><\/div><\/div>\n<\/div><\/div>\n<\/div>\n<\/div><\/div>\n\n\n\n<hr class=\"wp-block-separator has-alpha-channel-opacity\"\/>\n\n\n\n<div class=\"wp-block-cra-blocks-cartao cra-cartao\"><div class=\"cra-cartao__inner\">\n<h2 id=\"processo-seletivo-complementar-2023-2\" class=\"wp-block-heading has-cra-color-primary-color has-text-color\" style=\"color:#00408F\">Processo seletivo complementar &#8211; 2023\/2<\/h2>\n\n\n\n<p class=\"wp-block-paragraph\">O Edital com oferta de vagas para Transfer\u00eancia, Reop\u00e7\u00e3o, Reingresso, Retomada de Estudos e Portador de diploma, com ingresso no semestre de 2023\/2.<\/p>\n<\/div><\/div>\n\n\n\n<div class=\"wp-block-cra-blocks-lista-etapas cra-lista-etapas\" data-active-tab=\"0\"><div class=\"cra-lista-etapas__nav-container\"><\/div><div class=\"cra-lista-etapas__content-container\">\n<div class=\"wp-block-cra-blocks-lista-etapa-item cra-lista-etapa-item\" data-tab-title=\"Inscri\u00e7\u00e3o\">\n<div class=\"wp-block-cra-blocks-lista-etapa-doc cra-etapa-doc\"><div class=\"cra-etapa-doc__text-col\"><a href=\"https:\/\/wp.ufpel.edu.br\/cra\/files\/2023\/07\/Edital-35-2023.pdf\" class=\"cra-etapa-doc__link\">Edital de abertura<\/a><\/div><div class=\"cra-etapa-doc__date-col\"><span class=\"cra-etapa-doc__date\">17\/07\/23<\/span><\/div><\/div>\n\n\n\n<div class=\"wp-block-cra-blocks-lista-etapa-doc cra-etapa-doc\"><div class=\"cra-etapa-doc__text-col\"><a href=\"https:\/\/cobalto.ufpel.edu.br\/academico\/processoSeletivo\/fichaOnline\" class=\"cra-etapa-doc__link\">Inscri\u00e7\u00e3o<\/a><\/div><div class=\"cra-etapa-doc__date-col\"><span class=\"cra-etapa-doc__date\">31\/07 a 11\/08<\/span><\/div><\/div>\n<\/div>\n\n\n\n<div class=\"wp-block-cra-blocks-lista-etapa-item cra-lista-etapa-item\" data-tab-title=\"Classifica\u00e7\u00e3o\">\n<div class=\"wp-block-cra-blocks-lista-etapa-doc cra-etapa-doc\"><div class=\"cra-etapa-doc__text-col\"><a href=\"https:\/\/wp.ufpel.edu.br\/cra\/files\/2023\/08\/Edital-35-2023-Homologados.pdf\" class=\"cra-etapa-doc__link\">Homologados<\/a><\/div><div class=\"cra-etapa-doc__date-col\"><span class=\"cra-etapa-doc__date\">17\/08\/23<\/span><\/div><\/div>\n\n\n\n<div class=\"wp-block-cra-blocks-lista-etapa-doc cra-etapa-doc\"><div class=\"cra-etapa-doc__text-col\"><a href=\"https:\/\/wp.ufpel.edu.br\/cra\/files\/2023\/08\/Edital-35-2023-Homologados-final.pdf\" class=\"cra-etapa-doc__link\">Homologados \u2013 ap\u00f3s recursos<\/a><\/div><div class=\"cra-etapa-doc__date-col\"><span class=\"cra-etapa-doc__date\">24\/08\/23<\/span><\/div><\/div>\n\n\n\n<div class=\"wp-block-cra-blocks-lista-etapa-doc cra-etapa-doc\"><div class=\"cra-etapa-doc__text-col\"><a href=\"https:\/\/wp.ufpel.edu.br\/cra\/files\/2023\/09\/Edital-35-2023_Resultado-preliminar.pdf\" class=\"cra-etapa-doc__link\">Resultado preliminar<\/a><\/div><div class=\"cra-etapa-doc__date-col\"><span class=\"cra-etapa-doc__date\">15\/09\/23<\/span><\/div><\/div>\n\n\n\n<div class=\"wp-block-cra-blocks-lista-etapa-doc cra-etapa-doc\"><div class=\"cra-etapa-doc__text-col\"><a href=\"https:\/\/wp.ufpel.edu.br\/cra\/files\/2023\/09\/Edital-35-2023_Resultado-final.pdf\" class=\"cra-etapa-doc__link\">Resultado Final<\/a><\/div><div class=\"cra-etapa-doc__date-col\"><span class=\"cra-etapa-doc__date\">28\/09\/23<\/span><\/div><\/div>\n<\/div>\n\n\n\n<div class=\"wp-block-cra-blocks-lista-etapa-item cra-lista-etapa-item\" data-tab-title=\"Matr\u00edcula\">\n<div class=\"wp-block-cra-blocks-lista-etapa-doc cra-etapa-doc\"><div class=\"cra-etapa-doc__text-col\"><a href=\"https:\/\/cobalto.ufpel.edu.br\/academico\/alunos\/solicitacaoCorrecaoMatricula\" class=\"cra-etapa-doc__link\">Matr\u00edcula<\/a><\/div><div class=\"cra-etapa-doc__date-col\"><span class=\"cra-etapa-doc__date\">13 a 16\/10<\/span><\/div><\/div>\n\n\n\n<div class=\"wp-block-cra-blocks-lista-etapa-doc cra-etapa-doc\"><div class=\"cra-etapa-doc__text-col\"><a href=\"https:\/\/wp.ufpel.edu.br\/cra\/files\/2023\/10\/Edital-35-2023-1-convocacao.pdf\" class=\"cra-etapa-doc__link\">1\u00aa Convoca\u00e7\u00e3o<\/a><\/div><div class=\"cra-etapa-doc__date-col\"><span class=\"cra-etapa-doc__date\">23 a 27\/10<\/span><\/div><\/div>\n\n\n\n<hr class=\"wp-block-separator has-alpha-channel-opacity\"\/>\n\n\n\n<div class=\"wp-block-group\"><div class=\"wp-block-group__inner-container is-layout-constrained wp-block-group-is-layout-constrained\">\n<p class=\"wp-block-paragraph\"><strong>Resultados para ingresso nas cotas<\/strong><\/p>\n\n\n\n<div class=\"wp-block-cra-blocks-lista-etapa-doc cra-etapa-doc\"><div class=\"cra-etapa-doc__text-col\"><a href=\"https:\/\/wp.ufpel.edu.br\/cra\/files\/2023\/10\/Edital-35-2023-resultado-preliminar-cotas-deficientes.pdf\" class=\"cra-etapa-doc__link\">Pessoa com defici\u00eancia (Parcial)<\/a><\/div><div class=\"cra-etapa-doc__date-col\"><span class=\"cra-etapa-doc__date\">11\/10\/23<\/span><\/div><\/div>\n\n\n\n<div class=\"wp-block-cra-blocks-lista-etapa-doc cra-etapa-doc\"><div class=\"cra-etapa-doc__text-col\"><a href=\"https:\/\/wp.ufpel.edu.br\/cra\/files\/2023\/10\/Edital-35-2023-resultado-final-cotas-deficientes.pdf\" class=\"cra-etapa-doc__link\">Pessoa com defici\u00eancia (Final)<\/a><\/div><div class=\"cra-etapa-doc__date-col\"><span class=\"cra-etapa-doc__date\">20\/10\/23<\/span><\/div><\/div>\n\n\n\n<div class=\"wp-block-cra-blocks-lista-etapa-doc cra-etapa-doc\"><div class=\"cra-etapa-doc__text-col\"><a class=\"cra-etapa-doc__link\">Heteroidentifica\u00e7\u00e3o (Parcial)<\/a><\/div><div class=\"cra-etapa-doc__date-col\"><span class=\"cra-etapa-doc__date\">Aguarde<\/span><\/div><\/div>\n\n\n\n<div class=\"wp-block-cra-blocks-lista-etapa-doc cra-etapa-doc\"><div class=\"cra-etapa-doc__text-col\"><a class=\"cra-etapa-doc__link\">Heteroidentifica\u00e7\u00e3o (Final)<\/a><\/div><div class=\"cra-etapa-doc__date-col\"><span class=\"cra-etapa-doc__date\">Aguarde<\/span><\/div><\/div>\n\n\n\n<div class=\"wp-block-cra-blocks-lista-etapa-doc cra-etapa-doc\"><div class=\"cra-etapa-doc__text-col\"><a href=\"https:\/\/wp.ufpel.edu.br\/cra\/files\/2023\/10\/Edital-35-2023-resultado-preliminar-cotas-social.pdf\" class=\"cra-etapa-doc__link\">Renda (Parcial)<\/a><\/div><div class=\"cra-etapa-doc__date-col\"><span class=\"cra-etapa-doc__date\">09\/10\/23<\/span><\/div><\/div>\n\n\n\n<div class=\"wp-block-cra-blocks-lista-etapa-doc cra-etapa-doc\"><div class=\"cra-etapa-doc__text-col\"><a href=\"https:\/\/wp.ufpel.edu.br\/cra\/files\/2023\/10\/Edital-35-2023-resultado-final-cotas-social.pdf\" class=\"cra-etapa-doc__link\">Renda (Final)<\/a><\/div><div class=\"cra-etapa-doc__date-col\"><span class=\"cra-etapa-doc__date\">16\/10\/23<\/span><\/div><\/div>\n<\/div><\/div>\n<\/div>\n<\/div><\/div>\n\n\n\n<hr class=\"wp-block-separator has-alpha-channel-opacity\"\/>\n\n\n\n<div class=\"wp-block-cra-blocks-cartao cra-cartao\"><div class=\"cra-cartao__inner\">\n<h2 id=\"processo-seletivo-complementar-medicina-2023-1\" class=\"wp-block-heading has-cra-color-primary-color has-text-color\" style=\"color:#00408F\">Processo seletivo complementar (Medicina) &#8211; 2023\/1<\/h2>\n\n\n\n<p class=\"wp-block-paragraph\">O edital com oferta de vagas para Transfer\u00eancia, Reop\u00e7\u00e3o, Reingresso, Retomada de Estudos e Portador de diploma, com ingresso no semestre de 2023\/1.<\/p>\n<\/div><\/div>\n\n\n\n<div class=\"wp-block-cra-blocks-lista-etapas cra-lista-etapas\" data-active-tab=\"0\"><div class=\"cra-lista-etapas__nav-container\"><\/div><div class=\"cra-lista-etapas__content-container\">\n<div class=\"wp-block-cra-blocks-lista-etapa-item cra-lista-etapa-item\" data-tab-title=\"Inscri\u00e7\u00e3o\">\n<div class=\"wp-block-cra-blocks-lista-etapa-doc cra-etapa-doc\"><div class=\"cra-etapa-doc__text-col\"><a href=\"https:\/\/wp.ufpel.edu.br\/cra\/files\/2023\/03\/SEI_23110.003942_2023_01.pdf\" class=\"cra-etapa-doc__link\">Edital de abertura<\/a><\/div><div class=\"cra-etapa-doc__date-col\"><span class=\"cra-etapa-doc__date\">08\/03\/23<\/span><\/div><\/div>\n\n\n\n<div class=\"wp-block-cra-blocks-lista-etapa-doc cra-etapa-doc\"><div class=\"cra-etapa-doc__text-col\"><a href=\"https:\/\/wp.ufpel.edu.br\/cra\/files\/2023\/04\/retificacao-Edital-12.pdf\" class=\"cra-etapa-doc__link\">Retifica\u00e7\u00e3o do cronograma<\/a><\/div><div class=\"cra-etapa-doc__date-col\"><span class=\"cra-etapa-doc__date\">03\/04\/23<\/span><\/div><\/div>\n\n\n\n<div class=\"wp-block-cra-blocks-lista-etapa-doc cra-etapa-doc\"><div class=\"cra-etapa-doc__text-col\"><a href=\"http:\/\/ces.ufpel.edu.br\/vestibular\/vested0012_2023\/\" class=\"cra-etapa-doc__link\">Inscri\u00e7\u00e3o<\/a><\/div><div class=\"cra-etapa-doc__date-col\"><span class=\"cra-etapa-doc__date\">10 a 23\/03<\/span><\/div><\/div>\n<\/div>\n\n\n\n<div class=\"wp-block-cra-blocks-lista-etapa-item cra-lista-etapa-item\" data-tab-title=\"Classifica\u00e7\u00e3o\">\n<div class=\"wp-block-cra-blocks-lista-etapa-doc cra-etapa-doc\"><div class=\"cra-etapa-doc__text-col\"><a href=\"https:\/\/wp.ufpel.edu.br\/cra\/files\/2023\/03\/ISENCAO.pdf\" class=\"cra-etapa-doc__link\">Resultado isen\u00e7\u00e3o<\/a><\/div><div class=\"cra-etapa-doc__date-col\"><span class=\"cra-etapa-doc__date\">16\/03\/23<\/span><\/div><\/div>\n\n\n\n<div class=\"wp-block-cra-blocks-lista-etapa-doc cra-etapa-doc\"><div class=\"cra-etapa-doc__text-col\"><a href=\"https:\/\/wp.ufpel.edu.br\/cra\/files\/2023\/04\/Edital-12-homologados.pdf\" class=\"cra-etapa-doc__link\">Homologados<\/a><\/div><div class=\"cra-etapa-doc__date-col\"><span class=\"cra-etapa-doc__date\">03\/04\/23<\/span><\/div><\/div>\n\n\n\n<div class=\"wp-block-cra-blocks-lista-etapa-doc cra-etapa-doc\"><div class=\"cra-etapa-doc__text-col\"><a href=\"https:\/\/wp.ufpel.edu.br\/pave\/files\/2023\/04\/homologados-edital-12.23.pdf\" class=\"cra-etapa-doc__link\">Homologados \u2013 ap\u00f3s recursos<\/a><\/div><div class=\"cra-etapa-doc__date-col\"><span class=\"cra-etapa-doc__date\">06\/04\/23<\/span><\/div><\/div>\n\n\n\n<hr class=\"wp-block-separator has-alpha-channel-opacity\"\/>\n\n\n\n<div class=\"wp-block-cra-blocks-lista-etapa-doc cra-etapa-doc\"><div class=\"cra-etapa-doc__text-col\"><a href=\"https:\/\/cobalto.ufpel.edu.br\/academico\/processoSeletivo\/fichaOnline\" class=\"cra-etapa-doc__link\">Envio documentos para classificados<\/a><\/div><div class=\"cra-etapa-doc__date-col\"><span class=\"cra-etapa-doc__date\">06 a 13\/04<\/span><\/div><\/div>\n\n\n\n<div class=\"wp-block-cra-blocks-lista-etapa-doc cra-etapa-doc\"><div class=\"cra-etapa-doc__text-col\"><a href=\"https:\/\/wp.ufpel.edu.br\/cra\/files\/2023\/04\/Homologados-para-segunda-fase-preliminar.pdf\" class=\"cra-etapa-doc__link\">Homologados para a segunda fase<\/a><\/div><div class=\"cra-etapa-doc__date-col\"><span class=\"cra-etapa-doc__date\">18\/04\/23<\/span><\/div><\/div>\n\n\n\n<div class=\"wp-block-cra-blocks-lista-etapa-doc cra-etapa-doc\"><div class=\"cra-etapa-doc__text-col\"><a href=\"https:\/\/wp.ufpel.edu.br\/cra\/files\/2023\/05\/Resultado-final-homologados-para-a-segunda-fase-retificado-edital-12_2023.pdf\" class=\"cra-etapa-doc__link\">Homologados para a segunda fase (final) &#8211; Retificado<\/a><\/div><div class=\"cra-etapa-doc__date-col\"><span class=\"cra-etapa-doc__date\">02\/05\/23<\/span><\/div><\/div>\n\n\n\n<hr class=\"wp-block-separator has-alpha-channel-opacity\"\/>\n\n\n\n<div class=\"wp-block-cra-blocks-lista-etapa-doc cra-etapa-doc\"><div class=\"cra-etapa-doc__text-col\"><a href=\"https:\/\/wp.ufpel.edu.br\/cra\/files\/2023\/05\/Resultado-Preliminar-Edital-12.2023.pdf\" class=\"cra-etapa-doc__link\">Resultado preliminar<\/a><\/div><div class=\"cra-etapa-doc__date-col\"><span class=\"cra-etapa-doc__date\">05\/05\/23<\/span><\/div><\/div>\n\n\n\n<div class=\"wp-block-cra-blocks-lista-etapa-doc cra-etapa-doc\"><div class=\"cra-etapa-doc__text-col\"><a href=\"https:\/\/wp.ufpel.edu.br\/cra\/files\/2023\/05\/Edital12.2023_Resultado-Final.pdf\" class=\"cra-etapa-doc__link\">Resultado Final<\/a><\/div><div class=\"cra-etapa-doc__date-col\"><span class=\"cra-etapa-doc__date\">18\/05\/23<\/span><\/div><\/div>\n<\/div>\n\n\n\n<div class=\"wp-block-cra-blocks-lista-etapa-item cra-lista-etapa-item\" data-tab-title=\"Matr\u00edcula\">\n<div class=\"wp-block-cra-blocks-lista-etapa-doc cra-etapa-doc\"><div class=\"cra-etapa-doc__text-col\"><a href=\"https:\/\/cobalto.ufpel.edu.br\/academico\/alunos\/solicitacaoCorrecaoMatricula\" class=\"cra-etapa-doc__link\">Matr\u00edcula<\/a><\/div><div class=\"cra-etapa-doc__date-col\"><span class=\"cra-etapa-doc__date\">02 a 04\/06<\/span><\/div><\/div>\n<\/div>\n<\/div><\/div>\n\n\n\n<hr class=\"wp-block-separator has-alpha-channel-opacity\"\/>\n\n\n\n<div class=\"wp-block-cra-blocks-cartao cra-cartao\"><div class=\"cra-cartao__inner\">\n<h2 id=\"processo-seletivo-complementar-direito-2023-1\" class=\"wp-block-heading has-cra-color-primary-color has-text-color\" style=\"color:#00408F\">Processo seletivo complementar (Direito) &#8211; 2023\/1<\/h2>\n\n\n\n<p class=\"wp-block-paragraph\">O edital com oferta de vagas para Transfer\u00eancia, Reop\u00e7\u00e3o, Reingresso, Retomada de Estudos e Portador de diploma, com ingresso no ano letivo de 2023.<\/p>\n<\/div><\/div>\n\n\n\n<div class=\"wp-block-cra-blocks-lista-etapas cra-lista-etapas\" data-active-tab=\"0\"><div class=\"cra-lista-etapas__nav-container\"><\/div><div class=\"cra-lista-etapas__content-container\">\n<div class=\"wp-block-cra-blocks-lista-etapa-item cra-lista-etapa-item\" data-tab-title=\"Inscri\u00e7\u00e3o\">\n<div class=\"wp-block-cra-blocks-lista-etapa-doc cra-etapa-doc\"><div class=\"cra-etapa-doc__text-col\"><a href=\"https:\/\/wp.ufpel.edu.br\/cra\/files\/2023\/03\/SEI_23110.006379_2023_14-2.pdf\" class=\"cra-etapa-doc__link\">Edital de abertura<\/a><\/div><div class=\"cra-etapa-doc__date-col\"><span class=\"cra-etapa-doc__date\">06\/03\/23<\/span><\/div><\/div>\n\n\n\n<div class=\"wp-block-cra-blocks-lista-etapa-doc cra-etapa-doc\"><div class=\"cra-etapa-doc__text-col\"><a href=\"https:\/\/wp.ufpel.edu.br\/cra\/files\/2023\/03\/Retificacao-Edital-13.pdf\" class=\"cra-etapa-doc__link\">Retifica\u00e7\u00e3o do cronograma<\/a><\/div><div class=\"cra-etapa-doc__date-col\"><span class=\"cra-etapa-doc__date\">22\/03\/23<\/span><\/div><\/div>\n\n\n\n<div class=\"wp-block-cra-blocks-lista-etapa-doc cra-etapa-doc\"><div class=\"cra-etapa-doc__text-col\"><a href=\"https:\/\/wp.ufpel.edu.br\/cra\/files\/2023\/03\/retificacao-edital-13-2.pdf\" class=\"cra-etapa-doc__link\">Retifica\u00e7\u00e3o do cronograma<\/a><\/div><div class=\"cra-etapa-doc__date-col\"><span class=\"cra-etapa-doc__date\">28\/03\/23<\/span><\/div><\/div>\n\n\n\n<div class=\"wp-block-cra-blocks-lista-etapa-doc cra-etapa-doc\"><div class=\"cra-etapa-doc__text-col\"><a href=\"http:\/\/ces.ufpel.edu.br\/vestibular\/vested0013_2023\/\" class=\"cra-etapa-doc__link\">Inscri\u00e7\u00e3o<\/a><\/div><div class=\"cra-etapa-doc__date-col\"><span class=\"cra-etapa-doc__date\">08 a 14\/03<\/span><\/div><\/div>\n<\/div>\n\n\n\n<div class=\"wp-block-cra-blocks-lista-etapa-item cra-lista-etapa-item\" data-tab-title=\"Classifica\u00e7\u00e3o\">\n<div class=\"wp-block-cra-blocks-lista-etapa-doc cra-etapa-doc\"><div class=\"cra-etapa-doc__text-col\"><a href=\"https:\/\/wp.ufpel.edu.br\/cra\/files\/2023\/03\/isencao-direito.pdf\" class=\"cra-etapa-doc__link\">Resultado isen\u00e7\u00e3o<\/a><\/div><div class=\"cra-etapa-doc__date-col\"><span class=\"cra-etapa-doc__date\">13\/03\/23<\/span><\/div><\/div>\n\n\n\n<div class=\"wp-block-cra-blocks-lista-etapa-doc cra-etapa-doc\"><div class=\"cra-etapa-doc__text-col\"><a href=\"https:\/\/wp.ufpel.edu.br\/cra\/files\/2023\/03\/SEI_23110.006379_2023_14-3.pdf\" class=\"cra-etapa-doc__link\">Homologados<\/a><\/div><div class=\"cra-etapa-doc__date-col\"><span class=\"cra-etapa-doc__date\">23\/03\/23<\/span><\/div><\/div>\n\n\n\n<div class=\"wp-block-cra-blocks-lista-etapa-doc cra-etapa-doc\"><div class=\"cra-etapa-doc__text-col\"><a href=\"https:\/\/wp.ufpel.edu.br\/cra\/files\/2023\/03\/homologados-edital-13.pdf\" class=\"cra-etapa-doc__link\">Homologados \u2013 ap\u00f3s recursos<\/a><\/div><div class=\"cra-etapa-doc__date-col\"><span class=\"cra-etapa-doc__date\">27\/03\/23<\/span><\/div><\/div>\n\n\n\n<div class=\"wp-block-cra-blocks-lista-etapa-doc cra-etapa-doc\"><div class=\"cra-etapa-doc__text-col\"><a href=\"https:\/\/wp.ufpel.edu.br\/cra\/files\/2023\/04\/Edital-13-2023-homologados-segunda-fase-preliminar.pdf\" class=\"cra-etapa-doc__link\">Homologados para a segunda fase<\/a><\/div><div class=\"cra-etapa-doc__date-col\"><span class=\"cra-etapa-doc__date\">04\/04\/23<\/span><\/div><\/div>\n\n\n\n<div class=\"wp-block-cra-blocks-lista-etapa-doc cra-etapa-doc\"><div class=\"cra-etapa-doc__text-col\"><a href=\"https:\/\/wp.ufpel.edu.br\/cra\/files\/2023\/04\/SEI_23110.006379_2023_14.pdf\" class=\"cra-etapa-doc__link\">Homologados para a segunda fase (final)<\/a><\/div><div class=\"cra-etapa-doc__date-col\"><span class=\"cra-etapa-doc__date\">11\/04\/2023<\/span><\/div><\/div>\n\n\n\n<div class=\"wp-block-cra-blocks-lista-etapa-doc cra-etapa-doc\"><div class=\"cra-etapa-doc__text-col\"><a href=\"https:\/\/wp.ufpel.edu.br\/cra\/files\/2023\/04\/resultado_preliminar_direito_edital_13.3023.pdf\" class=\"cra-etapa-doc__link\">Resultado preliminar<\/a><\/div><div class=\"cra-etapa-doc__date-col\"><span class=\"cra-etapa-doc__date\">20\/04\/23<\/span><\/div><\/div>\n\n\n\n<div class=\"wp-block-cra-blocks-lista-etapa-doc cra-etapa-doc\"><div class=\"cra-etapa-doc__text-col\"><a href=\"https:\/\/wp.ufpel.edu.br\/cra\/files\/2023\/05\/Resultado-Final-edital-13.2023.pdf\" class=\"cra-etapa-doc__link\">Resultado Final<\/a><\/div><div class=\"cra-etapa-doc__date-col\"><span class=\"cra-etapa-doc__date\">03\/05\/23<\/span><\/div><\/div>\n<\/div>\n\n\n\n<div class=\"wp-block-cra-blocks-lista-etapa-item cra-lista-etapa-item\" data-tab-title=\"Matr\u00edcula\">\n<div class=\"wp-block-cra-blocks-lista-etapa-doc cra-etapa-doc\"><div class=\"cra-etapa-doc__text-col\"><a href=\"https:\/\/cobalto.ufpel.edu.br\/\" class=\"cra-etapa-doc__link\">Matr\u00edcula<\/a><\/div><div class=\"cra-etapa-doc__date-col\"><span class=\"cra-etapa-doc__date\">03 a 05\/05<\/span><\/div><\/div>\n<\/div>\n<\/div><\/div>\n\n\n\n<hr class=\"wp-block-separator has-alpha-channel-opacity\"\/>\n\n\n\n<div class=\"wp-block-cra-blocks-cartao cra-cartao\"><div class=\"cra-cartao__inner\">\n<h2 id=\"processo-seletivo-complementar-2023-1\" class=\"wp-block-heading has-cra-color-primary-color has-text-color\" style=\"color:#00408F\">Processo seletivo complementar &#8211; 2023\/1<\/h2>\n\n\n\n<p class=\"wp-block-paragraph\">Oferta de vagas para Transfer\u00eancia, Reop\u00e7\u00e3o, Reingresso, Retomada de Estudos e Portador de diploma, com ingresso no semestre de 2023\/1.<\/p>\n<\/div><\/div>\n\n\n\n<div class=\"wp-block-cra-blocks-lista-etapas cra-lista-etapas\" data-active-tab=\"0\"><div class=\"cra-lista-etapas__nav-container\"><\/div><div class=\"cra-lista-etapas__content-container\">\n<div class=\"wp-block-cra-blocks-lista-etapa-item cra-lista-etapa-item\" data-tab-title=\"Inscri\u00e7\u00e3o\">\n<div class=\"wp-block-cra-blocks-lista-etapa-doc cra-etapa-doc\"><div class=\"cra-etapa-doc__text-col\"><a href=\"https:\/\/wp.ufpel.edu.br\/cra\/files\/2023\/03\/UFPel-Edital-09-2023.pdf\" class=\"cra-etapa-doc__link\">Edital de abertura<\/a><\/div><div class=\"cra-etapa-doc__date-col\"><span class=\"cra-etapa-doc__date\">03\/03\/23<\/span><\/div><\/div>\n\n\n\n<div class=\"wp-block-cra-blocks-lista-etapa-doc cra-etapa-doc\"><div class=\"cra-etapa-doc__text-col\"><a href=\"https:\/\/wp.ufpel.edu.br\/cra\/files\/2023\/03\/SEI_23110.006294_2023_36-2.pdf\" class=\"cra-etapa-doc__link\">Edital de abertura- Retifica\u00e7\u00e3o<\/a><\/div><div class=\"cra-etapa-doc__date-col\"><span class=\"cra-etapa-doc__date\">09\/03\/23<\/span><\/div><\/div>\n\n\n\n<div class=\"wp-block-cra-blocks-lista-etapa-doc cra-etapa-doc\"><div class=\"cra-etapa-doc__text-col\"><a href=\"https:\/\/cobalto.ufpel.edu.br\/academico\/processoSeletivo\/fichaOnline\" class=\"cra-etapa-doc__link\">Inscri\u00e7\u00e3o<\/a><\/div><div class=\"cra-etapa-doc__date-col\"><span class=\"cra-etapa-doc__date\">20 a 25\/03<\/span><\/div><\/div>\n<\/div>\n\n\n\n<div class=\"wp-block-cra-blocks-lista-etapa-item cra-lista-etapa-item\" data-tab-title=\"Classifica\u00e7\u00e3o\">\n<div class=\"wp-block-cra-blocks-lista-etapa-doc cra-etapa-doc\"><div class=\"cra-etapa-doc__text-col\"><a href=\"https:\/\/wp.ufpel.edu.br\/cra\/files\/2023\/03\/Resultado-Edital-09-2023-Homologados.pdf\" class=\"cra-etapa-doc__link\">Homologados<\/a><\/div><div class=\"cra-etapa-doc__date-col\"><span class=\"cra-etapa-doc__date\">31\/03\/23<\/span><\/div><\/div>\n\n\n\n<div class=\"wp-block-cra-blocks-lista-etapa-doc cra-etapa-doc\"><div class=\"cra-etapa-doc__text-col\"><a href=\"https:\/\/wp.ufpel.edu.br\/cra\/files\/2023\/04\/Edital_09_2023_homologados_final.pdf\" class=\"cra-etapa-doc__link\">Homologados \u2013 ap\u00f3s recursos<\/a><\/div><div class=\"cra-etapa-doc__date-col\"><span class=\"cra-etapa-doc__date\">06\/04\/23<\/span><\/div><\/div>\n\n\n\n<div class=\"wp-block-cra-blocks-lista-etapa-doc cra-etapa-doc\"><div class=\"cra-etapa-doc__text-col\"><a href=\"https:\/\/wp.ufpel.edu.br\/cra\/files\/2023\/05\/Edital-9-2023_Resultado-preliminar.pdf\" class=\"cra-etapa-doc__link\">Resultado preliminar<\/a><\/div><div class=\"cra-etapa-doc__date-col\"><span class=\"cra-etapa-doc__date\">05\/05\/23<\/span><\/div><\/div>\n\n\n\n<div class=\"wp-block-cra-blocks-lista-etapa-doc cra-etapa-doc\"><div class=\"cra-etapa-doc__text-col\"><a href=\"https:\/\/wp.ufpel.edu.br\/cra\/files\/2023\/05\/Edital-09-2023-resultado_final.pdf\" class=\"cra-etapa-doc__link\">Resultado Final<\/a><\/div><div class=\"cra-etapa-doc__date-col\"><span class=\"cra-etapa-doc__date\">18\/05\/23<\/span><\/div><\/div>\n\n\n\n<div class=\"wp-block-cra-blocks-lista-etapa-doc cra-etapa-doc\"><div class=\"cra-etapa-doc__text-col\"><a href=\"https:\/\/wp.ufpel.edu.br\/cra\/files\/2023\/05\/SEI_23110.006294_2023_36.pdf\" class=\"cra-etapa-doc__link\">Resultado Final &#8211; Retifica\u00e7\u00e3o<\/a><\/div><div class=\"cra-etapa-doc__date-col\"><span class=\"cra-etapa-doc__date\">30\/05\/23<\/span><\/div><\/div>\n<\/div>\n\n\n\n<div class=\"wp-block-cra-blocks-lista-etapa-item cra-lista-etapa-item\" data-tab-title=\"Matr\u00edcula\">\n<div class=\"wp-block-cra-blocks-lista-etapa-doc cra-etapa-doc\"><div class=\"cra-etapa-doc__text-col\"><a href=\"https:\/\/cobalto.ufpel.edu.br\/academico\/alunos\/solicitacaoCorrecaoMatricula\" class=\"cra-etapa-doc__link\">Matr\u00edcula<\/a><\/div><div class=\"cra-etapa-doc__date-col\"><span class=\"cra-etapa-doc__date\">02 a 04\/06<\/span><\/div><\/div>\n\n\n\n<div class=\"wp-block-cra-blocks-lista-etapa-doc cra-etapa-doc\"><div class=\"cra-etapa-doc__text-col\"><a href=\"https:\/\/wp.ufpel.edu.br\/cra\/files\/2023\/06\/Edital-09-2023-1-concocacao.pdf\" class=\"cra-etapa-doc__link\">1\u00aa Convoca\u00e7\u00e3o<\/a><\/div><div class=\"cra-etapa-doc__date-col\"><span class=\"cra-etapa-doc__date\">14\/06\/23<\/span><\/div><\/div>\n\n\n\n<div class=\"wp-block-cra-blocks-lista-etapa-doc cra-etapa-doc\"><div class=\"cra-etapa-doc__text-col\"><a href=\"https:\/\/wp.ufpel.edu.br\/cra\/files\/2023\/06\/Edital-09-2023-2-convocacao.pdf\" class=\"cra-etapa-doc__link\">2\u00aa Convoca\u00e7\u00e3o<\/a><\/div><div class=\"cra-etapa-doc__date-col\"><span class=\"cra-etapa-doc__date\">20\/06\/23<\/span><\/div><\/div>\n\n\n\n<hr class=\"wp-block-separator has-alpha-channel-opacity\"\/>\n\n\n\n<div class=\"wp-block-group\"><div class=\"wp-block-group__inner-container is-layout-constrained wp-block-group-is-layout-constrained\">\n<p class=\"wp-block-paragraph\"><strong>Resultados para ingresso nas cotas<\/strong><\/p>\n\n\n\n<div class=\"wp-block-cra-blocks-lista-etapa-doc cra-etapa-doc\"><div class=\"cra-etapa-doc__text-col\"><a href=\"https:\/\/wp.ufpel.edu.br\/cra\/files\/2023\/07\/Relatorio-Edital-09-2023-1-Ingresso-nas-Cotas-Sociais.pdf\" class=\"cra-etapa-doc__link\">Renda (Final)<\/a><\/div><div class=\"cra-etapa-doc__date-col\"><span class=\"cra-etapa-doc__date\">24\/07\/23<\/span><\/div><\/div>\n<\/div><\/div>\n<\/div>\n<\/div><\/div>\n\n\n\n<hr class=\"wp-block-separator has-alpha-channel-opacity\"\/>\n\n\n\n<div class=\"wp-block-cra-blocks-cartao cra-cartao\"><div class=\"cra-cartao__inner\">\n<h2 id=\"processo-seletivo-complementar-medicina-2022-2\" class=\"wp-block-heading has-cra-color-primary-color has-text-color\" style=\"color:#00408F\">Processo seletivo complementar (Medicina) &#8211; 2022\/2<\/h2>\n\n\n\n<p class=\"wp-block-paragraph\">Oferta de vagas para Transfer\u00eancia, Reop\u00e7\u00e3o, Reingresso, Retomada de Estudos e Portador de diploma, com ingresso no semestre de 2022\/2.<\/p>\n<\/div><\/div>\n\n\n\n<div class=\"wp-block-cra-blocks-lista-etapas cra-lista-etapas\" data-active-tab=\"0\"><div class=\"cra-lista-etapas__nav-container\"><\/div><div class=\"cra-lista-etapas__content-container\">\n<div class=\"wp-block-cra-blocks-lista-etapa-item cra-lista-etapa-item\" data-tab-title=\"Inscri\u00e7\u00e3o\">\n<div class=\"wp-block-cra-blocks-lista-etapa-doc cra-etapa-doc\"><div class=\"cra-etapa-doc__text-col\"><a href=\"https:\/\/wp.ufpel.edu.br\/cra\/files\/2021\/05\/SEI_23110.036743_2022_90-1.pdf\" class=\"cra-etapa-doc__link\">Edital de abertura<\/a><\/div><div class=\"cra-etapa-doc__date-col\"><span class=\"cra-etapa-doc__date\">05\/10\/22<\/span><\/div><\/div>\n\n\n\n<div class=\"wp-block-cra-blocks-lista-etapa-doc cra-etapa-doc\"><div class=\"cra-etapa-doc__text-col\"><a href=\"https:\/\/wp.ufpel.edu.br\/cra\/files\/2021\/05\/SEI_UFPel-1896233-Retificacao.pdf\" class=\"cra-etapa-doc__link\">Edital de abertura &#8211; Retifica\u00e7\u00e3o<\/a><\/div><div class=\"cra-etapa-doc__date-col\"><span class=\"cra-etapa-doc__date\">11\/10\/22<\/span><\/div><\/div>\n\n\n\n<div class=\"wp-block-cra-blocks-lista-etapa-doc cra-etapa-doc\"><div class=\"cra-etapa-doc__text-col\"><a href=\"http:\/\/ces.ufpel.edu.br\/vestibular\/vested0014_2022\/\" class=\"cra-etapa-doc__link\">Inscri\u00e7\u00e3o<\/a><\/div><div class=\"cra-etapa-doc__date-col\"><span class=\"cra-etapa-doc__date\">10 a 20\/10<\/span><\/div><\/div>\n\n\n\n<div class=\"wp-block-cra-blocks-lista-etapa-doc cra-etapa-doc\"><div class=\"cra-etapa-doc__text-col\"><a href=\"https:\/\/wp.ufpel.edu.br\/cra\/files\/2021\/05\/Pedido-de-Isencao-Medicina-respostas-ACEITOS-EDITAL-29.pdf\" class=\"cra-etapa-doc__link\">Isen\u00e7\u00f5es \u2013 aceitas<\/a><\/div><div class=\"cra-etapa-doc__date-col\"><span class=\"cra-etapa-doc__date\">18\/10\/22<\/span><\/div><\/div>\n\n\n\n<div class=\"wp-block-cra-blocks-lista-etapa-doc cra-etapa-doc\"><div class=\"cra-etapa-doc__text-col\"><a href=\"https:\/\/wp.ufpel.edu.br\/cra\/files\/2021\/05\/Pedido-de-Isencao-Medicina-respostas-NAO-ACEITOS-EDITAL-29.pdf\" class=\"cra-etapa-doc__link\">Isen\u00e7\u00f5es \u2013 n\u00e3o aceitas<\/a><\/div><div class=\"cra-etapa-doc__date-col\"><span class=\"cra-etapa-doc__date\">18\/10\/22<\/span><\/div><\/div>\n\n\n\n<div class=\"wp-block-cra-blocks-lista-etapa-doc cra-etapa-doc\"><div class=\"cra-etapa-doc__text-col\"><a href=\"https:\/\/wp.ufpel.edu.br\/cra\/files\/2021\/05\/Edital-CRA29.pdf\" class=\"cra-etapa-doc__link\">Homologados<\/a><\/div><div class=\"cra-etapa-doc__date-col\"><span class=\"cra-etapa-doc__date\">27\/10\/22<\/span><\/div><\/div>\n<\/div>\n\n\n\n<div class=\"wp-block-cra-blocks-lista-etapa-item cra-lista-etapa-item\" data-tab-title=\"Classifica\u00e7\u00e3o\">\n<div class=\"wp-block-cra-blocks-lista-etapa-doc cra-etapa-doc\"><div class=\"cra-etapa-doc__text-col\"><a href=\"https:\/\/wp.ufpel.edu.br\/cra\/files\/2021\/05\/Resultado-Primeira-fase-edital-29-22.pdf\" class=\"cra-etapa-doc__link\">Classificados<\/a><\/div><div class=\"cra-etapa-doc__date-col\"><span class=\"cra-etapa-doc__date\">07\/11\/22<\/span><\/div><\/div>\n\n\n\n<hr class=\"wp-block-separator has-alpha-channel-opacity\"\/>\n\n\n\n<div class=\"wp-block-cra-blocks-lista-etapa-doc cra-etapa-doc\"><div class=\"cra-etapa-doc__text-col\"><a href=\"https:\/\/cobalto.ufpel.edu.br\/academico\/processoSeletivo\/fichaOnline\" class=\"cra-etapa-doc__link\">Inscri\u00e7\u00e3o da segunda fase<\/a><\/div><div class=\"cra-etapa-doc__date-col\"><span class=\"cra-etapa-doc__date\">08 a 14\/11<\/span><\/div><\/div>\n\n\n\n<div class=\"wp-block-cra-blocks-lista-etapa-doc cra-etapa-doc\"><div class=\"cra-etapa-doc__text-col\"><a href=\"https:\/\/wp.ufpel.edu.br\/cra\/files\/2022\/11\/ilovepdf_merged.pdf\" class=\"cra-etapa-doc__link\">Homologados para segunda fase<\/a><\/div><div class=\"cra-etapa-doc__date-col\"><span class=\"cra-etapa-doc__date\">16\/11\/22<\/span><\/div><\/div>\n\n\n\n<div class=\"wp-block-cra-blocks-lista-etapa-doc cra-etapa-doc\"><div class=\"cra-etapa-doc__text-col\"><a href=\"https:\/\/wp.ufpel.edu.br\/cra\/files\/2022\/11\/homologados-edital-29_retificado.pdf\" class=\"cra-etapa-doc__link\">Homologados para segunda fase (final) \u2013 Retificado<\/a><\/div><div class=\"cra-etapa-doc__date-col\"><span class=\"cra-etapa-doc__date\">24\/11\/22<\/span><\/div><\/div>\n\n\n\n<hr class=\"wp-block-separator has-alpha-channel-opacity\"\/>\n\n\n\n<div class=\"wp-block-cra-blocks-lista-etapa-doc cra-etapa-doc\"><div class=\"cra-etapa-doc__text-col\"><a href=\"https:\/\/wp.ufpel.edu.br\/cra\/files\/2022\/12\/SEI_23110.036743_2022_90-1.pdf\" class=\"cra-etapa-doc__link\">Resultado preliminar<\/a><\/div><div class=\"cra-etapa-doc__date-col\"><span class=\"cra-etapa-doc__date\">08\/12\/22<\/span><\/div><\/div>\n\n\n\n<div class=\"wp-block-cra-blocks-lista-etapa-doc cra-etapa-doc\"><div class=\"cra-etapa-doc__text-col\"><a href=\"https:\/\/wp.ufpel.edu.br\/cra\/files\/2022\/12\/Resultado_Final_Medicina_Edital_29-2022.pdf\" class=\"cra-etapa-doc__link\">Resultado final<\/a><\/div><div class=\"cra-etapa-doc__date-col\"><span class=\"cra-etapa-doc__date\">19\/12\/22<\/span><\/div><\/div>\n<\/div>\n\n\n\n<div class=\"wp-block-cra-blocks-lista-etapa-item cra-lista-etapa-item\" data-tab-title=\"Matr\u00edcula\">\n<div class=\"wp-block-cra-blocks-lista-etapa-doc cra-etapa-doc\"><div class=\"cra-etapa-doc__text-col\"><a href=\"https:\/\/cobalto.ufpel.edu.br\/academico\/alunos\/solicitacaoCorrecaoMatricula\" class=\"cra-etapa-doc__link\">Matr\u00edcula<\/a><\/div><div class=\"cra-etapa-doc__date-col\"><span class=\"cra-etapa-doc__date\">20 a 21\/12<\/span><\/div><\/div>\n\n\n\n<hr class=\"wp-block-separator has-alpha-channel-opacity\"\/>\n\n\n\n<div class=\"wp-block-group\"><div class=\"wp-block-group__inner-container is-layout-constrained wp-block-group-is-layout-constrained\">\n<div class=\"wp-block-group\"><div class=\"wp-block-group__inner-container is-layout-constrained wp-block-group-is-layout-constrained\">\n<p class=\"wp-block-paragraph\"><strong>Resultados para ingresso nas cotas<\/strong><\/p>\n\n\n\n<div class=\"wp-block-cra-blocks-lista-etapa-doc cra-etapa-doc\"><div class=\"cra-etapa-doc__text-col\"><a href=\"https:\/\/wp.ufpel.edu.br\/cra\/files\/2023\/01\/Edital_29-2022-Resultado-preliminar-deficientes.pdf\" class=\"cra-etapa-doc__link\">Pessoa com defici\u00eancia (Parcial)<\/a><\/div><div class=\"cra-etapa-doc__date-col\"><span class=\"cra-etapa-doc__date\">20\/01\/23<\/span><\/div><\/div>\n\n\n\n<div class=\"wp-block-cra-blocks-lista-etapa-doc cra-etapa-doc\"><div class=\"cra-etapa-doc__text-col\"><a href=\"https:\/\/wp.ufpel.edu.br\/cra\/files\/2023\/02\/Edital-29-2022-final-deficiente.pdf\" class=\"cra-etapa-doc__link\">Pessoa com defici\u00eancia (Final)<\/a><\/div><div class=\"cra-etapa-doc__date-col\"><span class=\"cra-etapa-doc__date\">01\/02\/23<\/span><\/div><\/div>\n\n\n\n<div class=\"wp-block-cra-blocks-lista-etapa-doc cra-etapa-doc\"><div class=\"cra-etapa-doc__text-col\"><a href=\"https:\/\/wp.ufpel.edu.br\/cra\/files\/2023\/01\/Resultado-parcial-etnia-complementar-2022-2.pdf\" class=\"cra-etapa-doc__link\">Heteroidentifica\u00e7\u00e3o (Parcial)<\/a><\/div><div class=\"cra-etapa-doc__date-col\"><span class=\"cra-etapa-doc__date\">17\/01\/23<\/span><\/div><\/div>\n\n\n\n<div class=\"wp-block-cra-blocks-lista-etapa-doc cra-etapa-doc\"><div class=\"cra-etapa-doc__text-col\"><a href=\"https:\/\/wp.ufpel.edu.br\/cra\/files\/2023\/01\/Resultado_Preliminar_Edital29-22.pdf\" class=\"cra-etapa-doc__link\">Renda (Parcial)<\/a><\/div><div class=\"cra-etapa-doc__date-col\"><span class=\"cra-etapa-doc__date\">30\/01\/23<\/span><\/div><\/div>\n\n\n\n<div class=\"wp-block-cra-blocks-lista-etapa-doc cra-etapa-doc\"><div class=\"cra-etapa-doc__text-col\"><a href=\"https:\/\/wp.ufpel.edu.br\/cra\/files\/2023\/05\/Edital-29_22-Reopcao-Reingresso-Transferencia-Portador-de-Diploma-Selecao-Socioeconomica-respostas-SALVO-HD-Matriculados.pdf\" class=\"cra-etapa-doc__link\">Renda (Final)<\/a><\/div><div class=\"cra-etapa-doc__date-col\"><span class=\"cra-etapa-doc__date\">10\/05\/23<\/span><\/div><\/div>\n<\/div><\/div>\n<\/div><\/div>\n<\/div>\n<\/div><\/div>\n\n\n\n<hr class=\"wp-block-separator has-alpha-channel-opacity\"\/>\n\n\n\n<div class=\"wp-block-cra-blocks-cartao cra-cartao\"><div class=\"cra-cartao__inner\">\n<h2 id=\"processo-seletivo-complementar-2022-2\" class=\"wp-block-heading has-cra-color-primary-color has-text-color\" style=\"color:#00408F\">Processo seletivo complementar &#8211; 2022\/2<\/h2>\n\n\n\n<p class=\"wp-block-paragraph\">Oferta de vagas para Transfer\u00eancia, Reop\u00e7\u00e3o, Reingresso, Retomada de Estudos e Portador de diploma, com ingresso no semestre de 2022\/2.<\/p>\n<\/div><\/div>\n\n\n\n<div class=\"wp-block-cra-blocks-lista-etapas cra-lista-etapas\" data-active-tab=\"0\"><div class=\"cra-lista-etapas__nav-container\"><\/div><div class=\"cra-lista-etapas__content-container\">\n<div class=\"wp-block-cra-blocks-lista-etapa-item cra-lista-etapa-item\" data-tab-title=\"Inscri\u00e7\u00e3o\">\n<div class=\"wp-block-cra-blocks-lista-etapa-doc cra-etapa-doc\"><div class=\"cra-etapa-doc__text-col\"><a href=\"https:\/\/wp.ufpel.edu.br\/cra\/files\/2022\/09\/SEI_23110.034943_2022_16.pdf\" class=\"cra-etapa-doc__link\">Edital de abertura<\/a><\/div><div class=\"cra-etapa-doc__date-col\"><span class=\"cra-etapa-doc__date\">16\/09\/22<\/span><\/div><\/div>\n\n\n\n<div class=\"wp-block-cra-blocks-lista-etapa-doc cra-etapa-doc\"><div class=\"cra-etapa-doc__text-col\"><a href=\"https:\/\/wp.ufpel.edu.br\/cra\/files\/2021\/05\/SEI_23110.034943_2022_16-1.pdf\" class=\"cra-etapa-doc__link\">Retifica\u00e7\u00e3o do cronograma<\/a><\/div><div class=\"cra-etapa-doc__date-col\"><span class=\"cra-etapa-doc__date\">07\/10\/22<\/span><\/div><\/div>\n\n\n\n<div class=\"wp-block-cra-blocks-lista-etapa-doc cra-etapa-doc\"><div class=\"cra-etapa-doc__text-col\"><a href=\"https:\/\/cobalto.ufpel.edu.br\/academico\/processoSeletivo\/fichaOnline\" class=\"cra-etapa-doc__link\">Inscri\u00e7\u00e3o<\/a><\/div><div class=\"cra-etapa-doc__date-col\"><span class=\"cra-etapa-doc__date\">03 a 14\/10<\/span><\/div><\/div>\n<\/div>\n\n\n\n<div class=\"wp-block-cra-blocks-lista-etapa-item cra-lista-etapa-item\" data-tab-title=\"Classifica\u00e7\u00e3o\">\n<div class=\"wp-block-cra-blocks-lista-etapa-doc cra-etapa-doc\"><div class=\"cra-etapa-doc__text-col\"><a href=\"https:\/\/wp.ufpel.edu.br\/cra\/files\/2021\/05\/SEI_23110.034943_2022_16.pdf\" class=\"cra-etapa-doc__link\">Homologados<\/a><\/div><div class=\"cra-etapa-doc__date-col\"><span class=\"cra-etapa-doc__date\">21\/10\/22<\/span><\/div><\/div>\n\n\n\n<div class=\"wp-block-cra-blocks-lista-etapa-doc cra-etapa-doc\"><div class=\"cra-etapa-doc__text-col\"><a href=\"https:\/\/wp.ufpel.edu.br\/cra\/files\/2021\/05\/SEI_23110.034943_2022_16-1-1.pdf\" class=\"cra-etapa-doc__link\">Homologados \u2013 ap\u00f3s recursos<\/a><\/div><div class=\"cra-etapa-doc__date-col\"><span class=\"cra-etapa-doc__date\">27\/10\/22<\/span><\/div><\/div>\n\n\n\n<div class=\"wp-block-cra-blocks-lista-etapa-doc cra-etapa-doc\"><div class=\"cra-etapa-doc__text-col\"><a href=\"https:\/\/wp.ufpel.edu.br\/cra\/files\/2022\/12\/SEI_23110.034943_2022_16.pdf\" class=\"cra-etapa-doc__link\">Resultado preliminar<\/a><\/div><div class=\"cra-etapa-doc__date-col\"><span class=\"cra-etapa-doc__date\">02\/12\/22<\/span><\/div><\/div>\n\n\n\n<div class=\"wp-block-cra-blocks-lista-etapa-doc cra-etapa-doc\"><div class=\"cra-etapa-doc__text-col\"><a href=\"https:\/\/wp.ufpel.edu.br\/cra\/files\/2022\/12\/Resultado_Final_Edital_27_2022.pdf\" class=\"cra-etapa-doc__link\">Resultado Final<\/a><\/div><div class=\"cra-etapa-doc__date-col\"><span class=\"cra-etapa-doc__date\">16\/12\/22<\/span><\/div><\/div>\n<\/div>\n\n\n\n<div class=\"wp-block-cra-blocks-lista-etapa-item cra-lista-etapa-item\" data-tab-title=\"Matr\u00edcula\">\n<div class=\"wp-block-cra-blocks-lista-etapa-doc cra-etapa-doc\"><div class=\"cra-etapa-doc__text-col\"><a href=\"https:\/\/wp.ufpel.edu.br\/cra\/files\/2022\/09\/SEI_23110.034943_2022_16.pdf\" class=\"cra-etapa-doc__link\">Matr\u00edcula<\/a><\/div><div class=\"cra-etapa-doc__date-col\"><span class=\"cra-etapa-doc__date\">20 a 21\/12<\/span><\/div><\/div>\n\n\n\n<div class=\"wp-block-cra-blocks-lista-etapa-doc cra-etapa-doc\"><div class=\"cra-etapa-doc__text-col\"><a href=\"https:\/\/wp.ufpel.edu.br\/cra\/files\/2023\/02\/Edital-27-2022-Convocacao-de-excedentes.pdf\" class=\"cra-etapa-doc__link\">1\u00aa Convoca\u00e7\u00e3o<\/a><\/div><div class=\"cra-etapa-doc__date-col\"><span class=\"cra-etapa-doc__date\">08 a 10\/02<\/span><\/div><\/div>\n\n\n\n<hr class=\"wp-block-separator has-alpha-channel-opacity\"\/>\n\n\n\n<div class=\"wp-block-group\"><div class=\"wp-block-group__inner-container is-layout-constrained wp-block-group-is-layout-constrained\">\n<p class=\"wp-block-paragraph\"><strong>Resultados para ingresso nas cotas<\/strong><\/p>\n\n\n\n<div class=\"wp-block-cra-blocks-lista-etapa-doc cra-etapa-doc\"><div class=\"cra-etapa-doc__text-col\"><a href=\"https:\/\/wp.ufpel.edu.br\/cra\/files\/2023\/01\/Resultado-parcial-etnia-complementar-2022-2.pdf\" class=\"cra-etapa-doc__link\">Heteroidentifica\u00e7\u00e3o (Parcial)<\/a><\/div><div class=\"cra-etapa-doc__date-col\"><span class=\"cra-etapa-doc__date\">17\/01\/23<\/span><\/div><\/div>\n\n\n\n<div class=\"wp-block-cra-blocks-lista-etapa-doc cra-etapa-doc\"><div class=\"cra-etapa-doc__text-col\"><a href=\"https:\/\/wp.ufpel.edu.br\/cra\/files\/2023\/01\/Resultado_Preliminar_Edital2722.pdf\" class=\"cra-etapa-doc__link\">Renda (Parcial)<\/a><\/div><div class=\"cra-etapa-doc__date-col\"><span class=\"cra-etapa-doc__date\">19\/01\/23<\/span><\/div><\/div>\n\n\n\n<div class=\"wp-block-cra-blocks-lista-etapa-doc cra-etapa-doc\"><div class=\"cra-etapa-doc__text-col\"><a href=\"https:\/\/wp.ufpel.edu.br\/cra\/files\/2023\/01\/Resultado_Final_Edital2722.pdf\" class=\"cra-etapa-doc__link\">Renda (Final)<\/a><\/div><div class=\"cra-etapa-doc__date-col\"><span class=\"cra-etapa-doc__date\">30\/01\/23<\/span><\/div><\/div>\n\n\n\n<div class=\"wp-block-cra-blocks-lista-etapa-doc cra-etapa-doc\"><div class=\"cra-etapa-doc__text-col\"><a href=\"https:\/\/wp.ufpel.edu.br\/cra\/files\/2023\/02\/SEI_23110.001580_2023_13_FINAL.pdf\" class=\"cra-etapa-doc__link\">Renda (Final)<\/a><\/div><div class=\"cra-etapa-doc__date-col\"><span class=\"cra-etapa-doc__date\">23\/02\/23<\/span><\/div><\/div>\n<\/div><\/div>\n<\/div>\n<\/div><\/div>\n\n\n\n<hr class=\"wp-block-separator has-alpha-channel-opacity\"\/>\n\n\n\n<div class=\"wp-block-cra-blocks-cartao cra-cartao\"><div class=\"cra-cartao__inner\">\n<h2 id=\"processo-seletivo-complementar-medicina-2022-1\" class=\"wp-block-heading has-cra-color-primary-color has-text-color\" style=\"color:#00408F\">Processo seletivo complementar (Medicina) &#8211; 2022\/1<\/h2>\n\n\n\n<p class=\"wp-block-paragraph\">Oferta de vagas para Transfer\u00eancia, Reop\u00e7\u00e3o, Reingresso e Portador de diploma, com ingresso no semestre de 2022\/1.<\/p>\n<\/div><\/div>\n\n\n\n<div class=\"wp-block-cra-blocks-lista-etapas cra-lista-etapas\" data-active-tab=\"0\"><div class=\"cra-lista-etapas__nav-container\"><\/div><div class=\"cra-lista-etapas__content-container\">\n<div class=\"wp-block-cra-blocks-lista-etapa-item cra-lista-etapa-item\" data-tab-title=\"Inscri\u00e7\u00e3o\">\n<div class=\"wp-block-cra-blocks-lista-etapa-doc cra-etapa-doc\"><div class=\"cra-etapa-doc__text-col\"><a href=\"https:\/\/wp.ufpel.edu.br\/cra\/files\/2021\/05\/SEI_UFPel-1722815-Edital.pdf\" class=\"cra-etapa-doc__link\">Edital de abertura<\/a><\/div><div class=\"cra-etapa-doc__date-col\"><span class=\"cra-etapa-doc__date\">03\/06\/22<\/span><\/div><\/div>\n\n\n\n<div class=\"wp-block-cra-blocks-lista-etapa-doc cra-etapa-doc\"><div class=\"cra-etapa-doc__text-col\"><a href=\"https:\/\/wp.ufpel.edu.br\/cra\/files\/2021\/05\/ANEXO_I___Edital_Medicina.pdf\" class=\"cra-etapa-doc__link\">Anexo I<\/a><\/div><div class=\"cra-etapa-doc__date-col\"><span class=\"cra-etapa-doc__date\">03\/06\/22<\/span><\/div><\/div>\n\n\n\n<div class=\"wp-block-cra-blocks-lista-etapa-doc cra-etapa-doc\"><div class=\"cra-etapa-doc__text-col\"><a href=\"https:\/\/wp.ufpel.edu.br\/cra\/files\/2021\/05\/ANEXO_II___Edital_Medicina.pdf\" class=\"cra-etapa-doc__link\">Anexo II<\/a><\/div><div class=\"cra-etapa-doc__date-col\"><span class=\"cra-etapa-doc__date\">03\/06\/22<\/span><\/div><\/div>\n\n\n\n<div class=\"wp-block-cra-blocks-lista-etapa-doc cra-etapa-doc\"><div class=\"cra-etapa-doc__text-col\"><a href=\"https:\/\/wp.ufpel.edu.br\/cra\/files\/2021\/05\/retificacao-edital-14.pdf\" class=\"cra-etapa-doc__link\">Edital de abertura &#8211; Retifica\u00e7\u00e3o<\/a><\/div><div class=\"cra-etapa-doc__date-col\"><span class=\"cra-etapa-doc__date\">14\/06\/22<\/span><\/div><\/div>\n\n\n\n<div class=\"wp-block-cra-blocks-lista-etapa-doc cra-etapa-doc\"><div class=\"cra-etapa-doc__text-col\"><a href=\"https:\/\/wp.ufpel.edu.br\/cra\/files\/2021\/05\/SEI_UFPel-1780263-RETIFICACAO.pdf\" class=\"cra-etapa-doc__link\">Retifica\u00e7\u00e3o do cronograma<\/a><\/div><div class=\"cra-etapa-doc__date-col\"><span class=\"cra-etapa-doc__date\">14\/07\/22<\/span><\/div><\/div>\n\n\n\n<div class=\"wp-block-cra-blocks-lista-etapa-doc cra-etapa-doc\"><div class=\"cra-etapa-doc__text-col\"><a href=\"http:\/\/ces.ufpel.edu.br\/vestibular\/vested0014_2022\/\" class=\"cra-etapa-doc__link\">Inscri\u00e7\u00e3o<\/a><\/div><div class=\"cra-etapa-doc__date-col\"><span class=\"cra-etapa-doc__date\">07 a 21\/06<\/span><\/div><\/div>\n\n\n\n<div class=\"wp-block-cra-blocks-lista-etapa-doc cra-etapa-doc\"><div class=\"cra-etapa-doc__text-col\"><a href=\"https:\/\/wp.ufpel.edu.br\/cra\/files\/2021\/05\/Pedido-de-Isencao-Medicina-Aceitos.pdf\" class=\"cra-etapa-doc__link\">Isen\u00e7\u00f5es \u2013 aceitas<\/a><\/div><div class=\"cra-etapa-doc__date-col\"><span class=\"cra-etapa-doc__date\">16\/06\/22<\/span><\/div><\/div>\n\n\n\n<div class=\"wp-block-cra-blocks-lista-etapa-doc cra-etapa-doc\"><div class=\"cra-etapa-doc__text-col\"><a href=\"https:\/\/wp.ufpel.edu.br\/cra\/files\/2021\/05\/Pedido-de-Isencao-Medicina-Nao-aceitos.pdf\" class=\"cra-etapa-doc__link\">Isen\u00e7\u00f5es \u2013 n\u00e3o aceitas<\/a><\/div><div class=\"cra-etapa-doc__date-col\"><span class=\"cra-etapa-doc__date\">16\/06\/22<\/span><\/div><\/div>\n\n\n\n<div class=\"wp-block-cra-blocks-lista-etapa-doc cra-etapa-doc\"><div class=\"cra-etapa-doc__text-col\"><a href=\"https:\/\/wp.ufpel.edu.br\/cra\/files\/2021\/05\/Edital0142022-HOMOLOGADOS.pdf\" class=\"cra-etapa-doc__link\">Homologados<\/a><\/div><div class=\"cra-etapa-doc__date-col\"><span class=\"cra-etapa-doc__date\">27\/06\/22<\/span><\/div><\/div>\n<\/div>\n\n\n\n<div class=\"wp-block-cra-blocks-lista-etapa-item cra-lista-etapa-item\" data-tab-title=\"Prova\">\n<div class=\"wp-block-cra-blocks-lista-etapa-doc cra-etapa-doc\"><div class=\"cra-etapa-doc__text-col\"><a href=\"https:\/\/wp.ufpel.edu.br\/cra\/files\/2021\/05\/Local-de-provas.pdf\" class=\"cra-etapa-doc__link\">Local de prova<\/a><\/div><div class=\"cra-etapa-doc__date-col\"><span class=\"cra-etapa-doc__date\">28\/06\/22<\/span><\/div><\/div>\n\n\n\n<div class=\"wp-block-cra-blocks-lista-etapa-doc cra-etapa-doc\"><div class=\"cra-etapa-doc__text-col\"><a href=\"https:\/\/wp.ufpel.edu.br\/cra\/files\/2021\/05\/Ensalamento-Edital-14.pdf\" class=\"cra-etapa-doc__link\">Consulta salas<\/a><\/div><div class=\"cra-etapa-doc__date-col\"><span class=\"cra-etapa-doc__date\">28\/06\/22<\/span><\/div><\/div>\n\n\n\n<div class=\"wp-block-cra-blocks-lista-etapa-doc cra-etapa-doc\"><div class=\"cra-etapa-doc__text-col\"><a href=\"https:\/\/wp.ufpel.edu.br\/cra\/files\/2021\/05\/Protocolo-Sanitario.pdf\" class=\"cra-etapa-doc__link\">Protocolo sanit\u00e1rio<\/a><\/div><div class=\"cra-etapa-doc__date-col\"><span class=\"cra-etapa-doc__date\">28\/06\/22<\/span><\/div><\/div>\n\n\n\n<div class=\"wp-block-cra-blocks-lista-etapa-doc cra-etapa-doc\"><div class=\"cra-etapa-doc__text-col\"><a href=\"https:\/\/wp.ufpel.edu.br\/cra\/files\/2021\/05\/Atendimento-especial-Edital-14.pdf\" class=\"cra-etapa-doc__link\">Atendimento especial<\/a><\/div><div class=\"cra-etapa-doc__date-col\"><span class=\"cra-etapa-doc__date\">28\/06\/22<\/span><\/div><\/div>\n\n\n\n<div class=\"wp-block-cra-blocks-lista-etapa-doc cra-etapa-doc\"><div class=\"cra-etapa-doc__text-col\"><a href=\"https:\/\/wp.ufpel.edu.br\/cra\/files\/2021\/05\/prova-3.pdf\" class=\"cra-etapa-doc__link\">Caderno de prova \u2013 3\u00ba semestre<\/a><\/div><div class=\"cra-etapa-doc__date-col\"><span class=\"cra-etapa-doc__date\">03\/07\/22<\/span><\/div><\/div>\n\n\n\n<div class=\"wp-block-cra-blocks-lista-etapa-doc cra-etapa-doc\"><div class=\"cra-etapa-doc__text-col\"><a href=\"https:\/\/wp.ufpel.edu.br\/cra\/files\/2021\/05\/gabarito-DEFINITIVO-3o.pdf\" class=\"cra-etapa-doc__link\">Gabarito da prova \u2013 3\u00ba semestre<\/a><\/div><div class=\"cra-etapa-doc__date-col\"><span class=\"cra-etapa-doc__date\">08\/07\/22<\/span><\/div><\/div>\n\n\n\n<div class=\"wp-block-cra-blocks-lista-etapa-doc cra-etapa-doc\"><div class=\"cra-etapa-doc__text-col\"><a href=\"https:\/\/wp.ufpel.edu.br\/cra\/files\/2021\/05\/prova-6-e-7.pdf\" class=\"cra-etapa-doc__link\">Caderno de prova \u2013 6\u00ba e 7\u00ba semestre<\/a><\/div><div class=\"cra-etapa-doc__date-col\"><span class=\"cra-etapa-doc__date\">03\/07\/22<\/span><\/div><\/div>\n\n\n\n<div class=\"wp-block-cra-blocks-lista-etapa-doc cra-etapa-doc\"><div class=\"cra-etapa-doc__text-col\"><a href=\"https:\/\/wp.ufpel.edu.br\/cra\/files\/2021\/05\/gabarito-definitivo-6.7.pdf\" class=\"cra-etapa-doc__link\">Gabarito da prova \u2013 6\u00ba e 7\u00ba semestre<\/a><\/div><div class=\"cra-etapa-doc__date-col\"><span class=\"cra-etapa-doc__date\">08\/07\/22<\/span><\/div><\/div>\n\n\n\n<div class=\"wp-block-cra-blocks-lista-etapa-doc cra-etapa-doc\"><div class=\"cra-etapa-doc__text-col\"><a href=\"https:\/\/wp.ufpel.edu.br\/cra\/files\/2022\/11\/desempenho-edital-14.pdf\" class=\"cra-etapa-doc__link\">Desempenho<\/a><\/div><div class=\"cra-etapa-doc__date-col\"><span class=\"cra-etapa-doc__date\">28\/06\/22<\/span><\/div><\/div>\n<\/div>\n\n\n\n<div class=\"wp-block-cra-blocks-lista-etapa-item cra-lista-etapa-item\" data-tab-title=\"Matr\u00edcula\">\n<div class=\"wp-block-cra-blocks-lista-etapa-doc cra-etapa-doc\"><div class=\"cra-etapa-doc__text-col\"><a href=\"https:\/\/wp.ufpel.edu.br\/cra\/files\/2022\/11\/classificados-edital-14-2.pdf\" class=\"cra-etapa-doc__link\">Classificados<\/a><\/div><div class=\"cra-etapa-doc__date-col\"><span class=\"cra-etapa-doc__date\">08\/07\/22<\/span><\/div><\/div>\n\n\n\n<div class=\"wp-block-cra-blocks-lista-etapa-doc cra-etapa-doc\"><div class=\"cra-etapa-doc__text-col\"><a href=\"https:\/\/cobalto.ufpel.edu.br\/academico\/processoSeletivo\/fichaOnline\" class=\"cra-etapa-doc__link\">Inscri\u00e7\u00e3o<\/a><\/div><div class=\"cra-etapa-doc__date-col\"><span class=\"cra-etapa-doc__date\">11 a 13\/07<\/span><\/div><\/div>\n\n\n\n<div class=\"wp-block-cra-blocks-lista-etapa-doc cra-etapa-doc\"><div class=\"cra-etapa-doc__text-col\"><a href=\"https:\/\/wp.ufpel.edu.br\/cra\/files\/2022\/07\/Resultado-Preliminar-Terceiro-semestre-1.pdf\" class=\"cra-etapa-doc__link\">Resultado preliminar \u2013 3\u00ba semestre<\/a><\/div><div class=\"cra-etapa-doc__date-col\"><span class=\"cra-etapa-doc__date\">25\/07\/22<\/span><\/div><\/div>\n\n\n\n<div class=\"wp-block-cra-blocks-lista-etapa-doc cra-etapa-doc\"><div class=\"cra-etapa-doc__text-col\"><a href=\"https:\/\/wp.ufpel.edu.br\/cra\/files\/2022\/07\/Resultado-Preliminar-Sexto-semestre.pdf\" class=\"cra-etapa-doc__link\">Resultado preliminar \u2013 6\u00ba semestre<\/a><\/div><div class=\"cra-etapa-doc__date-col\"><span class=\"cra-etapa-doc__date\">25\/07\/22<\/span><\/div><\/div>\n\n\n\n<div class=\"wp-block-cra-blocks-lista-etapa-doc cra-etapa-doc\"><div class=\"cra-etapa-doc__text-col\"><a href=\"https:\/\/wp.ufpel.edu.br\/cra\/files\/2022\/07\/Resultado-Preliminar-Setimo-semestre-1.pdf\" class=\"cra-etapa-doc__link\">Resultado preliminar \u2013 7\u00ba semestre<\/a><\/div><div class=\"cra-etapa-doc__date-col\"><span class=\"cra-etapa-doc__date\">25\/07\/22<\/span><\/div><\/div>\n\n\n\n<div class=\"wp-block-cra-blocks-lista-etapa-doc cra-etapa-doc\"><div class=\"cra-etapa-doc__text-col\"><a href=\"https:\/\/wp.ufpel.edu.br\/cra\/files\/2022\/07\/Resultado-Preliminar-Setimo-semestre-Retificado.pdf\" class=\"cra-etapa-doc__link\">Resultado preliminar \u2013 7\u00ba semestre &#8211; Retifica\u00e7\u00e3o<\/a><\/div><div class=\"cra-etapa-doc__date-col\"><span class=\"cra-etapa-doc__date\">25\/07\/22<\/span><\/div><\/div>\n\n\n\n<div class=\"wp-block-cra-blocks-lista-etapa-doc cra-etapa-doc\"><div class=\"cra-etapa-doc__text-col\"><a href=\"https:\/\/wp.ufpel.edu.br\/cra\/files\/2021\/05\/SEI_23110.016572_2022_82.pdf\" class=\"cra-etapa-doc__link\">Resultado final<\/a><\/div><div class=\"cra-etapa-doc__date-col\"><span class=\"cra-etapa-doc__date\">29\/07\/22<\/span><\/div><\/div>\n\n\n\n<hr class=\"wp-block-separator has-alpha-channel-opacity\"\/>\n\n\n\n<div class=\"wp-block-group\"><div class=\"wp-block-group__inner-container is-layout-constrained wp-block-group-is-layout-constrained\">\n<p class=\"wp-block-paragraph\"><strong>Resultados para ingresso nas cotas<\/strong><\/p>\n\n\n\n<div class=\"wp-block-cra-blocks-lista-etapa-doc cra-etapa-doc\"><div class=\"cra-etapa-doc__text-col\"><a href=\"https:\/\/wp.ufpel.edu.br\/cra\/files\/2022\/11\/Processo-Seletivo-Complementar-Medicina.pdf\" class=\"cra-etapa-doc__link\">Heteroidentifica\u00e7\u00e3o (Final)<\/a><\/div><div class=\"cra-etapa-doc__date-col\"><span class=\"cra-etapa-doc__date\">11\/11\/22<\/span><\/div><\/div>\n\n\n\n<div class=\"wp-block-cra-blocks-lista-etapa-doc cra-etapa-doc\"><div class=\"cra-etapa-doc__text-col\"><a href=\"https:\/\/wp.ufpel.edu.br\/prae\/files\/2022\/11\/SEI_23110.031671_2022_94_Edital_PRAE_27_22_Diversos_ingressos_v4.pdf\" class=\"cra-etapa-doc__link\">Renda (Final)<\/a><\/div><div class=\"cra-etapa-doc__date-col\"><span class=\"cra-etapa-doc__date\">11\/11\/22<\/span><\/div><\/div>\n<\/div><\/div>\n<\/div>\n<\/div><\/div>\n\n\n\n<hr class=\"wp-block-separator has-alpha-channel-opacity\"\/>\n\n\n\n<div class=\"wp-block-cra-blocks-cartao cra-cartao\"><div class=\"cra-cartao__inner\">\n<h2 id=\"processo-seletivo-complementar-pec-g-2022-1\" class=\"wp-block-heading has-cra-color-primary-color has-text-color\" style=\"color:#00408F\">Processo Seletivo Complementar (PEC-G) &#8211; 2022\/1<\/h2>\n\n\n\n<p class=\"wp-block-paragraph\">Oferta de vagas para Transfer\u00eancia e Reop\u00e7\u00e3o, com ingresso no semestre de 2022\/1.<\/p>\n<\/div><\/div>\n\n\n\n<div class=\"wp-block-cra-blocks-lista-etapas cra-lista-etapas\" data-active-tab=\"0\"><div class=\"cra-lista-etapas__nav-container\"><\/div><div class=\"cra-lista-etapas__content-container\">\n<div class=\"wp-block-cra-blocks-lista-etapa-item cra-lista-etapa-item\" data-tab-title=\"Inscri\u00e7\u00e3o\">\n<div class=\"wp-block-cra-blocks-lista-etapa-doc cra-etapa-doc\"><div class=\"cra-etapa-doc__text-col\"><a href=\"https:\/\/wp.ufpel.edu.br\/cra\/files\/2021\/05\/SEI_23110.019222_2022_78.pdf\" class=\"cra-etapa-doc__link\">Edital de abertura<\/a><\/div><div class=\"cra-etapa-doc__date-col\"><span class=\"cra-etapa-doc__date\">07\/06\/22<\/span><\/div><\/div>\n\n\n\n<div class=\"wp-block-cra-blocks-lista-etapa-doc cra-etapa-doc\"><div class=\"cra-etapa-doc__text-col\"><a href=\"https:\/\/cobalto.ufpel.edu.br\/academico\/processoSeletivo\/fichaOnline\" class=\"cra-etapa-doc__link\">Inscri\u00e7\u00e3o<\/a><\/div><div class=\"cra-etapa-doc__date-col\"><span class=\"cra-etapa-doc__date\">07 a 20\/06<\/span><\/div><\/div>\n<\/div>\n\n\n\n<div class=\"wp-block-cra-blocks-lista-etapa-item cra-lista-etapa-item\" data-tab-title=\"Classifica\u00e7\u00e3o\">\n<div class=\"wp-block-cra-blocks-lista-etapa-doc cra-etapa-doc\"><div class=\"cra-etapa-doc__text-col\"><a href=\"https:\/\/wp.ufpel.edu.br\/cra\/files\/2021\/05\/SEI_23110.019222_2022_78-1.pdf\" class=\"cra-etapa-doc__link\">Homologados<\/a><\/div><div class=\"cra-etapa-doc__date-col\"><span class=\"cra-etapa-doc__date\">21\/06\/22<\/span><\/div><\/div>\n\n\n\n<div class=\"wp-block-cra-blocks-lista-etapa-doc cra-etapa-doc\"><div class=\"cra-etapa-doc__text-col\"><a href=\"https:\/\/wp.ufpel.edu.br\/cra\/files\/2021\/05\/SEI_23110.019222_2022_78-2.pdf\" class=\"cra-etapa-doc__link\">Homologados \u2013 ap\u00f3s recursos<\/a><\/div><div class=\"cra-etapa-doc__date-col\"><span class=\"cra-etapa-doc__date\">27\/06\/22<\/span><\/div><\/div>\n\n\n\n<div class=\"wp-block-cra-blocks-lista-etapa-doc cra-etapa-doc\"><div class=\"cra-etapa-doc__text-col\"><a href=\"https:\/\/wp.ufpel.edu.br\/cra\/files\/2021\/05\/SEI_23110.019222_2022_78-3.pdf\" class=\"cra-etapa-doc__link\">Resultado Final<\/a><\/div><div class=\"cra-etapa-doc__date-col\"><span class=\"cra-etapa-doc__date\">11\/07\/22<\/span><\/div><\/div>\n<\/div>\n\n\n\n<div class=\"wp-block-cra-blocks-lista-etapa-item cra-lista-etapa-item\" data-tab-title=\"Matr\u00edcula\">\n<div class=\"wp-block-cra-blocks-lista-etapa-doc cra-etapa-doc\"><div class=\"cra-etapa-doc__text-col\"><a href=\"https:\/\/cobalto.ufpel.edu.br\/dashboard\/\" class=\"cra-etapa-doc__link\">Matr\u00edcula<\/a><\/div><div class=\"cra-etapa-doc__date-col\"><span class=\"cra-etapa-doc__date\">19 a 21\/07<\/span><\/div><\/div>\n<\/div>\n<\/div><\/div>\n\n\n\n<hr class=\"wp-block-separator has-alpha-channel-opacity\"\/>\n\n\n\n<div class=\"wp-block-cra-blocks-cartao cra-cartao\"><div class=\"cra-cartao__inner\">\n<h2 id=\"processo-seletivo-complementar-2022-1\" class=\"wp-block-heading has-cra-color-primary-color has-text-color\" style=\"color:#00408F\">Processo seletivo complementar &#8211; 2022\/1<\/h2>\n\n\n\n<p class=\"wp-block-paragraph\">Oferta de vagas para Transfer\u00eancia, Reop\u00e7\u00e3o, Reingresso e Portador de diploma, com ingresso no semestre de 2022\/1.<\/p>\n<\/div><\/div>\n\n\n\n<div class=\"wp-block-cra-blocks-lista-etapas cra-lista-etapas\" data-active-tab=\"0\"><div class=\"cra-lista-etapas__nav-container\"><\/div><div class=\"cra-lista-etapas__content-container\">\n<div class=\"wp-block-cra-blocks-lista-etapa-item cra-lista-etapa-item\" data-tab-title=\"Inscri\u00e7\u00e3o\">\n<div class=\"wp-block-cra-blocks-lista-etapa-doc cra-etapa-doc\"><div class=\"cra-etapa-doc__text-col\"><a href=\"https:\/\/wp.ufpel.edu.br\/cra\/files\/2022\/04\/SEI_23110.012149_2022_11.pdf\" class=\"cra-etapa-doc__link\">Edital de abertura<\/a><\/div><div class=\"cra-etapa-doc__date-col\"><span class=\"cra-etapa-doc__date\">14\/04\/22<\/span><\/div><\/div>\n\n\n\n<div class=\"wp-block-cra-blocks-lista-etapa-doc cra-etapa-doc\"><div class=\"cra-etapa-doc__text-col\"><a href=\"https:\/\/wp.ufpel.edu.br\/cra\/files\/2022\/04\/SEI_23110.012149_2022_11-1.pdf\" class=\"cra-etapa-doc__link\">Edital de abertura &#8211; Retifica\u00e7\u00e3o<\/a><\/div><div class=\"cra-etapa-doc__date-col\"><span class=\"cra-etapa-doc__date\">28\/04\/22<\/span><\/div><\/div>\n\n\n\n<div class=\"wp-block-cra-blocks-lista-etapa-doc cra-etapa-doc\"><div class=\"cra-etapa-doc__text-col\"><a href=\"https:\/\/cobalto.ufpel.edu.br\/academico\/processoSeletivo\/fichaOnline\" class=\"cra-etapa-doc__link\">Inscri\u00e7\u00e3o<\/a><\/div><div class=\"cra-etapa-doc__date-col\"><span class=\"cra-etapa-doc__date\">16 a 20\/05<\/span><\/div><\/div>\n<\/div>\n\n\n\n<div class=\"wp-block-cra-blocks-lista-etapa-item cra-lista-etapa-item\" data-tab-title=\"Classifica\u00e7\u00e3o\">\n<div class=\"wp-block-cra-blocks-lista-etapa-doc cra-etapa-doc\"><div class=\"cra-etapa-doc__text-col\"><a href=\"https:\/\/wp.ufpel.edu.br\/cra\/files\/2021\/05\/SEI_23110.012149_2022_11.pdf\" class=\"cra-etapa-doc__link\">Homologados<\/a><\/div><div class=\"cra-etapa-doc__date-col\"><span class=\"cra-etapa-doc__date\">27\/05\/22<\/span><\/div><\/div>\n\n\n\n<div class=\"wp-block-cra-blocks-lista-etapa-doc cra-etapa-doc\"><div class=\"cra-etapa-doc__text-col\"><a href=\"https:\/\/wp.ufpel.edu.br\/cra\/files\/2022\/06\/SEI_23110.012149_2022_11.pdf\" class=\"cra-etapa-doc__link\">Homologados \u2013 ap\u00f3s recursos<\/a><\/div><div class=\"cra-etapa-doc__date-col\"><span class=\"cra-etapa-doc__date\">03\/06\/22<\/span><\/div><\/div>\n\n\n\n<div class=\"wp-block-cra-blocks-lista-etapa-doc cra-etapa-doc\"><div class=\"cra-etapa-doc__text-col\"><a href=\"https:\/\/wp.ufpel.edu.br\/cra\/files\/2021\/05\/SEI_23110.012149_2022_11-1.pdf\" class=\"cra-etapa-doc__link\">Homologados \u2013 ap\u00f3s recursos &#8211; Retifica\u00e7\u00e3o<\/a><\/div><div class=\"cra-etapa-doc__date-col\"><span class=\"cra-etapa-doc__date\">09\/06\/22<\/span><\/div><\/div>\n\n\n\n<div class=\"wp-block-cra-blocks-lista-etapa-doc cra-etapa-doc\"><div class=\"cra-etapa-doc__text-col\"><a href=\"https:\/\/wp.ufpel.edu.br\/cra\/files\/2022\/06\/SEI_23110.012149_2022_11-1.pdf\" class=\"cra-etapa-doc__link\">Resultado premilinar<\/a><\/div><div class=\"cra-etapa-doc__date-col\"><span class=\"cra-etapa-doc__date\">27\/05\/22<\/span><\/div><\/div>\n\n\n\n<div class=\"wp-block-cra-blocks-lista-etapa-doc cra-etapa-doc\"><div class=\"cra-etapa-doc__text-col\"><a href=\"https:\/\/wp.ufpel.edu.br\/cra\/files\/2021\/05\/SEI_23110.012149_2022_11-3.pdf\" class=\"cra-etapa-doc__link\">Resultado Final<\/a><\/div><div class=\"cra-etapa-doc__date-col\"><span class=\"cra-etapa-doc__date\">08\/07\/22<\/span><\/div><\/div>\n\n\n\n<div class=\"wp-block-cra-blocks-lista-etapa-doc cra-etapa-doc\"><div class=\"cra-etapa-doc__text-col\"><a href=\"https:\/\/wp.ufpel.edu.br\/cra\/files\/2021\/05\/SEI_23110.012149_2022_11_2.pdf\" class=\"cra-etapa-doc__link\">Resultado Final &#8211; Retifica\u00e7\u00e3o<\/a><\/div><div class=\"cra-etapa-doc__date-col\"><span class=\"cra-etapa-doc__date\">15\/07\/22<\/span><\/div><\/div>\n<\/div>\n\n\n\n<div class=\"wp-block-cra-blocks-lista-etapa-item cra-lista-etapa-item\" data-tab-title=\"Matr\u00edcula\">\n<div class=\"wp-block-cra-blocks-lista-etapa-doc cra-etapa-doc\"><div class=\"cra-etapa-doc__text-col\"><a href=\"https:\/\/cobalto.ufpel.edu.br\/dashboard\/\" class=\"cra-etapa-doc__link\">Matr\u00edcula<\/a><\/div><div class=\"cra-etapa-doc__date-col\"><span class=\"cra-etapa-doc__date\">19 a 21\/07<\/span><\/div><\/div>\n\n\n\n<div class=\"wp-block-cra-blocks-lista-etapa-doc cra-etapa-doc\"><div class=\"cra-etapa-doc__text-col\"><a href=\"https:\/\/wp.ufpel.edu.br\/cra\/files\/2021\/05\/SEI_23110.012149_2022_11-4.pdf\" class=\"cra-etapa-doc__link\">1\u00aa Convoca\u00e7\u00e3o<\/a><\/div><div class=\"cra-etapa-doc__date-col\"><span class=\"cra-etapa-doc__date\">05\/08\/22<\/span><\/div><\/div>\n\n\n\n<hr class=\"wp-block-separator has-alpha-channel-opacity\"\/>\n\n\n\n<div class=\"wp-block-group\"><div class=\"wp-block-group__inner-container is-layout-constrained wp-block-group-is-layout-constrained\">\n<p class=\"wp-block-paragraph\"><strong>Resultados para ingresso nas cotas<\/strong><\/p>\n\n\n\n<div class=\"wp-block-cra-blocks-lista-etapa-doc cra-etapa-doc\"><div class=\"cra-etapa-doc__text-col\"><a href=\"https:\/\/wp.ufpel.edu.br\/cra\/files\/2021\/05\/relatorio_parecer_cotas_Definitivo-PS-Transferencia.pdf\" class=\"cra-etapa-doc__link\">Pessoa com defici\u00eancia (Final)<\/a><\/div><div class=\"cra-etapa-doc__date-col\"><span class=\"cra-etapa-doc__date\">02\/08\/22<\/span><\/div><\/div>\n\n\n\n<div class=\"wp-block-cra-blocks-lista-etapa-doc cra-etapa-doc\"><div class=\"cra-etapa-doc__text-col\"><a href=\"https:\/\/wp.ufpel.edu.br\/cra\/files\/2022\/11\/transf_reop_reing.pdf\" class=\"cra-etapa-doc__link\">Heteroidentifica\u00e7\u00e3o (Final)<\/a><\/div><div class=\"cra-etapa-doc__date-col\"><span class=\"cra-etapa-doc__date\">11\/11\/22<\/span><\/div><\/div>\n\n\n\n<div class=\"wp-block-cra-blocks-lista-etapa-doc cra-etapa-doc\"><div class=\"cra-etapa-doc__text-col\"><a href=\"https:\/\/wp.ufpel.edu.br\/cra\/files\/2021\/05\/SEI_23110.025248_2022_55_corrigido3.pdf\" class=\"cra-etapa-doc__link\">Renda (Final)<\/a><\/div><div class=\"cra-etapa-doc__date-col\"><span class=\"cra-etapa-doc__date\">02\/08\/22<\/span><\/div><\/div>\n<\/div><\/div>\n<\/div>\n<\/div><\/div>\n\n\n\n<hr class=\"wp-block-separator has-alpha-channel-opacity\"\/>\n\n\n\n<h2 id=\"vestibular-uab-2022-2\" class=\"wp-block-heading has-text-color has-link-color wp-elements-6ebeaaebe44cf3df6b71d58c1c7ef40b\" style=\"color:#00408f\">Processo seletivo complementar &#8211; <strong>20<\/strong>21\/2<\/h2>\n\n\n\n<p class=\"wp-block-paragraph\"><strong>Reingresso, Reop\u00e7\u00e3o, Transfer\u00eancia volunt\u00e1ria, Portador de diploma<\/strong><\/p>\n\n\n\n<ul class=\"wp-block-list\">\n<li>Edital de Abertura:&nbsp;<a href=\"https:\/\/wp.ufpel.edu.br\/cra\/files\/2021\/09\/SEI_23110.029744_2021_05.pdf\">Edital CRA N\u00ba 20\/2021<\/a>\n<ul class=\"wp-block-list\">\n<li>Retifica\u00e7\u00e3o:&nbsp;<a href=\"https:\/\/wp.ufpel.edu.br\/cra\/files\/2021\/05\/SEI_23110.029744_2021_05.pdf\">Edital CRA N\u00ba 20\/2021 \u2013 Retifica\u00e7\u00e3o<\/a><\/li>\n<\/ul>\n<\/li>\n\n\n\n<li>Inscri\u00e7\u00f5es: de 11\/10\/2021 a 18\/10\/2021<\/li>\n\n\n\n<li>Homologa\u00e7\u00e3o:&nbsp;<a href=\"https:\/\/wp.ufpel.edu.br\/cra\/files\/2021\/05\/Edital-CRA-No-20-2021-Homologados-1.pdf\">Edital CRA N\u00ba 20\/2021 \u2013 Homologados<\/a><\/li>\n\n\n\n<li>Homologa\u00e7\u00e3o (Resultado ap\u00f3s recursos):&nbsp;<a href=\"https:\/\/wp.ufpel.edu.br\/cra\/files\/2021\/10\/SEI_23110.029744_2021_05.pdf\">Edital CRA N\u00ba 20\/2021 \u2013 Homologados Final<\/a>\n<ul class=\"wp-block-list\">\n<li>Retifica\u00e7\u00e3o:&nbsp;<a href=\"https:\/\/wp.ufpel.edu.br\/cra\/files\/2021\/05\/Edital-CRA-No-20.2021-%E2%80%93-Homologados-Final-%E2%80%93-Retificacao.pdf\">Edital CRA N\u00ba 20\/2021 \u2013 Homologados Final \u2013 Retifica\u00e7\u00e3o<\/a><\/li>\n<\/ul>\n<\/li>\n\n\n\n<li>Resultado Preliminar:&nbsp;<a href=\"https:\/\/wp.ufpel.edu.br\/cra\/files\/2021\/05\/SEI_23110.029744_2021_05-1.pdf\">Edital CRA N\u00ba 20\/2021 \u2013 Resultado Preliminar<\/a><\/li>\n\n\n\n<li>Resultado Final:&nbsp;<a href=\"https:\/\/wp.ufpel.edu.br\/cra\/files\/2021\/05\/Edital-CRA-No-202021-Resultado-Final.pdf\">Edital CRA N\u00ba 20\/2021 \u2013 Resultado Final<\/a><\/li>\n\n\n\n<li>Convoca\u00e7\u00e3o:\n<ul class=\"wp-block-list\">\n<li><a href=\"https:\/\/wp.ufpel.edu.br\/cra\/files\/2021\/05\/SEI_23110.029744_2021_05-2.pdf\">Edital CRA N\u00ba 20\/2021 \u2013 1\u00aa Convoca\u00e7\u00e3o<\/a><\/li>\n\n\n\n<li><a href=\"https:\/\/wp.ufpel.edu.br\/cra\/files\/2021\/05\/SEI_23110.029744_2021_05-3.pdf\">Edital CRA N\u00ba 20\/2021 \u2013 2\u00aa Convoca\u00e7\u00e3o<\/a><\/li>\n<\/ul>\n<\/li>\n\n\n\n<li>Resultado An\u00e1lise de Defici\u00eancia:\n<ul class=\"wp-block-list\">\n<li><a href=\"https:\/\/wp.ufpel.edu.br\/cra\/files\/2022\/03\/Analise-de-Deficiencia-Portador-de-diploma.pdf\">Resultado An\u00e1lise de Defici\u00eancia \u2013 Portador de diploma<\/a><\/li>\n\n\n\n<li><a href=\"https:\/\/wp.ufpel.edu.br\/cra\/files\/2022\/03\/Analise-de-Deficiencia-Reingresso.pdf\">Resultado An\u00e1lise de Defici\u00eancia \u2013 Reingresso<\/a><\/li>\n<\/ul>\n<\/li>\n\n\n\n<li>Resultado An\u00e1lise Socioecon\u00f4mica:\n<ul class=\"wp-block-list\">\n<li><a href=\"https:\/\/wp.ufpel.edu.br\/prae\/files\/2022\/01\/SEI_23110.040078_2021_58_Edital_47_21.pdf\" target=\"_blank\" rel=\"noopener\">Resultado An\u00e1lise Socioecon\u00f4mica<\/a><\/li>\n<\/ul>\n<\/li>\n\n\n\n<li>Resultado An\u00e1lise \u00e9tnico-racial:\n<ul class=\"wp-block-list\">\n<li>Aguardando avalia\u00e7\u00e3o<\/li>\n<\/ul>\n<\/li>\n<\/ul>\n\n\n\n<hr class=\"wp-block-separator has-alpha-channel-opacity\"\/>\n\n\n\n<h2 id=\"vestibular-uab-2022-2\" class=\"wp-block-heading has-text-color has-link-color wp-elements-5768421905c5c20fdeabb61e42929421\" style=\"color:#00408f\">Processo seletivo complementar &#8211; <strong>20<\/strong>21\/1<\/h2>\n\n\n\n<p class=\"wp-block-paragraph\"><strong>Reingresso, Reop\u00e7\u00e3o, Transfer\u00eancia volunt\u00e1ria, Portador de diploma<\/strong><\/p>\n\n\n\n<ul class=\"wp-block-list\">\n<li>Edital de abertura:&nbsp;<a href=\"https:\/\/wp.ufpel.edu.br\/cra\/files\/2021\/04\/SEI_23110.010758_2021_47.pdf\">Edital CRA N\u00ba 07\/2021<\/a>\n<ul class=\"wp-block-list\">\n<li>Retifica\u00e7\u00e3o:&nbsp;<a href=\"https:\/\/wp.ufpel.edu.br\/cra\/files\/2021\/04\/Edital-CRA-No-07-2021-Retificacao.pdf\">Edital CRA N\u00ba 07\/2021 \u2013 Retifica\u00e7\u00e3o<\/a><\/li>\n<\/ul>\n<\/li>\n\n\n\n<li>Homologa\u00e7\u00e3o:&nbsp;<a href=\"https:\/\/wp.ufpel.edu.br\/cra\/files\/2021\/05\/Edital-CRA-No-072021-Homologados.pdf\">Edital CRA N\u00ba 07\/2021 \u2013 Homologados<\/a><\/li>\n\n\n\n<li>Homologa\u00e7\u00e3o (Resultado ap\u00f3s recursos):&nbsp;<a href=\"https:\/\/wp.ufpel.edu.br\/cra\/files\/2021\/05\/SEI_23110.010758_2021_47.pdf\">Edital CRA N\u00ba 07\/2021 \u2013 Homologados Final<\/a>\n<ul class=\"wp-block-list\">\n<li>Retifica\u00e7\u00e3o:&nbsp;<a href=\"https:\/\/wp.ufpel.edu.br\/cra\/files\/2021\/05\/SEI_23110.010758_2021_47-1.pdf\">Edital CRA N\u00ba 07\/2021 \u2013 Homologados Final \u2013 Retifica\u00e7\u00e3o<\/a><\/li>\n<\/ul>\n<\/li>\n\n\n\n<li>Resultado Preliminar:&nbsp;<a href=\"https:\/\/wp.ufpel.edu.br\/cra\/files\/2021\/05\/SEI_23110.010758_2021_47-2.pdf\">Edital CRA N\u00ba 07\/2021 \u2013 Resultado Preliminar<\/a><\/li>\n\n\n\n<li>Resultado Final:&nbsp;<a href=\"https:\/\/wp.ufpel.edu.br\/cra\/files\/2021\/05\/SEI_23110.010758_2021_47-3.pdf\">Edital CRA N\u00ba 07\/2021 \u2013 Resultado Final<\/a>\n<ul class=\"wp-block-list\">\n<li>Retifica\u00e7\u00e3o:&nbsp;<a href=\"https:\/\/wp.ufpel.edu.br\/cra\/files\/2021\/05\/SEI_23110.010758_2021_47-4.pdf\">Edital CRA N\u00ba 07\/2021 \u2013 Resultado Final \u2013 Retifica\u00e7\u00e3o<\/a><\/li>\n\n\n\n<li>Retifica\u00e7\u00e3o:&nbsp;<a href=\"https:\/\/wp.ufpel.edu.br\/cra\/files\/2021\/05\/SEI_23110.010758_2021_47-5.pdf\">Edital CRA N\u00ba 07\/2021 \u2013 Resultado Final \u2013 Retifica\u00e7\u00e3o II<\/a><\/li>\n\n\n\n<li>Retifica\u00e7\u00e3o:&nbsp;<a href=\"https:\/\/wp.ufpel.edu.br\/cra\/files\/2021\/07\/SEI_23110.010758_2021_47.pdf\">Edital CRA N\u00ba 07\/2021 \u2013 Resultado Final \u2013 Retifica\u00e7\u00e3o III<\/a><\/li>\n<\/ul>\n<\/li>\n\n\n\n<li>Solicita\u00e7\u00e3o de matr\u00edcula em disciplinas: 02\/08 a 06\/08\/2021<\/li>\n\n\n\n<li>Convoca\u00e7\u00f5es:\n<ul class=\"wp-block-list\">\n<li><a href=\"https:\/\/wp.ufpel.edu.br\/cra\/files\/2021\/05\/SEI_23110.010758_2021_47-7.pdf\">Edital CRA N\u00ba 07\/2021 \u2013 1\u00aa Convoca\u00e7\u00e3o<\/a><\/li>\n\n\n\n<li><a href=\"https:\/\/wp.ufpel.edu.br\/cra\/files\/2021\/05\/Edital-CRA-No-072021-2a-Convocacao.pdf\">Edital CRA N\u00ba 07\/2021 \u2013 2\u00aa Convoca\u00e7\u00e3o<\/a><\/li>\n<\/ul>\n<\/li>\n\n\n\n<li>Resultado An\u00e1lise de Defici\u00eancia:\n<ul class=\"wp-block-list\">\n<li>Sem ingressantes<\/li>\n<\/ul>\n<\/li>\n\n\n\n<li>Resultado An\u00e1lise Socioecon\u00f4mica:\n<ul class=\"wp-block-list\">\n<li><a href=\"https:\/\/wp.ufpel.edu.br\/prae\/coordenacao_de_ingresso_e_beneficios\/editais\/editais-2021\/editais-2021-1\/outros-editais\/\" target=\"_blank\" rel=\"noopener\">Resultado An\u00e1lise Socioecon\u00f4mica<\/a><\/li>\n<\/ul>\n<\/li>\n\n\n\n<li>Resultado An\u00e1lise \u00e9tnico-racial:\n<ul class=\"wp-block-list\">\n<li>Aguardando avalia\u00e7\u00e3o \u00e9tnico-racial<\/li>\n<\/ul>\n<\/li>\n<\/ul>\n\n\n\n<hr class=\"wp-block-separator has-alpha-channel-opacity\"\/>\n\n\n\n<h2 id=\"vestibular-uab-2022-2\" class=\"wp-block-heading has-text-color has-link-color wp-elements-ae1db403f4f0d12b9978818424d31700\" style=\"color:#00408f\">Portador de diploma simplificado &#8211; <strong>20<\/strong>20\/1<\/h2>\n\n\n\n<ul class=\"wp-block-list\">\n<li>Edital de abertura:&nbsp;<a href=\"https:\/\/wp.ufpel.edu.br\/cra\/files\/2020\/03\/SEI_23110.005412_2020_46.pdf\">Edital CRA N\u00b0 07\/2020<\/a><\/li>\n\n\n\n<li>Resultado Preliminar:&nbsp;<a href=\"https:\/\/wp.ufpel.edu.br\/cra\/files\/2020\/03\/SEI_23110.005412_2020_46-2.pdf\">Edital CRA N\u00ba 07\/2020 \u2013 Resultado Preliminar<\/a><\/li>\n\n\n\n<li>Resultado Final:&nbsp;<a href=\"https:\/\/wp.ufpel.edu.br\/cra\/files\/2020\/03\/SEI_23110.005412_2020_46-3.pdf\">Edital CRA N\u00ba 07\/2020 \u2013 Resultado Final<\/a><\/li>\n<\/ul>\n\n\n\n<hr class=\"wp-block-separator has-alpha-channel-opacity\"\/>\n\n\n\n<h2 id=\"vestibular-uab-2022-2\" class=\"wp-block-heading has-text-color has-link-color wp-elements-1bad710cc3c0b3f008dd0ab3f35abc96\" style=\"color:#00408f\">Processo seletivo complementar (Medicina) &#8211; <strong>20<\/strong>20\/1<\/h2>\n\n\n\n<p class=\"wp-block-paragraph\"><strong>Reingresso, Reop\u00e7\u00e3o, Transfer\u00eancia volunt\u00e1ria<\/strong><\/p>\n\n\n\n<ul class=\"wp-block-list\">\n<li>Edital:&nbsp;<a href=\"http:\/\/ces.ufpel.edu.br\/vestibular\/vested0026_2019\/\">Edital COODEC N\u00ba 26\/2019<\/a><\/li>\n\n\n\n<li>Convoca\u00e7\u00e3o para entrega de documentos:&nbsp;<a href=\"https:\/\/wp.me\/p70cyI-Oh\">Edital COODEC N\u00b0 26\/2019 \u2013 Entrega de documentos<\/a><\/li>\n\n\n\n<li>Resultado Preliminar:&nbsp;<a href=\"https:\/\/wp.ufpel.edu.br\/ingresso\/files\/2020\/01\/Resultado-preliminar-Edital-026-2019-Medicina.pdf\">Edital COODEC N\u00ba 026\/2019 \u2013&nbsp;<\/a><a href=\"https:\/\/wp.ufpel.edu.br\/ingresso\/files\/2020\/01\/Resultado-preliminar-Edital-026-2019-Medicina.pdf\">Resultado preliminar<\/a><\/li>\n\n\n\n<li>Resultado Final:&nbsp;<a href=\"https:\/\/wp.ufpel.edu.br\/cra\/files\/2020\/01\/Resultado-final-Edital-026-2019-Medicina1.pdf\">Edital COODEC N\u00ba 026\/2019 \u2013 Resultado Final<\/a><\/li>\n<\/ul>\n\n\n\n<hr class=\"wp-block-separator has-alpha-channel-opacity\"\/>\n\n\n\n<h2 id=\"vestibular-uab-2022-2\" class=\"wp-block-heading has-text-color has-link-color wp-elements-1b810464ecd68b194bb5bd164ef5914b\" style=\"color:#00408f\">Processo seletivo complementar &#8211; <strong>20<\/strong>20\/1<\/h2>\n\n\n\n<p class=\"wp-block-paragraph\"><strong>Reingresso, Reop\u00e7\u00e3o, Transfer\u00eancia volunt\u00e1ria, Portador de diploma<\/strong><\/p>\n\n\n\n<ul class=\"wp-block-list\">\n<li>Edital de abertura:&nbsp;<a href=\"https:\/\/wp.ufpel.edu.br\/cra\/files\/2019\/09\/SEI_23110.038090_2019_88.pdf\">Edital CRA N\u00b0 13\/2019<\/a><\/li>\n\n\n\n<li>Homologa\u00e7\u00e3o:&nbsp;<a href=\"https:\/\/wp.ufpel.edu.br\/cra\/files\/2019\/10\/SEI_23110.038090_2019_881.pdf\">Edital CRA N\u00b0 13\/2019 \u2013 Homologados<\/a><\/li>\n\n\n\n<li>Homologa\u00e7\u00e3o final:&nbsp;<a href=\"https:\/\/wp.ufpel.edu.br\/cra\/files\/2019\/10\/SEI_23110.038090_2019_88.pdf\">Edital CRA N\u00b0 13\/2019 \u2013 Homologados Resultado<\/a><\/li>\n\n\n\n<li>Resultado Preliminar:&nbsp;<a href=\"https:\/\/wp.ufpel.edu.br\/cra\/files\/2019\/10\/SEI_23110.038090_2019_88-1.pdf\">Edital CRA N\u00b0 13\/2019 \u2013 Resultado Preliminar<\/a><\/li>\n\n\n\n<li>Resultado Final:&nbsp;<a href=\"https:\/\/wp.ufpel.edu.br\/cra\/files\/2019\/12\/SEI_23110.038090_2019_88-1.pdf\">Edital CRA N\u00b0 13\/2019 \u2013 Resultado Final<\/a>\n<ul class=\"wp-block-list\">\n<li>Retifica\u00e7\u00e3o:&nbsp;<a href=\"https:\/\/wp.ufpel.edu.br\/cra\/files\/2020\/02\/Retifica%C3%A7%C3%A3o-resultado-final.pdf\">Edital CRA N\u00ba 13\/2020 \u2013 Retifica\u00e7\u00e3o Resultado Final<\/a><\/li>\n<\/ul>\n<\/li>\n\n\n\n<li>Convoca\u00e7\u00e3o de excedentes\n<ul class=\"wp-block-list\">\n<li><a href=\"https:\/\/wp.ufpel.edu.br\/cra\/files\/2020\/03\/SEI_23110.038090_2019_88.pdf\">Convoca\u00e7\u00e3o N\u00ba 001\/2020\/CRA<\/a><\/li>\n<\/ul>\n<\/li>\n\n\n\n<li>Resultado An\u00e1lise Socioecon\u00f4mica:\n<ul class=\"wp-block-list\">\n<li><a href=\"https:\/\/wp.ufpel.edu.br\/prae\/files\/2020\/01\/SEI_23110.001980_2020_78.pdf\">Resultado definitivo \u2013 An\u00e1lise Socioecon\u00f4mica<\/a><\/li>\n<\/ul>\n<\/li>\n\n\n\n<li>Resultado An\u00e1lise \u00e9tnico-racial:\n<ul class=\"wp-block-list\">\n<li><a href=\"https:\/\/wp.me\/p70cyI-PB\">Relat\u00f3rio Preliminar \u2013 An\u00e1lise \u00e9tnico-racial<\/a><\/li>\n\n\n\n<li><a href=\"https:\/\/wp.me\/p70cyI-UY\">Relat\u00f3rio Definitivo \u2013 An\u00e1lise \u00e9tnico-racial<\/a><\/li>\n<\/ul>\n<\/li>\n\n\n\n<li>Resultado An\u00e1lise de Defici\u00eancia:\n<ul class=\"wp-block-list\">\n<li><a href=\"https:\/\/wp.ufpel.edu.br\/cra\/files\/2020\/03\/relat%C3%B3rio_parecer_cotas_Definitivo-33.pdf\">Relat\u00f3rio Definitivo \u2013 An\u00e1lise de Defici\u00eancia<\/a><\/li>\n<\/ul>\n<\/li>\n<\/ul>\n\n\n\n<hr class=\"wp-block-separator has-alpha-channel-opacity\"\/>\n\n\n\n<h2 id=\"vestibular-uab-2022-2\" class=\"wp-block-heading has-text-color has-link-color wp-elements-48fb14380e2e745a4617b528af4e98ec\" style=\"color:#00408f\">Processo seletivo complementar (Medicina) &#8211; <strong>201<\/strong>9\/2<\/h2>\n\n\n\n<p class=\"wp-block-paragraph\"><strong>Reingresso, Reop\u00e7\u00e3o, Transfer\u00eancia volunt\u00e1ria<\/strong><\/p>\n\n\n\n<ul class=\"wp-block-list\">\n<li>Edital:&nbsp;<a href=\"http:\/\/ces.ufpel.edu.br\/vestibular\/vested0011_2019\/\">Edital COODEC N\u00ba 11\/2019<\/a><\/li>\n\n\n\n<li>Convoca\u00e7\u00e3o para entrega de documentos:&nbsp;<a href=\"https:\/\/wp.me\/p70cyI-LC\">Edital COODEC N\u00ba 11\/2019 \u2013 Entrega de documentos<\/a><\/li>\n\n\n\n<li>Resultado Preliminar:&nbsp;<a href=\"https:\/\/wp.ufpel.edu.br\/cra\/files\/2019\/07\/Resultado-preliminar-Edital-011-2019-Medicina.pdf\">Edital COODEC N\u00ba 11\/2019 \u2013 Resultado preliminar<\/a><\/li>\n\n\n\n<li>Resultado Final:&nbsp;<a href=\"https:\/\/wp.ufpel.edu.br\/cra\/files\/2019\/08\/Resultado-final-Edital-011-2019-Medicina.pdf\">Edital COODEC N\u00ba 11\/2019 \u2013 Resultado Final<\/a><\/li>\n\n\n\n<li>Convoca\u00e7\u00e3o de excedentes\n<ul class=\"wp-block-list\">\n<li><a href=\"https:\/\/wp.ufpel.edu.br\/cra\/files\/2019\/08\/Excedentes-Edital-011-2019-Medicina.pdf\">Edital COODEC N\u00ba 11\/2019 \u2013 Convoca\u00e7\u00e3o de excedentes<\/a><\/li>\n<\/ul>\n<\/li>\n\n\n\n<li>Resultado An\u00e1lise Socioecon\u00f4mica:\n<ul class=\"wp-block-list\">\n<li><a href=\"https:\/\/wp.me\/p70cyI-MD\">Relat\u00f3rio Preliminar \u2013 An\u00e1lise Socioecon\u00f4mica<\/a><\/li>\n\n\n\n<li><a href=\"https:\/\/wp.me\/p70cyI-MO\">Relat\u00f3rio Final \u2013 An\u00e1lise Socioecon\u00f4mica<\/a><\/li>\n<\/ul>\n<\/li>\n<\/ul>\n\n\n\n<hr class=\"wp-block-separator has-alpha-channel-opacity\"\/>\n\n\n\n<h2 id=\"vestibular-uab-2022-2\" class=\"wp-block-heading has-text-color has-link-color wp-elements-4c3d08a7f6398f569d500c44959d9314\" style=\"color:#00408f\">Processo seletivo complementar &#8211; <strong>201<\/strong>9\/2<\/h2>\n\n\n\n<p class=\"wp-block-paragraph\"><strong>Reingresso, Reop\u00e7\u00e3o, Transfer\u00eancia volunt\u00e1ria, Portador de diploma<\/strong><\/p>\n\n\n\n<ul class=\"wp-block-list\">\n<li>Edital de abertura:&nbsp;<a href=\"https:\/\/wp.ufpel.edu.br\/cra\/files\/2019\/04\/SEI_23110.013548_2019_96-1.pdf\">Edital CRA N\u00b0 07\/2019<\/a><\/li>\n\n\n\n<li>Homologa\u00e7\u00e3o final:&nbsp;<a href=\"https:\/\/wp.ufpel.edu.br\/cra\/files\/2019\/05\/Edital_07_2019_homologados.pdf\">Edital_CRA N\u00ba 07\/2019 \u2013 Homologados<\/a><\/li>\n\n\n\n<li>Resultado Preliminar:&nbsp;<a href=\"https:\/\/wp.ufpel.edu.br\/cra\/files\/2019\/06\/SEI_23110.013548_2019_96.pdf\">Edital CRA N\u00b0 07\/2019 \u2013 Resultado Preliminar<\/a><\/li>\n\n\n\n<li>Resultado Final:&nbsp;<a href=\"https:\/\/wp.ufpel.edu.br\/cra\/files\/2019\/07\/SEI_23110.013548_2019_96.pdf\">Edital CRA N\u00ba 07\/2019 \u2013 Resultado Final<\/a><\/li>\n\n\n\n<li>Convoca\u00e7\u00e3o de excedentes\n<ul class=\"wp-block-list\">\n<li><a href=\"https:\/\/wp.ufpel.edu.br\/cra\/files\/2019\/08\/SEI_23110.013548_2019_96.pdf\">Convoca\u00e7\u00e3o N\u00b0 001\/2019\/CRA<\/a><\/li>\n\n\n\n<li><a href=\"https:\/\/wp.ufpel.edu.br\/cra\/files\/2019\/08\/SEI_23110.013548_2019_96-1.pdf\">Convoca\u00e7\u00e3o N\u00ba 002\/2019\/CRA<\/a><\/li>\n<\/ul>\n<\/li>\n\n\n\n<li>Resultado An\u00e1lise Socioecon\u00f4mica:\n<ul class=\"wp-block-list\">\n<li><a href=\"https:\/\/wp.ufpel.edu.br\/prae\/files\/2019\/07\/SEI_23110.029535_2019_39_Edital-06-2019.pdf\">Resultado definitivo \u2013 An\u00e1lise Socioecon\u00f4mica<\/a><\/li>\n<\/ul>\n<\/li>\n\n\n\n<li>Resultado An\u00e1lise \u00e9tnico-racial:\n<ul class=\"wp-block-list\">\n<li><a href=\"https:\/\/wp.me\/p70cyI-LW\">Relat\u00f3rio Preliminar \u2013 An\u00e1lise \u00e9tnico-racial<\/a><\/li>\n\n\n\n<li><a href=\"https:\/\/wp.me\/p70cyI-Mo\">Relat\u00f3rio Definitivo \u2013 An\u00e1lise \u00e9tnico-racial<\/a><\/li>\n<\/ul>\n<\/li>\n\n\n\n<li>Resultado An\u00e1lise de Defici\u00eancia:\n<ul class=\"wp-block-list\">\n<li>Sem ingressantes nas vagas reservadas a candidatos com defici\u00eancia.<\/li>\n<\/ul>\n<\/li>\n<\/ul>\n\n\n\n<hr class=\"wp-block-separator has-alpha-channel-opacity\"\/>\n\n\n\n<h2 id=\"vestibular-uab-2022-2\" class=\"wp-block-heading has-text-color has-link-color wp-elements-5a8d98267f74f3cc011b2bcce19f48db\" style=\"color:#00408f\">Processo seletivo complementar (Medicina) &#8211; <strong>201<\/strong>9\/1<\/h2>\n\n\n\n<p class=\"wp-block-paragraph\"><strong>Reingresso, Reop\u00e7\u00e3o, Transfer\u00eancia volunt\u00e1ria, Portador de diploma<\/strong><\/p>\n\n\n\n<ul class=\"wp-block-list\">\n<li>Edital:&nbsp;<a href=\"http:\/\/ces.ufpel.edu.br\/vestibular\/vested0001_2019\/\">Edital COODEC N\u00b0 01\/2019<\/a><\/li>\n\n\n\n<li>Convoca\u00e7\u00e3o de excedentes\n<ul class=\"wp-block-list\">\n<li><a href=\"https:\/\/wp.ufpel.edu.br\/cra\/files\/2019\/03\/SEI_23110.005769_2019_91.pdf\">Convoca\u00e7\u00e3o N\u00ba 001\/2019\/CRA<\/a><\/li>\n<\/ul>\n<\/li>\n<\/ul>\n\n\n\n<hr class=\"wp-block-separator has-alpha-channel-opacity\"\/>\n\n\n\n<h2 id=\"vestibular-uab-2022-2\" class=\"wp-block-heading has-text-color has-link-color wp-elements-5a8d98267f74f3cc011b2bcce19f48db\" style=\"color:#00408f\">Processo seletivo complementar (Medicina) &#8211; <strong>201<\/strong>9\/1<\/h2>\n\n\n\n<p class=\"wp-block-paragraph\"><strong>Reingresso, Reop\u00e7\u00e3o, Transfer\u00eancia volunt\u00e1ria<\/strong><\/p>\n\n\n\n<ul class=\"wp-block-list\">\n<li>Edital:&nbsp;<a href=\"http:\/\/ces.ufpel.edu.br\/conctecadmed0029_2018\/\">Edital COODEC N\u00ba 29\/2018<\/a><\/li>\n<\/ul>\n\n\n\n<hr class=\"wp-block-separator has-alpha-channel-opacity\"\/>\n\n\n\n<h2 id=\"vestibular-uab-2022-2\" class=\"wp-block-heading has-text-color has-link-color wp-elements-a80be8d94693c99287348b1676b466f1\" style=\"color:#00408f\">Processo seletivo complementar &#8211; <strong>201<\/strong>9\/1<\/h2>\n\n\n\n<p class=\"wp-block-paragraph\"><strong>Reingresso, Reop\u00e7\u00e3o, Transfer\u00eancia volunt\u00e1ria, Portador de diploma<\/strong><\/p>\n\n\n\n<ul class=\"wp-block-list\">\n<li>Edital de abertura:&nbsp;<a href=\"https:\/\/wp.ufpel.edu.br\/cra\/files\/2018\/11\/SEI_23110.054228_2018_13-4.pdf\">Edital CRA N\u00ba 19\/2018<\/a><\/li>\n\n\n\n<li>Homologa\u00e7\u00e3o:&nbsp;<a href=\"https:\/\/wp.ufpel.edu.br\/cra\/files\/2018\/11\/homologados-1.pdf\">Edital CRA N\u00b0 19\/2018 \u2013 Homologados<\/a><\/li>\n\n\n\n<li>Resultado Preliminar:&nbsp;<a href=\"https:\/\/wp.ufpel.edu.br\/cra\/files\/2018\/12\/SEI_23110.054228_2018_13.pdf\">Edital CRA N\u00ba 19\/2018 \u2013 Resultado Preliminar<\/a><\/li>\n\n\n\n<li>Resultado Final:&nbsp;<a href=\"https:\/\/wp.ufpel.edu.br\/cra\/files\/2019\/01\/Resultado-definitivo-Edital-19-2018-Retificado.pdf\">Edital CRA N\u00ba 19\/2018 \u2013 Resultado Final<\/a><\/li>\n\n\n\n<li>Resultado Final:&nbsp;<a href=\"https:\/\/wp.ufpel.edu.br\/cra\/files\/2019\/02\/SEI_23110.054228_2018_13.pdf\">Edital CRA N\u00ba 19\/2018 \u2013 Resultado Final (Rela\u00e7\u00f5es Internacionais)<\/a><\/li>\n\n\n\n<li>Convoca\u00e7\u00e3o de excedentes\n<ul class=\"wp-block-list\">\n<li><a href=\"https:\/\/wp.ufpel.edu.br\/cra\/files\/2019\/03\/SEI_23110.054228_2018_13.pdf\">Convoca\u00e7\u00e3o N\u00ba 001\/2018\/CRA<\/a><\/li>\n<\/ul>\n<\/li>\n\n\n\n<li>Resultado An\u00e1lise Socioecon\u00f4mica:\n<ul class=\"wp-block-list\">\n<li><\/li>\n<\/ul>\n<\/li>\n\n\n\n<li>Resultado An\u00e1lise \u00e9tnico-racial:\n<ul class=\"wp-block-list\">\n<li><a href=\"https:\/\/wp.ufpel.edu.br\/cra\/files\/2019\/02\/SEI_23110.003533_2019_10.pdf\">Relat\u00f3rio Definitivo \u2013 An\u00e1lise \u00e9tnico-racial<\/a><\/li>\n<\/ul>\n<\/li>\n\n\n\n<li>Resultado An\u00e1lise de Defici\u00eancia:\n<ul class=\"wp-block-list\">\n<li>Sem ingressantes nas vagas reservadas a candidatos com defici\u00eancia.<\/li>\n<\/ul>\n<\/li>\n<\/ul>\n\n\n\n<hr class=\"wp-block-separator has-alpha-channel-opacity\"\/>\n\n\n\n<h2 id=\"vestibular-uab-2022-2\" class=\"wp-block-heading has-text-color has-link-color wp-elements-00adccac379ff4b911b946ba1358ad91\" style=\"color:#00408f\">Portador de diploma simplificado &#8211; <strong>201<\/strong>8\/2<\/h2>\n\n\n\n<ul class=\"wp-block-list\">\n<li>Edital de abertura:&nbsp;<a href=\"https:\/\/wp.ufpel.edu.br\/cra\/files\/2018\/07\/SEI_23110.034389_2018_82.pdf\">Edital CRA N\u00b0 16\/2018<\/a>\n<ul class=\"wp-block-list\">\n<li>Retifica\u00e7\u00e3o:&nbsp;<a href=\"https:\/\/wp.ufpel.edu.br\/cra\/files\/2018\/07\/SEI_23110.034389_2018_82-1.pdf\">Edital N\u00ba 16\/2018 \u2013 Retifica\u00e7\u00e3o<\/a><\/li>\n<\/ul>\n<\/li>\n\n\n\n<li>Resultado Preliminar:&nbsp;<a href=\"https:\/\/wp.ufpel.edu.br\/cra\/files\/2018\/08\/Resultado-Preliminar.pdf\">Edital CRA N\u00ba 16\/2018 \u2013 Resultado Preliminar<\/a><\/li>\n\n\n\n<li>Resultado Final:&nbsp;<a href=\"https:\/\/wp.ufpel.edu.br\/cra\/files\/2018\/08\/SEI_23110.034389_2018_82.pdf\">Edital CRA N\u00ba 16\/2018 \u2013 Resultado Final<\/a><\/li>\n<\/ul>\n\n\n\n<hr class=\"wp-block-separator has-alpha-channel-opacity\"\/>\n\n\n\n<h2 id=\"vestibular-uab-2022-2\" class=\"wp-block-heading has-text-color has-link-color wp-elements-e51b36af0fd009d04c8f7da2673db522\" style=\"color:#00408f\">Processo seletivo complementar &#8211; <strong>201<\/strong>8\/2<\/h2>\n\n\n\n<p class=\"wp-block-paragraph\"><strong>Reingresso, Reop\u00e7\u00e3o, Transfer\u00eancia volunt\u00e1ria, Portador de diploma<\/strong><\/p>\n\n\n\n<ul class=\"wp-block-list\">\n<li>Edital de abertura:&nbsp;<a href=\"https:\/\/wp.ufpel.edu.br\/cra\/files\/2018\/05\/SEI_23110.018753_2018_67.pdf\">Edital CRA N\u00b0 11\/2018<\/a><\/li>\n\n\n\n<li>Resultado Preliminar:&nbsp;<a href=\"https:\/\/wp.ufpel.edu.br\/cra\/files\/2018\/06\/Edital_11-2018_Resultado_Preliminar.pdf\">Edital CRA N\u00b0 11\/2018 \u2013 Resultado Preliminar<\/a><\/li>\n\n\n\n<li>Resultado Final:&nbsp;<a href=\"https:\/\/wp.ufpel.edu.br\/cra\/files\/2018\/07\/SEI_23110.018753_2018_67.pdf\">Edital CRA N\u00b0 11\/2018 \u2013 Resultado Final<\/a>\n<ul class=\"wp-block-list\">\n<li>Retifica\u00e7\u00e3o:&nbsp;<a href=\"https:\/\/wp.ufpel.edu.br\/cra\/files\/2018\/07\/Retifica%C3%A7%C3%A3o-resultado-edital-112018.pdf\">Edital CRA N\u00ba 11\/2018 \u2013 Retifica\u00e7\u00e3o Resultado Final<\/a><\/li>\n<\/ul>\n<\/li>\n\n\n\n<li>Convoca\u00e7\u00e3o de excedentes\n<ul class=\"wp-block-list\">\n<li><a href=\"https:\/\/wp.ufpel.edu.br\/cra\/files\/2018\/08\/SEI_23110.018753_2018_67.pdf\">Convoca\u00e7\u00e3o N\u00ba 001\/2018\/CRA<\/a><\/li>\n<\/ul>\n<\/li>\n<\/ul>\n\n\n\n<hr class=\"wp-block-separator has-alpha-channel-opacity\"\/>\n\n\n\n<h2 id=\"vestibular-uab-2022-2\" class=\"wp-block-heading has-text-color has-link-color wp-elements-d8f7cdbe28b266489b29daa1a41efe76\" style=\"color:#00408f\">Processo seletivo complementar &#8211; <strong>201<\/strong>8\/1<\/h2>\n\n\n\n<p class=\"wp-block-paragraph\"><strong>Reingresso, Reop\u00e7\u00e3o, Transfer\u00eancia volunt\u00e1ria, Portador de diploma<\/strong><\/p>\n\n\n\n<ul class=\"wp-block-list\">\n<li>Edital de abertura:&nbsp;<a href=\"https:\/\/wp.ufpel.edu.br\/cra\/files\/2017\/10\/Edital_018_2017_Retificado.pdf\">Edital CRA N\u00b0 18\/2017<\/a>\n<ul class=\"wp-block-list\">\n<li>Retifica\u00e7\u00e3o: <a href=\"https:\/\/wp.ufpel.edu.br\/cra\/files\/2017\/12\/Edital_018_2017_RRTP_IV.pdf\">Edital CRA N\u00b0 18\/2017 &#8211; Retificado<\/a><\/li>\n<\/ul>\n<\/li>\n\n\n\n<li>Resultado Preliminar:&nbsp;<a href=\"https:\/\/wp.me\/p70cyI-xP\">Edital CRA N\u00b0 18\/2017 \u2013 Resultado Preliminar<\/a><\/li>\n\n\n\n<li>Resultado Preliminar: <a href=\"https:\/\/wp.me\/p70cyI-y5\">Edital CRA N\u00b0 18\/2017 \u2013 Resultado Preliminar &#8211; Direito<\/a><\/li>\n\n\n\n<li>Resultado Final:&nbsp;<a href=\"https:\/\/wp.me\/p70cyI-yJ\">Edital CRA N\u00b0 18\/2017 \u2013 Resultado Final<\/a><\/li>\n\n\n\n<li>Convoca\u00e7\u00e3o de excedentes\n<ul class=\"wp-block-list\">\n<li><a href=\"https:\/\/wp.ufpel.edu.br\/cra\/files\/2018\/03\/Edital_018_2017_excedentes.pdf\">Convoca\u00e7\u00e3o N\u00ba 001\/CRA<\/a><\/li>\n\n\n\n<li><a href=\"https:\/\/wp.ufpel.edu.br\/cra\/files\/2018\/03\/Edital_018_2017_excedentes_II.pdf\">Convoca\u00e7\u00e3o N\u00ba 002\/CRA<\/a><\/li>\n<\/ul>\n<\/li>\n<\/ul>\n\n\n\n<hr class=\"wp-block-separator has-alpha-channel-opacity\"\/>\n\n\n\n<h2 id=\"vestibular-uab-2022-2\" class=\"wp-block-heading has-text-color has-link-color wp-elements-2951ca3979bb937f1f09ba8cda972f32\" style=\"color:#00408f\">Portador de diploma simplificado &#8211; <strong>201<\/strong>7\/2<\/h2>\n\n\n\n<ul class=\"wp-block-list\">\n<li>Edital de abertura:&nbsp;<a href=\"https:\/\/wp.ufpel.edu.br\/cra\/files\/2017\/08\/Edital_015_2017.pdf\">Edital CRA N\u00b0 15\/2017<\/a><\/li>\n\n\n\n<li>Resultado Preliminar:&nbsp;<a href=\"https:\/\/wp.me\/p70cyI-vJ\">Edital CRA N\u00ba 15\/2017 \u2013 Resultado Preliminar<\/a><\/li>\n\n\n\n<li>Resultado Final:&nbsp;<a href=\"https:\/\/wp.me\/p70cyI-vZ\">Edital CRA N\u00ba 15\/2017 \u2013 Resultado Final<\/a><\/li>\n<\/ul>\n\n\n\n<hr class=\"wp-block-separator has-alpha-channel-opacity\"\/>\n\n\n\n<h2 id=\"vestibular-uab-2022-2\" class=\"wp-block-heading has-text-color has-link-color wp-elements-3b3a4e71dd78f604145e2536f5c6b6a6\" style=\"color:#00408f\">Processo seletivo complementar &#8211; <strong>201<\/strong>7\/2<\/h2>\n\n\n\n<p class=\"wp-block-paragraph\"><strong>Reingresso, Reop\u00e7\u00e3o, Transfer\u00eancia volunt\u00e1ria, Portador de diploma<\/strong><\/p>\n\n\n\n<ul class=\"wp-block-list\">\n<li>Edital de abertura:&nbsp;<a href=\"https:\/\/wp.ufpel.edu.br\/cra\/files\/2017\/06\/Edital_012_2017_IV.pdf\">Edital CRA N\u00b0 12\/2017<\/a><\/li>\n\n\n\n<li>Resultado Preliminar:&nbsp;<a href=\"https:\/\/wp.me\/p70cyI-uI\">Edital CRA N\u00b0 12\/2017 \u2013 Resultado Preliminar<\/a><\/li>\n\n\n\n<li>Resultado Final:&nbsp;<a href=\"https:\/\/wp.me\/p70cyI-vv\">Edital CRA N\u00b0 12\/2017 \u2013 Resultado Final<\/a><\/li>\n<\/ul>\n\n\n\n<hr class=\"wp-block-separator has-alpha-channel-opacity\"\/>\n\n\n\n<h2 id=\"vestibular-uab-2022-2\" class=\"wp-block-heading has-text-color has-link-color wp-elements-53383ffdb96f46b478d0923b41585ae3\" style=\"color:#00408f\">Processo seletivo complementar &#8211; <strong>201<\/strong>7\/1<\/h2>\n\n\n\n<p class=\"wp-block-paragraph\"><strong>Reingresso, Reop\u00e7\u00e3o, Transfer\u00eancia volunt\u00e1ria, Portador de diploma<\/strong><\/p>\n\n\n\n<ul class=\"wp-block-list\">\n<li>Edital de abertura:&nbsp;<a href=\"https:\/\/wp.ufpel.edu.br\/cra\/files\/2016\/10\/Edital_022_2016_RRTP_II.pdf\">Edital CRA N\u00b0 22\/2016<\/a><\/li>\n\n\n\n<li>Resultado Preliminar:&nbsp;<a href=\"https:\/\/wp.me\/p70cyI-lH\">Edital CRA N\u00b0 22\/2016 \u2013 Resultado Preliminar<\/a><\/li>\n\n\n\n<li>Resultado Final:&nbsp;<a href=\"https:\/\/wp.me\/p70cyI-nb\">Edital CRA N\u00b0 22\/2016 \u2013 Resultado Final<\/a><\/li>\n\n\n\n<li>Convoca\u00e7\u00e3o de excedentes\n<ul class=\"wp-block-list\">\n<li><a href=\"https:\/\/wp.ufpel.edu.br\/cra\/files\/2017\/04\/Edital_022_2016_EXCEDENTES.pdf\">Convoca\u00e7\u00e3o N\u00ba 001\/CRA<\/a><\/li>\n<\/ul>\n<\/li>\n<\/ul>\n\n\n\n<hr class=\"wp-block-separator has-alpha-channel-opacity\"\/>\n\n\n\n<h2 id=\"vestibular-uab-2022-2\" class=\"wp-block-heading has-text-color has-link-color wp-elements-4f7bf16297e973624990a0618076f69f\" style=\"color:#00408f\">Portador de diploma simplificado &#8211; <strong>201<\/strong>6\/2<\/h2>\n\n\n\n<ul class=\"wp-block-list\">\n<li>Edital de abertura:&nbsp;<a href=\"https:\/\/wp.ufpel.edu.br\/cra\/files\/2016\/08\/Edital_015_2016_portador.pdf\">Edital CRA N\u00b0 15\/2016<\/a><\/li>\n\n\n\n<li>Resultado Preliminar:&nbsp;<a href=\"https:\/\/wp.ufpel.edu.br\/cra\/files\/2016\/08\/Edital_015_2016_resultado_preliminar.pdf\">Edital CRA N\u00ba 15\/2016 \u2013 Resultado Preliminar<\/a><\/li>\n\n\n\n<li>Resultado Final:&nbsp;<a href=\"https:\/\/wp.ufpel.edu.br\/cra\/files\/2016\/08\/Edital_015_2016_resultado_final.pdf\">Edital CRA N\u00ba 15\/2016 \u2013 Resultado Final<\/a><\/li>\n<\/ul>\n\n\n\n<hr class=\"wp-block-separator has-alpha-channel-opacity\"\/>\n\n\n\n<h2 id=\"vestibular-uab-2022-2\" class=\"wp-block-heading has-text-color has-link-color wp-elements-43016e35f5b6042b42b782650198fabd\" style=\"color:#00408f\">Processo seletivo complementar &#8211; <strong>201<\/strong>6\/2<\/h2>\n\n\n\n<p class=\"wp-block-paragraph\"><strong>Reingresso, Reop\u00e7\u00e3o, Transfer\u00eancia volunt\u00e1ria, Portador de diploma<\/strong><\/p>\n\n\n\n<ul class=\"wp-block-list\">\n<li>Edital de abertura:&nbsp;<a href=\"https:\/\/wp.ufpel.edu.br\/cra\/files\/2016\/04\/Edital_010_2016.pdf\">Edital CRA N\u00b0 10\/2016<\/a><\/li>\n\n\n\n<li>Resultado Preliminar:&nbsp;<a href=\"https:\/\/wp.ufpel.edu.br\/cra\/files\/2016\/06\/Edital_010_2016_resultado_preliminar.pdf\">Edital CRA N\u00b0 10\/2016 \u2013 Resultado Preliminar<\/a><\/li>\n\n\n\n<li>Resultado Preliminar:&nbsp;<a href=\"https:\/\/wp.ufpel.edu.br\/cra\/files\/2016\/06\/Edital_016_2015_resultado_preliminar_II.pdf\">Edital CRA N\u00b0 10\/2016 \u2013 Resultado Preliminar (Agronomia, Artes Visuais \u2013 Licenciatura, Ci\u00eancias Econ\u00f4micas, Engenharia do Petr\u00f3leo, Engenharia Industrial Madeireira, M\u00fasica \u2013 Licenciatura, Psicologia, Qu\u00edmica de Alimentos, Qu\u00edmica Forense e Qu\u00edmica Industrial)<\/a><\/li>\n\n\n\n<li>Resultado Preliminar:&nbsp;<a href=\"https:\/\/wp.ufpel.edu.br\/cra\/files\/2016\/07\/Edital_010_2016_resultado_preliminar_III.pdf\">Edital CRA N\u00b0 10\/2016 \u2013 Resultado Preliminar (Farm\u00e1cia e Pedagogia)<\/a><\/li>\n\n\n\n<li>Resultado Preliminar:&nbsp;<a href=\"https:\/\/wp.ufpel.edu.br\/cra\/files\/2016\/08\/Edital_010_2016_resultado_preliminar_IV.pdf\">Edital CRA N\u00b0 10\/2016 \u2013 Resultado Preliminar (Zootecnia)<\/a><\/li>\n\n\n\n<li>Resultado Final:&nbsp;<a href=\"https:\/\/wp.ufpel.edu.br\/cra\/files\/2016\/07\/Edital_010_2016_resultado_final.pdf\">Edital CRA N\u00b0 10\/2016 \u2013 Resultado Final<\/a><\/li>\n\n\n\n<li>Resultado Final:&nbsp;<a href=\"https:\/\/wp.ufpel.edu.br\/cra\/files\/2016\/07\/Edital_010_2016_resultado_final_II.pdf\">Edital CRA N\u00b0 10\/2016 \u2013 Resultado Final (Farm\u00e1cia, Filosofia e Pedagogia)<\/a><\/li>\n\n\n\n<li>Resultado Final:&nbsp;<a href=\"https:\/\/wp.ufpel.edu.br\/cra\/files\/2016\/08\/Edital_010_2016_resultado_final_III.pdf\">Edital CRA N\u00b0 10\/2016 \u2013 Resultado Final (Zootecnia)<\/a><\/li>\n\n\n\n<li>Convoca\u00e7\u00e3o de excedentes\n<ul class=\"wp-block-list\">\n<li><a href=\"https:\/\/wp.ufpel.edu.br\/cra\/files\/2016\/07\/Edital_010_2016_EXCEDENTES.pdf\">Convoca\u00e7\u00e3o N\u00ba 001\/CRA<\/a><\/li>\n\n\n\n<li><a href=\"https:\/\/wp.ufpel.edu.br\/cra\/files\/2016\/09\/Edital_010_2016_EXCEDENTES_II-1.pdf\">Convoca\u00e7\u00e3o N\u00ba 002\/CRA<\/a><\/li>\n<\/ul>\n<\/li>\n<\/ul>\n","protected":false},"excerpt":{"rendered":"<p>Processo seletivo complementar &#8211; 2021\/2 Reingresso, Reop\u00e7\u00e3o, Transfer\u00eancia volunt\u00e1ria, Portador de diploma Processo seletivo complementar &#8211; 2021\/1 Reingresso, Reop\u00e7\u00e3o, Transfer\u00eancia volunt\u00e1ria, Portador de diploma Portador de diploma simplificado &#8211; 2020\/1 Processo seletivo complementar (Medicina) &#8211; 2020\/1 Reingresso, Reop\u00e7\u00e3o, Transfer\u00eancia volunt\u00e1ria Processo seletivo complementar &#8211; 2020\/1 Reingresso, Reop\u00e7\u00e3o, Transfer\u00eancia volunt\u00e1ria, Portador de diploma Processo seletivo complementar [&hellip;]<\/p>\n","protected":false},"author":1504,"featured_media":0,"parent":3962,"menu_order":0,"comment_status":"closed","ping_status":"closed","template":"","meta":{"advanced_seo_description":"","jetpack_seo_html_title":"","jetpack_seo_noindex":false,"jetpack_seo_schema_type":"","footnotes":""},"class_list":["post-13257","page","type-page","status-publish","hentry"],"jetpack_sharing_enabled":true,"jetpack_shortlink":"https:\/\/wp.me\/P70cyI-3rP","jetpack-related-posts":[],"_links":{"self":[{"href":"https:\/\/wp.ufpel.edu.br\/cra\/wp-json\/wp\/v2\/pages\/13257","targetHints":{"allow":["GET"]}}],"collection":[{"href":"https:\/\/wp.ufpel.edu.br\/cra\/wp-json\/wp\/v2\/pages"}],"about":[{"href":"https:\/\/wp.ufpel.edu.br\/cra\/wp-json\/wp\/v2\/types\/page"}],"author":[{"embeddable":true,"href":"https:\/\/wp.ufpel.edu.br\/cra\/wp-json\/wp\/v2\/users\/1504"}],"replies":[{"embeddable":true,"href":"https:\/\/wp.ufpel.edu.br\/cra\/wp-json\/wp\/v2\/comments?post=13257"}],"version-history":[{"count":2,"href":"https:\/\/wp.ufpel.edu.br\/cra\/wp-json\/wp\/v2\/pages\/13257\/revisions"}],"predecessor-version":[{"id":13441,"href":"https:\/\/wp.ufpel.edu.br\/cra\/wp-json\/wp\/v2\/pages\/13257\/revisions\/13441"}],"up":[{"embeddable":true,"href":"https:\/\/wp.ufpel.edu.br\/cra\/wp-json\/wp\/v2\/pages\/3962"}],"wp:attachment":[{"href":"https:\/\/wp.ufpel.edu.br\/cra\/wp-json\/wp\/v2\/media?parent=13257"}],"curies":[{"name":"wp","href":"https:\/\/api.w.org\/{rel}","templated":true}]}}