{"id":11926,"date":"2025-08-26T11:33:54","date_gmt":"2025-08-26T14:33:54","guid":{"rendered":"https:\/\/wp.ufpel.edu.br\/cra\/?page_id=11926"},"modified":"2025-08-26T11:38:56","modified_gmt":"2025-08-26T14:38:56","slug":"sisu","status":"publish","type":"page","link":"https:\/\/wp.ufpel.edu.br\/cra\/formas-de-ingresso\/sisu\/","title":{"rendered":"SiSU"},"content":{"rendered":"\n<p>O SiSU (Sistema de Sele\u00e7\u00e3o Unificada) \u00e9 a principal forma de ingresso nos cursos de gradua\u00e7\u00e3o da UFPel. Voc\u00ea precisa fazer o Exame Nacional do Ensino M\u00e9dio (ENEM) e realizar a inscri\u00e7\u00e3o pelo sistema Governo Federal.<\/p>\n\n\n\n<h2 class=\"wp-block-heading\" style=\"font-size:16px\"><strong>Como funciona o processo?<\/strong><\/h2>\n\n\n\n<ol class=\"wp-block-list\">\n<li><strong>Fa\u00e7a o ENEM:<\/strong>\u00a0Sua nota na prova do ENEM mais recente definir\u00e1 sua classifica\u00e7\u00e3o para disputar uma vaga.<\/li>\n\n\n\n<li><strong>Inscreva-se no site do SiSU:<\/strong>\u00a0Voc\u00ea escolhe at\u00e9 duas op\u00e7\u00f5es de curso e acompanha as notas de corte.<\/li>\n\n\n\n<li><strong>Acompanhe o Resultado:<\/strong>\u00a0Ao final do processo, o MEC divulga a lista de aprovados na chamada regular. Fique atento tamb\u00e9m \u00e0s convoca\u00e7\u00f5es da Lista de Espera da UFPel.<\/li>\n<\/ol>\n\n\n\n<h2 class=\"wp-block-heading\" style=\"font-size:16px\"><strong><strong>Fique Atento<\/strong><\/strong>!<\/h2>\n\n\n\n<p>O SiSU realiza apenas\u00a0<strong>um processo seletivo por ano<\/strong>, geralmente em janeiro. Todas as vagas s\u00e3o ofertadas nesta \u00fanica edi\u00e7\u00e3o.<\/p>\n\n\n\n<p>A UFPel reserva metade de suas vagas para estudantes que fizeram <strong>todo o Ensino M\u00e9dio em escolas p\u00fablicas<\/strong>. Al\u00e9m de cotas com crit\u00e9rios de renda, etnia e para pessoas com defici\u00eancia.<\/p>\n\n\n\n<h2 class=\"wp-block-heading\" style=\"font-size:16px\"><strong>P\u00e1ginas Oficiais e Inscri\u00e7\u00f5es<\/strong><\/h2>\n\n\n\n<p>Acesse os links abaixo para n\u00e3o perder nenhuma informa\u00e7\u00e3o oficial sobre as provas, inscri\u00e7\u00f5es e matr\u00edculas.<\/p>\n\n\n\n<p><a href=\"https:\/\/www.gov.br\/inep\/pt-br\/areas-de-atuacao\/avaliacao-e-exames-educacionais\/enem\" target=\"_blank\" rel=\"noreferrer noopener\"><strong>Acesse o site do ENEM<\/strong><\/a><\/p>\n\n\n\n<p><strong><a href=\"https:\/\/acessounico.mec.gov.br\/sisu\">Acesse o site do SISU<\/a><\/strong><\/p>\n\n\n\n<p><strong><a href=\"https:\/\/wp.ufpel.edu.br\/sisu\/\">Acesse o site das matr\u00edculas<\/a><\/strong><\/p>\n\n\n\n<p><\/p>\n","protected":false},"excerpt":{"rendered":"<p>O SiSU (Sistema de Sele\u00e7\u00e3o Unificada) \u00e9 a principal forma de ingresso nos cursos de gradua\u00e7\u00e3o da UFPel. Voc\u00ea precisa fazer o Exame Nacional do Ensino M\u00e9dio (ENEM) e realizar a inscri\u00e7\u00e3o pelo sistema Governo Federal. Como funciona o processo? Fique Atento! O SiSU realiza apenas\u00a0um processo seletivo por ano, geralmente em janeiro. Todas as [&hellip;]<\/p>\n","protected":false},"author":341,"featured_media":0,"parent":6202,"menu_order":0,"comment_status":"closed","ping_status":"closed","template":"","meta":{"advanced_seo_description":"","jetpack_seo_html_title":"","jetpack_seo_noindex":false,"jetpack_post_was_ever_published":false,"footnotes":""},"class_list":["post-11926","page","type-page","status-publish","hentry"],"jetpack_sharing_enabled":true,"jetpack_shortlink":"https:\/\/wp.me\/P70cyI-36m","jetpack-related-posts":[],"_links":{"self":[{"href":"https:\/\/wp.ufpel.edu.br\/cra\/wp-json\/wp\/v2\/pages\/11926","targetHints":{"allow":["GET"]}}],"collection":[{"href":"https:\/\/wp.ufpel.edu.br\/cra\/wp-json\/wp\/v2\/pages"}],"about":[{"href":"https:\/\/wp.ufpel.edu.br\/cra\/wp-json\/wp\/v2\/types\/page"}],"author":[{"embeddable":true,"href":"https:\/\/wp.ufpel.edu.br\/cra\/wp-json\/wp\/v2\/users\/341"}],"replies":[{"embeddable":true,"href":"https:\/\/wp.ufpel.edu.br\/cra\/wp-json\/wp\/v2\/comments?post=11926"}],"version-history":[{"count":3,"href":"https:\/\/wp.ufpel.edu.br\/cra\/wp-json\/wp\/v2\/pages\/11926\/revisions"}],"predecessor-version":[{"id":11930,"href":"https:\/\/wp.ufpel.edu.br\/cra\/wp-json\/wp\/v2\/pages\/11926\/revisions\/11930"}],"up":[{"embeddable":true,"href":"https:\/\/wp.ufpel.edu.br\/cra\/wp-json\/wp\/v2\/pages\/6202"}],"wp:attachment":[{"href":"https:\/\/wp.ufpel.edu.br\/cra\/wp-json\/wp\/v2\/media?parent=11926"}],"curies":[{"name":"wp","href":"https:\/\/api.w.org\/{rel}","templated":true}]}}