{"id":8519,"date":"2026-04-29T09:07:42","date_gmt":"2026-04-29T12:07:42","guid":{"rendered":"https:\/\/wp.ufpel.edu.br\/cpted\/?page_id=8519"},"modified":"2026-04-29T12:04:34","modified_gmt":"2026-04-29T15:04:34","slug":"especializacao-em-gestao-para-a-sustentabilidade","status":"publish","type":"page","link":"https:\/\/wp.ufpel.edu.br\/cpted\/uab\/cursos\/especializacao-em-gestao-para-a-sustentabilidade\/","title":{"rendered":"Especializa\u00e7\u00e3o em Gest\u00e3o para a Sustentabilidade"},"content":{"rendered":"<h4>Especializa\u00e7\u00e3o em Gest\u00e3o para a Sustentabilidade<\/h4>\n<p align=\"justify\">O tema da sustentabilidade no planejamento de a\u00e7\u00f5es p\u00fablicas ou privadas ganha relev\u00e2ncia a partir da Agenda 2030, aprovada pela ONU em 2015, que colocou um desafio enorme para os pa\u00edses signat\u00e1rios (dentre eles, o Brasil): pensar, planejar e implementar a\u00e7\u00f5es e pol\u00edticas orientadas pelas metas dos 17 Objetivos para o Desenvolvimento Sustent\u00e1vel \u2013 ODS.<\/p>\n<ul class=\"infobox\">\n<li>\n    <i class=\"fi fi-rr-site-alt\"><\/i><\/p>\n<div>\n      <strong>Site:<\/strong><br \/>\n      <a href=\"https:\/\/wp.ufpel.edu.br\/mercosul\/especializacao-lato-sensu-em-gestao-para-a-sustentabilidade\/\">Acessar site<\/a>\n    <\/div>\n<\/li>\n<li class=\"divisor\"><\/li>\n<li>\n    <i class=\"fi fi-rr-clock-three\"><\/i><\/p>\n<div>\n      <strong>Dura\u00e7\u00e3o:<\/strong><br \/>\n      <span>374 horas<\/span>\n    <\/div>\n<\/li>\n<li class=\"divisor\"><\/li>\n<li>\n    <i class=\"fi fi-rr-computer\"><\/i><\/p>\n<div>\n      <strong>Modalidade:<\/strong><br \/>\n      <span>EaD<\/span>\n    <\/div>\n<\/li>\n<li class=\"divisor\"><\/li>\n<li>\n    <i class=\"fi fi-rr-graduation-cap\"><\/i><\/p>\n<div>\n      <strong>N\u00edvel:<\/strong><br \/>\n      <span>P\u00f3s-gradua\u00e7\u00e3o<\/span>\n    <\/div>\n<\/li>\n<\/ul>\n<ul class=\"nav nav-tabs\" id=\"myTab\" role=\"tablist\" style=\"margin-left:0;\">\n<li class=\"nav-item\" role=\"presentation\">\n    <button class=\"nav-link active\" id=\"about-tab\" data-bs-toggle=\"tab\" data-bs-target=\"#course_about\" type=\"button\" role=\"tab\" aria-controls=\"about\" aria-selected=\"true\">Sobre<\/button>\n  <\/li>\n<li class=\"nav-item\" role=\"presentation\">\n    <button class=\"nav-link\" id=\"structure-tab\" data-bs-toggle=\"tab\" data-bs-target=\"#course_structure\" type=\"button\" role=\"tab\" aria-controls=\"structure\" aria-selected=\"false\">Estrutura<\/button>\n  <\/li>\n<li class=\"nav-item\" role=\"presentation\">\n    <button class=\"nav-link\" id=\"poles-tab\" data-bs-toggle=\"tab\" data-bs-target=\"#course_poles\" type=\"button\" role=\"tab\" aria-controls=\"poles\" aria-selected=\"false\">Polos<\/button>\n  <\/li>\n<li class=\"nav-item\" role=\"presentation\">\n    <button class=\"nav-link\" id=\"teachers-tab\" data-bs-toggle=\"tab\" data-bs-target=\"#course_teachers\" type=\"button\" role=\"tab\" aria-controls=\"teachers\" aria-selected=\"false\">Professores<\/button>\n  <\/li>\n<\/ul>\n<div class=\"tab-content\" id=\"myTabContent\">\n<div class=\"tab-pane fade show active\" id=\"course_about\" role=\"tabpanel\" aria-labelledby=\"about-tab\">\n<p align=\"justify\">A Especializa\u00e7\u00e3o Lato Sensu em\u00a0<b>Gest\u00e3o para a Sustentabilidade<\/b>\u00a0foi pensada a partir das \u00e1reas de conhecimento das gradua\u00e7\u00f5es que comp\u00f5em o CIM (Transporte Terrestre, Hotelaria e Gest\u00e3o Ambiental) buscando aprofundar o conhecimento em tem\u00e1ticas espec\u00edficas demandadas pelos egressos da gradua\u00e7\u00e3o e por profissionais j\u00e1 inseridos no mercado de trabalho, tanto privado como p\u00fablico, analisando e apresentando estudos de caso, conte\u00fados que englobam o conceito de sustentabilidade, sua rela\u00e7\u00e3o com a sociedade, perspectivas de mercado e mudan\u00e7as globais. Al\u00e9m disso, oferece ferramentas que permitem aplicar os conhecimentos adquiridos na gest\u00e3o das cidades, buscando\u00a0tornar-se refer\u00eancia de abordagem inter e transdisciplinar para a \u00e1rea de gest\u00e3o do ponto de vista da sustentabilidade.<\/p>\n<p align=\"justify\"><strong>Coordenador(a):<\/strong><br \/>\nCLARA NATALIA STEIGLEDER WALTER<\/p>\n<\/p><\/div>\n<div class=\"tab-pane fade\" id=\"course_structure\" role=\"tabpanel\" aria-labelledby=\"structure-tab\">\n    <table class=\"dados-cobalto tabela-disciplinas cobalto-tabela-zebrada\"><tr><th colspan=\"5\" class=\"tabela-quebra\">1\u00ba Semestre<\/th><\/tr><tr><th>C\u00f3digo<\/th><th>Disciplina<\/th><th>Car\u00e1ter<\/th><th>Cr.<\/th><th>Horas<\/th><\/tr><tr><td>21000418<\/td><td><a href=\"https:\/\/institucional.ufpel.edu.br\/disciplinas\/id\/53064\" target=\"_blank\">CIDADE, BEM-ESTAR E FELICIDADE<\/a><\/td><td>Obrigat\u00f3ria<\/td><td><\/td><td>34<\/td><\/tr><tr><td>21000419<\/td><td><a href=\"https:\/\/institucional.ufpel.edu.br\/disciplinas\/id\/53065\" target=\"_blank\">CIDADES E COMUNIDADES SUSTENT\u00c1VEIS<\/a><\/td><td>Obrigat\u00f3ria<\/td><td><\/td><td>34<\/td><\/tr><tr><td>21000415<\/td><td><a href=\"https:\/\/institucional.ufpel.edu.br\/disciplinas\/id\/53061\" target=\"_blank\">ESTADO, SOCIEDADE E POL\u00cdTICAS SUSTENT\u00c1VEIS<\/a><\/td><td>Obrigat\u00f3ria<\/td><td><\/td><td>34<\/td><\/tr><tr><td>21000416<\/td><td><a href=\"https:\/\/institucional.ufpel.edu.br\/disciplinas\/id\/53062\" target=\"_blank\">GAIA E A HUMANIDADE<\/a><\/td><td>Obrigat\u00f3ria<\/td><td><\/td><td>34<\/td><\/tr><tr><td>21000414<\/td><td><a href=\"https:\/\/institucional.ufpel.edu.br\/disciplinas\/id\/53060\" target=\"_blank\">GEST\u00c3O E GOVERNAN\u00c7A AMBIENTAL SUSTENT\u00c1VEL<\/a><\/td><td>Obrigat\u00f3ria<\/td><td><\/td><td>34<\/td><\/tr><tr><td>21000417<\/td><td><a href=\"https:\/\/institucional.ufpel.edu.br\/disciplinas\/id\/53063\" target=\"_blank\">PRINC\u00cdPIOS LEGAIS E MARCO CONSTITUCIONAL<\/a><\/td><td>Obrigat\u00f3ria<\/td><td><\/td><td>34<\/td><\/tr><tr><th colspan=\"5\" class=\"tabela-quebra\">2\u00ba Semestre<\/th><\/tr><tr><th>C\u00f3digo<\/th><th>Disciplina<\/th><th>Car\u00e1ter<\/th><th>Cr.<\/th><th>Horas<\/th><\/tr><tr><td>21000424<\/td><td><a href=\"https:\/\/institucional.ufpel.edu.br\/disciplinas\/id\/53070\" target=\"_blank\">ELABORA\u00c7\u00c3O DE POL\u00cdTICAS SUSTENT\u00c1VEIS<\/a><\/td><td>Obrigat\u00f3ria<\/td><td><\/td><td>34<\/td><\/tr><tr><td>21000423<\/td><td><a href=\"https:\/\/institucional.ufpel.edu.br\/disciplinas\/id\/53069\" target=\"_blank\">ELABORA\u00c7\u00c3O E GEST\u00c3O DE CEN\u00c1RIOS PROSPECTIVOS<\/a><\/td><td>Obrigat\u00f3ria<\/td><td><\/td><td>34<\/td><\/tr><tr><td>21000421<\/td><td><a href=\"https:\/\/institucional.ufpel.edu.br\/disciplinas\/id\/53067\" target=\"_blank\">METODOLOGIAS DE AVALIA\u00c7\u00c3O DE INDICADORES<\/a><\/td><td>Obrigat\u00f3ria<\/td><td><\/td><td>34<\/td><\/tr><tr><td>21000422<\/td><td><a href=\"https:\/\/institucional.ufpel.edu.br\/disciplinas\/id\/53068\" target=\"_blank\">METODOLOGIAS DE GEORREFERENCIAMENTO<\/a><\/td><td>Obrigat\u00f3ria<\/td><td><\/td><td>34<\/td><\/tr><tr><td>21000420<\/td><td><a href=\"https:\/\/institucional.ufpel.edu.br\/disciplinas\/id\/53066\" target=\"_blank\">PESQUISA CIENT\u00cdFICA E METODOLOGIAS DE INVESTIGA\u00c7\u00c3O<\/a><\/td><td>Obrigat\u00f3ria<\/td><td><\/td><td>34<\/td><\/tr><tr><th colspan=\"5\" class=\"tabela-quebra\">3\u00ba Semestre<\/th><\/tr><tr><th>C\u00f3digo<\/th><th>Disciplina<\/th><th>Car\u00e1ter<\/th><th>Cr.<\/th><th>Horas<\/th><\/tr><tr><td>21000430<\/td><td><a href=\"https:\/\/institucional.ufpel.edu.br\/disciplinas\/id\/53076\" target=\"_blank\">ACESSIBILIDADE E USOS DA CIDADE<\/a><\/td><td>Optativa<\/td><td><\/td><td>34<\/td><\/tr><tr><td>21000427<\/td><td><a href=\"https:\/\/institucional.ufpel.edu.br\/disciplinas\/id\/53073\" target=\"_blank\">GEST\u00c3O AMBIENTAL RURAL<\/a><\/td><td>Optativa<\/td><td><\/td><td>34<\/td><\/tr><tr><td>21000432<\/td><td><a href=\"https:\/\/institucional.ufpel.edu.br\/disciplinas\/id\/53078\" target=\"_blank\">HOSPITALIDADE URBANA<\/a><\/td><td>Optativa<\/td><td><\/td><td>34<\/td><\/tr><tr><td>21000433<\/td><td><a href=\"https:\/\/institucional.ufpel.edu.br\/disciplinas\/id\/53079\" target=\"_blank\">IMPACTOS DO TURISMO E DO SETOR DE HOSPITALIDADE<\/a><\/td><td>Optativa<\/td><td><\/td><td>34<\/td><\/tr><tr><td>21000434<\/td><td><a href=\"https:\/\/institucional.ufpel.edu.br\/disciplinas\/id\/53080\" target=\"_blank\">INOVA\u00c7\u00c3O E EMPREENDEDORISMO SUSTENT\u00c1VEL NOS SERVI\u00c7OS DE HOSPITALIDADE<\/a><\/td><td>Optativa<\/td><td><\/td><td>34<\/td><\/tr><tr><td>21000425<\/td><td><a href=\"https:\/\/institucional.ufpel.edu.br\/disciplinas\/id\/53071\" target=\"_blank\">INSTRUMENTOS DE GEST\u00c3O E GERENCIAMENTO AMBIENTAL<\/a><\/td><td>Optativa<\/td><td><\/td><td>34<\/td><\/tr><tr><td>21000426<\/td><td><a href=\"https:\/\/institucional.ufpel.edu.br\/disciplinas\/id\/53072\" target=\"_blank\">PLANEJAMENTO, GEST\u00c3O E AMBIENTE URBANO<\/a><\/td><td>Optativa<\/td><td><\/td><td>34<\/td><\/tr><tr><td>21000428<\/td><td><a href=\"https:\/\/institucional.ufpel.edu.br\/disciplinas\/id\/53074\" target=\"_blank\">PLANEJAMENTO URBANO E MOBILIDADE<\/a><\/td><td>Optativa<\/td><td><\/td><td>34<\/td><\/tr><tr><td>21000429<\/td><td><a href=\"https:\/\/institucional.ufpel.edu.br\/disciplinas\/id\/53075\" target=\"_blank\">TRANSPORTE SUSTENT\u00c1VEL<\/a><\/td><td>Optativa<\/td><td><\/td><td>34<\/td><\/tr><tr><th colspan=\"5\" class=\"tabela-quebra\">4\u00ba Semestre<\/th><\/tr><tr><th>C\u00f3digo<\/th><th>Disciplina<\/th><th>Car\u00e1ter<\/th><th>Cr.<\/th><th>Horas<\/th><\/tr><tr><td>21000431<\/td><td><a href=\"https:\/\/institucional.ufpel.edu.br\/disciplinas\/id\/53077\" target=\"_blank\">ELABORA\u00c7\u00c3O DO TCC<\/a><\/td><td>Obrigat\u00f3ria<\/td><td><\/td><td>34<\/td><\/tr><\/table>\n  <\/div>\n<div class=\"tab-pane fade\" id=\"course_poles\" role=\"tabpanel\" aria-labelledby=\"poles-tab\">\n    <p><ul><li><a href=\"https:\/\/institucional.ufpel.edu.br\/cursos\/cod\/850\">ABI - Educa\u00e7\u00e3o F\u00edsica - Integral<\/a><\/li><li><a href=\"https:\/\/institucional.ufpel.edu.br\/cursos\/cod\/851\">ABI - Educa\u00e7\u00e3o F\u00edsica - Noturno<\/a><\/li><li><a href=\"https:\/\/institucional.ufpel.edu.br\/cursos\/cod\/4520\">Administra\u00e7\u00e3o - Noturno<\/a><\/li><li><a href=\"https:\/\/institucional.ufpel.edu.br\/cursos\/cod\/4510\">Administra\u00e7\u00e3o - Vespertino<\/a><\/li><li><a href=\"https:\/\/institucional.ufpel.edu.br\/cursos\/cod\/7070\">Administra\u00e7\u00e3o P\u00fablica em Rede Nacional<\/a><\/li><li><a href=\"https:\/\/institucional.ufpel.edu.br\/cursos\/cod\/7052\">Agronomia<\/a><\/li><li><a href=\"https:\/\/institucional.ufpel.edu.br\/cursos\/cod\/8094\">Agronomia<\/a><\/li><li><a href=\"https:\/\/institucional.ufpel.edu.br\/cursos\/cod\/100\">Agronomia - <\/a><\/li><li><a href=\"https:\/\/institucional.ufpel.edu.br\/cursos\/cod\/5570\">Alimentos - <\/a><\/li><li><a href=\"https:\/\/institucional.ufpel.edu.br\/cursos\/cod\/9900\">Alunos Especiais - Integral<\/a><\/li><li><a href=\"https:\/\/institucional.ufpel.edu.br\/cursos\/cod\/8106\">Antropologia<\/a><\/li><li><a href=\"https:\/\/institucional.ufpel.edu.br\/cursos\/cod\/9912\">Antropologia<\/a><\/li><li><a href=\"https:\/\/institucional.ufpel.edu.br\/cursos\/cod\/6020\">Antropologia - <\/a><\/li><li><a href=\"https:\/\/institucional.ufpel.edu.br\/cursos\/cod\/8100\">Arqueologia - Noturno<\/a><\/li><li><a href=\"https:\/\/institucional.ufpel.edu.br\/cursos\/cod\/7050\">Arquitetura e Urbanismo<\/a><\/li><li><a href=\"https:\/\/institucional.ufpel.edu.br\/cursos\/cod\/8055\">Arquitetura e Urbanismo<\/a><\/li><li><a href=\"https:\/\/institucional.ufpel.edu.br\/cursos\/cod\/1000\">Arquitetura e Urbanismo - <\/a><\/li><li><a href=\"https:\/\/institucional.ufpel.edu.br\/cursos\/cod\/9010\">Artes<\/a><\/li><li><a href=\"https:\/\/institucional.ufpel.edu.br\/cursos\/cod\/9093\">Artes<\/a><\/li><li><a href=\"https:\/\/institucional.ufpel.edu.br\/cursos\/cod\/9120\">Artes<\/a><\/li><li><a href=\"https:\/\/institucional.ufpel.edu.br\/cursos\/cod\/9911\">Artes<\/a><\/li><li><a href=\"https:\/\/institucional.ufpel.edu.br\/cursos\/cod\/1310\">Artes Visuais - <\/a><\/li><li><a href=\"https:\/\/institucional.ufpel.edu.br\/cursos\/cod\/2200\">Artes Visuais - <\/a><\/li><li><a href=\"https:\/\/institucional.ufpel.edu.br\/cursos\/cod\/9901\">BOLSISTA P\u00d3S-DOC<\/a><\/li><li><a href=\"https:\/\/institucional.ufpel.edu.br\/cursos\/cod\/9114\">Biodiversidade Animal<\/a><\/li><li><a href=\"https:\/\/institucional.ufpel.edu.br\/cursos\/cod\/7060\">Bioqu\u00edmica e Bioprospec\u00e7\u00e3o<\/a><\/li><li><a href=\"https:\/\/institucional.ufpel.edu.br\/cursos\/cod\/8104\">Bioqu\u00edmica e Bioprospec\u00e7\u00e3o<\/a><\/li><li><a href=\"https:\/\/institucional.ufpel.edu.br\/cursos\/cod\/7020\">Biotecnologia<\/a><\/li><li><a href=\"https:\/\/institucional.ufpel.edu.br\/cursos\/cod\/8020\">Biotecnologia<\/a><\/li><li><a href=\"https:\/\/institucional.ufpel.edu.br\/cursos\/cod\/5700\">Biotecnologia - <\/a><\/li><li><a href=\"https:\/\/institucional.ufpel.edu.br\/cursos\/cod\/121\">COMPUTA\u00c7\u00c3O<\/a><\/li><li><a href=\"https:\/\/institucional.ufpel.edu.br\/cursos\/cod\/5020\">Cinema de Anima\u00e7\u00e3o - <\/a><\/li><li><a href=\"https:\/\/institucional.ufpel.edu.br\/cursos\/cod\/5010\">Cinema e Audiovisual - <\/a><\/li><li><a href=\"https:\/\/institucional.ufpel.edu.br\/cursos\/cod\/7055\">Ci\u00eancia Pol\u00edtica<\/a><\/li><li><a href=\"https:\/\/institucional.ufpel.edu.br\/cursos\/cod\/8107\">Ci\u00eancia Pol\u00edtica<\/a><\/li><li><a href=\"https:\/\/institucional.ufpel.edu.br\/cursos\/cod\/3900\">Ci\u00eancia da Computa\u00e7\u00e3o - <\/a><\/li><li><a href=\"https:\/\/institucional.ufpel.edu.br\/cursos\/cod\/9011\">Ci\u00eancia dos Alimentos<\/a><\/li><li><a href=\"https:\/\/institucional.ufpel.edu.br\/cursos\/cod\/7059\">Ci\u00eancia e Engenharia de Materiais<\/a><\/li><li><a href=\"https:\/\/institucional.ufpel.edu.br\/cursos\/cod\/80101\">Ci\u00eancia e Engenharia de Materiais<\/a><\/li><li><a href=\"https:\/\/institucional.ufpel.edu.br\/cursos\/cod\/7025\">Ci\u00eancia e Tecnologia de Alimentos<\/a><\/li><li><a href=\"https:\/\/institucional.ufpel.edu.br\/cursos\/cod\/7068\">Ci\u00eancia e Tecnologia de Alimentos<\/a><\/li><li><a href=\"https:\/\/institucional.ufpel.edu.br\/cursos\/cod\/8060\">Ci\u00eancia e Tecnologia de Alimentos<\/a><\/li><li><a href=\"https:\/\/institucional.ufpel.edu.br\/cursos\/cod\/7021\">Ci\u00eancia e Tecnologia de Sementes<\/a><\/li><li><a href=\"https:\/\/institucional.ufpel.edu.br\/cursos\/cod\/7033\">Ci\u00eancia e Tecnologia de Sementes<\/a><\/li><li><a href=\"https:\/\/institucional.ufpel.edu.br\/cursos\/cod\/8030\">Ci\u00eancia e Tecnologia de Sementes<\/a><\/li><li><a href=\"https:\/\/institucional.ufpel.edu.br\/cursos\/cod\/9012\">Ci\u00eancia e Tecnologia de Sementes<\/a><\/li><li><a href=\"https:\/\/institucional.ufpel.edu.br\/cursos\/cod\/7071\">Ci\u00eancias Ambientais<\/a><\/li><li><a href=\"https:\/\/institucional.ufpel.edu.br\/cursos\/cod\/9127\">Ci\u00eancias Ambientais<\/a><\/li><li><a href=\"https:\/\/institucional.ufpel.edu.br\/cursos\/cod\/4110\">Ci\u00eancias Biol\u00f3gicas - <\/a><\/li><li><a href=\"https:\/\/institucional.ufpel.edu.br\/cursos\/cod\/4120\">Ci\u00eancias Biol\u00f3gicas - <\/a><\/li><li><a href=\"https:\/\/institucional.ufpel.edu.br\/cursos\/cod\/4800\">Ci\u00eancias Econ\u00f4micas - Noturno<\/a><\/li><li><a href=\"https:\/\/institucional.ufpel.edu.br\/cursos\/cod\/3210\">Ci\u00eancias Sociais - Noturno<\/a><\/li><li><a href=\"https:\/\/institucional.ufpel.edu.br\/cursos\/cod\/3220\">Ci\u00eancias Sociais - Noturno<\/a><\/li><li><a href=\"https:\/\/institucional.ufpel.edu.br\/cursos\/cod\/7057\">Computa\u00e7\u00e3o<\/a><\/li><li><a href=\"https:\/\/institucional.ufpel.edu.br\/cursos\/cod\/8102\">Computa\u00e7\u00e3o<\/a><\/li><li><a href=\"https:\/\/institucional.ufpel.edu.br\/cursos\/cod\/8300\">Com\u00e9rcio Exterior - Noturno<\/a><\/li><li><a href=\"https:\/\/institucional.ufpel.edu.br\/cursos\/cod\/5900\">Conserva\u00e7\u00e3o e Restaura\u00e7\u00e3o de Bens Culturais M\u00f3veis - Noturno<\/a><\/li><li><a href=\"https:\/\/institucional.ufpel.edu.br\/cursos\/cod\/5320\">Dan\u00e7a - Vespertino<\/a><\/li><li><a href=\"https:\/\/institucional.ufpel.edu.br\/cursos\/cod\/7066\">Desenvolvimento Territorial e Sistemas Agroindustriais<\/a><\/li><li><a href=\"https:\/\/institucional.ufpel.edu.br\/cursos\/cod\/1351\">Design - Matutino<\/a><\/li><li><a href=\"https:\/\/institucional.ufpel.edu.br\/cursos\/cod\/1350\">Design - Vespertino<\/a><\/li><li><a href=\"https:\/\/institucional.ufpel.edu.br\/cursos\/cod\/1340\">Design de Jogos - Noturno<\/a><\/li><li><a href=\"https:\/\/institucional.ufpel.edu.br\/cursos\/cod\/7073\">Direito<\/a><\/li><li><a href=\"https:\/\/institucional.ufpel.edu.br\/cursos\/cod\/300\">Direito - <\/a><\/li><li><a href=\"https:\/\/institucional.ufpel.edu.br\/cursos\/cod\/9061\">Direito Ambiental<\/a><\/li><li><a href=\"https:\/\/institucional.ufpel.edu.br\/cursos\/cod\/7022\">Educa\u00e7\u00e3o<\/a><\/li><li><a href=\"https:\/\/institucional.ufpel.edu.br\/cursos\/cod\/8093\">Educa\u00e7\u00e3o<\/a><\/li><li><a href=\"https:\/\/institucional.ufpel.edu.br\/cursos\/cod\/9015\">Educa\u00e7\u00e3o<\/a><\/li><li><a href=\"https:\/\/institucional.ufpel.edu.br\/cursos\/cod\/9089\">Educa\u00e7\u00e3o Ambiental com \u00canfase em Espa\u00e7os Educadores Sustent\u00e1veis<\/a><\/li><li><a href=\"https:\/\/institucional.ufpel.edu.br\/cursos\/cod\/8600\">Educa\u00e7\u00e3o Especial Inclusiva - Integral<\/a><\/li><li><a href=\"https:\/\/institucional.ufpel.edu.br\/cursos\/cod\/80100\">Educa\u00e7\u00e3o F\u00cdsica<\/a><\/li><li><a href=\"https:\/\/institucional.ufpel.edu.br\/cursos\/cod\/7044\">Educa\u00e7\u00e3o F\u00edsica<\/a><\/li><li><a href=\"https:\/\/institucional.ufpel.edu.br\/cursos\/cod\/9059\">Educa\u00e7\u00e3o F\u00edsica<\/a><\/li><li><a href=\"https:\/\/institucional.ufpel.edu.br\/cursos\/cod\/810\">Educa\u00e7\u00e3o F\u00edsica - <\/a><\/li><li><a href=\"https:\/\/institucional.ufpel.edu.br\/cursos\/cod\/820\">Educa\u00e7\u00e3o F\u00edsica - <\/a><\/li><li><a href=\"https:\/\/institucional.ufpel.edu.br\/cursos\/cod\/840\">Educa\u00e7\u00e3o F\u00edsica - Noturno<\/a><\/li><li><a href=\"https:\/\/institucional.ufpel.edu.br\/cursos\/cod\/9016\">Educa\u00e7\u00e3o F\u00edsica Escolar<\/a><\/li><li><a href=\"https:\/\/institucional.ufpel.edu.br\/cursos\/cod\/9095\">Educa\u00e7\u00e3o F\u00edsica Escolar<\/a><\/li><li><a href=\"https:\/\/institucional.ufpel.edu.br\/cursos\/cod\/7069\">Educa\u00e7\u00e3o Matem\u00e1tica<\/a><\/li><li><a href=\"https:\/\/institucional.ufpel.edu.br\/cursos\/cod\/9128\">Educa\u00e7\u00e3o Matem\u00e1tica<\/a><\/li><li><a href=\"https:\/\/institucional.ufpel.edu.br\/cursos\/cod\/7047\">Enfermagem<\/a><\/li><li><a href=\"https:\/\/institucional.ufpel.edu.br\/cursos\/cod\/8098\">Enfermagem<\/a><\/li><li><a href=\"https:\/\/institucional.ufpel.edu.br\/cursos\/cod\/1200\">Enfermagem - <\/a><\/li><li><a href=\"https:\/\/institucional.ufpel.edu.br\/cursos\/cod\/6200\">Engenharia  Ambiental e Sanit\u00e1ria - <\/a><\/li><li><a href=\"https:\/\/institucional.ufpel.edu.br\/cursos\/cod\/700\">Engenharia Agr\u00edcola - <\/a><\/li><li><a href=\"https:\/\/institucional.ufpel.edu.br\/cursos\/cod\/6300\">Engenharia Civil - <\/a><\/li><li><a href=\"https:\/\/institucional.ufpel.edu.br\/cursos\/cod\/7000\">Engenharia Eletr\u00f4nica - <\/a><\/li><li><a href=\"https:\/\/institucional.ufpel.edu.br\/cursos\/cod\/5600\">Engenharia Geol\u00f3gica - <\/a><\/li><li><a href=\"https:\/\/institucional.ufpel.edu.br\/cursos\/cod\/6400\">Engenharia H\u00eddrica - <\/a><\/li><li><a href=\"https:\/\/institucional.ufpel.edu.br\/cursos\/cod\/5200\">Engenharia Industrial Madeireira - Matutino<\/a><\/li><li><a href=\"https:\/\/institucional.ufpel.edu.br\/cursos\/cod\/9018\">Engenharia Rural<\/a><\/li><li><a href=\"https:\/\/institucional.ufpel.edu.br\/cursos\/cod\/9090\">Engenharia de Biossistemas<\/a><\/li><li><a href=\"https:\/\/institucional.ufpel.edu.br\/cursos\/cod\/3910\">Engenharia de Computa\u00e7\u00e3o - <\/a><\/li><li><a href=\"https:\/\/institucional.ufpel.edu.br\/cursos\/cod\/6900\">Engenharia de Controle e Automa\u00e7\u00e3o - <\/a><\/li><li><a href=\"https:\/\/institucional.ufpel.edu.br\/cursos\/cod\/6100\">Engenharia de Materiais - Matutino<\/a><\/li><li><a href=\"https:\/\/institucional.ufpel.edu.br\/cursos\/cod\/6500\">Engenharia de Petr\u00f3leo - <\/a><\/li><li><a href=\"https:\/\/institucional.ufpel.edu.br\/cursos\/cod\/6700\">Engenharia de Produ\u00e7\u00e3o - Noturno<\/a><\/li><li><a href=\"https:\/\/institucional.ufpel.edu.br\/cursos\/cod\/8500\">Engenharia de Transporte e Mobilidade - Noturno<\/a><\/li><li><a href=\"https:\/\/institucional.ufpel.edu.br\/cursos\/cod\/7058\">Ensino de Ci\u00eancias e Matem\u00e1tica<\/a><\/li><li><a href=\"https:\/\/institucional.ufpel.edu.br\/cursos\/cod\/9092\">Ensino de Filosofia<\/a><\/li><li><a href=\"https:\/\/institucional.ufpel.edu.br\/cursos\/cod\/7026\">Epidemiologia<\/a><\/li><li><a href=\"https:\/\/institucional.ufpel.edu.br\/cursos\/cod\/8082\">Epidemiologia<\/a><\/li><li><a href=\"https:\/\/institucional.ufpel.edu.br\/cursos\/cod\/9125\">Especializa\u00e7\u00e3o em Medicina de Fam\u00edlia e Comunidade<\/a><\/li><li><a href=\"https:\/\/institucional.ufpel.edu.br\/cursos\/cod\/9025\">Estudos Matem\u00e1ticos<\/a><\/li><li><a href=\"https:\/\/institucional.ufpel.edu.br\/cursos\/cod\/7100\">Farm\u00e1cia - <\/a><\/li><li><a href=\"https:\/\/institucional.ufpel.edu.br\/cursos\/cod\/7048\">Filosofia<\/a><\/li><li><a href=\"https:\/\/institucional.ufpel.edu.br\/cursos\/cod\/8103\">Filosofia<\/a><\/li><li><a href=\"https:\/\/institucional.ufpel.edu.br\/cursos\/cod\/9020\">Filosofia<\/a><\/li><li><a href=\"https:\/\/institucional.ufpel.edu.br\/cursos\/cod\/2000\">Filosofia - Noturno<\/a><\/li><li><a href=\"https:\/\/institucional.ufpel.edu.br\/cursos\/cod\/2010\">Filosofia - Noturno<\/a><\/li><li><a href=\"https:\/\/institucional.ufpel.edu.br\/cursos\/cod\/18009\">Filosofia - Polo Agudo - Integral<\/a><\/li><li><a href=\"https:\/\/institucional.ufpel.edu.br\/cursos\/cod\/18005\">Filosofia - Polo Arroio dos Ratos - Integral<\/a><\/li><li><a href=\"https:\/\/institucional.ufpel.edu.br\/cursos\/cod\/18013\">Filosofia - Polo Balne\u00e1rio Pinhal - Integral<\/a><\/li><li><a href=\"https:\/\/institucional.ufpel.edu.br\/cursos\/cod\/18000\">Filosofia - Polo Cachoeira do Sul - Integral<\/a><\/li><li><a href=\"https:\/\/institucional.ufpel.edu.br\/cursos\/cod\/18019\">Filosofia - Polo Cruz Alta - Integral<\/a><\/li><li><a href=\"https:\/\/institucional.ufpel.edu.br\/cursos\/cod\/18010\">Filosofia - Polo Esteio - Integral<\/a><\/li><li><a href=\"https:\/\/institucional.ufpel.edu.br\/cursos\/cod\/18001\">Filosofia - Polo Hulha Negra - Integral<\/a><\/li><li><a href=\"https:\/\/institucional.ufpel.edu.br\/cursos\/cod\/18011\">Filosofia - Polo Imb\u00e9 - Integral<\/a><\/li><li><a href=\"https:\/\/institucional.ufpel.edu.br\/cursos\/cod\/18012\">Filosofia - Polo Jaguar\u00e3o - Integral<\/a><\/li><li><a href=\"https:\/\/institucional.ufpel.edu.br\/cursos\/cod\/18016\">Filosofia - Polo Novo Hamburgo - Integral<\/a><\/li><li><a href=\"https:\/\/institucional.ufpel.edu.br\/cursos\/cod\/18003\">Filosofia - Polo Santa Vit\u00f3ria do Palmar - Integral<\/a><\/li><li><a href=\"https:\/\/institucional.ufpel.edu.br\/cursos\/cod\/18002\">Filosofia - Polo Santana da Boa Vista - Integral<\/a><\/li><li><a href=\"https:\/\/institucional.ufpel.edu.br\/cursos\/cod\/18006\">Filosofia - Polo Santana do Livramento - Integral<\/a><\/li><li><a href=\"https:\/\/institucional.ufpel.edu.br\/cursos\/cod\/18015\">Filosofia - Polo Santo Ant\u00f4nio da Patrulha - Integral<\/a><\/li><li><a href=\"https:\/\/institucional.ufpel.edu.br\/cursos\/cod\/18017\">Filosofia - Polo Sapiranga - Integral<\/a><\/li><li><a href=\"https:\/\/institucional.ufpel.edu.br\/cursos\/cod\/18018\">Filosofia - Polo Sapucaia do Sul - Integral<\/a><\/li><li><a href=\"https:\/\/institucional.ufpel.edu.br\/cursos\/cod\/18014\">Filosofia - Polo S\u00e3o Francisco de Paula - Integral<\/a><\/li><li><a href=\"https:\/\/institucional.ufpel.edu.br\/cursos\/cod\/18007\">Filosofia - Polo S\u00e3o Jos\u00e9 do Norte - Integral<\/a><\/li><li><a href=\"https:\/\/institucional.ufpel.edu.br\/cursos\/cod\/18004\">Filosofia - Polo S\u00e3o Louren\u00e7o do Sul - Integral<\/a><\/li><li><a href=\"https:\/\/institucional.ufpel.edu.br\/cursos\/cod\/18008\">Filosofia - Polo S\u00e3o Sep\u00e9 - Integral<\/a><\/li><li><a href=\"https:\/\/institucional.ufpel.edu.br\/cursos\/cod\/7027\">Fisiologia Vegetal<\/a><\/li><li><a href=\"https:\/\/institucional.ufpel.edu.br\/cursos\/cod\/8050\">Fisiologia Vegetal<\/a><\/li><li><a href=\"https:\/\/institucional.ufpel.edu.br\/cursos\/cod\/8200\">Fisioterapia - Integral<\/a><\/li><li><a href=\"https:\/\/institucional.ufpel.edu.br\/cursos\/cod\/7028\">Fitossanidade<\/a><\/li><li><a href=\"https:\/\/institucional.ufpel.edu.br\/cursos\/cod\/8070\">Fitossanidade<\/a><\/li><li><a href=\"https:\/\/institucional.ufpel.edu.br\/cursos\/cod\/7049\">F\u00edsica<\/a><\/li><li><a href=\"https:\/\/institucional.ufpel.edu.br\/cursos\/cod\/8105\">F\u00edsica<\/a><\/li><li><a href=\"https:\/\/institucional.ufpel.edu.br\/cursos\/cod\/2900\">F\u00edsica - <\/a><\/li><li><a href=\"https:\/\/institucional.ufpel.edu.br\/cursos\/cod\/2910\">F\u00edsica - <\/a><\/li><li><a href=\"https:\/\/institucional.ufpel.edu.br\/cursos\/cod\/5580\">Gastronomia - <\/a><\/li><li><a href=\"https:\/\/institucional.ufpel.edu.br\/cursos\/cod\/7062\">Geografia<\/a><\/li><li><a href=\"https:\/\/institucional.ufpel.edu.br\/cursos\/cod\/8062\">Geografia<\/a><\/li><li><a href=\"https:\/\/institucional.ufpel.edu.br\/cursos\/cod\/3100\">Geografia - Noturno<\/a><\/li><li><a href=\"https:\/\/institucional.ufpel.edu.br\/cursos\/cod\/3110\">Geografia - Noturno<\/a><\/li><li><a href=\"https:\/\/institucional.ufpel.edu.br\/cursos\/cod\/5590\">Geoprocessamento - Noturno<\/a><\/li><li><a href=\"https:\/\/institucional.ufpel.edu.br\/cursos\/cod\/9022\">Gestores Regionais de Recursos H\u00eddricos<\/a><\/li><li><a href=\"https:\/\/institucional.ufpel.edu.br\/cursos\/cod\/7900\">Gest\u00e3o Ambiental - Vespertino<\/a><\/li><li><a href=\"https:\/\/institucional.ufpel.edu.br\/cursos\/cod\/9087\">Gest\u00e3o Estrat\u00e9gica de Neg\u00f3cios<\/a><\/li><li><a href=\"https:\/\/institucional.ufpel.edu.br\/cursos\/cod\/5110\">Gest\u00e3o P\u00fablica - Vespertino<\/a><\/li><li><a href=\"https:\/\/institucional.ufpel.edu.br\/cursos\/cod\/9124\">Gest\u00e3o P\u00fablica EAD<\/a><\/li><li><a href=\"https:\/\/institucional.ufpel.edu.br\/cursos\/cod\/9079\">Gest\u00e3o P\u00fablica e Desenvolvimento Regional<\/a><\/li><li><a href=\"https:\/\/institucional.ufpel.edu.br\/cursos\/cod\/9129\">Gest\u00e3o da Escola P\u00fablica de Ensino M\u00e9dio<\/a><\/li><li><a href=\"https:\/\/institucional.ufpel.edu.br\/cursos\/cod\/9080\">Gest\u00e3o de P\u00f3los<\/a><\/li><li><a href=\"https:\/\/institucional.ufpel.edu.br\/cursos\/cod\/9118\">Gest\u00e3o para a Sustentabilidade<\/a><\/li><li><a href=\"https:\/\/institucional.ufpel.edu.br\/cursos\/cod\/9122\">Gest\u00e3o para a Sustentabilidade EAD<\/a><\/li><li><a href=\"https:\/\/institucional.ufpel.edu.br\/cursos\/cod\/9072\">Gr\u00e1fica Digital<\/a><\/li><li><a href=\"https:\/\/institucional.ufpel.edu.br\/cursos\/cod\/9121\">Gr\u00e1fica Digital EAD<\/a><\/li><li><a href=\"https:\/\/institucional.ufpel.edu.br\/cursos\/cod\/7053\">Hist\u00f3ria<\/a><\/li><li><a href=\"https:\/\/institucional.ufpel.edu.br\/cursos\/cod\/8053\">Hist\u00f3ria<\/a><\/li><li><a href=\"https:\/\/institucional.ufpel.edu.br\/cursos\/cod\/3000\">Hist\u00f3ria - Noturno<\/a><\/li><li><a href=\"https:\/\/institucional.ufpel.edu.br\/cursos\/cod\/19000\">Hist\u00f3ria - Polo Agudo - Integral<\/a><\/li><li><a href=\"https:\/\/institucional.ufpel.edu.br\/cursos\/cod\/19021\">Hist\u00f3ria - Polo Arroio dos Ratos - Integral<\/a><\/li><li><a href=\"https:\/\/institucional.ufpel.edu.br\/cursos\/cod\/19012\">Hist\u00f3ria - Polo Balne\u00e1rio Pinhal - Integral<\/a><\/li><li><a href=\"https:\/\/institucional.ufpel.edu.br\/cursos\/cod\/19001\">Hist\u00f3ria - Polo Cacequi - Integral<\/a><\/li><li><a href=\"https:\/\/institucional.ufpel.edu.br\/cursos\/cod\/19002\">Hist\u00f3ria - Polo Constantina - Integral<\/a><\/li><li><a href=\"https:\/\/institucional.ufpel.edu.br\/cursos\/cod\/19003\">Hist\u00f3ria - Polo Cruz Alta - Integral<\/a><\/li><li><a href=\"https:\/\/institucional.ufpel.edu.br\/cursos\/cod\/19013\">Hist\u00f3ria - Polo Faxinal do Soturno - Integral<\/a><\/li><li><a href=\"https:\/\/institucional.ufpel.edu.br\/cursos\/cod\/19014\">Hist\u00f3ria - Polo Gramado - Integral<\/a><\/li><li><a href=\"https:\/\/institucional.ufpel.edu.br\/cursos\/cod\/19015\">Hist\u00f3ria - Polo Herval - Integral<\/a><\/li><li><a href=\"https:\/\/institucional.ufpel.edu.br\/cursos\/cod\/19016\">Hist\u00f3ria - Polo Hulha Negra - Integral<\/a><\/li><li><a href=\"https:\/\/institucional.ufpel.edu.br\/cursos\/cod\/19017\">Hist\u00f3ria - Polo Jacuizinho - Integral<\/a><\/li><li><a href=\"https:\/\/institucional.ufpel.edu.br\/cursos\/cod\/19018\">Hist\u00f3ria - Polo Mostardas - Integral<\/a><\/li><li><a href=\"https:\/\/institucional.ufpel.edu.br\/cursos\/cod\/19019\">Hist\u00f3ria - Polo Panambi - Integral<\/a><\/li><li><a href=\"https:\/\/institucional.ufpel.edu.br\/cursos\/cod\/19004\">Hist\u00f3ria - Polo Picada Caf\u00e9 - Integral<\/a><\/li><li><a href=\"https:\/\/institucional.ufpel.edu.br\/cursos\/cod\/19011\">Hist\u00f3ria - Polo Quara\u00ed - Integral<\/a><\/li><li><a href=\"https:\/\/institucional.ufpel.edu.br\/cursos\/cod\/19005\">Hist\u00f3ria - Polo Ros\u00e1rio do Sul - Integral<\/a><\/li><li><a href=\"https:\/\/institucional.ufpel.edu.br\/cursos\/cod\/19006\">Hist\u00f3ria - Polo Santana da Boa Vista - Integral<\/a><\/li><li><a href=\"https:\/\/institucional.ufpel.edu.br\/cursos\/cod\/19007\">Hist\u00f3ria - Polo Santana do Livramento - Integral<\/a><\/li><li><a href=\"https:\/\/institucional.ufpel.edu.br\/cursos\/cod\/19008\">Hist\u00f3ria - Polo Sapiranga - Integral<\/a><\/li><li><a href=\"https:\/\/institucional.ufpel.edu.br\/cursos\/cod\/19020\">Hist\u00f3ria - Polo Sapucaia do Sul - Integral<\/a><\/li><li><a href=\"https:\/\/institucional.ufpel.edu.br\/cursos\/cod\/19009\">Hist\u00f3ria - Polo Sobradinho - Integral<\/a><\/li><li><a href=\"https:\/\/institucional.ufpel.edu.br\/cursos\/cod\/19022\">Hist\u00f3ria - Polo S\u00e3o Francisco de Paula - Integral<\/a><\/li><li><a href=\"https:\/\/institucional.ufpel.edu.br\/cursos\/cod\/19010\">Hist\u00f3ria - Polo Tr\u00eas Passos - Integral<\/a><\/li><li><a href=\"https:\/\/institucional.ufpel.edu.br\/cursos\/cod\/3010\">Hist\u00f3ria - Vespertino<\/a><\/li><li><a href=\"https:\/\/institucional.ufpel.edu.br\/cursos\/cod\/7700\">Hotelaria - <\/a><\/li><li><a href=\"https:\/\/institucional.ufpel.edu.br\/cursos\/cod\/3690\">Jornalismo - Noturno<\/a><\/li><li><a href=\"https:\/\/institucional.ufpel.edu.br\/cursos\/cod\/7056\">Letras<\/a><\/li><li><a href=\"https:\/\/institucional.ufpel.edu.br\/cursos\/cod\/8056\">Letras<\/a><\/li><li><a href=\"https:\/\/institucional.ufpel.edu.br\/cursos\/cod\/9071\">Letras<\/a><\/li><li><a href=\"https:\/\/institucional.ufpel.edu.br\/cursos\/cod\/93674\">Letras - Espanhol - Polo Agudo - Integral<\/a><\/li><li><a href=\"https:\/\/institucional.ufpel.edu.br\/cursos\/cod\/93630\">Letras - Espanhol - Polo Arroio dos Ratos - Integral<\/a><\/li><li><a href=\"https:\/\/institucional.ufpel.edu.br\/cursos\/cod\/93646\">Letras - Espanhol - Polo Balne\u00e1rio Pinhal - Integral<\/a><\/li><li><a href=\"https:\/\/institucional.ufpel.edu.br\/cursos\/cod\/93657\">Letras - Espanhol - Polo Cacequi - Integral<\/a><\/li><li><a href=\"https:\/\/institucional.ufpel.edu.br\/cursos\/cod\/93631\">Letras - Espanhol - Polo Cachoeira do Sul - Integral<\/a><\/li><li><a href=\"https:\/\/institucional.ufpel.edu.br\/cursos\/cod\/93663\">Letras - Espanhol - Polo Camargo - Integral<\/a><\/li><li><a href=\"https:\/\/institucional.ufpel.edu.br\/cursos\/cod\/93648\">Letras - Espanhol - Polo Cerro Largo - Integral<\/a><\/li><li><a href=\"https:\/\/institucional.ufpel.edu.br\/cursos\/cod\/93662\">Letras - Espanhol - Polo Constantina - Integral<\/a><\/li><li><a href=\"https:\/\/institucional.ufpel.edu.br\/cursos\/cod\/93664\">Letras - Espanhol - Polo Cruz Alta - Integral<\/a><\/li><li><a href=\"https:\/\/institucional.ufpel.edu.br\/cursos\/cod\/93677\">Letras - Espanhol - Polo Gramado - Integral<\/a><\/li><li><a href=\"https:\/\/institucional.ufpel.edu.br\/cursos\/cod\/93632\">Letras - Espanhol - Polo Herval - Integral<\/a><\/li><li><a href=\"https:\/\/institucional.ufpel.edu.br\/cursos\/cod\/93672\">Letras - Espanhol - Polo Hulha Negra - Integral<\/a><\/li><li><a href=\"https:\/\/institucional.ufpel.edu.br\/cursos\/cod\/93660\">Letras - Espanhol - Polo Jacuizinho - Integral<\/a><\/li><li><a href=\"https:\/\/institucional.ufpel.edu.br\/cursos\/cod\/93658\">Letras - Espanhol - Polo Jaguar\u00e3o - Integral<\/a><\/li><li><a href=\"https:\/\/institucional.ufpel.edu.br\/cursos\/cod\/93665\">Letras - Espanhol - Polo Mostardas - Integral<\/a><\/li><li><a href=\"https:\/\/institucional.ufpel.edu.br\/cursos\/cod\/93650\">Letras - Espanhol - Polo Novo Hamburgo - Integral<\/a><\/li><li><a href=\"https:\/\/institucional.ufpel.edu.br\/cursos\/cod\/93667\">Letras - Espanhol - Polo Panambi - Integral<\/a><\/li><li><a href=\"https:\/\/institucional.ufpel.edu.br\/cursos\/cod\/93638\">Letras - Espanhol - Polo Paranagu\u00e1 - Integral<\/a><\/li><li><a href=\"https:\/\/institucional.ufpel.edu.br\/cursos\/cod\/93668\">Letras - Espanhol - Polo Picada Caf\u00e9 - Integral<\/a><\/li><li><a href=\"https:\/\/institucional.ufpel.edu.br\/cursos\/cod\/93678\">Letras - Espanhol - Polo Quara\u00ed - Integral<\/a><\/li><li><a href=\"https:\/\/institucional.ufpel.edu.br\/cursos\/cod\/93633\">Letras - Espanhol - Polo Restinga S\u00eaca - Integral<\/a><\/li><li><a href=\"https:\/\/institucional.ufpel.edu.br\/cursos\/cod\/93669\">Letras - Espanhol - Polo Ros\u00e1rio do Sul - Integral<\/a><\/li><li><a href=\"https:\/\/institucional.ufpel.edu.br\/cursos\/cod\/93647\">Letras - Espanhol - Polo Santa Vit\u00f3ria do Palmar - Integral<\/a><\/li><li><a href=\"https:\/\/institucional.ufpel.edu.br\/cursos\/cod\/93641\">Letras - Espanhol - Polo Santana da Boa Vista - Integral<\/a><\/li><li><a href=\"https:\/\/institucional.ufpel.edu.br\/cursos\/cod\/93671\">Letras - Espanhol - Polo Santana da Boa Vista - Integral<\/a><\/li><li><a href=\"https:\/\/institucional.ufpel.edu.br\/cursos\/cod\/93673\">Letras - Espanhol - Polo Santana do Livramento - Integral<\/a><\/li><li><a href=\"https:\/\/institucional.ufpel.edu.br\/cursos\/cod\/93675\">Letras - Espanhol - Polo Santo Ant\u00f4nio da Patrulha - Integral<\/a><\/li><li><a href=\"https:\/\/institucional.ufpel.edu.br\/cursos\/cod\/93654\">Letras - Espanhol - Polo Sapiranga - Integral<\/a><\/li><li><a href=\"https:\/\/institucional.ufpel.edu.br\/cursos\/cod\/93655\">Letras - Espanhol - Polo Sapucaia do Sul - Integral<\/a><\/li><li><a href=\"https:\/\/institucional.ufpel.edu.br\/cursos\/cod\/93656\">Letras - Espanhol - Polo Serafina Corr\u00eaa - Integral<\/a><\/li><li><a href=\"https:\/\/institucional.ufpel.edu.br\/cursos\/cod\/93679\">Letras - Espanhol - Polo Sobradinho - Integral<\/a><\/li><li><a href=\"https:\/\/institucional.ufpel.edu.br\/cursos\/cod\/93635\">Letras - Espanhol - Polo S\u00e3o Francisco de Paula - Integral<\/a><\/li><li><a href=\"https:\/\/institucional.ufpel.edu.br\/cursos\/cod\/93661\">Letras - Espanhol - Polo S\u00e3o Jo\u00e3o Polesine - Integral<\/a><\/li><li><a href=\"https:\/\/institucional.ufpel.edu.br\/cursos\/cod\/93653\">Letras - Espanhol - Polo S\u00e3o Sep\u00e9 - Integral<\/a><\/li><li><a href=\"https:\/\/institucional.ufpel.edu.br\/cursos\/cod\/93670\">Letras - Espanhol - Polo Tr\u00eas Passos - Integral<\/a><\/li><li><a href=\"https:\/\/institucional.ufpel.edu.br\/cursos\/cod\/93676\">Letras - Espanhol - Polo Vila Flores - Integral<\/a><\/li><li><a href=\"https:\/\/institucional.ufpel.edu.br\/cursos\/cod\/3630\">Letras - Portugu\u00eas - Noturno<\/a><\/li><li><a href=\"https:\/\/institucional.ufpel.edu.br\/cursos\/cod\/3670\">Letras - Portugu\u00eas e Alem\u00e3o - Vespertino<\/a><\/li><li><a href=\"https:\/\/institucional.ufpel.edu.br\/cursos\/cod\/3660\">Letras - Portugu\u00eas e Espanhol - Vespertino<\/a><\/li><li><a href=\"https:\/\/institucional.ufpel.edu.br\/cursos\/cod\/3610\">Letras - Portugu\u00eas e Franc\u00eas - Vespertino<\/a><\/li><li><a href=\"https:\/\/institucional.ufpel.edu.br\/cursos\/cod\/3620\">Letras - Portugu\u00eas e Ingl\u00eas - Vespertino<\/a><\/li><li><a href=\"https:\/\/institucional.ufpel.edu.br\/cursos\/cod\/3680\">Letras - Reda\u00e7\u00e3o e Revis\u00e3o de Textos - Noturno<\/a><\/li><li><a href=\"https:\/\/institucional.ufpel.edu.br\/cursos\/cod\/3684\">Letras - Tradu\u00e7\u00e3o Espanhol - Portugu\u00eas - <\/a><\/li><li><a href=\"https:\/\/institucional.ufpel.edu.br\/cursos\/cod\/3682\">Letras - Tradu\u00e7\u00e3o Ingl\u00eas - Portugu\u00eas - <\/a><\/li><li><a href=\"https:\/\/institucional.ufpel.edu.br\/cursos\/cod\/8400\">Letras Libras\/Literatura Surda - Noturno<\/a><\/li><li><a href=\"https:\/\/institucional.ufpel.edu.br\/cursos\/cod\/8075\">Letras UCPEL<\/a><\/li><li><a href=\"https:\/\/institucional.ufpel.edu.br\/cursos\/cod\/9119\">MBA Inova\u00e7\u00e3o,Tecnologia e Gest\u00e3o de Novos Neg\u00f3cios<\/a><\/li><li><a href=\"https:\/\/institucional.ufpel.edu.br\/cursos\/cod\/7061\">Manejo e Conserva\u00e7\u00e3o do Solo e da \u00c1gua<\/a><\/li><li><a href=\"https:\/\/institucional.ufpel.edu.br\/cursos\/cod\/8097\">Manejo e Conserva\u00e7\u00e3o do Solo e da \u00c1gua<\/a><\/li><li><a href=\"https:\/\/institucional.ufpel.edu.br\/cursos\/cod\/93856\">Matem\u00e1tica  - Polo Sapiranga - Integral<\/a><\/li><li><a href=\"https:\/\/institucional.ufpel.edu.br\/cursos\/cod\/93859\">Matem\u00e1tica  - Polo Tr\u00eas Passos - Integral<\/a><\/li><li><a href=\"https:\/\/institucional.ufpel.edu.br\/cursos\/cod\/3800\">Matem\u00e1tica - <\/a><\/li><li><a href=\"https:\/\/institucional.ufpel.edu.br\/cursos\/cod\/3820\">Matem\u00e1tica - Noturno<\/a><\/li><li><a href=\"https:\/\/institucional.ufpel.edu.br\/cursos\/cod\/93865\">Matem\u00e1tica - Polo Agudo - Integral<\/a><\/li><li><a href=\"https:\/\/institucional.ufpel.edu.br\/cursos\/cod\/93830\">Matem\u00e1tica - Polo Arroio dos Ratos - Integral<\/a><\/li><li><a href=\"https:\/\/institucional.ufpel.edu.br\/cursos\/cod\/93846\">Matem\u00e1tica - Polo Balne\u00e1rio Pinhal - Integral<\/a><\/li><li><a href=\"https:\/\/institucional.ufpel.edu.br\/cursos\/cod\/93831\">Matem\u00e1tica - Polo Cachoeira do Sul - Integral<\/a><\/li><li><a href=\"https:\/\/institucional.ufpel.edu.br\/cursos\/cod\/93871\">Matem\u00e1tica - Polo Cangu\u00e7u - Integral<\/a><\/li><li><a href=\"https:\/\/institucional.ufpel.edu.br\/cursos\/cod\/93843\">Matem\u00e1tica - Polo Cruz Alta - Integral<\/a><\/li><li><a href=\"https:\/\/institucional.ufpel.edu.br\/cursos\/cod\/93872\">Matem\u00e1tica - Polo Esteio - Integral<\/a><\/li><li><a href=\"https:\/\/institucional.ufpel.edu.br\/cursos\/cod\/93866\">Matem\u00e1tica - Polo Gramado - Integral<\/a><\/li><li><a href=\"https:\/\/institucional.ufpel.edu.br\/cursos\/cod\/93867\">Matem\u00e1tica - Polo Gravata\u00ed - Integral<\/a><\/li><li><a href=\"https:\/\/institucional.ufpel.edu.br\/cursos\/cod\/93832\">Matem\u00e1tica - Polo Herval - Integral<\/a><\/li><li><a href=\"https:\/\/institucional.ufpel.edu.br\/cursos\/cod\/93862\">Matem\u00e1tica - Polo Hulha Negra - Integral<\/a><\/li><li><a href=\"https:\/\/institucional.ufpel.edu.br\/cursos\/cod\/93845\">Matem\u00e1tica - Polo Ibaiti - Integral<\/a><\/li><li><a href=\"https:\/\/institucional.ufpel.edu.br\/cursos\/cod\/93842\">Matem\u00e1tica - Polo Itaqui - Integral<\/a><\/li><li><a href=\"https:\/\/institucional.ufpel.edu.br\/cursos\/cod\/93864\">Matem\u00e1tica - Polo Jacuizinho - Integral<\/a><\/li><li><a href=\"https:\/\/institucional.ufpel.edu.br\/cursos\/cod\/93863\">Matem\u00e1tica - Polo Jaguar\u00e3o - Integral<\/a><\/li><li><a href=\"https:\/\/institucional.ufpel.edu.br\/cursos\/cod\/93868\">Matem\u00e1tica - Polo Mostardas - Integral<\/a><\/li><li><a href=\"https:\/\/institucional.ufpel.edu.br\/cursos\/cod\/93850\">Matem\u00e1tica - Polo Novo Hamburgo - Integral<\/a><\/li><li><a href=\"https:\/\/institucional.ufpel.edu.br\/cursos\/cod\/93851\">Matem\u00e1tica - Polo Panambi - Integral<\/a><\/li><li><a href=\"https:\/\/institucional.ufpel.edu.br\/cursos\/cod\/93853\">Matem\u00e1tica - Polo Picada Caf\u00e9 - Integral<\/a><\/li><li><a href=\"https:\/\/institucional.ufpel.edu.br\/cursos\/cod\/93875\">Matem\u00e1tica - Polo Pinheiro Machado - Integral<\/a><\/li><li><a href=\"https:\/\/institucional.ufpel.edu.br\/cursos\/cod\/93876\">Matem\u00e1tica - Polo Piratini - Integral<\/a><\/li><li><a href=\"https:\/\/institucional.ufpel.edu.br\/cursos\/cod\/93852\">Matem\u00e1tica - Polo Quara\u00ed - Integral<\/a><\/li><li><a href=\"https:\/\/institucional.ufpel.edu.br\/cursos\/cod\/93833\">Matem\u00e1tica - Polo Restinga S\u00eaca - Integral<\/a><\/li><li><a href=\"https:\/\/institucional.ufpel.edu.br\/cursos\/cod\/93860\">Matem\u00e1tica - Polo Ros\u00e1rio do Sul - Integral<\/a><\/li><li><a href=\"https:\/\/institucional.ufpel.edu.br\/cursos\/cod\/93847\">Matem\u00e1tica - Polo Santa Vit\u00f3ria do Palmar - Integral<\/a><\/li><li><a href=\"https:\/\/institucional.ufpel.edu.br\/cursos\/cod\/93841\">Matem\u00e1tica - Polo Santana da Boa Vista - Integral<\/a><\/li><li><a href=\"https:\/\/institucional.ufpel.edu.br\/cursos\/cod\/93861\">Matem\u00e1tica - Polo Santana do Livramento - Integral<\/a><\/li><li><a href=\"https:\/\/institucional.ufpel.edu.br\/cursos\/cod\/93869\">Matem\u00e1tica - Polo Santo Ant\u00f4nio da Patrulha - Integral<\/a><\/li><li><a href=\"https:\/\/institucional.ufpel.edu.br\/cursos\/cod\/93857\">Matem\u00e1tica - Polo Sapucaia do Sul - Integral<\/a><\/li><li><a href=\"https:\/\/institucional.ufpel.edu.br\/cursos\/cod\/93858\">Matem\u00e1tica - Polo Serafina Corr\u00eaa - Integral<\/a><\/li><li><a href=\"https:\/\/institucional.ufpel.edu.br\/cursos\/cod\/93870\">Matem\u00e1tica - Polo Sobradinho - Integral<\/a><\/li><li><a href=\"https:\/\/institucional.ufpel.edu.br\/cursos\/cod\/93835\">Matem\u00e1tica - Polo S\u00e3o Francisco de Paula - Integral<\/a><\/li><li><a href=\"https:\/\/institucional.ufpel.edu.br\/cursos\/cod\/93854\">Matem\u00e1tica - Polo S\u00e3o Louren\u00e7o do Sul - Integral<\/a><\/li><li><a href=\"https:\/\/institucional.ufpel.edu.br\/cursos\/cod\/93855\">Matem\u00e1tica - Polo S\u00e3o Sep\u00e9 - Integral<\/a><\/li><li><a href=\"https:\/\/institucional.ufpel.edu.br\/cursos\/cod\/93873\">Matem\u00e1tica - Polo Tapejara - Integral<\/a><\/li><li><a href=\"https:\/\/institucional.ufpel.edu.br\/cursos\/cod\/93874\">Matem\u00e1tica - Polo Tr\u00eas de Maio - Integral<\/a><\/li><li><a href=\"https:\/\/institucional.ufpel.edu.br\/cursos\/cod\/600\">Medicina - <\/a><\/li><li><a href=\"https:\/\/institucional.ufpel.edu.br\/cursos\/cod\/500\">Medicina Veterin\u00e1ria - <\/a><\/li><li><a href=\"https:\/\/institucional.ufpel.edu.br\/cursos\/cod\/510\">Medicina Veterin\u00e1ria - <\/a><\/li><li><a href=\"https:\/\/institucional.ufpel.edu.br\/cursos\/cod\/7045\">Mem\u00f3ria Social e Patrim\u00f4nio Cultural<\/a><\/li><li><a href=\"https:\/\/institucional.ufpel.edu.br\/cursos\/cod\/8099\">Mem\u00f3ria Social e Patrim\u00f4nio Cultural<\/a><\/li><li><a href=\"https:\/\/institucional.ufpel.edu.br\/cursos\/cod\/6180\">Meteorologia<\/a><\/li><li><a href=\"https:\/\/institucional.ufpel.edu.br\/cursos\/cod\/7029\">Meteorologia<\/a><\/li><li><a href=\"https:\/\/institucional.ufpel.edu.br\/cursos\/cod\/1800\">Meteorologia - <\/a><\/li><li><a href=\"https:\/\/institucional.ufpel.edu.br\/cursos\/cod\/7030\">Microbiologia e Parasitologia<\/a><\/li><li><a href=\"https:\/\/institucional.ufpel.edu.br\/cursos\/cod\/8095\">Microbiologia e Parasitologia<\/a><\/li><li><a href=\"https:\/\/institucional.ufpel.edu.br\/cursos\/cod\/7063\">Modelagem Matem\u00e1tica<\/a><\/li><li><a href=\"https:\/\/institucional.ufpel.edu.br\/cursos\/cod\/9126\">Modelagem Matem\u00e1tica<\/a><\/li><li><a href=\"https:\/\/institucional.ufpel.edu.br\/cursos\/cod\/7023\">Multic\u00eantrico em Ci\u00eancias Fisiol\u00f3gicas<\/a><\/li><li><a href=\"https:\/\/institucional.ufpel.edu.br\/cursos\/cod\/8023\">Multic\u00eantrico em Ci\u00eancias Fisiol\u00f3gicas<\/a><\/li><li><a href=\"https:\/\/institucional.ufpel.edu.br\/cursos\/cod\/5400\">Museologia - <\/a><\/li><li><a href=\"https:\/\/institucional.ufpel.edu.br\/cursos\/cod\/9081\">M\u00eddias na Educa\u00e7\u00e3o<\/a><\/li><li><a href=\"https:\/\/institucional.ufpel.edu.br\/cursos\/cod\/2300\">M\u00fasica - <\/a><\/li><li><a href=\"https:\/\/institucional.ufpel.edu.br\/cursos\/cod\/3710\">M\u00fasica - Canto - <\/a><\/li><li><a href=\"https:\/\/institucional.ufpel.edu.br\/cursos\/cod\/3770\">M\u00fasica - Ci\u00eancias Musicais - <\/a><\/li><li><a href=\"https:\/\/institucional.ufpel.edu.br\/cursos\/cod\/3760\">M\u00fasica - Composi\u00e7\u00e3o - <\/a><\/li><li><a href=\"https:\/\/institucional.ufpel.edu.br\/cursos\/cod\/3720\">M\u00fasica - Flauta Transversal - <\/a><\/li><li><a href=\"https:\/\/institucional.ufpel.edu.br\/cursos\/cod\/3740\">M\u00fasica - Piano - <\/a><\/li><li><a href=\"https:\/\/institucional.ufpel.edu.br\/cursos\/cod\/3730\">M\u00fasica - Violino - <\/a><\/li><li><a href=\"https:\/\/institucional.ufpel.edu.br\/cursos\/cod\/3750\">M\u00fasica - Viol\u00e3o - <\/a><\/li><li><a href=\"https:\/\/institucional.ufpel.edu.br\/cursos\/cod\/3790\">M\u00fasica Popular - <\/a><\/li><li><a href=\"https:\/\/institucional.ufpel.edu.br\/cursos\/cod\/1100\">Nutri\u00e7\u00e3o - <\/a><\/li><li><a href=\"https:\/\/institucional.ufpel.edu.br\/cursos\/cod\/7054\">Nutri\u00e7\u00e3o e Alimentos<\/a><\/li><li><a href=\"https:\/\/institucional.ufpel.edu.br\/cursos\/cod\/9094\">Nutri\u00e7\u00e3o e Alimentos<\/a><\/li><li><a href=\"https:\/\/institucional.ufpel.edu.br\/cursos\/cod\/7040\">Odontologia<\/a><\/li><li><a href=\"https:\/\/institucional.ufpel.edu.br\/cursos\/cod\/8080\">Odontologia<\/a><\/li><li><a href=\"https:\/\/institucional.ufpel.edu.br\/cursos\/cod\/400\">Odontologia - <\/a><\/li><li><a href=\"https:\/\/institucional.ufpel.edu.br\/cursos\/cod\/7051\">Organiza\u00e7\u00f5es e Mercados<\/a><\/li><li><a href=\"https:\/\/institucional.ufpel.edu.br\/cursos\/cod\/8051\">Organiza\u00e7\u00f5es e Mercados<\/a><\/li><li><a href=\"https:\/\/institucional.ufpel.edu.br\/cursos\/cod\/1920\">Pedagogia - Noturno<\/a><\/li><li><a href=\"https:\/\/institucional.ufpel.edu.br\/cursos\/cod\/1900\">Pedagogia - Vespertino<\/a><\/li><li><a href=\"https:\/\/institucional.ufpel.edu.br\/cursos\/cod\/9074\">Pesquisa em Educa\u00e7\u00e3o F\u00edsica<\/a><\/li><li><a href=\"https:\/\/institucional.ufpel.edu.br\/cursos\/cod\/7300\">Processos Gerenciais - Noturno<\/a><\/li><li><a href=\"https:\/\/institucional.ufpel.edu.br\/cursos\/cod\/9078\">Programa de Resid\u00eancia Multiprofissional e em \u00c1rea Profissional da Sa\u00fade<\/a><\/li><li><a href=\"https:\/\/institucional.ufpel.edu.br\/cursos\/cod\/9113\">Programa de Resid\u00eancia Multiprofissional em Aten\u00e7\u00e3o em Oncologia<\/a><\/li><li><a href=\"https:\/\/institucional.ufpel.edu.br\/cursos\/cod\/9112\">Programa de Resid\u00eancia Multiprofissional em Aten\u00e7\u00e3o \u00e0 Sa\u00fade da Crian\u00e7a<\/a><\/li><li><a href=\"https:\/\/institucional.ufpel.edu.br\/cursos\/cod\/9108\">Programa de Resid\u00eancia em \u00c0rea Profissional da Sa\u00fade: Patologia Cl\u00ednica Veterin\u00e1ria<\/a><\/li><li><a href=\"https:\/\/institucional.ufpel.edu.br\/cursos\/cod\/9097\">Programa de Resid\u00eancia em \u00c1rea Profissional da Sa\u00fade: Anestesiologia Veterin\u00e1ria<\/a><\/li><li><a href=\"https:\/\/institucional.ufpel.edu.br\/cursos\/cod\/9111\">Programa de Resid\u00eancia em \u00c1rea Profissional da Sa\u00fade: Cirurgia e Traumatologia Bucomaxilofacial<\/a><\/li><li><a href=\"https:\/\/institucional.ufpel.edu.br\/cursos\/cod\/9102\">Programa de Resid\u00eancia em \u00c1rea Profissional da Sa\u00fade: Cl\u00ednica Cir\u00fargica em Animais de Companhia<\/a><\/li><li><a href=\"https:\/\/institucional.ufpel.edu.br\/cursos\/cod\/9104\">Programa de Resid\u00eancia em \u00c1rea Profissional da Sa\u00fade: Cl\u00ednica M\u00e9dica de Equinos<\/a><\/li><li><a href=\"https:\/\/institucional.ufpel.edu.br\/cursos\/cod\/9105\">Programa de Resid\u00eancia em \u00c1rea Profissional da Sa\u00fade: Cl\u00ednica M\u00e9dica de Ruminantes<\/a><\/li><li><a href=\"https:\/\/institucional.ufpel.edu.br\/cursos\/cod\/9103\">Programa de Resid\u00eancia em \u00c1rea Profissional da Sa\u00fade: Cl\u00ednica M\u00e9dica em Animais de Companhia<\/a><\/li><li><a href=\"https:\/\/institucional.ufpel.edu.br\/cursos\/cod\/9107\">Programa de Resid\u00eancia em \u00c1rea Profissional da Sa\u00fade: Diagn\u00f3stico por Imagem em Medicina Veterin\u00e1ria<\/a><\/li><li><a href=\"https:\/\/institucional.ufpel.edu.br\/cursos\/cod\/9098\">Programa de Resid\u00eancia em \u00c1rea Profissional da Sa\u00fade: Inspe\u00e7\u00e3o e Tecnologia de Produtos de Origem Animal.<\/a><\/li><li><a href=\"https:\/\/institucional.ufpel.edu.br\/cursos\/cod\/9099\">Programa de Resid\u00eancia em \u00c1rea Profissional da Sa\u00fade: Medicina Veterin\u00e1ria Preventiva<\/a><\/li><li><a href=\"https:\/\/institucional.ufpel.edu.br\/cursos\/cod\/9109\">Programa de Resid\u00eancia em \u00c1rea Profissional da Sa\u00fade: Medicina de Animais Silvestres<\/a><\/li><li><a href=\"https:\/\/institucional.ufpel.edu.br\/cursos\/cod\/9106\">Programa de Resid\u00eancia em \u00c1rea Profissional da Sa\u00fade: Patologia Animal<\/a><\/li><li><a href=\"https:\/\/institucional.ufpel.edu.br\/cursos\/cod\/9110\">Programa de Resid\u00eancia em \u00c1rea Profissional da Sa\u00fade: Sa\u00fade Animal Integrada \u00e0 Sa\u00fade P\u00fablica<\/a><\/li><li><a href=\"https:\/\/institucional.ufpel.edu.br\/cursos\/cod\/9101\">Programa de Resid\u00eancia em \u00c1rea Profissional da Sa\u00fade: Sa\u00fade Coletiva<\/a><\/li><li><a href=\"https:\/\/institucional.ufpel.edu.br\/cursos\/cod\/6600\">Psicologia - Noturno<\/a><\/li><li><a href=\"https:\/\/institucional.ufpel.edu.br\/cursos\/cod\/7043\">Qu\u00edmica<\/a><\/li><li><a href=\"https:\/\/institucional.ufpel.edu.br\/cursos\/cod\/8096\">Qu\u00edmica<\/a><\/li><li><a href=\"https:\/\/institucional.ufpel.edu.br\/cursos\/cod\/4410\">Qu\u00edmica - <\/a><\/li><li><a href=\"https:\/\/institucional.ufpel.edu.br\/cursos\/cod\/4420\">Qu\u00edmica - <\/a><\/li><li><a href=\"https:\/\/institucional.ufpel.edu.br\/cursos\/cod\/7800\">Qu\u00edmica Forense - <\/a><\/li><li><a href=\"https:\/\/institucional.ufpel.edu.br\/cursos\/cod\/4440\">Qu\u00edmica Industrial - <\/a><\/li><li><a href=\"https:\/\/institucional.ufpel.edu.br\/cursos\/cod\/4300\">Qu\u00edmica de Alimentos - <\/a><\/li><li><a href=\"https:\/\/institucional.ufpel.edu.br\/cursos\/cod\/7065\">Recursos H\u00eddricos<\/a><\/li><li><a href=\"https:\/\/institucional.ufpel.edu.br\/cursos\/cod\/8108\">Recursos H\u00eddricos<\/a><\/li><li><a href=\"https:\/\/institucional.ufpel.edu.br\/cursos\/cod\/6800\">Rela\u00e7\u00f5es Internacionais - Noturno<\/a><\/li><li><a href=\"https:\/\/institucional.ufpel.edu.br\/cursos\/cod\/9084\">Resid\u00eancia M\u00e9dica em Anestesiologia<\/a><\/li><li><a href=\"https:\/\/institucional.ufpel.edu.br\/cursos\/cod\/9082\">Resid\u00eancia M\u00e9dica em Cancerologia Cir\u00fargica<\/a><\/li><li><a href=\"https:\/\/institucional.ufpel.edu.br\/cursos\/cod\/9115\">Resid\u00eancia M\u00e9dica em Cirurgia Oncol\u00f3gica<\/a><\/li><li><a href=\"https:\/\/institucional.ufpel.edu.br\/cursos\/cod\/9091\">Resid\u00eancia M\u00e9dica em Endocrinologia e Metabologia<\/a><\/li><li><a href=\"https:\/\/institucional.ufpel.edu.br\/cursos\/cod\/9042\">Resid\u00eancia M\u00e9dica em Medicina de Fam\u00edlia e Comunidade<\/a><\/li><li><a href=\"https:\/\/institucional.ufpel.edu.br\/cursos\/cod\/9123\">Resid\u00eancia M\u00e9dica em Oncologia Cl\u00ednica<\/a><\/li><li><a href=\"https:\/\/institucional.ufpel.edu.br\/cursos\/cod\/9117\">Resid\u00eancia M\u00e9dica em Pr\u00e9-Requisito em \u00c1rea Cir\u00fargica B\u00e1sica<\/a><\/li><li><a href=\"https:\/\/institucional.ufpel.edu.br\/cursos\/cod\/9034\">Resid\u00eancia M\u00e9dica na Especialidade de Cirurgia Geral<\/a><\/li><li><a href=\"https:\/\/institucional.ufpel.edu.br\/cursos\/cod\/9035\">Resid\u00eancia M\u00e9dica na Especialidade de Cl\u00ednica M\u00e9dica<\/a><\/li><li><a href=\"https:\/\/institucional.ufpel.edu.br\/cursos\/cod\/9036\">Resid\u00eancia M\u00e9dica na Especialidade de Gastroenterologia<\/a><\/li><li><a href=\"https:\/\/institucional.ufpel.edu.br\/cursos\/cod\/9067\">Resid\u00eancia M\u00e9dica na Especialidade de Medicina Preventiva e Social<\/a><\/li><li><a href=\"https:\/\/institucional.ufpel.edu.br\/cursos\/cod\/9116\">Resid\u00eancia M\u00e9dica na Especialidade de Neonatologia<\/a><\/li><li><a href=\"https:\/\/institucional.ufpel.edu.br\/cursos\/cod\/9039\">Resid\u00eancia M\u00e9dica na Especialidade de Obstetr\u00edcia e Ginecologia<\/a><\/li><li><a href=\"https:\/\/institucional.ufpel.edu.br\/cursos\/cod\/9040\">Resid\u00eancia M\u00e9dica na Especialidade de Pediatria<\/a><\/li><li><a href=\"https:\/\/institucional.ufpel.edu.br\/cursos\/cod\/9041\">Resid\u00eancia M\u00e9dica na Especialidade de Psiquiatria<\/a><\/li><li><a href=\"https:\/\/institucional.ufpel.edu.br\/cursos\/cod\/9032\">Resid\u00eancia em Medicina Veterin\u00e1ria<\/a><\/li><li><a href=\"https:\/\/institucional.ufpel.edu.br\/cursos\/cod\/7072\">Sa\u00fade da Fam\u00edlia<\/a><\/li><li><a href=\"https:\/\/institucional.ufpel.edu.br\/cursos\/cod\/9085\">Sa\u00fade da Fam\u00edlia<\/a><\/li><li><a href=\"https:\/\/institucional.ufpel.edu.br\/cursos\/cod\/9096\">Servi\u00e7o de Atendimento Educacional Especializado<\/a><\/li><li><a href=\"https:\/\/institucional.ufpel.edu.br\/cursos\/cod\/7042\">Sistemas de Produ\u00e7\u00e3o Agr\u00edcola Familiar<\/a><\/li><li><a href=\"https:\/\/institucional.ufpel.edu.br\/cursos\/cod\/8092\">Sistemas de Produ\u00e7\u00e3o Agr\u00edcola Familiar<\/a><\/li><li><a href=\"https:\/\/institucional.ufpel.edu.br\/cursos\/cod\/7041\">Sociologia<\/a><\/li><li><a href=\"https:\/\/institucional.ufpel.edu.br\/cursos\/cod\/8041\">Sociologia<\/a><\/li><li><a href=\"https:\/\/institucional.ufpel.edu.br\/cursos\/cod\/8000\">Teatro - Integral<\/a><\/li><li><a href=\"https:\/\/institucional.ufpel.edu.br\/cursos\/cod\/7200\">Terapia Ocupacional - <\/a><\/li><li><a href=\"https:\/\/institucional.ufpel.edu.br\/cursos\/cod\/9999\">Todos Os Cursos - Integral<\/a><\/li><li><a href=\"https:\/\/institucional.ufpel.edu.br\/cursos\/cod\/4700\">Turismo - Noturno<\/a><\/li><li><a href=\"https:\/\/institucional.ufpel.edu.br\/cursos\/cod\/7031\">Veterin\u00e1ria<\/a><\/li><li><a href=\"https:\/\/institucional.ufpel.edu.br\/cursos\/cod\/8091\">Veterin\u00e1ria<\/a><\/li><li><a href=\"https:\/\/institucional.ufpel.edu.br\/cursos\/cod\/7032\">Zootecnia<\/a><\/li><li><a href=\"https:\/\/institucional.ufpel.edu.br\/cursos\/cod\/8090\">Zootecnia<\/a><\/li><li><a href=\"https:\/\/institucional.ufpel.edu.br\/cursos\/cod\/5800\">Zootecnia - <\/a><\/li><\/ul><\/p>\n  <\/div>\n<div class=\"tab-pane fade\" id=\"course_teachers\" role=\"tabpanel\" aria-labelledby=\"teachers-tab\">\n    <div class=\"dados-cobalto cobalto-lista-servidores\"><table class=\"tabela-grid\"><tr><td><div class=\"servidor-foto\"><a href=\"https:\/\/institucional.ufpel.edu.br\/servidores\/id\/134840\"><img decoding=\"async\" src=\"https:\/\/institucional.ufpel.edu.br\/cache\/imagens\/e4612c2e-ae5e-484b-87c6-ac103764ca2a.jpg\"><\/a><\/div><a href=\"https:\/\/institucional.ufpel.edu.br\/servidores\/id\/134840\"><span class=\"tabela-detalhe-titulo\">CLARA NATALIA STEIGLEDER WALTER<\/span><\/td><\/tr><tr><td><div class=\"servidor-foto\"><a href=\"https:\/\/institucional.ufpel.edu.br\/servidores\/id\/209190\"><\/a><\/div><a href=\"https:\/\/institucional.ufpel.edu.br\/servidores\/id\/209190\"><span class=\"tabela-detalhe-titulo\"> D\u00e9bora Alessandra Peter<\/span><\/td><\/tr><tr><td><div class=\"servidor-foto\"><a href=\"https:\/\/institucional.ufpel.edu.br\/servidores\/id\/14304\"><img decoding=\"async\" src=\"https:\/\/institucional.ufpel.edu.br\/cache\/imagens\/5dedbefb-4ed7-4466-98f1-08e3c8de4869.png\"><\/a><\/div><a href=\"https:\/\/institucional.ufpel.edu.br\/servidores\/id\/14304\"><span class=\"tabela-detalhe-titulo\">EDUARDA MEDRAN RANGEL<\/span><\/td><\/tr><tr><td><div class=\"servidor-foto\"><a href=\"https:\/\/institucional.ufpel.edu.br\/servidores\/id\/27849\"><img decoding=\"async\" src=\"https:\/\/institucional.ufpel.edu.br\/cache\/imagens\/dfdc3707-41be-46b6-b2bb-a9e24a93a3f8.jpg\"><\/a><\/div><a href=\"https:\/\/institucional.ufpel.edu.br\/servidores\/id\/27849\"><span class=\"tabela-detalhe-titulo\">ISABEL CRISTINA ROSA BARROS RASIA<\/span><\/td><\/tr><tr><td><div class=\"servidor-foto\"><a href=\"https:\/\/institucional.ufpel.edu.br\/servidores\/id\/32671\"><img decoding=\"async\" src=\"https:\/\/institucional.ufpel.edu.br\/cache\/imagens\/e5be8646-bcbd-4e20-9cfe-7d8db3ecf471.jpg\"><\/a><\/div><a href=\"https:\/\/institucional.ufpel.edu.br\/servidores\/id\/32671\"><span class=\"tabela-detalhe-titulo\">JAVIER EDUARDO SILVEIRA LUZARDO<\/span><\/td><\/tr><tr><td><div class=\"servidor-foto\"><a href=\"https:\/\/institucional.ufpel.edu.br\/servidores\/id\/35499\"><img decoding=\"async\" src=\"https:\/\/institucional.ufpel.edu.br\/cache\/imagens\/c3d38c31-8865-4e67-ba1f-27805b2b11d1.png\"><\/a><\/div><a href=\"https:\/\/institucional.ufpel.edu.br\/servidores\/id\/35499\"><span class=\"tabela-detalhe-titulo\">JOAO CARLOS DE OLIVEIRA KOGLIN<\/span><\/td><\/tr><tr><td><div class=\"servidor-foto\"><a href=\"https:\/\/institucional.ufpel.edu.br\/servidores\/id\/109985\"><img decoding=\"async\" src=\"https:\/\/institucional.ufpel.edu.br\/cache\/imagens\/7b621f2c-64aa-497f-8dc0-1152305889a8.png\"><\/a><\/div><a href=\"https:\/\/institucional.ufpel.edu.br\/servidores\/id\/109985\"><span class=\"tabela-detalhe-titulo\">LETICIA DEXHEIMER<\/span><\/td><\/tr><tr><td><div class=\"servidor-foto\"><a href=\"https:\/\/institucional.ufpel.edu.br\/servidores\/id\/133399\"><img decoding=\"async\" src=\"https:\/\/institucional.ufpel.edu.br\/cache\/imagens\/e2a3e285-d667-4cd7-829d-a13cebaa4031.jpg\"><\/a><\/div><a href=\"https:\/\/institucional.ufpel.edu.br\/servidores\/id\/133399\"><span class=\"tabela-detalhe-titulo\">MARISLEI DA SILVEIRA RIBEIRO<\/span><\/td><\/tr><tr><td><div class=\"servidor-foto\"><a href=\"https:\/\/institucional.ufpel.edu.br\/servidores\/id\/127554\"><img decoding=\"async\" src=\"https:\/\/institucional.ufpel.edu.br\/cache\/imagens\/ed486ec4-aba3-4945-90b6-d5b89e53091f.png\"><\/a><\/div><a href=\"https:\/\/institucional.ufpel.edu.br\/servidores\/id\/127554\"><span class=\"tabela-detalhe-titulo\">PEDRO MASCARENHAS DE SOUZA PINHEIRO<\/span><\/td><\/tr><tr><td><div class=\"servidor-foto\"><a href=\"https:\/\/institucional.ufpel.edu.br\/servidores\/id\/31473\"><img decoding=\"async\" src=\"https:\/\/institucional.ufpel.edu.br\/cache\/imagens\/a84cbfe0-041e-4d9d-8506-c20042492c17.jpg\"><\/a><\/div><a href=\"https:\/\/institucional.ufpel.edu.br\/servidores\/id\/31473\"><span class=\"tabela-detalhe-titulo\">RAQUEL DA FONSECA HOLZ<\/span><\/td><\/tr><tr><td><div class=\"servidor-foto\"><a href=\"https:\/\/institucional.ufpel.edu.br\/servidores\/id\/17394\"><img decoding=\"async\" src=\"https:\/\/institucional.ufpel.edu.br\/cache\/imagens\/f2227ef9-a4cb-4a0e-ae53-fd9e64e826f2.jpg\"><\/a><\/div><a href=\"https:\/\/institucional.ufpel.edu.br\/servidores\/id\/17394\"><span class=\"tabela-detalhe-titulo\">ROBERTA MACHADO KARSBURG<\/span><\/td><\/tr><\/table><\/div>\n  <\/div>\n<\/div>\n<hr class=\"cpted-divisor\" \/>\n<style>\na {\n  text-decoration: none !important;\n}\n.vl-container {\n  padding: 0 20px !important;\n}\n.tab-content {\n    padding: 20px 0 !important;\n}\n.infobox {\n  display: flex;\n  padding: 16px 34px 16px 24px;\n  border: 1px solid #dedede;\n  -moz-border-radius: 16px;\n  border-radius: 10px;\n  -webkit-box-shadow: 0 4px 8px rgba(51, 51, 51, .08);\n  -moz-box-shadow: 0 4px 8px rgba(51,51,51,.08);\n  box-shadow: 0 4px 8px rgba(51, 51, 51, .08);\n  flex-direction: column;\n  flex-wrap: wrap;\n  align-content: center;\n  justify-content: space-between;\n  align-items: center;\n  list-style: none;\n  margin-left: 0;\n  margin-bottom: 50px;\n}\n.infobox li {\n  display: flex;\n  flex-direction: row;\n  flex-wrap: nowrap;\n  align-content: center;\n  justify-content: center;\n  align-items: center;\n}\n.infobox li i {\n  font-size: 28px;\n  margin-right: 10px;\n  color: #00529f;\n}\n.infobox li.divisor {\n  min-width: 100%;\n  background: #dedede;\n  height: 1px;\n  margin: 10px auto;\n}\n.tabela-disciplinas .tabela-quebra {\n  border: 0;\n  text-transform: uppercase;\n}\n.tabela-disciplinas .tabela-quebra:before {\n    content: ' ';\n    width: 100%;\n    height: 30px;\n    display: block;\n}\n.tabela-disciplinas tbody tr th {\n  border-bottom: 0 !important;\n  border-left: 1px dashed #b9b9b9 !important;\n  border-top: 0;\n  padding: 5px 10px !important;\n  font-size: 11px;\n}\n.tabela-disciplinas tbody tr th:not(.tabela-quebra) {\n  background-color: #cfcfcf;\n}\n.tabela-disciplinas tbody tr th:first-child {\n  border-left: 0 !important;\n  border-radius: 5px 0 0 0;\n}\n.tabela-disciplinas tbody tr th:last-child {\n  border-radius: 0 5px 0 0;\n}\n.tabela-disciplinas tbody tr td {\n  border-width: 0px 0px !important;\n  border-bottom: 1px dotted #ccc !important;\n  border-left: 1px dashed #ccc !important;\n  padding: 2px 2px !important;\n  font-size: 11px;\n}\n.tabela-disciplinas tbody tr td:first-child {\n  border-left: 0 !important;\n}\n.tabela-disciplinas tbody tr th:nth-child(1),\n.tabela-disciplinas tbody tr th:nth-child(3),\n.tabela-disciplinas tbody tr th:nth-child(4),\n.tabela-disciplinas tbody tr th:nth-child(5),\n.tabela-disciplinas tbody tr td:nth-child(1),\n.tabela-disciplinas tbody tr td:nth-child(3),\n.tabela-disciplinas tbody tr td:nth-child(4),\n.tabela-disciplinas tbody tr td:nth-child(5) {\n  text-align: center;\n}\n#course_poles ul {\n  list-style: none;\n}\n#course_poles ul li {\n  border-bottom: 1px dotted #ccc;\n  padding: 5px 10px;\n}\n#course_poles ul li:nth-child(even) {\n  background-color: #f1f1f1;\n}\n.cobalto-lista-servidores .tabela-grid tr {\n  width: 33%;\n}\n.cobalto-lista-servidores .servidor-foto {\n    border: 0px solid #8888;\n    border-radius: 10px;\n}\n@media screen and (min-width: 480px) {\n  .vl-container {\n    padding: 0 50px !important;\n  }\n  .tab-content {\n    padding: 20px !important;\n  }\n  .tabela-disciplinas tbody tr th {\n    font-size: 12px;\n  }\n  .tabela-disciplinas tbody tr td {\n    padding: 5px 10px !important;\n    font-size: 12px;\n  }\n  .cobalto-lista-servidores .tabela-grid tr {\n    width: 25%;\n  }\n}\n@media screen and (min-width: 720px) {\n  .infobox {\n    flex-direction: row;\n  }\n  .infobox li.divisor {\n    min-width: 1px;\n    background: #dedede;\n    height: 40px;\n  }\n}\n<\/style>\n","protected":false},"excerpt":{"rendered":"<p>Especializa\u00e7\u00e3o em Gest\u00e3o para a Sustentabilidade O tema da sustentabilidade no planejamento de a\u00e7\u00f5es p\u00fablicas ou privadas ganha relev\u00e2ncia a partir da Agenda 2030, aprovada pela ONU em 2015, que colocou um desafio enorme para os pa\u00edses signat\u00e1rios (dentre eles, o Brasil): pensar, planejar e implementar a\u00e7\u00f5es e pol\u00edticas orientadas pelas metas dos 17 Objetivos [&hellip;]<\/p>\n","protected":false},"author":1448,"featured_media":0,"parent":6623,"menu_order":0,"comment_status":"closed","ping_status":"closed","template":"","meta":{"footnotes":""},"class_list":["post-8519","page","type-page","status-publish","hentry"],"_links":{"self":[{"href":"https:\/\/wp.ufpel.edu.br\/cpted\/wp-json\/wp\/v2\/pages\/8519","targetHints":{"allow":["GET"]}}],"collection":[{"href":"https:\/\/wp.ufpel.edu.br\/cpted\/wp-json\/wp\/v2\/pages"}],"about":[{"href":"https:\/\/wp.ufpel.edu.br\/cpted\/wp-json\/wp\/v2\/types\/page"}],"author":[{"embeddable":true,"href":"https:\/\/wp.ufpel.edu.br\/cpted\/wp-json\/wp\/v2\/users\/1448"}],"replies":[{"embeddable":true,"href":"https:\/\/wp.ufpel.edu.br\/cpted\/wp-json\/wp\/v2\/comments?post=8519"}],"version-history":[{"count":3,"href":"https:\/\/wp.ufpel.edu.br\/cpted\/wp-json\/wp\/v2\/pages\/8519\/revisions"}],"predecessor-version":[{"id":8535,"href":"https:\/\/wp.ufpel.edu.br\/cpted\/wp-json\/wp\/v2\/pages\/8519\/revisions\/8535"}],"up":[{"embeddable":true,"href":"https:\/\/wp.ufpel.edu.br\/cpted\/wp-json\/wp\/v2\/pages\/6623"}],"wp:attachment":[{"href":"https:\/\/wp.ufpel.edu.br\/cpted\/wp-json\/wp\/v2\/media?parent=8519"}],"curies":[{"name":"wp","href":"https:\/\/api.w.org\/{rel}","templated":true}]}}