{"id":8417,"date":"2026-04-09T08:47:49","date_gmt":"2026-04-09T11:47:49","guid":{"rendered":"https:\/\/wp.ufpel.edu.br\/cpted\/editais\/seletivo\/"},"modified":"2026-04-27T09:34:33","modified_gmt":"2026-04-27T12:34:33","slug":"bolsa_de_graduacao_processo_seletivo_02_2026","status":"publish","type":"page","link":"https:\/\/wp.ufpel.edu.br\/cpted\/editais\/bolsa_de_graduacao_processo_seletivo_02_2026\/","title":{"rendered":"Bolsa de Gradua\u00e7\u00e3o &#8211; Processo Seletivo Edital N\u00ba. 02\/2026"},"content":{"rendered":"<p>A Universidade Federal de Pelotas (UFPel), por meio do Gabinete da Vice Reitoria (GVR) e da Coordena\u00e7\u00e3o de Pol\u00edticas e Tecnologias para EaD (CPTED), torna p\u00fablica a abertura do <strong>Processo Seletivo Edital N\u00ba. 02\/2026<\/strong>, referente ao Processo n\u00ba 23110.009665\/2026-84, com o objetivo de selecionar BOLSISTAS alunos de gradua\u00e7\u00e3o que atuar\u00e3o como AUXILIARES T\u00c9CNICO-PEDAG\u00d3GICOS I junto \u00e0 CPTED.<\/p>\n<p>O processo seletivo destina-se ao preenchimento de <strong>6 (seis) vagas<\/strong> para AUXILIAR T\u00c9CNICO-PEDAG\u00d3GICO I, em fun\u00e7\u00f5es espec\u00edficas definidas no Quadro I. As inscri\u00e7\u00f5es dever\u00e3o ser realizadas no per\u00edodo compreendido entre os dias 08 e 21 de abril de 2026, atrav\u00e9s do preenchimento do formul\u00e1rio de inscri\u00e7\u00e3o on-line dispon\u00edvel em https:\/\/forms.gle\/y3W5w214omxEezdo8.<\/p>\n<p>Os candidatos selecionados dever\u00e3o atender \u00e0s condi\u00e7\u00f5es gerais e espec\u00edficas descritas para AUXILIAR T\u00c9CNICO-PEDAG\u00d3GICO I, incluindo a disponibilidade de 20 horas semanais para atuar na fun\u00e7\u00e3o, com 20% dessas horas cumpridas presencialmente na CPTED. Os documentos necess\u00e1rios constam no Quadro II.<\/p>\n<p>Os casos de recurso devem ser encaminhados nas datas estipuladas no Quadro II para o e-mail nuped@ufpel.edu.br. O resultado parcial ser\u00e1 divulgado em 27 de abril de 2026, com possibilidade de recurso at\u00e9 o dia 28 de abril de 2026.<\/p>\n<p>Os documentos completos est\u00e3o dispon\u00edveis em anexo na p\u00e1gina.<\/p>\n<hr>\n<h3>Documentos do Edital<\/h3>\n<table class=\"cpted-tables\" style=\"border-collapse: unset;width: 100%\" border=\"0\">\n<thead>\n<tr>\n<th style=\"text-align: left;\"><strong>NOME DO ARQUIVO<\/strong><\/th>\n<th style=\"text-align: center; width: 20%;\"><strong>DATA DE PUBLICA\u00c7\u00c3O<\/strong><\/th>\n<\/tr>\n<\/thead>\n<tbody>\n<tr>\n<td><a href=\"https:\/\/wp.ufpel.edu.br\/cpted\/files\/2026\/04\/Edital_CPTED_02_2026_Processo_Seletivo_Resultado_Preliminar.pdf\">Resultado Preliminar<\/a><\/td>\n<td style=\"text-align: center\">24\/04\/2026<\/td>\n<\/tr>\n<tr>\n<td><a href=\"https:\/\/wp.ufpel.edu.br\/cpted\/files\/2026\/04\/Edital_CPTED_02_2026_Processo_Seletivo_Homologacao_Pos_Recurso.pdf\">Homologa\u00e7\u00e3o P\u00f3s Recurso<\/a><\/td>\n<td style=\"text-align: center\">24\/04\/2026<\/td>\n<\/tr>\n<tr>\n<td><a href=\"https:\/\/wp.ufpel.edu.br\/cpted\/files\/2026\/04\/Edital_CPTED_02_2026_Processo_Seletivo_Homologacao_das_Inscricoes.pdf\">Homologa\u00e7\u00e3o das Inscri\u00e7\u00f5es<\/a><\/td>\n<td style=\"text-align: center\">22\/04\/2026<\/td>\n<\/tr>\n<tr>\n<td><a href=\"https:\/\/wp.ufpel.edu.br\/cpted\/files\/2026\/04\/Edital-de-Abertura-8.pdf\">Edital de Abertura<\/a><\/td>\n<td style=\"text-align: center\">09\/04\/2026<\/td>\n<\/tr>\n<\/tbody>\n<\/table>\n<p><\/p>\n","protected":false},"excerpt":{"rendered":"<p>A Universidade Federal de Pelotas (UFPel), por meio do Gabinete da Vice Reitoria (GVR) e da Coordena\u00e7\u00e3o de Pol\u00edticas e Tecnologias para EaD (CPTED), torna p\u00fablica a abertura do Processo Seletivo Edital N\u00ba. 02\/2026, referente ao Processo n\u00ba 23110.009665\/2026-84, com o objetivo de selecionar BOLSISTAS alunos de gradua\u00e7\u00e3o que atuar\u00e3o como AUXILIARES T\u00c9CNICO-PEDAG\u00d3GICOS I junto [&hellip;]<\/p>\n","protected":false},"author":1448,"featured_media":0,"parent":22,"menu_order":0,"comment_status":"closed","ping_status":"closed","template":"","meta":{"footnotes":""},"class_list":["post-8417","page","type-page","status-publish","hentry"],"_links":{"self":[{"href":"https:\/\/wp.ufpel.edu.br\/cpted\/wp-json\/wp\/v2\/pages\/8417","targetHints":{"allow":["GET"]}}],"collection":[{"href":"https:\/\/wp.ufpel.edu.br\/cpted\/wp-json\/wp\/v2\/pages"}],"about":[{"href":"https:\/\/wp.ufpel.edu.br\/cpted\/wp-json\/wp\/v2\/types\/page"}],"author":[{"embeddable":true,"href":"https:\/\/wp.ufpel.edu.br\/cpted\/wp-json\/wp\/v2\/users\/1448"}],"replies":[{"embeddable":true,"href":"https:\/\/wp.ufpel.edu.br\/cpted\/wp-json\/wp\/v2\/comments?post=8417"}],"version-history":[{"count":3,"href":"https:\/\/wp.ufpel.edu.br\/cpted\/wp-json\/wp\/v2\/pages\/8417\/revisions"}],"predecessor-version":[{"id":8505,"href":"https:\/\/wp.ufpel.edu.br\/cpted\/wp-json\/wp\/v2\/pages\/8417\/revisions\/8505"}],"up":[{"embeddable":true,"href":"https:\/\/wp.ufpel.edu.br\/cpted\/wp-json\/wp\/v2\/pages\/22"}],"wp:attachment":[{"href":"https:\/\/wp.ufpel.edu.br\/cpted\/wp-json\/wp\/v2\/media?parent=8417"}],"curies":[{"name":"wp","href":"https:\/\/api.w.org\/{rel}","templated":true}]}}