{"id":7433,"date":"2025-06-23T18:35:22","date_gmt":"2025-06-23T21:35:22","guid":{"rendered":"https:\/\/wp.ufpel.edu.br\/cpted\/?page_id=7433"},"modified":"2025-08-18T09:55:01","modified_gmt":"2025-08-18T12:55:01","slug":"edital-egps-uab-02-2025-professor-formador","status":"publish","type":"page","link":"https:\/\/wp.ufpel.edu.br\/cpted\/editais\/edital-egps-uab-02-2025-professor-formador\/","title":{"rendered":"Edital EGPS UAB 02\/2025 &#8211; Professor Formador"},"content":{"rendered":"<h4 class=\"cpted-title\">EDITAL EGPS UAB 02\/2025 &#8211; PROFESSOR FORMADOR<\/h4>\n<p style=\"text-aling: justify;\">A Universidade Federal de Pelotas (UFPel), por meio da Coordena\u00e7\u00e3o Institucional da Universidade Aberta do Brasil (UAB), publicou o Edital EGPS UAB 02\/2025 para a sele\u00e7\u00e3o de <strong>Professores Formadore<\/strong>s. Os selecionados atuar\u00e3o no <strong>Curso de Especializa\u00e7\u00e3o em Gest\u00e3o para a Sustentabilidade (EGPS)<\/strong>, oferecido na modalidade a dist\u00e2ncia.<\/p>\n<p style=\"text-aling: justify;\">As inscri\u00e7\u00f5es est\u00e3o abertas de <strong>23 de junho<\/strong> a <strong>12 de julho de 2025<\/strong> e devem ser realizadas exclusivamente por meio de formul\u00e1rio online<\/p>\n<p style=\"text-aling: justify;\">Ao todo, s\u00e3o ofertadas <strong>06 vagas<\/strong>, al\u00e9m de cadastro de reserva, para diversas disciplinas do curso. As \u00e1reas de forma\u00e7\u00e3o exigidas e as respectivas vagas est\u00e3o detalhadas no edital, sendo necess\u00e1rio que o candidato possua, no m\u00ednimo, <strong>t\u00edtulo de Mestre<\/strong> em uma das \u00e1reas especificadas.<\/p>\n<p style=\"text-aling: justify;\">O processo seletivo consistir\u00e1 em uma an\u00e1lise curricular , e os candidatos devem comprovar experi\u00eancia docente de, no m\u00ednimo, um ano no magist\u00e9rio superior. O valor da bolsa \u00e9 de <strong>R$ 1.850,00<\/strong>, para uma carga hor\u00e1ria de <strong>20 horas<\/strong> semanais.<\/p>\n<p style=\"text-aling: justify;\">O edital contempla a\u00e7\u00f5es afirmativas, reservando <strong>25% das vagas<\/strong> para pessoas negras, quilombolas, ind\u00edgenas e pessoas com defici\u00eancia, e <strong>5%<\/strong> para pessoas travestis e transexuais.<\/p>\n<p style=\"text-aling: justify;\">D\u00favidas e informa\u00e7\u00f5es sobre o processo seletivo podem ser encaminhadas para o e-mail: pos.cim.egps.ead@gmail.com. Os resultados e demais comunica\u00e7\u00f5es ser\u00e3o divulgados no sites da CPTED\/UFPel.<\/p>\n<p><a class=\"cpted-link\" href=\"https:\/\/docs.google.com\/forms\/d\/e\/1FAIpQLScABnGmfnR4CLLQjpTktq8IuhBKL3KakD4OMFAm211gysmX-w\/viewform\" target=\"_blank\" rel=\"noopener\"><i class=\"fi fi-rr-form\"><\/i> Formul\u00e1rio de Inscri\u00e7\u00e3o<\/a><\/p>\n<table class=\"cpted-tables\" style=\"border-collapse: unset; width: 100%;\" border=\"0\">\n<thead>\n<tr>\n<th style=\"text-align: left;\"><strong>NOME DO ARQUIVO<\/strong><\/th>\n<th style=\"text-align: center; width: 20%;\"><strong>DATA DE PUBLICA\u00c7\u00c3O<\/strong><\/th>\n<\/tr>\n<\/thead>\n<tbody>\n<tr onclick=\"location.href = 'https:\/\/wp.ufpel.edu.br\/cpted\/files\/2025\/08\/Edital_EGPS_UAB_02_2025_Professor_Formador_Resultado_Final.pdf';\" style=\"cursor: pointer;\">\n<td>Resultado Final<\/td>\n<td style=\"text-align: center;\">18\/08\/2025<\/td>\n<\/tr>\n<tr onclick=\"location.href = 'https:\/\/wp.ufpel.edu.br\/cpted\/files\/2025\/08\/Edital_EGPS_UAB_02_2025_Resultado_preliminar.pdf';\" style=\"cursor: pointer;\">\n<td>Resultado preliminar<\/td>\n<td style=\"text-align: center;\">07\/08\/2025<\/td>\n<\/tr>\n<tr onclick=\"location.href = 'https:\/\/wp.ufpel.edu.br\/cpted\/files\/2025\/07\/Edital_EGPS_UAB_02_2025_Regras_Entrevistas.pdf';\" style=\"cursor: pointer;\">\n<td>Regras das entrevistas<\/td>\n<td style=\"text-align: center;\">25\/07\/2025<\/td>\n<\/tr>\n<tr onclick=\"location.href = 'https:\/\/wp.ufpel.edu.br\/cpted\/files\/2025\/07\/Edital_EGPS_UAB_02_2025_Horario_Entrevistas.pdf';\" style=\"cursor: pointer;\">\n<td>Hor\u00e1rio das entrevistas<\/td>\n<td style=\"text-align: center;\">25\/07\/2025<\/td>\n<\/tr>\n<tr onclick=\"location.href = 'https:\/\/wp.ufpel.edu.br\/cpted\/files\/2025\/07\/Edital_EGPS_UAB_02_2025_Retificado_03.pdf';\" style=\"cursor: pointer;\">\n<td>Edital de Abertura &#8211; Retifica\u00e7\u00e3o 03<\/td>\n<td style=\"text-align: center;\">25\/07\/2025<\/td>\n<\/tr>\n<tr onclick=\"location.href = 'https:\/\/wp.ufpel.edu.br\/cpted\/files\/2025\/07\/Edital_EGPS_UAB_02_2025_Homologacao_das_inscricoes_pos_recurso.pdf';\" style=\"cursor: pointer;\">\n<td>Homologa\u00e7\u00e3o das inscri\u00e7\u00f5es &#8211; P\u00f3s Recurso<\/td>\n<td style=\"text-align: center;\">24\/07\/2025<\/td>\n<\/tr>\n<tr onclick=\"location.href = 'https:\/\/wp.ufpel.edu.br\/cpted\/files\/2025\/07\/Edital_EGPS_UAB_02_2025_Homologacao_das_inscricoes.pdf';\" style=\"cursor: pointer;\">\n<td>Homologa\u00e7\u00e3o das inscri\u00e7\u00f5es<\/td>\n<td style=\"text-align: center;\">23\/07\/2025<\/td>\n<\/tr>\n<tr onclick=\"location.href = 'https:\/\/wp.ufpel.edu.br\/cpted\/files\/2025\/07\/Edital_EGPS_UAB_02_2025_Retificado_02.pdf';\" style=\"cursor: pointer;\">\n<td>Edital de Abertura &#8211; Retifica\u00e7\u00e3o 02<\/td>\n<td style=\"text-align: center;\">09\/07\/2025<\/td>\n<\/tr>\n<tr onclick=\"location.href = 'https:\/\/wp.ufpel.edu.br\/cpted\/files\/2025\/06\/Edital_EGPS_UAB_02_2025_Abertura_Retificacao_01.pdf';\" style=\"cursor: pointer;\">\n<td>Edital de Abertura &#8211; Retifica\u00e7\u00e3o 01<\/td>\n<td style=\"text-align: center;\">26\/06\/2025<\/td>\n<\/tr>\n<tr onclick=\"location.href = 'https:\/\/wp.ufpel.edu.br\/cpted\/files\/2025\/06\/Edital_EGPS_UAB_02_2025_Abertura.pdf';\" style=\"cursor: pointer;\">\n<td>Edital de Abertura<\/td>\n<td style=\"text-align: center;\">23\/06\/2025<\/td>\n<\/tr>\n<\/tbody>\n<\/table>\n<p>&nbsp;<\/p>\n","protected":false},"excerpt":{"rendered":"<p>EDITAL EGPS UAB 02\/2025 &#8211; PROFESSOR FORMADOR A Universidade Federal de Pelotas (UFPel), por meio da Coordena\u00e7\u00e3o Institucional da Universidade Aberta do Brasil (UAB), publicou o Edital EGPS UAB 02\/2025 para a sele\u00e7\u00e3o de Professores Formadores. Os selecionados atuar\u00e3o no Curso de Especializa\u00e7\u00e3o em Gest\u00e3o para a Sustentabilidade (EGPS), oferecido na modalidade a dist\u00e2ncia. As [&hellip;]<\/p>\n","protected":false},"author":1448,"featured_media":0,"parent":22,"menu_order":0,"comment_status":"closed","ping_status":"closed","template":"","meta":{"footnotes":""},"class_list":["post-7433","page","type-page","status-publish","hentry"],"_links":{"self":[{"href":"https:\/\/wp.ufpel.edu.br\/cpted\/wp-json\/wp\/v2\/pages\/7433","targetHints":{"allow":["GET"]}}],"collection":[{"href":"https:\/\/wp.ufpel.edu.br\/cpted\/wp-json\/wp\/v2\/pages"}],"about":[{"href":"https:\/\/wp.ufpel.edu.br\/cpted\/wp-json\/wp\/v2\/types\/page"}],"author":[{"embeddable":true,"href":"https:\/\/wp.ufpel.edu.br\/cpted\/wp-json\/wp\/v2\/users\/1448"}],"replies":[{"embeddable":true,"href":"https:\/\/wp.ufpel.edu.br\/cpted\/wp-json\/wp\/v2\/comments?post=7433"}],"version-history":[{"count":4,"href":"https:\/\/wp.ufpel.edu.br\/cpted\/wp-json\/wp\/v2\/pages\/7433\/revisions"}],"predecessor-version":[{"id":7629,"href":"https:\/\/wp.ufpel.edu.br\/cpted\/wp-json\/wp\/v2\/pages\/7433\/revisions\/7629"}],"up":[{"embeddable":true,"href":"https:\/\/wp.ufpel.edu.br\/cpted\/wp-json\/wp\/v2\/pages\/22"}],"wp:attachment":[{"href":"https:\/\/wp.ufpel.edu.br\/cpted\/wp-json\/wp\/v2\/media?parent=7433"}],"curies":[{"name":"wp","href":"https:\/\/api.w.org\/{rel}","templated":true}]}}