{"id":380,"date":"2025-01-14T10:29:17","date_gmt":"2025-01-14T13:29:17","guid":{"rendered":"https:\/\/wp.ufpel.edu.br\/coreme\/?page_id=380"},"modified":"2025-03-11T09:40:59","modified_gmt":"2025-03-11T12:40:59","slug":"psiquiatria","status":"publish","type":"page","link":"https:\/\/wp.ufpel.edu.br\/coreme\/psiquiatria\/","title":{"rendered":"PSIQUIATRIA"},"content":{"rendered":"<p><a href=\"https:\/\/wp.ufpel.edu.br\/coreme\/files\/2025\/01\/CLASSIFICACAO-PRELIMINAR-PRM-EM-PSIQUIATRIA.pdf\" target=\"_blank\" rel=\"noopener\">CLASSIFICA\u00c7\u00c3O PRELIMINAR &#8211; PRM EM PSIQUIATRIA<\/a><\/p>\n<p><a href=\"https:\/\/wp.ufpel.edu.br\/coreme\/files\/2025\/01\/FINAL-2.pdf\">CLASSIFICA\u00c7\u00c3O FINAL &#8211; PRM EM PSIQUIATRIA<\/a><\/p>\n<p><a href=\"https:\/\/wp.ufpel.edu.br\/coreme\/files\/2025\/01\/1a-CHAMADA-PSIQ-1.pdf\">1\u00aa CHAMADA \u2013 CONVOCA\u00c7\u00c3O PARA MATR\u00cdCULA \u2013 PRM EM PSIQUIATRIA<\/a> (23\/01\/2025)<\/p>\n<p><a href=\"https:\/\/wp.ufpel.edu.br\/coreme\/files\/2025\/01\/2a-CHAMADA-13.pdf\">2\u00aa CHAMADA \u2013 CONVOCA\u00c7\u00c3O PARA MATR\u00cdCULA \u2013 PRM EM PSIQUIATRIA<\/a> (27\/01\/2025)<\/p>\n<p><a href=\"https:\/\/wp.ufpel.edu.br\/coreme\/files\/2025\/01\/3a-CHAMADA-6.pdf\">3\u00aa CHAMADA \u2013 CONVOCA\u00c7\u00c3O PARA MATR\u00cdCULA \u2013 PRM EM PSIQUIATRIA<\/a> (29\/01\/2025)<\/p>\n<p><a href=\"https:\/\/wp.ufpel.edu.br\/coreme\/files\/2025\/01\/4a-CHAMADA-3.pdf\">4\u00aa CHAMADA \u2013 CONVOCA\u00c7\u00c3O PARA MATR\u00cdCULA \u2013 PRM EM PSIQUIATRIA<\/a> (31\/01\/2025)<\/p>\n<p><a href=\"https:\/\/wp.ufpel.edu.br\/coreme\/files\/2025\/02\/5a-CHAMADA-4.pdf\">5\u00aa CHAMADA \u2013 CONVOCA\u00c7\u00c3O PARA MATR\u00cdCULA \u2013 PRM EM PSIQUIATRIA<\/a> (13\/02\/2025)<\/p>\n<p><a href=\"https:\/\/wp.ufpel.edu.br\/coreme\/files\/2025\/02\/6a-CHAMADA-3.pdf\">6\u00aa CHAMADA \u2013 CONVOCA\u00c7\u00c3O PARA MATR\u00cdCULA \u2013 PRM EM PSIQUIATRIA<\/a> (24\/02\/2025)<\/p>\n<p><a href=\"https:\/\/wp.ufpel.edu.br\/coreme\/files\/2025\/02\/7a-CHAMADA-3.pdf\">7\u00aa CHAMADA \u2013 CONVOCA\u00c7\u00c3O PARA MATR\u00cdCULA \u2013 PRM EM PSIQUIATRIA<\/a> (24\/02\/2025)<\/p>\n<p><a href=\"https:\/\/wp.ufpel.edu.br\/coreme\/files\/2025\/02\/8a-CHAMADA-3.pdf\">8\u00aa CHAMADA \u2013 CONVOCA\u00c7\u00c3O PARA MATR\u00cdCULA \u2013 PRM EM PSIQUIATRIA <\/a> (25\/02\/2025)<\/p>\n<p><a href=\"https:\/\/wp.ufpel.edu.br\/coreme\/files\/2025\/02\/9a-CHAMADA-3.pdf\">9\u00aa CHAMADA \u2013 CONVOCA\u00c7\u00c3O PARA MATR\u00cdCULA \u2013 PRM EM PSIQUIATRIA<\/a> (28\/02\/2025)<\/p>\n<p><a href=\"https:\/\/wp.ufpel.edu.br\/coreme\/files\/2025\/02\/10a-CHAMADA-3.pdf\">10\u00aa CHAMADA \u2013 CONVOCA\u00c7\u00c3O PARA MATR\u00cdCULA \u2013 PRM EM PSIQUIATRIA<\/a> (28\/02\/2025)<\/p>\n<p><a href=\"https:\/\/wp.ufpel.edu.br\/coreme\/files\/2025\/03\/11a-CHAMADA.pdf\">11\u00aa CHAMADA \u2013 CONVOCA\u00c7\u00c3O PARA MATR\u00cdCULA \u2013 PRM EM PSIQUIATRIA<\/a> (10\/03\/2025)<\/p>\n<p><a href=\"https:\/\/wp.ufpel.edu.br\/coreme\/files\/2025\/03\/12a-CHAMADA.pdf\">12\u00aa CHAMADA \u2013 CONVOCA\u00c7\u00c3O PARA MATR\u00cdCULA \u2013 PRM EM PSIQUIATRIA<\/a> (10\/03\/2025)<\/p>\n<p><a href=\"https:\/\/wp.ufpel.edu.br\/coreme\/files\/2025\/03\/13a-CHAMADA-1.pdf\">13\u00aa CHAMADA \u2013 CONVOCA\u00c7\u00c3O PARA MATR\u00cdCULA \u2013 PRM EM PSIQUIATRIA<\/a> (11\/03\/2025)<\/p>\n<p>&nbsp;<\/p>\n","protected":false},"excerpt":{"rendered":"<p>CLASSIFICA\u00c7\u00c3O PRELIMINAR &#8211; PRM EM PSIQUIATRIA CLASSIFICA\u00c7\u00c3O FINAL &#8211; PRM EM PSIQUIATRIA 1\u00aa CHAMADA \u2013 CONVOCA\u00c7\u00c3O PARA MATR\u00cdCULA \u2013 PRM EM PSIQUIATRIA (23\/01\/2025) 2\u00aa CHAMADA \u2013 CONVOCA\u00c7\u00c3O PARA MATR\u00cdCULA \u2013 PRM EM PSIQUIATRIA (27\/01\/2025) 3\u00aa CHAMADA \u2013 CONVOCA\u00c7\u00c3O PARA MATR\u00cdCULA \u2013 PRM EM PSIQUIATRIA (29\/01\/2025) 4\u00aa CHAMADA \u2013 CONVOCA\u00c7\u00c3O PARA MATR\u00cdCULA \u2013 PRM EM PSIQUIATRIA [&hellip;]<\/p>\n","protected":false},"author":1322,"featured_media":0,"parent":0,"menu_order":0,"comment_status":"closed","ping_status":"closed","template":"","meta":{"footnotes":""},"class_list":["post-380","page","type-page","status-publish","hentry"],"_links":{"self":[{"href":"https:\/\/wp.ufpel.edu.br\/coreme\/wp-json\/wp\/v2\/pages\/380","targetHints":{"allow":["GET"]}}],"collection":[{"href":"https:\/\/wp.ufpel.edu.br\/coreme\/wp-json\/wp\/v2\/pages"}],"about":[{"href":"https:\/\/wp.ufpel.edu.br\/coreme\/wp-json\/wp\/v2\/types\/page"}],"author":[{"embeddable":true,"href":"https:\/\/wp.ufpel.edu.br\/coreme\/wp-json\/wp\/v2\/users\/1322"}],"replies":[{"embeddable":true,"href":"https:\/\/wp.ufpel.edu.br\/coreme\/wp-json\/wp\/v2\/comments?post=380"}],"version-history":[{"count":22,"href":"https:\/\/wp.ufpel.edu.br\/coreme\/wp-json\/wp\/v2\/pages\/380\/revisions"}],"predecessor-version":[{"id":816,"href":"https:\/\/wp.ufpel.edu.br\/coreme\/wp-json\/wp\/v2\/pages\/380\/revisions\/816"}],"wp:attachment":[{"href":"https:\/\/wp.ufpel.edu.br\/coreme\/wp-json\/wp\/v2\/media?parent=380"}],"curies":[{"name":"wp","href":"https:\/\/api.w.org\/{rel}","templated":true}]}}