{"id":371,"date":"2025-01-14T10:28:10","date_gmt":"2025-01-14T13:28:10","guid":{"rendered":"https:\/\/wp.ufpel.edu.br\/coreme\/?page_id=371"},"modified":"2025-02-19T14:40:12","modified_gmt":"2025-02-19T17:40:12","slug":"ginecologia-e-obstetricia","status":"publish","type":"page","link":"https:\/\/wp.ufpel.edu.br\/coreme\/ginecologia-e-obstetricia\/","title":{"rendered":"GINECOLOGIA E OBSTETR\u00cdCIA"},"content":{"rendered":"<p><a href=\"https:\/\/wp.ufpel.edu.br\/coreme\/files\/2025\/01\/preliminar-3.pdf\" target=\"_blank\" rel=\"noopener\">CLASSIFICA\u00c7\u00c3O PRELIMINAR \u2013 PRM EM GINECOLOGIA E OBSTETR\u00cdCIA<\/a><\/p>\n<p><a href=\"https:\/\/wp.ufpel.edu.br\/coreme\/files\/2025\/01\/FINAL.pdf\">CLASSIFICA\u00c7\u00c3O FINAL \u2013 PRM EM GINECOLOGIA E OBSTETR\u00cdCIA<\/a><\/p>\n<p><a href=\"https:\/\/wp.ufpel.edu.br\/coreme\/files\/2025\/01\/1a-CHAMADA-3.pdf\">1\u00aa CHAMADA &#8211; CONVOCA\u00c7\u00c3O PARA MATR\u00cdCULA &#8211; PRM EM GINECOLOGIA E OBSTETR\u00cdCIA<\/a> (23\/01\/2025)<\/p>\n<p><a href=\"https:\/\/wp.ufpel.edu.br\/coreme\/files\/2025\/01\/2a-CHAMADA-9.pdf\">2\u00aa CHAMADA \u2013 CONVOCA\u00c7\u00c3O PARA MATR\u00cdCULA \u2013 PRM EM GINECOLOGIA E OBSTETR\u00cdCIA<\/a> (27\/01\/2025)<\/p>\n<p><a href=\"https:\/\/wp.ufpel.edu.br\/coreme\/files\/2025\/01\/3a-CHAMADA-3.pdf\">3\u00aa CHAMADA \u2013 CONVOCA\u00c7\u00c3O PARA MATR\u00cdCULA \u2013 PRM EM GINECOLOGIA E OBSTETR\u00cdCIA<\/a> (29\/01\/2025)<\/p>\n<p><a href=\"https:\/\/wp.ufpel.edu.br\/coreme\/files\/2025\/02\/4a-CHAMADA.pdf\">4\u00aa CHAMADA \u2013 CONVOCA\u00c7\u00c3O PARA MATR\u00cdCULA \u2013 PRM EM GINECOLOGIA E OBSTETR\u00cdCIA<\/a> (31\/01\/2025)<\/p>\n<p><a href=\"https:\/\/wp.ufpel.edu.br\/coreme\/files\/2025\/02\/5a-CHAMADA-1.pdf\">5\u00aa CHAMADA \u2013 CONVOCA\u00c7\u00c3O PARA MATR\u00cdCULA \u2013 PRM EM GINECOLOGIA E OBSTETR\u00cdCIA<\/a> (04\/02\/2025)<\/p>\n<p><a href=\"https:\/\/wp.ufpel.edu.br\/coreme\/files\/2025\/02\/6a-CHAMADA.pdf\">6\u00aa CHAMADA \u2013 CONVOCA\u00c7\u00c3O PARA MATR\u00cdCULA \u2013 PRM EM GINECOLOGIA E OBSTETR\u00cdCIA<\/a> (06\/02\/2025)<\/p>\n<p><a href=\"https:\/\/wp.ufpel.edu.br\/coreme\/files\/2025\/02\/7a-CHAMADA.pdf\">7\u00aa CHAMADA \u2013 CONVOCA\u00c7\u00c3O PARA MATR\u00cdCULA \u2013 PRM EM GINECOLOGIA E OBSTETR\u00cdCIA<\/a> (06\/02\/2025)<\/p>\n<p><a href=\"https:\/\/wp.ufpel.edu.br\/coreme\/files\/2025\/02\/8a-CHAMADA-1.pdf\">8\u00aa CHAMADA \u2013 CONVOCA\u00c7\u00c3O PARA MATR\u00cdCULA \u2013 PRM EM GINECOLOGIA E OBSTETR\u00cdCIA<\/a> (12\/02\/2025)<\/p>\n<p><a href=\"https:\/\/wp.ufpel.edu.br\/coreme\/files\/2025\/02\/9a-CHAMADA-1.pdf\">9\u00aa CHAMADA \u2013 CONVOCA\u00c7\u00c3O PARA MATR\u00cdCULA \u2013 PRM EM GINECOLOGIA E OBSTETR\u00cdCIA<\/a> (14\/02\/2025)<\/p>\n<p><a href=\"https:\/\/wp.ufpel.edu.br\/coreme\/files\/2025\/02\/10a-CHAMADA-1.pdf\">10\u00aa CHAMADA \u2013 CONVOCA\u00c7\u00c3O PARA MATR\u00cdCULA \u2013 PRM EM GINECOLOGIA E OBSTETR\u00cdCIA<\/a> (19\/02\/2025)<\/p>\n<p><a href=\"https:\/\/wp.ufpel.edu.br\/coreme\/files\/2025\/02\/11a-CHAMADA.pdf\">11\u00aa CHAMADA \u2013 CONVOCA\u00c7\u00c3O PARA MATR\u00cdCULA \u2013 PRM EM GINECOLOGIA E OBSTETR\u00cdCIA<\/a> (19\/02\/2025)<\/p>\n","protected":false},"excerpt":{"rendered":"<p>CLASSIFICA\u00c7\u00c3O PRELIMINAR \u2013 PRM EM GINECOLOGIA E OBSTETR\u00cdCIA CLASSIFICA\u00c7\u00c3O FINAL \u2013 PRM EM GINECOLOGIA E OBSTETR\u00cdCIA 1\u00aa CHAMADA &#8211; CONVOCA\u00c7\u00c3O PARA MATR\u00cdCULA &#8211; PRM EM GINECOLOGIA E OBSTETR\u00cdCIA (23\/01\/2025) 2\u00aa CHAMADA \u2013 CONVOCA\u00c7\u00c3O PARA MATR\u00cdCULA \u2013 PRM EM GINECOLOGIA E OBSTETR\u00cdCIA (27\/01\/2025) 3\u00aa CHAMADA \u2013 CONVOCA\u00c7\u00c3O PARA MATR\u00cdCULA \u2013 PRM EM GINECOLOGIA E OBSTETR\u00cdCIA (29\/01\/2025) [&hellip;]<\/p>\n","protected":false},"author":1322,"featured_media":0,"parent":0,"menu_order":0,"comment_status":"closed","ping_status":"closed","template":"","meta":{"footnotes":""},"class_list":["post-371","page","type-page","status-publish","hentry"],"_links":{"self":[{"href":"https:\/\/wp.ufpel.edu.br\/coreme\/wp-json\/wp\/v2\/pages\/371","targetHints":{"allow":["GET"]}}],"collection":[{"href":"https:\/\/wp.ufpel.edu.br\/coreme\/wp-json\/wp\/v2\/pages"}],"about":[{"href":"https:\/\/wp.ufpel.edu.br\/coreme\/wp-json\/wp\/v2\/types\/page"}],"author":[{"embeddable":true,"href":"https:\/\/wp.ufpel.edu.br\/coreme\/wp-json\/wp\/v2\/users\/1322"}],"replies":[{"embeddable":true,"href":"https:\/\/wp.ufpel.edu.br\/coreme\/wp-json\/wp\/v2\/comments?post=371"}],"version-history":[{"count":21,"href":"https:\/\/wp.ufpel.edu.br\/coreme\/wp-json\/wp\/v2\/pages\/371\/revisions"}],"predecessor-version":[{"id":750,"href":"https:\/\/wp.ufpel.edu.br\/coreme\/wp-json\/wp\/v2\/pages\/371\/revisions\/750"}],"wp:attachment":[{"href":"https:\/\/wp.ufpel.edu.br\/coreme\/wp-json\/wp\/v2\/media?parent=371"}],"curies":[{"name":"wp","href":"https:\/\/api.w.org\/{rel}","templated":true}]}}