{"id":213,"date":"2019-05-29T10:08:51","date_gmt":"2019-05-29T13:08:51","guid":{"rendered":"https:\/\/wp.ufpel.edu.br\/coplan\/?page_id=213"},"modified":"2020-09-09T11:48:37","modified_gmt":"2020-09-09T14:48:37","slug":"notas-e-manifestacoes-oficiais","status":"publish","type":"page","link":"https:\/\/wp.ufpel.edu.br\/coplan\/notas-e-manifestacoes-oficiais\/","title":{"rendered":"Notas e Manifesta\u00e7\u00f5es Oficiais"},"content":{"rendered":"<ul>\n<li><strong><a href=\"https:\/\/wp.ufpel.edu.br\/coplan\/files\/2020\/09\/Nota-Publica-COPLAN-em-9-9-2020.pdf\">Nota P\u00fablica COPLAN em 9 de setembro de 2020<\/a>.\u00a0<\/strong><\/li>\n<\/ul>\n<p>&nbsp;<\/p>\n<ul>\n<li><strong><a href=\"https:\/\/wp.ufpel.edu.br\/coplan\/files\/2019\/05\/Manifesta\u00e7\u00e3o-do-COPLAN-\u00e0-cerca-dos-cortes-or\u00e7ament\u00e1rio-nas-IFES.pdf\">Manifesta\u00e7\u00e3o do COPLAN \u00e0 cerca dos cortes or\u00e7ament\u00e1rio nas IFES<\/a><\/strong><\/li>\n<\/ul>\n<p>&nbsp;<\/p>\n<ul>\n<li><strong>Divulga\u00e7\u00e3o do COPLAN na FENADOCE<\/strong><\/li>\n<\/ul>\n<p>No dia 20 de junho de 2019 foi realizada entrevista de divulga\u00e7\u00e3o do COPLAN no est\u00fadio m\u00f3vel da r\u00e1dio Federal FM montado no estande da UFPel durante o per\u00edodo de realiza\u00e7\u00e3o da FENADOCE. Na oportunidade o Comit\u00ea Articulador do COPLAN foi representado por uma comiss\u00e3o formada na reuni\u00e3o do 13 de junho de 2019, de acordo com a disponibilidade dos Conselheiros.<\/p>\n<p>Escute abaixo o \u00e1udio da entrevista.<\/p>\n<audio class=\"wp-audio-shortcode\" id=\"audio-213-1\" preload=\"none\" style=\"width: 100%;\" controls=\"controls\"><source type=\"audio\/mpeg\" src=\"https:\/\/wp.ufpel.edu.br\/coplan\/files\/2019\/06\/\u00e1udio-divulga\u00e7\u00e3o-COPLAN.mp3?_=1\" \/><a href=\"https:\/\/wp.ufpel.edu.br\/coplan\/files\/2019\/06\/\u00e1udio-divulga\u00e7\u00e3o-COPLAN.mp3\">https:\/\/wp.ufpel.edu.br\/coplan\/files\/2019\/06\/\u00e1udio-divulga\u00e7\u00e3o-COPLAN.mp3<\/a><\/audio>\n<p>&nbsp;<\/p>\n<ul>\n<li><strong>Participa\u00e7\u00e3o do COPLAN no programa &#8220;Em Pauta&#8221; da R\u00e1dio Federal FM para divulga\u00e7\u00e3o do Conselho e do Or\u00e7amento Participativo da UFPel<\/strong><\/li>\n<\/ul>\n<p>Os dois representantes titulares da categoria Discentes no Comit\u00ea Articulador do COPLAN, Assucena Saldanha Maio Silvano e Victor Hugo Santos de Oliveira, al\u00e9m do organizador do COPLAN, participaram do programa em pauta da R\u00e1dio Federal FM. Na entrevista os conselheiros abordaram resumidamente como funciona o COPLAN, por\u00e9m o foco principal foi a explica\u00e7\u00e3o da metodologia criada pelo COPLAN para o Or\u00e7amento Participativo da UFPel. Foi apontado tamb\u00e9m a grande import\u00e2ncia da participa\u00e7\u00e3o da comunidade acad\u00eamica e de que maneira esta poder\u00e1 participar.<\/p>\n<p>Escute a entrevista na \u00edntegra abaixo.<\/p>\n<audio class=\"wp-audio-shortcode\" id=\"audio-213-2\" preload=\"none\" style=\"width: 100%;\" controls=\"controls\"><source type=\"audio\/mpeg\" src=\"https:\/\/wp.ufpel.edu.br\/coplan\/files\/2019\/11\/em-pauta-Federal-FM.mp3?_=2\" \/><a href=\"https:\/\/wp.ufpel.edu.br\/coplan\/files\/2019\/11\/em-pauta-Federal-FM.mp3\">https:\/\/wp.ufpel.edu.br\/coplan\/files\/2019\/11\/em-pauta-Federal-FM.mp3<\/a><\/audio>\n<p>&nbsp;<\/p>\n<ul>\n<li><strong><a href=\"https:\/\/wp.ufpel.edu.br\/coplan\/files\/2019\/12\/FUTURE-SE-Manifesta\u00e7\u00e3o-do-COPLAN-em-novembro-de-2019.pdf\">Manifesta\u00e7\u00e3o do COPLAN acerca da segunda edi\u00e7\u00e3o do Projeto FUTURE-SE<\/a><\/strong><\/li>\n<\/ul>\n","protected":false},"excerpt":{"rendered":"<p>Nota P\u00fablica COPLAN em 9 de setembro de 2020.\u00a0 &nbsp; Manifesta\u00e7\u00e3o do COPLAN \u00e0 cerca dos cortes or\u00e7ament\u00e1rio nas IFES &nbsp; Divulga\u00e7\u00e3o do COPLAN na FENADOCE No dia 20 de junho de 2019 foi realizada entrevista de divulga\u00e7\u00e3o do COPLAN no est\u00fadio m\u00f3vel da r\u00e1dio Federal FM montado no estande da UFPel durante o per\u00edodo [&hellip;]<\/p>\n","protected":false},"author":885,"featured_media":0,"parent":0,"menu_order":0,"comment_status":"closed","ping_status":"closed","template":"","meta":{"footnotes":""},"class_list":["post-213","page","type-page","status-publish","hentry"],"_links":{"self":[{"href":"https:\/\/wp.ufpel.edu.br\/coplan\/wp-json\/wp\/v2\/pages\/213","targetHints":{"allow":["GET"]}}],"collection":[{"href":"https:\/\/wp.ufpel.edu.br\/coplan\/wp-json\/wp\/v2\/pages"}],"about":[{"href":"https:\/\/wp.ufpel.edu.br\/coplan\/wp-json\/wp\/v2\/types\/page"}],"author":[{"embeddable":true,"href":"https:\/\/wp.ufpel.edu.br\/coplan\/wp-json\/wp\/v2\/users\/885"}],"replies":[{"embeddable":true,"href":"https:\/\/wp.ufpel.edu.br\/coplan\/wp-json\/wp\/v2\/comments?post=213"}],"version-history":[{"count":7,"href":"https:\/\/wp.ufpel.edu.br\/coplan\/wp-json\/wp\/v2\/pages\/213\/revisions"}],"predecessor-version":[{"id":436,"href":"https:\/\/wp.ufpel.edu.br\/coplan\/wp-json\/wp\/v2\/pages\/213\/revisions\/436"}],"wp:attachment":[{"href":"https:\/\/wp.ufpel.edu.br\/coplan\/wp-json\/wp\/v2\/media?parent=213"}],"curies":[{"name":"wp","href":"https:\/\/api.w.org\/{rel}","templated":true}]}}