{"id":190,"date":"2019-05-20T13:17:26","date_gmt":"2019-05-20T16:17:26","guid":{"rendered":"https:\/\/wp.ufpel.edu.br\/coplan\/?page_id=190"},"modified":"2023-11-13T17:23:35","modified_gmt":"2023-11-13T20:23:35","slug":"convocacoes","status":"publish","type":"page","link":"https:\/\/wp.ufpel.edu.br\/coplan\/convocacoes\/","title":{"rendered":"Convoca\u00e7\u00f5es"},"content":{"rendered":"<h3>2019<\/h3>\n<p><a href=\"https:\/\/wp.ufpel.edu.br\/coplan\/files\/2019\/05\/Convoca\u00e7\u00e3o-01.pdf\">Convoca\u00e7\u00e3o 01 de 2019<\/a><\/p>\n<p><a href=\"https:\/\/wp.ufpel.edu.br\/coplan\/files\/2019\/05\/Convoca\u00e7\u00e3o-02.pdf\">Convoca\u00e7\u00e3o 02 de 2019<\/a><\/p>\n<p><a href=\"https:\/\/wp.ufpel.edu.br\/coplan\/files\/2019\/05\/Convoca\u00e7\u00e3o-02-Retifica\u00e7\u00e3o.pdf\">Convoca\u00e7\u00e3o 02 de 2019 &#8211; Retifica\u00e7\u00e3o<\/a><\/p>\n<p><a href=\"https:\/\/wp.ufpel.edu.br\/coplan\/files\/2019\/05\/Convoca\u00e7\u00e3o-03-2019.pdf\">Convoca\u00e7\u00e3o 03 de 2019<\/a><\/p>\n<p><a href=\"https:\/\/wp.ufpel.edu.br\/coplan\/files\/2019\/06\/Convoca\u00e7\u00e3o-04-2019.pdf\">Convoca\u00e7\u00e3o 04 de 2019<\/a><\/p>\n<p><a href=\"https:\/\/wp.ufpel.edu.br\/coplan\/files\/2019\/07\/Convoca\u00e7\u00e3o-05-2019.pdf\">Convoca\u00e7\u00e3o 05 de 2019<\/a><\/p>\n<p><a href=\"https:\/\/wp.ufpel.edu.br\/coplan\/files\/2019\/08\/Convoca\u00e7\u00e3o-06-2019.pdf\">Convoca\u00e7\u00e3o 06 de 2019<\/a><\/p>\n<p><a href=\"https:\/\/wp.ufpel.edu.br\/coplan\/files\/2019\/09\/SEI_UFPel-0692802-Convoca\u00e7\u00e3o.pdf\">Convoca\u00e7\u00e3o 07 de 2019<\/a><\/p>\n<p><a href=\"https:\/\/wp.ufpel.edu.br\/coplan\/files\/2019\/10\/SEI_UFPel-0729519-Convoca\u00e7\u00e3o.pdf\">Convoca\u00e7\u00e3o 08 de 2019<\/a><\/p>\n<p><a href=\"https:\/\/wp.ufpel.edu.br\/coplan\/files\/2019\/10\/Convoca\u00e7\u00e3o-09-de-2019-do-COPLAN.pdf\">Convoca\u00e7\u00e3o 09 de 2019<\/a><\/p>\n<p><a href=\"https:\/\/wp.ufpel.edu.br\/coplan\/files\/2019\/11\/Convoca\u00e7\u00e3o-10-2019.pdf\">Convoca\u00e7\u00e3o 10 de 2019<\/a><\/p>\n<p><a href=\"https:\/\/wp.ufpel.edu.br\/coplan\/files\/2019\/11\/Convoca\u00e7\u00e3o-11-2019.pdf\">Convoca\u00e7\u00e3o 11 de 2019<\/a><\/p>\n<p><a href=\"https:\/\/wp.ufpel.edu.br\/coplan\/files\/2020\/03\/Convoca\u00e7\u00e3o-12-2019.pdf\">Convoca\u00e7\u00e3o 12 de 2019<\/a><\/p>\n<p><a href=\"https:\/\/wp.ufpel.edu.br\/coplan\/files\/2020\/03\/Convoca\u00e7\u00e3o-13-de-2019.pdf\">Convoca\u00e7\u00e3o 13 de 2019<\/a><\/p>\n<p><a href=\"https:\/\/wp.ufpel.edu.br\/coplan\/files\/2020\/03\/Convoca\u00e7\u00e3o-14-de-2019.pdf\">Convoca\u00e7\u00e3o 14 de 2019<\/a><\/p>\n<h3>2020<\/h3>\n<p><a href=\"https:\/\/wp.ufpel.edu.br\/coplan\/files\/2020\/03\/Convoca\u00e7\u00e3o-01-de-2020.pdf\">Convoca\u00e7\u00e3o 01 de 2020<\/a>.<\/p>\n<p><a href=\"https:\/\/wp.ufpel.edu.br\/coplan\/files\/2020\/05\/Convoca\u00e7\u00e3o-02-2020.pdf\">Convoca\u00e7\u00e3o 02 de 2020<\/a>.<\/p>\n<p><a href=\"https:\/\/wp.ufpel.edu.br\/coplan\/files\/2020\/05\/Convoca\u00e7\u00e3o-03-2020.pdf\">Convoca\u00e7\u00e3o 03 de 2020<\/a><\/p>\n<p><a href=\"https:\/\/wp.ufpel.edu.br\/coplan\/files\/2020\/06\/SEI_UFPel-0962468-Convoca\u00e7\u00e3o.pdf\">Convoca\u00e7\u00e3o 04 de 2020<\/a><\/p>\n<h3>2021<\/h3>\n<p><a href=\"https:\/\/wp.ufpel.edu.br\/coplan\/files\/2021\/06\/Convocacao-01-2021.pdf\">Convoca\u00e7\u00e3o 01-2021<\/a><\/p>\n<p><a href=\"https:\/\/wp.ufpel.edu.br\/coplan\/files\/2021\/06\/Convocacao-02-2021.pdf\">Convoca\u00e7\u00e3o 02-2021<\/a><\/p>\n<p><a href=\"https:\/\/wp.ufpel.edu.br\/coplan\/files\/2021\/06\/Convocacao-03-2021.pdf\">Convoca\u00e7\u00e3o 03-2021<\/a><\/p>\n<p><a href=\"https:\/\/wp.ufpel.edu.br\/coplan\/files\/2021\/06\/Convocacao-04-2021.pdf\">Convoca\u00e7\u00e3o 04-2021<\/a><\/p>\n<p><a href=\"https:\/\/wp.ufpel.edu.br\/coplan\/files\/2021\/06\/Convocacao-05-2021.pdf\">Convoca\u00e7\u00e3o 05-2021<\/a><\/p>\n<p><a href=\"https:\/\/wp.ufpel.edu.br\/coplan\/files\/2021\/06\/Convocacao-06-2021-COPLAN.pdf\">Convoca\u00e7\u00e3o 06-2021<\/a><\/p>\n<p><a href=\"https:\/\/wp.ufpel.edu.br\/coplan\/files\/2021\/09\/convocacao-07-2021.pdf\">Convoca\u00e7\u00e3o 07-2021<\/a><\/p>\n<p><a href=\"https:\/\/wp.ufpel.edu.br\/coplan\/files\/2021\/09\/convocacao-08-2021.pdf\">Convoca\u00e7\u00e3o 08-2021<\/a><\/p>\n<p><a href=\"https:\/\/wp.ufpel.edu.br\/coplan\/files\/2021\/09\/convocacao-09-2021.pdf\">Convoca\u00e7\u00e3o 09-2021<\/a><\/p>\n<p><a href=\"https:\/\/wp.ufpel.edu.br\/coplan\/files\/2021\/09\/convocacao-10-2021.pdf\">Convoca\u00e7\u00e3o 10-2021<\/a><\/p>\n<p><a href=\"https:\/\/wp.ufpel.edu.br\/coplan\/files\/2021\/09\/convocacao-11-2021.pdf\">Convoca\u00e7\u00e3o 11-2021<\/a><\/p>\n<p><a href=\"https:\/\/wp.ufpel.edu.br\/coplan\/files\/2021\/09\/convocacao-12-2021.pdf\">Convoca\u00e7\u00e3o 12-2021<\/a><\/p>\n<p><a href=\"https:\/\/wp.ufpel.edu.br\/coplan\/files\/2021\/09\/Convocacao-n.-13-2021.pdf\">Convoca\u00e7\u00e3o 13-2021<\/a><\/p>\n<p><a href=\"https:\/\/wp.ufpel.edu.br\/coplan\/files\/2021\/10\/Convocacao-n.-14.pdf\">Convoca\u00e7\u00e3o 14-2021<\/a><\/p>\n<p><a href=\"https:\/\/wp.ufpel.edu.br\/coplan\/files\/2021\/10\/Convocacao-15-COPLAN.pdf\">Convoca\u00e7\u00e3o 15-2021<\/a><\/p>\n<p><a href=\"https:\/\/wp.ufpel.edu.br\/coplan\/files\/2021\/10\/Convocacao-15-COPLAN-continuacao.pdf\">Convoca\u00e7\u00e3o 15-2021 &#8211; Continua\u00e7\u00e3o<\/a><\/p>\n<p><a href=\"https:\/\/wp.ufpel.edu.br\/coplan\/files\/2021\/11\/convoc15cont.pdf\">Convoca\u00e7\u00e3o 15-2021 &#8211; Continua\u00e7\u00e3o<\/a><\/p>\n<p><a href=\"https:\/\/wp.ufpel.edu.br\/coplan\/files\/2022\/03\/Convocacao-16-2021.pdf\">Convoca\u00e7\u00e3o 16-2021<\/a><\/p>\n<p><a href=\"https:\/\/wp.ufpel.edu.br\/coplan\/files\/2022\/03\/Convocacao-17-2021.pdf\">Convoca\u00e7\u00e3o 17-2021<\/a><\/p>\n<p><a href=\"https:\/\/wp.ufpel.edu.br\/coplan\/files\/2022\/03\/Convocacao-18-2021.pdf\">Convoca\u00e7\u00e3o 18-2021<\/a><\/p>\n<p><a href=\"https:\/\/wp.ufpel.edu.br\/coplan\/files\/2022\/03\/Convocacao-19-2021.pdf\">Convoca\u00e7\u00e3o 19-2021<\/a><\/p>\n<p><a href=\"https:\/\/wp.ufpel.edu.br\/coplan\/files\/2022\/03\/Convocacao-20-2021.pdf\">Convoca\u00e7\u00e3o 20-2021<\/a><\/p>\n<p><a href=\"https:\/\/wp.ufpel.edu.br\/coplan\/files\/2022\/03\/Convocacao-21-2021.pdf\">Convoca\u00e7\u00e3o 21-2021<\/a><\/p>\n<p><a href=\"https:\/\/wp.ufpel.edu.br\/coplan\/files\/2022\/05\/Convocacao-22-2021.pdf\">Convoca\u00e7\u00e3o 22-2021<\/a><\/p>\n<p><a href=\"https:\/\/wp.ufpel.edu.br\/coplan\/files\/2022\/05\/Convocacao-23-2021.pdf\">Convoca\u00e7\u00e3o 23-2021<\/a><\/p>\n<p><a href=\"https:\/\/wp.ufpel.edu.br\/coplan\/files\/2022\/05\/Convocacao-24-2021.pdf\">Convoca\u00e7\u00e3o 24-2021<\/a><\/p>\n<h3>2022<\/h3>\n<p><a href=\"https:\/\/wp.ufpel.edu.br\/coplan\/files\/2022\/03\/Convocacao-01-2022.pdf\">Convoca\u00e7\u00e3o 01-2022<\/a><\/p>\n<p><a href=\"https:\/\/wp.ufpel.edu.br\/coplan\/files\/2022\/03\/Convocacao-02-2022.pdf\">Convoca\u00e7\u00e3o 02-2022<\/a><\/p>\n<p><a href=\"https:\/\/wp.ufpel.edu.br\/coplan\/files\/2022\/05\/Convocacao-03-2022.pdf\">Convoca\u00e7\u00e3o 03-2022<\/a><\/p>\n<p><strong>2023<\/strong><\/p>\n<p><a href=\"https:\/\/wp.ufpel.edu.br\/coplan\/files\/2023\/09\/SEI_UFPel-2212767-Convocacao01-23.pdf\">Convoca\u00e7\u00e3o 01-23<\/a><\/p>\n<p><a href=\"https:\/\/wp.ufpel.edu.br\/coplan\/files\/2023\/09\/SEI_UFPel-2299104-Convocacao-02-23.pdf\">Convoca\u00e7\u00e3o 02-23<\/a><\/p>\n<p><a href=\"https:\/\/wp.ufpel.edu.br\/coplan\/files\/2023\/09\/SEI_UFPel-2308579-Convocacao-03-23.pdf\">Convoca\u00e7\u00e3o 03-23<\/a><\/p>\n<p><a href=\"https:\/\/wp.ufpel.edu.br\/coplan\/files\/2023\/09\/SEI_UFPel-2335974-Convocacao-04-23.pdf\">Convoca\u00e7\u00e3o 04-23<\/a><\/p>\n<p><a href=\"https:\/\/wp.ufpel.edu.br\/coplan\/files\/2023\/09\/SEI_UFPel-2349055-Convocacao-05-23.pdf\">Convoca\u00e7\u00e3o 05-23<\/a><\/p>\n<p><a href=\"https:\/\/wp.ufpel.edu.br\/coplan\/files\/2023\/09\/SEI_UFPel-2349676-Convocacao6.pdf\">Convoca\u00e7\u00e3o 06-23<\/a><\/p>\n<p><a href=\"https:\/\/wp.ufpel.edu.br\/coplan\/files\/2023\/09\/SEI_UFPel-2352000-Convocacao7.pdf\">Convoca\u00e7\u00e3o 07-23<\/a><\/p>\n<p><a href=\"https:\/\/wp.ufpel.edu.br\/coplan\/files\/2023\/11\/SEI_UFPel-2369482-Convocacao.pdf\">Convoca\u00e7\u00e3o 08-23<\/a><\/p>\n<p><a href=\"https:\/\/wp.ufpel.edu.br\/coplan\/files\/2023\/11\/SEI_UFPel-2421310-Convocacao.pdf\">Convoca\u00e7\u00e3o 09-23<\/a><\/p>\n<p><a href=\"https:\/\/wp.ufpel.edu.br\/coplan\/files\/2023\/11\/SEI_UFPel-2421356-Despachoerrata.pdf\">Convoca\u00e7\u00e3o 09\/23 &#8211; errata<\/a><\/p>\n","protected":false},"excerpt":{"rendered":"<p>2019 Convoca\u00e7\u00e3o 01 de 2019 Convoca\u00e7\u00e3o 02 de 2019 Convoca\u00e7\u00e3o 02 de 2019 &#8211; Retifica\u00e7\u00e3o Convoca\u00e7\u00e3o 03 de 2019 Convoca\u00e7\u00e3o 04 de 2019 Convoca\u00e7\u00e3o 05 de 2019 Convoca\u00e7\u00e3o 06 de 2019 Convoca\u00e7\u00e3o 07 de 2019 Convoca\u00e7\u00e3o 08 de 2019 Convoca\u00e7\u00e3o 09 de 2019 Convoca\u00e7\u00e3o 10 de 2019 Convoca\u00e7\u00e3o 11 de 2019 Convoca\u00e7\u00e3o 12 de 2019 [&hellip;]<\/p>\n","protected":false},"author":885,"featured_media":0,"parent":0,"menu_order":0,"comment_status":"closed","ping_status":"closed","template":"","meta":{"footnotes":""},"class_list":["post-190","page","type-page","status-publish","hentry"],"_links":{"self":[{"href":"https:\/\/wp.ufpel.edu.br\/coplan\/wp-json\/wp\/v2\/pages\/190","targetHints":{"allow":["GET"]}}],"collection":[{"href":"https:\/\/wp.ufpel.edu.br\/coplan\/wp-json\/wp\/v2\/pages"}],"about":[{"href":"https:\/\/wp.ufpel.edu.br\/coplan\/wp-json\/wp\/v2\/types\/page"}],"author":[{"embeddable":true,"href":"https:\/\/wp.ufpel.edu.br\/coplan\/wp-json\/wp\/v2\/users\/885"}],"replies":[{"embeddable":true,"href":"https:\/\/wp.ufpel.edu.br\/coplan\/wp-json\/wp\/v2\/comments?post=190"}],"version-history":[{"count":35,"href":"https:\/\/wp.ufpel.edu.br\/coplan\/wp-json\/wp\/v2\/pages\/190\/revisions"}],"predecessor-version":[{"id":799,"href":"https:\/\/wp.ufpel.edu.br\/coplan\/wp-json\/wp\/v2\/pages\/190\/revisions\/799"}],"wp:attachment":[{"href":"https:\/\/wp.ufpel.edu.br\/coplan\/wp-json\/wp\/v2\/media?parent=190"}],"curies":[{"name":"wp","href":"https:\/\/api.w.org\/{rel}","templated":true}]}}