{"id":219,"date":"2014-03-01T12:27:01","date_gmt":"2014-03-01T15:27:01","guid":{"rendered":"https:\/\/wp.ufpel.edu.br\/conill\/?page_id=219"},"modified":"2021-03-04T19:02:15","modified_gmt":"2021-03-04T22:02:15","slug":"depto-ciencias-sociais-agrarias","status":"publish","type":"page","link":"https:\/\/wp.ufpel.edu.br\/conill\/sobre\/depto-ciencias-sociais-agrarias\/","title":{"rendered":"Depto. Ci\u00eancias Sociais Agr\u00e1rias"},"content":{"rendered":"<div style=\"width: 398px\" class=\"wp-caption aligncenter\"><img data-recalc-dims=\"1\" class=\" \" src=\"https:\/\/i0.wp.com\/ccs.ufpel.edu.br\/wp\/wp-content\/uploads\/2010\/02\/salas-csociais-e-agrarias.JPG?resize=388%2C259\" alt=\"\" width=\"388\" height=\"259\" \/><p class=\"wp-caption-text\">Depto. de Ci\u00eancias Sociais Agr\u00e1rias<\/p><\/div>\n<p>Criado por iniciativa do Prof. Paulo Tholozan Dias da Costa, em 1971, o Departamento de Ci\u00eancias Sociais Agr\u00e1rias \u00e9 um dos sete departamentos constitutivos da centen\u00e1ria Faculdade de Agronomia Eliseu Maciel. Desenvolve atividades de ensino, pesquisa e extens\u00e3o no \u00e2mbito da Sociologia, Economia, Administra\u00e7\u00e3o, Planejamento e Comunica\u00e7\u00e3o Rural. Desde sua funda\u00e7\u00e3o caracteriza-se por ser um \u00f3rg\u00e3o que contribui \u00e0 forma\u00e7\u00e3o acad\u00eamica em diversos cursos, dentre eles, Agronomia, Medicina Veterin\u00e1ria e Zootecnia e Engenharia Agr\u00edcola. Contribui com diversos Programas de P\u00f3s Gradua\u00e7\u00e3o, dentre eles, Sistemas de Produ\u00e7\u00e3o Agr\u00edcola Familiar e Desenvolvimento Territorial e Sistemas Agroindustriais.<\/p>\n<p>Fonte: adaptado de\u00a0www2.ufpel.edu.br\/faem\/dcsa\/<\/p>\n","protected":false},"excerpt":{"rendered":"<p>Criado por iniciativa do Prof. Paulo Tholozan Dias da Costa, em 1971, o Departamento de Ci\u00eancias Sociais Agr\u00e1rias \u00e9 um dos sete departamentos constitutivos da centen\u00e1ria Faculdade de Agronomia Eliseu Maciel. Desenvolve atividades de ensino, pesquisa e extens\u00e3o no \u00e2mbito da Sociologia, Economia, Administra\u00e7\u00e3o, Planejamento e Comunica\u00e7\u00e3o Rural. Desde sua funda\u00e7\u00e3o caracteriza-se por ser um [&hellip;]<\/p>\n","protected":false},"author":367,"featured_media":0,"parent":36,"menu_order":2,"comment_status":"closed","ping_status":"closed","template":"","meta":{"jetpack_post_was_ever_published":false,"footnotes":""},"class_list":["post-219","page","type-page","status-publish","hentry"],"jetpack_sharing_enabled":true,"jetpack_shortlink":"https:\/\/wp.me\/P6RZcY-3x","_links":{"self":[{"href":"https:\/\/wp.ufpel.edu.br\/conill\/wp-json\/wp\/v2\/pages\/219","targetHints":{"allow":["GET"]}}],"collection":[{"href":"https:\/\/wp.ufpel.edu.br\/conill\/wp-json\/wp\/v2\/pages"}],"about":[{"href":"https:\/\/wp.ufpel.edu.br\/conill\/wp-json\/wp\/v2\/types\/page"}],"author":[{"embeddable":true,"href":"https:\/\/wp.ufpel.edu.br\/conill\/wp-json\/wp\/v2\/users\/367"}],"replies":[{"embeddable":true,"href":"https:\/\/wp.ufpel.edu.br\/conill\/wp-json\/wp\/v2\/comments?post=219"}],"version-history":[{"count":7,"href":"https:\/\/wp.ufpel.edu.br\/conill\/wp-json\/wp\/v2\/pages\/219\/revisions"}],"predecessor-version":[{"id":835,"href":"https:\/\/wp.ufpel.edu.br\/conill\/wp-json\/wp\/v2\/pages\/219\/revisions\/835"}],"up":[{"embeddable":true,"href":"https:\/\/wp.ufpel.edu.br\/conill\/wp-json\/wp\/v2\/pages\/36"}],"wp:attachment":[{"href":"https:\/\/wp.ufpel.edu.br\/conill\/wp-json\/wp\/v2\/media?parent=219"}],"curies":[{"name":"wp","href":"https:\/\/api.w.org\/{rel}","templated":true}]}}