{"id":145,"date":"2023-12-20T10:32:11","date_gmt":"2023-12-20T13:32:11","guid":{"rendered":"https:\/\/wp.ufpel.edu.br\/confins\/?page_id=145"},"modified":"2023-12-21T08:46:25","modified_gmt":"2023-12-21T11:46:25","slug":"os-antecedentes","status":"publish","type":"page","link":"https:\/\/wp.ufpel.edu.br\/confins\/os-antecedentes\/","title":{"rendered":"os antecedentes"},"content":{"rendered":"<p>Principal antecedente da pesquisa \u00e9 o projeto em fase de finaliza\u00e7\u00e3o: <span style=\"color: #33cccc;\"><strong>Caminhografia Urbana<\/strong><\/span>, financiada pelo <strong>Edital FAPERGS 07\/2021\u00a0<\/strong><strong>Programa Pesquisador Ga\u00facho \u2013 PqG<\/strong><\/p>\n<p><a href=\"https:\/\/wp.ufpel.edu.br\/caminhografiaurbana\/\" target=\"_blank\" rel=\"noopener\"><img loading=\"lazy\" decoding=\"async\" class=\"alignnone wp-image-330\" src=\"https:\/\/wp.ufpel.edu.br\/confins\/files\/2023\/12\/incones-confins-200x200.jpg\" alt=\"\" width=\"150\" height=\"150\" srcset=\"https:\/\/wp.ufpel.edu.br\/confins\/files\/2023\/12\/incones-confins-200x200.jpg 200w, https:\/\/wp.ufpel.edu.br\/confins\/files\/2023\/12\/incones-confins-100x100.jpg 100w, https:\/\/wp.ufpel.edu.br\/confins\/files\/2023\/12\/incones-confins.jpg 250w\" sizes=\"auto, (max-width: 150px) 100vw, 150px\" \/><\/a><\/p>\n<p><span style=\"color: #33cccc;\"><b>Infraestrutura Institucional para Execu\u00e7\u00e3o do Projeto<\/b><\/span><\/p>\n<p><span style=\"font-weight: 400;\">Nacionalmente este projeto conta com a colabora\u00e7\u00e3o de pesquisadores de tr\u00eas universidades federais: UFPel, UFRGS e UNIFESSPA.<\/span><\/p>\n<p><strong>Laborat\u00f3rio de Urbanismo, da Faculdade de Arquitetura e Urbanismo\/UFPel\u00a0\u00a0(<a href=\"https:\/\/wp.ufpel.edu.br\/laburb\/\">https:\/\/wp.ufpel.edu.br\/laburb\/<\/a>), Programa de P\u00f3s-gradua\u00e7\u00e3o em Arquitetura e Urbanismo\/UFPel (<a href=\"https:\/\/wp.ufpel.edu.br\/prograu\/\">https:\/\/wp.ufpel.edu.br\/prograu\/<\/a>) e Grupo de Pesquisa Cidade+Contemporaneidade (<a href=\"https:\/\/wp.ufpel.edu.br\/cmaisc\/\">https:\/\/wp.ufpel.edu.br\/cmaisc\/<\/a>)<\/strong><\/p>\n<p><span style=\"font-weight: 400;\">Sede da coordena\u00e7\u00e3o geral do projeto, conta com o apoio t\u00e9cnico e a infraestrutura alocados em espa\u00e7o f\u00edsico pr\u00f3prio. No LabUrb circulam acad\u00eamicos, estagi\u00e1rios, bolsistas e colaboradores volunt\u00e1rios de gradua\u00e7\u00e3o engajados em diversos projetos de ensino, pesquisa e extens\u00e3o (financiados pela CAPES, CNPQ e FAPERGS), muitos relacionados com a aplica\u00e7\u00e3o de softwares, al\u00e9m de alunos de p\u00f3s-gradua\u00e7\u00e3o, atualmente testando e aplicando softwares em diferentes abordagens investigativas do sistema urbano. Fazem parte do corpo de pesquisadores, 8 professores doutores com dedica\u00e7\u00e3o exclusiva, resultando num grande n\u00famero de publica\u00e7\u00f5es em peri\u00f3dicos e livros cient\u00edficos. No LabUrb, al\u00e9m do desenvolvimento do App+Sa\u00fade (http:\/\/appsaude.wixsite.com\/argbr), destacam-se os seguintes softwares: o UrbanMetrics (http:\/\/wp.ufpel.edu.br\/urbanmetrics\/); o CityCell Urban Growth Simulator (http:\/\/wp.ufpel.edu.br\/citycell\/) e o PeopleGrid (http:\/\/www.peoplegrid.com.br\/).\u00a0<\/span><span style=\"font-weight: 400;\">\u00a0\u00a0\u00a0\u00a0\u00a0\u00a0<\/span><\/p>\n<p><strong>Curso de Licenciatura em Artes Visuais\/UNIFESSPA (<a href=\"https:\/\/artesvisuais.unifesspa.edu.br\">https:\/\/artesvisuais.unifesspa.edu.br<\/a>)<\/strong><\/p>\n<p><span style=\"font-weight: 400;\">A produ\u00e7\u00e3o docente e discente trazida para este Curso de Licenciatura em Artes Visuais revela, nesta nova universidade na Amaz\u00f4nia paraense, a atitude de fugir ao isolamento e buscar a assimila\u00e7\u00e3o e o di\u00e1logo com as reflex\u00f5es atualmente desenvolvidas em outros centros acad\u00eamicos, nacionais e estrangeiros. Sob a diretriz de promover a forma\u00e7\u00e3o de cidad\u00e3os de modo a capacit\u00e1-los aos valores humanos, \u00e9ticos e morais em suas rela\u00e7\u00f5es pessoais e profissionais, tendo por base cient\u00edfica e tecnol\u00f3gica o vi\u00e9s necess\u00e1rio para um bom desempenho aut\u00f4nomo, cr\u00edtico e contextualizado na sua vida profissional, conforme os termos do Regulamento de Ensino de Gradua\u00e7\u00e3o da UNIFESSPA. Por fim, tamb\u00e9m assegurando ao profissional do ensino das artes visuais o seu lugar nos processos de transforma\u00e7\u00e3o social e econ\u00f4mica do ambiente regional em que se insere.<\/span><\/p>\n<p><strong>Grupo de Pesquisa Deslocamentos, Observ\u00e2ncias e Cartografias Contempor\u00e2neas &#8211; DESLOCC (CNPq\/UFPel) (<a href=\"https:\/\/wp.ufpel.edu.br\/deslocc\/\">https:\/\/wp.ufpel.edu.br\/deslocc\/<\/a>)<\/strong><\/p>\n<p><span style=\"font-weight: 400;\">Vinculado aos Cursos de Gradua\u00e7\u00e3o em Artes Visuais e o Programa de P\u00f3s-Gradua\u00e7\u00e3o em Artes &#8211; PPGARTES do Centro de Artes da Universidade Federal de Pelotas, foi criado em 2012. L\u00edder Profa. Dra. Eduarda A. Gon\u00e7alves e co-l\u00edder Profa. Dra. Alice Monsell. \u00a0 (<\/span><a href=\"https:\/\/wp.ufpel.edu.br\/deslocc\/\"><span style=\"font-weight: 400;\">https:\/\/wp.ufpel.edu.br\/deslocc\/<\/span><\/a><span style=\"font-weight: 400;\">).\u00a0 O coletivo de investigadores dedica-se \u00e0 amplia\u00e7\u00e3o do debate, do estudo das pr\u00e1ticas do deslocamento, da observa\u00e7\u00e3o e da cartografia na produ\u00e7\u00e3o art\u00edstica contempor\u00e2nea, no que tange a investiga\u00e7\u00e3o sobre os processos de cria\u00e7\u00e3o em forma\u00e7\u00e3o e por meio de pr\u00e1ticas de partilha dos artistas, a partir do sul do Brasil. O grupo promove leituras e o contato com pensadores do campo da arte e outros campos do conhecimento que abordam o tema por v\u00e1rios pontos de vista, conceitos e m\u00e9todos. Utilizamos como m\u00e9todo as pr\u00e1ticas de prospec\u00e7\u00e3o em deslocamentos f\u00edsicos pela cidade de Pelotas e regi\u00e3o, a fim de mapear e criar narrativas po\u00e9ticas, fabula\u00e7\u00f5es e imagin\u00e1rios singulares sobre os territ\u00f3rios habitados. Os resultados s\u00e3o amplamente divulgados em exposi\u00e7\u00f5es, a\u00e7\u00f5es art\u00edsticas, anais de eventos, peri\u00f3dicos cient\u00edficos, livros, apresenta\u00e7\u00e3o de trabalhos, palestras e em outros espa\u00e7os e dispositivos de partilha (<\/span><a href=\"http:\/\/dgp.cnpq.br\/dgp\/espelhogrupo\/1045680534893714\"><span style=\"font-weight: 400;\">http:\/\/dgp.cnpq.br\/dgp\/espelhogrupo\/1045680534893714<\/span><\/a><span style=\"font-weight: 400;\">).<\/span><\/p>\n<p><span style=\"color: #33cccc;\"><b>Qualifica\u00e7\u00e3o da Equipe<\/b><\/span><\/p>\n<p><span style=\"font-weight: 400;\">A equipe da pesquisa tem forma\u00e7\u00e3o multidisciplinar, com destaque para os doutores nas \u00e1reas de: arquitetura e urbanismo, antropologia, artes, geografia e planejamento urbano e regional, ecologia, comunica\u00e7\u00e3o e sociologia. Todos com vasta gama de publica\u00e7\u00f5es e estudos diversos no Brasil e exterior; reunidos pela tem\u00e1tica de caminhografar comunidades tradicionais e ribeirinhas, em cidades do interior do Brasil, a fim de dar pistas para pol\u00edticas p\u00fablicas locais, regionais e nacionais.\u00a0<\/span><\/p>\n<p><strong><span style=\"color: #33cccc;\">Destacamos abaixo as produ\u00e7\u00f5es mais importantes da equipe:\u00a0<\/span><\/strong><\/p>\n<p><b>Editora\u00e7\u00e3o de peri\u00f3dico<\/b><\/p>\n<p><span style=\"font-weight: 400;\">OLIVEIRA, Andreia M.; GON\u00c7ALVES, Eduarda &#8211; GON\u00c7ALVES, Duda &#8211; GON\u00c7ALVES, Eduarda Duda; GORCZEVSKI, Deisimer (ORG.). Dossi\u00ea Artes e conv\u00edvio. Revista do Programa de P\u00f3s- Gradua\u00e7\u00e3o em Artes &#8211; PARALELO 31 &#8211; ED. 18 \u2013 junho. Pelotas: UFPel,\u00a0 2022. Dispon\u00edvel em:<\/span><a href=\"https:\/\/periodicos.ufpel.edu.br\/index.php\/paralelo\/issue\/view\/1109\"><span style=\"font-weight: 400;\"> https:\/\/periodicos.ufpel.edu.br\/index.php\/paralelo\/issue\/view\/1109<\/span><\/a><span style=\"font-weight: 400;\">, acessado em 25 de julho de 2022.<\/span><\/p>\n<p><span style=\"font-weight: 400;\">PAESE, Celma; ROCHA, Eduardo (editores). Caminhografia Urbana I e II. <\/span><i><span style=\"font-weight: 400;\">PIXO &#8211; revista de arquitetura, cidade e contemporaneidade, V. 11 e V.12<\/span><\/i><span style=\"font-weight: 400;\">, 2019\/2020. Dispon\u00edvel em: <\/span><a href=\"https:\/\/periodicos.ufpel.edu.br\/ojs2\/index.php\/pixo\/issue\/archive\"><span style=\"font-weight: 400;\">https:\/\/periodicos.ufpel.edu.br\/ojs2\/index.php\/pixo\/issue\/archive<\/span><\/a><\/p>\n<p><b>Artigos em peri\u00f3dicos<\/b><\/p>\n<p><span style=\"font-weight: 400;\">CARDOSO, Silvia Helena dos Santos. S\u00e9rgio Muniz, Roda e Outras Est\u00f3rias. <\/span><i><span style=\"font-weight: 400;\">ESTUDIO<\/span><\/i><span style=\"font-weight: 400;\">, v. 12, p. 123-131, 2021. (Qualis CAPES A2).<\/span><\/p>\n<p><a href=\"http:\/\/lattes.cnpq.br\/6927803856702261\"><span style=\"font-weight: 400;\">ROCHA, E.<\/span><\/a><span style=\"font-weight: 400;\">; RESENDE, L. M. Para-Formal Commerce: a cartography of public space in the Brazil-Uruguay border.<\/span><i><span style=\"font-weight: 400;\"> URBE. REVISTA BRASILEIRA DE GEST\u00c3O URBANA, v. 11<\/span><\/i><span style=\"font-weight: 400;\">, p. 1-16, 2019. Dispon\u00edvel em:<\/span><a href=\"https:\/\/www.scielo.br\/j\/urbe\/a\/tmQpqRR67LQMVdjymBLvgCR\/?lang=en\"><span style=\"font-weight: 400;\">https:\/\/www.scielo.br\/j\/urbe\/a\/tmQpqRR67LQMVdjymBLvgCR\/?lang=en<\/span><\/a><span style=\"font-weight: 400;\">\u00a0 (Qualis CAPES A1).<\/span><\/p>\n<p><span style=\"font-weight: 400;\">GON\u00c7ALVES, Eduarda Duda. O deslocamento como pr\u00e1tica po\u00e9tica no sul do pa\u00eds [PELOTAS] \u2013 DESLOCC. In: Revista da FUNDARTE. , v.36. Montenegro: FUNDARTE, 2018. (QUALIS CAPES A1).<\/span><\/p>\n<p><span style=\"font-weight: 400;\">TETAMANTI, Juan Manuel Diez; ROCHA, Eduardo;<\/span><a href=\"http:\/\/lattes.cnpq.br\/0217953377625520\"><span style=\"font-weight: 400;\"> SANTOS, Glauco Roberto M<\/span><\/a><span style=\"font-weight: 400;\">unsberg; PEIXOTO, J. H. ; NEUTZLING, A. S. ; JAIME, S. F. ; SCHULLER, L. . Desarrollo de un sistema georreferenciado para la gesti\u00f3n, movilidad y monitoreo ambiental en salud comunitaria. <\/span><i><span style=\"font-weight: 400;\">Salud Colectiva<\/span><\/i><span style=\"font-weight: 400;\">, v. 14, p. 121-137, 2018.\u00a0<\/span><\/p>\n<p><span style=\"font-weight: 400;\">TETAMANTI, Juan Manuel Diez;<\/span> <span style=\"font-weight: 400;\">ROCHA, Eduardo. Cartograf\u00eda Social Aplicada a la Intervenci\u00f3n Social en Barrio Dunas, Pelotas, Brasil. <\/span><i><span style=\"font-weight: 400;\">Revista Geografica de America Central <\/span><\/i><span style=\"font-weight: 400;\">(Online), v. 1, p. 97-128, 2016.\u00a0<\/span><\/p>\n<p><b>Livro<\/b><\/p>\n<p><span style=\"font-weight: 400;\">PAESE, Celma. <\/span><i><span style=\"font-weight: 400;\">Caminhando: o caminhar como pr\u00e1tica socioest\u00e9tica &#8211; estudos sobre arquitetura m\u00f3vel<\/span><\/i><span style=\"font-weight: 400;\">. Santa Cruz do Sul: EDUNISC, 2015.<\/span><\/p>\n<p><span style=\"font-weight: 400;\">GON\u00c7ALVES, Eduarda Duda; SILVEIRA, Pedro E. (Ebook) II Deslocc as paisagens cotidianas: descansar e resistir. Exposi\u00e7\u00e3o vinculada ao Grupo de Pesquisa Deslocamentos, Observ\u00e2ncias e Cartografias Contempor\u00e2neas &#8211; DESLOCC (CNPq\/UFPel). Pelotas: N\u00f4made, 2020. Dispon\u00edvel em :<\/span><a href=\"https:\/\/editoranomade.wixsite.com\/website\/post\/e-book-ii-des-loc-c-as-paisagens-cotidianas-descansar-e-resistir\"><span style=\"font-weight: 400;\"> https:\/\/editoranomade.wixsite.com\/website\/post\/e-book-ii-des-loc-c-as-paisagens-cotidianas-descansar-e-resistir<\/span><\/a><span style=\"font-weight: 400;\"> acessada em 23 de julho de 2023.<\/span><\/p>\n<p><b>Exposi\u00e7\u00e3o<\/b><\/p>\n<p><span style=\"font-weight: 400;\">ALFONSO, Louise Prado, et. al (orgs). MARGENS. Grupo de Estudos Etnogr\u00e1ficos e Urbanos (GEUR). Dispon\u00edvel em: <\/span><a href=\"https:\/\/wp.ufpel.edu.br\/margens\/\"><span style=\"font-weight: 400;\">https:\/\/wp.ufpel.edu.br\/margens\/<\/span><\/a><\/p>\n<p><span style=\"font-weight: 400;\">GON\u00c7ALVES, Eduarda Duda.\u00a0 Cart\u00f5es de vista mirante &#8211; trabalho realizado junto ao Grupo de Pesquisa Deslocamentos, Observ\u00e2ncias e Cartografias Contempor\u00e2neas &#8211; DESLOCC (CNPq\/UFPel), 2022. Local Evento: Kilombo Urbano Canto Conex\u00e3o. Cidade do evento: Pelotas. Pa\u00eds: Brasil. Institui\u00e7\u00e3o promotora: UFPel e Kilombo Urbano Canto Conex\u00e3o. Tipo de evento: Exposi\u00e7\u00e3o Coletiva Convite. Dispon\u00edvel em : <\/span><a href=\"https:\/\/wp.ufpel.edu.br\/deslocc\/\"><span style=\"font-weight: 400;\">https:\/\/wp.ufpel.edu.br\/deslocc\/<\/span><\/a><span style=\"font-weight: 400;\">\u00a0<\/span><\/p>\n<p><b>Colabora\u00e7\u00f5es e Parcerias Nacionais<\/b><\/p>\n<p><span style=\"font-weight: 400;\">Grupo de pesquisa Derrida\/Universidade Federal do Rio Grande do Sul (UFRGS) (http:\/\/dgp.cnpq.br\/dgp\/espelhogrupo\/2233234822838385)<\/span><\/p>\n<p><span style=\"font-weight: 400;\">Consultoria e acompanhamento por membros do grupo das a\u00e7\u00f5es realizadas durante o processo de pesquisa. Estudo do pensamento de Jacques Derrida e sua inter-rela\u00e7\u00e3o com a arquitetura, a cidade e representa\u00e7\u00e3o a partir dos conceitos formulados por ele, como: hospitalidade, acolhimento, representa\u00e7\u00e3o, enxerto, acontecimento, interioridade x exterioridade, texto x contexto. O grupo procura, inicialmente, reunir professores arquitetos e fil\u00f3sofos que trabalham direta e indiretamente atrav\u00e9s de suas interconex\u00f5es com o pensamento de Jacques Derrida. Procurou-se estabelecer, dentro das possibilidades a maior diversidade poss\u00edvel entre professores de diferentes Universidades Brasileiras, locais regionais e nacionais (LLPEFIL, UERJ, UFRGS, UFMG, UFPel, UNIVATES, ULBRA, CESUSC, URI). O Grupo compartilha a ideia de que o fen\u00f4meno conhecido como \u201cdesconstrutivismo\u201d na arquitetura (Eisenmann, Tschumi, Gehry, Liebeskind e outros) n\u00e3o guarda correla\u00e7\u00f5es necessariamente com os postulados derridianos (Desconstru\u00e7\u00e3o), mas sim, abre-se para algo mais contundente como o desvelo dos sentidos da arquitetura, e uma retomada da quest\u00e3o da \u00e9tica na arquitetura. Ao contr\u00e1rio do desconstrutivismo, que apregoava uma retirada do homem da cena da arquitetura, a desconstru\u00e7\u00e3o o resgata e o conclama a se tornar o verdadeiro agente da arquitetura. Mas esse homem, no pensamento de Derrida j\u00e1 \u00e9 o \u201coutro\u201d, apontando a uma filosofia da alteridade tamb\u00e9m na arquitetura.\u00a0<\/span><\/p>\n<p><span style=\"font-weight: 400;\">Al\u00e9m de parcerias (cartas de apoio no anexo)\u00a0 com o PIBID, Programa Institucional de Inicia\u00e7\u00e3o \u00e0 Doc\u00eancia\/UFPel,\u00a0 o Museu de Arte Leopoldo Gotuzzo (MALG) , a\u00a0 Prefeitura Municipal de Pelotas e sua Secretaria de Educa\u00e7\u00e3o e; Prefeitura Municipal de Marab\u00e1 e sua Secretaria de Cultura, como agentes para as pol\u00edticas p\u00fablicas locais.<\/span><\/p>\n<p><span style=\"font-weight: 400;\">O PIBID, Programa Institucional de Inicia\u00e7\u00e3o \u00e0 Doc\u00eancia, \u00e9 uma iniciativa para o aperfei\u00e7oamento e a valoriza\u00e7\u00e3o da forma\u00e7\u00e3o de professores para a educa\u00e7\u00e3o b\u00e1sica, com financiamento da CAPES. O programa concede bolsas a alunos de licenciatura participantes de projetos de inicia\u00e7\u00e3o \u00e0 doc\u00eancia desenvolvidos por Institui\u00e7\u00f5es de Educa\u00e7\u00e3o Superior (IES) em parceria com escolas de educa\u00e7\u00e3o b\u00e1sica da rede p\u00fablica de ensino. O curso de Artes Visuais Licenciatura da Universidade Federal de Pelotas participa do programa desde 2011. Atualmente o curso conta com dois n\u00facleos, ambos com coordena\u00e7\u00e3o de \u00e1rea espec\u00edfica exercida por professores vinculados ao colegiado de Artes Visuais Licenciatura. Comp\u00f5e cada um dos n\u00facleos, al\u00e9m dos coordenadores supervisores, 03 professoras da rede b\u00e1sica de ensino, 24 bolsistas e 06 volunt\u00e1rios, totalizando 65 pessoas envolvidas e 06 escolas, da educa\u00e7\u00e3o infantil ao ensino m\u00e9dio, incluindo o ensino de jovens e adultos. https:\/\/wp.ufpel.edu.br\/cec\/programas\/pibid-programa-institucional-de-bolsas-de-iniciacao-a-docencia\/<\/span><\/p>\n<p><span style=\"font-weight: 400;\">O Museu de Arte Leopoldo Gotuzzo (MALG) \u00e9 um museu universit\u00e1rio ligado ao Centro de Artes da Universidade Federal de Pelotas (UFPel), aberto \u00e0 comunidade e sem fins lucrativos. Localizado no centro hist\u00f3rico da cidade, no pr\u00e9dio do antigo Liceu Riograndense, de significativa relev\u00e2ncia hist\u00f3rico-cultural, tanto para a comunidade pelotense como para a universit\u00e1ria. Espa\u00e7o conquistado ap\u00f3s anos de luta institucional, por ter ocupado edifica\u00e7\u00f5es alugadas pela cidade. Possui um acervo de cerca de quatro mil (4000) itens, divididos em oito cole\u00e7\u00f5es, parte delas origin\u00e1rias da extinta Escola de Belas Artes de Pelotas como as cole\u00e7\u00f5es Leopoldo Gotuzzo, Escola de Belas Artes, Faustino Tr\u00e1paga e Jo\u00e3o Gomes de Mello Filho. Ap\u00f3s a funda\u00e7\u00e3o do MALG foram formadas as cole\u00e7\u00f5es S\u00e9culo XX, S\u00e9culo XXI, L.C. Vinholes e Ant\u00f4nio Caringi. Guarda ainda dois fundos arquiv\u00edsticos relativos \u00e0 Escola de Belas Artes e Marina de Moraes Pires. Possui documentos relativos a artistas, especialmente os locais, cat\u00e1logos e bibliografia da \u00e1rea para consulta local. Como Museu Universit\u00e1rio, o MALG atua no ensino, pesquisa e extens\u00e3o, em a\u00e7\u00f5es pr\u00f3prias ou em parceria com os institutos e centros da UFPel. Desenvolve principalmente exposi\u00e7\u00f5es tempor\u00e1rias de seu acervo e de artistas, institui\u00e7\u00f5es e projetos externos atrav\u00e9s de parcerias. Possui tr\u00eas galerias, sendo uma delas dedicada exclusivamente para mostras tempor\u00e1rias relativas ao patrono do museu, Leopoldo Gotuzzo. Tamb\u00e9m a Galeria Marina Moraes Pires, com exposi\u00e7\u00f5es tempor\u00e1rias das outras cole\u00e7\u00f5es, al\u00e9m de artistas e intui\u00e7\u00f5es externas. Por fim, a Galeria Luciana Renck Reis, destinada a exposi\u00e7\u00f5es de curta dura\u00e7\u00e3o. Possui ainda espa\u00e7o destinado a interven\u00e7\u00f5es art\u00edsticas diversas e exposi\u00e7\u00e3o de trabalhos das atividades educativas. Realiza projetos de car\u00e1ter educativo, visando qualificar o acesso da popula\u00e7\u00e3o aos bens art\u00edsticos e culturais. https:\/\/wp.ufpel.edu.br\/malg\/sobre-o-museu\/<\/span><\/p>\n","protected":false},"excerpt":{"rendered":"<p>Principal antecedente da pesquisa \u00e9 o projeto em fase de finaliza\u00e7\u00e3o: Caminhografia Urbana, financiada pelo Edital FAPERGS 07\/2021\u00a0Programa Pesquisador Ga\u00facho \u2013 PqG Infraestrutura Institucional para Execu\u00e7\u00e3o do Projeto Nacionalmente este projeto conta com a colabora\u00e7\u00e3o de pesquisadores de tr\u00eas universidades federais: UFPel, UFRGS e UNIFESSPA. Laborat\u00f3rio de Urbanismo, da Faculdade de Arquitetura e Urbanismo\/UFPel\u00a0\u00a0(https:\/\/wp.ufpel.edu.br\/laburb\/), Programa &hellip; <\/p>\n<p class=\"link-more\"><a href=\"https:\/\/wp.ufpel.edu.br\/confins\/os-antecedentes\/\" class=\"more-link\">Continue lendo<span class=\"screen-reader-text\"> &#8220;os antecedentes&#8221;<\/span><\/a><\/p>\n","protected":false},"author":716,"featured_media":0,"parent":0,"menu_order":0,"comment_status":"closed","ping_status":"closed","template":"","meta":{"footnotes":""},"class_list":["post-145","page","type-page","status-publish","hentry"],"_links":{"self":[{"href":"https:\/\/wp.ufpel.edu.br\/confins\/wp-json\/wp\/v2\/pages\/145","targetHints":{"allow":["GET"]}}],"collection":[{"href":"https:\/\/wp.ufpel.edu.br\/confins\/wp-json\/wp\/v2\/pages"}],"about":[{"href":"https:\/\/wp.ufpel.edu.br\/confins\/wp-json\/wp\/v2\/types\/page"}],"author":[{"embeddable":true,"href":"https:\/\/wp.ufpel.edu.br\/confins\/wp-json\/wp\/v2\/users\/716"}],"replies":[{"embeddable":true,"href":"https:\/\/wp.ufpel.edu.br\/confins\/wp-json\/wp\/v2\/comments?post=145"}],"version-history":[{"count":6,"href":"https:\/\/wp.ufpel.edu.br\/confins\/wp-json\/wp\/v2\/pages\/145\/revisions"}],"predecessor-version":[{"id":370,"href":"https:\/\/wp.ufpel.edu.br\/confins\/wp-json\/wp\/v2\/pages\/145\/revisions\/370"}],"wp:attachment":[{"href":"https:\/\/wp.ufpel.edu.br\/confins\/wp-json\/wp\/v2\/media?parent=145"}],"curies":[{"name":"wp","href":"https:\/\/api.w.org\/{rel}","templated":true}]}}