{"id":633,"date":"2019-04-06T09:20:01","date_gmt":"2019-04-06T12:20:01","guid":{"rendered":"https:\/\/wp.ufpel.edu.br\/computacao\/?page_id=633"},"modified":"2019-04-06T09:20:02","modified_gmt":"2019-04-06T12:20:02","slug":"exppc-explorando-o-pensamento-computacional","status":"publish","type":"page","link":"https:\/\/wp.ufpel.edu.br\/computacao\/extensao\/exppc-explorando-o-pensamento-computacional\/","title":{"rendered":"ExpPC &#8211; Explorando o Pensamento Computacional"},"content":{"rendered":"\n<p>A falta de profissionais bem formados e de m\u00e3o de obra qualificada \u00e9 uma realidade no Brasil. A globaliza\u00e7\u00e3o econ\u00f4mica e as inova\u00e7\u00f5es tecnol\u00f3gicas mudaram o perfil do profissional requerido pelos diversos setores da economia. Um trabalhador \u00e9 cobrado por seu conhecimento, desempenho, colabora\u00e7\u00e3o, criatividade, pensamento cr\u00edtico, responsabilidade e capacidade de solucionar problemas. Concomitante a esta realidade, surge o Pensamento Computacional como uma metodologia para resolver problemas capaz de desenvolver muitas das habilidades requeridas hoje pelo mercado de trabalho. Pensamento Computacional \u00e9 um m\u00e9todo para solu\u00e7\u00e3o de problemas que utiliza como base os fundamentos e t\u00e9cnicas da ci\u00eancia da computa\u00e7\u00e3o. De forma geral, habilidades comumente utilizadas na cria\u00e7\u00e3o de programas computacionais para resolver problemas espec\u00edficos s\u00e3o utilizadas como uma metodologia para resolver problemas de forma geral. Empresas multinacionais apoiaram esta ideia e se empenharam na dissemina\u00e7\u00e3o desta metodologia. Diante destas experi\u00eancias e dos resultados cient\u00edficos j\u00e1 atingidos neste ramo, este projeto prop\u00f5e o desenvolvimento de a\u00e7\u00f5es para promover o Pensamento Computacional em escolas do Ensino Fundamental do munic\u00edpio de Pelotas, como resposta a necessidade de preparar os estudantes de hoje para o mercado de trabalho atual e futuro.<\/p>\n\n\n\n<div class=\"wp-block-button\"><a class=\"wp-block-button__link has-background has-vivid-cyan-blue-background-color\" href=\"https:\/\/institucional.ufpel.edu.br\/projetos\/id\/u250\">Mais informa\u00e7\u00f5es<\/a><\/div>\n","protected":false},"excerpt":{"rendered":"<p>A falta de profissionais bem formados e de m\u00e3o de obra qualificada \u00e9 uma realidade no Brasil. A globaliza\u00e7\u00e3o econ\u00f4mica e as inova\u00e7\u00f5es tecnol\u00f3gicas mudaram o perfil do profissional requerido pelos diversos setores da&#46;&#46;&#46;<\/p>\n","protected":false},"author":881,"featured_media":0,"parent":167,"menu_order":0,"comment_status":"closed","ping_status":"closed","template":"","meta":{"jetpack_post_was_ever_published":false,"footnotes":""},"class_list":["post-633","page","type-page","status-publish","hentry"],"jetpack_sharing_enabled":true,"jetpack_shortlink":"https:\/\/wp.me\/PaGhNl-ad","_links":{"self":[{"href":"https:\/\/wp.ufpel.edu.br\/computacao\/wp-json\/wp\/v2\/pages\/633","targetHints":{"allow":["GET"]}}],"collection":[{"href":"https:\/\/wp.ufpel.edu.br\/computacao\/wp-json\/wp\/v2\/pages"}],"about":[{"href":"https:\/\/wp.ufpel.edu.br\/computacao\/wp-json\/wp\/v2\/types\/page"}],"author":[{"embeddable":true,"href":"https:\/\/wp.ufpel.edu.br\/computacao\/wp-json\/wp\/v2\/users\/881"}],"replies":[{"embeddable":true,"href":"https:\/\/wp.ufpel.edu.br\/computacao\/wp-json\/wp\/v2\/comments?post=633"}],"version-history":[{"count":1,"href":"https:\/\/wp.ufpel.edu.br\/computacao\/wp-json\/wp\/v2\/pages\/633\/revisions"}],"predecessor-version":[{"id":635,"href":"https:\/\/wp.ufpel.edu.br\/computacao\/wp-json\/wp\/v2\/pages\/633\/revisions\/635"}],"up":[{"embeddable":true,"href":"https:\/\/wp.ufpel.edu.br\/computacao\/wp-json\/wp\/v2\/pages\/167"}],"wp:attachment":[{"href":"https:\/\/wp.ufpel.edu.br\/computacao\/wp-json\/wp\/v2\/media?parent=633"}],"curies":[{"name":"wp","href":"https:\/\/api.w.org\/{rel}","templated":true}]}}