{"id":91,"date":"2022-07-24T20:15:50","date_gmt":"2022-07-24T23:15:50","guid":{"rendered":"https:\/\/wp.ufpel.edu.br\/comex\/?page_id=91"},"modified":"2025-12-12T12:36:33","modified_gmt":"2025-12-12T15:36:33","slug":"auxilio-estudantil","status":"publish","type":"page","link":"https:\/\/wp.ufpel.edu.br\/comex\/auxilio-estudantil\/","title":{"rendered":"Aux\u00edlio Estudantil"},"content":{"rendered":"<hr \/>\n<div class=\"embed-container\"><iframe loading=\"lazy\" title=\"UFPel no teu mundo - conhecimento, ci\u00eancia e educa\u00e7\u00e3o para a sociedade. [#09]\" width=\"756\" height=\"425\" src=\"https:\/\/www.youtube.com\/embed\/9DubEh_7sdc?feature=oembed\" frameborder=\"0\" allow=\"accelerometer; autoplay; clipboard-write; encrypted-media; gyroscope; picture-in-picture; web-share\" referrerpolicy=\"strict-origin-when-cross-origin\" allowfullscreen><\/iframe><\/div>\n<p>&nbsp;<\/p>\n<header class=\"entry-header\"><\/header>\n<div class=\"entry-content\">\n<p style=\"text-align: justify;\">A Pr\u00f3-Reitoria de Assuntos Estudantis oferece, atualmente, via <strong>Programa de Assist\u00eancia Estudantil (PAE)<\/strong> da <strong>Pol\u00edtica Nacional de Assist\u00eancia Estudantil (PNAES) \u2013 <a href=\"https:\/\/www.planalto.gov.br\/ccivil_03\/_ato2023-2026\/2024\/lei\/L14914.htm\">Lei 14.914\/24<\/a><\/strong>, programas de aux\u00edlio estudantil voltados as principais diretrizes da referida lei.<\/p>\n<p style=\"text-align: justify;\">Para ingressar nos programas de aux\u00edlio estudantil, o candidato deve, obrigatoriamente,\u00a0<strong>concorrer em edital p\u00fablico<\/strong>\u00a0e\u00a0<strong>ser deferido ap\u00f3s an\u00e1lise social e\/ou socioecon\u00f4mica<\/strong>. O(s) Edital(ais) de Sele\u00e7\u00e3o pode(m) ser lan\u00e7ado(s) \u00e0 crit\u00e9rio da PRAE, geralmente divulgado(s) em seu site na se\u00e7\u00e3o <a href=\"https:\/\/wp.ufpel.edu.br\/prae\/coordenacao_de_integracao_estudantil\/editais\/\">Editais<\/a>.<\/p>\n<p style=\"text-align: justify;\">Os programas de aux\u00edlio estudantil s\u00e3o regidos por\u00a0<strong>Resolu\u00e7\u00f5es Normativas<\/strong>, aprovadas pelo\u00a0<strong>Conselho de Ensino, Pesquisa e Extens\u00e3o \u2013 COCEPE<\/strong>.<\/p>\n<p style=\"text-align: justify;\"><strong>Programas de Aux\u00edlio da Pr\u00f3-Reitoria de Assuntos Estudantis em vig\u00eancia:<\/strong><\/p>\n<ul style=\"text-align: justify;\">\n<li>Programa de Aux\u00edlio Alimenta\u00e7\u00e3o:\u00a0 <a href=\"https:\/\/wp.ufpel.edu.br\/prae\/files\/2024\/09\/77_PAA.pdf\" target=\"_blank\" rel=\"noopener\">Resolu\u00e7\u00e3o COCEPE 77\/24<\/a><\/li>\n<li>Programa de Aux\u00edlio Alimenta\u00e7\u00e3o para Estudantes com Necessidades Alimentares Restritivas: <a href=\"https:\/\/wp.ufpel.edu.br\/prae\/files\/2024\/09\/84_PNAR.pdf\" target=\"_blank\" rel=\"noopener\">Resolu\u00e7\u00e3o COCEPE 84\/24<\/a><\/li>\n<li>Programa de Aux\u00edlio Inclus\u00e3o Digital:\u00a0 <a href=\"https:\/\/wp.ufpel.edu.br\/prae\/files\/2024\/09\/83_PAID.pdf\" target=\"_blank\" rel=\"noopener\">Resolu\u00e7\u00e3o COCEPE 83\/24<\/a><\/li>\n<li>Programa de Aux\u00edlio Eventual: <a href=\"https:\/\/wp.ufpel.edu.br\/prae\/files\/2024\/09\/85_PAEVE.pdf\" target=\"_blank\" rel=\"noopener\">Resolu\u00e7\u00e3o COCEPE 85\/24<\/a><\/li>\n<li>Programa de Aux\u00edlio Transporte: <a href=\"https:\/\/wp.ufpel.edu.br\/prae\/files\/2024\/09\/78_PAT.pdf\" target=\"_blank\" rel=\"noopener\">Resolu\u00e7\u00e3o COCEPE 78\/24<\/a><\/li>\n<li>Programa de Aux\u00edlio Deslocamento: <a href=\"https:\/\/wp.ufpel.edu.br\/prae\/files\/2024\/09\/79_PAD.pdf\" target=\"_blank\" rel=\"noopener\">Resolu\u00e7\u00e3o COCEPE 79\/24<\/a><\/li>\n<li>Programa de Aux\u00edlio Pr\u00e9-escolar:\u00a0 <a href=\"https:\/\/wp.ufpel.edu.br\/prae\/files\/2024\/09\/80_PAPE.pdf\" target=\"_blank\" rel=\"noopener\">Resolu\u00e7\u00e3o COCEPE 80\/24<\/a><\/li>\n<li class=\"gmail_default\">Programa de Aux\u00edlio Instrumental Odontol\u00f3gico: <a class=\"mtli_attachment mtli_pdf\" href=\"https:\/\/wp.ufpel.edu.br\/scs\/files\/2015\/03\/Resolu%C3%A7%C3%A3o-COCEPE-082015.pdf\">Resolu\u00e7\u00e3o-COCEPE-082015<\/a><\/li>\n<li class=\"gmail_default\">Programa de Moradia Estudantil: <a href=\"https:\/\/wp.ufpel.edu.br\/prae\/files\/2024\/09\/81_PME.pdf\" target=\"_blank\" rel=\"noopener\">Resolu\u00e7\u00e3o COCEPE 81\/24<\/a><\/li>\n<li>Programa de Aux\u00edlio Moradia: <a href=\"https:\/\/wp.ufpel.edu.br\/prae\/files\/2024\/09\/82_PAM.pdf\" target=\"_blank\" rel=\"noopener\">Resolu\u00e7\u00e3o COCEPE 82\/24<\/a><\/li>\n<li>Programa de Acompanhamento Sociopsicopedag\u00f3gico: <a href=\"https:\/\/wp.ufpel.edu.br\/prae\/files\/2022\/02\/SEI_UFPel-1568217-Resolucao.pdf\">Resolu\u00e7\u00e3o COCEPE 25\/21<\/a> \u2013 Alterada pela <a href=\"https:\/\/wp.ufpel.edu.br\/prae\/files\/2022\/07\/SEI_UFPel-1715094-Resolucao.pdf\">Resolu\u00e7\u00e3o COCEPE 34\/22<\/a><\/li>\n<\/ul>\n<p style=\"text-align: justify;\">Manual de uso: <a href=\"https:\/\/wp.ufpel.edu.br\/prae\/files\/2023\/06\/Manual-de-uso-dos-Programas-de-Auxilio-Estudantil-PRAE_UFPEL.pdf\">Manual de uso dos Programas de Aux\u00edlio Estudantil PRAE_UFPEL<\/a><\/p>\n<p style=\"text-align: justify;\">\n<p style=\"text-align: justify;\"><b>1. REQUISITOS<\/b><\/p>\n<p style=\"text-align: justify;\">1.1. Estar regularmente matriculado em curso de gradua\u00e7\u00e3o ou p\u00f3s-gradua\u00e7\u00e3o presencial na UFPel;<\/p>\n<p style=\"text-align: justify;\">1.2. N\u00e3o ter esgotado prazo de perman\u00eancia nos programas de assist\u00eancia estudantil da UFPel (conforme <a href=\"https:\/\/wp.ufpel.edu.br\/prae\/files\/2022\/02\/SEI_UFPel-1568217-Resolucao.pdf\">Resolu\u00e7\u00e3o COCEPE 25\/21<\/a>);<\/p>\n<p style=\"text-align: justify;\">1.3. Atender ao requisitos da legisla\u00e7\u00e3o e aos crit\u00e9rios de sele\u00e7\u00e3o;<\/p>\n<p style=\"text-align: justify;\">\n<p style=\"text-align: justify;\"><b>2. QUE BENEF\u00cdCIOS S\u00c3O DISPONIBILIZADOS PELA UFPEL?<\/b><\/p>\n<p style=\"text-align: justify;\">2.1. PROGRAMA DE AUX\u00cdLIO ALIMENTA\u00c7\u00c3O: uma ou duas refei\u00e7\u00f5es di\u00e1rias em qualquer unidade do Restaurante Universit\u00e1rio (RU). Para os moradores da Casa do Estudante e bolsistas contemplados, de acordo com o perfil socioecon\u00f4mico, s\u00e3o disponibilizadas at\u00e9 quatro refei\u00e7\u00f5es: caf\u00e9 da manh\u00e3, almo\u00e7o, jantar e ceia.<\/p>\n<p style=\"text-align: justify;\">2.2. PROGRAMA DE AUX\u00cdLIO ALIMENTA\u00c7\u00c3O PARA ESTUDANTES COM NECESSIDADES ALIMENTARES RESTRITIVAS: Programa ofertado em substitui\u00e7\u00e3o ao acesso tradicional aos Restaurantes Universit\u00e1rios para estudantes que necessitem de alimenta\u00e7\u00e3o restritiva.<\/p>\n<p style=\"text-align: justify;\">2.3. PROGRAMA DE AUX\u00cdLIO TRANSPORTE: custeio de vale-transporte para deslocamento de \u00f4nibus na \u00e1rea urbana de Pelotas.<\/p>\n<p style=\"text-align: justify;\">2.4. PROGRAMA DE AUX\u00cdLIO MORADIA (PAM): valor depositado mensalmente na conta corrente do estudante para auxiliar no pagamento aluguel na cidade de Pelotas, no per\u00edodo de seu curso, preferencialmente para estudantes oriundos de outros munic\u00edpio e\/ou estados. O PAM n\u00e3o pode ser solicitado concomitante com o Aux\u00edlio Deslocamento nem com o Programa de Moradia Estudantil.<\/p>\n<p style=\"text-align: justify;\">2.5. PROGRAMA DE MORADIA ESTUDANTIL (PME): uma vaga disponibilizada na casa do estudante, situada \u00e0 Rua 3 de maio, n\u00ba 1212. Essas vagas s\u00e3o oferecidas somente em casos de desocupa\u00e7\u00e3o por estudantes benefici\u00e1rios, podendo haver semestres em que n\u00e3o haver\u00e1 inscri\u00e7\u00e3o para esse programa. Obs.: N\u00e3o pode ser solicitado concomitante o Programa de Aux\u00edlio Deslocamento nem Programa de Aux\u00edlio Moradia.<\/p>\n<p style=\"text-align: justify;\">2.6. PROGRAMA DE AUX\u00cdLIO DESLOCAMENTO: valor depositado em conta corrente do estudante para aux\u00edlio ao deslocamento interurbano para aqueles que residem fora da \u00e1rea urbana de Pelotas e fora do Cap\u00e3o do Le\u00e3o, incluindo Col\u00f4nia Z3, Col\u00f4nia de Pelotas e munic\u00edpios que t\u00eam dist\u00e2ncia de at\u00e9 150 km de Pelotas. Obs.: N\u00e3o pode ser solicitado concomitante com Aux\u00edlio Moradia ou Moradia Estudantil, nem por alunos que residem no Cap\u00e3o do Le\u00e3o.<\/p>\n<p style=\"text-align: justify;\">2.7. PROGRAMA DE AUX\u00cdLIO PR\u00c9-ESCOLAR: valor depositado na conta corrente do estudante para aqueles que residem com filhos de at\u00e9 5 anos e 364 dias.<\/p>\n<p style=\"text-align: justify;\">2.8. PROGRAMA DE AUX\u00cdLIO INSTRUMENTAL ODONTOL\u00d3GICO: kit com instrumentos odontol\u00f3gicos para alunos do curso de gradua\u00e7\u00e3o em Odontologia.<\/p>\n<p style=\"text-align: justify;\">2.9. PROGRAMA DE\u00a0 AUX\u00cdLIO INCLUS\u00c3O DIGITAL: valor depositado em conta corrente do estudante para aux\u00edlio ao pagamento de fatura de conta de acesso \u00e0 internet na modalidade Bolsa Internet. Valor depositado em conta corrente do estudante para aux\u00edlio \u00e0 aquisi\u00e7\u00e3o de equipamento de acesso \u00e0 internet, fornecido uma vez durante a gradua\u00e7\u00e3o. Dependem de oferta em edital.<\/p>\n<p style=\"text-align: justify;\">\n<p style=\"text-align: justify;\"><b>3. COMO CONCORRER?<\/b><\/p>\n<p style=\"text-align: justify;\">Todos os estudantes devem realizar o processo seletivo conforme o Edital de Sele\u00e7\u00e3o publicado na se\u00e7\u00e3o \u00a0<a href=\"https:\/\/wp.ufpel.edu.br\/prae\/coordenacao_de_integracao_estudantil\/editais\/\">Editais<\/a>.<\/p>\n<p style=\"text-align: justify;\">\n<p style=\"text-align: justify;\"><b>4. SETOR RESPONS\u00c1VEL<\/b><\/p>\n<p style=\"text-align: justify;\">A an\u00e1lise do processo de sele\u00e7\u00e3o para ingresso nos programas de aux\u00edlio estudantil \u00e9 de realizado pela Coordena\u00e7\u00e3o de Ingresso e Benef\u00edcios (ci.prae.ufpel@gmail.com), vinculada \u00e0 PRAE\/UFPel.<\/p>\n<p style=\"text-align: justify;\">\n<p style=\"text-align: justify;\"><b>5. COMO ACONTECE A SELE\u00c7\u00c3O?<\/b><\/p>\n<p style=\"text-align: justify;\">6.1. A sele\u00e7\u00e3o \u00e9 feita via concurso p\u00fablico, atrav\u00e9s de edital cont\u00ednuo.<\/p>\n<p style=\"text-align: justify;\">6.2. Todos os procedimentos, prazos e resultados s\u00e3o divulgados no edital em que o candidato se inscrever.<\/p>\n<p style=\"text-align: justify;\">\n<p style=\"text-align: justify;\"><b>6. RESULTADO:<\/b><\/p>\n<p style=\"text-align: justify;\">7.1. Pedido DEFERIDO (aprovado para receber os benef\u00edcios): procedimentos de cadastro constam no resultado. D\u00favidas sobre cadastro podem ser enviadas para o N\u00facleo de Gest\u00e3o de Programas (ngp.prae.ufpel@gmail.com).<\/p>\n<p style=\"text-align: justify;\">7.2. Pedido INDEFERIDO (reprovado para receber os benef\u00edcios e\/ou ingressar pela cota): a partir da data do resultado, o candidato deve atentar ao prazo de recurso e ao n\u00famero de recursos cab\u00edveis, definidos por edital. A \u00faltima inst\u00e2ncia recursiva \u00e9 a Comiss\u00e3o de Assuntos e Rela\u00e7\u00f5es Estudantis.<\/p>\n<\/div>\n","protected":false},"excerpt":{"rendered":"<p>&nbsp; A Pr\u00f3-Reitoria de Assuntos Estudantis oferece, atualmente, via Programa de Assist\u00eancia Estudantil (PAE) da Pol\u00edtica Nacional de Assist\u00eancia Estudantil (PNAES) \u2013 Lei 14.914\/24, programas de aux\u00edlio estudantil voltados as principais diretrizes da referida lei. Para ingressar nos programas de aux\u00edlio estudantil, o candidato deve, obrigatoriamente,\u00a0concorrer em edital p\u00fablico\u00a0e\u00a0ser deferido ap\u00f3s an\u00e1lise social e\/ou socioecon\u00f4mica. &hellip; <\/p>\n<p><a class=\"more-link btn\" href=\"https:\/\/wp.ufpel.edu.br\/comex\/auxilio-estudantil\/\">Continue lendo<\/a><\/p>\n","protected":false},"author":1252,"featured_media":0,"parent":0,"menu_order":0,"comment_status":"closed","ping_status":"closed","template":"","meta":{"footnotes":""},"class_list":["post-91","page","type-page","status-publish","hentry","nodate","item-wrap"],"jetpack_sharing_enabled":true,"_links":{"self":[{"href":"https:\/\/wp.ufpel.edu.br\/comex\/wp-json\/wp\/v2\/pages\/91","targetHints":{"allow":["GET"]}}],"collection":[{"href":"https:\/\/wp.ufpel.edu.br\/comex\/wp-json\/wp\/v2\/pages"}],"about":[{"href":"https:\/\/wp.ufpel.edu.br\/comex\/wp-json\/wp\/v2\/types\/page"}],"author":[{"embeddable":true,"href":"https:\/\/wp.ufpel.edu.br\/comex\/wp-json\/wp\/v2\/users\/1252"}],"replies":[{"embeddable":true,"href":"https:\/\/wp.ufpel.edu.br\/comex\/wp-json\/wp\/v2\/comments?post=91"}],"version-history":[{"count":4,"href":"https:\/\/wp.ufpel.edu.br\/comex\/wp-json\/wp\/v2\/pages\/91\/revisions"}],"predecessor-version":[{"id":2855,"href":"https:\/\/wp.ufpel.edu.br\/comex\/wp-json\/wp\/v2\/pages\/91\/revisions\/2855"}],"wp:attachment":[{"href":"https:\/\/wp.ufpel.edu.br\/comex\/wp-json\/wp\/v2\/media?parent=91"}],"curies":[{"name":"wp","href":"https:\/\/api.w.org\/{rel}","templated":true}]}}