{"id":29,"date":"2022-07-24T19:37:47","date_gmt":"2022-07-24T22:37:47","guid":{"rendered":"https:\/\/wp.ufpel.edu.br\/comex\/?page_id=29"},"modified":"2023-08-31T19:48:45","modified_gmt":"2023-08-31T22:48:45","slug":"historico","status":"publish","type":"page","link":"https:\/\/wp.ufpel.edu.br\/comex\/historico\/","title":{"rendered":"Hist\u00f3rico"},"content":{"rendered":"<hr \/>\n<p style=\"font-weight: 400; text-align: justify;\">A Universidade Federal de Pelotas foi criada em 1969, tendo sido composta inicialmente pela Faculdade de Agronomia Eliseu Maciel, Faculdade de Veterin\u00e1ria, Faculdade de Ci\u00eancias Dom\u00e9sticas, Faculdade de Direito (fundada em 1912), Faculdade de Odontologia (1911) \u2013 as duas \u00faltimas pertencentes \u00e0 Universidade Federal do Rio Grande do Sul, e o Instituto de Sociologia e Pol\u00edtica (ISP), fundado em 1958. A Faculdade de Ci\u00eancias Dom\u00e9sticas (FCD) tinha como objeto a fam\u00edlia, especialmente de baixa renda, formando profissionais bachar\u00e9is e licenciados para o ensino de 1\u00ba e 2\u00ba graus. A FCD deu origem a outras unidades, como a Faculdade de Educa\u00e7\u00e3o, o Curso de Qu\u00edmica de Alimentos e a Faculdade de Administra\u00e7\u00e3o e de Turismo (FAT), sendo esta respons\u00e1vel por cursos na \u00e1rea de gest\u00e3o.<\/p>\n<p style=\"font-weight: 400; text-align: justify;\">O processo para transforma\u00e7\u00e3o em Centro come\u00e7ou em 2019 e foi constru\u00eddo com ampla participa\u00e7\u00e3o da comunidade acad\u00eamica da FAT por meio de reuni\u00f5es, discuss\u00f5es, assembleias, com a colabora\u00e7\u00e3o de outros Centros na troca de experi\u00eancias, audi\u00eancias p\u00fablicas e vota\u00e7\u00e3o no Conselho Departamental da Unidade. A mudan\u00e7a no formato administrativo da unidade acad\u00eamica foi aprovada na reuni\u00e3o do Conselho Universit\u00e1rio (CONSUN) no dia 26 de novembro de 2020, e publicada em dezembro pela Secretaria dos Conselhos Superiores, resolu\u00e7\u00e3o 39\/2020. No novo formato, foi extinta a \u00a0estrutura departamental (Departamento de Administra\u00e7\u00e3o e Departamento de Turismo). O CCSO passou a ser composto pelo Conselho, Dire\u00e7\u00e3o, Dire\u00e7\u00e3o Adjunta, por duas C\u00e2maras: a C\u00e2mara de Ensino e Extens\u00e3o e a C\u00e2mara de Pesquisa e Inova\u00e7\u00e3o, al\u00e9m de duas Secretarias, Secretaria Acad\u00eamica e Secretaria Administrativa, e os Colegiados de Curso de Gradua\u00e7\u00e3o e P\u00f3s-Gradua\u00e7\u00e3o.<\/p>\n<p style=\"font-weight: 400; text-align: justify;\">O CCSO segue contando com os mesmos cursos de gradua\u00e7\u00e3o e de p\u00f3s-gradua\u00e7\u00e3o, voltados \u00e0 gest\u00e3o na \u00e1rea das Ci\u00eancias Sociais Aplicadas. Possui quatro cursos de gradua\u00e7\u00e3o: Bacharelado em Administra\u00e7\u00e3o, vespertino e noturno; Curso Superior de Tecnologia em Processos Gerencias, noturno; Curso Superior de Tecnologia em Gest\u00e3o P\u00fablica, vespertino, e o Bacharelado em Turismo, noturno. Em n\u00edvel de p\u00f3s-gradua\u00e7\u00e3o, oferta duas especializa\u00e7\u00f5es \u2013\u00a0\u00a0 Especializa\u00e7\u00e3o em Gest\u00e3o P\u00fablica e Desenvolvimento Regional e MBA em Gest\u00e3o Estrat\u00e9gica de Neg\u00f3cios \u2013 e o curso de Mestrado Profissional em Administra\u00e7\u00e3o P\u00fablica em Rede Nacional (PROFIAP).<\/p>\n<p style=\"font-weight: 400; text-align: justify;\">Em 2022, a Universidade Federal de Pelotas, com uma vis\u00e3o de expans\u00e3o do ensino superior, possibilitou que as unidades acad\u00eamicas pensassem e submetessem propostas de cursos noturnos, tecn\u00f3logos e presenciais. Assim, um grupo de professores apresentou uma proposta de cria\u00e7\u00e3o de um Curso Superior de Tecnologia em Com\u00e9rcio Exterior (COMEX) junto ao Conselho do CCSO, aproveitando-se do fato de que uma parcela de docentes contava com forma\u00e7\u00e3o e experi\u00eancia nesta \u00e1rea.<\/p>\n<p style=\"font-weight: 400; text-align: justify;\">Analisando o Projeto Pedag\u00f3gico Institucional da UFPel, um dos princ\u00edpios gerais estabelecidos \u00e9 o <em>compromisso da universidade p\u00fablica com os interesses coletivos<\/em>. Isto se traduz na concep\u00e7\u00e3o de que a universidade p\u00fablica \u201c\u00e9 um patrim\u00f4nio da comunidade na qual est\u00e1 inserida e tem, como obrigac\u0327a\u0303o, zelar pela qualidade de vida do povo brasileiro em geral e do povo da regia\u0303o em especial, concentrando seus esforc\u0327os no sentido do coletivo\u201d (UFPel, 2013, p. 4). Desta forma, a equipe vislumbrou uma grande potencialidade do curso para o desenvolvimento local e regional, atendendo aos princ\u00edpios do PPI da UFPel.<\/p>\n<p style=\"font-weight: 400; text-align: justify;\">Pelotas \u00e9 um munic\u00edpio da regi\u00e3o sul do Rio Grande do Sul, sendo a quarta cidade mais populosa do Estado com cerca de 343 mil habitantes (IBGE, 2022). O \u00cdndice de Desenvolvimento Socioecon\u00f4mico (IDESE) de Pelotas vem avan\u00e7ando na \u00faltima d\u00e9cada, ainda que de forma lenta. De acordo com os dados do IBGE, compilados pelo SEBRAE (2019), este \u00edndice em 2008 era de 0,64, tendo avan\u00e7ado, em 2018, para 0,72. Isto coloca a cidade em um patamar m\u00e9dio de desenvolvimento socioecon\u00f4mico. Nesse sentido \u00e9 importante destacar a participa\u00e7\u00e3o da UFPel em parceria com a Associa\u00e7\u00e3o dos Munic\u00edpios da Zona Sul do Rio Grande do Sul (AZONASUL). A universidade, por meio de sua Pr\u00f3-Reitoria de Extens\u00e3o e Cultura, mant\u00e9m o Programa de Desenvolvimento Social nos Munic\u00edpios da AZONASUL.<\/p>\n<p style=\"font-weight: 400; text-align: justify;\">A regi\u00e3o costeira da Metade Sul do RS \u00e9 vocacionada para a gera\u00e7\u00e3o de neg\u00f3cios internacionais, seja pela proximidade da fronteira com o Uruguai e Argentina, seja pela exist\u00eancia de dois importantes portos. O de Rio Grande \u00e9 um dos principais portos brasileiros e talvez o mais importante para o Mercosul, tendo movimentado 45,18 milh\u00f5es de toneladas no ano de 2020, com crescimento de 21,55% das exporta\u00e7\u00f5es em 2021. O Porto de Pelotas vem passando por um processo de moderniza\u00e7\u00e3o e ganhando amplitude regional; no ano de 2021, \u00a0movimentou 1,3 milh\u00e3o de toneladas, o que representou um aumento de 33,89% em compara\u00e7\u00e3o ao ano de 2020 (GOVERNO DO ESTADO DO RS, 2020).<\/p>\n<p style=\"font-weight: 400; text-align: justify;\">Neste contexto, o Curso de Com\u00e9rcio Exterior da UFPel poder\u00e1 oportunizar o exerc\u00edcio de uma profiss\u00e3o estrat\u00e9gica para o desenvolvimento econ\u00f4mico do Brasil. A forma\u00e7\u00e3o de tecn\u00f3logos qualificados, com o n\u00edvel de excel\u00eancia do ensino p\u00fablico, \u00e9 necess\u00e1ria para potencializar avan\u00e7os no com\u00e9rcio internacional. \u00a0Sendo primeiro curso tecn\u00f3logo oferecido por uma universidade federal, a UFPel atender\u00e1 uma demanda nacional para a \u00e1rea, com potencial de atra\u00e7\u00e3o de estudantes de todo o pa\u00eds.<\/p>\n<p style=\"font-weight: 400; text-align: justify;\">O projeto do Curso de Com\u00e9rcio Exterior foi aprovado por unanimidade pelo Conselho do Centro. A Gest\u00e3o da UFPel parabenizou o CCSO pela proposta de cria\u00e7\u00e3o do Curso, destacando, no Despacho 1682281 do Processo SEI 23110.011575\/2022-20, que \u201cimpactar\u00e1 fortemente o mercado de trabalho na Regi\u00e3o de Pelotas e que o grande trabalho realizado pela Unidade na elabora\u00e7\u00e3o da proposta se converter\u00e1 na qualidade do Curso oferecido a nossos estudantes\u201d. Deste modo, a Dire\u00e7\u00e3o do CCSO instituiu a Comiss\u00e3o de Cria\u00e7\u00e3o do Curso Superior de Tecnologia em Com\u00e9rcio Exterior atrav\u00e9s da Portaria Interna CCSO n. 11, de 05 de maio de 2022, composta pelos professores doutores Daniel Lena Marchiori Neto (Presidente), Alisson Eduardo Maehler, Dary Pretto Neto, Isabel Cristina Rosa Barros Rasia e Isabel Teresinha Dutra Soares. A Comiss\u00e3o teve prazo de 1 (um) m\u00eas para elaborar o Projeto Pedag\u00f3gico do novo Curso e submet\u00ea-lo ao Conselho do Centro.<\/p>\n<p style=\"font-weight: 400; text-align: justify;\">O documento foi aprovado por unanimidade no Conselho do CCSO, seguindo para an\u00e1lise das inst\u00e2ncias superiores. O Curso e seu PPC foram aprovados pelo Conselho Coordenador do Ensino da Pesquisa e da Extens\u00e3o (COCEPE) em reuni\u00e3o realizada no dia 30 de junho de 2022. Por fim, o Conselho Universit\u00e1rio (CONSUN), em reuni\u00e3o realizada no dia\u00a0 06 de julho de 2022, como desdobramento da reuni\u00e3o realizada no dia 05 de julho, aprovou a proposta de cria\u00e7\u00e3o do Curso de Com\u00e9rcio Exterior, \u201cconsiderando a relev\u00e2ncia acad\u00eamica, pedag\u00f3gica e social da proposta\u201d. Considerando ainda o parecer da Comiss\u00e3o de Gradua\u00e7\u00e3o, aprovou tamb\u00e9m o Projeto Pedag\u00f3gico do Curso, com destina\u00e7\u00e3o de 02 vagas docentes para o Curso. A Magn\u00edfica Reitora Isabela Fernandes Andrade assinou a Resolu\u00e7\u00e3o n. 75, de 06 de julho de 2022, que formalmente criou o Curso de Com\u00e9rcio Exterior no Centro de Ci\u00eancias S\u00f3cio-Organizacionais da UFPel.<\/p>\n","protected":false},"excerpt":{"rendered":"<p>A Universidade Federal de Pelotas foi criada em 1969, tendo sido composta inicialmente pela Faculdade de Agronomia Eliseu Maciel, Faculdade de Veterin\u00e1ria, Faculdade de Ci\u00eancias Dom\u00e9sticas, Faculdade de Direito (fundada em 1912), Faculdade de Odontologia (1911) \u2013 as duas \u00faltimas pertencentes \u00e0 Universidade Federal do Rio Grande do Sul, e o Instituto de Sociologia e &hellip; <\/p>\n<p><a class=\"more-link btn\" href=\"https:\/\/wp.ufpel.edu.br\/comex\/historico\/\">Continue lendo<\/a><\/p>\n","protected":false},"author":1252,"featured_media":0,"parent":0,"menu_order":0,"comment_status":"closed","ping_status":"closed","template":"","meta":{"footnotes":""},"class_list":["post-29","page","type-page","status-publish","hentry","nodate","item-wrap"],"jetpack_sharing_enabled":true,"_links":{"self":[{"href":"https:\/\/wp.ufpel.edu.br\/comex\/wp-json\/wp\/v2\/pages\/29","targetHints":{"allow":["GET"]}}],"collection":[{"href":"https:\/\/wp.ufpel.edu.br\/comex\/wp-json\/wp\/v2\/pages"}],"about":[{"href":"https:\/\/wp.ufpel.edu.br\/comex\/wp-json\/wp\/v2\/types\/page"}],"author":[{"embeddable":true,"href":"https:\/\/wp.ufpel.edu.br\/comex\/wp-json\/wp\/v2\/users\/1252"}],"replies":[{"embeddable":true,"href":"https:\/\/wp.ufpel.edu.br\/comex\/wp-json\/wp\/v2\/comments?post=29"}],"version-history":[{"count":7,"href":"https:\/\/wp.ufpel.edu.br\/comex\/wp-json\/wp\/v2\/pages\/29\/revisions"}],"predecessor-version":[{"id":1380,"href":"https:\/\/wp.ufpel.edu.br\/comex\/wp-json\/wp\/v2\/pages\/29\/revisions\/1380"}],"wp:attachment":[{"href":"https:\/\/wp.ufpel.edu.br\/comex\/wp-json\/wp\/v2\/media?parent=29"}],"curies":[{"name":"wp","href":"https:\/\/api.w.org\/{rel}","templated":true}]}}