{"id":32,"date":"2017-08-25T14:25:53","date_gmt":"2017-08-25T17:25:53","guid":{"rendered":"https:\/\/wp.ufpel.edu.br\/coctec\/?page_id=32"},"modified":"2018-05-27T21:25:37","modified_gmt":"2018-05-28T00:25:37","slug":"quem-somos","status":"publish","type":"page","link":"https:\/\/wp.ufpel.edu.br\/coctec\/quem-somos\/","title":{"rendered":"Equipe"},"content":{"rendered":"<p style=\"text-align: justify\"><span style=\"font-family: georgia, palatino, serif\"><img data-recalc-dims=\"1\" data-attachment-id=\"189\" data-permalink=\"https:\/\/wp.ufpel.edu.br\/coctec\/quem-somos\/logo-coctec-2\/\" data-orig-file=\"https:\/\/i0.wp.com\/wp.ufpel.edu.br\/coctec\/files\/2017\/08\/Logo-CoCTec-1-e1508283490751.jpg?fit=569%2C409&amp;ssl=1\" data-orig-size=\"569,409\" data-comments-opened=\"0\" data-image-meta=\"{&quot;aperture&quot;:&quot;0&quot;,&quot;credit&quot;:&quot;Carol Rodeghiero&quot;,&quot;camera&quot;:&quot;&quot;,&quot;caption&quot;:&quot;&quot;,&quot;created_timestamp&quot;:&quot;1501538086&quot;,&quot;copyright&quot;:&quot;&quot;,&quot;focal_length&quot;:&quot;0&quot;,&quot;iso&quot;:&quot;0&quot;,&quot;shutter_speed&quot;:&quot;0&quot;,&quot;title&quot;:&quot;&quot;,&quot;orientation&quot;:&quot;0&quot;}\" data-image-title=\"Logo CoCTec\" data-image-description=\"\" data-image-caption=\"\" data-medium-file=\"https:\/\/i0.wp.com\/wp.ufpel.edu.br\/coctec\/files\/2017\/08\/Logo-CoCTec-1-e1508283490751.jpg?fit=400%2C288&amp;ssl=1\" data-large-file=\"https:\/\/i0.wp.com\/wp.ufpel.edu.br\/coctec\/files\/2017\/08\/Logo-CoCTec-1-e1508283490751.jpg?fit=569%2C409&amp;ssl=1\" class=\"wp-image-189 alignright\" src=\"https:\/\/i0.wp.com\/wp.ufpel.edu.br\/coctec\/files\/2017\/08\/Logo-CoCTec-1-e1508283490751-400x288.jpg?resize=199%2C143&#038;ssl=1\" alt=\"\" width=\"199\" height=\"143\" srcset=\"https:\/\/i0.wp.com\/wp.ufpel.edu.br\/coctec\/files\/2017\/08\/Logo-CoCTec-1-e1508283490751.jpg?resize=400%2C288&amp;ssl=1 400w, https:\/\/i0.wp.com\/wp.ufpel.edu.br\/coctec\/files\/2017\/08\/Logo-CoCTec-1-e1508283490751.jpg?w=569&amp;ssl=1 569w\" sizes=\"(max-width: 199px) 100vw, 199px\" \/><span style=\"font-size: 18pt\"><strong>S<\/strong><\/span>omos um grupo <strong>interdisciplinar<\/strong>. <\/span><\/p>\n<p style=\"text-align: justify\"><span style=\"font-family: georgia, palatino, serif\">No CoCTec, toda \u00e1rea de conhecimento \u00e9 valorizada e tem espa\u00e7o na constru\u00e7\u00e3o de uma educa\u00e7\u00e3o mais inclusiva e aberta \u00e0 <strong>aprendizagem criativa<\/strong>. <\/span><span style=\"font-family: georgia, palatino, serif\">Conhe\u00e7a os professores, pesquisadores e bolsistas que atualmente fazem parte da nossa equipe!<\/span><\/p>\n<p>&nbsp;<\/p>\n<p><span style=\"font-family: georgia, palatino, serif\"><b>COORDENA\u00c7\u00c3O:<\/b><\/span><\/p>\n<p style=\"text-align: justify\"><strong><span style=\"font-family: verdana,geneva,sans-serif\"><img data-recalc-dims=\"1\" data-attachment-id=\"152\" data-permalink=\"https:\/\/wp.ufpel.edu.br\/coctec\/quem-somos\/img_0139\/\" data-orig-file=\"https:\/\/i0.wp.com\/wp.ufpel.edu.br\/coctec\/files\/2017\/08\/IMG_0139.jpg?fit=1356%2C2048&amp;ssl=1\" data-orig-size=\"1356,2048\" data-comments-opened=\"0\" data-image-meta=\"{&quot;aperture&quot;:&quot;0&quot;,&quot;credit&quot;:&quot;&quot;,&quot;camera&quot;:&quot;&quot;,&quot;caption&quot;:&quot;&quot;,&quot;created_timestamp&quot;:&quot;0&quot;,&quot;copyright&quot;:&quot;&quot;,&quot;focal_length&quot;:&quot;0&quot;,&quot;iso&quot;:&quot;0&quot;,&quot;shutter_speed&quot;:&quot;0&quot;,&quot;title&quot;:&quot;&quot;,&quot;orientation&quot;:&quot;1&quot;}\" data-image-title=\"IMG_0139\" data-image-description=\"\" data-image-caption=\"\" data-medium-file=\"https:\/\/i0.wp.com\/wp.ufpel.edu.br\/coctec\/files\/2017\/08\/IMG_0139.jpg?fit=265%2C400&amp;ssl=1\" data-large-file=\"https:\/\/i0.wp.com\/wp.ufpel.edu.br\/coctec\/files\/2017\/08\/IMG_0139.jpg?fit=678%2C1024&amp;ssl=1\" class=\"alignleft wp-image-152 size-thumbnail\" src=\"https:\/\/i0.wp.com\/wp.ufpel.edu.br\/coctec\/files\/2017\/08\/IMG_0139.jpg?resize=200%2C200&#038;ssl=1\" alt=\"\" width=\"200\" height=\"200\" srcset=\"https:\/\/i0.wp.com\/wp.ufpel.edu.br\/coctec\/files\/2017\/08\/IMG_0139.jpg?resize=200%2C200&amp;ssl=1 200w, https:\/\/i0.wp.com\/wp.ufpel.edu.br\/coctec\/files\/2017\/08\/IMG_0139.jpg?zoom=2&amp;resize=200%2C200&amp;ssl=1 400w, https:\/\/i0.wp.com\/wp.ufpel.edu.br\/coctec\/files\/2017\/08\/IMG_0139.jpg?zoom=3&amp;resize=200%2C200&amp;ssl=1 600w\" sizes=\"(max-width: 200px) 100vw, 200px\" \/><span style=\"font-family: georgia, palatino, serif\">Profa. Dra. Ros\u00e1ria Ilgenfritz Sperotto<\/span><\/span><\/strong><\/p>\n<p style=\"text-align: justify\"><b>Forma\u00e7\u00e3o\/\u00c1rea de pesquisa:<\/b><span style=\"font-weight: 400\"> Psic\u00f3loga, mestre (UFPel) e doutora (UFRGS) em Educa\u00e7\u00e3o.<\/span><\/p>\n<p style=\"text-align: justify\"><span style=\"font-weight: 400\">Docente no Programa de P\u00f3s- Gradua\u00e7\u00e3o em Educa\u00e7\u00e3o PPGECM e PPGEMAT, tem experi\u00eancia na \u00e1rea de Educa\u00e7\u00e3o, com \u00eanfase em Tecnologia Educacional, atuando principalmente nos seguintes temas: aprendizagem, educa\u00e7\u00e3o, educa\u00e7\u00e3o a dist\u00e2ncia, subjetividade e forma\u00e7\u00e3o de professores. L\u00edder do grupo de pesquisa CoCTec.<\/span><\/p>\n<p>&nbsp;<\/p>\n<p>&nbsp;<\/p>\n<p><span style=\"font-family: georgia, palatino, serif\"><strong><img data-recalc-dims=\"1\" data-attachment-id=\"607\" data-permalink=\"https:\/\/wp.ufpel.edu.br\/coctec\/quem-somos\/marcelomachado\/\" data-orig-file=\"https:\/\/i0.wp.com\/wp.ufpel.edu.br\/coctec\/files\/2018\/05\/marcelomachado-e1527204727638.jpg?fit=181%2C208&amp;ssl=1\" data-orig-size=\"181,208\" data-comments-opened=\"0\" data-image-meta=\"{&quot;aperture&quot;:&quot;0&quot;,&quot;credit&quot;:&quot;&quot;,&quot;camera&quot;:&quot;&quot;,&quot;caption&quot;:&quot;&quot;,&quot;created_timestamp&quot;:&quot;0&quot;,&quot;copyright&quot;:&quot;&quot;,&quot;focal_length&quot;:&quot;0&quot;,&quot;iso&quot;:&quot;0&quot;,&quot;shutter_speed&quot;:&quot;0&quot;,&quot;title&quot;:&quot;&quot;,&quot;orientation&quot;:&quot;0&quot;}\" data-image-title=\"marcelomachado\" data-image-description=\"\" data-image-caption=\"\" data-medium-file=\"https:\/\/i0.wp.com\/wp.ufpel.edu.br\/coctec\/files\/2018\/05\/marcelomachado-e1527204727638.jpg?fit=400%2C285&amp;ssl=1\" data-large-file=\"https:\/\/i0.wp.com\/wp.ufpel.edu.br\/coctec\/files\/2018\/05\/marcelomachado-e1527204727638.jpg?fit=181%2C208&amp;ssl=1\" class=\"alignleft wp-image-607 size-thumbnail\" src=\"https:\/\/i0.wp.com\/wp.ufpel.edu.br\/coctec\/files\/2018\/05\/marcelomachado-e1527204727638-181x200.jpg?resize=181%2C200&#038;ssl=1\" alt=\"\" width=\"181\" height=\"200\" \/>Prof. Dr. Marcelo Pereira Machado\u00a0<\/strong><\/span><\/p>\n<p style=\"text-align: justify\"><b>Forma\u00e7\u00e3o\/\u00c1rea de pesquisa:<\/b><span style=\"font-weight: 400\">\u00a0Licenciatura (UFPel), mestrado e doutorado em F\u00edsica (UFSM)<\/span><\/p>\n<p style=\"text-align: justify\">Atualmente \u00e9 ativo da Universidade Federal de Pelotas e l\u00edder do CoCTec. Tem experi\u00eancia na \u00e1rea de F\u00edsica, com \u00eanfase em Estados Eletr\u00f4nicos, atuando principalmente nos seguinte tema: C\u00e1lculos de primeiros princ\u00edpios de estrutura eletr\u00f4nica de nanomateriais. \u00c9 professor colaborador do Programa de P\u00f3s Gradua\u00e7\u00e3o em Ensino de Ci\u00eancias e Matem\u00e1tica &#8211; Mestrado Profissional (PPGCEM) desde 2017\/1, e trabalha junto ao CoCTec para incluir aprendizagem criativa ao ensino e aprendizagem de F\u00edsica no Ensino Superior.<\/p>\n<p>&nbsp;<\/p>\n<p>&nbsp;<\/p>\n<p style=\"text-align: justify\"><span style=\"font-family: georgia, palatino, serif\"><strong><img data-recalc-dims=\"1\" data-attachment-id=\"192\" data-permalink=\"https:\/\/wp.ufpel.edu.br\/coctec\/quem-somos\/img_4196-1\/\" data-orig-file=\"https:\/\/i0.wp.com\/wp.ufpel.edu.br\/coctec\/files\/2017\/08\/IMG_4196-1-e1508283712993.jpg?fit=558%2C669&amp;ssl=1\" data-orig-size=\"558,669\" data-comments-opened=\"0\" data-image-meta=\"{&quot;aperture&quot;:&quot;0&quot;,&quot;credit&quot;:&quot;&quot;,&quot;camera&quot;:&quot;&quot;,&quot;caption&quot;:&quot;&quot;,&quot;created_timestamp&quot;:&quot;0&quot;,&quot;copyright&quot;:&quot;&quot;,&quot;focal_length&quot;:&quot;0&quot;,&quot;iso&quot;:&quot;0&quot;,&quot;shutter_speed&quot;:&quot;0&quot;,&quot;title&quot;:&quot;&quot;,&quot;orientation&quot;:&quot;1&quot;}\" data-image-title=\"IMG_4196 (1)\" data-image-description=\"\" data-image-caption=\"\" data-medium-file=\"https:\/\/i0.wp.com\/wp.ufpel.edu.br\/coctec\/files\/2017\/08\/IMG_4196-1-e1508283712993.jpg?fit=334%2C400&amp;ssl=1\" data-large-file=\"https:\/\/i0.wp.com\/wp.ufpel.edu.br\/coctec\/files\/2017\/08\/IMG_4196-1-e1508283712993.jpg?fit=558%2C669&amp;ssl=1\" class=\"alignleft wp-image-192 size-thumbnail\" src=\"https:\/\/i0.wp.com\/wp.ufpel.edu.br\/coctec\/files\/2017\/08\/IMG_4196-1-e1508283712993-200x200.jpg?resize=200%2C200&#038;ssl=1\" alt=\"\" width=\"200\" height=\"200\" srcset=\"https:\/\/i0.wp.com\/wp.ufpel.edu.br\/coctec\/files\/2017\/08\/IMG_4196-1-e1508283712993.jpg?resize=200%2C200&amp;ssl=1 200w, https:\/\/i0.wp.com\/wp.ufpel.edu.br\/coctec\/files\/2017\/08\/IMG_4196-1-e1508283712993.jpg?zoom=2&amp;resize=200%2C200&amp;ssl=1 400w\" sizes=\"(max-width: 200px) 100vw, 200px\" \/>Profa. Dra. Carolina Campos Rodeghiero<\/strong><\/span><\/p>\n<p style=\"text-align: justify\"><b>Curso\/ \u00c1rea de pesquisa:<\/b><span style=\"font-weight: 400\">\u00a0Jornalista e pesquisadora em m\u00eddias sociais e aprendizagem<\/span><\/p>\n<p style=\"text-align: justify\"><span style=\"font-weight: 400\">Desenvolve pesquisa relacionada \u00e0s aprendizagens conectada e criativa, contribuindo no gerenciamento da rede de clubes de computa\u00e7\u00e3o e do programa de multiplicadores em programa\u00e7\u00e3o, rob\u00f3tica e espa\u00e7os <em>maker<\/em> no continente africano. \u00c9 o elo do grupo com a Rede Brasileira de Aprendizagem Criativa, para a qual gerencia o n\u00facleo do Rio Grande do Sul.<\/span><\/p>\n<p>&nbsp;<\/p>\n<p>&nbsp;<\/p>\n<p>&nbsp;<\/p>\n<p style=\"text-align: justify\"><span style=\"font-family: georgia, palatino, serif\"><b>PROFESSORES E PESQUISADORES<\/b>:<\/span><\/p>\n<p>&nbsp;<\/p>\n<p><img data-recalc-dims=\"1\" data-attachment-id=\"610\" data-permalink=\"https:\/\/wp.ufpel.edu.br\/coctec\/quem-somos\/ezgif-com-gif-maker\/\" data-orig-file=\"https:\/\/i0.wp.com\/wp.ufpel.edu.br\/coctec\/files\/2018\/05\/ezgif.com-gif-maker.jpg?fit=414%2C433&amp;ssl=1\" data-orig-size=\"414,433\" data-comments-opened=\"0\" data-image-meta=\"{&quot;aperture&quot;:&quot;0&quot;,&quot;credit&quot;:&quot;&quot;,&quot;camera&quot;:&quot;&quot;,&quot;caption&quot;:&quot;&quot;,&quot;created_timestamp&quot;:&quot;0&quot;,&quot;copyright&quot;:&quot;&quot;,&quot;focal_length&quot;:&quot;0&quot;,&quot;iso&quot;:&quot;0&quot;,&quot;shutter_speed&quot;:&quot;0&quot;,&quot;title&quot;:&quot;&quot;,&quot;orientation&quot;:&quot;0&quot;}\" data-image-title=\"ezgif.com-gif-maker\" data-image-description=\"\" data-image-caption=\"\" data-medium-file=\"https:\/\/i0.wp.com\/wp.ufpel.edu.br\/coctec\/files\/2018\/05\/ezgif.com-gif-maker.jpg?fit=382%2C400&amp;ssl=1\" data-large-file=\"https:\/\/i0.wp.com\/wp.ufpel.edu.br\/coctec\/files\/2018\/05\/ezgif.com-gif-maker.jpg?fit=414%2C433&amp;ssl=1\" class=\"size-thumbnail wp-image-610 alignleft\" src=\"https:\/\/i0.wp.com\/wp.ufpel.edu.br\/coctec\/files\/2018\/05\/ezgif.com-gif-maker.jpg?resize=200%2C200&#038;ssl=1\" alt=\"\" width=\"200\" height=\"200\" srcset=\"https:\/\/i0.wp.com\/wp.ufpel.edu.br\/coctec\/files\/2018\/05\/ezgif.com-gif-maker.jpg?resize=200%2C200&amp;ssl=1 200w, https:\/\/i0.wp.com\/wp.ufpel.edu.br\/coctec\/files\/2018\/05\/ezgif.com-gif-maker.jpg?zoom=2&amp;resize=200%2C200&amp;ssl=1 400w\" sizes=\"(max-width: 200px) 100vw, 200px\" \/><strong><span style=\"font-family: georgia, palatino, serif\">Prof. Ms. Samir Schneid<\/span><\/strong><\/p>\n<p><b>Departamento\/ \u00c1rea de pesquisa:\u00a0<\/b>professor na Faculdade de Medicina da UFPel<\/p>\n<div dir=\"ltr\">\n<div>Professor da faculdade de medicina federal de Pelotas desde 2004. Graduado na FURG em 1988, resid\u00eancias m\u00e9dicas em medicina interna e cirurgia geral. Mestrado em cardiologia na UFRGS, conclu\u00eddo em 2003. Instrutor de atendimento de parada card\u00edaca e primeiros socorros da <em>American Heart Association<\/em> e de trauma do <em>American College of Emergency<\/em> <em>Physicians<\/em>. Atualmente coordena o Laborat\u00f3rio de Ensino por Simula\u00e7\u00e3o da Leiga. Tem interesse em aprendizagem criativa e uso de t\u00e9cnicas de artes c\u00eanicas no ensino de medicina.<\/div>\n<\/div>\n<div><\/div>\n<p>&nbsp;<\/p>\n<p style=\"text-align: justify\"><strong><span style=\"font-family: verdana,geneva,sans-serif\"><img data-recalc-dims=\"1\" data-attachment-id=\"154\" data-permalink=\"https:\/\/wp.ufpel.edu.br\/coctec\/quem-somos\/fdfdf\/\" data-orig-file=\"https:\/\/i0.wp.com\/wp.ufpel.edu.br\/coctec\/files\/2017\/08\/fdfdf.jpg?fit=311%2C230&amp;ssl=1\" data-orig-size=\"311,230\" data-comments-opened=\"0\" data-image-meta=\"{&quot;aperture&quot;:&quot;0&quot;,&quot;credit&quot;:&quot;Carol Rodeghiero&quot;,&quot;camera&quot;:&quot;&quot;,&quot;caption&quot;:&quot;&quot;,&quot;created_timestamp&quot;:&quot;1508265889&quot;,&quot;copyright&quot;:&quot;&quot;,&quot;focal_length&quot;:&quot;0&quot;,&quot;iso&quot;:&quot;0&quot;,&quot;shutter_speed&quot;:&quot;0&quot;,&quot;title&quot;:&quot;&quot;,&quot;orientation&quot;:&quot;0&quot;}\" data-image-title=\"fdfdf\" data-image-description=\"\" data-image-caption=\"\" data-medium-file=\"https:\/\/i0.wp.com\/wp.ufpel.edu.br\/coctec\/files\/2017\/08\/fdfdf.jpg?fit=311%2C230&amp;ssl=1\" data-large-file=\"https:\/\/i0.wp.com\/wp.ufpel.edu.br\/coctec\/files\/2017\/08\/fdfdf.jpg?fit=311%2C230&amp;ssl=1\" class=\"alignleft wp-image-154 size-thumbnail\" src=\"https:\/\/i0.wp.com\/wp.ufpel.edu.br\/coctec\/files\/2017\/08\/fdfdf.jpg?resize=200%2C200&#038;ssl=1\" alt=\"\" width=\"200\" height=\"200\" \/><span style=\"font-family: georgia, palatino, serif\">Prof. Christiano \u00c1vila &#8211; CEng<\/span><\/span><\/strong><\/p>\n<p style=\"text-align: justify\"><b>Departamento\/ \u00c1rea de pesquisa:<\/b><span style=\"font-weight: 400\"> Professor da UFPel e Doutorando em Ci\u00eancia da Computa\u00e7\u00e3o<\/span><\/p>\n<p style=\"text-align: justify\"><span style=\"font-weight: 400\">Atualmente, estuda como o Pensamento Computacional (PC) pode contribuir para a melhoria geral da aprendizagem e do futuro profissional de jovens a partir do desenvolvimento espec\u00edfico de determinadas \u00a0compet\u00eancias e habilidade, investiga especialmente a utiliza\u00e7\u00e3o da programa\u00e7\u00e3o e da rob\u00f3tica educacional em escolas da rede p\u00fablica.<\/span><\/p>\n<p>&nbsp;<\/p>\n<p>&nbsp;<\/p>\n<p style=\"text-align: justify\"><span style=\"font-family: georgia, palatino, serif\"><strong><img data-recalc-dims=\"1\" data-attachment-id=\"173\" data-permalink=\"https:\/\/wp.ufpel.edu.br\/coctec\/quem-somos\/14364678_1206540346054828_5085834714697460150_n\/\" data-orig-file=\"https:\/\/i0.wp.com\/wp.ufpel.edu.br\/coctec\/files\/2017\/08\/14364678_1206540346054828_5085834714697460150_n.jpg?fit=574%2C574&amp;ssl=1\" data-orig-size=\"574,574\" data-comments-opened=\"0\" data-image-meta=\"{&quot;aperture&quot;:&quot;0&quot;,&quot;credit&quot;:&quot;&quot;,&quot;camera&quot;:&quot;&quot;,&quot;caption&quot;:&quot;&quot;,&quot;created_timestamp&quot;:&quot;0&quot;,&quot;copyright&quot;:&quot;&quot;,&quot;focal_length&quot;:&quot;0&quot;,&quot;iso&quot;:&quot;0&quot;,&quot;shutter_speed&quot;:&quot;0&quot;,&quot;title&quot;:&quot;&quot;,&quot;orientation&quot;:&quot;0&quot;}\" data-image-title=\"14364678_1206540346054828_5085834714697460150_n\" data-image-description=\"\" data-image-caption=\"\" data-medium-file=\"https:\/\/i0.wp.com\/wp.ufpel.edu.br\/coctec\/files\/2017\/08\/14364678_1206540346054828_5085834714697460150_n.jpg?fit=400%2C400&amp;ssl=1\" data-large-file=\"https:\/\/i0.wp.com\/wp.ufpel.edu.br\/coctec\/files\/2017\/08\/14364678_1206540346054828_5085834714697460150_n.jpg?fit=574%2C574&amp;ssl=1\" class=\"alignleft wp-image-173 size-thumbnail\" src=\"https:\/\/i0.wp.com\/wp.ufpel.edu.br\/coctec\/files\/2017\/08\/14364678_1206540346054828_5085834714697460150_n.jpg?resize=200%2C200&#038;ssl=1\" alt=\"\" width=\"200\" height=\"200\" srcset=\"https:\/\/i0.wp.com\/wp.ufpel.edu.br\/coctec\/files\/2017\/08\/14364678_1206540346054828_5085834714697460150_n.jpg?resize=200%2C200&amp;ssl=1 200w, https:\/\/i0.wp.com\/wp.ufpel.edu.br\/coctec\/files\/2017\/08\/14364678_1206540346054828_5085834714697460150_n.jpg?resize=400%2C400&amp;ssl=1 400w, https:\/\/i0.wp.com\/wp.ufpel.edu.br\/coctec\/files\/2017\/08\/14364678_1206540346054828_5085834714697460150_n.jpg?w=574&amp;ssl=1 574w\" sizes=\"(max-width: 200px) 100vw, 200px\" \/>Profa. Dra. Maria Simone Debacco<\/strong><\/span><\/p>\n<p style=\"text-align: justify\"><b>Forma\u00e7\u00e3o\/\u00c1rea de pesquisa: <\/b>Professora da FAE e do PPGECM<\/p>\n<p style=\"text-align: justify\">Professora Adjunta da Faculdade de Educa\u00e7\u00e3o (FaE -UFPel), tem experi\u00eancia na \u00e1rea de Educa\u00e7\u00e3o, com \u00eanfase em Forma\u00e7\u00e3o de Professores, Tecnologia Educacional e Psicologia Educacional. \u00c9 vice-coordenadora do Conv\u00eanio de Coopera\u00e7\u00e3o Internacional do Brasil com Mo\u00e7ambique do projeto TEDUCA.<\/p>\n<p>&nbsp;<\/p>\n<p>&nbsp;<\/p>\n<p>&nbsp;<\/p>\n<p style=\"text-align: justify\"><span style=\"font-family: georgia, palatino, serif\"><strong><img data-recalc-dims=\"1\" data-attachment-id=\"176\" data-permalink=\"https:\/\/wp.ufpel.edu.br\/coctec\/quem-somos\/74213_103899356345834_3416860_n\/\" data-orig-file=\"https:\/\/i0.wp.com\/wp.ufpel.edu.br\/coctec\/files\/2017\/08\/74213_103899356345834_3416860_n.jpg?fit=199%2C274&amp;ssl=1\" data-orig-size=\"199,274\" data-comments-opened=\"0\" data-image-meta=\"{&quot;aperture&quot;:&quot;0&quot;,&quot;credit&quot;:&quot;&quot;,&quot;camera&quot;:&quot;&quot;,&quot;caption&quot;:&quot;&quot;,&quot;created_timestamp&quot;:&quot;0&quot;,&quot;copyright&quot;:&quot;&quot;,&quot;focal_length&quot;:&quot;0&quot;,&quot;iso&quot;:&quot;0&quot;,&quot;shutter_speed&quot;:&quot;0&quot;,&quot;title&quot;:&quot;&quot;,&quot;orientation&quot;:&quot;0&quot;}\" data-image-title=\"74213_103899356345834_3416860_n\" data-image-description=\"\" data-image-caption=\"\" data-medium-file=\"https:\/\/i0.wp.com\/wp.ufpel.edu.br\/coctec\/files\/2017\/08\/74213_103899356345834_3416860_n.jpg?fit=199%2C274&amp;ssl=1\" data-large-file=\"https:\/\/i0.wp.com\/wp.ufpel.edu.br\/coctec\/files\/2017\/08\/74213_103899356345834_3416860_n.jpg?fit=199%2C274&amp;ssl=1\" class=\"alignleft wp-image-176 size-thumbnail\" src=\"https:\/\/i0.wp.com\/wp.ufpel.edu.br\/coctec\/files\/2017\/08\/74213_103899356345834_3416860_n.jpg?resize=199%2C200&#038;ssl=1\" alt=\"\" width=\"199\" height=\"200\" \/>Profa. Dra. Regina Trilho Otero Xavier<\/strong><\/span><\/p>\n<p style=\"text-align: justify\"><b>Forma\u00e7\u00e3o\/\u00c1rea de pesquisa: <\/b>Professora da UFPel em\u00a0Ci\u00eancia da Computa\u00e7\u00e3o<\/p>\n<p style=\"text-align: justify\">Foi professora da UCPel durante 31 anos, desenvolvendo atividades de doc\u00eancia nas modalidades presencial e a dist\u00e2ncia. Atualmente \u00e9 Professora Adjunta no Centro de Engenharias da UFPEL e tem experi\u00eancia nas \u00e1reas de Educa\u00e7\u00e3o a Dist\u00e2ncia, Inform\u00e1tica, Administra\u00e7\u00e3o e Educa\u00e7\u00e3o.<\/p>\n<p>&nbsp;<\/p>\n<p>&nbsp;<\/p>\n<p style=\"text-align: justify\"><b><span style=\"font-family: verdana,geneva,sans-serif\"><img data-recalc-dims=\"1\" data-attachment-id=\"159\" data-permalink=\"https:\/\/wp.ufpel.edu.br\/coctec\/quem-somos\/whatsapp-image-2017-09-27-at-15-39-32\/\" data-orig-file=\"https:\/\/i0.wp.com\/wp.ufpel.edu.br\/coctec\/files\/2017\/08\/WhatsApp-Image-2017-09-27-at-15.39.32-e1508274304292.jpeg?fit=816%2C828&amp;ssl=1\" data-orig-size=\"816,828\" data-comments-opened=\"0\" data-image-meta=\"{&quot;aperture&quot;:&quot;0&quot;,&quot;credit&quot;:&quot;&quot;,&quot;camera&quot;:&quot;&quot;,&quot;caption&quot;:&quot;&quot;,&quot;created_timestamp&quot;:&quot;0&quot;,&quot;copyright&quot;:&quot;&quot;,&quot;focal_length&quot;:&quot;0&quot;,&quot;iso&quot;:&quot;0&quot;,&quot;shutter_speed&quot;:&quot;0&quot;,&quot;title&quot;:&quot;&quot;,&quot;orientation&quot;:&quot;0&quot;}\" data-image-title=\"WhatsApp Image 2017-09-27 at 15.39.32\" data-image-description=\"\" data-image-caption=\"\" data-medium-file=\"https:\/\/i0.wp.com\/wp.ufpel.edu.br\/coctec\/files\/2017\/08\/WhatsApp-Image-2017-09-27-at-15.39.32-e1508274304292.jpeg?fit=394%2C400&amp;ssl=1\" data-large-file=\"https:\/\/i0.wp.com\/wp.ufpel.edu.br\/coctec\/files\/2017\/08\/WhatsApp-Image-2017-09-27-at-15.39.32-e1508274304292.jpeg?fit=768%2C1024&amp;ssl=1\" class=\"alignleft wp-image-159 size-thumbnail\" src=\"https:\/\/i0.wp.com\/wp.ufpel.edu.br\/coctec\/files\/2017\/08\/WhatsApp-Image-2017-09-27-at-15.39.32-e1508274304292-200x200.jpeg?resize=200%2C200&#038;ssl=1\" alt=\"\" width=\"200\" height=\"200\" srcset=\"https:\/\/i0.wp.com\/wp.ufpel.edu.br\/coctec\/files\/2017\/08\/WhatsApp-Image-2017-09-27-at-15.39.32-e1508274304292.jpeg?resize=200%2C200&amp;ssl=1 200w, https:\/\/i0.wp.com\/wp.ufpel.edu.br\/coctec\/files\/2017\/08\/WhatsApp-Image-2017-09-27-at-15.39.32-e1508274304292.jpeg?zoom=2&amp;resize=200%2C200&amp;ssl=1 400w, https:\/\/i0.wp.com\/wp.ufpel.edu.br\/coctec\/files\/2017\/08\/WhatsApp-Image-2017-09-27-at-15.39.32-e1508274304292.jpeg?zoom=3&amp;resize=200%2C200&amp;ssl=1 600w\" sizes=\"(max-width: 200px) 100vw, 200px\" \/><\/span>Prof. Dr. Manuel Constantino Zunguze<\/b><\/p>\n<p style=\"text-align: justify\"><b>Curso\/ \u00c1rea de pesquisa:<\/b>\u00a0Professor na Universidade Pedag\u00f3gica (UP), Mo\u00e7ambique<\/p>\n<p style=\"text-align: justify\">Desenvolve pesquisa em aprendizagens adaptativa, estilos de aprendizagem e trajet\u00f3rias de aprendizagem. Colabora com o CoCTec nas a\u00e7\u00f5es do projeto com a Universidade Pedag\u00f3gica de Mo\u00e7ambique.<\/p>\n<p>&nbsp;<\/p>\n<p>&nbsp;<\/p>\n<p>&nbsp;<\/p>\n<p><span style=\"font-family: georgia, palatino, serif\"><b>MESTRANDOS\/PESQUISADORES MESTRES<\/b>:<\/span><\/p>\n<p><span style=\"font-family: georgia, palatino, serif\"><strong><img data-recalc-dims=\"1\" data-attachment-id=\"202\" data-permalink=\"https:\/\/wp.ufpel.edu.br\/coctec\/quem-somos\/14409589_1083207708399404_2097881658595688184_o\/\" data-orig-file=\"https:\/\/i0.wp.com\/wp.ufpel.edu.br\/coctec\/files\/2017\/08\/14409589_1083207708399404_2097881658595688184_o.jpg?fit=1079%2C1079&amp;ssl=1\" data-orig-size=\"1079,1079\" data-comments-opened=\"0\" data-image-meta=\"{&quot;aperture&quot;:&quot;0&quot;,&quot;credit&quot;:&quot;&quot;,&quot;camera&quot;:&quot;&quot;,&quot;caption&quot;:&quot;&quot;,&quot;created_timestamp&quot;:&quot;0&quot;,&quot;copyright&quot;:&quot;&quot;,&quot;focal_length&quot;:&quot;0&quot;,&quot;iso&quot;:&quot;0&quot;,&quot;shutter_speed&quot;:&quot;0&quot;,&quot;title&quot;:&quot;&quot;,&quot;orientation&quot;:&quot;0&quot;}\" data-image-title=\"14409589_1083207708399404_2097881658595688184_o\" data-image-description=\"\" data-image-caption=\"\" data-medium-file=\"https:\/\/i0.wp.com\/wp.ufpel.edu.br\/coctec\/files\/2017\/08\/14409589_1083207708399404_2097881658595688184_o.jpg?fit=400%2C400&amp;ssl=1\" data-large-file=\"https:\/\/i0.wp.com\/wp.ufpel.edu.br\/coctec\/files\/2017\/08\/14409589_1083207708399404_2097881658595688184_o.jpg?fit=1024%2C1024&amp;ssl=1\" class=\"wp-image-202 size-thumbnail alignleft\" src=\"https:\/\/i0.wp.com\/wp.ufpel.edu.br\/coctec\/files\/2017\/08\/14409589_1083207708399404_2097881658595688184_o.jpg?resize=200%2C200&#038;ssl=1\" alt=\"\" width=\"200\" height=\"200\" srcset=\"https:\/\/i0.wp.com\/wp.ufpel.edu.br\/coctec\/files\/2017\/08\/14409589_1083207708399404_2097881658595688184_o.jpg?resize=200%2C200&amp;ssl=1 200w, https:\/\/i0.wp.com\/wp.ufpel.edu.br\/coctec\/files\/2017\/08\/14409589_1083207708399404_2097881658595688184_o.jpg?resize=400%2C400&amp;ssl=1 400w, https:\/\/i0.wp.com\/wp.ufpel.edu.br\/coctec\/files\/2017\/08\/14409589_1083207708399404_2097881658595688184_o.jpg?resize=768%2C768&amp;ssl=1 768w, https:\/\/i0.wp.com\/wp.ufpel.edu.br\/coctec\/files\/2017\/08\/14409589_1083207708399404_2097881658595688184_o.jpg?resize=1024%2C1024&amp;ssl=1 1024w, https:\/\/i0.wp.com\/wp.ufpel.edu.br\/coctec\/files\/2017\/08\/14409589_1083207708399404_2097881658595688184_o.jpg?w=1079&amp;ssl=1 1079w\" sizes=\"(max-width: 200px) 100vw, 200px\" \/>Marco Medronha Filho<\/strong><\/span><\/p>\n<p><b>Curso\/ \u00c1rea de pesquisa:<\/b> Mestre pelo PPGECM<\/p>\n<p>Mestre em Ensino de Ci\u00eancias e Matem\u00e1tica, pesquisa especialmente metodologias pedag\u00f3gicas para a sala de aula utilizando tecnologias digitais. \u00c9 professor de Ci\u00eancias na rede p\u00fablica municipal, e integrante do n\u00facleo regional da Rede Brasileira de Aprendizagem Criativa.<\/p>\n<p>&nbsp;<\/p>\n<p>&nbsp;<\/p>\n<p>&nbsp;<\/p>\n<p>&nbsp;<\/p>\n<p><b><img data-recalc-dims=\"1\" data-attachment-id=\"187\" data-permalink=\"https:\/\/wp.ufpel.edu.br\/coctec\/quem-somos\/whatsapp-image-2017-10-17-at-21-03-11\/\" data-orig-file=\"https:\/\/i0.wp.com\/wp.ufpel.edu.br\/coctec\/files\/2017\/08\/WhatsApp-Image-2017-10-17-at-21.03.11.jpeg?fit=471%2C471&amp;ssl=1\" data-orig-size=\"471,471\" data-comments-opened=\"0\" data-image-meta=\"{&quot;aperture&quot;:&quot;0&quot;,&quot;credit&quot;:&quot;&quot;,&quot;camera&quot;:&quot;&quot;,&quot;caption&quot;:&quot;&quot;,&quot;created_timestamp&quot;:&quot;0&quot;,&quot;copyright&quot;:&quot;&quot;,&quot;focal_length&quot;:&quot;0&quot;,&quot;iso&quot;:&quot;0&quot;,&quot;shutter_speed&quot;:&quot;0&quot;,&quot;title&quot;:&quot;&quot;,&quot;orientation&quot;:&quot;0&quot;}\" data-image-title=\"WhatsApp Image 2017-10-17 at 21.03.11\" data-image-description=\"\" data-image-caption=\"\" data-medium-file=\"https:\/\/i0.wp.com\/wp.ufpel.edu.br\/coctec\/files\/2017\/08\/WhatsApp-Image-2017-10-17-at-21.03.11.jpeg?fit=400%2C400&amp;ssl=1\" data-large-file=\"https:\/\/i0.wp.com\/wp.ufpel.edu.br\/coctec\/files\/2017\/08\/WhatsApp-Image-2017-10-17-at-21.03.11.jpeg?fit=471%2C471&amp;ssl=1\" class=\"alignleft wp-image-187 size-thumbnail\" src=\"https:\/\/i0.wp.com\/wp.ufpel.edu.br\/coctec\/files\/2017\/08\/WhatsApp-Image-2017-10-17-at-21.03.11.jpeg?resize=200%2C200&#038;ssl=1\" alt=\"\" width=\"200\" height=\"200\" srcset=\"https:\/\/i0.wp.com\/wp.ufpel.edu.br\/coctec\/files\/2017\/08\/WhatsApp-Image-2017-10-17-at-21.03.11.jpeg?resize=200%2C200&amp;ssl=1 200w, https:\/\/i0.wp.com\/wp.ufpel.edu.br\/coctec\/files\/2017\/08\/WhatsApp-Image-2017-10-17-at-21.03.11.jpeg?resize=400%2C400&amp;ssl=1 400w, https:\/\/i0.wp.com\/wp.ufpel.edu.br\/coctec\/files\/2017\/08\/WhatsApp-Image-2017-10-17-at-21.03.11.jpeg?w=471&amp;ssl=1 471w\" sizes=\"(max-width: 200px) 100vw, 200px\" \/>Felipe Szczepaniak<\/b><\/p>\n<p><b>Curso\/ \u00c1rea de pesquisa:<\/b><span style=\"font-weight: 400\"> Arte, Design e Tecnologia<\/span><\/p>\n<p>Pesquisador mestre do grupo, tem mestrado em Design\u00a0 com \u00eanfase em tecnologia, \u00e9 formado em Design Gr\u00e1fico, T\u00e9cnico em Design de M\u00f3veis e T\u00e9cnico em Inform\u00e1tica. Atualmente cursa disciplinas da Licenciatura em Artes Visuais e \u00e9 membro do N\u00facleo de Acessibilidade e Inclus\u00e3o \u2013 NAI da UFPel. Desenvolve pesquisas na \u00e1rea de Design e Artes, conectando-as \u00e0s a\u00e7\u00f5es do CoCTec em Aprendizagem Criativa.<\/p>\n<p>&nbsp;<\/p>\n<p>&nbsp;<\/p>\n<p><strong><span style=\"font-family: georgia, palatino, serif\"><img data-recalc-dims=\"1\" data-attachment-id=\"207\" data-permalink=\"https:\/\/wp.ufpel.edu.br\/coctec\/quem-somos\/21752028_462529287473597_5326550911698467697_n\/\" data-orig-file=\"https:\/\/i0.wp.com\/wp.ufpel.edu.br\/coctec\/files\/2017\/08\/21752028_462529287473597_5326550911698467697_n.jpg?fit=418%2C418&amp;ssl=1\" data-orig-size=\"418,418\" data-comments-opened=\"0\" data-image-meta=\"{&quot;aperture&quot;:&quot;0&quot;,&quot;credit&quot;:&quot;&quot;,&quot;camera&quot;:&quot;&quot;,&quot;caption&quot;:&quot;&quot;,&quot;created_timestamp&quot;:&quot;0&quot;,&quot;copyright&quot;:&quot;&quot;,&quot;focal_length&quot;:&quot;0&quot;,&quot;iso&quot;:&quot;0&quot;,&quot;shutter_speed&quot;:&quot;0&quot;,&quot;title&quot;:&quot;&quot;,&quot;orientation&quot;:&quot;0&quot;}\" data-image-title=\"21752028_462529287473597_5326550911698467697_n\" data-image-description=\"\" data-image-caption=\"\" data-medium-file=\"https:\/\/i0.wp.com\/wp.ufpel.edu.br\/coctec\/files\/2017\/08\/21752028_462529287473597_5326550911698467697_n.jpg?fit=400%2C400&amp;ssl=1\" data-large-file=\"https:\/\/i0.wp.com\/wp.ufpel.edu.br\/coctec\/files\/2017\/08\/21752028_462529287473597_5326550911698467697_n.jpg?fit=418%2C418&amp;ssl=1\" class=\"wp-image-207 size-thumbnail alignleft\" src=\"https:\/\/i0.wp.com\/wp.ufpel.edu.br\/coctec\/files\/2017\/08\/21752028_462529287473597_5326550911698467697_n.jpg?resize=200%2C200&#038;ssl=1\" alt=\"\" width=\"200\" height=\"200\" srcset=\"https:\/\/i0.wp.com\/wp.ufpel.edu.br\/coctec\/files\/2017\/08\/21752028_462529287473597_5326550911698467697_n.jpg?resize=200%2C200&amp;ssl=1 200w, https:\/\/i0.wp.com\/wp.ufpel.edu.br\/coctec\/files\/2017\/08\/21752028_462529287473597_5326550911698467697_n.jpg?resize=400%2C400&amp;ssl=1 400w, https:\/\/i0.wp.com\/wp.ufpel.edu.br\/coctec\/files\/2017\/08\/21752028_462529287473597_5326550911698467697_n.jpg?w=418&amp;ssl=1 418w\" sizes=\"(max-width: 200px) 100vw, 200px\" \/>Daiane de Jesus<\/span><\/strong><\/p>\n<p><b>Curso\/ \u00c1rea de pesquisa:<\/b> Mestranda no PPGECM<\/p>\n<p>Investiga o uso de fotografias para o ensino e aprendizagem de matem\u00e1tica, focando seu trabalho em imagens como ferramenta pedag\u00f3gica.<\/p>\n<p>&nbsp;<\/p>\n<div class=\"clearfix _o46 _3erg _29_7 direction_ltr text_align_ltr\"><\/div>\n<div class=\"clearfix _o46 _3erg _29_7 direction_ltr text_align_ltr\"><\/div>\n<p>&nbsp;<\/p>\n<p><b><strong><img data-recalc-dims=\"1\" data-attachment-id=\"158\" data-permalink=\"https:\/\/wp.ufpel.edu.br\/coctec\/quem-somos\/neemias\/\" data-orig-file=\"https:\/\/i0.wp.com\/wp.ufpel.edu.br\/coctec\/files\/2017\/08\/neemias-e1508274004372.jpg?fit=1675%2C1720&amp;ssl=1\" data-orig-size=\"1675,1720\" data-comments-opened=\"0\" data-image-meta=\"{&quot;aperture&quot;:&quot;0&quot;,&quot;credit&quot;:&quot;&quot;,&quot;camera&quot;:&quot;&quot;,&quot;caption&quot;:&quot;&quot;,&quot;created_timestamp&quot;:&quot;0&quot;,&quot;copyright&quot;:&quot;&quot;,&quot;focal_length&quot;:&quot;0&quot;,&quot;iso&quot;:&quot;0&quot;,&quot;shutter_speed&quot;:&quot;0&quot;,&quot;title&quot;:&quot;&quot;,&quot;orientation&quot;:&quot;0&quot;}\" data-image-title=\"neemias\" data-image-description=\"\" data-image-caption=\"\" data-medium-file=\"https:\/\/i0.wp.com\/wp.ufpel.edu.br\/coctec\/files\/2017\/08\/neemias-e1508274004372.jpg?fit=390%2C400&amp;ssl=1\" data-large-file=\"https:\/\/i0.wp.com\/wp.ufpel.edu.br\/coctec\/files\/2017\/08\/neemias-e1508274004372.jpg?fit=997%2C1024&amp;ssl=1\" class=\"alignleft wp-image-158 size-thumbnail\" src=\"https:\/\/i0.wp.com\/wp.ufpel.edu.br\/coctec\/files\/2017\/08\/neemias-e1508274004372-200x200.jpg?resize=200%2C200&#038;ssl=1\" alt=\"\" width=\"200\" height=\"200\" srcset=\"https:\/\/i0.wp.com\/wp.ufpel.edu.br\/coctec\/files\/2017\/08\/neemias-e1508274004372.jpg?resize=200%2C200&amp;ssl=1 200w, https:\/\/i0.wp.com\/wp.ufpel.edu.br\/coctec\/files\/2017\/08\/neemias-e1508274004372.jpg?zoom=2&amp;resize=200%2C200&amp;ssl=1 400w, https:\/\/i0.wp.com\/wp.ufpel.edu.br\/coctec\/files\/2017\/08\/neemias-e1508274004372.jpg?zoom=3&amp;resize=200%2C200&amp;ssl=1 600w\" sizes=\"(max-width: 200px) 100vw, 200px\" \/><\/strong>Neemias de Oliveira Steinle<\/b><\/p>\n<p><b>Curso\/ \u00c1rea de pesquisa:<\/b> Mestrando do PPGECM &#8211; UFPel e l\u00edder do clube CoCTec NEC<\/p>\n<p>Professor da Educa\u00e7\u00e3o B\u00e1sica P\u00fablica atuando na \u00e1rea de Linguagens e suas Tecnologias, Letramento Digital, Rob\u00f3tica Educacional e Educa\u00e7\u00e3o Matem\u00e1tica como formas de desenvolver o Pensamento Computacional em Escola Inclusiva do Campo. Desenvolve o Projeto de Pesquisa: &#8220;Metodologias para a Promo\u00e7\u00e3o e Avalia\u00e7\u00e3o do Pensamento Computacional&#8221;.<\/p>\n<p>&nbsp;<\/p>\n<div style=\"text-align: justify\"><\/div>\n<p><span style=\"font-family: georgia, palatino, serif\"><strong><img data-recalc-dims=\"1\" data-attachment-id=\"209\" data-permalink=\"https:\/\/wp.ufpel.edu.br\/coctec\/quem-somos\/19944297_1389454051171999_2953519183274468480_o\/\" data-orig-file=\"https:\/\/i0.wp.com\/wp.ufpel.edu.br\/coctec\/files\/2017\/08\/19944297_1389454051171999_2953519183274468480_o-e1508286395599.jpg?fit=1018%2C1069&amp;ssl=1\" data-orig-size=\"1018,1069\" data-comments-opened=\"0\" data-image-meta=\"{&quot;aperture&quot;:&quot;0&quot;,&quot;credit&quot;:&quot;&quot;,&quot;camera&quot;:&quot;&quot;,&quot;caption&quot;:&quot;&quot;,&quot;created_timestamp&quot;:&quot;0&quot;,&quot;copyright&quot;:&quot;&quot;,&quot;focal_length&quot;:&quot;0&quot;,&quot;iso&quot;:&quot;0&quot;,&quot;shutter_speed&quot;:&quot;0&quot;,&quot;title&quot;:&quot;&quot;,&quot;orientation&quot;:&quot;0&quot;}\" data-image-title=\"19944297_1389454051171999_2953519183274468480_o\" data-image-description=\"\" data-image-caption=\"\" data-medium-file=\"https:\/\/i0.wp.com\/wp.ufpel.edu.br\/coctec\/files\/2017\/08\/19944297_1389454051171999_2953519183274468480_o-e1508286395599.jpg?fit=381%2C400&amp;ssl=1\" data-large-file=\"https:\/\/i0.wp.com\/wp.ufpel.edu.br\/coctec\/files\/2017\/08\/19944297_1389454051171999_2953519183274468480_o-e1508286395599.jpg?fit=975%2C1024&amp;ssl=1\" class=\"wp-image-209 size-thumbnail alignleft\" src=\"https:\/\/i0.wp.com\/wp.ufpel.edu.br\/coctec\/files\/2017\/08\/19944297_1389454051171999_2953519183274468480_o-e1508286395599-200x200.jpg?resize=200%2C200&#038;ssl=1\" alt=\"\" width=\"200\" height=\"200\" srcset=\"https:\/\/i0.wp.com\/wp.ufpel.edu.br\/coctec\/files\/2017\/08\/19944297_1389454051171999_2953519183274468480_o-e1508286395599.jpg?resize=200%2C200&amp;ssl=1 200w, https:\/\/i0.wp.com\/wp.ufpel.edu.br\/coctec\/files\/2017\/08\/19944297_1389454051171999_2953519183274468480_o-e1508286395599.jpg?zoom=2&amp;resize=200%2C200&amp;ssl=1 400w, https:\/\/i0.wp.com\/wp.ufpel.edu.br\/coctec\/files\/2017\/08\/19944297_1389454051171999_2953519183274468480_o-e1508286395599.jpg?zoom=3&amp;resize=200%2C200&amp;ssl=1 600w\" sizes=\"(max-width: 200px) 100vw, 200px\" \/>Tamires Holz Gehrke<\/strong><\/span><\/p>\n<p><b>Curso\/ \u00c1rea de pesquisa:<\/b> Mestrado no PPGECM<\/p>\n<div class=\"clearfix _o46 _3erg _29_7 direction_ltr text_align_ltr\">\n<div id=\"js_en\" class=\"_3058 _ui9 _hh7 _s1- _52mr _3oh-\">\n<div class=\"_aok\"><span class=\"_3oh- _58nk\">Pesquisa atualmente a aprendizagem na cultura pomerana, por meio de receitas culin\u00e1rias. Seus alunos da rede p\u00fablica de S\u00e3o Louren\u00e7o do Sul entrevistam os pais como forma de aprender sobre sua pr\u00f3pria cultura. Atualmente experimenta o Scratch como m\u00eddia para desenvolver livros de receitas com os alunos.<\/span><\/div>\n<\/div>\n<div><\/div>\n<\/div>\n<div class=\"clearfix _o46 _3erg _29_7 direction_ltr text_align_ltr\"><\/div>\n<div>\n<p>&nbsp;<\/p>\n<\/div>\n<p><strong><span style=\"font-family: georgia, palatino, serif\"><img data-recalc-dims=\"1\" data-attachment-id=\"205\" data-permalink=\"https:\/\/wp.ufpel.edu.br\/coctec\/quem-somos\/12647176_10204162995755585_4849510319839218175_n\/\" data-orig-file=\"https:\/\/i0.wp.com\/wp.ufpel.edu.br\/coctec\/files\/2017\/08\/12647176_10204162995755585_4849510319839218175_n-e1508285944734.jpg?fit=448%2C494&amp;ssl=1\" data-orig-size=\"448,494\" data-comments-opened=\"0\" data-image-meta=\"{&quot;aperture&quot;:&quot;0&quot;,&quot;credit&quot;:&quot;&quot;,&quot;camera&quot;:&quot;&quot;,&quot;caption&quot;:&quot;&quot;,&quot;created_timestamp&quot;:&quot;0&quot;,&quot;copyright&quot;:&quot;&quot;,&quot;focal_length&quot;:&quot;0&quot;,&quot;iso&quot;:&quot;0&quot;,&quot;shutter_speed&quot;:&quot;0&quot;,&quot;title&quot;:&quot;&quot;,&quot;orientation&quot;:&quot;0&quot;}\" data-image-title=\"12647176_10204162995755585_4849510319839218175_n\" data-image-description=\"\" data-image-caption=\"\" data-medium-file=\"https:\/\/i0.wp.com\/wp.ufpel.edu.br\/coctec\/files\/2017\/08\/12647176_10204162995755585_4849510319839218175_n-e1508285944734.jpg?fit=363%2C400&amp;ssl=1\" data-large-file=\"https:\/\/i0.wp.com\/wp.ufpel.edu.br\/coctec\/files\/2017\/08\/12647176_10204162995755585_4849510319839218175_n-e1508285944734.jpg?fit=448%2C494&amp;ssl=1\" class=\"wp-image-205 size-thumbnail alignleft\" src=\"https:\/\/i0.wp.com\/wp.ufpel.edu.br\/coctec\/files\/2017\/08\/12647176_10204162995755585_4849510319839218175_n-e1508285944734-200x200.jpg?resize=200%2C200&#038;ssl=1\" alt=\"\" width=\"200\" height=\"200\" srcset=\"https:\/\/i0.wp.com\/wp.ufpel.edu.br\/coctec\/files\/2017\/08\/12647176_10204162995755585_4849510319839218175_n-e1508285944734.jpg?resize=200%2C200&amp;ssl=1 200w, https:\/\/i0.wp.com\/wp.ufpel.edu.br\/coctec\/files\/2017\/08\/12647176_10204162995755585_4849510319839218175_n-e1508285944734.jpg?zoom=2&amp;resize=200%2C200&amp;ssl=1 400w\" sizes=\"(max-width: 200px) 100vw, 200px\" \/>Alessandra Marten<\/span><\/strong><\/p>\n<p><b>Curso\/ \u00c1rea de pesquisa:<\/b> Mestranda no PPGECM<\/p>\n<p>Investiga o potencial de brincadeiras para o desenvolvimento cognitivo de crian\u00e7as, desde as ferramentas anal\u00f3gicas at\u00e9 as digitais.<\/p>\n<p>&nbsp;<\/p>\n<p>&nbsp;<\/p>\n<p>&nbsp;<\/p>\n<p>&nbsp;<\/p>\n<p>&nbsp;<\/p>\n<p>&nbsp;<\/p>\n<p><span style=\"font-family: georgia, palatino, serif\"><b>GRADUA\u00c7\u00c3O:<\/b><\/span><\/p>\n<p><img data-recalc-dims=\"1\" data-attachment-id=\"665\" data-permalink=\"https:\/\/wp.ufpel.edu.br\/coctec\/quem-somos\/19702425_773593779488955_97996769578476798_n\/\" data-orig-file=\"https:\/\/i0.wp.com\/wp.ufpel.edu.br\/coctec\/files\/2018\/05\/19702425_773593779488955_97996769578476798_n.jpg?fit=719%2C730&amp;ssl=1\" data-orig-size=\"719,730\" data-comments-opened=\"0\" data-image-meta=\"{&quot;aperture&quot;:&quot;0&quot;,&quot;credit&quot;:&quot;&quot;,&quot;camera&quot;:&quot;&quot;,&quot;caption&quot;:&quot;&quot;,&quot;created_timestamp&quot;:&quot;0&quot;,&quot;copyright&quot;:&quot;&quot;,&quot;focal_length&quot;:&quot;0&quot;,&quot;iso&quot;:&quot;0&quot;,&quot;shutter_speed&quot;:&quot;0&quot;,&quot;title&quot;:&quot;&quot;,&quot;orientation&quot;:&quot;0&quot;}\" data-image-title=\"19702425_773593779488955_97996769578476798_n\" data-image-description=\"\" data-image-caption=\"\" data-medium-file=\"https:\/\/i0.wp.com\/wp.ufpel.edu.br\/coctec\/files\/2018\/05\/19702425_773593779488955_97996769578476798_n.jpg?fit=394%2C400&amp;ssl=1\" data-large-file=\"https:\/\/i0.wp.com\/wp.ufpel.edu.br\/coctec\/files\/2018\/05\/19702425_773593779488955_97996769578476798_n.jpg?fit=719%2C730&amp;ssl=1\" class=\"size-thumbnail wp-image-665 alignleft\" src=\"https:\/\/i0.wp.com\/wp.ufpel.edu.br\/coctec\/files\/2018\/05\/19702425_773593779488955_97996769578476798_n.jpg?resize=200%2C200&#038;ssl=1\" alt=\"\" width=\"200\" height=\"200\" srcset=\"https:\/\/i0.wp.com\/wp.ufpel.edu.br\/coctec\/files\/2018\/05\/19702425_773593779488955_97996769578476798_n.jpg?resize=200%2C200&amp;ssl=1 200w, https:\/\/i0.wp.com\/wp.ufpel.edu.br\/coctec\/files\/2018\/05\/19702425_773593779488955_97996769578476798_n.jpg?zoom=2&amp;resize=200%2C200&amp;ssl=1 400w, https:\/\/i0.wp.com\/wp.ufpel.edu.br\/coctec\/files\/2018\/05\/19702425_773593779488955_97996769578476798_n.jpg?zoom=3&amp;resize=200%2C200&amp;ssl=1 600w\" sizes=\"(max-width: 200px) 100vw, 200px\" \/><\/p>\n<p dir=\"ltr\"><strong>Carolina Martins Portela<\/strong><\/p>\n<p dir=\"ltr\"><strong>Curso\/ \u00c1rea de pesquisa: <\/strong>Dan\u00e7a\u00a0&#8211; Licenciatura<\/p>\n<p dir=\"ltr\">Integra tanto o CoCTec quanto o projeto de extens\u00e3o Oficinas de Dan\u00e7as Folcl\u00f3ricas. Em nosso grupo, trabalha atualmente com os cart\u00f5es de aprendizagem criativa, trazendo para a cole\u00e7\u00e3o os m\u00f3dulos de dan\u00e7a e produ\u00e7\u00e3o coreogr\u00e1fica para o desenvolvimento dos clubes de computa\u00e7\u00e3o no ensino p\u00fablico municipal.<\/p>\n<p>&nbsp;<\/p>\n<p>&nbsp;<\/p>\n<p><img data-recalc-dims=\"1\" data-attachment-id=\"613\" data-permalink=\"https:\/\/wp.ufpel.edu.br\/coctec\/quem-somos\/img_20180101_030915_925\/\" data-orig-file=\"https:\/\/i0.wp.com\/wp.ufpel.edu.br\/coctec\/files\/2018\/05\/IMG_20180101_030915_925.jpg?fit=1280%2C959&amp;ssl=1\" data-orig-size=\"1280,959\" data-comments-opened=\"0\" data-image-meta=\"{&quot;aperture&quot;:&quot;0&quot;,&quot;credit&quot;:&quot;&quot;,&quot;camera&quot;:&quot;&quot;,&quot;caption&quot;:&quot;&quot;,&quot;created_timestamp&quot;:&quot;0&quot;,&quot;copyright&quot;:&quot;&quot;,&quot;focal_length&quot;:&quot;0&quot;,&quot;iso&quot;:&quot;0&quot;,&quot;shutter_speed&quot;:&quot;0&quot;,&quot;title&quot;:&quot;&quot;,&quot;orientation&quot;:&quot;0&quot;}\" data-image-title=\"IMG_20180101_030915_925\" data-image-description=\"\" data-image-caption=\"\" data-medium-file=\"https:\/\/i0.wp.com\/wp.ufpel.edu.br\/coctec\/files\/2018\/05\/IMG_20180101_030915_925.jpg?fit=400%2C300&amp;ssl=1\" data-large-file=\"https:\/\/i0.wp.com\/wp.ufpel.edu.br\/coctec\/files\/2018\/05\/IMG_20180101_030915_925.jpg?fit=1024%2C767&amp;ssl=1\" class=\"size-thumbnail wp-image-613 alignleft\" src=\"https:\/\/i0.wp.com\/wp.ufpel.edu.br\/coctec\/files\/2018\/05\/IMG_20180101_030915_925.jpg?resize=200%2C200&#038;ssl=1\" alt=\"\" width=\"200\" height=\"200\" srcset=\"https:\/\/i0.wp.com\/wp.ufpel.edu.br\/coctec\/files\/2018\/05\/IMG_20180101_030915_925.jpg?resize=200%2C200&amp;ssl=1 200w, https:\/\/i0.wp.com\/wp.ufpel.edu.br\/coctec\/files\/2018\/05\/IMG_20180101_030915_925.jpg?zoom=2&amp;resize=200%2C200&amp;ssl=1 400w, https:\/\/i0.wp.com\/wp.ufpel.edu.br\/coctec\/files\/2018\/05\/IMG_20180101_030915_925.jpg?zoom=3&amp;resize=200%2C200&amp;ssl=1 600w\" sizes=\"(max-width: 200px) 100vw, 200px\" \/><\/p>\n<p dir=\"ltr\"><strong>J\u00e9ssica Renata Santos Silva<\/strong><\/p>\n<p dir=\"ltr\"><strong>Curso\/ \u00c1rea de pesquisa:<\/strong> Hist\u00f3ria &#8211; Licenciatura<\/p>\n<p dir=\"ltr\">Atua no desenvolvimento do projeto RPG na escola, que tem o intuito de agu\u00e7ar a capacidade de aprendizagem de uma forma criativa e divertida.<\/p>\n<p>&nbsp;<\/p>\n<p>&nbsp;<\/p>\n<p>&nbsp;<\/p>\n<p>&nbsp;<\/p>\n<p>&nbsp;<\/p>\n<p>&nbsp;<\/p>\n<p>&nbsp;<\/p>\n<p>&nbsp;<\/p>\n<p><span style=\"font-family: georgia, palatino, serif\"><strong><img data-recalc-dims=\"1\" data-attachment-id=\"161\" data-permalink=\"https:\/\/wp.ufpel.edu.br\/coctec\/quem-somos\/15267863_1103892463062200_5593199300608516344_n\/\" data-orig-file=\"https:\/\/i0.wp.com\/wp.ufpel.edu.br\/coctec\/files\/2017\/08\/15267863_1103892463062200_5593199300608516344_n.jpg?fit=960%2C960&amp;ssl=1\" data-orig-size=\"960,960\" data-comments-opened=\"0\" data-image-meta=\"{&quot;aperture&quot;:&quot;0&quot;,&quot;credit&quot;:&quot;&quot;,&quot;camera&quot;:&quot;&quot;,&quot;caption&quot;:&quot;&quot;,&quot;created_timestamp&quot;:&quot;0&quot;,&quot;copyright&quot;:&quot;&quot;,&quot;focal_length&quot;:&quot;0&quot;,&quot;iso&quot;:&quot;0&quot;,&quot;shutter_speed&quot;:&quot;0&quot;,&quot;title&quot;:&quot;&quot;,&quot;orientation&quot;:&quot;0&quot;}\" data-image-title=\"15267863_1103892463062200_5593199300608516344_n\" data-image-description=\"\" data-image-caption=\"\" data-medium-file=\"https:\/\/i0.wp.com\/wp.ufpel.edu.br\/coctec\/files\/2017\/08\/15267863_1103892463062200_5593199300608516344_n.jpg?fit=400%2C400&amp;ssl=1\" data-large-file=\"https:\/\/i0.wp.com\/wp.ufpel.edu.br\/coctec\/files\/2017\/08\/15267863_1103892463062200_5593199300608516344_n.jpg?fit=960%2C960&amp;ssl=1\" class=\"wp-image-161 size-thumbnail alignleft\" src=\"https:\/\/i0.wp.com\/wp.ufpel.edu.br\/coctec\/files\/2017\/08\/15267863_1103892463062200_5593199300608516344_n.jpg?resize=200%2C200&#038;ssl=1\" alt=\"\" width=\"200\" height=\"200\" srcset=\"https:\/\/i0.wp.com\/wp.ufpel.edu.br\/coctec\/files\/2017\/08\/15267863_1103892463062200_5593199300608516344_n.jpg?resize=200%2C200&amp;ssl=1 200w, https:\/\/i0.wp.com\/wp.ufpel.edu.br\/coctec\/files\/2017\/08\/15267863_1103892463062200_5593199300608516344_n.jpg?resize=400%2C400&amp;ssl=1 400w, https:\/\/i0.wp.com\/wp.ufpel.edu.br\/coctec\/files\/2017\/08\/15267863_1103892463062200_5593199300608516344_n.jpg?resize=768%2C768&amp;ssl=1 768w, https:\/\/i0.wp.com\/wp.ufpel.edu.br\/coctec\/files\/2017\/08\/15267863_1103892463062200_5593199300608516344_n.jpg?w=960&amp;ssl=1 960w\" sizes=\"(max-width: 200px) 100vw, 200px\" \/>Guilherme Sampaio<\/strong><\/span><\/p>\n<p><b>Curso\/ \u00c1rea de pesquisa:<\/b> Engenharia Eletr\u00f4nica &#8211; CEng<\/p>\n<p style=\"text-align: justify\">Membro recente do grupo de pesquisa, colabora com o CoCTec no planejamento de a\u00e7\u00f5es que envolvem estudantes da UFPel na cria\u00e7\u00e3o de espa\u00e7os colaborativos interdisciplinares.<\/p>\n<p>&nbsp;<\/p>\n<p>&nbsp;<\/p>\n<p>&nbsp;<\/p>\n<p>&nbsp;<\/p>\n<p><span style=\"font-family: verdana,geneva,sans-serif\"><img data-recalc-dims=\"1\" data-attachment-id=\"156\" data-permalink=\"https:\/\/wp.ufpel.edu.br\/coctec\/quem-somos\/whatsapp-image-2017-10-06-at-11-33-40\/\" data-orig-file=\"https:\/\/i0.wp.com\/wp.ufpel.edu.br\/coctec\/files\/2017\/08\/WhatsApp-Image-2017-10-06-at-11.33.40-e1508273597359.jpeg?fit=341%2C367&amp;ssl=1\" data-orig-size=\"341,367\" data-comments-opened=\"0\" data-image-meta=\"{&quot;aperture&quot;:&quot;0&quot;,&quot;credit&quot;:&quot;&quot;,&quot;camera&quot;:&quot;&quot;,&quot;caption&quot;:&quot;&quot;,&quot;created_timestamp&quot;:&quot;0&quot;,&quot;copyright&quot;:&quot;&quot;,&quot;focal_length&quot;:&quot;0&quot;,&quot;iso&quot;:&quot;0&quot;,&quot;shutter_speed&quot;:&quot;0&quot;,&quot;title&quot;:&quot;&quot;,&quot;orientation&quot;:&quot;0&quot;}\" data-image-title=\"WhatsApp Image 2017-10-06 at 11.33.40\" data-image-description=\"\" data-image-caption=\"\" data-medium-file=\"https:\/\/i0.wp.com\/wp.ufpel.edu.br\/coctec\/files\/2017\/08\/WhatsApp-Image-2017-10-06-at-11.33.40-e1508273597359.jpeg?fit=300%2C400&amp;ssl=1\" data-large-file=\"https:\/\/i0.wp.com\/wp.ufpel.edu.br\/coctec\/files\/2017\/08\/WhatsApp-Image-2017-10-06-at-11.33.40-e1508273597359.jpeg?fit=768%2C1024&amp;ssl=1\" class=\"wp-image-156 size-thumbnail alignleft\" src=\"https:\/\/i0.wp.com\/wp.ufpel.edu.br\/coctec\/files\/2017\/08\/WhatsApp-Image-2017-10-06-at-11.33.40-e1508273597359-200x200.jpeg?resize=200%2C200&#038;ssl=1\" alt=\"\" width=\"200\" height=\"200\" \/><\/span><\/p>\n<p><span style=\"font-family: georgia, palatino, serif\"><strong>Henrique Mattos<\/strong><\/span><\/p>\n<p style=\"text-align: justify\"><b>Curso\/ \u00c1rea de pesquisa:<\/b><span style=\"font-weight: 400\"> Engenharia Eletr\u00f4nica &#8211; CEng<\/span><\/p>\n<p style=\"text-align: justify\"><span style=\"font-weight: 400\">Contribui especialmente para os estudos em rob\u00f3tica educacional e projetos relacionados a espa\u00e7os <em>maker<\/em> utilizando eletr\u00f4nica. \u00c9 um dos bolsistas que desenvolveu o material did\u00e1tico utilizado na \u00c1frica do Sul com aprendizagem criativa.<\/span><\/p>\n<p>&nbsp;<\/p>\n<p>&nbsp;<\/p>\n<p>&nbsp;<\/p>\n<p dir=\"ltr\"><strong><img data-recalc-dims=\"1\" data-attachment-id=\"666\" data-permalink=\"https:\/\/wp.ufpel.edu.br\/coctec\/quem-somos\/jamilson2\/\" data-orig-file=\"https:\/\/i0.wp.com\/wp.ufpel.edu.br\/coctec\/files\/2018\/05\/jamilson2.jpg?fit=960%2C958&amp;ssl=1\" data-orig-size=\"960,958\" data-comments-opened=\"0\" data-image-meta=\"{&quot;aperture&quot;:&quot;0&quot;,&quot;credit&quot;:&quot;&quot;,&quot;camera&quot;:&quot;&quot;,&quot;caption&quot;:&quot;&quot;,&quot;created_timestamp&quot;:&quot;0&quot;,&quot;copyright&quot;:&quot;&quot;,&quot;focal_length&quot;:&quot;0&quot;,&quot;iso&quot;:&quot;0&quot;,&quot;shutter_speed&quot;:&quot;0&quot;,&quot;title&quot;:&quot;&quot;,&quot;orientation&quot;:&quot;0&quot;}\" data-image-title=\"jamilson2\" data-image-description=\"\" data-image-caption=\"\" data-medium-file=\"https:\/\/i0.wp.com\/wp.ufpel.edu.br\/coctec\/files\/2018\/05\/jamilson2.jpg?fit=400%2C400&amp;ssl=1\" data-large-file=\"https:\/\/i0.wp.com\/wp.ufpel.edu.br\/coctec\/files\/2018\/05\/jamilson2.jpg?fit=960%2C958&amp;ssl=1\" class=\"size-thumbnail wp-image-666 alignleft\" src=\"https:\/\/i0.wp.com\/wp.ufpel.edu.br\/coctec\/files\/2018\/05\/jamilson2.jpg?resize=200%2C200&#038;ssl=1\" alt=\"\" width=\"200\" height=\"200\" srcset=\"https:\/\/i0.wp.com\/wp.ufpel.edu.br\/coctec\/files\/2018\/05\/jamilson2.jpg?resize=200%2C200&amp;ssl=1 200w, https:\/\/i0.wp.com\/wp.ufpel.edu.br\/coctec\/files\/2018\/05\/jamilson2.jpg?resize=400%2C400&amp;ssl=1 400w, https:\/\/i0.wp.com\/wp.ufpel.edu.br\/coctec\/files\/2018\/05\/jamilson2.jpg?resize=768%2C766&amp;ssl=1 768w, https:\/\/i0.wp.com\/wp.ufpel.edu.br\/coctec\/files\/2018\/05\/jamilson2.jpg?w=960&amp;ssl=1 960w\" sizes=\"(max-width: 200px) 100vw, 200px\" \/>Jamilson do Nascimento<\/strong><\/p>\n<p dir=\"ltr\"><strong>Curso\/ \u00c1rea de pesquisa:<\/strong>\u00a0Engenharia Agr\u00edcola<\/p>\n<p dir=\"ltr\">Atua no desenvolvimento do projeto RPG na Escola, que busca disseminar a aprendizagem criativa por meio do design de personagens jogos aventuras para o ensino-aprendizagem de diferentes disciplinas curriculares na escola.<\/p>\n<p>&nbsp;<\/p>\n<p>&nbsp;<\/p>\n<p>&nbsp;<\/p>\n<p><span style=\"font-family: georgia, palatino, serif\"><strong><img data-recalc-dims=\"1\" data-attachment-id=\"213\" data-permalink=\"https:\/\/wp.ufpel.edu.br\/coctec\/quem-somos\/22499215_1241210169356796_8721455927741636273_o\/\" data-orig-file=\"https:\/\/i0.wp.com\/wp.ufpel.edu.br\/coctec\/files\/2017\/08\/22499215_1241210169356796_8721455927741636273_o-e1508286745432.jpg?fit=1352%2C1375&amp;ssl=1\" data-orig-size=\"1352,1375\" data-comments-opened=\"0\" data-image-meta=\"{&quot;aperture&quot;:&quot;0&quot;,&quot;credit&quot;:&quot;&quot;,&quot;camera&quot;:&quot;&quot;,&quot;caption&quot;:&quot;&quot;,&quot;created_timestamp&quot;:&quot;0&quot;,&quot;copyright&quot;:&quot;&quot;,&quot;focal_length&quot;:&quot;0&quot;,&quot;iso&quot;:&quot;0&quot;,&quot;shutter_speed&quot;:&quot;0&quot;,&quot;title&quot;:&quot;&quot;,&quot;orientation&quot;:&quot;0&quot;}\" data-image-title=\"22499215_1241210169356796_8721455927741636273_o\" data-image-description=\"\" data-image-caption=\"\" data-medium-file=\"https:\/\/i0.wp.com\/wp.ufpel.edu.br\/coctec\/files\/2017\/08\/22499215_1241210169356796_8721455927741636273_o-e1508286745432.jpg?fit=393%2C400&amp;ssl=1\" data-large-file=\"https:\/\/i0.wp.com\/wp.ufpel.edu.br\/coctec\/files\/2017\/08\/22499215_1241210169356796_8721455927741636273_o-e1508286745432.jpg?fit=1007%2C1024&amp;ssl=1\" class=\"wp-image-213 size-thumbnail alignleft\" src=\"https:\/\/i0.wp.com\/wp.ufpel.edu.br\/coctec\/files\/2017\/08\/22499215_1241210169356796_8721455927741636273_o-e1508286745432-200x200.jpg?resize=200%2C200&#038;ssl=1\" alt=\"\" width=\"200\" height=\"200\" srcset=\"https:\/\/i0.wp.com\/wp.ufpel.edu.br\/coctec\/files\/2017\/08\/22499215_1241210169356796_8721455927741636273_o-e1508286745432.jpg?resize=200%2C200&amp;ssl=1 200w, https:\/\/i0.wp.com\/wp.ufpel.edu.br\/coctec\/files\/2017\/08\/22499215_1241210169356796_8721455927741636273_o-e1508286745432.jpg?zoom=2&amp;resize=200%2C200&amp;ssl=1 400w, https:\/\/i0.wp.com\/wp.ufpel.edu.br\/coctec\/files\/2017\/08\/22499215_1241210169356796_8721455927741636273_o-e1508286745432.jpg?zoom=3&amp;resize=200%2C200&amp;ssl=1 600w\" sizes=\"(max-width: 200px) 100vw, 200px\" \/>Maiara Kringel<\/strong><\/span><\/p>\n<p><b>Curso\/ \u00c1rea de pesquisa:<\/b> Pedagogia<\/p>\n<p>Contribui para o CoCTec especialmente no estudo da pedagogia aplicada aos clubes de computa\u00e7\u00e3o em escolas p\u00fablicas.<\/p>\n<p>&nbsp;<\/p>\n<p>&nbsp;<\/p>\n<p>&nbsp;<\/p>\n<p>&nbsp;<\/p>\n<p><span style=\"font-family: georgia, palatino, serif\"><strong><img data-recalc-dims=\"1\" data-attachment-id=\"166\" data-permalink=\"https:\/\/wp.ufpel.edu.br\/coctec\/quem-somos\/dsc_0296\/\" data-orig-file=\"https:\/\/i0.wp.com\/wp.ufpel.edu.br\/coctec\/files\/2017\/08\/DSC_0296-e1508283834312.jpg?fit=2730%2C2918&amp;ssl=1\" data-orig-size=\"2730,2918\" data-comments-opened=\"0\" data-image-meta=\"{&quot;aperture&quot;:&quot;5.6&quot;,&quot;credit&quot;:&quot;&quot;,&quot;camera&quot;:&quot;NIKON D5100&quot;,&quot;caption&quot;:&quot;&quot;,&quot;created_timestamp&quot;:&quot;1504694704&quot;,&quot;copyright&quot;:&quot;&quot;,&quot;focal_length&quot;:&quot;26&quot;,&quot;iso&quot;:&quot;200&quot;,&quot;shutter_speed&quot;:&quot;0.008&quot;,&quot;title&quot;:&quot;&quot;,&quot;orientation&quot;:&quot;8&quot;}\" data-image-title=\"DSC_0296\" data-image-description=\"\" data-image-caption=\"\" data-medium-file=\"https:\/\/i0.wp.com\/wp.ufpel.edu.br\/coctec\/files\/2017\/08\/DSC_0296-e1508283834312.jpg?fit=374%2C400&amp;ssl=1\" data-large-file=\"https:\/\/i0.wp.com\/wp.ufpel.edu.br\/coctec\/files\/2017\/08\/DSC_0296-e1508283834312.jpg?fit=958%2C1024&amp;ssl=1\" class=\"alignleft wp-image-166 size-thumbnail\" src=\"https:\/\/i0.wp.com\/wp.ufpel.edu.br\/coctec\/files\/2017\/08\/DSC_0296-e1508283834312-200x200.jpg?resize=200%2C200&#038;ssl=1\" alt=\"\" width=\"200\" height=\"200\" srcset=\"https:\/\/i0.wp.com\/wp.ufpel.edu.br\/coctec\/files\/2017\/08\/DSC_0296-e1508283834312.jpg?resize=200%2C200&amp;ssl=1 200w, https:\/\/i0.wp.com\/wp.ufpel.edu.br\/coctec\/files\/2017\/08\/DSC_0296-e1508283834312.jpg?zoom=2&amp;resize=200%2C200&amp;ssl=1 400w, https:\/\/i0.wp.com\/wp.ufpel.edu.br\/coctec\/files\/2017\/08\/DSC_0296-e1508283834312.jpg?zoom=3&amp;resize=200%2C200&amp;ssl=1 600w\" sizes=\"(max-width: 200px) 100vw, 200px\" \/>Marco Aur\u00e9lio Alkimim<\/strong><\/span><\/p>\n<p><b>Curso\/ \u00c1rea de pesquisa:<\/b> Engenharia de Controle e Automa\u00e7\u00e3o &#8211; CEng<\/p>\n<p>Contribui especialmente para os estudos em rob\u00f3tica educacional e projetos relacionados a espa\u00e7os <em>maker <\/em>e programa\u00e7\u00e3o. \u00c9 um dos bolsistas que desenvolveu o material did\u00e1tico utilizado na \u00c1frica do Sul com aprendizagem criativa, e participa da Liga de Rob\u00f3tica da UFPel.<\/p>\n<p>&nbsp;<\/p>\n<p>&nbsp;<\/p>\n<p>&nbsp;<\/p>\n<p><span style=\"font-family: georgia, palatino, serif\"><strong><img data-recalc-dims=\"1\" data-attachment-id=\"183\" data-permalink=\"https:\/\/wp.ufpel.edu.br\/coctec\/quem-somos\/14724353_1165585906882493_7011348136583324495_n\/\" data-orig-file=\"https:\/\/i0.wp.com\/wp.ufpel.edu.br\/coctec\/files\/2017\/08\/14724353_1165585906882493_7011348136583324495_n.jpg?fit=422%2C422&amp;ssl=1\" data-orig-size=\"422,422\" data-comments-opened=\"0\" data-image-meta=\"{&quot;aperture&quot;:&quot;0&quot;,&quot;credit&quot;:&quot;&quot;,&quot;camera&quot;:&quot;&quot;,&quot;caption&quot;:&quot;&quot;,&quot;created_timestamp&quot;:&quot;0&quot;,&quot;copyright&quot;:&quot;&quot;,&quot;focal_length&quot;:&quot;0&quot;,&quot;iso&quot;:&quot;0&quot;,&quot;shutter_speed&quot;:&quot;0&quot;,&quot;title&quot;:&quot;&quot;,&quot;orientation&quot;:&quot;0&quot;}\" data-image-title=\"14724353_1165585906882493_7011348136583324495_n\" data-image-description=\"\" data-image-caption=\"\" data-medium-file=\"https:\/\/i0.wp.com\/wp.ufpel.edu.br\/coctec\/files\/2017\/08\/14724353_1165585906882493_7011348136583324495_n.jpg?fit=400%2C400&amp;ssl=1\" data-large-file=\"https:\/\/i0.wp.com\/wp.ufpel.edu.br\/coctec\/files\/2017\/08\/14724353_1165585906882493_7011348136583324495_n.jpg?fit=422%2C422&amp;ssl=1\" class=\"alignleft wp-image-183 size-thumbnail\" src=\"https:\/\/i0.wp.com\/wp.ufpel.edu.br\/coctec\/files\/2017\/08\/14724353_1165585906882493_7011348136583324495_n.jpg?resize=200%2C200&#038;ssl=1\" alt=\"\" width=\"200\" height=\"200\" srcset=\"https:\/\/i0.wp.com\/wp.ufpel.edu.br\/coctec\/files\/2017\/08\/14724353_1165585906882493_7011348136583324495_n.jpg?resize=200%2C200&amp;ssl=1 200w, https:\/\/i0.wp.com\/wp.ufpel.edu.br\/coctec\/files\/2017\/08\/14724353_1165585906882493_7011348136583324495_n.jpg?resize=400%2C400&amp;ssl=1 400w, https:\/\/i0.wp.com\/wp.ufpel.edu.br\/coctec\/files\/2017\/08\/14724353_1165585906882493_7011348136583324495_n.jpg?w=422&amp;ssl=1 422w\" sizes=\"(max-width: 200px) 100vw, 200px\" \/>Marcelo Lopes<\/strong><\/span><\/p>\n<p><b>Curso\/ \u00c1rea de pesquisa:<\/b> Engenharia de Controle e Automa\u00e7\u00e3o &#8211; CEng<\/p>\n<p>Membro recente do grupo de pesquisa, colabora com o CoCTec no planejamento de a\u00e7\u00f5es que envolvem estudantes da UFPel na cria\u00e7\u00e3o de espa\u00e7os colaborativos interdisciplinares. \u00c9 membro da UFPel Rocket Team, que estuda lan\u00e7amento de foguetes.<\/p>\n<p>&nbsp;<\/p>\n<p>&nbsp;<\/p>\n<p>&nbsp;<\/p>\n<p><span style=\"font-family: georgia, palatino, serif\"><strong><img data-recalc-dims=\"1\" data-attachment-id=\"186\" data-permalink=\"https:\/\/wp.ufpel.edu.br\/coctec\/quem-somos\/12644910_1306161302734456_5986741437211942949_n\/\" data-orig-file=\"https:\/\/i0.wp.com\/wp.ufpel.edu.br\/coctec\/files\/2017\/08\/12644910_1306161302734456_5986741437211942949_n-e1508282991718.jpg?fit=464%2C470&amp;ssl=1\" data-orig-size=\"464,470\" data-comments-opened=\"0\" data-image-meta=\"{&quot;aperture&quot;:&quot;0&quot;,&quot;credit&quot;:&quot;&quot;,&quot;camera&quot;:&quot;&quot;,&quot;caption&quot;:&quot;&quot;,&quot;created_timestamp&quot;:&quot;0&quot;,&quot;copyright&quot;:&quot;&quot;,&quot;focal_length&quot;:&quot;0&quot;,&quot;iso&quot;:&quot;0&quot;,&quot;shutter_speed&quot;:&quot;0&quot;,&quot;title&quot;:&quot;&quot;,&quot;orientation&quot;:&quot;0&quot;}\" data-image-title=\"12644910_1306161302734456_5986741437211942949_n\" data-image-description=\"\" data-image-caption=\"\" data-medium-file=\"https:\/\/i0.wp.com\/wp.ufpel.edu.br\/coctec\/files\/2017\/08\/12644910_1306161302734456_5986741437211942949_n-e1508282991718.jpg?fit=395%2C400&amp;ssl=1\" data-large-file=\"https:\/\/i0.wp.com\/wp.ufpel.edu.br\/coctec\/files\/2017\/08\/12644910_1306161302734456_5986741437211942949_n-e1508282991718.jpg?fit=464%2C470&amp;ssl=1\" class=\"alignleft wp-image-186 size-thumbnail\" src=\"https:\/\/i0.wp.com\/wp.ufpel.edu.br\/coctec\/files\/2017\/08\/12644910_1306161302734456_5986741437211942949_n-e1508282991718-200x200.jpg?resize=200%2C200&#038;ssl=1\" alt=\"\" width=\"200\" height=\"200\" srcset=\"https:\/\/i0.wp.com\/wp.ufpel.edu.br\/coctec\/files\/2017\/08\/12644910_1306161302734456_5986741437211942949_n-e1508282991718.jpg?resize=200%2C200&amp;ssl=1 200w, https:\/\/i0.wp.com\/wp.ufpel.edu.br\/coctec\/files\/2017\/08\/12644910_1306161302734456_5986741437211942949_n-e1508282991718.jpg?zoom=2&amp;resize=200%2C200&amp;ssl=1 400w\" sizes=\"(max-width: 200px) 100vw, 200px\" \/>Rudinei Junior<\/strong><\/span><\/p>\n<p><b>Curso\/ \u00c1rea de pesquisa:<\/b> Engenharia de Controle e Automa\u00e7\u00e3o &#8211; CEng<\/p>\n<p>Estudante do Centro de Engenharias, contribui especialmente para os estudos em Scratch e rob\u00f3tica educacional e projetos do CoCTec relacionados \u00e0 rede de clubes de computa\u00e7\u00e3o para escolas p\u00fablicas de Pelotas e regi\u00e3o.<\/p>\n<p>&nbsp;<\/p>\n","protected":false},"excerpt":{"rendered":"<p>Somos um grupo interdisciplinar. No CoCTec, toda \u00e1rea de conhecimento \u00e9 valorizada e tem espa\u00e7o na constru\u00e7\u00e3o de uma educa\u00e7\u00e3o mais inclusiva e aberta \u00e0 aprendizagem criativa. Conhe\u00e7a os professores, pesquisadores e bolsistas que atualmente fazem parte da nossa equipe! &nbsp; COORDENA\u00c7\u00c3O: Profa. Dra. Ros\u00e1ria Ilgenfritz Sperotto Forma\u00e7\u00e3o\/\u00c1rea de pesquisa: Psic\u00f3loga, mestre (UFPel) e doutora [&hellip;]<\/p>\n","protected":false},"author":786,"featured_media":0,"parent":0,"menu_order":3,"comment_status":"closed","ping_status":"closed","template":"","meta":{"jetpack_post_was_ever_published":false,"footnotes":""},"class_list":["post-32","page","type-page","status-publish","hentry"],"jetpack_sharing_enabled":true,"jetpack_shortlink":"https:\/\/wp.me\/P9i9If-w","jetpack_likes_enabled":true,"jetpack-related-posts":[],"_links":{"self":[{"href":"https:\/\/wp.ufpel.edu.br\/coctec\/wp-json\/wp\/v2\/pages\/32","targetHints":{"allow":["GET"]}}],"collection":[{"href":"https:\/\/wp.ufpel.edu.br\/coctec\/wp-json\/wp\/v2\/pages"}],"about":[{"href":"https:\/\/wp.ufpel.edu.br\/coctec\/wp-json\/wp\/v2\/types\/page"}],"author":[{"embeddable":true,"href":"https:\/\/wp.ufpel.edu.br\/coctec\/wp-json\/wp\/v2\/users\/786"}],"replies":[{"embeddable":true,"href":"https:\/\/wp.ufpel.edu.br\/coctec\/wp-json\/wp\/v2\/comments?post=32"}],"version-history":[{"count":73,"href":"https:\/\/wp.ufpel.edu.br\/coctec\/wp-json\/wp\/v2\/pages\/32\/revisions"}],"predecessor-version":[{"id":697,"href":"https:\/\/wp.ufpel.edu.br\/coctec\/wp-json\/wp\/v2\/pages\/32\/revisions\/697"}],"wp:attachment":[{"href":"https:\/\/wp.ufpel.edu.br\/coctec\/wp-json\/wp\/v2\/media?parent=32"}],"curies":[{"name":"wp","href":"https:\/\/api.w.org\/{rel}","templated":true}]}}