{"id":8232,"date":"2018-10-19T15:46:34","date_gmt":"2018-10-19T18:46:34","guid":{"rendered":"https:\/\/wp.ufpel.edu.br\/clc\/?page_id=8232"},"modified":"2018-10-19T15:51:36","modified_gmt":"2018-10-19T18:51:36","slug":"identidade-visual","status":"publish","type":"page","link":"https:\/\/wp.ufpel.edu.br\/clc\/identidade-visual\/","title":{"rendered":"Identidade Visual do CLC"},"content":{"rendered":"<p style=\"text-align: justify\">O Centro de Letras e Comunica\u00e7\u00e3o da UFPel abriu vota\u00e7\u00e3o, em agosto de 2018, para a comunidade escolher o logotipo do Centro. Estudantes, t\u00e9cnicos-administrativos, professores, funcion\u00e1rios terceirizados e comunidade externa puderam participar. Mais de 500 pessoas votaram, e\u00a0<strong>a op\u00e7\u00e3o 3 foi a mais votada<\/strong>.<\/p>\n<p style=\"text-align: justify\">O logotipo do CLC pode ser baixado em <strong>todas as suas vers\u00f5es<\/strong> neste link:\u00a0<a href=\"https:\/\/wp.ufpel.edu.br\/clc\/files\/2018\/10\/LOGO-CLC-rar.rar\">LOGO &#8211; CLC (rar)<\/a><\/p>\n<p style=\"text-align: justify\">O <strong>Manual de Identidade Visual<\/strong> pode ser visualizado <a href=\"https:\/\/wp.ufpel.edu.br\/clc\/files\/2018\/10\/Manual-de-Identidade-Visual-CLC.pdf\">neste link<\/a>.\u00a0Nele, constam por exemplo <strong>formas incorretas<\/strong> de aplica\u00e7\u00e3o da marca.<\/p>\n<p style=\"text-align: justify\">Abaixo, est\u00e3o os <strong>principais modelos do logotipo<\/strong> para uso em documentos oficiais e materiais de divulga\u00e7\u00e3o do CLC:<\/p>\n<p><strong>Horizontal com e sem borda branca:<\/strong><\/p>\n<p><a href=\"https:\/\/wp.ufpel.edu.br\/clc\/files\/2018\/10\/CLC-Principal-cor.jpg\"><img loading=\"lazy\" decoding=\"async\" class=\"alignnone size-full wp-image-8238\" src=\"https:\/\/wp.ufpel.edu.br\/clc\/files\/2018\/10\/CLC-Principal-cor.jpg\" alt=\"\" width=\"1396\" height=\"718\" srcset=\"https:\/\/wp.ufpel.edu.br\/clc\/files\/2018\/10\/CLC-Principal-cor.jpg 1396w, https:\/\/wp.ufpel.edu.br\/clc\/files\/2018\/10\/CLC-Principal-cor-212x109.jpg 212w, https:\/\/wp.ufpel.edu.br\/clc\/files\/2018\/10\/CLC-Principal-cor-424x218.jpg 424w, https:\/\/wp.ufpel.edu.br\/clc\/files\/2018\/10\/CLC-Principal-cor-768x395.jpg 768w\" sizes=\"auto, (max-width: 1396px) 100vw, 1396px\" \/><\/a><\/p>\n<p><a href=\"https:\/\/wp.ufpel.edu.br\/clc\/files\/2018\/10\/CLC-Principal-cor.png\"><img loading=\"lazy\" decoding=\"async\" class=\"alignnone size-full wp-image-8235\" src=\"https:\/\/wp.ufpel.edu.br\/clc\/files\/2018\/10\/CLC-Principal-cor.png\" alt=\"\" width=\"1952\" height=\"931\" srcset=\"https:\/\/wp.ufpel.edu.br\/clc\/files\/2018\/10\/CLC-Principal-cor.png 1952w, https:\/\/wp.ufpel.edu.br\/clc\/files\/2018\/10\/CLC-Principal-cor-212x101.png 212w, https:\/\/wp.ufpel.edu.br\/clc\/files\/2018\/10\/CLC-Principal-cor-424x202.png 424w, https:\/\/wp.ufpel.edu.br\/clc\/files\/2018\/10\/CLC-Principal-cor-768x366.png 768w\" sizes=\"auto, (max-width: 1952px) 100vw, 1952px\" \/><\/a><\/p>\n<p><strong>Vertical com e sem borda branca:<\/strong><br \/>\n<a href=\"https:\/\/wp.ufpel.edu.br\/clc\/files\/2018\/10\/CLC-Vertical-cor.jpg\"><img loading=\"lazy\" decoding=\"async\" class=\"alignnone size-full wp-image-8236\" src=\"https:\/\/wp.ufpel.edu.br\/clc\/files\/2018\/10\/CLC-Vertical-cor.jpg\" alt=\"\" width=\"670\" height=\"871\" srcset=\"https:\/\/wp.ufpel.edu.br\/clc\/files\/2018\/10\/CLC-Vertical-cor.jpg 670w, https:\/\/wp.ufpel.edu.br\/clc\/files\/2018\/10\/CLC-Vertical-cor-122x159.jpg 122w, https:\/\/wp.ufpel.edu.br\/clc\/files\/2018\/10\/CLC-Vertical-cor-245x318.jpg 245w\" sizes=\"auto, (max-width: 670px) 100vw, 670px\" \/><\/a> <a href=\"https:\/\/wp.ufpel.edu.br\/clc\/files\/2018\/10\/CLC-Vertical-cor.png\"><img loading=\"lazy\" decoding=\"async\" class=\"alignnone size-full wp-image-8237\" src=\"https:\/\/wp.ufpel.edu.br\/clc\/files\/2018\/10\/CLC-Vertical-cor.png\" alt=\"\" width=\"868\" height=\"1170\" srcset=\"https:\/\/wp.ufpel.edu.br\/clc\/files\/2018\/10\/CLC-Vertical-cor.png 868w, https:\/\/wp.ufpel.edu.br\/clc\/files\/2018\/10\/CLC-Vertical-cor-118x159.png 118w, https:\/\/wp.ufpel.edu.br\/clc\/files\/2018\/10\/CLC-Vertical-cor-236x318.png 236w, https:\/\/wp.ufpel.edu.br\/clc\/files\/2018\/10\/CLC-Vertical-cor-768x1035.png 768w\" sizes=\"auto, (max-width: 868px) 100vw, 868px\" \/><\/a><\/p>\n<p><strong>Horizontal e verticam em preto e branco:<\/strong><\/p>\n<p><a href=\"https:\/\/wp.ufpel.edu.br\/clc\/files\/2018\/10\/CLC-Principal-pb.jpg\"><img loading=\"lazy\" decoding=\"async\" class=\"alignnone size-full wp-image-8241\" src=\"https:\/\/wp.ufpel.edu.br\/clc\/files\/2018\/10\/CLC-Principal-pb.jpg\" alt=\"\" width=\"1396\" height=\"718\" srcset=\"https:\/\/wp.ufpel.edu.br\/clc\/files\/2018\/10\/CLC-Principal-pb.jpg 1396w, https:\/\/wp.ufpel.edu.br\/clc\/files\/2018\/10\/CLC-Principal-pb-212x109.jpg 212w, https:\/\/wp.ufpel.edu.br\/clc\/files\/2018\/10\/CLC-Principal-pb-424x218.jpg 424w, https:\/\/wp.ufpel.edu.br\/clc\/files\/2018\/10\/CLC-Principal-pb-768x395.jpg 768w\" sizes=\"auto, (max-width: 1396px) 100vw, 1396px\" \/><\/a><\/p>\n<p><a href=\"https:\/\/wp.ufpel.edu.br\/clc\/files\/2018\/10\/CLC-Vertical-pb.jpg\"><img loading=\"lazy\" decoding=\"async\" class=\"alignnone size-full wp-image-8242\" src=\"https:\/\/wp.ufpel.edu.br\/clc\/files\/2018\/10\/CLC-Vertical-pb.jpg\" alt=\"\" width=\"670\" height=\"871\" srcset=\"https:\/\/wp.ufpel.edu.br\/clc\/files\/2018\/10\/CLC-Vertical-pb.jpg 670w, https:\/\/wp.ufpel.edu.br\/clc\/files\/2018\/10\/CLC-Vertical-pb-122x159.jpg 122w, https:\/\/wp.ufpel.edu.br\/clc\/files\/2018\/10\/CLC-Vertical-pb-245x318.jpg 245w\" sizes=\"auto, (max-width: 670px) 100vw, 670px\" \/><\/a><\/p>\n<p><strong>Horizontal e vertical em <em>grayscale:<\/em><\/strong><\/p>\n<p><a href=\"https:\/\/wp.ufpel.edu.br\/clc\/files\/2018\/10\/CLC-Vertical-grayscale.jpg\"><img loading=\"lazy\" decoding=\"async\" class=\"alignnone size-full wp-image-8243\" src=\"https:\/\/wp.ufpel.edu.br\/clc\/files\/2018\/10\/CLC-Vertical-grayscale.jpg\" alt=\"\" width=\"670\" height=\"871\" srcset=\"https:\/\/wp.ufpel.edu.br\/clc\/files\/2018\/10\/CLC-Vertical-grayscale.jpg 670w, https:\/\/wp.ufpel.edu.br\/clc\/files\/2018\/10\/CLC-Vertical-grayscale-122x159.jpg 122w, https:\/\/wp.ufpel.edu.br\/clc\/files\/2018\/10\/CLC-Vertical-grayscale-245x318.jpg 245w\" sizes=\"auto, (max-width: 670px) 100vw, 670px\" \/><\/a><\/p>\n<p><a href=\"https:\/\/wp.ufpel.edu.br\/clc\/files\/2018\/10\/CLC-Principal-grayscale.jpg\"><img loading=\"lazy\" decoding=\"async\" class=\"alignnone size-full wp-image-8244\" src=\"https:\/\/wp.ufpel.edu.br\/clc\/files\/2018\/10\/CLC-Principal-grayscale.jpg\" alt=\"\" width=\"1396\" height=\"718\" srcset=\"https:\/\/wp.ufpel.edu.br\/clc\/files\/2018\/10\/CLC-Principal-grayscale.jpg 1396w, https:\/\/wp.ufpel.edu.br\/clc\/files\/2018\/10\/CLC-Principal-grayscale-212x109.jpg 212w, https:\/\/wp.ufpel.edu.br\/clc\/files\/2018\/10\/CLC-Principal-grayscale-424x218.jpg 424w, https:\/\/wp.ufpel.edu.br\/clc\/files\/2018\/10\/CLC-Principal-grayscale-768x395.jpg 768w\" sizes=\"auto, (max-width: 1396px) 100vw, 1396px\" \/><\/a><\/p>\n<p><em>Servidor t\u00e9cnico respons\u00e1vel: Vladimir Beskow Vargas<\/em><\/p>\n","protected":false},"excerpt":{"rendered":"<p>O Centro de Letras e Comunica\u00e7\u00e3o da UFPel abriu vota\u00e7\u00e3o, em agosto de 2018, para a comunidade escolher o logotipo do Centro. Estudantes, t\u00e9cnicos-administrativos, professores, funcion\u00e1rios terceirizados e comunidade externa puderam participar. Mais de 500 pessoas votaram, e\u00a0a op\u00e7\u00e3o 3 &hellip; <a href=\"https:\/\/wp.ufpel.edu.br\/clc\/identidade-visual\/\">Continue lendo <span class=\"meta-nav\">&rarr;<\/span><\/a><\/p>\n","protected":false},"author":50,"featured_media":0,"parent":0,"menu_order":0,"comment_status":"closed","ping_status":"closed","template":"","meta":{"footnotes":""},"class_list":["post-8232","page","type-page","status-publish","hentry"],"_links":{"self":[{"href":"https:\/\/wp.ufpel.edu.br\/clc\/wp-json\/wp\/v2\/pages\/8232","targetHints":{"allow":["GET"]}}],"collection":[{"href":"https:\/\/wp.ufpel.edu.br\/clc\/wp-json\/wp\/v2\/pages"}],"about":[{"href":"https:\/\/wp.ufpel.edu.br\/clc\/wp-json\/wp\/v2\/types\/page"}],"author":[{"embeddable":true,"href":"https:\/\/wp.ufpel.edu.br\/clc\/wp-json\/wp\/v2\/users\/50"}],"replies":[{"embeddable":true,"href":"https:\/\/wp.ufpel.edu.br\/clc\/wp-json\/wp\/v2\/comments?post=8232"}],"version-history":[{"count":6,"href":"https:\/\/wp.ufpel.edu.br\/clc\/wp-json\/wp\/v2\/pages\/8232\/revisions"}],"predecessor-version":[{"id":8251,"href":"https:\/\/wp.ufpel.edu.br\/clc\/wp-json\/wp\/v2\/pages\/8232\/revisions\/8251"}],"wp:attachment":[{"href":"https:\/\/wp.ufpel.edu.br\/clc\/wp-json\/wp\/v2\/media?parent=8232"}],"curies":[{"name":"wp","href":"https:\/\/api.w.org\/{rel}","templated":true}]}}