{"id":7820,"date":"2018-09-19T16:33:36","date_gmt":"2018-09-19T19:33:36","guid":{"rendered":"https:\/\/wp.ufpel.edu.br\/clc\/?page_id=7820"},"modified":"2018-09-19T16:39:51","modified_gmt":"2018-09-19T19:39:51","slug":"atestados-integra-clc-2018","status":"publish","type":"page","link":"https:\/\/wp.ufpel.edu.br\/clc\/atestados-integra-clc-2018\/","title":{"rendered":"Atestados Integra CLC &#8211; 2018"},"content":{"rendered":"<p><a href=\"https:\/\/wp.ufpel.edu.br\/clc\/files\/2018\/08\/Integra-CLC.png\"><img loading=\"lazy\" decoding=\"async\" class=\"wp-image-7526 alignright\" src=\"https:\/\/wp.ufpel.edu.br\/clc\/files\/2018\/08\/Integra-CLC.png\" alt=\"\" width=\"315\" height=\"177\" srcset=\"https:\/\/wp.ufpel.edu.br\/clc\/files\/2018\/08\/Integra-CLC.png 2560w, https:\/\/wp.ufpel.edu.br\/clc\/files\/2018\/08\/Integra-CLC-212x119.png 212w, https:\/\/wp.ufpel.edu.br\/clc\/files\/2018\/08\/Integra-CLC-424x239.png 424w, https:\/\/wp.ufpel.edu.br\/clc\/files\/2018\/08\/Integra-CLC-768x432.png 768w\" sizes=\"auto, (max-width: 315px) 100vw, 315px\" \/><\/a>Atestados de participa\u00e7\u00e3o do projeto de extens\u00e3o &#8221;Integra CLC&#8221;.<\/p>\n<p>Equipe: Daniela Agendes e Fl\u00e1via Mendes &#8211; C\u00e2mara de Extens\u00e3o CLC.<\/p>\n<p>&nbsp;<\/p>\n<p><a href=\"https:\/\/wp.ufpel.edu.br\/clc\/files\/2018\/09\/Atestado-\u00c2ngela-Gomes.pdf\">Atestado &#8211; \u00c2ngela Gomes<\/a><\/p>\n<p><a href=\"https:\/\/wp.ufpel.edu.br\/clc\/files\/2018\/09\/Atestado-Ang\u00e9lica.pdf\">Atestado &#8211; Ang\u00e9lica<\/a><\/p>\n<p><a href=\"https:\/\/wp.ufpel.edu.br\/clc\/files\/2018\/09\/Atestado-Angelo.pdf\">Atestado &#8211; Angelo<\/a><\/p>\n<p><a href=\"https:\/\/wp.ufpel.edu.br\/clc\/files\/2018\/09\/Atestado-Arlete.pdf\">Atestado &#8211; Arlete<\/a><\/p>\n<p><a href=\"https:\/\/wp.ufpel.edu.br\/clc\/files\/2018\/09\/Atestado-Amanda-Aparecida.pdf\">Atestado &#8211; Amanda Aparecida<\/a><\/p>\n<p><a href=\"https:\/\/wp.ufpel.edu.br\/clc\/files\/2018\/09\/Atestado-Amanda-Kuhn.pdf\">Atestado &#8211; Amanda Kuhn<\/a><\/p>\n<p><a href=\"https:\/\/wp.ufpel.edu.br\/clc\/files\/2018\/09\/Atestado-Ana-Carolina-Dias.pdf\">Atestado &#8211; Ana Carolina Dias<\/a><\/p>\n<p><a href=\"https:\/\/wp.ufpel.edu.br\/clc\/files\/2018\/09\/Atestado-Ana-Carolina-Xavier.pdf\">Atestado &#8211; Ana Carolina Xavier<\/a><\/p>\n<p><a href=\"https:\/\/wp.ufpel.edu.br\/clc\/files\/2018\/09\/Atestado-Ana-Caroline-Rosetto.pdf\">Atestado &#8211; Ana Caroline Rosetto<\/a><\/p>\n<p><a href=\"https:\/\/wp.ufpel.edu.br\/clc\/files\/2018\/09\/Atestado-Ana-Clara-Molina.pdf\">Atestado &#8211; Ana Clara Molina<\/a><\/p>\n<p><a href=\"https:\/\/wp.ufpel.edu.br\/clc\/files\/2018\/09\/Atestado-Ana-Luisa-da-Paz.pdf\">Atestado &#8211; Ana Luisa da Paz<\/a><\/p>\n<p><a href=\"https:\/\/wp.ufpel.edu.br\/clc\/files\/2018\/09\/Atestado-Anderson-Brum.pdf\">Atestado &#8211; Anderson Brum<\/a><\/p>\n<p><a href=\"https:\/\/wp.ufpel.edu.br\/clc\/files\/2018\/09\/Atestado-Andressa-Pais.pdf\">Atestado &#8211; Andressa Pais<\/a><\/p>\n<p><a href=\"https:\/\/wp.ufpel.edu.br\/clc\/files\/2018\/09\/Atestado-Andriele-Kurz.pdf\">Atestado &#8211; Andriele Kurz<\/a><\/p>\n<p><a href=\"https:\/\/wp.ufpel.edu.br\/clc\/files\/2018\/09\/Atestado-Angel.pdf\">Atestado &#8211; Angel<\/a><\/p>\n<p><a href=\"https:\/\/wp.ufpel.edu.br\/clc\/files\/2018\/09\/Atestado-Bruno-Souza.pdf\">Atestado &#8211; Bruno Souza<\/a><\/p>\n<p><a href=\"https:\/\/wp.ufpel.edu.br\/clc\/files\/2018\/09\/Atestado-Byatriz-Gonzales.pdf\">Atestado &#8211; Byatriz Gonzales<\/a><\/p>\n<p><a href=\"https:\/\/wp.ufpel.edu.br\/clc\/files\/2018\/09\/Atestado-Beatriz-Hygino.pdf\">Atestado &#8211; Beatriz Hygino<\/a><\/p>\n<p><a href=\"https:\/\/wp.ufpel.edu.br\/clc\/files\/2018\/09\/Atestado-Beatriz.pdf\">Atestado &#8211; Beatriz<\/a><\/p>\n<p><a href=\"https:\/\/wp.ufpel.edu.br\/clc\/files\/2018\/09\/Atestado-Bernardo.pdf\">Atestado &#8211; Bernardo<\/a><\/p>\n<p><a href=\"https:\/\/wp.ufpel.edu.br\/clc\/files\/2018\/09\/Atestado-Bianca-Bergmann.pdf\">Atestado &#8211; Bianca Bergmann<\/a><\/p>\n<p><a href=\"https:\/\/wp.ufpel.edu.br\/clc\/files\/2018\/09\/Atestado-Bianca-Fernanda.pdf\">Atestado &#8211; Bianca Fernanda<\/a><\/p>\n<p><a href=\"https:\/\/wp.ufpel.edu.br\/clc\/files\/2018\/09\/Atestado-Brenda-Naparo.pdf\">Atestado &#8211; Brenda Naparo<\/a><\/p>\n<p><a href=\"https:\/\/wp.ufpel.edu.br\/clc\/files\/2018\/09\/Atestado-Brenda-Pereira.pdf\">Atestado &#8211; Brenda Pereira<\/a><\/p>\n<p><a href=\"https:\/\/wp.ufpel.edu.br\/clc\/files\/2018\/09\/Atestado-Br\u00edgida.pdf\">Atestado &#8211; Br\u00edgida<\/a><\/p>\n<p><a href=\"https:\/\/wp.ufpel.edu.br\/clc\/files\/2018\/09\/Atestado-Bruna-Franchini.pdf\">Atestado &#8211; Bruna Franchini<\/a><\/p>\n<p><a href=\"https:\/\/wp.ufpel.edu.br\/clc\/files\/2018\/09\/Atestado-Bruna-Luiza.pdf\">Atestado &#8211; Bruna Luiza<\/a><\/p>\n<p><a href=\"https:\/\/wp.ufpel.edu.br\/clc\/files\/2018\/09\/Atestado-Bruna-Oliveira.pdf\">Atestado &#8211; Bruna Oliveira<\/a><\/p>\n<p><a href=\"https:\/\/wp.ufpel.edu.br\/clc\/files\/2018\/09\/Atestado-Bruno-Leal.pdf\">Atestado &#8211; Bruno Leal<\/a><\/p>\n<p><a href=\"https:\/\/wp.ufpel.edu.br\/clc\/files\/2018\/09\/Atestado-Bruno-Oliveira.pdf\">Atestado &#8211; Bruno Oliveira<\/a><\/p>\n<p><a href=\"https:\/\/wp.ufpel.edu.br\/clc\/files\/2018\/09\/Atestado-Cyales.pdf\">Atestado &#8211; Cyales<\/a><\/p>\n<p><a href=\"https:\/\/wp.ufpel.edu.br\/clc\/files\/2018\/09\/Atestado-Camila-Almeida.pdf\">Atestado &#8211; Camila Almeida<\/a><\/p>\n<p><a href=\"https:\/\/wp.ufpel.edu.br\/clc\/files\/2018\/09\/Atestado-Camila-Dalcin.pdf\">Atestado &#8211; Camila Dalcin<\/a><\/p>\n<p><a href=\"https:\/\/wp.ufpel.edu.br\/clc\/files\/2018\/09\/Atestado-Camila-Franz.pdf\">Atestado &#8211; Camila Franz<\/a><\/p>\n<p><a href=\"https:\/\/wp.ufpel.edu.br\/clc\/files\/2018\/09\/Atestado-Camila-Horne.pdf\">Atestado &#8211; Camila Horne<\/a><\/p>\n<p><a href=\"https:\/\/wp.ufpel.edu.br\/clc\/files\/2018\/09\/Atestado-Camila-Silva.pdf\">Atestado &#8211; Camila Silva<\/a><\/p>\n<p><a href=\"https:\/\/wp.ufpel.edu.br\/clc\/files\/2018\/09\/Atestado-Camila-Vellar.pdf\">Atestado &#8211; Camila Vellar<\/a><\/p>\n<p><a href=\"https:\/\/wp.ufpel.edu.br\/clc\/files\/2018\/09\/Atestado-Carla-Vieira.pdf\">Atestado &#8211; Carla Vieira<\/a><\/p>\n<p><a href=\"https:\/\/wp.ufpel.edu.br\/clc\/files\/2018\/09\/Atestado-Carlos-Eduardo-Jorge.pdf\">Atestado &#8211; Carlos Eduardo Jorge<\/a><\/p>\n<p><a href=\"https:\/\/wp.ufpel.edu.br\/clc\/files\/2018\/09\/Atestado-Carlos-Mendes.pdf\">Atestado &#8211; Carlos Mendes<\/a><\/p>\n<p><a href=\"https:\/\/wp.ufpel.edu.br\/clc\/files\/2018\/09\/Atestado-Carmelina.pdf\">Atestado &#8211; Carmelina<\/a><\/p>\n<p><a href=\"https:\/\/wp.ufpel.edu.br\/clc\/files\/2018\/09\/Atestado-Carolina-Chiarelli.pdf\">Atestado &#8211; Carolina Chiarelli<\/a><\/p>\n<p><a href=\"https:\/\/wp.ufpel.edu.br\/clc\/files\/2018\/09\/Atestado-Carolina-da-Silva.pdf\">Atestado &#8211; Carolina da Silva<\/a><\/p>\n<p><a href=\"https:\/\/wp.ufpel.edu.br\/clc\/files\/2018\/09\/Atestado-Carolina-Schaffer.pdf\">Atestado &#8211; Carolina Schaffer<\/a><\/p>\n<p><a href=\"https:\/\/wp.ufpel.edu.br\/clc\/files\/2018\/09\/Atestado-Caroline-Silva.pdf\">Atestado &#8211; Caroline Silva<\/a><\/p>\n<p><a href=\"https:\/\/wp.ufpel.edu.br\/clc\/files\/2018\/09\/Atestado-C\u00e9sar-Augusto-de-Oliveira.pdf\">Atestado &#8211; C\u00e9sar Augusto de Oliveira<\/a><\/p>\n<p><a href=\"https:\/\/wp.ufpel.edu.br\/clc\/files\/2018\/09\/Atestado-C\u00e9sar-Soares.pdf\">Atestado &#8211; C\u00e9sar Soares<\/a><\/p>\n<p><a href=\"https:\/\/wp.ufpel.edu.br\/clc\/files\/2018\/09\/Atestado-Cinthia-Xavier.pdf\">Atestado &#8211; Cinthia Xavier<\/a><\/p>\n<p><a href=\"https:\/\/wp.ufpel.edu.br\/clc\/files\/2018\/09\/Atestado-Cleice-Dalla.pdf\">Atestado &#8211; Cleice Dalla<\/a><\/p>\n<p><a href=\"https:\/\/wp.ufpel.edu.br\/clc\/files\/2018\/09\/Atestado-Cristopher-Rive.pdf\">Atestado &#8211; Cristopher Rive<\/a><\/p>\n<p><a href=\"https:\/\/wp.ufpel.edu.br\/clc\/files\/2018\/09\/Atestado-Dinamara-Farias.pdf\">Atestado &#8211; Dinamara Farias<\/a><\/p>\n<p><a href=\"https:\/\/wp.ufpel.edu.br\/clc\/files\/2018\/09\/Atestado-Djuliana-Zurschimiten.pdf\">Atestado &#8211; Djuliana Zurschimiten<\/a><\/p>\n<p><a href=\"https:\/\/wp.ufpel.edu.br\/clc\/files\/2018\/09\/Atestado-Dora-Rocha.pdf\">Atestado &#8211; Dora Rocha<\/a><\/p>\n<p><a href=\"https:\/\/wp.ufpel.edu.br\/clc\/files\/2018\/09\/Atestado-Douglas-Marques.pdf\">Atestado &#8211; Douglas Marques<\/a><\/p>\n<p><a href=\"https:\/\/wp.ufpel.edu.br\/clc\/files\/2018\/09\/Atestado-Daniela-Ribeiro.pdf\">Atestado &#8211; Daniela Ribeiro<\/a><\/p>\n<p><a href=\"https:\/\/wp.ufpel.edu.br\/clc\/files\/2018\/09\/Atestado-Daniele-da-Silva.pdf\">Atestado &#8211; Daniele da Silva<\/a><\/p>\n<p><a href=\"https:\/\/wp.ufpel.edu.br\/clc\/files\/2018\/09\/Atestado-Daniele-de-Souza.pdf\">Atestado &#8211; Daniele de Souza<\/a><\/p>\n<p><a href=\"https:\/\/wp.ufpel.edu.br\/clc\/files\/2018\/09\/Atestado-Daniele-Ebel.pdf\">Atestado &#8211; Daniele Ebel<\/a><\/p>\n<p><a href=\"https:\/\/wp.ufpel.edu.br\/clc\/files\/2018\/09\/Atestado-D\u00e9bora-Let\u00edcia.pdf\">Atestado &#8211; D\u00e9bora Let\u00edcia<\/a><\/p>\n<p><a href=\"https:\/\/wp.ufpel.edu.br\/clc\/files\/2018\/09\/Atestado-Dinamar-Vieira.pdf\">Atestado &#8211; Dinamar Vieira<\/a><\/p>\n<p><a href=\"https:\/\/wp.ufpel.edu.br\/clc\/files\/2018\/09\/Atestado-Fernanda-Weinert.pdf\">Atestado &#8211; Fernanda Weinert<\/a><\/p>\n<p><a href=\"https:\/\/wp.ufpel.edu.br\/clc\/files\/2018\/09\/Atestado-Fernando-Mesquita.pdf\">Atestado &#8211; Fernando Mesquita<\/a><\/p>\n<p><a href=\"https:\/\/wp.ufpel.edu.br\/clc\/files\/2018\/09\/Atestado-Fl\u00e1via-Bretanha.pdf\">Atestado &#8211; Fl\u00e1via Bretanha<\/a><\/p>\n<p><a href=\"https:\/\/wp.ufpel.edu.br\/clc\/files\/2018\/09\/Atestado-Fl\u00e1via.pdf\">Atestado &#8211; Fl\u00e1via<\/a><\/p>\n<p><a href=\"https:\/\/wp.ufpel.edu.br\/clc\/files\/2018\/09\/Atestado-Francine-Brum.pdf\">Atestado &#8211; Francine Brum<\/a><\/p>\n<p><a href=\"https:\/\/wp.ufpel.edu.br\/clc\/files\/2018\/09\/Atestado-Francyne-Dias.pdf\">Atestado &#8211; Francyne Dias<\/a><\/p>\n<p><a href=\"https:\/\/wp.ufpel.edu.br\/clc\/files\/2018\/09\/Atestado-Ediane-Cunha.pdf\">Atestado &#8211; Ediane Cunha<\/a><\/p>\n<p><a href=\"https:\/\/wp.ufpel.edu.br\/clc\/files\/2018\/09\/Atestado-Elisa.pdf\">Atestado &#8211; Elisa<\/a><\/p>\n<p><a href=\"https:\/\/wp.ufpel.edu.br\/clc\/files\/2018\/09\/Atestado-Elizandra-Netto.pdf\">Atestado &#8211; Elizandra Netto<\/a><\/p>\n<p><a href=\"https:\/\/wp.ufpel.edu.br\/clc\/files\/2018\/09\/Atestado-\u00canio.pdf\">Atestado &#8211; \u00canio<\/a><\/p>\n<p><a href=\"https:\/\/wp.ufpel.edu.br\/clc\/files\/2018\/09\/Atestado-Ethiane-Melo.pdf\">Atestado &#8211; Ethiane Melo<\/a><\/p>\n<p><a href=\"https:\/\/wp.ufpel.edu.br\/clc\/files\/2018\/09\/Atestado-Etiane-Silveira.pdf\">Atestado &#8211; Etiane Silveira<\/a><\/p>\n<p><a href=\"https:\/\/wp.ufpel.edu.br\/clc\/files\/2018\/09\/Atestado-Evandro-Moreira.pdf\">Atestado &#8211; Evandro Moreira<\/a><\/p>\n<p><a href=\"https:\/\/wp.ufpel.edu.br\/clc\/files\/2018\/09\/Atestado-Fabiane-Leivas.pdf\">Atestado &#8211; Fabiane Leivas<\/a><\/p>\n<p><a href=\"https:\/\/wp.ufpel.edu.br\/clc\/files\/2018\/09\/Atestado-F\u00e1bio-Avila.pdf\">Atestado &#8211; F\u00e1bio Avila<\/a><\/p>\n<p><a href=\"https:\/\/wp.ufpel.edu.br\/clc\/files\/2018\/09\/Atestado-Fatima-Bernardo.pdf\">Atestado &#8211; Fatima Bernardo<\/a><\/p>\n<p><a href=\"https:\/\/wp.ufpel.edu.br\/clc\/files\/2018\/09\/Atestado-Felipe-Fischer.pdf\">Atestado &#8211; Felipe Fischer<\/a><\/p>\n<p><a href=\"https:\/\/wp.ufpel.edu.br\/clc\/files\/2018\/09\/Atestado-Fernanda-Maillo.pdf\">Atestado &#8211; Fernanda Maillo<\/a><\/p>\n<p><a href=\"https:\/\/wp.ufpel.edu.br\/clc\/files\/2018\/09\/Atestado-Fernanda-Silvestre.pdf\">Atestado &#8211; Fernanda Silvestre<\/a><\/p>\n<p><a href=\"https:\/\/wp.ufpel.edu.br\/clc\/files\/2018\/09\/Atestado-Helana-Macedo.pdf\">Atestado &#8211; Helana Macedo<\/a><\/p>\n<p><a href=\"https:\/\/wp.ufpel.edu.br\/clc\/files\/2018\/09\/Atestado-Helena-Luz.pdf\">Atestado &#8211; Helena Luz<\/a><\/p>\n<p><a href=\"https:\/\/wp.ufpel.edu.br\/clc\/files\/2018\/09\/Atestado-Henrique-Iozzi.pdf\">Atestado &#8211; Henrique Iozzi<\/a><\/p>\n<p><a href=\"https:\/\/wp.ufpel.edu.br\/clc\/files\/2018\/09\/Atestado-Gabriel-dos-Santos.pdf\">Atestado &#8211; Gabriel dos Santos<\/a><\/p>\n<p><a href=\"https:\/\/wp.ufpel.edu.br\/clc\/files\/2018\/09\/Atestado-Gabriel-Morales.pdf\">Atestado &#8211; Gabriel Morales<\/a><\/p>\n<p><a href=\"https:\/\/wp.ufpel.edu.br\/clc\/files\/2018\/09\/Atestado-Gabriel-Silveira.pdf\">Atestado &#8211; Gabriel Silveira<\/a><\/p>\n<p><a href=\"https:\/\/wp.ufpel.edu.br\/clc\/files\/2018\/09\/Atestado-Gabriel-Soares.pdf\">Atestado &#8211; Gabriel Soares<\/a><\/p>\n<p><a href=\"https:\/\/wp.ufpel.edu.br\/clc\/files\/2018\/09\/Atestado-Gabriela-Klein.pdf\">Atestado &#8211; Gabriela Klein<\/a><\/p>\n<p><a href=\"https:\/\/wp.ufpel.edu.br\/clc\/files\/2018\/09\/Atestado-Gabriela-Mesquita.pdf\">Atestado &#8211; Gabriela Mesquita<\/a><\/p>\n<p><a href=\"https:\/\/wp.ufpel.edu.br\/clc\/files\/2018\/09\/Atestado-Gabriela-Nunes.pdf\">Atestado &#8211; Gabriela Nunes<\/a><\/p>\n<p><a href=\"https:\/\/wp.ufpel.edu.br\/clc\/files\/2018\/09\/Atestado-Gabriela-Schwant.pdf\">Atestado &#8211; Gabriela Schwant<\/a><\/p>\n<p><a href=\"https:\/\/wp.ufpel.edu.br\/clc\/files\/2018\/09\/Atestado-Gabriele-Valim.pdf\">Atestado &#8211; Gabriele Valim<\/a><\/p>\n<p><a href=\"https:\/\/wp.ufpel.edu.br\/clc\/files\/2018\/09\/Atestado-Gabrielle-Castro.pdf\">Atestado &#8211; Gabrielle Castro<\/a><\/p>\n<p><a href=\"https:\/\/wp.ufpel.edu.br\/clc\/files\/2018\/09\/Atestado-Geovana-Reolon.pdf\">Atestado &#8211; Geovana Reolon<\/a><\/p>\n<p><a href=\"https:\/\/wp.ufpel.edu.br\/clc\/files\/2018\/09\/Atestado-Gerusa-Leston.pdf\">Atestado &#8211; Gerusa Leston<\/a><\/p>\n<p><a href=\"https:\/\/wp.ufpel.edu.br\/clc\/files\/2018\/09\/Atestado-Gilciane-Blanke.pdf\">Atestado &#8211; Gilciane Blanke<\/a><\/p>\n<p><a href=\"https:\/\/wp.ufpel.edu.br\/clc\/files\/2018\/09\/Atestado-Gislaine-Rodrigues.pdf\">Atestado &#8211; Gislaine Rodrigues<\/a><\/p>\n<p><a href=\"https:\/\/wp.ufpel.edu.br\/clc\/files\/2018\/09\/Atestado-Gladis-de-Paula.pdf\">Atestado &#8211; Gladis de Paula<\/a><\/p>\n<p><a href=\"https:\/\/wp.ufpel.edu.br\/clc\/files\/2018\/09\/Atestado-Grazzielle.pdf\">Atestado &#8211; Grazzielle<\/a><\/p>\n<p><a href=\"https:\/\/wp.ufpel.edu.br\/clc\/files\/2018\/09\/Atestado-Guilherme-Cardoso.pdf\">Atestado &#8211; Guilherme Cardoso<\/a><\/p>\n<p><a href=\"https:\/\/wp.ufpel.edu.br\/clc\/files\/2018\/09\/Atestado-Hana-Souza.pdf\">Atestado &#8211; Hana Souza<\/a><\/p>\n<p><a href=\"https:\/\/wp.ufpel.edu.br\/clc\/files\/2018\/09\/Atestado-Hariel-dos-Santos.pdf\">Atestado &#8211; Hariel dos Santos<\/a><\/p>\n<p><a href=\"https:\/\/wp.ufpel.edu.br\/clc\/files\/2018\/09\/Atestado-Irene-Alexandra.pdf\">Atestado &#8211; Irene Alexandra<\/a><\/p>\n<p><a href=\"https:\/\/wp.ufpel.edu.br\/clc\/files\/2018\/09\/Atestado-Isabella-Dorr.pdf\">Atestado &#8211; Isabella Dorr<\/a><\/p>\n<p><a href=\"https:\/\/wp.ufpel.edu.br\/clc\/files\/2018\/09\/Atestado-Igor-Krolow.pdf\">Atestado &#8211; Igor Krolow<\/a><\/p>\n<p><a href=\"https:\/\/wp.ufpel.edu.br\/clc\/files\/2018\/09\/Atestado-Irene-Alexandra-1.pdf\">Atestado &#8211; Irene Alexandra<\/a><\/p>\n<p><a href=\"https:\/\/wp.ufpel.edu.br\/clc\/files\/2018\/09\/Atestado-Isabella-Dorr-1.pdf\">Atestado &#8211; Isabella Dorr<\/a><\/p>\n<p><a href=\"https:\/\/wp.ufpel.edu.br\/clc\/files\/2018\/09\/Atestado-Isadora-Montanari.pdf\">Atestado &#8211; Isadora Montanari<\/a><\/p>\n<p><a href=\"https:\/\/wp.ufpel.edu.br\/clc\/files\/2018\/09\/Atestado-Ismael-Felipe.pdf\">Atestado &#8211; Ismael Felipe<\/a><\/p>\n<p><a href=\"https:\/\/wp.ufpel.edu.br\/clc\/files\/2018\/09\/Atestado-Jaqueline-Carvalho.pdf\">Atestado &#8211; Jaqueline Carvalho<\/a><\/p>\n<p><a href=\"https:\/\/wp.ufpel.edu.br\/clc\/files\/2018\/09\/Atestado-Jaqueline-Machado.pdf\">Atestado &#8211; Jaqueline Machado<\/a><\/p>\n<p><a href=\"https:\/\/wp.ufpel.edu.br\/clc\/files\/2018\/09\/Atestado-Jeniffer-Ritta.pdf\">Atestado &#8211; Jeniffer Ritta<\/a><\/p>\n<p><a href=\"https:\/\/wp.ufpel.edu.br\/clc\/files\/2018\/09\/Atestado-J\u00e9ssica-Acosta.pdf\">Atestado &#8211; J\u00e9ssica Acosta<\/a><\/p>\n<p><a href=\"https:\/\/wp.ufpel.edu.br\/clc\/files\/2018\/09\/Atestado-J\u00e9ssica-Alves.pdf\">Atestado &#8211; J\u00e9ssica Alves<\/a><\/p>\n<p><a href=\"https:\/\/wp.ufpel.edu.br\/clc\/files\/2018\/09\/Atestado-J\u00e9ssica-Lopes.pdf\">Atestado &#8211; J\u00e9ssica Lopes<\/a><\/p>\n<p><a href=\"https:\/\/wp.ufpel.edu.br\/clc\/files\/2018\/09\/Atestado-Jhones-Hoplengartner.pdf\">Atestado &#8211; Jhones Hoplengartner<\/a><\/p>\n<p><a href=\"https:\/\/wp.ufpel.edu.br\/clc\/files\/2018\/09\/Atestado-Jhuly-Madruga.pdf\">Atestado &#8211; Jhuly Madruga<\/a><\/p>\n<p><a href=\"https:\/\/wp.ufpel.edu.br\/clc\/files\/2018\/09\/Atestado-Jo\u00e3o-Ant\u00f4nio-Ferreira.pdf\">Atestado &#8211; Jo\u00e3o Ant\u00f4nio Ferreira<\/a><\/p>\n<p><a href=\"https:\/\/wp.ufpel.edu.br\/clc\/files\/2018\/09\/Atestado-Jo\u00e3o-Carlos.pdf\">Atestado &#8211; Jo\u00e3o Carlos<\/a><\/p>\n<p><a href=\"https:\/\/wp.ufpel.edu.br\/clc\/files\/2018\/09\/Atestado-Jo\u00e3o-Marcelo.pdf\">Atestado &#8211; Jo\u00e3o Marcelo<\/a> <a href=\"https:\/\/wp.ufpel.edu.br\/clc\/files\/2018\/09\/Atestado-Jo\u00e3o-Pedro.pdf\">Atestado &#8211; Jo\u00e3o Pedro<\/a><\/p>\n<p><a href=\"https:\/\/wp.ufpel.edu.br\/clc\/files\/2018\/09\/Atestado-Johann-Neves.pdf\">Atestado &#8211; Johann Neves<\/a><\/p>\n<p><a href=\"https:\/\/wp.ufpel.edu.br\/clc\/files\/2018\/09\/Atestado-Jonas-Oliveira.pdf\">Atestado &#8211; Jonas Oliveira<\/a><\/p>\n<p><a href=\"https:\/\/wp.ufpel.edu.br\/clc\/files\/2018\/09\/Atestado-Jordana-de-Oliveira.pdf\">Atestado &#8211; Jordana de Oliveira<\/a><\/p>\n<p><a href=\"https:\/\/wp.ufpel.edu.br\/clc\/files\/2018\/09\/Atestado-Jordana-Fabri\u00e3o.pdf\">Atestado &#8211; Jordana Fabri\u00e3o<\/a><\/p>\n<p><a href=\"https:\/\/wp.ufpel.edu.br\/clc\/files\/2018\/09\/Atestado-Jos\u00e9-Bruno.pdf\">Atestado &#8211; Jos\u00e9 Bruno<\/a><\/p>\n<p><a href=\"https:\/\/wp.ufpel.edu.br\/clc\/files\/2018\/09\/Atestado-Julia-Buchorn.pdf\">Atestado &#8211; Julia Buchorn<\/a><\/p>\n<p><a href=\"https:\/\/wp.ufpel.edu.br\/clc\/files\/2018\/09\/Atestado-J\u00falia-Gon\u00e7alves.pdf\">Atestado &#8211; J\u00falia Gon\u00e7alves<\/a><\/p>\n<p><a href=\"https:\/\/wp.ufpel.edu.br\/clc\/files\/2018\/09\/Atestado-Julia-Weingartner.pdf\">Atestado &#8211; Julia Weingartner<\/a><\/p>\n<p><a href=\"https:\/\/wp.ufpel.edu.br\/clc\/files\/2018\/09\/Atestado-Juliana-Gomes.pdf\">Atestado &#8211; Juliana Gomes<\/a><\/p>\n<p><a href=\"https:\/\/wp.ufpel.edu.br\/clc\/files\/2018\/09\/Atestado-Juliana-Gomes-1.pdf\">Atestado &#8211; Juliana Gomes<\/a><\/p>\n<p><a href=\"https:\/\/wp.ufpel.edu.br\/clc\/files\/2018\/09\/Atestado-Juliana-Teixeira.pdf\">Atestado &#8211; Juliana Teixeira<\/a><\/p>\n<p><a href=\"https:\/\/wp.ufpel.edu.br\/clc\/files\/2018\/09\/Atestado-Juliana-Teixeira-1.pdf\">Atestado &#8211; Juliana Teixeira<\/a><\/p>\n<p><a href=\"https:\/\/wp.ufpel.edu.br\/clc\/files\/2018\/09\/Atestado-Julio-Duarte.pdf\">Atestado &#8211; Julio Duarte<\/a><\/p>\n<p><a href=\"https:\/\/wp.ufpel.edu.br\/clc\/files\/2018\/09\/Atestado-Julio-Duarte-1.pdf\">Atestado &#8211; Julio Duarte<\/a><\/p>\n<p><a href=\"https:\/\/wp.ufpel.edu.br\/clc\/files\/2018\/09\/Atestado-Juraci-Kunde.pdf\">Atestado &#8211; Juraci Kunde<\/a><\/p>\n<p><a href=\"https:\/\/wp.ufpel.edu.br\/clc\/files\/2018\/09\/Atestado-Juraci-Kunde-1.pdf\">Atestado &#8211; Juraci Kunde<\/a><\/p>\n<p><a href=\"https:\/\/wp.ufpel.edu.br\/clc\/files\/2018\/09\/Atestado-Jussi\u00ea-Mendes.pdf\">Atestado &#8211; Jussi\u00ea Mendes<\/a><\/p>\n<p><a href=\"https:\/\/wp.ufpel.edu.br\/clc\/files\/2018\/09\/Atestado-Jussi\u00ea-Mendes-1.pdf\">Atestado &#8211; Jussi\u00ea Mendes<\/a><\/p>\n<p><a href=\"https:\/\/wp.ufpel.edu.br\/clc\/files\/2018\/09\/Atestado-Kamila-Mendes.pdf\">Atestado &#8211; Kamila Mendes<\/a><\/p>\n<p><a href=\"https:\/\/wp.ufpel.edu.br\/clc\/files\/2018\/09\/Atestado-Kamila-Mendes-1.pdf\">Atestado &#8211; Kamila Mendes<\/a><\/p>\n<p><a href=\"https:\/\/wp.ufpel.edu.br\/clc\/files\/2018\/09\/Atestado-Karen-Goes.pdf\">Atestado &#8211; Karen Goes<\/a><\/p>\n<p><a href=\"https:\/\/wp.ufpel.edu.br\/clc\/files\/2018\/09\/Atestado-Karine-Dantas.pdf\">Atestado &#8211; Karine Dantas<\/a><\/p>\n<p><a href=\"https:\/\/wp.ufpel.edu.br\/clc\/files\/2018\/09\/Atestado-Kathelen-Goes.pdf\">Atestado &#8211; Kathelen Goes<\/a><\/p>\n<p><a href=\"https:\/\/wp.ufpel.edu.br\/clc\/files\/2018\/09\/Atestado-Kevin-Blank.pdf\">Atestado &#8211; Kevin Blank<\/a><\/p>\n<p><a href=\"https:\/\/wp.ufpel.edu.br\/clc\/files\/2018\/09\/Atestado-La\u00eds-Santo.pdf\">Atestado &#8211; La\u00eds Santo<\/a><\/p>\n<p><a href=\"https:\/\/wp.ufpel.edu.br\/clc\/files\/2018\/09\/Atestado-Lara-Carolina-Rosa.pdf\">Atestado &#8211; Lara Carolina Rosa<\/a><\/p>\n<p><a href=\"https:\/\/wp.ufpel.edu.br\/clc\/files\/2018\/09\/Atestado-Larissa-Fonseca.pdf\">Atestado &#8211; Larissa Fonseca<\/a><\/p>\n<p><a href=\"https:\/\/wp.ufpel.edu.br\/clc\/files\/2018\/09\/Atestado-Larissa-Medeiros.pdf\">Atestado &#8211; Larissa Medeiros<\/a><\/p>\n<p><a href=\"https:\/\/wp.ufpel.edu.br\/clc\/files\/2018\/09\/Atestado-Larissa-Taborda.pdf\">Atestado &#8211; Larissa Taborda<\/a><\/p>\n<p><a href=\"https:\/\/wp.ufpel.edu.br\/clc\/files\/2018\/09\/Atestado-Laura.pdf\">Atestado &#8211; Laura<\/a><\/p>\n<p><a href=\"https:\/\/wp.ufpel.edu.br\/clc\/files\/2018\/09\/Atestado-Laura-Marques.pdf\">Atestado &#8211; Laura Marques<\/a><\/p>\n<p><a href=\"https:\/\/wp.ufpel.edu.br\/clc\/files\/2018\/09\/Atestado-Lauren-Alves.pdf\">Atestado &#8211; Lauren Alves<\/a><\/p>\n<p><a href=\"https:\/\/wp.ufpel.edu.br\/clc\/files\/2018\/09\/Atestado-Leonidas-Almeida.pdf\">Atestado &#8211; Leonidas Almeida<\/a><\/p>\n<p><a href=\"https:\/\/wp.ufpel.edu.br\/clc\/files\/2018\/09\/Atestado-Let\u00edcia-Garcia.pdf\">Atestado &#8211; Let\u00edcia Garcia<\/a><\/p>\n<p><a href=\"https:\/\/wp.ufpel.edu.br\/clc\/files\/2018\/09\/Atestado-Lilian-Oliveira.pdf\">Atestado &#8211; Lilian Oliveira<\/a><\/p>\n<p><a href=\"https:\/\/wp.ufpel.edu.br\/clc\/files\/2018\/09\/Atestado-Lisiani-Coelho.pdf\">Atestado &#8211; Lisiani Coelho<\/a><\/p>\n<p><a href=\"https:\/\/wp.ufpel.edu.br\/clc\/files\/2018\/09\/Atestado-Lourdes-Dallmann.pdf\">Atestado &#8211; Lourdes Dallmann<\/a><\/p>\n<p><a href=\"https:\/\/wp.ufpel.edu.br\/clc\/files\/2018\/09\/Atestado-Lucas-Zanella.pdf\">Atestado &#8211; Lucas Zanella<\/a><\/p>\n<p><a href=\"https:\/\/wp.ufpel.edu.br\/clc\/files\/2018\/09\/Atestado-Luciana-Patricia.pdf\">Atestado &#8211; Luciana Patricia<\/a><\/p>\n<p><a href=\"https:\/\/wp.ufpel.edu.br\/clc\/files\/2018\/09\/Atestado-Luciana-Viegas.pdf\">Atestado &#8211; Luciana Viegas<\/a><\/p>\n<p><a href=\"https:\/\/wp.ufpel.edu.br\/clc\/files\/2018\/09\/Atestado-Luciane-dos-Santos.pdf\">Atestado &#8211; Luciane dos Santos<\/a><\/p>\n<p><a href=\"https:\/\/wp.ufpel.edu.br\/clc\/files\/2018\/09\/Atestado-Luciane-Sinott.pdf\">Atestado &#8211; Luciane Sinott<\/a><\/p>\n<p><a href=\"https:\/\/wp.ufpel.edu.br\/clc\/files\/2018\/09\/Atestado-Luis-Eduardo-Celente.pdf\">Atestado &#8211; Luis Eduardo Celente<\/a><\/p>\n<p><a href=\"https:\/\/wp.ufpel.edu.br\/clc\/files\/2018\/09\/Atestado-Luis-Eduardo-Pires.pdf\">Atestado &#8211; Luis Eduardo Pires<\/a><\/p>\n<p><a href=\"https:\/\/wp.ufpel.edu.br\/clc\/files\/2018\/09\/Atestado-Luiz-Eduardo-Oliveira.pdf\">Atestado &#8211; Luiz Eduardo Oliveira<\/a><\/p>\n<p><a href=\"https:\/\/wp.ufpel.edu.br\/clc\/files\/2018\/09\/Atestado-Luiz-Eduardo-Pires.pdf\">Atestado &#8211; Luiz Eduardo Pires<\/a><\/p>\n<p><a href=\"https:\/\/wp.ufpel.edu.br\/clc\/files\/2018\/09\/Atestado-Luiza-Pereira.pdf\">Atestado &#8211; Luiza Pereira<\/a><\/p>\n<p><a href=\"https:\/\/wp.ufpel.edu.br\/clc\/files\/2018\/09\/Atestado-Maiara-Amaral.pdf\">Atestado &#8211; Maiara Amaral<\/a><\/p>\n<p><a href=\"https:\/\/wp.ufpel.edu.br\/clc\/files\/2018\/09\/Atestado-Mara-Concei\u00e7\u00e3o.pdf\">Atestado &#8211; Mara Concei\u00e7\u00e3o<\/a><\/p>\n<p><a href=\"https:\/\/wp.ufpel.edu.br\/clc\/files\/2018\/09\/Atestado-M\u00e1rcia-Elisa.pdf\">Atestado &#8211; M\u00e1rcia Elisa<\/a><\/p>\n<p><a href=\"https:\/\/wp.ufpel.edu.br\/clc\/files\/2018\/09\/Atestado-Marco-Ant\u00f4nio.pdf\">Atestado &#8211; Marco Ant\u00f4nio<\/a><\/p>\n<p><a href=\"https:\/\/wp.ufpel.edu.br\/clc\/files\/2018\/09\/Atestado-Marcos-dos-Santos.pdf\">Atestado &#8211; Marcos dos Santos<\/a><\/p>\n<p><a href=\"https:\/\/wp.ufpel.edu.br\/clc\/files\/2018\/09\/Atestado-Marcos-Farias.pdf\">Atestado &#8211; Marcos Farias<\/a><\/p>\n<p><a href=\"https:\/\/wp.ufpel.edu.br\/clc\/files\/2018\/09\/Atestado-Maria-Aparecida-dos-Santos.pdf\">Atestado &#8211; Maria Aparecida dos Santos<\/a><\/p>\n<p><a href=\"https:\/\/wp.ufpel.edu.br\/clc\/files\/2018\/09\/Atestado-Maria-Eduarda-Velho.pdf\">Atestado &#8211; Maria Eduarda Velho<\/a><\/p>\n<p><a href=\"https:\/\/wp.ufpel.edu.br\/clc\/files\/2018\/09\/Atestado-Mariana-Ravaza.pdf\">Atestado &#8211; Mariana Ravaza<\/a><\/p>\n<p><a href=\"https:\/\/wp.ufpel.edu.br\/clc\/files\/2018\/09\/Atestado-Mar\u00edlia-Santos.pdf\">Atestado &#8211; Mar\u00edlia Santos<\/a><\/p>\n<p><a href=\"https:\/\/wp.ufpel.edu.br\/clc\/files\/2018\/09\/Atestado-Mariliza-dos-Santos.pdf\">Atestado &#8211; Mariliza dos Santos<\/a><\/p>\n<p><a href=\"https:\/\/wp.ufpel.edu.br\/clc\/files\/2018\/09\/Atestado-Marina-Santos.pdf\">Atestado &#8211; Marina Santos<\/a><\/p>\n<p><a href=\"https:\/\/wp.ufpel.edu.br\/clc\/files\/2018\/09\/Atestado-Mateus-Mitlles.pdf\">Atestado &#8211; Mateus Mitlles<\/a><\/p>\n<p><a href=\"https:\/\/wp.ufpel.edu.br\/clc\/files\/2018\/09\/Atestado-Maur\u00edcio-Gon\u00e7alves.pdf\">Atestado &#8211; Maur\u00edcio Gon\u00e7alves<\/a><\/p>\n<p><a href=\"https:\/\/wp.ufpel.edu.br\/clc\/files\/2018\/09\/Atestado-Micael-Silva.pdf\">Atestado &#8211; Micael Silva<\/a><\/p>\n<p><a href=\"https:\/\/wp.ufpel.edu.br\/clc\/files\/2018\/09\/Atestado-Miguel-Velasco.pdf\">Atestado &#8211; Miguel Velasco<\/a><\/p>\n<p><a href=\"https:\/\/wp.ufpel.edu.br\/clc\/files\/2018\/09\/Atestado-Mikael-Martins.pdf\">Atestado &#8211; Mikael Martins<\/a><\/p>\n<p><a href=\"https:\/\/wp.ufpel.edu.br\/clc\/files\/2018\/09\/Atestado-Milena-Romero.pdf\">Atestado &#8211; Milena Romero<\/a><\/p>\n<p><a href=\"https:\/\/wp.ufpel.edu.br\/clc\/files\/2018\/09\/Atestado-Milena-SantAna.pdf\">Atestado &#8211; Milena Sant&#8217;Ana<\/a><\/p>\n<p><a href=\"https:\/\/wp.ufpel.edu.br\/clc\/files\/2018\/09\/Atestado-Milene-Louzada.pdf\">Atestado &#8211; Milene Louzada<\/a><\/p>\n<p><a href=\"https:\/\/wp.ufpel.edu.br\/clc\/files\/2018\/09\/Atestado-Milene-Roncro.pdf\">Atestado &#8211; Milene Roncro<\/a><\/p>\n<p><a href=\"https:\/\/wp.ufpel.edu.br\/clc\/files\/2018\/09\/Atestado-Millaine-Carvalho.pdf\">Atestado &#8211; Millaine Carvalho<\/a><\/p>\n<p><a href=\"https:\/\/wp.ufpel.edu.br\/clc\/files\/2018\/09\/Atestado-Murillo-Bernardo.pdf\">Atestado &#8211; Murillo Bernardo<\/a><\/p>\n<p><a href=\"https:\/\/wp.ufpel.edu.br\/clc\/files\/2018\/09\/Atestado-Naiane-Konratt.pdf\">Atestado &#8211; Naiane Konratt<\/a><\/p>\n<p><a href=\"https:\/\/wp.ufpel.edu.br\/clc\/files\/2018\/09\/Atestado-Nat\u00e1lia-Dias.pdf\">Atestado &#8211; Nat\u00e1lia Dias<\/a><\/p>\n<p><a href=\"https:\/\/wp.ufpel.edu.br\/clc\/files\/2018\/09\/Atestado-Neiva-Tavares.pdf\">Atestado &#8211; Neiva Tavares<\/a><\/p>\n<p><a href=\"https:\/\/wp.ufpel.edu.br\/clc\/files\/2018\/09\/Atestado-Nicolas-Gomes.pdf\">Atestado &#8211; Nicolas Gomes<\/a><\/p>\n<p><a href=\"https:\/\/wp.ufpel.edu.br\/clc\/files\/2018\/09\/Atestado-Nicole-Collares.pdf\">Atestado &#8211; Nicole Collares<\/a><\/p>\n<p><a href=\"https:\/\/wp.ufpel.edu.br\/clc\/files\/2018\/09\/Atestado-Nicole-Fontes.pdf\">Atestado &#8211; Nicole Fontes<\/a><\/p>\n<p><a href=\"https:\/\/wp.ufpel.edu.br\/clc\/files\/2018\/09\/Atestado-Nicolle-Vargas.pdf\">Atestado &#8211; Nicolle Vargas<\/a><\/p>\n<p><a href=\"https:\/\/wp.ufpel.edu.br\/clc\/files\/2018\/09\/Atestado-Nikolas-Corr\u00eaa.pdf\">Atestado &#8211; Nikolas Corr\u00eaa<\/a><\/p>\n<p><a href=\"https:\/\/wp.ufpel.edu.br\/clc\/files\/2018\/09\/Atestado-Olivia-Bevilaqua.pdf\">Atestado &#8211; Olivia Bevilaqua<\/a><\/p>\n<p><a href=\"https:\/\/wp.ufpel.edu.br\/clc\/files\/2018\/09\/Atestado-Paola-Ferreira.pdf\">Atestado &#8211; Paola Ferreira<\/a><\/p>\n<p><a href=\"https:\/\/wp.ufpel.edu.br\/clc\/files\/2018\/09\/Atestado-Paolla-Pinto.pdf\">Atestado &#8211; Paolla Pinto<\/a><\/p>\n<p><a href=\"https:\/\/wp.ufpel.edu.br\/clc\/files\/2018\/09\/Atestado-Patrick-Coutinho-Lemos.pdf\">Atestado &#8211; Patrick Coutinho Lemos<\/a><\/p>\n<p><a href=\"https:\/\/wp.ufpel.edu.br\/clc\/files\/2018\/09\/Atestado-Paula-Ciciliato.pdf\">Atestado &#8211; Paula Ciciliato<\/a><\/p>\n<p><a href=\"https:\/\/wp.ufpel.edu.br\/clc\/files\/2018\/09\/Atestado-Paula-Coi.pdf\">Atestado &#8211; Paula Coi<\/a><\/p>\n<p><a href=\"https:\/\/wp.ufpel.edu.br\/clc\/files\/2018\/09\/Atestado-Paulo-Bigliarde.pdf\">Atestado &#8211; Paulo Bigliarde<\/a><\/p>\n<p><a href=\"https:\/\/wp.ufpel.edu.br\/clc\/files\/2018\/09\/Atestado-Paulo-C\u00e9sar-Neves.pdf\">Atestado &#8211; Paulo C\u00e9sar Neves<\/a><\/p>\n<p><a href=\"https:\/\/wp.ufpel.edu.br\/clc\/files\/2018\/09\/Atestado-Paulo-Ricardo-Rangel.pdf\">Atestado &#8211; Paulo Ricardo Rangel<\/a><\/p>\n<p><a href=\"https:\/\/wp.ufpel.edu.br\/clc\/files\/2018\/09\/Atestado-Pedro-Antonett.pdf\">Atestado &#8211; Pedro Antonett<\/a><\/p>\n<p><a href=\"https:\/\/wp.ufpel.edu.br\/clc\/files\/2018\/09\/Atestado-Peresch-Aubaham.pdf\">Atestado &#8211; Peresch Aubaham<\/a><\/p>\n<p><a href=\"https:\/\/wp.ufpel.edu.br\/clc\/files\/2018\/09\/Atestado-Rafael-Marques.pdf\">Atestado &#8211; Rafael Marques<\/a><\/p>\n<p><a href=\"https:\/\/wp.ufpel.edu.br\/clc\/files\/2018\/09\/Atestado-Rafaela-Nunes.pdf\">Atestado &#8211; Rafaela Nunes<\/a><\/p>\n<p><a href=\"https:\/\/wp.ufpel.edu.br\/clc\/files\/2018\/09\/Atestado-Rafaela-Roder.pdf\">Atestado &#8211; Rafaela Roder<\/a><\/p>\n<p><a href=\"https:\/\/wp.ufpel.edu.br\/clc\/files\/2018\/09\/Atestado-Rafaela-Santos.pdf\">Atestado &#8211; Rafaela Santos<\/a><\/p>\n<p><a href=\"https:\/\/wp.ufpel.edu.br\/clc\/files\/2018\/09\/Atestado-Raphaela-Palombo.pdf\">Atestado &#8211; Raphaela Palombo<\/a><\/p>\n<p><a href=\"https:\/\/wp.ufpel.edu.br\/clc\/files\/2018\/09\/Atestado-Raquel-Ferreira.pdf\">Atestado &#8211; Raquel Ferreira<\/a><\/p>\n<p><a href=\"https:\/\/wp.ufpel.edu.br\/clc\/files\/2018\/09\/Atestado-Raquel-Silva.pdf\">Atestado &#8211; Raquel Silva<\/a><\/p>\n<p><a href=\"https:\/\/wp.ufpel.edu.br\/clc\/files\/2018\/09\/Atestado-Raquel-Souza.pdf\">Atestado &#8211; Raquel Souza<\/a><\/p>\n<p><a href=\"https:\/\/wp.ufpel.edu.br\/clc\/files\/2018\/09\/Atestado-Ricardo-Pereira.pdf\">Atestado &#8211; Ricardo Pereira<\/a><\/p>\n<p><a href=\"https:\/\/wp.ufpel.edu.br\/clc\/files\/2018\/09\/Atestado-Roberta-Silva.pdf\">Atestado &#8211; Roberta Silva<\/a><\/p>\n<p><a href=\"https:\/\/wp.ufpel.edu.br\/clc\/files\/2018\/09\/Atestado-Robson-Jardel-Leal.pdf\">Atestado &#8211; Robson Jardel Leal<\/a><\/p>\n<p><a href=\"https:\/\/wp.ufpel.edu.br\/clc\/files\/2018\/09\/Atestado-Rodrigo-Alves.pdf\">Atestado &#8211; Rodrigo Alves<\/a><\/p>\n<p><a href=\"https:\/\/wp.ufpel.edu.br\/clc\/files\/2018\/09\/Atestado-Rodrigo-Pereira.pdf\">Atestado &#8211; Rodrigo Pereira<\/a><\/p>\n<p><a href=\"https:\/\/wp.ufpel.edu.br\/clc\/files\/2018\/09\/Atestado-R\u00f4mulo-Diel.pdf\">Atestado &#8211; R\u00f4mulo Diel<\/a><\/p>\n<p><a href=\"https:\/\/wp.ufpel.edu.br\/clc\/files\/2018\/09\/Atestado-Rubens-Silva.pdf\">Atestado &#8211; Rubens Silva<\/a><\/p>\n<p><a href=\"https:\/\/wp.ufpel.edu.br\/clc\/files\/2018\/09\/Atestado-Samir-Santos.pdf\">Atestado &#8211; Samir Santos<\/a><\/p>\n<p><a href=\"https:\/\/wp.ufpel.edu.br\/clc\/files\/2018\/09\/Atestado-Samira-Silveira.pdf\">Atestado &#8211; Samira Silveira<\/a><\/p>\n<p><a href=\"https:\/\/wp.ufpel.edu.br\/clc\/files\/2018\/09\/Atestado-Sanmi-Guimar\u00e3es.pdf\">Atestado &#8211; Sanmi Guimar\u00e3es<\/a><\/p>\n<p><a href=\"https:\/\/wp.ufpel.edu.br\/clc\/files\/2018\/09\/Atestado-Sara-Costa-1.pdf\">Atestado &#8211; Sara Costa<\/a><\/p>\n<p><a href=\"https:\/\/wp.ufpel.edu.br\/clc\/files\/2018\/09\/Atestado-Shaiane-Passos.pdf\">Atestado &#8211; Shaiane Passos<\/a><\/p>\n<p><a href=\"https:\/\/wp.ufpel.edu.br\/clc\/files\/2018\/09\/Atestado-Talita-Silva.pdf\">Atestado &#8211; Talita Silva<\/a><\/p>\n<p><a href=\"https:\/\/wp.ufpel.edu.br\/clc\/files\/2018\/09\/Atestado-Thais-Knuth.pdf\">Atestado &#8211; Thais Knuth<\/a><\/p>\n<p><a href=\"https:\/\/wp.ufpel.edu.br\/clc\/files\/2018\/09\/Atestado-Thais-Pietzsch-1.pdf\">Atestado &#8211; Thais Pietzsch<\/a><\/p>\n<p><a href=\"https:\/\/wp.ufpel.edu.br\/clc\/files\/2018\/09\/Atestado-Thais-Rosa-1.pdf\">Atestado &#8211; Thais Rosa<\/a><\/p>\n<p><a href=\"https:\/\/wp.ufpel.edu.br\/clc\/files\/2018\/09\/Atestado-Thaisa-Valdez-1.pdf\">Atestado &#8211; Thaisa Valdez<\/a><\/p>\n<p><a href=\"https:\/\/wp.ufpel.edu.br\/clc\/files\/2018\/09\/Atestado-Thalisson-dos-Santos-1.pdf\">Atestado &#8211; Thalisson dos Santos<\/a><\/p>\n<p><a href=\"https:\/\/wp.ufpel.edu.br\/clc\/files\/2018\/09\/Atestado-Victor-Gabriel-Silveira-1.pdf\">Atestado &#8211; Victor Gabriel Silveira<\/a><\/p>\n<p><a href=\"https:\/\/wp.ufpel.edu.br\/clc\/files\/2018\/09\/Atestado-Vict\u00f3ria-Silva-1.pdf\">Atestado &#8211; Vict\u00f3ria Silva<\/a><\/p>\n<p><a href=\"https:\/\/wp.ufpel.edu.br\/clc\/files\/2018\/09\/Atestado-Vinicius-Rosa-1.pdf\">Atestado &#8211; Vinicius Rosa<\/a><\/p>\n<p><a href=\"https:\/\/wp.ufpel.edu.br\/clc\/files\/2018\/09\/Atestado-Vit\u00f3ria-das-Neves-1.pdf\">Atestado &#8211; Vit\u00f3ria das Neves<\/a><\/p>\n<p><a href=\"https:\/\/wp.ufpel.edu.br\/clc\/files\/2018\/09\/Atestado-Viviane-Manzello-1.pdf\">Atestado &#8211; Viviane Manzello<\/a><\/p>\n<p><a href=\"https:\/\/wp.ufpel.edu.br\/clc\/files\/2018\/09\/Atestado-Wellington-dos-Anjos-1.pdf\">Atestado &#8211; Wellington dos Anjos<\/a><\/p>\n<p><a href=\"https:\/\/wp.ufpel.edu.br\/clc\/files\/2018\/09\/Atestado-William-Engel-1.pdf\">Atestado &#8211; William Engel<\/a><\/p>\n<p><a href=\"https:\/\/wp.ufpel.edu.br\/clc\/files\/2018\/09\/Atestado-Yamins-Baptista-1.pdf\">Atestado &#8211; Yasmin Baptista<\/a><\/p>\n<p><a href=\"https:\/\/wp.ufpel.edu.br\/clc\/files\/2018\/09\/Atestado-Yasmin-Guidotti-1.pdf\">Atestado &#8211; Yasmin Guidotti<\/a><\/p>\n<p><a href=\"https:\/\/wp.ufpel.edu.br\/clc\/files\/2018\/09\/Atestado-Yohanna-Moraes-1.pdf\">Atestado &#8211; Yohanna Moraes<\/a><\/p>\n","protected":false},"excerpt":{"rendered":"<p>Atestados de participa\u00e7\u00e3o do projeto de extens\u00e3o &#8221;Integra CLC&#8221;. Equipe: Daniela Agendes e Fl\u00e1via Mendes &#8211; C\u00e2mara de Extens\u00e3o CLC. &nbsp; Atestado &#8211; \u00c2ngela Gomes Atestado &#8211; Ang\u00e9lica Atestado &#8211; Angelo Atestado &#8211; Arlete Atestado &#8211; Amanda Aparecida Atestado &#8211; &hellip; <a href=\"https:\/\/wp.ufpel.edu.br\/clc\/atestados-integra-clc-2018\/\">Continue lendo <span class=\"meta-nav\">&rarr;<\/span><\/a><\/p>\n","protected":false},"author":50,"featured_media":0,"parent":0,"menu_order":0,"comment_status":"closed","ping_status":"closed","template":"","meta":{"footnotes":""},"class_list":["post-7820","page","type-page","status-publish","hentry"],"_links":{"self":[{"href":"https:\/\/wp.ufpel.edu.br\/clc\/wp-json\/wp\/v2\/pages\/7820","targetHints":{"allow":["GET"]}}],"collection":[{"href":"https:\/\/wp.ufpel.edu.br\/clc\/wp-json\/wp\/v2\/pages"}],"about":[{"href":"https:\/\/wp.ufpel.edu.br\/clc\/wp-json\/wp\/v2\/types\/page"}],"author":[{"embeddable":true,"href":"https:\/\/wp.ufpel.edu.br\/clc\/wp-json\/wp\/v2\/users\/50"}],"replies":[{"embeddable":true,"href":"https:\/\/wp.ufpel.edu.br\/clc\/wp-json\/wp\/v2\/comments?post=7820"}],"version-history":[{"count":10,"href":"https:\/\/wp.ufpel.edu.br\/clc\/wp-json\/wp\/v2\/pages\/7820\/revisions"}],"predecessor-version":[{"id":8095,"href":"https:\/\/wp.ufpel.edu.br\/clc\/wp-json\/wp\/v2\/pages\/7820\/revisions\/8095"}],"wp:attachment":[{"href":"https:\/\/wp.ufpel.edu.br\/clc\/wp-json\/wp\/v2\/media?parent=7820"}],"curies":[{"name":"wp","href":"https:\/\/api.w.org\/{rel}","templated":true}]}}